{"id":17639,"date":"2024-04-04T17:19:26","date_gmt":"2024-04-04T15:19:26","guid":{"rendered":"https:\/\/www.groupeguillin.fr\/carreira\/"},"modified":"2025-03-11T10:25:26","modified_gmt":"2025-03-11T09:25:26","slug":"carreira","status":"publish","type":"page","link":"https:\/\/www.groupeguillin.fr\/pt-pt\/carreira\/","title":{"rendered":"CARREIRA"},"content":{"rendered":"<p>[et_pb_section fb_built=&#8221;1&#8243; fullwidth=&#8221;on&#8221; _builder_version=&#8221;4.16&#8243; _module_preset=&#8221;default&#8221; global_colors_info=&#8221;{}&#8221;][et_pb_fullwidth_image src=&#8221;https:\/\/www.groupeguillin.fr\/wp-content\/uploads\/2020\/11\/header_carriere-no-crop-scaled.jpg&#8221; title_text=&#8221;header&#8221; src_tablet=&#8221;https:\/\/www.groupeguillin.fr\/wp-content\/uploads\/2020\/11\/header-1-scaled-e1605277087649.jpg&#8221; src_phone=&#8221;https:\/\/www.groupeguillin.fr\/wp-content\/uploads\/2020\/11\/header-1-scaled-e1605277087649.jpg&#8221; src_last_edited=&#8221;on|desktop&#8221; _builder_version=&#8221;4.16&#8243; _module_preset=&#8221;default&#8221; module_alignment=&#8221;center&#8221; max_height=&#8221;550px&#8221; global_colors_info=&#8221;{}&#8221;][\/et_pb_fullwidth_image][\/et_pb_section][et_pb_section fb_built=&#8221;1&#8243; _builder_version=&#8221;4.16&#8243; _module_preset=&#8221;default&#8221; custom_padding=&#8221;0px||0px||false|false&#8221; locked=&#8221;off&#8221; global_colors_info=&#8221;{}&#8221;][et_pb_row _builder_version=&#8221;4.16&#8243; _module_preset=&#8221;default&#8221; custom_margin=&#8221;||0px||false|false&#8221; custom_padding=&#8221;30px||30px||true|false&#8221; animation_style=&#8221;fade&#8221; global_colors_info=&#8221;{}&#8221;][et_pb_column type=&#8221;4_4&#8243; _builder_version=&#8221;4.16&#8243; _module_preset=&#8221;default&#8221; global_colors_info=&#8221;{}&#8221;][et_pb_text _builder_version=&#8221;4.16&#8243; _module_preset=&#8221;default&#8221; header_2_font=&#8221;|700|||||||&#8221; header_2_text_align=&#8221;center&#8221; header_2_font_size=&#8221;28px&#8221; custom_margin=&#8221;||||false|false&#8221; custom_padding=&#8221;||||false|false&#8221; global_colors_info=&#8221;{}&#8221;]<\/p>\n<h2>CONFIANTES NOS NOSSOS VALORES\u00a0<\/h2>\n<p>[\/et_pb_text][\/et_pb_column][\/et_pb_row][et_pb_row column_structure=&#8221;1_5,1_5,1_5,1_5,1_5&#8243; _builder_version=&#8221;4.16&#8243; _module_preset=&#8221;default&#8221; custom_padding=&#8221;0px||20px||false|false&#8221; animation_style=&#8221;fade&#8221; global_colors_info=&#8221;{}&#8221;][et_pb_column type=&#8221;1_5&#8243; _builder_version=&#8221;4.16&#8243; _module_preset=&#8221;default&#8221; global_colors_info=&#8221;{}&#8221;][et_pb_video src=&#8221;https:\/\/www.youtube.com\/embed\/gs0LB3cX4yQ?autoplay=1&amp;feature=oembed&#8221; image_src=&#8221;https:\/\/www.groupeguillin.fr\/wp-content\/uploads\/2025\/03\/valeur-1.jpg&#8221; thumbnail_overlay_color=&#8221;rgba(0,0,0,0.6)&#8221; disabled_on=&#8221;off|off|off&#8221; module_class=&#8221;carriere-video&#8221; _builder_version=&#8221;4.27.4&#8243; _module_preset=&#8221;default&#8221; hover_enabled=&#8221;0&#8243; border_radii=&#8221;on|25px|25px|25px|25px&#8221; global_colors_info=&#8221;{}&#8221; sticky_enabled=&#8221;0&#8243; title_text=&#8221;valeur-1&#8243;][\/et_pb_video][\/et_pb_column][et_pb_column type=&#8221;1_5&#8243; _builder_version=&#8221;4.16&#8243; _module_preset=&#8221;default&#8221; global_colors_info=&#8221;{}&#8221;][et_pb_video src=&#8221;https:\/\/www.youtube.com\/embed\/cC68xtNg38M?feature=oembed&#8221; image_src=&#8221;https:\/\/www.groupeguillin.fr\/wp-content\/uploads\/2025\/03\/valeur-2.jpg&#8221; thumbnail_overlay_color=&#8221;rgba(0,0,0,0.6)&#8221; disabled_on=&#8221;off|off|off&#8221; module_class=&#8221;carriere-video&#8221; _builder_version=&#8221;4.27.4&#8243; _module_preset=&#8221;default&#8221; hover_enabled=&#8221;0&#8243; border_radii=&#8221;on|25px|25px|25px|25px&#8221; global_colors_info=&#8221;{}&#8221; sticky_enabled=&#8221;0&#8243; title_text=&#8221;valeur-2&#8243;][\/et_pb_video][\/et_pb_column][et_pb_column type=&#8221;1_5&#8243; _builder_version=&#8221;4.16&#8243; _module_preset=&#8221;default&#8221; global_colors_info=&#8221;{}&#8221;][et_pb_video src=&#8221;https:\/\/www.youtube.com\/embed\/kMnCZGZVvwU?feature=oembed&#8221; image_src=&#8221;https:\/\/www.groupeguillin.fr\/wp-content\/uploads\/2025\/03\/valeur-3.jpg&#8221; thumbnail_overlay_color=&#8221;rgba(0,0,0,0.6)&#8221; disabled_on=&#8221;off|off|off&#8221; module_class=&#8221;carriere-video&#8221; _builder_version=&#8221;4.27.4&#8243; _module_preset=&#8221;default&#8221; hover_enabled=&#8221;0&#8243; border_radii=&#8221;on|25px|25px|25px|25px&#8221; global_colors_info=&#8221;{}&#8221; title_text=&#8221;valeur-3&#8243; sticky_enabled=&#8221;0&#8243;][\/et_pb_video][\/et_pb_column][et_pb_column type=&#8221;1_5&#8243; _builder_version=&#8221;4.16&#8243; _module_preset=&#8221;default&#8221; global_colors_info=&#8221;{}&#8221;][et_pb_video src=&#8221;https:\/\/www.youtube.com\/embed\/3wklqtSYijQ?feature=oembed&#8221; image_src=&#8221;https:\/\/www.groupeguillin.fr\/wp-content\/uploads\/2025\/03\/valeur-4.jpg&#8221; thumbnail_overlay_color=&#8221;rgba(0,0,0,0.6)&#8221; disabled_on=&#8221;off|off|off&#8221; module_class=&#8221;carriere-video&#8221; _builder_version=&#8221;4.27.4&#8243; _module_preset=&#8221;default&#8221; hover_enabled=&#8221;0&#8243; border_radii=&#8221;on|25px|25px|25px|25px&#8221; global_colors_info=&#8221;{}&#8221; title_text=&#8221;valeur-4&#8243; sticky_enabled=&#8221;0&#8243;][\/et_pb_video][\/et_pb_column][et_pb_column type=&#8221;1_5&#8243; _builder_version=&#8221;4.16&#8243; _module_preset=&#8221;default&#8221; global_colors_info=&#8221;{}&#8221;][et_pb_video src=&#8221;https:\/\/www.youtube.com\/embed\/wl-rys0gdO0?feature=oembed&#8221; image_src=&#8221;https:\/\/www.groupeguillin.fr\/wp-content\/uploads\/2025\/03\/valeur-5.jpg&#8221; thumbnail_overlay_color=&#8221;rgba(0,0,0,0.6)&#8221; disabled_on=&#8221;off|off|off&#8221; module_class=&#8221;carriere-video&#8221; _builder_version=&#8221;4.27.4&#8243; _module_preset=&#8221;default&#8221; hover_enabled=&#8221;0&#8243; border_radii=&#8221;on|25px|25px|25px|25px&#8221; global_colors_info=&#8221;{}&#8221; title_text=&#8221;valeur-5&#8243; sticky_enabled=&#8221;0&#8243;][\/et_pb_video][\/et_pb_column][\/et_pb_row][et_pb_row column_structure=&#8221;1_2,1_2&#8243; _builder_version=&#8221;4.16&#8243; _module_preset=&#8221;default&#8221; custom_padding=&#8221;0px||20px||false|false&#8221; animation_style=&#8221;fade&#8221; locked=&#8221;off&#8221; global_colors_info=&#8221;{}&#8221;][et_pb_column type=&#8221;1_2&#8243; _builder_version=&#8221;4.16&#8243; _module_preset=&#8221;default&#8221; global_colors_info=&#8221;{}&#8221;][et_pb_text _builder_version=&#8221;4.16&#8243; _module_preset=&#8221;default&#8221; header_2_font=&#8221;|700|||||||&#8221; header_2_text_align=&#8221;center&#8221; header_2_font_size=&#8221;28px&#8221; global_colors_info=&#8221;{}&#8221;]<\/p>\n<p>Como empresa familiar, damos um lugar de destaque \u00e0s rela\u00e7\u00f5es interpessoais, aos colaboradores e ao seu desenvolvimento. Os nossos colaboradores formam equipas fortes, motivadas e focadas, sempre dispostas a mobilizar-se para responder \u00e0s necessidades dos clientes. <\/p>\n<p>[\/et_pb_text][\/et_pb_column][et_pb_column type=&#8221;1_2&#8243; _builder_version=&#8221;4.16&#8243; _module_preset=&#8221;default&#8221; global_colors_info=&#8221;{}&#8221;][et_pb_text _builder_version=&#8221;4.16&#8243; _module_preset=&#8221;default&#8221; header_2_font=&#8221;|700|||||||&#8221; header_2_text_align=&#8221;center&#8221; header_2_font_size=&#8221;28px&#8221; global_colors_info=&#8221;{}&#8221;]<\/p>\n<p>Privilegiamos o compromisso dos colaboradores a longo prazo e levamos a cabo uma pol\u00edtica de forma\u00e7\u00e3o muito din\u00e2mica com a finalidade de permitir a que cada um deles progrida e prospere com toda a confian\u00e7a.<\/p>\n<p>[\/et_pb_text][\/et_pb_column][\/et_pb_row][\/et_pb_section][et_pb_section fb_built=&#8221;1&#8243; _builder_version=&#8221;4.16&#8243; _module_preset=&#8221;default&#8221; background_color=&#8221;#21aa6b&#8221; custom_padding=&#8221;0px||0px||false|false&#8221; locked=&#8221;off&#8221; global_colors_info=&#8221;{}&#8221;][et_pb_row _builder_version=&#8221;4.16&#8243; _module_preset=&#8221;default&#8221; custom_margin=&#8221;||0px||false|false&#8221; custom_padding=&#8221;30px||0px||false|false&#8221; animation_style=&#8221;fade&#8221; global_colors_info=&#8221;{}&#8221;][et_pb_column type=&#8221;4_4&#8243; _builder_version=&#8221;4.16&#8243; _module_preset=&#8221;default&#8221; global_colors_info=&#8221;{}&#8221;][et_pb_text _builder_version=&#8221;4.16&#8243; _module_preset=&#8221;default&#8221; header_2_font=&#8221;|700|||||||&#8221; header_2_text_align=&#8221;center&#8221; header_2_text_color=&#8221;#ffffff&#8221; header_2_font_size=&#8221;28px&#8221; custom_margin=&#8221;||11px||false|false&#8221; custom_padding=&#8221;||0px||false|false&#8221; global_colors_info=&#8221;{}&#8221;]<\/p>\n<h2>EQUIPAS APAIXONADAS, CARREIRAS EMPOLGANTES<\/h2>\n<p>[\/et_pb_text][\/et_pb_column][\/et_pb_row][et_pb_row _builder_version=&#8221;4.16&#8243; _module_preset=&#8221;default&#8221; custom_padding=&#8221;0px||20px||false|false&#8221; animation_style=&#8221;fade&#8221; global_colors_info=&#8221;{}&#8221;][et_pb_column type=&#8221;4_4&#8243; _builder_version=&#8221;4.16&#8243; _module_preset=&#8221;default&#8221; global_colors_info=&#8221;{}&#8221;][et_pb_text _builder_version=&#8221;4.16&#8243; _module_preset=&#8221;default&#8221; text_text_color=&#8221;#ffffff&#8221; header_2_font=&#8221;|700|||||||&#8221; header_2_text_align=&#8221;center&#8221; header_2_font_size=&#8221;28px&#8221; global_colors_info=&#8221;{}&#8221;]<\/p>\n<p>Seja nas nossas instala\u00e7\u00f5es de produ\u00e7\u00e3o ou nos nossos escrit\u00f3rios, uma multiplicidade de profiss\u00f5es excitantes, diversas e tecnologicamente avan\u00e7adas s\u00e3o desempenhadas por mulheres e homens que empenhados naquilo que fazem, din\u00e2micos e constantemente a darem o seu melhor, tudo isto num quadro familiar e internacional, onde a troca e a partilha de experi\u00eancias s\u00e3o privilegiadas.<\/p>\n<p>[\/et_pb_text][\/et_pb_column][\/et_pb_row][et_pb_row column_structure=&#8221;1_3,1_3,1_3&#8243; _builder_version=&#8221;4.16&#8243; _module_preset=&#8221;default&#8221; global_colors_info=&#8221;{}&#8221;][et_pb_column type=&#8221;1_3&#8243; _builder_version=&#8221;4.16&#8243; _module_preset=&#8221;default&#8221; global_colors_info=&#8221;{}&#8221;][et_pb_code _builder_version=&#8221;4.16&#8243; _module_preset=&#8221;default&#8221; global_colors_info=&#8221;{}&#8221;]<iframe width=\"560\" height=\"315\" src=\"https:\/\/www.youtube.com\/embed\/fJMeEXqxtCI?rel=0\" frameborder=\"0\" allow=\"accelerometer; autoplay; clipboard-write; encrypted-media; gyroscope; picture-in-picture\" allowfullscreen><\/iframe>[\/et_pb_code][\/et_pb_column][et_pb_column type=&#8221;1_3&#8243; _builder_version=&#8221;4.16&#8243; _module_preset=&#8221;default&#8221; global_colors_info=&#8221;{}&#8221;][et_pb_code _builder_version=&#8221;4.16&#8243; _module_preset=&#8221;default&#8221; global_colors_info=&#8221;{}&#8221;]<iframe width=\"560\" height=\"315\" src=\"https:\/\/www.youtube.com\/embed\/AUSMyZtRASQ?rel=0\" frameborder=\"0\" allow=\"accelerometer; autoplay; clipboard-write; encrypted-media; gyroscope; picture-in-picture\" allowfullscreen><\/iframe>[\/et_pb_code][\/et_pb_column][et_pb_column type=&#8221;1_3&#8243; _builder_version=&#8221;4.16&#8243; _module_preset=&#8221;default&#8221; global_colors_info=&#8221;{}&#8221;][et_pb_code _builder_version=&#8221;4.16&#8243; _module_preset=&#8221;default&#8221; global_colors_info=&#8221;{}&#8221;]<iframe width=\"560\" height=\"315\" src=\"https:\/\/www.youtube.com\/embed\/X3YiVzx6bfI?rel=0\" frameborder=\"0\" allow=\"accelerometer; autoplay; clipboard-write; encrypted-media; gyroscope; picture-in-picture\" allowfullscreen><\/iframe>[\/et_pb_code][\/et_pb_column][\/et_pb_row][et_pb_row column_structure=&#8221;1_3,1_3,1_3&#8243; _builder_version=&#8221;4.16&#8243; _module_preset=&#8221;default&#8221; global_colors_info=&#8221;{}&#8221;][et_pb_column type=&#8221;1_3&#8243; _builder_version=&#8221;4.16&#8243; _module_preset=&#8221;default&#8221; global_colors_info=&#8221;{}&#8221;][et_pb_video src=&#8221;http:\/\/youtu.be\/L82hjfezwaU&#8221; _builder_version=&#8221;4.16&#8243; _module_preset=&#8221;default&#8221; global_colors_info=&#8221;{}&#8221;][\/et_pb_video][\/et_pb_column][et_pb_column type=&#8221;1_3&#8243; _builder_version=&#8221;4.16&#8243; _module_preset=&#8221;default&#8221; global_colors_info=&#8221;{}&#8221;][\/et_pb_column][et_pb_column type=&#8221;1_3&#8243; _builder_version=&#8221;4.16&#8243; _module_preset=&#8221;default&#8221; global_colors_info=&#8221;{}&#8221;][\/et_pb_column][\/et_pb_row][\/et_pb_section][et_pb_section fb_built=&#8221;1&#8243; _builder_version=&#8221;4.16&#8243; _module_preset=&#8221;default&#8221; custom_padding=&#8221;0px||0px||true|false&#8221; locked=&#8221;off&#8221; global_colors_info=&#8221;{}&#8221;][et_pb_row _builder_version=&#8221;4.16&#8243; _module_preset=&#8221;default&#8221; custom_padding=&#8221;19px||19px||true|false&#8221; global_colors_info=&#8221;{}&#8221;][et_pb_column type=&#8221;4_4&#8243; _builder_version=&#8221;4.16&#8243; _module_preset=&#8221;default&#8221; global_colors_info=&#8221;{}&#8221;][et_pb_text _builder_version=&#8221;4.16&#8243; _module_preset=&#8221;default&#8221; text_font=&#8221;|300|||||||&#8221; header_3_font=&#8221;|700|||||||&#8221; header_3_text_align=&#8221;center&#8221; header_3_font_size=&#8221;28px&#8221; text_orientation=&#8221;center&#8221; module_alignment=&#8221;center&#8221; custom_margin=&#8221;||0px||false|false&#8221; custom_padding=&#8221;||0px||false|false&#8221; global_colors_info=&#8221;{}&#8221;]<\/p>\n<h3>O AMBIENTE DE TRABALHO NA GUILLIN<\/h3>\n<p>A nossa principal preocupa\u00e7\u00e3o quando se trata dos nossos colaboradores \u00e9 proporcionar-lhes um ambiente de trabalho agrad\u00e1vel e confort\u00e1vel, mas acima de tudo seguro.<\/p>\n<p>[\/et_pb_text][\/et_pb_column][\/et_pb_row][et_pb_row column_structure=&#8221;1_2,1_2&#8243; _builder_version=&#8221;4.16&#8243; _module_preset=&#8221;default&#8221; global_colors_info=&#8221;{}&#8221;][et_pb_column type=&#8221;1_2&#8243; _builder_version=&#8221;4.16&#8243; _module_preset=&#8221;default&#8221; global_colors_info=&#8221;{}&#8221;][et_pb_testimonial author=&#8221;Franck Bournaud&#8221; job_title=&#8221;Diretor Industrial, Grupo GUILLIN&#8221; portrait_url=&#8221;data:image\/svg+xml;base64,PHN2ZyB3aWR0aD0iNTAwIiBoZWlnaHQ9IjUwMCIgdmlld0JveD0iMCAwIDUwMCA1MDAiIHhtbG5zPSJodHRwOi8vd3d3LnczLm9yZy8yMDAwL3N2ZyI+CiAgICA8ZyBmaWxsPSJub25lIiBmaWxsLXJ1bGU9ImV2ZW5vZGQiPgogICAgICAgIDxwYXRoIGZpbGw9IiNFQkVCRUIiIGQ9Ik0wIDBoNTAwdjUwMEgweiIvPgogICAgICAgIDxyZWN0IGZpbGwtb3BhY2l0eT0iLjEiIGZpbGw9IiMwMDAiIHg9IjY4IiB5PSIzMDUiIHdpZHRoPSIzNjQiIGhlaWdodD0iNTY4IiByeD0iMTgyIi8+CiAgICAgICAgPGNpcmNsZSBmaWxsLW9wYWNpdHk9Ii4xIiBmaWxsPSIjMDAwIiBjeD0iMjQ5IiBjeT0iMTcyIiByPSIxMDAiLz4KICAgIDwvZz4KPC9zdmc+Cg==&#8221; quote_icon_color=&#8221;#ffffff&#8221; quote_icon_background_color=&#8221;#25a870&#8243; portrait_width=&#8221;1px&#8221; portrait_height=&#8221;1px&#8221; use_icon_font_size=&#8221;on&#8221; icon_font_size=&#8221;50px&#8221; module_class=&#8221;temoignage-no-photo&#8221; _builder_version=&#8221;4.16&#8243; _module_preset=&#8221;default&#8221; body_font=&#8221;||||||||&#8221; body_text_align=&#8221;justify&#8221; author_text_color=&#8221;#25a870&#8243; author_font_size=&#8221;20px&#8221; position_font=&#8221;||||||||&#8221; position_text_color=&#8221;#25a870&#8243; background_color=&#8221;#ffffff&#8221; width=&#8221;80%&#8221; module_alignment=&#8221;center&#8221; custom_margin=&#8221;|||0px|false|false&#8221; custom_padding=&#8221;|||0px|false|false&#8221; global_colors_info=&#8221;{}&#8221;]<\/p>\n<p><span>A seguran\u00e7a dos nossos colaboradores, a excel\u00eancia operacional, a inova\u00e7\u00e3o cont\u00ednua e a diferencia\u00e7\u00e3o s\u00e3o os motores da nossa a\u00e7\u00e3o&#8221;. A qualidade dos nossos produtos, a extens\u00e3o da gama, o servi\u00e7o aos nossos clientes, \u00e9 a nossa raz\u00e3o de ser.<\/span><\/p>\n<p>[\/et_pb_testimonial][\/et_pb_column][et_pb_column type=&#8221;1_2&#8243; _builder_version=&#8221;4.16&#8243; _module_preset=&#8221;default&#8221; global_colors_info=&#8221;{}&#8221;][et_pb_testimonial author=&#8221;Lionel De Chalain&#8221; job_title=&#8221;Diretor de Recursos Humanos, GUILLIN EMBALLAGES&#8221; portrait_url=&#8221;data:image\/svg+xml;base64,PHN2ZyB3aWR0aD0iNTAwIiBoZWlnaHQ9IjUwMCIgdmlld0JveD0iMCAwIDUwMCA1MDAiIHhtbG5zPSJodHRwOi8vd3d3LnczLm9yZy8yMDAwL3N2ZyI+CiAgICA8ZyBmaWxsPSJub25lIiBmaWxsLXJ1bGU9ImV2ZW5vZGQiPgogICAgICAgIDxwYXRoIGZpbGw9IiNFQkVCRUIiIGQ9Ik0wIDBoNTAwdjUwMEgweiIvPgogICAgICAgIDxyZWN0IGZpbGwtb3BhY2l0eT0iLjEiIGZpbGw9IiMwMDAiIHg9IjY4IiB5PSIzMDUiIHdpZHRoPSIzNjQiIGhlaWdodD0iNTY4IiByeD0iMTgyIi8+CiAgICAgICAgPGNpcmNsZSBmaWxsLW9wYWNpdHk9Ii4xIiBmaWxsPSIjMDAwIiBjeD0iMjQ5IiBjeT0iMTcyIiByPSIxMDAiLz4KICAgIDwvZz4KPC9zdmc+Cg==&#8221; quote_icon_color=&#8221;#ffffff&#8221; quote_icon_background_color=&#8221;#25a870&#8243; portrait_width=&#8221;1px&#8221; portrait_height=&#8221;1px&#8221; use_icon_font_size=&#8221;on&#8221; icon_font_size=&#8221;50px&#8221; module_class=&#8221;temoignage-no-photo&#8221; _builder_version=&#8221;4.16&#8243; _module_preset=&#8221;default&#8221; body_font=&#8221;||||||||&#8221; body_text_align=&#8221;justify&#8221; author_text_color=&#8221;#25a870&#8243; author_font_size=&#8221;20px&#8221; position_font=&#8221;||||||||&#8221; position_text_color=&#8221;#25a870&#8243; background_color=&#8221;#ffffff&#8221; width=&#8221;80%&#8221; module_alignment=&#8221;center&#8221; custom_margin=&#8221;|||0px|false|false&#8221; custom_padding=&#8221;|||0px|false|false&#8221; global_colors_info=&#8221;{}&#8221;]<\/p>\n<p>Porque os valores humanos tamb\u00e9m s\u00e3o transmitidos no seio da empresa, prestamos particular aten\u00e7\u00e3o ao bem-estar dos nossos colaboradores. Um bom clima social assenta numa boa adequa\u00e7\u00e3o entre as necessidades da empresa e as aspira\u00e7\u00f5es dos colaboradores; estamos constantemente a trabalhar para melhorar o seu ambiente de trabalho.<\/p>\n<p>[\/et_pb_testimonial][\/et_pb_column][\/et_pb_row][\/et_pb_section][et_pb_section fb_built=&#8221;1&#8243; _builder_version=&#8221;4.16&#8243; _module_preset=&#8221;default&#8221; background_color=&#8221;#8595a4&#8243; custom_margin=&#8221;0px||0px||true|false&#8221; custom_padding=&#8221;0px||0px||true|false&#8221; global_colors_info=&#8221;{}&#8221;][et_pb_row module_id=&#8221;societes-filtres&#8221; _builder_version=&#8221;4.16&#8243; _module_preset=&#8221;default&#8221; module_alignment=&#8221;center&#8221; custom_margin=&#8221;0px||0px||true|false&#8221; custom_padding=&#8221;10px||10px||true|false&#8221; global_colors_info=&#8221;{}&#8221;][et_pb_column type=&#8221;4_4&#8243; _builder_version=&#8221;4.16&#8243; _module_preset=&#8221;default&#8221; global_colors_info=&#8221;{}&#8221;][et_pb_text _builder_version=&#8221;4.16&#8243; _module_preset=&#8221;default&#8221; module_alignment=&#8221;center&#8221; custom_margin=&#8221;0px||0px||true|false&#8221; custom_padding=&#8221;0px||0px||true|false&#8221; global_colors_info=&#8221;{}&#8221;]<\/p>\n<h2 style=\"text-align: center;\"><span style=\"color: #ffffff;\">AS NOSSAS OFERTAS DE EMPREGO<\/span><\/h2>\n<p>[\/et_pb_text][\/et_pb_column][\/et_pb_row][et_pb_row column_structure=&#8221;1_3,1_3,1_3&#8243; module_id=&#8221;societes-filtres&#8221; _builder_version=&#8221;4.16&#8243; _module_preset=&#8221;default&#8221; module_alignment=&#8221;center&#8221; custom_margin=&#8221;0px||0px||true|false&#8221; custom_padding=&#8221;10px||10px||true|false&#8221; global_colors_info=&#8221;{}&#8221;][et_pb_column type=&#8221;1_3&#8243; _builder_version=&#8221;4.16&#8243; _module_preset=&#8221;default&#8221; global_colors_info=&#8221;{}&#8221;][et_pb_text _builder_version=&#8221;4.24.2&#8243; _module_preset=&#8221;default&#8221; max_width=&#8221;400px&#8221; module_alignment=&#8221;center&#8221; custom_margin=&#8221;0px||0px||true|false&#8221; custom_padding=&#8221;0px||0px||true|false&#8221; global_colors_info=&#8221;{}&#8221;]<\/p>\n<div class=\"facetwp-facet facetwp-facet-offres_pays_pt facetwp-type-dropdown\" data-name=\"offres_pays_pt\" data-type=\"dropdown\"><\/div>\n<p>[\/et_pb_text][\/et_pb_column][et_pb_column type=&#8221;1_3&#8243; _builder_version=&#8221;4.16&#8243; _module_preset=&#8221;default&#8221; global_colors_info=&#8221;{}&#8221;][et_pb_text _builder_version=&#8221;4.24.2&#8243; _module_preset=&#8221;default&#8221; max_width=&#8221;400px&#8221; module_alignment=&#8221;center&#8221; custom_margin=&#8221;0px||0px||true|false&#8221; custom_padding=&#8221;0px||0px||true|false&#8221; global_colors_info=&#8221;{}&#8221;]<\/p>\n<div class=\"facetwp-facet facetwp-facet-offres_metier_pt facetwp-type-dropdown\" data-name=\"offres_metier_pt\" data-type=\"dropdown\"><\/div>\n<p>[\/et_pb_text][\/et_pb_column][et_pb_column type=&#8221;1_3&#8243; _builder_version=&#8221;4.16&#8243; _module_preset=&#8221;default&#8221; global_colors_info=&#8221;{}&#8221;][et_pb_text _builder_version=&#8221;4.24.2&#8243; _module_preset=&#8221;default&#8221; max_width=&#8221;400px&#8221; module_alignment=&#8221;center&#8221; custom_margin=&#8221;0px||0px||true|false&#8221; custom_padding=&#8221;0px||0px||true|false&#8221; global_colors_info=&#8221;{}&#8221;]<\/p>\n<div class=\"facetwp-facet facetwp-facet-offres_types_pt facetwp-type-dropdown\" data-name=\"offres_types_pt\" data-type=\"dropdown\"><\/div>\n<p>[\/et_pb_text][\/et_pb_column][\/et_pb_row][\/et_pb_section][et_pb_section fb_built=&#8221;1&#8243; _builder_version=&#8221;4.16&#8243; custom_margin=&#8221;0px||0px||true|false&#8221; custom_padding=&#8221;0px||0px||true|false&#8221; global_colors_info=&#8221;{}&#8221;][et_pb_row _builder_version=&#8221;4.16&#8243; background_size=&#8221;initial&#8221; background_position=&#8221;top_left&#8221; background_repeat=&#8221;repeat&#8221; custom_margin=&#8221;0px||0px||true|false&#8221; custom_padding=&#8221;0px||0px||true|false&#8221; global_colors_info=&#8221;{}&#8221;][et_pb_column type=&#8221;4_4&#8243; _builder_version=&#8221;4.16&#8243; custom_padding=&#8221;|||&#8221; global_colors_info=&#8221;{}&#8221; custom_padding__hover=&#8221;|||&#8221;][et_pb_text module_id=&#8221;societes-liste&#8221; _builder_version=&#8221;4.24.2&#8243; background_size=&#8221;initial&#8221; background_position=&#8221;top_left&#8221; background_repeat=&#8221;repeat&#8221; custom_margin=&#8221;0px||0px||true|false&#8221; custom_padding=&#8221;0px||0px||true|false&#8221; global_colors_info=&#8221;{}&#8221;]<\/p>\n<div class=\"facetwp-template\" data-name=\"liste_offres_pt\"><div class=\"fwpl-layout el-rmn46\"><div class=\"fwpl-result r1\"><div class=\"fwpl-row el-vmttz\"><div class=\"fwpl-col fwpl-col el-6e88md\"><div class=\"fwpl-item nom-offre\">ALTERNANT GESTIONNAIRE DES APPROVISIONNEMENTS ET DU MAGASIN (H\/F) - GUILLIN EMBALLAGES - Ornans (25)<\/div><div class=\"fwpl-item date-societe\">On-line em 25\/03\/2026<\/div><\/div><div class=\"fwpl-col fwpl-col el-gr19uc\"><div class=\"fwpl-item el-thedvo\"><a href=\"https:\/\/www.groupeguillin.fr\/pt-pt\/offres-emploi\/alternant-gestionnaire-des-approvisionnements-et-du-magasin-h-f-guillin-emballages-ornans-25\/\" class=\"fwpl-btn\" target=\"_blank\">VER OFERTA<\/a><\/div><\/div><\/div><\/div><div class=\"fwpl-result r2\"><div class=\"fwpl-row el-vmttz\"><div class=\"fwpl-col fwpl-col el-6e88md\"><div class=\"fwpl-item nom-offre\">RESPONSABLE QHSE (H\/F) - GUILLIN EMBALLAGES - Ornans (25)<\/div><div class=\"fwpl-item date-societe\">On-line em 24\/03\/2026<\/div><\/div><div class=\"fwpl-col fwpl-col el-gr19uc\"><div class=\"fwpl-item el-thedvo\"><a href=\"https:\/\/www.groupeguillin.fr\/pt-pt\/offres-emploi\/responsable-qhse-h-f-guillin-emballages-ornans-25\/\" class=\"fwpl-btn\" target=\"_blank\">VER OFERTA<\/a><\/div><\/div><\/div><\/div><div class=\"fwpl-result r3\"><div class=\"fwpl-row el-vmttz\"><div class=\"fwpl-col fwpl-col el-6e88md\"><div class=\"fwpl-item nom-offre\">VERTRIEBSMITARBEITER IM AU\u00dfENDIENST \/ NORD (M\/W\/D) - KIV - F\u00fcrstenwalde (Deutchland)<\/div><div class=\"fwpl-item date-societe\">On-line em 03\/03\/2026<\/div><\/div><div class=\"fwpl-col fwpl-col el-gr19uc\"><div class=\"fwpl-item el-thedvo\"><a href=\"https:\/\/www.groupeguillin.fr\/pt-pt\/offres-emploi\/vertriebsmitarbeiter-im-ausendienst-nord-m-w-d-kiv-furstenwalde-deutchland\/\" class=\"fwpl-btn\" target=\"_blank\">VER OFERTA<\/a><\/div><\/div><\/div><\/div><div class=\"fwpl-result r4\"><div class=\"fwpl-row el-vmttz\"><div class=\"fwpl-col fwpl-col el-6e88md\"><div class=\"fwpl-item nom-offre\">TECHNICIEN M\u00c9THODES MAINTENANCE (H\/F) - GUILLIN EMBALLAGES - Ornans (25)<\/div><div class=\"fwpl-item date-societe\">On-line em 02\/03\/2026<\/div><\/div><div class=\"fwpl-col fwpl-col el-gr19uc\"><div class=\"fwpl-item el-thedvo\"><a href=\"https:\/\/www.groupeguillin.fr\/pt-pt\/offres-emploi\/technicien-methodes-maintenance-h-f-guillin-emballages-ornans-25\/\" class=\"fwpl-btn\" target=\"_blank\">VER OFERTA<\/a><\/div><\/div><\/div><\/div><div class=\"fwpl-result r5\"><div class=\"fwpl-row el-vmttz\"><div class=\"fwpl-col fwpl-col el-6e88md\"><div class=\"fwpl-item nom-offre\">CONDUCTEUR PLIEUSE COLLEUSE (H\/F) \u2013 WEFOLD BLOIS \u2013 BLOIS (41)<\/div><div class=\"fwpl-item date-societe\">On-line em 20\/02\/2026<\/div><\/div><div class=\"fwpl-col fwpl-col el-gr19uc\"><div class=\"fwpl-item el-thedvo\"><a href=\"https:\/\/www.groupeguillin.fr\/pt-pt\/offres-emploi\/conducteur-plieuse-colleuse-h-f-wefold-blois-blois-41\/\" class=\"fwpl-btn\" target=\"_blank\">VER OFERTA<\/a><\/div><\/div><\/div><\/div><div class=\"fwpl-result r6\"><div class=\"fwpl-row el-vmttz\"><div class=\"fwpl-col fwpl-col el-6e88md\"><div class=\"fwpl-item nom-offre\">CONDUCTEUR D\u00c9COUPE (H\/F) \u2013 WEFOLD BLOIS \u2013 BLOIS (41)<\/div><div class=\"fwpl-item date-societe\">On-line em 20\/02\/2026<\/div><\/div><div class=\"fwpl-col fwpl-col el-gr19uc\"><div class=\"fwpl-item el-thedvo\"><a href=\"https:\/\/www.groupeguillin.fr\/pt-pt\/offres-emploi\/conducteur-decoupe-h-f-wefold-blois-blois-41\/\" class=\"fwpl-btn\" target=\"_blank\">VER OFERTA<\/a><\/div><\/div><\/div><\/div><div class=\"fwpl-result r7\"><div class=\"fwpl-row el-vmttz\"><div class=\"fwpl-col fwpl-col el-6e88md\"><div class=\"fwpl-item nom-offre\">CONDUCTEUR DE MACHINE D'IMPRESSION OFFSET (H\/F) \u2013 WEFOLD BLOIS \u2013 BLOIS (41)<\/div><div class=\"fwpl-item date-societe\">On-line em 20\/02\/2026<\/div><\/div><div class=\"fwpl-col fwpl-col el-gr19uc\"><div class=\"fwpl-item el-thedvo\"><a href=\"https:\/\/www.groupeguillin.fr\/pt-pt\/offres-emploi\/conducteur-de-machine-dimpression-offset-h-f-wefold-blois-blois-41\/\" class=\"fwpl-btn\" target=\"_blank\">VER OFERTA<\/a><\/div><\/div><\/div><\/div><div class=\"fwpl-result r8\"><div class=\"fwpl-row el-vmttz\"><div class=\"fwpl-col fwpl-col el-6e88md\"><div class=\"fwpl-item nom-offre\">SALES EXECUTIVE F&amp;V \/ ACCOUNT MANAGER JR\/SR F&amp;V - GUILLIN NEDERLAND - BUNSCHOTEN (NETHERLANDS)<\/div><div class=\"fwpl-item date-societe\">On-line em 17\/02\/2026<\/div><\/div><div class=\"fwpl-col fwpl-col el-gr19uc\"><div class=\"fwpl-item el-thedvo\"><a href=\"https:\/\/www.groupeguillin.fr\/pt-pt\/offres-emploi\/sales-executive-fv-account-manager-jr-sr-fv-guillin-nederland-bunschoten-netherlands\/\" class=\"fwpl-btn\" target=\"_blank\">VER OFERTA<\/a><\/div><\/div><\/div><\/div><div class=\"fwpl-result r9\"><div class=\"fwpl-row el-vmttz\"><div class=\"fwpl-col fwpl-col el-6e88md\"><div class=\"fwpl-item nom-offre\">COMMERCIEEL BINNENDIENST MEDEWERKER - GUILLIN NEDERLAND - BUNSCHOTEN (NETHERLANDS)<\/div><div class=\"fwpl-item date-societe\">On-line em 17\/02\/2026<\/div><\/div><div class=\"fwpl-col fwpl-col el-gr19uc\"><div class=\"fwpl-item el-thedvo\"><a href=\"https:\/\/www.groupeguillin.fr\/pt-pt\/offres-emploi\/commercieel-binnendienst-medewerker-guillin-nederland-bunschoten-netherlands\/\" class=\"fwpl-btn\" target=\"_blank\">VER OFERTA<\/a><\/div><\/div><\/div><\/div><div class=\"fwpl-result r10\"><div class=\"fwpl-row el-vmttz\"><div class=\"fwpl-col fwpl-col el-6e88md\"><div class=\"fwpl-item nom-offre\">ATTACH\u00c9 COMMERCIAL IAA - SECTEUR GRAND OUEST (H\/F) \u2013 DYNAPLAST \u2013 Saint-Florentin (89)<\/div><div class=\"fwpl-item date-societe\">On-line em 17\/02\/2026<\/div><\/div><div class=\"fwpl-col fwpl-col el-gr19uc\"><div class=\"fwpl-item el-thedvo\"><a href=\"https:\/\/www.groupeguillin.fr\/pt-pt\/offres-emploi\/attache-commercial-iaa-h-f-dynaplast-saint-florentin-89\/\" class=\"fwpl-btn\" target=\"_blank\">VER OFERTA<\/a><\/div><\/div><\/div><\/div><div class=\"fwpl-result r11\"><div class=\"fwpl-row el-vmttz\"><div class=\"fwpl-col fwpl-col el-6e88md\"><div class=\"fwpl-item nom-offre\">CONTR\u00d4LEUR FINANCIER GROUPE (H\/F) - GROUPE GUILLIN - Ornans (25)<\/div><div class=\"fwpl-item date-societe\">On-line em 21\/01\/2026<\/div><\/div><div class=\"fwpl-col fwpl-col el-gr19uc\"><div class=\"fwpl-item el-thedvo\"><a href=\"https:\/\/www.groupeguillin.fr\/pt-pt\/offres-emploi\/controleur-financier-groupe-holding-h-f-groupe-guillin-ornans-25\/\" class=\"fwpl-btn\" target=\"_blank\">VER OFERTA<\/a><\/div><\/div><\/div><\/div><div class=\"fwpl-result r12\"><div class=\"fwpl-row el-vmttz\"><div class=\"fwpl-col fwpl-col el-6e88md\"><div class=\"fwpl-item nom-offre\">ATTACH\u00c9 COMMERCIAL FRUITS ET L\u00c9GUMES (H\/F) \u2013 DYNAPLAST \u2013 Saint-Florentin (89)<\/div><div class=\"fwpl-item date-societe\">On-line em 08\/01\/2026<\/div><\/div><div class=\"fwpl-col fwpl-col el-gr19uc\"><div class=\"fwpl-item el-thedvo\"><a href=\"https:\/\/www.groupeguillin.fr\/pt-pt\/offres-emploi\/attache-commercial-fruits-et-legumes-h-f-dynaplast-saint-florentin-89-2\/\" class=\"fwpl-btn\" target=\"_blank\">VER OFERTA<\/a><\/div><\/div><\/div><\/div><div class=\"fwpl-result r13\"><div class=\"fwpl-row el-vmttz\"><div class=\"fwpl-col fwpl-col el-6e88md\"><div class=\"fwpl-item nom-offre\">MEDEWERKER FINANCI\u00cbLE ADMINISTRATIE - GUILLIN NEDERLAND - BUNSCHOTEN (NETHERLANDS)<\/div><div class=\"fwpl-item date-societe\">On-line em 22\/12\/2025<\/div><\/div><div class=\"fwpl-col fwpl-col el-gr19uc\"><div class=\"fwpl-item el-thedvo\"><a href=\"https:\/\/www.groupeguillin.fr\/pt-pt\/offres-emploi\/medewerker-financiele-administratie-guillin-nederland-bunschoten-netherlands\/\" class=\"fwpl-btn\" target=\"_blank\">VER OFERTA<\/a><\/div><\/div><\/div><\/div><div class=\"fwpl-result r14\"><div class=\"fwpl-row el-vmttz\"><div class=\"fwpl-col fwpl-col el-6e88md\"><div class=\"fwpl-item nom-offre\">CORRESPONDANT COMMERCIAL EXPORT (H\/F) - GUILLIN EMBALLAGES - Ornans (25)<\/div><div class=\"fwpl-item date-societe\">On-line em 24\/11\/2025<\/div><\/div><div class=\"fwpl-col fwpl-col el-gr19uc\"><div class=\"fwpl-item el-thedvo\"><a href=\"https:\/\/www.groupeguillin.fr\/pt-pt\/offres-emploi\/correspondant-commercial-export-h-f\/\" class=\"fwpl-btn\" target=\"_blank\">VER OFERTA<\/a><\/div><\/div><\/div><\/div><div class=\"fwpl-result r15\"><div class=\"fwpl-row el-vmttz\"><div class=\"fwpl-col fwpl-col el-6e88md\"><div class=\"fwpl-item nom-offre\">AUTOMATICIEN\/ROBOTIQUE (H\/F) - RESCASET - Colombe (38)<\/div><div class=\"fwpl-item date-societe\">On-line em 21\/11\/2025<\/div><\/div><div class=\"fwpl-col fwpl-col el-gr19uc\"><div class=\"fwpl-item el-thedvo\"><a href=\"https:\/\/www.groupeguillin.fr\/pt-pt\/offres-emploi\/automaticien-robotique-h-f-rescaset-colombe-38\/\" class=\"fwpl-btn\" target=\"_blank\">VER OFERTA<\/a><\/div><\/div><\/div><\/div><div class=\"fwpl-result r16\"><div class=\"fwpl-row el-vmttz\"><div class=\"fwpl-col fwpl-col el-6e88md\"><div class=\"fwpl-item nom-offre\">CHARG\u00c9 D'INDUSTRIALISATION (H\/F) - RESCASET - Colombe (38)<\/div><div class=\"fwpl-item date-societe\">On-line em 21\/11\/2025<\/div><\/div><div class=\"fwpl-col fwpl-col el-gr19uc\"><div class=\"fwpl-item el-thedvo\"><a href=\"https:\/\/www.groupeguillin.fr\/pt-pt\/offres-emploi\/charge-dindustrialisation-h-f-rescaset-colombe-38\/\" class=\"fwpl-btn\" target=\"_blank\">VER OFERTA<\/a><\/div><\/div><\/div><\/div><div class=\"fwpl-result r17\"><div class=\"fwpl-row el-vmttz\"><div class=\"fwpl-col fwpl-col el-6e88md\"><div class=\"fwpl-item nom-offre\">MONTEUR AIDE-R\u00c9GLEUR THERMOFORMAGE (H\/F) - ALPHAFORM - Beausemblant (26)<\/div><div class=\"fwpl-item date-societe\">On-line em 02\/10\/2025<\/div><\/div><div class=\"fwpl-col fwpl-col el-gr19uc\"><div class=\"fwpl-item el-thedvo\"><a href=\"https:\/\/www.groupeguillin.fr\/pt-pt\/offres-emploi\/monteurs-aide-regleurs-thermoformage-3-postes\/\" class=\"fwpl-btn\" target=\"_blank\">VER OFERTA<\/a><\/div><\/div><\/div><\/div><div class=\"fwpl-result r18\"><div class=\"fwpl-row el-vmttz\"><div class=\"fwpl-col fwpl-col el-6e88md\"><div class=\"fwpl-item nom-offre\">AUTISTA - CIESSE PAPER - Romanore (Italia)<\/div><div class=\"fwpl-item date-societe\">On-line em 04\/06\/2025<\/div><\/div><div class=\"fwpl-col fwpl-col el-gr19uc\"><div class=\"fwpl-item el-thedvo\"><a href=\"https:\/\/www.groupeguillin.fr\/pt-pt\/offres-emploi\/autista-ciesse-paper-romanore-italia\/\" class=\"fwpl-btn\" target=\"_blank\">VER OFERTA<\/a><\/div><\/div><\/div><\/div><div class=\"fwpl-result r19\"><div class=\"fwpl-row el-vmttz\"><div class=\"fwpl-col fwpl-col el-6e88md\"><div class=\"fwpl-item nom-offre\">ADDETTO\/A MANUTENZIONE MECCANICA - NESPAK - Massa Lombarda (Italy)<\/div><div class=\"fwpl-item date-societe\">On-line em 05\/04\/2025<\/div><\/div><div class=\"fwpl-col fwpl-col el-gr19uc\"><div class=\"fwpl-item el-thedvo\"><a href=\"https:\/\/www.groupeguillin.fr\/pt-pt\/offres-emploi\/addetto-manutenzione-meccanica-nespak\/\" class=\"fwpl-btn\" target=\"_blank\">VER OFERTA<\/a><\/div><\/div><\/div><\/div><div class=\"fwpl-result r20\"><div class=\"fwpl-row el-vmttz\"><div class=\"fwpl-col fwpl-col el-6e88md\"><div class=\"fwpl-item nom-offre\">\u00c9LECTROM\u00c9CANICIEN (H\/F) - CDI\/CDD - GUILLIN EMBALLAGES - Ornans (25)<\/div><div class=\"fwpl-item date-societe\">On-line em 02\/04\/2025<\/div><\/div><div class=\"fwpl-col fwpl-col el-gr19uc\"><div class=\"fwpl-item el-thedvo\"><a href=\"https:\/\/www.groupeguillin.fr\/pt-pt\/offres-emploi\/electromecaniciens-h-f\/\" class=\"fwpl-btn\" target=\"_blank\">VER OFERTA<\/a><\/div><\/div><\/div><\/div><div class=\"fwpl-result r21\"><div class=\"fwpl-row el-vmttz\"><div class=\"fwpl-col fwpl-col el-6e88md\"><div class=\"fwpl-item nom-offre\">UN\/A CONDUTTORE\/TRICE DI MACCHINE\/IMPIANTI DI ESTRUSIONE E\/O TERMOFORMATURA - NESPAK - Massa Lombarda (Italy)<\/div><div class=\"fwpl-item date-societe\">On-line em 02\/04\/2025<\/div><\/div><div class=\"fwpl-col fwpl-col el-gr19uc\"><div class=\"fwpl-item el-thedvo\"><a href=\"https:\/\/www.groupeguillin.fr\/pt-pt\/offres-emploi\/un-a-conduttore-trice-di-macchine-impianti-di-estrusione-e-o-termoformatura-nespak-massa-lombarda-italy\/\" class=\"fwpl-btn\" target=\"_blank\">VER OFERTA<\/a><\/div><\/div><\/div><\/div><div class=\"fwpl-result r22\"><div class=\"fwpl-row el-vmttz\"><div class=\"fwpl-col fwpl-col el-6e88md\"><div class=\"fwpl-item nom-offre\">ADDETTO\/A MANUTENZIONE ELETTRICA - NESPAK - Massa Lombarda (Italy)<\/div><div class=\"fwpl-item date-societe\">On-line em 02\/04\/2025<\/div><\/div><div class=\"fwpl-col fwpl-col el-gr19uc\"><div class=\"fwpl-item el-thedvo\"><a href=\"https:\/\/www.groupeguillin.fr\/pt-pt\/offres-emploi\/addetto-a-manutenzione-elettrica-nespak\/\" class=\"fwpl-btn\" target=\"_blank\">VER OFERTA<\/a><\/div><\/div><\/div><\/div><div class=\"fwpl-result r23\"><div class=\"fwpl-row el-vmttz\"><div class=\"fwpl-col fwpl-col el-6e88md\"><div class=\"fwpl-item nom-offre\">OP\u00c9RATEUR THERMOFORMAGE (H\/F) - GUILLIN EMBALLAGES - Ornans (25)<\/div><div class=\"fwpl-item date-societe\">On-line em 28\/03\/2025<\/div><\/div><div class=\"fwpl-col fwpl-col el-gr19uc\"><div class=\"fwpl-item el-thedvo\"><a href=\"https:\/\/www.groupeguillin.fr\/pt-pt\/offres-emploi\/operateur-thermoformage-h-f-guillin-emballages-ornans-25\/\" class=\"fwpl-btn\" target=\"_blank\">VER OFERTA<\/a><\/div><\/div><\/div><\/div><\/div>\n<style>\n.fwpl-layout, .fwpl-row {\n    display: grid;\n}\n.fwpl-layout.el-rmn46 {\n    grid-template-columns: repeat(1, 1fr);\n    grid-gap: 10px;\n}\n.fwpl-btn {\n    text-decoration: none;\n}\n.fwpl-row.el-vmttz {\n    grid-template-columns: 73.7% 1fr;\n}\n@media (max-width: 480px) { \n    body .facetwp-template .fwpl-layout,  \n    body .facetwp-template-static .fwpl-layout { grid-template-columns: 1fr; } \n} \n\n<\/style>\n<\/div>\n<p>[\/et_pb_text][\/et_pb_column][\/et_pb_row][\/et_pb_section][et_pb_section fb_built=&#8221;1&#8243; _builder_version=&#8221;4.16&#8243; _module_preset=&#8221;default&#8221; background_color=&#8221;#8595a4&#8243; custom_margin=&#8221;0px||0px||true|false&#8221; custom_padding=&#8221;0px||0px||true|false&#8221; global_colors_info=&#8221;{}&#8221;][et_pb_row module_id=&#8221;societes-filtres&#8221; _builder_version=&#8221;4.16&#8243; _module_preset=&#8221;default&#8221; module_alignment=&#8221;center&#8221; custom_margin=&#8221;0px||0px||true|false&#8221; custom_padding=&#8221;10px||10px||true|false&#8221; global_colors_info=&#8221;{}&#8221;][et_pb_column type=&#8221;4_4&#8243; _builder_version=&#8221;4.16&#8243; _module_preset=&#8221;default&#8221; global_colors_info=&#8221;{}&#8221;][et_pb_text _builder_version=&#8221;4.16&#8243; _module_preset=&#8221;default&#8221; header_2_text_align=&#8221;center&#8221; custom_margin=&#8221;0px||0px||true|false&#8221; custom_padding=&#8221;0px||0px||true|false&#8221; global_colors_info=&#8221;{}&#8221;]<\/p>\n<h2><span style=\"color: #ffffff;\">CANDIDATURA ESPONT\u00c2NEA<\/span><\/h2>\n<p><span style=\"color: #ffffff;\"><\/span><\/p>\n<p><span style=\"color: #ffffff;\">Na GUILLIN, a nossa miss\u00e3o \u00e9 proteger a alimenta\u00e7\u00e3o das pessoas e o ambiente. Para que isso aconte\u00e7a, estamos sempre \u00e0 procura de novos perfis motivados pela ideia de trazer a sua energia e conhecimentos t\u00e9cnicos para um projeto que fa\u00e7a sentido. Junte-se a n\u00f3s!<\/span><\/p>\n<p>[\/et_pb_text][\/et_pb_column][\/et_pb_row][\/et_pb_section][et_pb_section fb_built=&#8221;1&#8243; module_id=&#8221;candidature-spontanee&#8221; _builder_version=&#8221;4.16&#8243; _module_preset=&#8221;default&#8221; custom_margin=&#8221;0px||0px||true|false&#8221; custom_padding=&#8221;0px||0px||true|false&#8221; global_colors_info=&#8221;{}&#8221;][et_pb_row _builder_version=&#8221;4.16&#8243; _module_preset=&#8221;default&#8221; custom_margin=&#8221;0px||0px||true|false&#8221; custom_padding=&#8221;20px||20px||true|false&#8221; global_colors_info=&#8221;{}&#8221;][et_pb_column type=&#8221;4_4&#8243; _builder_version=&#8221;4.16&#8243; _module_preset=&#8221;default&#8221; global_colors_info=&#8221;{}&#8221;][et_pb_text _builder_version=&#8221;4.16&#8243; _module_preset=&#8221;default&#8221; max_width=&#8221;80%&#8221; module_alignment=&#8221;center&#8221; custom_css_main_element=&#8221;column-gap: 0px;||column-width:400px;||&#8221; global_colors_info=&#8221;{}&#8221;]<\/p>\n\n<div class=\"wpcf7 no-js\" id=\"wpcf7-f18008-o1\" lang=\"pt-PT\" dir=\"ltr\" data-wpcf7-id=\"18008\">\n<div class=\"screen-reader-response\"><p role=\"status\" aria-live=\"polite\" aria-atomic=\"true\"><\/p> <ul><\/ul><\/div>\n<form action=\"\/pt-pt\/wp-json\/wp\/v2\/pages\/17639#wpcf7-f18008-o1\" method=\"post\" class=\"wpcf7-form init\" aria-label=\"Contact form\" enctype=\"multipart\/form-data\" novalidate=\"novalidate\" data-status=\"init\">\n<fieldset class=\"hidden-fields-container\"><input type=\"hidden\" name=\"_wpcf7\" value=\"18008\" \/><input type=\"hidden\" name=\"_wpcf7_version\" value=\"6.1.5\" \/><input type=\"hidden\" name=\"_wpcf7_locale\" value=\"pt_PT\" \/><input type=\"hidden\" name=\"_wpcf7_unit_tag\" value=\"wpcf7-f18008-o1\" \/><input type=\"hidden\" name=\"_wpcf7_container_post\" value=\"0\" \/><input type=\"hidden\" name=\"_wpcf7_posted_data_hash\" value=\"\" \/>\n<\/fieldset>\n<p><label> Apelido<br \/>\n<span class=\"wpcf7-form-control-wrap\" data-name=\"nom\"><input size=\"40\" maxlength=\"400\" class=\"wpcf7-form-control wpcf7-text wpcf7-validates-as-required\" aria-required=\"true\" aria-invalid=\"false\" value=\"\" type=\"text\" name=\"nom\" \/><\/span> <\/label>\n<\/p>\n<p><label> Nome pr\u00f3prio<br \/>\n<span class=\"wpcf7-form-control-wrap\" data-name=\"prenom\"><input size=\"40\" maxlength=\"400\" class=\"wpcf7-form-control wpcf7-text wpcf7-validates-as-required\" aria-required=\"true\" aria-invalid=\"false\" value=\"\" type=\"text\" name=\"prenom\" \/><\/span> <\/label>\n<\/p>\n<p><label> Morada<br \/>\n<span class=\"wpcf7-form-control-wrap\" data-name=\"adresse\"><textarea cols=\"40\" rows=\"10\" maxlength=\"2000\" class=\"wpcf7-form-control wpcf7-textarea wpcf7-validates-as-required\" aria-required=\"true\" aria-invalid=\"false\" name=\"adresse\"><\/textarea><\/span> <\/label>\n<\/p>\n<p><label> Telefone<br \/>\n<span class=\"wpcf7-form-control-wrap\" data-name=\"telephone\"><input size=\"40\" maxlength=\"400\" class=\"wpcf7-form-control wpcf7-tel wpcf7-validates-as-required wpcf7-text wpcf7-validates-as-tel\" aria-required=\"true\" aria-invalid=\"false\" value=\"\" type=\"tel\" name=\"telephone\" \/><\/span> <\/label>\n<\/p>\n<p><label> Email<br \/>\n<span class=\"wpcf7-form-control-wrap\" data-name=\"email\"><input size=\"40\" maxlength=\"400\" class=\"wpcf7-form-control wpcf7-email wpcf7-validates-as-required wpcf7-text wpcf7-validates-as-email\" aria-required=\"true\" aria-invalid=\"false\" value=\"\" type=\"email\" name=\"email\" \/><\/span> <\/label>\n<\/p>\n<p><label> Trabalho pretendido<br \/>\n<span class=\"wpcf7-form-control-wrap dsm-contact-form-7-select metier-souhaite\"><select class=\"wpcf7-form-control wpcf7-select wpcf7-validates-as-required et_pb_contact_select input\" aria-required=\"true\" aria-invalid=\"false\" name=\"metier-souhaite\"><option value=\"\">---<\/option><option value=\"Option 1\">Option 1<\/option><option value=\"Qualit\u00e9\/SAV\">Qualit\u00e9\/SAV<\/option><option value=\"Etudes\/Recherche &amp; D\u00e9veloppement\">Etudes\/Recherche &amp; D\u00e9veloppement<\/option><option value=\"Maintenance\">Maintenance<\/option><option value=\"Finance\/Comptabilit\u00e9\/Contr\u00f4le de gestion\">Finance\/Comptabilit\u00e9\/Contr\u00f4le de gestion<\/option><option value=\"Commerce\/Marketing\/Communication\">Commerce\/Marketing\/Communication<\/option><option value=\"Ressources humaines\/Sant\u00e9\">Ressources humaines\/Sant\u00e9<\/option><option value=\"S\u00e9curit\u00e9 &amp; environnement\">S\u00e9curit\u00e9 &amp; environnement<\/option><option value=\"Achats\/Supply chain\/Logistique\">Achats\/Supply chain\/Logistique<\/option><option value=\"Production\">Production<\/option><\/select><\/span> <\/label>\n<\/p>\n<p><label> Envie o seu CV (2 Mb m\u00e1ximo)<br \/>\n<span class=\"wpcf7-form-control-wrap\" data-name=\"photo\"><input size=\"40\" class=\"wpcf7-form-control wpcf7-file\" accept=\"audio\/*,video\/*,image\/*\" aria-invalid=\"false\" type=\"file\" name=\"photo\" \/><\/span><\/label>\n<\/p>\n<p><label> Envie a sua carta de motiva\u00e7\u00e3o (2 Mb m\u00e1ximo)<br \/>\n<span class=\"wpcf7-form-control-wrap\" data-name=\"cv\"><input size=\"40\" class=\"wpcf7-form-control wpcf7-file wpcf7-validates-as-required\" accept=\"audio\/*,video\/*,image\/*\" aria-required=\"true\" aria-invalid=\"false\" type=\"file\" name=\"cv\" \/><\/span><\/label>\n<\/p>\n<p class=\"rgpd-texte\"><br \/>\nOs dados pessoais que nos fornece destinam-se \u00e0 gest\u00e3o do recrutamento e das candidaturas no seio do Grupo GUILLIN. Estes dados podem, portanto, destinar-se \u00e0s filiais do Groupe GUILLIN SA para as quais a oferta foi publicada.<br \/>\nPode exercer os seus direitos (acesso, oposi\u00e7\u00e3o, retifica\u00e7\u00e3o, elimina\u00e7\u00e3o, limita\u00e7\u00e3o ao processamento e portabilidade) escrevendo para contactrgpd@groupeguillin.fr. Para mais informa\u00e7\u00f5es, consulte a nossa pol\u00edtica de privacidade.\n<\/p>\n<p><button class=\"wpcf7-form-control wpcf7-submit et_pb_button\" type=\"submit\" value=\"CANDIDATAR-SE\">CANDIDATAR-SE<\/button>\n<\/p><div class=\"wpcf7-response-output\" aria-hidden=\"true\"><\/div>\n<\/form>\n<\/div>\n\n<p>[\/et_pb_text][\/et_pb_column][\/et_pb_row][\/et_pb_section]<\/p>\n","protected":false},"excerpt":{"rendered":"<p>CONFIANTES NOS NOSSOS VALORES\u00a0Como empresa familiar, damos um lugar de destaque \u00e0s rela\u00e7\u00f5es interpessoais, aos colaboradores e ao seu desenvolvimento. Os nossos colaboradores formam equipas fortes, motivadas e focadas, sempre dispostas a mobilizar-se para responder \u00e0s necessidades dos clientes. Privilegiamos o compromisso dos colaboradores a longo prazo e levamos a cabo uma pol\u00edtica de forma\u00e7\u00e3o [&hellip;]<\/p>\n","protected":false},"author":1,"featured_media":0,"parent":0,"menu_order":0,"comment_status":"closed","ping_status":"closed","template":"","meta":{"_acf_changed":false,"_et_pb_use_builder":"on","_et_pb_old_content":"","_et_gb_content_width":"","footnotes":""},"class_list":["post-17639","page","type-page","status-publish","hentry"],"acf":[],"yoast_head":"<!-- This site is optimized with the Yoast SEO plugin v27.4 - https:\/\/yoast.com\/product\/yoast-seo-wordpress\/ -->\n<title>CARREIRA - Groupe GUILLIN<\/title>\n<meta name=\"description\" content=\"Le Groupe GUILLIN est le r\u00e9f\u00e9rent europ\u00e9en de l&#039;emballage plastique alimentaire\" \/>\n<meta name=\"robots\" content=\"index, follow, max-snippet:-1, max-image-preview:large, max-video-preview:-1\" \/>\n<link rel=\"canonical\" href=\"https:\/\/www.groupeguillin.fr\/pt-pt\/carreira\/\" \/>\n<meta property=\"og:locale\" content=\"pt_PT\" \/>\n<meta property=\"og:type\" content=\"article\" \/>\n<meta property=\"og:title\" content=\"CARREIRA - Groupe GUILLIN\" \/>\n<meta property=\"og:description\" content=\"Le Groupe GUILLIN est le r\u00e9f\u00e9rent europ\u00e9en de l&#039;emballage plastique alimentaire\" \/>\n<meta property=\"og:url\" content=\"https:\/\/www.groupeguillin.fr\/pt-pt\/carreira\/\" \/>\n<meta property=\"og:site_name\" content=\"Groupe GUILLIN\" \/>\n<meta property=\"article:modified_time\" content=\"2025-03-11T09:25:26+00:00\" \/>\n<meta property=\"og:image\" content=\"https:\/\/www.groupeguillin.fr\/wp-content\/uploads\/2020\/09\/Logo-guillin-1.png\" \/>\n\t<meta property=\"og:image:width\" content=\"1172\" \/>\n\t<meta property=\"og:image:height\" content=\"300\" \/>\n\t<meta property=\"og:image:type\" content=\"image\/png\" \/>\n<meta name=\"twitter:card\" content=\"summary_large_image\" \/>\n<meta name=\"twitter:label1\" content=\"Est. reading time\" \/>\n\t<meta name=\"twitter:data1\" content=\"12 minutes\" \/>\n<script type=\"application\/ld+json\" class=\"yoast-schema-graph\">{\"@context\":\"https:\\\/\\\/schema.org\",\"@graph\":[{\"@type\":\"WebPage\",\"@id\":\"https:\\\/\\\/www.groupeguillin.fr\\\/pt-pt\\\/carreira\\\/\",\"url\":\"https:\\\/\\\/www.groupeguillin.fr\\\/pt-pt\\\/carreira\\\/\",\"name\":\"CARREIRA - Groupe GUILLIN\",\"isPartOf\":{\"@id\":\"https:\\\/\\\/www.groupeguillin.fr\\\/pt-pt\\\/#website\"},\"datePublished\":\"2024-04-04T15:19:26+00:00\",\"dateModified\":\"2025-03-11T09:25:26+00:00\",\"description\":\"Le Groupe GUILLIN est le r\u00e9f\u00e9rent europ\u00e9en de l'emballage plastique alimentaire\",\"breadcrumb\":{\"@id\":\"https:\\\/\\\/www.groupeguillin.fr\\\/pt-pt\\\/carreira\\\/#breadcrumb\"},\"inLanguage\":\"pt-PT\",\"potentialAction\":[{\"@type\":\"ReadAction\",\"target\":[\"https:\\\/\\\/www.groupeguillin.fr\\\/pt-pt\\\/carreira\\\/\"]}]},{\"@type\":\"BreadcrumbList\",\"@id\":\"https:\\\/\\\/www.groupeguillin.fr\\\/pt-pt\\\/carreira\\\/#breadcrumb\",\"itemListElement\":[{\"@type\":\"ListItem\",\"position\":1,\"name\":\"Accueil\",\"item\":\"https:\\\/\\\/www.groupeguillin.fr\\\/pt-pt\\\/\"},{\"@type\":\"ListItem\",\"position\":2,\"name\":\"CARREIRA\"}]},{\"@type\":\"WebSite\",\"@id\":\"https:\\\/\\\/www.groupeguillin.fr\\\/pt-pt\\\/#website\",\"url\":\"https:\\\/\\\/www.groupeguillin.fr\\\/pt-pt\\\/\",\"name\":\"Groupe GUILLIN\",\"description\":\"We protect your food\",\"publisher\":{\"@id\":\"https:\\\/\\\/www.groupeguillin.fr\\\/pt-pt\\\/#organization\"},\"potentialAction\":[{\"@type\":\"SearchAction\",\"target\":{\"@type\":\"EntryPoint\",\"urlTemplate\":\"https:\\\/\\\/www.groupeguillin.fr\\\/pt-pt\\\/?s={search_term_string}\"},\"query-input\":{\"@type\":\"PropertyValueSpecification\",\"valueRequired\":true,\"valueName\":\"search_term_string\"}}],\"inLanguage\":\"pt-PT\"},{\"@type\":\"Organization\",\"@id\":\"https:\\\/\\\/www.groupeguillin.fr\\\/pt-pt\\\/#organization\",\"name\":\"Groupe GUILLIN\",\"url\":\"https:\\\/\\\/www.groupeguillin.fr\\\/pt-pt\\\/\",\"logo\":{\"@type\":\"ImageObject\",\"inLanguage\":\"pt-PT\",\"@id\":\"https:\\\/\\\/www.groupeguillin.fr\\\/pt-pt\\\/#\\\/schema\\\/logo\\\/image\\\/\",\"url\":\"https:\\\/\\\/www.groupeguillin.fr\\\/wp-content\\\/uploads\\\/2020\\\/09\\\/Logo-guillin-1.png\",\"contentUrl\":\"https:\\\/\\\/www.groupeguillin.fr\\\/wp-content\\\/uploads\\\/2020\\\/09\\\/Logo-guillin-1.png\",\"width\":1172,\"height\":300,\"caption\":\"Groupe GUILLIN\"},\"image\":{\"@id\":\"https:\\\/\\\/www.groupeguillin.fr\\\/pt-pt\\\/#\\\/schema\\\/logo\\\/image\\\/\"},\"sameAs\":[\"https:\\\/\\\/www.instagram.com\\\/groupeguillin\\\/\",\"https:\\\/\\\/www.linkedin.com\\\/company\\\/guillin-emballages\\\/\",\"https:\\\/\\\/www.youtube.com\\\/channel\\\/UCS-Q4Qkgd1bN9pdIPGRjogQ\"]}]}<\/script>\n<!-- \/ Yoast SEO plugin. -->","yoast_head_json":{"title":"CARREIRA - Groupe GUILLIN","description":"Le Groupe GUILLIN est le r\u00e9f\u00e9rent europ\u00e9en de l'emballage plastique alimentaire","robots":{"index":"index","follow":"follow","max-snippet":"max-snippet:-1","max-image-preview":"max-image-preview:large","max-video-preview":"max-video-preview:-1"},"canonical":"https:\/\/www.groupeguillin.fr\/pt-pt\/carreira\/","og_locale":"pt_PT","og_type":"article","og_title":"CARREIRA - Groupe GUILLIN","og_description":"Le Groupe GUILLIN est le r\u00e9f\u00e9rent europ\u00e9en de l'emballage plastique alimentaire","og_url":"https:\/\/www.groupeguillin.fr\/pt-pt\/carreira\/","og_site_name":"Groupe GUILLIN","article_modified_time":"2025-03-11T09:25:26+00:00","og_image":[{"width":1172,"height":300,"url":"https:\/\/www.groupeguillin.fr\/wp-content\/uploads\/2020\/09\/Logo-guillin-1.png","type":"image\/png"}],"twitter_card":"summary_large_image","twitter_misc":{"Est. reading time":"12 minutes"},"schema":{"@context":"https:\/\/schema.org","@graph":[{"@type":"WebPage","@id":"https:\/\/www.groupeguillin.fr\/pt-pt\/carreira\/","url":"https:\/\/www.groupeguillin.fr\/pt-pt\/carreira\/","name":"CARREIRA - Groupe GUILLIN","isPartOf":{"@id":"https:\/\/www.groupeguillin.fr\/pt-pt\/#website"},"datePublished":"2024-04-04T15:19:26+00:00","dateModified":"2025-03-11T09:25:26+00:00","description":"Le Groupe GUILLIN est le r\u00e9f\u00e9rent europ\u00e9en de l'emballage plastique alimentaire","breadcrumb":{"@id":"https:\/\/www.groupeguillin.fr\/pt-pt\/carreira\/#breadcrumb"},"inLanguage":"pt-PT","potentialAction":[{"@type":"ReadAction","target":["https:\/\/www.groupeguillin.fr\/pt-pt\/carreira\/"]}]},{"@type":"BreadcrumbList","@id":"https:\/\/www.groupeguillin.fr\/pt-pt\/carreira\/#breadcrumb","itemListElement":[{"@type":"ListItem","position":1,"name":"Accueil","item":"https:\/\/www.groupeguillin.fr\/pt-pt\/"},{"@type":"ListItem","position":2,"name":"CARREIRA"}]},{"@type":"WebSite","@id":"https:\/\/www.groupeguillin.fr\/pt-pt\/#website","url":"https:\/\/www.groupeguillin.fr\/pt-pt\/","name":"Groupe GUILLIN","description":"We protect your food","publisher":{"@id":"https:\/\/www.groupeguillin.fr\/pt-pt\/#organization"},"potentialAction":[{"@type":"SearchAction","target":{"@type":"EntryPoint","urlTemplate":"https:\/\/www.groupeguillin.fr\/pt-pt\/?s={search_term_string}"},"query-input":{"@type":"PropertyValueSpecification","valueRequired":true,"valueName":"search_term_string"}}],"inLanguage":"pt-PT"},{"@type":"Organization","@id":"https:\/\/www.groupeguillin.fr\/pt-pt\/#organization","name":"Groupe GUILLIN","url":"https:\/\/www.groupeguillin.fr\/pt-pt\/","logo":{"@type":"ImageObject","inLanguage":"pt-PT","@id":"https:\/\/www.groupeguillin.fr\/pt-pt\/#\/schema\/logo\/image\/","url":"https:\/\/www.groupeguillin.fr\/wp-content\/uploads\/2020\/09\/Logo-guillin-1.png","contentUrl":"https:\/\/www.groupeguillin.fr\/wp-content\/uploads\/2020\/09\/Logo-guillin-1.png","width":1172,"height":300,"caption":"Groupe GUILLIN"},"image":{"@id":"https:\/\/www.groupeguillin.fr\/pt-pt\/#\/schema\/logo\/image\/"},"sameAs":["https:\/\/www.instagram.com\/groupeguillin\/","https:\/\/www.linkedin.com\/company\/guillin-emballages\/","https:\/\/www.youtube.com\/channel\/UCS-Q4Qkgd1bN9pdIPGRjogQ"]}]}},"publishpress_future_action":{"enabled":false,"date":"2026-05-02 10:40:10","action":"change-status","newStatus":"draft","terms":[],"taxonomy":"translation_priority","extraData":[]},"publishpress_future_workflow_manual_trigger":{"enabledWorkflows":[]},"_links":{"self":[{"href":"https:\/\/www.groupeguillin.fr\/pt-pt\/wp-json\/wp\/v2\/pages\/17639","targetHints":{"allow":["GET"]}}],"collection":[{"href":"https:\/\/www.groupeguillin.fr\/pt-pt\/wp-json\/wp\/v2\/pages"}],"about":[{"href":"https:\/\/www.groupeguillin.fr\/pt-pt\/wp-json\/wp\/v2\/types\/page"}],"author":[{"embeddable":true,"href":"https:\/\/www.groupeguillin.fr\/pt-pt\/wp-json\/wp\/v2\/users\/1"}],"replies":[{"embeddable":true,"href":"https:\/\/www.groupeguillin.fr\/pt-pt\/wp-json\/wp\/v2\/comments?post=17639"}],"version-history":[{"count":8,"href":"https:\/\/www.groupeguillin.fr\/pt-pt\/wp-json\/wp\/v2\/pages\/17639\/revisions"}],"predecessor-version":[{"id":19804,"href":"https:\/\/www.groupeguillin.fr\/pt-pt\/wp-json\/wp\/v2\/pages\/17639\/revisions\/19804"}],"wp:attachment":[{"href":"https:\/\/www.groupeguillin.fr\/pt-pt\/wp-json\/wp\/v2\/media?parent=17639"}],"curies":[{"name":"wp","href":"https:\/\/api.w.org\/{rel}","templated":true}]}}