{"id":17615,"date":"2024-04-04T16:57:55","date_gmt":"2024-04-04T14:57:55","guid":{"rendered":"https:\/\/www.groupeguillin.fr\/ambiente\/"},"modified":"2025-03-10T12:56:54","modified_gmt":"2025-03-10T11:56:54","slug":"ambiente","status":"publish","type":"page","link":"https:\/\/www.groupeguillin.fr\/pt-pt\/ambiente\/","title":{"rendered":"AMBIENTE"},"content":{"rendered":"<p>[et_pb_section fb_built=&#8221;1&#8243; _builder_version=&#8221;4.16&#8243; _module_preset=&#8221;default&#8221; custom_padding=&#8221;0px||0px||true|false&#8221; global_colors_info=&#8221;{}&#8221;][et_pb_row _builder_version=&#8221;4.16&#8243; _module_preset=&#8221;default&#8221; width=&#8221;100%&#8221; module_alignment=&#8221;right&#8221; custom_padding=&#8221;0px||0px||false|false&#8221; animation_style=&#8221;fade&#8221; global_colors_info=&#8221;{}&#8221;][et_pb_column type=&#8221;4_4&#8243; _builder_version=&#8221;4.16&#8243; _module_preset=&#8221;default&#8221; background_enable_image=&#8221;off&#8221; global_colors_info=&#8221;{}&#8221;][et_pb_slider use_bg_overlay=&#8221;off&#8221; use_text_overlay=&#8221;off&#8221; module_id=&#8221;slider-solutions&#8221; _builder_version=&#8221;4.16&#8243; _module_preset=&#8221;default&#8221; header_font=&#8221;|800|||||||&#8221; header_text_align=&#8221;right&#8221; header_text_color=&#8221;#ffffff&#8221; body_text_align=&#8221;right&#8221; background_enable_color=&#8221;off&#8221; custom_button=&#8221;on&#8221; button_text_size=&#8221;18px&#8221; button_text_color=&#8221;#80ba5f&#8221; button_bg_color=&#8221;#ffffff&#8221; button_border_width=&#8221;0px&#8221; button_border_radius=&#8221;26px&#8221; button_font=&#8221;||||||||&#8221; button_alignment=&#8221;right&#8221; button_custom_padding=&#8221;3px||3px||false|false&#8221; text_orientation=&#8221;right&#8221; width=&#8221;100%&#8221; max_width=&#8221;100%&#8221; module_alignment=&#8221;right&#8221; min_height=&#8221;550px&#8221; height=&#8221;550px&#8221; max_height=&#8221;550px&#8221; custom_margin=&#8221;|0px|||false|false&#8221; custom_padding=&#8221;60px|0px|60px||true|false&#8221; scroll_vertical_motion=&#8221;0|15|15|100|4|0|-4&#8243; custom_css_slide_description=&#8221;background: rgba(0,166,105,0.70) !important;&#8221; global_colors_info=&#8221;{}&#8221;][et_pb_slide heading=&#8221;AS NOSSAS EMBALAGENS S\u00c3O 100% RESPONS\u00c1VEIS E RECICL\u00c1VEIS&#8221; use_bg_overlay=&#8221;off&#8221; use_text_overlay=&#8221;off&#8221; _builder_version=&#8221;4.16&#8243; _module_preset=&#8221;default&#8221; header_text_align=&#8221;right&#8221; header_text_color=&#8221;#ffffff&#8221; body_text_color=&#8221;#ffffff&#8221; background_enable_color=&#8221;off&#8221; background_image=&#8221;https:\/\/www.groupeguillin.fr\/wp-content\/uploads\/2020\/09\/responsabilite-et-environnement-1-scaled.jpg&#8221; background_enable_image=&#8221;on&#8221; background_position=&#8221;center_left&#8221; button_alignment=&#8221;right&#8221; header_font_size_tablet=&#8221;28px&#8221; header_font_size_phone=&#8221;30px&#8221; header_font_size_last_edited=&#8221;on|phone&#8221; global_colors_info=&#8221;{}&#8221; sticky_transition=&#8221;on&#8221;]<\/p>\n<h4>N\u00c3O PODEMOS ELIMIN\u00c1-LAS NA NATUREZA!<\/h4>\n<p>[\/et_pb_slide][\/et_pb_slider][\/et_pb_column][\/et_pb_row][\/et_pb_section][et_pb_section fb_built=&#8221;1&#8243; _builder_version=&#8221;4.16&#8243; _module_preset=&#8221;default&#8221; custom_padding=&#8221;0px||0px||false|false&#8221; global_colors_info=&#8221;{}&#8221;][et_pb_row _builder_version=&#8221;4.16&#8243; _module_preset=&#8221;default&#8221; custom_margin=&#8221;||0px||false|false&#8221; custom_padding=&#8221;30px||30px||true|false&#8221; animation_style=&#8221;fade&#8221; global_colors_info=&#8221;{}&#8221;][et_pb_column type=&#8221;4_4&#8243; _builder_version=&#8221;4.16&#8243; _module_preset=&#8221;default&#8221; global_colors_info=&#8221;{}&#8221;][et_pb_text _builder_version=&#8221;4.16&#8243; _module_preset=&#8221;default&#8221; header_2_font=&#8221;|700|||||||&#8221; header_2_text_align=&#8221;center&#8221; header_2_font_size=&#8221;28px&#8221; custom_margin=&#8221;||20px||false|false&#8221; custom_padding=&#8221;||0px||false|false&#8221; global_colors_info=&#8221;{}&#8221;]<\/p>\n<h2>CONSCI\u00caNCIA, RESPONSABILIDADE E RESPEITO PELO AMBIENTE<\/h2>\n<p>[\/et_pb_text][et_pb_text _builder_version=&#8221;4.16&#8243; _module_preset=&#8221;default&#8221; header_2_font=&#8221;|700|||||||&#8221; header_2_text_align=&#8221;center&#8221; header_2_font_size=&#8221;28px&#8221; custom_margin=&#8221;0px||0px||true|false&#8221; custom_padding=&#8221;0px||0px||true|false&#8221; custom_css_main_element=&#8221;columns:2;||column-gap:5%;&#8221; global_colors_info=&#8221;{}&#8221; custom_css_main_element_last_edited=&#8221;on|phone&#8221; custom_css_main_element_phone=&#8221;columns:1;||&#8221; custom_css_main_element_tablet=&#8221;columns:2;||column-gap:5%;&#8221;]<\/p>\n<p style=\"text-align: left;\">Ao serem simultaneamente relevantes para a seguran\u00e7a alimentar, a sa\u00fade p\u00fablica e a prote\u00e7\u00e3o ambiental, as embalagens de alimentos devem ser o mais sustent\u00e1veis poss\u00edvel do ponto de vista ambiental. Esta \u00e9 uma convic\u00e7\u00e3o que mantemos h\u00e1 muitos anos: \u00e9 por isso que sempre nos empenh\u00e1mos no desenho ecol\u00f3gico de todos os nossos produtos (reduzindo o seu peso e incorporando material reciclado, com o princ\u00edpio de assegurar um ciclo de vida teoricamente infinito) e iremos continuar a faz\u00ea-lo.<\/p>\n<p style=\"text-align: left;\">Todas as nossas solu\u00e7\u00f5es de embalagem d\u00e3o resposta a uma necessidade particular e aos seus crit\u00e9rios de utiliza\u00e7\u00e3o: sem afastar os materiais, o nosso objetivo \u00e9 oferecer o produto mais adequado e otimizado poss\u00edvel, quer se baseie em pl\u00e1stico, cart\u00e3o ou materiais alternativos como a pasta de origem vegetal, tendo em conta fatores ambientais. Desta forma, garantimos sempre o respeito pelos tr\u00eas princ\u00edpios que para n\u00f3s s\u00e3o t\u00e3o importantes: descarboniza\u00e7\u00e3o, circularidade e acessibilidade ao maior n\u00famero de pessoas.<\/p>\n<p style=\"text-align: left;\">Proteger os alimentos, as pessoas e a natureza: na GUILLIN, isto \u00e9 o que chamamos embalagem 100% ambientalmente respons\u00e1vel.<\/p>\n<p>[\/et_pb_text][et_pb_text _builder_version=&#8221;4.16&#8243; _module_preset=&#8221;default&#8221; header_2_font=&#8221;|700|||||||&#8221; header_2_text_align=&#8221;center&#8221; header_2_font_size=&#8221;28px&#8221; custom_padding_tablet=&#8221;&#8221; custom_padding_phone=&#8221;31px||||false|false&#8221; custom_padding_last_edited=&#8221;on|phone&#8221; global_colors_info=&#8221;{}&#8221;]<\/p>\n<p style=\"text-align: right;\"><strong>Sophie GUILLIN<br \/><\/strong>Diretora Geral<\/p>\n<p>[\/et_pb_text][\/et_pb_column][\/et_pb_row][\/et_pb_section][et_pb_section fb_built=&#8221;1&#8243; _builder_version=&#8221;4.16&#8243; _module_preset=&#8221;default&#8221; background_color=&#8221;#54B1E1&#8243; custom_padding=&#8221;0px||0px||false|false&#8221; global_colors_info=&#8221;{}&#8221;][et_pb_row _builder_version=&#8221;4.16&#8243; _module_preset=&#8221;default&#8221; custom_margin=&#8221;||0px||false|false&#8221; custom_padding=&#8221;30px||30px||true|false&#8221; animation_style=&#8221;fade&#8221; global_colors_info=&#8221;{}&#8221;][et_pb_column type=&#8221;4_4&#8243; _builder_version=&#8221;4.16&#8243; _module_preset=&#8221;default&#8221; global_colors_info=&#8221;{}&#8221;][et_pb_text _builder_version=&#8221;4.16&#8243; _module_preset=&#8221;default&#8221; text_text_color=&#8221;#ffffff&#8221; header_2_font=&#8221;|700|||||||&#8221; header_2_text_align=&#8221;center&#8221; header_2_text_color=&#8221;#ffffff&#8221; header_2_font_size=&#8221;28px&#8221; global_colors_info=&#8221;{}&#8221;]<\/p>\n<h2>A NOSSA PARCERIA EXCLUSIVA COM A GUILLIN | Prevented Ocean Plastic<span style=\"font-size: 20px;\">\u2122<\/span><\/h2>\n<p>[\/et_pb_text][\/et_pb_column][\/et_pb_row][et_pb_row column_structure=&#8221;1_2,1_2&#8243; _builder_version=&#8221;4.16&#8243; _module_preset=&#8221;default&#8221; custom_padding=&#8221;0px||30px||false|false&#8221; animation_style=&#8221;fade&#8221; global_colors_info=&#8221;{}&#8221;][et_pb_column type=&#8221;1_2&#8243; _builder_version=&#8221;4.16&#8243; _module_preset=&#8221;default&#8221; global_colors_info=&#8221;{}&#8221;][et_pb_code _builder_version=&#8221;4.16&#8243; _module_preset=&#8221;default&#8221; global_colors_info=&#8221;{}&#8221;]<pee><iframe src=\"https:\/\/www.youtube.com\/embed\/W-V5MPw8t6k?rel=0\" width=\"560\" height=\"315\" frameborder=\"0\" allowfullscreen=\"allowfullscreen\"><\/iframe><\/pee>[\/et_pb_code][\/et_pb_column][et_pb_column type=&#8221;1_2&#8243; _builder_version=&#8221;4.16&#8243; _module_preset=&#8221;default&#8221; global_colors_info=&#8221;{}&#8221;][et_pb_text module_id=&#8221;weprotect&#8221; _builder_version=&#8221;4.16&#8243; _module_preset=&#8221;default&#8221; text_text_color=&#8221;#ffffff&#8221; header_2_font=&#8221;|700|||||||&#8221; header_2_text_align=&#8221;center&#8221; header_2_font_size=&#8221;28px&#8221; header_4_font=&#8221;||||||||&#8221; header_4_text_align=&#8221;center&#8221; header_4_text_color=&#8221;#ffffff&#8221; custom_margin=&#8221;||0px||false|false&#8221; global_colors_info=&#8221;{}&#8221;]<\/p>\n<p>Empenhada desde 2020 em salvar os oceanos, a GUILLIN \u00e9 um Parceiro Fundador da Prevented Ocean Plastic\u2122. Isto significa que incorporamos material reciclado de qualidade nas nossas embalagens recicl\u00e1veis, recolhido nas linhas costeiras da Indon\u00e9sia mais expostas \u00e0 polui\u00e7\u00e3o marinha e processado de forma socialmente respons\u00e1vel, certificado por organiza\u00e7\u00f5es independentes reconhecidas.<\/p>\n<p>Gra\u00e7as a esta parceria, cerca de 1 bili\u00e3o de garrafas de pl\u00e1stico n\u00e3o ir\u00e1 parar aos rios e oceanos.<\/p>\n<p>Com este forte empenho, esperamos encorajar um comportamento respons\u00e1vel. Se for depositado no caixote do lixo certo e n\u00e3o na natureza, o pl\u00e1stico pode ser recolhido, separado e reciclado: torna-se ent\u00e3o o seu pr\u00f3prio recurso.<\/p>\n<p>Juntos, vamos fazer com que isso aconte\u00e7a.<\/p>\n<h4 style=\"text-align: left;\">#weprotectyourfood<\/h4>\n<p>&nbsp;<\/p>\n<p>[\/et_pb_text][et_pb_button button_url=&#8221;mailto:contact@groupeguillin.fr&#8221; button_text=&#8221;CONTACTE-NOS&#8221; button_alignment=&#8221;center&#8221; _builder_version=&#8221;4.16&#8243; _module_preset=&#8221;default&#8221; custom_button=&#8221;on&#8221; button_text_size=&#8221;15px&#8221; button_text_color=&#8221;#1fa9e2&#8243; button_bg_color=&#8221;#ffffff&#8221; button_border_width=&#8221;0px&#8221; button_border_radius=&#8221;25px&#8221; button_font=&#8221;|600||on|||||&#8221; custom_margin=&#8221;0px||0px||false|false&#8221; custom_padding=&#8221;4px||4px||true|false&#8221; global_colors_info=&#8221;{}&#8221;][\/et_pb_button][\/et_pb_column][\/et_pb_row][\/et_pb_section][et_pb_section fb_built=&#8221;1&#8243; _builder_version=&#8221;4.16&#8243; _module_preset=&#8221;default&#8221; background_color=&#8221;#00a669&#8243; custom_padding=&#8221;0px||0px||false|false&#8221; saved_tabs=&#8221;all&#8221; global_colors_info=&#8221;{}&#8221;][et_pb_row _builder_version=&#8221;4.16&#8243; _module_preset=&#8221;default&#8221; custom_margin=&#8221;||0px||false|false&#8221; custom_padding=&#8221;30px||30px||true|false&#8221; animation_style=&#8221;fade&#8221; global_colors_info=&#8221;{}&#8221;][et_pb_column type=&#8221;4_4&#8243; _builder_version=&#8221;4.16&#8243; _module_preset=&#8221;default&#8221; global_colors_info=&#8221;{}&#8221;][et_pb_text _builder_version=&#8221;4.16&#8243; _module_preset=&#8221;default&#8221; text_text_color=&#8221;#ffffff&#8221; header_2_font=&#8221;|700|||||||&#8221; header_2_text_align=&#8221;center&#8221; header_2_text_color=&#8221;#ffffff&#8221; header_2_font_size=&#8221;28px&#8221; global_colors_info=&#8221;{}&#8221;]<\/p>\n<h2>NOS ENGAGEMENTS EN FAVEUR DE L\u2019ENVIRONNEMENT<\/h2>\n<p>[\/et_pb_text][\/et_pb_column][\/et_pb_row][et_pb_row column_structure=&#8221;1_2,1_2&#8243; _builder_version=&#8221;4.16&#8243; _module_preset=&#8221;default&#8221; custom_padding=&#8221;0px||30px||false|false&#8221; animation_style=&#8221;fade&#8221; global_colors_info=&#8221;{}&#8221;][et_pb_column type=&#8221;1_2&#8243; _builder_version=&#8221;4.16&#8243; _module_preset=&#8221;default&#8221; global_colors_info=&#8221;{}&#8221;][et_pb_code _builder_version=&#8221;4.16&#8243; _module_preset=&#8221;default&#8221; locked=&#8221;off&#8221; global_colors_info=&#8221;{}&#8221;]<pee><iframe src=\"https:\/\/www.youtube.com\/embed\/lWEkVVm7Rkg\" width=\"560\" height=\"315\" frameborder=\"0\" allowfullscreen=\"allowfullscreen\"><\/iframe><\/pee>[\/et_pb_code][et_pb_text _builder_version=&#8221;4.16&#8243; _module_preset=&#8221;default&#8221; header_4_text_align=&#8221;center&#8221; header_4_text_color=&#8221;#21aa6b&#8221; header_4_font_size=&#8221;24px&#8221; background_color=&#8221;#FFFFFF&#8221; custom_margin=&#8221;30px||||false|false&#8221; custom_padding=&#8221;|2px||2px|true|true&#8221; link_option_url=&#8221;https:\/\/www.groupeguillin.fr\/wp-content\/uploads\/2021\/07\/GUILLIN-POP-Circular-economy-statement-2021.pdf&#8221; link_option_url_new_window=&#8221;on&#8221; custom_css_main_element=&#8221;border-radius:3em;&#8221; locked=&#8221;off&#8221; global_colors_info=&#8221;{}&#8221;]<\/p>\n<h4><span>O NOSSO COMPROMISSO COM A POP E A ECONOMIA CIRCULAR<\/span><\/h4>\n<p>[\/et_pb_text][\/et_pb_column][et_pb_column type=&#8221;1_2&#8243; _builder_version=&#8221;4.16&#8243; _module_preset=&#8221;default&#8221; global_colors_info=&#8221;{}&#8221;][et_pb_text _builder_version=&#8221;4.16&#8243; _module_preset=&#8221;default&#8221; text_text_color=&#8221;#ffffff&#8221; header_2_font=&#8221;|700|||||||&#8221; header_2_text_align=&#8221;center&#8221; header_2_font_size=&#8221;28px&#8221; global_colors_info=&#8221;{}&#8221;]<\/p>\n<p>Le r\u00e9chauffement climatique, les \u00e9missions de CO2 et leur impact sur la plan\u00e8te \u00e9tant aujourd\u2019hui le sujet majeur \u00e0 traiter, nos engagements en faveur de l\u2019environnement tendent vers un seul objectif : produire des emballages 100% responsables dont le but est de r\u00e9duire notre empreinte carbone au strict minimum. Notre pr\u00e9occupation est ainsi de concilier en permanence pr\u00e9servation de l\u2019environnement et protection des personnes, en veillant \u00e0 ce que les actions que nous entreprenons en faveur de l\u2019une ne nuisent pas \u00e0 l\u2019autre.<\/p>\n<p>Nous participons activement aux r\u00e9flexions actuelles visant \u00e0 renforcer les fili\u00e8res de collecte et de recyclage des emballages en plastique, comme le montre notre partenariat avec le groupe Paprec. Plus r\u00e9cemment, nous avons nou\u00e9 un partenariat exclusif pour l\u2019Europe avec Prevented Ocean PlasticTM pour int\u00e9grer dans nos emballages en PET un plastique de qualit\u00e9, recycl\u00e9 \u00e0 partir de collectes r\u00e9alis\u00e9es pr\u00e8s des c\u00f4tes d\u2019Indon\u00e9sie les plus \u00e0 risques. Par ces actions, nous souhaitons \u00e9galement sensibiliser l\u2019ensemble des consommateurs \u00e0 la n\u00e9cessit\u00e9 d\u2019adopter une attitude citoyenne responsable.<\/p>\n<p>Il s\u2019agit pour nous de r\u00e9duire notre impact environnemental, d\u2019\u00eatre 100% int\u00e9gr\u00e9s \u00e0 l\u2019\u00e9conomie circulaire et de nous engager via des actions concr\u00e8tes<\/p>\n<p>[\/et_pb_text][\/et_pb_column][\/et_pb_row][\/et_pb_section][et_pb_section fb_built=&#8221;1&#8243; module_class=&#8221;produits-phares&#8221; _builder_version=&#8221;4.16&#8243; _module_preset=&#8221;default&#8221; background_color=&#8221;#fff&#8221; custom_padding=&#8221;0px||0px||true|false&#8221; animation_style=&#8221;fade&#8221; animation_speed_curve=&#8221;ease-in&#8221; hover_transition_duration=&#8221;200ms&#8221; global_colors_info=&#8221;{}&#8221;][et_pb_row column_structure=&#8221;1_3,2_3&#8243; _builder_version=&#8221;4.16&#8243; _module_preset=&#8221;default&#8221; global_colors_info=&#8221;{}&#8221;][et_pb_column type=&#8221;1_3&#8243; _builder_version=&#8221;4.16&#8243; _module_preset=&#8221;default&#8221; global_colors_info=&#8221;{}&#8221;][dsm_block_reveal_image src=&#8221;https:\/\/www.groupeguillin.fr\/wp-content\/uploads\/2020\/11\/co2_green-1.png&#8221; title_text=&#8221;co2_green&#8221; align=&#8221;center&#8221; block_reveal_viewport=&#8221;90%&#8221; _builder_version=&#8221;4.16&#8243; _module_preset=&#8221;default&#8221; custom_margin=&#8221;0px||20px||false|false&#8221; global_colors_info=&#8221;{}&#8221;][\/dsm_block_reveal_image][dsm_block_reveal_text block_reveal_text=&#8221;Nous r\u00e9duisons notre impact environnemental&#8221; _builder_version=&#8221;4.16&#8243; _module_preset=&#8221;default&#8221; header_text_align=&#8221;center&#8221; header_text_color=&#8221;#00a569&#8243; header_font_size=&#8221;30px&#8221; custom_margin=&#8221;10px||30px||false|false&#8221; custom_padding=&#8221;10px||||false|false&#8221; global_colors_info=&#8221;{}&#8221;][\/dsm_block_reveal_text][\/et_pb_column][et_pb_column type=&#8221;2_3&#8243; _builder_version=&#8221;4.16&#8243; _module_preset=&#8221;default&#8221; global_colors_info=&#8221;{}&#8221;][et_pb_text _builder_version=&#8221;4.16&#8243; _module_preset=&#8221;default&#8221; global_colors_info=&#8221;{}&#8221;]<\/p>\n<p><strong>D\u00e9fenseurs d\u2019une utilisation raisonn\u00e9e des emballages, nous veillons \u00e0 ce que leur empreinte carbone soit la plus r\u00e9duite possible tout au long de leur cycle de vie.<\/strong><\/p>\n<ul>\n<li>Nous suivons depuis plus de 20 ans une logique d\u2019<strong>\u00e9coconception<\/strong> de nos emballages qui a abouti pour certains d\u2019entre eux \u00e0 une diminution de 40% de leur poids, r\u00e9duisant ainsi consid\u00e9rablement l\u2019empreinte carbone li\u00e9e au transport.<\/li>\n<li>Nous int\u00e9grons dans nos emballages en PET au minimum 30% de rPET, ce qui am\u00e9liore sensiblement leur empreinte carbone, ce pourcentage variant en fonction des applications et pouvant aller jusqu\u2019\u00e0 100% pour certaines gammes sp\u00e9cifiques. Les emballages en carton que nous fabriquons sont \u00e9cocon\u00e7us \u00e0 partir de mati\u00e8re vierge.<\/li>\n<li>Nous investissons pour que nos sites de production soient respectueux de l\u2019environnement : utilisation d\u2019eau en circuit ferm\u00e9, investissement dans du mat\u00e9riel \u00e0 consommation r\u00e9duite, aucun rejet dans l\u2019air, tri syst\u00e9matique des d\u00e9chets, r\u00e9cup\u00e9ration de l\u2019\u00e9nergie de nos syst\u00e8mes pour chauffer nos b\u00e2timents, pas de perte de granul\u00e9s de mati\u00e8re (engagement dans l\u2019op\u00e9ration Clean Sweep<sup>\u00ae<\/sup> \/ obtention label MORE 2019 &amp; 2020).<\/li>\n<\/ul>\n<p>[\/et_pb_text][\/et_pb_column][\/et_pb_row][\/et_pb_section][et_pb_section fb_built=&#8221;1&#8243; module_class=&#8221;produits-phares&#8221; _builder_version=&#8221;4.16&#8243; _module_preset=&#8221;default&#8221; background_color=&#8221;#eeeeee&#8221; custom_padding=&#8221;0px||0px||true|false&#8221; animation_style=&#8221;fade&#8221; animation_speed_curve=&#8221;ease-in&#8221; hover_transition_duration=&#8221;200ms&#8221; global_colors_info=&#8221;{}&#8221;][et_pb_row column_structure=&#8221;1_3,2_3&#8243; _builder_version=&#8221;4.16&#8243; _module_preset=&#8221;default&#8221; custom_margin=&#8221;0px||0px||true|false&#8221; custom_padding=&#8221;30px||0px||false|false&#8221; global_colors_info=&#8221;{}&#8221;][et_pb_column type=&#8221;1_3&#8243; _builder_version=&#8221;4.16&#8243; _module_preset=&#8221;default&#8221; global_colors_info=&#8221;{}&#8221;][dsm_block_reveal_image src=&#8221;https:\/\/www.groupeguillin.fr\/wp-content\/uploads\/2020\/11\/recycle_green.png&#8221; title_text=&#8221;recycle_green&#8221; align=&#8221;center&#8221; block_reveal_viewport=&#8221;90%&#8221; _builder_version=&#8221;4.16&#8243; _module_preset=&#8221;default&#8221; custom_margin=&#8221;-50px||20px||false|false&#8221; custom_margin_tablet=&#8221;0px||||false|false&#8221; custom_margin_phone=&#8221;&#8221; custom_margin_last_edited=&#8221;on|phone&#8221; custom_css_main_element=&#8221;position:absolute !important;||width:100%;||margin:0 !important;||padding:0;&#8221; global_colors_info=&#8221;{}&#8221; custom_css_main_element_last_edited=&#8221;on|tablet&#8221; custom_css_main_element_phone=&#8221;position:relative !important;&#8221; custom_css_main_element_tablet=&#8221;position:relative !important;&#8221;][\/dsm_block_reveal_image][dsm_block_reveal_text block_reveal_text=&#8221;NOUS SOMMES 100% INT\u00c9GR\u00c9S \u00c0 L&#8217;\u00c9CONOMIE CIRCULAIRE&#8221; _builder_version=&#8221;4.16&#8243; _module_preset=&#8221;default&#8221; header_text_align=&#8221;center&#8221; header_text_color=&#8221;#00a569&#8243; header_font_size=&#8221;30px&#8221; custom_margin=&#8221;10px||30px||false|false&#8221; custom_padding=&#8221;||||false&#8221; custom_css_main_element=&#8221;position:absolute !important;||width:100%;||margin:0 !important;||padding-top:230px;||display:block;&#8221; global_colors_info=&#8221;{}&#8221; custom_css_main_element_last_edited=&#8221;on|tablet&#8221; custom_css_main_element_phone=&#8221;position:relative !important;||margin:0;||padding:0;&#8221; custom_css_main_element_tablet=&#8221;position:relative !important;||&#8221;][\/dsm_block_reveal_text][\/et_pb_column][et_pb_column type=&#8221;2_3&#8243; _builder_version=&#8221;4.16&#8243; _module_preset=&#8221;default&#8221; global_colors_info=&#8221;{}&#8221;][et_pb_text _builder_version=&#8221;4.16&#8243; _module_preset=&#8221;default&#8221; global_colors_info=&#8221;{}&#8221;]<\/p>\n<p><strong>As nossas embalagens s\u00e3o 100% recicl\u00e1veis, reutiliz\u00e1veis ou compost\u00e1veis. Todas elas constituem alternativas fi\u00e1veis, econ\u00f3micas e amigas do ambiente em todas as utiliza\u00e7\u00f5es. Cumprem os mais elevados padr\u00f5es em termos de seguran\u00e7a alimentar, de conformidade com os regulamentos, de prote\u00e7\u00e3o alimentar e ambiental, de redu\u00e7\u00e3o de res\u00edduos e de utilidade.<\/strong><\/p>\n<p>[\/et_pb_text][\/et_pb_column][\/et_pb_row][et_pb_row column_structure=&#8221;1_4,1_4,1_4,1_4&#8243; use_custom_gutter=&#8221;on&#8221; gutter_width=&#8221;2&#8243; _builder_version=&#8221;4.16&#8243; _module_preset=&#8221;default&#8221; global_colors_info=&#8221;{}&#8221;][et_pb_column type=&#8221;1_4&#8243; _builder_version=&#8221;4.16&#8243; _module_preset=&#8221;default&#8221; custom_css_main_element=&#8221;width:30% !important;&#8221; global_colors_info=&#8221;{}&#8221; custom_css_main_element_last_edited=&#8221;on|phone&#8221; custom_css_main_element_tablet=&#8221;width:auto;&#8221; custom_css_main_element_phone=&#8221;width:auto;&#8221;][\/et_pb_column][et_pb_column type=&#8221;1_4&#8243; _builder_version=&#8221;4.16&#8243; _module_preset=&#8221;default&#8221; custom_css_main_element=&#8221;width:20% !important;&#8221; global_colors_info=&#8221;{}&#8221; custom_css_main_element_last_edited=&#8221;on|tablet&#8221; custom_css_main_element_phone=&#8221;width:auto;&#8221; custom_css_main_element_tablet=&#8221;width:auto;&#8221;][et_pb_image src=&#8221;https:\/\/www.groupeguillin.fr\/wp-content\/uploads\/2020\/10\/Label_RECYCLE_couleur_NEW-150&#215;150.png&#8221; title_text=&#8221;Label_RECYCLE_couleur_NEW&#8221; align=&#8221;center&#8221; _builder_version=&#8221;4.16&#8243; _module_preset=&#8221;default&#8221; custom_margin=&#8221;||10px||false|false&#8221; global_colors_info=&#8221;{}&#8221;][\/et_pb_image][et_pb_text _builder_version=&#8221;4.16&#8243; _module_preset=&#8221;default&#8221; text_orientation=&#8221;center&#8221; global_colors_info=&#8221;{}&#8221;]<\/p>\n<p>As nossas embalagens de pl\u00e1stico s\u00e3o 100% recicl\u00e1veis (PET e PP): integram-se, por isso, naturalmente nos processos de triagem.<\/p>\n<p>[\/et_pb_text][\/et_pb_column][et_pb_column type=&#8221;1_4&#8243; _builder_version=&#8221;4.16&#8243; _module_preset=&#8221;default&#8221; custom_css_main_element=&#8221;width:20% !important;&#8221; global_colors_info=&#8221;{}&#8221; custom_css_main_element_last_edited=&#8221;on|phone&#8221; custom_css_main_element_phone=&#8221;width:auto;&#8221; custom_css_main_element_tablet=&#8221;width:auto;&#8221;][et_pb_image src=&#8221;https:\/\/www.groupeguillin.fr\/wp-content\/uploads\/2020\/10\/labelRE-USE_couleur_NEW-150&#215;150.png&#8221; title_text=&#8221;labelRE-USE_couleur_NEW&#8221; align=&#8221;center&#8221; _builder_version=&#8221;4.16&#8243; _module_preset=&#8221;default&#8221; custom_margin=&#8221;||10px||false|false&#8221; global_colors_info=&#8221;{}&#8221;][\/et_pb_image][et_pb_text _builder_version=&#8221;4.16&#8243; _module_preset=&#8221;default&#8221; text_orientation=&#8221;center&#8221; global_colors_info=&#8221;{}&#8221;]<\/p>\n<p>Tamb\u00e9m oferecemos produtos reutiliz\u00e1veis, especialmente para pratos, copos e talheres, em total conformidade com o regulamento europeu SUP.<\/p>\n<p>[\/et_pb_text][\/et_pb_column][et_pb_column type=&#8221;1_4&#8243; _builder_version=&#8221;4.16&#8243; _module_preset=&#8221;default&#8221; custom_css_main_element=&#8221;width:20% !important;&#8221; global_colors_info=&#8221;{}&#8221; custom_css_main_element_last_edited=&#8221;on|phone&#8221; custom_css_main_element_phone=&#8221;width:auto;&#8221; custom_css_main_element_tablet=&#8221;width:auto;&#8221;][et_pb_image src=&#8221;https:\/\/www.groupeguillin.fr\/wp-content\/uploads\/2020\/10\/Label_BIO_couleur_NEW_crop-150&#215;150.png&#8221; title_text=&#8221;Label_BIO_couleur_NEW_crop&#8221; align=&#8221;center&#8221; _builder_version=&#8221;4.16&#8243; _module_preset=&#8221;default&#8221; custom_margin=&#8221;||10px||false|false&#8221; global_colors_info=&#8221;{}&#8221;][\/et_pb_image][et_pb_text _builder_version=&#8221;4.16&#8243; _module_preset=&#8221;default&#8221; text_orientation=&#8221;center&#8221; global_colors_info=&#8221;{}&#8221;]<\/p>\n<p>Finalmente, desde 2014, temos vindo a desenvolver uma gama de embalagens biodegrad\u00e1veis e compost\u00e1veis (fibras vegetais ou biopl\u00e1sticos) ou 100% recicl\u00e1veis (embalagens em cart\u00e3o ou cart\u00e3o\/PET).<\/p>\n<p>[\/et_pb_text][\/et_pb_column][\/et_pb_row][\/et_pb_section][et_pb_section fb_built=&#8221;1&#8243; module_class=&#8221;produits-phares&#8221; _builder_version=&#8221;4.16&#8243; _module_preset=&#8221;default&#8221; background_color=&#8221;#fff&#8221; custom_padding=&#8221;0px||0px||true|false&#8221; animation_style=&#8221;fade&#8221; animation_speed_curve=&#8221;ease-in&#8221; hover_transition_duration=&#8221;200ms&#8221; global_colors_info=&#8221;{}&#8221;][et_pb_row column_structure=&#8221;1_3,2_3&#8243; _builder_version=&#8221;4.16&#8243; _module_preset=&#8221;default&#8221; global_colors_info=&#8221;{}&#8221;][et_pb_column type=&#8221;1_3&#8243; _builder_version=&#8221;4.16&#8243; _module_preset=&#8221;default&#8221; global_colors_info=&#8221;{}&#8221;][dsm_block_reveal_image src=&#8221;https:\/\/www.groupeguillin.fr\/wp-content\/uploads\/2020\/11\/clipboard_green.png&#8221; title_text=&#8221;clipboard_green&#8221; align=&#8221;center&#8221; block_reveal_viewport=&#8221;90%&#8221; _builder_version=&#8221;4.16&#8243; _module_preset=&#8221;default&#8221; custom_margin=&#8221;||20px||false|false&#8221; custom_margin_tablet=&#8221;0px||||false|false&#8221; custom_margin_phone=&#8221;&#8221; custom_margin_last_edited=&#8221;on|phone&#8221; global_colors_info=&#8221;{}&#8221;][\/dsm_block_reveal_image][dsm_block_reveal_text block_reveal_text=&#8221;NOUS NOUS ENGAGEONS VIA DES ACTIONS CONCR\u00c8TES&#8221; _builder_version=&#8221;4.16&#8243; _module_preset=&#8221;default&#8221; header_text_align=&#8221;center&#8221; header_text_color=&#8221;#00a569&#8243; header_font_size=&#8221;30px&#8221; custom_margin=&#8221;10px||30px||false|false&#8221; custom_padding=&#8221;||||false&#8221; global_colors_info=&#8221;{}&#8221;][\/dsm_block_reveal_text][\/et_pb_column][et_pb_column type=&#8221;2_3&#8243; _builder_version=&#8221;4.16&#8243; _module_preset=&#8221;default&#8221; global_colors_info=&#8221;{}&#8221;][et_pb_text _builder_version=&#8221;4.16&#8243; _module_preset=&#8221;default&#8221; global_colors_info=&#8221;{}&#8221;]<\/p>\n<p><strong>Estamos a agir para tornar a economia circular, a recolha, a triagem, a reciclagem e a compostagem das nossas embalagens uma realidade vis\u00edvel e para encorajar um comportamento ambientalmente respons\u00e1vel.<\/strong><\/p>\n<ul>\n<li>Atrav\u00e9s do projeto REUSAL, estabelecemos uma parceria estrat\u00e9gica com a PAPREC RECYCLAGE, l\u00edder europeia, para criar uma linha de reciclagem espec\u00edfica para bandejas PET. Ao mesmo tempo, realizamos a\u00e7\u00f5es de recolha PET nas nossas instala\u00e7\u00f5es, que mobilizam regularmente todos os nossos colaboradores.<\/li>\n<\/ul>\n<ul>\n<li>Pioneiros desde o in\u00edcio e inovadores por n\u00f3s pr\u00f3prios, prevemos as necessidades futuras que ter\u00e3o impacto nas nossas embalagens (respeito pelo ambiente, preserva\u00e7\u00e3o e prote\u00e7\u00e3o alimentar, mudan\u00e7a de estilos de vida) e preparamos as solu\u00e7\u00f5es de embalagem do futuro atrav\u00e9s da nossa unidade de desenvolvimento tecnol\u00f3gico. Tamb\u00e9m colocamos os nossos conhecimentos ao servi\u00e7o de programas de colabora\u00e7\u00e3o em I&amp;D que utilizam novas tecnologias para desenvolver novas solu\u00e7\u00f5es de triagem e reciclagem e apoiamos iniciativas que promovem a economia circular e a utiliza\u00e7\u00e3o racional das embalagens alimentares.<\/li>\n<\/ul>\n<p>[\/et_pb_text][\/et_pb_column][\/et_pb_row][\/et_pb_section][et_pb_section fb_built=&#8221;1&#8243; _builder_version=&#8221;4.16&#8243; _module_preset=&#8221;default&#8221; background_color=&#8221;#ededed&#8221; custom_margin=&#8221;0px||||false|false&#8221; custom_padding=&#8221;0px||0px||true|false&#8221; saved_tabs=&#8221;all&#8221; global_colors_info=&#8221;{}&#8221;][et_pb_row _builder_version=&#8221;4.16&#8243; _module_preset=&#8221;default&#8221; custom_padding=&#8221;30px||0px||false|false&#8221; global_colors_info=&#8221;{}&#8221;][et_pb_column type=&#8221;4_4&#8243; _builder_version=&#8221;4.16&#8243; _module_preset=&#8221;default&#8221; global_colors_info=&#8221;{}&#8221;][et_pb_text _builder_version=&#8221;4.16&#8243; _module_preset=&#8221;default&#8221; text_font=&#8221;|800|||||||&#8221; header_3_font=&#8221;|700|||||||&#8221; header_3_text_align=&#8221;center&#8221; header_3_font_size=&#8221;28px&#8221; module_alignment=&#8221;center&#8221; custom_margin=&#8221;||||false|false&#8221; custom_padding=&#8221;||||false|false&#8221; global_colors_info=&#8221;{}&#8221;]<\/p>\n<h3 style=\"text-align: center;\">NOVIDADES<\/h3>\n<p>[\/et_pb_text][\/et_pb_column][\/et_pb_row][et_pb_row _builder_version=&#8221;4.16&#8243; _module_preset=&#8221;default&#8221; global_colors_info=&#8221;{}&#8221;][et_pb_column type=&#8221;4_4&#8243; _builder_version=&#8221;4.16&#8243; _module_preset=&#8221;default&#8221; global_colors_info=&#8221;{}&#8221;][et_pb_code _builder_version=&#8221;4.16&#8243; _module_preset=&#8221;default&#8221; global_colors_info=&#8221;{}&#8221;]<\/p>\n<div id=\"flockler-embed-18697698f65095a446880b336c228c91\"><\/div>\n<p><!-- [et_pb_line_break_holder] --><script src=\"https:\/\/plugins.flockler.com\/embed\/18697666fc40dcdd6a8a868204c67abd\/18697698f65095a446880b336c228c91\" async><\/script>[\/et_pb_code][\/et_pb_column][\/et_pb_row][\/et_pb_section]<\/p>\n","protected":false},"excerpt":{"rendered":"<p>N\u00c3O PODEMOS ELIMIN\u00c1-LAS NA NATUREZA!CONSCI\u00caNCIA, RESPONSABILIDADE E RESPEITO PELO AMBIENTEAo serem simultaneamente relevantes para a seguran\u00e7a alimentar, a sa\u00fade p\u00fablica e a prote\u00e7\u00e3o ambiental, as embalagens de alimentos devem ser o mais sustent\u00e1veis poss\u00edvel do ponto de vista ambiental. Esta \u00e9 uma convic\u00e7\u00e3o que mantemos h\u00e1 muitos anos: \u00e9 por isso que sempre nos empenh\u00e1mos [&hellip;]<\/p>\n","protected":false},"author":1,"featured_media":0,"parent":0,"menu_order":0,"comment_status":"closed","ping_status":"closed","template":"","meta":{"_acf_changed":false,"_et_pb_use_builder":"on","_et_pb_old_content":"","_et_gb_content_width":"","footnotes":""},"class_list":["post-17615","page","type-page","status-publish","hentry"],"acf":[],"yoast_head":"<!-- This site is optimized with the Yoast SEO plugin v27.4 - https:\/\/yoast.com\/product\/yoast-seo-wordpress\/ -->\n<title>AMBIENTE - Groupe GUILLIN<\/title>\n<meta name=\"description\" content=\"Le Groupe GUILLIN est le r\u00e9f\u00e9rent europ\u00e9en de l&#039;emballage plastique alimentaire\" \/>\n<meta name=\"robots\" content=\"index, follow, max-snippet:-1, max-image-preview:large, max-video-preview:-1\" \/>\n<link rel=\"canonical\" href=\"https:\/\/www.groupeguillin.fr\/pt-pt\/ambiente\/\" \/>\n<meta property=\"og:locale\" content=\"pt_PT\" \/>\n<meta property=\"og:type\" content=\"article\" \/>\n<meta property=\"og:title\" content=\"AMBIENTE - Groupe GUILLIN\" \/>\n<meta property=\"og:description\" content=\"Le Groupe GUILLIN est le r\u00e9f\u00e9rent europ\u00e9en de l&#039;emballage plastique alimentaire\" \/>\n<meta property=\"og:url\" content=\"https:\/\/www.groupeguillin.fr\/pt-pt\/ambiente\/\" \/>\n<meta property=\"og:site_name\" content=\"Groupe GUILLIN\" \/>\n<meta property=\"article:modified_time\" content=\"2025-03-10T11:56:54+00:00\" \/>\n<meta property=\"og:image\" content=\"https:\/\/www.groupeguillin.fr\/wp-content\/uploads\/2020\/09\/Logo-guillin-1.png\" \/>\n\t<meta property=\"og:image:width\" content=\"1172\" \/>\n\t<meta property=\"og:image:height\" content=\"300\" \/>\n\t<meta property=\"og:image:type\" content=\"image\/png\" \/>\n<meta name=\"twitter:card\" content=\"summary_large_image\" \/>\n<meta name=\"twitter:label1\" content=\"Est. reading time\" \/>\n\t<meta name=\"twitter:data1\" content=\"17 minutes\" \/>\n<script type=\"application\/ld+json\" class=\"yoast-schema-graph\">{\"@context\":\"https:\\\/\\\/schema.org\",\"@graph\":[{\"@type\":\"WebPage\",\"@id\":\"https:\\\/\\\/www.groupeguillin.fr\\\/pt-pt\\\/ambiente\\\/\",\"url\":\"https:\\\/\\\/www.groupeguillin.fr\\\/pt-pt\\\/ambiente\\\/\",\"name\":\"AMBIENTE - Groupe GUILLIN\",\"isPartOf\":{\"@id\":\"https:\\\/\\\/www.groupeguillin.fr\\\/pt-pt\\\/#website\"},\"datePublished\":\"2024-04-04T14:57:55+00:00\",\"dateModified\":\"2025-03-10T11:56:54+00:00\",\"description\":\"Le Groupe GUILLIN est le r\u00e9f\u00e9rent europ\u00e9en de l'emballage plastique alimentaire\",\"breadcrumb\":{\"@id\":\"https:\\\/\\\/www.groupeguillin.fr\\\/pt-pt\\\/ambiente\\\/#breadcrumb\"},\"inLanguage\":\"pt-PT\",\"potentialAction\":[{\"@type\":\"ReadAction\",\"target\":[\"https:\\\/\\\/www.groupeguillin.fr\\\/pt-pt\\\/ambiente\\\/\"]}]},{\"@type\":\"BreadcrumbList\",\"@id\":\"https:\\\/\\\/www.groupeguillin.fr\\\/pt-pt\\\/ambiente\\\/#breadcrumb\",\"itemListElement\":[{\"@type\":\"ListItem\",\"position\":1,\"name\":\"Accueil\",\"item\":\"https:\\\/\\\/www.groupeguillin.fr\\\/pt-pt\\\/\"},{\"@type\":\"ListItem\",\"position\":2,\"name\":\"AMBIENTE\"}]},{\"@type\":\"WebSite\",\"@id\":\"https:\\\/\\\/www.groupeguillin.fr\\\/pt-pt\\\/#website\",\"url\":\"https:\\\/\\\/www.groupeguillin.fr\\\/pt-pt\\\/\",\"name\":\"Groupe GUILLIN\",\"description\":\"We protect your food\",\"publisher\":{\"@id\":\"https:\\\/\\\/www.groupeguillin.fr\\\/pt-pt\\\/#organization\"},\"potentialAction\":[{\"@type\":\"SearchAction\",\"target\":{\"@type\":\"EntryPoint\",\"urlTemplate\":\"https:\\\/\\\/www.groupeguillin.fr\\\/pt-pt\\\/?s={search_term_string}\"},\"query-input\":{\"@type\":\"PropertyValueSpecification\",\"valueRequired\":true,\"valueName\":\"search_term_string\"}}],\"inLanguage\":\"pt-PT\"},{\"@type\":\"Organization\",\"@id\":\"https:\\\/\\\/www.groupeguillin.fr\\\/pt-pt\\\/#organization\",\"name\":\"Groupe GUILLIN\",\"url\":\"https:\\\/\\\/www.groupeguillin.fr\\\/pt-pt\\\/\",\"logo\":{\"@type\":\"ImageObject\",\"inLanguage\":\"pt-PT\",\"@id\":\"https:\\\/\\\/www.groupeguillin.fr\\\/pt-pt\\\/#\\\/schema\\\/logo\\\/image\\\/\",\"url\":\"https:\\\/\\\/www.groupeguillin.fr\\\/wp-content\\\/uploads\\\/2020\\\/09\\\/Logo-guillin-1.png\",\"contentUrl\":\"https:\\\/\\\/www.groupeguillin.fr\\\/wp-content\\\/uploads\\\/2020\\\/09\\\/Logo-guillin-1.png\",\"width\":1172,\"height\":300,\"caption\":\"Groupe GUILLIN\"},\"image\":{\"@id\":\"https:\\\/\\\/www.groupeguillin.fr\\\/pt-pt\\\/#\\\/schema\\\/logo\\\/image\\\/\"},\"sameAs\":[\"https:\\\/\\\/www.instagram.com\\\/groupeguillin\\\/\",\"https:\\\/\\\/www.linkedin.com\\\/company\\\/guillin-emballages\\\/\",\"https:\\\/\\\/www.youtube.com\\\/channel\\\/UCS-Q4Qkgd1bN9pdIPGRjogQ\"]}]}<\/script>\n<!-- \/ Yoast SEO plugin. -->","yoast_head_json":{"title":"AMBIENTE - Groupe GUILLIN","description":"Le Groupe GUILLIN est le r\u00e9f\u00e9rent europ\u00e9en de l'emballage plastique alimentaire","robots":{"index":"index","follow":"follow","max-snippet":"max-snippet:-1","max-image-preview":"max-image-preview:large","max-video-preview":"max-video-preview:-1"},"canonical":"https:\/\/www.groupeguillin.fr\/pt-pt\/ambiente\/","og_locale":"pt_PT","og_type":"article","og_title":"AMBIENTE - Groupe GUILLIN","og_description":"Le Groupe GUILLIN est le r\u00e9f\u00e9rent europ\u00e9en de l'emballage plastique alimentaire","og_url":"https:\/\/www.groupeguillin.fr\/pt-pt\/ambiente\/","og_site_name":"Groupe GUILLIN","article_modified_time":"2025-03-10T11:56:54+00:00","og_image":[{"width":1172,"height":300,"url":"https:\/\/www.groupeguillin.fr\/wp-content\/uploads\/2020\/09\/Logo-guillin-1.png","type":"image\/png"}],"twitter_card":"summary_large_image","twitter_misc":{"Est. reading time":"17 minutes"},"schema":{"@context":"https:\/\/schema.org","@graph":[{"@type":"WebPage","@id":"https:\/\/www.groupeguillin.fr\/pt-pt\/ambiente\/","url":"https:\/\/www.groupeguillin.fr\/pt-pt\/ambiente\/","name":"AMBIENTE - Groupe GUILLIN","isPartOf":{"@id":"https:\/\/www.groupeguillin.fr\/pt-pt\/#website"},"datePublished":"2024-04-04T14:57:55+00:00","dateModified":"2025-03-10T11:56:54+00:00","description":"Le Groupe GUILLIN est le r\u00e9f\u00e9rent europ\u00e9en de l'emballage plastique alimentaire","breadcrumb":{"@id":"https:\/\/www.groupeguillin.fr\/pt-pt\/ambiente\/#breadcrumb"},"inLanguage":"pt-PT","potentialAction":[{"@type":"ReadAction","target":["https:\/\/www.groupeguillin.fr\/pt-pt\/ambiente\/"]}]},{"@type":"BreadcrumbList","@id":"https:\/\/www.groupeguillin.fr\/pt-pt\/ambiente\/#breadcrumb","itemListElement":[{"@type":"ListItem","position":1,"name":"Accueil","item":"https:\/\/www.groupeguillin.fr\/pt-pt\/"},{"@type":"ListItem","position":2,"name":"AMBIENTE"}]},{"@type":"WebSite","@id":"https:\/\/www.groupeguillin.fr\/pt-pt\/#website","url":"https:\/\/www.groupeguillin.fr\/pt-pt\/","name":"Groupe GUILLIN","description":"We protect your food","publisher":{"@id":"https:\/\/www.groupeguillin.fr\/pt-pt\/#organization"},"potentialAction":[{"@type":"SearchAction","target":{"@type":"EntryPoint","urlTemplate":"https:\/\/www.groupeguillin.fr\/pt-pt\/?s={search_term_string}"},"query-input":{"@type":"PropertyValueSpecification","valueRequired":true,"valueName":"search_term_string"}}],"inLanguage":"pt-PT"},{"@type":"Organization","@id":"https:\/\/www.groupeguillin.fr\/pt-pt\/#organization","name":"Groupe GUILLIN","url":"https:\/\/www.groupeguillin.fr\/pt-pt\/","logo":{"@type":"ImageObject","inLanguage":"pt-PT","@id":"https:\/\/www.groupeguillin.fr\/pt-pt\/#\/schema\/logo\/image\/","url":"https:\/\/www.groupeguillin.fr\/wp-content\/uploads\/2020\/09\/Logo-guillin-1.png","contentUrl":"https:\/\/www.groupeguillin.fr\/wp-content\/uploads\/2020\/09\/Logo-guillin-1.png","width":1172,"height":300,"caption":"Groupe GUILLIN"},"image":{"@id":"https:\/\/www.groupeguillin.fr\/pt-pt\/#\/schema\/logo\/image\/"},"sameAs":["https:\/\/www.instagram.com\/groupeguillin\/","https:\/\/www.linkedin.com\/company\/guillin-emballages\/","https:\/\/www.youtube.com\/channel\/UCS-Q4Qkgd1bN9pdIPGRjogQ"]}]}},"publishpress_future_action":{"enabled":false,"date":"2026-05-02 11:59:52","action":"change-status","newStatus":"draft","terms":[],"taxonomy":"translation_priority","extraData":[]},"publishpress_future_workflow_manual_trigger":{"enabledWorkflows":[]},"_links":{"self":[{"href":"https:\/\/www.groupeguillin.fr\/pt-pt\/wp-json\/wp\/v2\/pages\/17615","targetHints":{"allow":["GET"]}}],"collection":[{"href":"https:\/\/www.groupeguillin.fr\/pt-pt\/wp-json\/wp\/v2\/pages"}],"about":[{"href":"https:\/\/www.groupeguillin.fr\/pt-pt\/wp-json\/wp\/v2\/types\/page"}],"author":[{"embeddable":true,"href":"https:\/\/www.groupeguillin.fr\/pt-pt\/wp-json\/wp\/v2\/users\/1"}],"replies":[{"embeddable":true,"href":"https:\/\/www.groupeguillin.fr\/pt-pt\/wp-json\/wp\/v2\/comments?post=17615"}],"version-history":[{"count":35,"href":"https:\/\/www.groupeguillin.fr\/pt-pt\/wp-json\/wp\/v2\/pages\/17615\/revisions"}],"predecessor-version":[{"id":19753,"href":"https:\/\/www.groupeguillin.fr\/pt-pt\/wp-json\/wp\/v2\/pages\/17615\/revisions\/19753"}],"wp:attachment":[{"href":"https:\/\/www.groupeguillin.fr\/pt-pt\/wp-json\/wp\/v2\/media?parent=17615"}],"curies":[{"name":"wp","href":"https:\/\/api.w.org\/{rel}","templated":true}]}}