{"id":17615,"date":"2024-04-04T16:57:55","date_gmt":"2024-04-04T14:57:55","guid":{"rendered":"https:\/\/www.groupeguillin.fr\/ambiente\/"},"modified":"2025-03-10T12:56:54","modified_gmt":"2025-03-10T11:56:54","slug":"ambiente","status":"publish","type":"page","link":"https:\/\/www.groupeguillin.fr\/pt-pt\/ambiente\/","title":{"rendered":"AMBIENTE"},"content":{"rendered":"<p><div class=\"et_d4_element et_pb_section et_pb_section_0  et_pb_css_mix_blend_mode et_section_regular et_block_section\" >\n\t\t\t\t\n\t\t\t\t\n\t\t\t\t\n\t\t\t\t\n\t\t\t\t\n\t\t\t\t\n\t\t\t\t<div class=\"et_d4_element et_pb_row et_pb_row_0 et_animated et_pb_equal_columns  et_pb_css_mix_blend_mode et_block_row\">\n\t\t\t\t<div class=\"et_d4_element et_pb_column_4_4 et_pb_column et_pb_column_0  et_pb_css_mix_blend_mode et-last-child et_block_column\">\n\t\t\t\t\n\t\t\t\t\n\t\t\t\t\n\t\t\t\t\n\t\t\t\t<div id=\"slider-solutions\" class=\"et_pb_module et_d4_element et_pb_slider et_pb_slider_0 et_pb_slider_fullwidth_off\">\n\t\t\t\t<div class=\"et_pb_slides\">\n\t\t\t\t\t<div class=\"et_d4_element et_pb_slide et_pb_slide_0  et_pb_css_mix_blend_mode et_pb_bg_layout_dark et_pb_media_alignment_center et-pb-active-slide\" data-slide-id=\"et_pb_slide_0\">\n\t\t\t\t\n\t\t\t\t\n\t\t\t\t<div class=\"et_pb_container clearfix\">\n\t\t\t\t\t<div class=\"et_pb_slider_container_inner\">\n\t\t\t\t\t\t\n\t\t\t\t\t\t<div class=\"et_pb_slide_description\">\n\t\t\t\t\t\t\t<h2 class=\"et_pb_slide_title\">AS NOSSAS EMBALAGENS S\u00c3O 100% RESPONS\u00c1VEIS E RECICL\u00c1VEIS<\/h2><div class=\"et_pb_slide_content\"><h4>N\u00c3O PODEMOS ELIMIN\u00c1-LAS NA NATUREZA!<\/h4><\/div>\n\t\t\t\t\t\t\t\n\t\t\t\t\t\t<\/div>\n\t\t\t\t\t<\/div>\n\t\t\t\t<\/div>\n\t\t\t\t\n\t\t\t\t\n\t\t\t\t\n\t\t\t<\/div>\n\t\t\t\n\t\t\t\t<\/div>\n\t\t\t\t\n\t\t\t<\/div>\n\t\t\t\n\t\t\t<\/div>\n\t\t\t\t\n\t\t\t\t\n\t\t\t\t\n\t\t\t\t\n\t\t\t<\/div>\n\t\t\t\t\n\t\t\t\t\n\t\t\t<\/div><div class=\"et_d4_element et_pb_section et_pb_section_1  et_pb_css_mix_blend_mode et_section_regular et_block_section\" >\n\t\t\t\t\n\t\t\t\t\n\t\t\t\t\n\t\t\t\t\n\t\t\t\t\n\t\t\t\t\n\t\t\t\t<div class=\"et_d4_element et_pb_row et_pb_row_1 et_animated et_pb_equal_columns  et_pb_css_mix_blend_mode et_block_row\">\n\t\t\t\t<div class=\"et_d4_element et_pb_column_4_4 et_pb_column et_pb_column_1  et_pb_css_mix_blend_mode et-last-child et_block_column\">\n\t\t\t\t\n\t\t\t\t\n\t\t\t\t\n\t\t\t\t\n\t\t\t\t<div class=\"et_pb_module et_d4_element et_pb_text et_pb_text_0  et_pb_text_align_left et_pb_bg_layout_light\">\n\t\t\t\t\n\t\t\t\t\n\t\t\t\t\n\t\t\t\t\n\t\t\t\t<div class=\"et_pb_text_inner\"><h2>CONSCI\u00caNCIA, RESPONSABILIDADE E RESPEITO PELO AMBIENTE<\/h2><\/div>\n\t\t\t<\/div><div class=\"et_pb_module et_d4_element et_pb_text et_pb_text_1  et_pb_text_align_left et_pb_bg_layout_light\">\n\t\t\t\t\n\t\t\t\t\n\t\t\t\t\n\t\t\t\t\n\t\t\t\t<div class=\"et_pb_text_inner\"><p style=\"text-align: left;\">Ao serem simultaneamente relevantes para a seguran\u00e7a alimentar, a sa\u00fade p\u00fablica e a prote\u00e7\u00e3o ambiental, as embalagens de alimentos devem ser o mais sustent\u00e1veis poss\u00edvel do ponto de vista ambiental. Esta \u00e9 uma convic\u00e7\u00e3o que mantemos h\u00e1 muitos anos: \u00e9 por isso que sempre nos empenh\u00e1mos no desenho ecol\u00f3gico de todos os nossos produtos (reduzindo o seu peso e incorporando material reciclado, com o princ\u00edpio de assegurar um ciclo de vida teoricamente infinito) e iremos continuar a faz\u00ea-lo.<\/p>\n<p style=\"text-align: left;\">Todas as nossas solu\u00e7\u00f5es de embalagem d\u00e3o resposta a uma necessidade particular e aos seus crit\u00e9rios de utiliza\u00e7\u00e3o: sem afastar os materiais, o nosso objetivo \u00e9 oferecer o produto mais adequado e otimizado poss\u00edvel, quer se baseie em pl\u00e1stico, cart\u00e3o ou materiais alternativos como a pasta de origem vegetal, tendo em conta fatores ambientais. Desta forma, garantimos sempre o respeito pelos tr\u00eas princ\u00edpios que para n\u00f3s s\u00e3o t\u00e3o importantes: descarboniza\u00e7\u00e3o, circularidade e acessibilidade ao maior n\u00famero de pessoas.<\/p>\n<p style=\"text-align: left;\">Proteger os alimentos, as pessoas e a natureza: na GUILLIN, isto \u00e9 o que chamamos embalagem 100% ambientalmente respons\u00e1vel.<\/p><\/div>\n\t\t\t<\/div><div class=\"et_pb_module et_d4_element et_pb_text et_pb_text_2  et_pb_text_align_left et_pb_bg_layout_light\">\n\t\t\t\t\n\t\t\t\t\n\t\t\t\t\n\t\t\t\t\n\t\t\t\t<div class=\"et_pb_text_inner\"><p style=\"text-align: right;\"><strong>Sophie GUILLIN<br \/><\/strong>Diretora Geral<\/p><\/div>\n\t\t\t<\/div>\n\t\t\t<\/div>\n\t\t\t\t\n\t\t\t\t\n\t\t\t\t\n\t\t\t\t\n\t\t\t<\/div>\n\t\t\t\t\n\t\t\t\t\n\t\t\t<\/div><div class=\"et_d4_element et_pb_section et_pb_section_2 et_pb_with_background  et_pb_css_mix_blend_mode et_section_regular et_block_section\" >\n\t\t\t\t\n\t\t\t\t\n\t\t\t\t\n\t\t\t\t\n\t\t\t\t\n\t\t\t\t\n\t\t\t\t<div class=\"et_d4_element et_pb_row et_pb_row_2 et_animated et_pb_equal_columns  et_pb_css_mix_blend_mode et_block_row\">\n\t\t\t\t<div class=\"et_d4_element et_pb_column_4_4 et_pb_column et_pb_column_2  et_pb_css_mix_blend_mode et-last-child et_block_column\">\n\t\t\t\t\n\t\t\t\t\n\t\t\t\t\n\t\t\t\t\n\t\t\t\t<div class=\"et_pb_module et_d4_element et_pb_text et_pb_text_3  et_pb_text_align_left et_pb_bg_layout_light\">\n\t\t\t\t\n\t\t\t\t\n\t\t\t\t\n\t\t\t\t\n\t\t\t\t<div class=\"et_pb_text_inner\"><h2>A NOSSA PARCERIA EXCLUSIVA COM A GUILLIN | Prevented Ocean Plastic<span style=\"font-size: 20px;\">\u2122<\/span><\/h2><\/div>\n\t\t\t<\/div>\n\t\t\t<\/div>\n\t\t\t\t\n\t\t\t\t\n\t\t\t\t\n\t\t\t\t\n\t\t\t<\/div><div class=\"et_d4_element et_pb_row et_pb_row_3 et_animated et_pb_equal_columns  et_pb_css_mix_blend_mode et_block_row\">\n\t\t\t\t<div class=\"et_d4_element et_pb_column_1_2 et_pb_column et_pb_column_3  et_pb_css_mix_blend_mode et_block_column\">\n\t\t\t\t\n\t\t\t\t\n\t\t\t\t\n\t\t\t\t\n\t\t\t\t<div class=\"et_pb_module et_d4_element et_pb_code et_pb_code_0\">\n\t\t\t\t\n\t\t\t\t\n\t\t\t\t\n\t\t\t\t\n\t\t\t\t<div class=\"et_pb_code_inner\"><iframe src=\"https:\/\/www.youtube.com\/embed\/W-V5MPw8t6k?rel=0\" width=\"560\" height=\"315\" frameborder=\"0\" allowfullscreen=\"allowfullscreen\"><\/iframe><\/div>\n\t\t\t<\/div>\n\t\t\t<\/div><div class=\"et_d4_element et_pb_column_1_2 et_pb_column et_pb_column_4  et_pb_css_mix_blend_mode et-last-child et_block_column\">\n\t\t\t\t\n\t\t\t\t\n\t\t\t\t\n\t\t\t\t\n\t\t\t\t<div id=\"weprotect\" class=\"et_pb_module et_d4_element et_pb_text et_pb_text_4  et_pb_text_align_left et_pb_bg_layout_light\">\n\t\t\t\t\n\t\t\t\t\n\t\t\t\t\n\t\t\t\t\n\t\t\t\t<div class=\"et_pb_text_inner\"><p>Empenhada desde 2020 em salvar os oceanos, a GUILLIN \u00e9 um Parceiro Fundador da Prevented Ocean Plastic\u2122. Isto significa que incorporamos material reciclado de qualidade nas nossas embalagens recicl\u00e1veis, recolhido nas linhas costeiras da Indon\u00e9sia mais expostas \u00e0 polui\u00e7\u00e3o marinha e processado de forma socialmente respons\u00e1vel, certificado por organiza\u00e7\u00f5es independentes reconhecidas.<\/p>\n<p>Gra\u00e7as a esta parceria, cerca de 1 bili\u00e3o de garrafas de pl\u00e1stico n\u00e3o ir\u00e1 parar aos rios e oceanos.<\/p>\n<p>Com este forte empenho, esperamos encorajar um comportamento respons\u00e1vel. Se for depositado no caixote do lixo certo e n\u00e3o na natureza, o pl\u00e1stico pode ser recolhido, separado e reciclado: torna-se ent\u00e3o o seu pr\u00f3prio recurso.<\/p>\n<p>Juntos, vamos fazer com que isso aconte\u00e7a.<\/p>\n<h4 style=\"text-align: left;\">#weprotectyourfood<\/h4>\n<p>&nbsp;<\/p><\/div>\n\t\t\t<\/div><div class=\"et_pb_button_module_wrapper et_pb_button_0_wrapper et_pb_button_alignment_center et_pb_module \">\n\t\t\t\t<a class=\"et_pb_button et_d4_element et_pb_button_0 et_pb_bg_layout_light et_block_module\" href=\"mailto:contact@groupeguillin.fr\">CONTACTE-NOS<\/a>\n\t\t\t<\/div>\n\t\t\t<\/div>\n\t\t\t\t\n\t\t\t\t\n\t\t\t\t\n\t\t\t\t\n\t\t\t<\/div>\n\t\t\t\t\n\t\t\t\t\n\t\t\t<\/div><div class=\"et_d4_element et_pb_section et_pb_section_3 et_pb_with_background  et_pb_css_mix_blend_mode et_section_regular et_block_section\" >\n\t\t\t\t\n\t\t\t\t\n\t\t\t\t\n\t\t\t\t\n\t\t\t\t\n\t\t\t\t\n\t\t\t\t<div class=\"et_d4_element et_pb_row et_pb_row_4 et_animated et_pb_equal_columns  et_pb_css_mix_blend_mode et_block_row\">\n\t\t\t\t<div class=\"et_d4_element et_pb_column_4_4 et_pb_column et_pb_column_5  et_pb_css_mix_blend_mode et-last-child et_block_column\">\n\t\t\t\t\n\t\t\t\t\n\t\t\t\t\n\t\t\t\t\n\t\t\t\t<div class=\"et_pb_module et_d4_element et_pb_text et_pb_text_5  et_pb_text_align_left et_pb_bg_layout_light\">\n\t\t\t\t\n\t\t\t\t\n\t\t\t\t\n\t\t\t\t\n\t\t\t\t<div class=\"et_pb_text_inner\"><h2>NOS ENGAGEMENTS EN FAVEUR DE L\u2019ENVIRONNEMENT<\/h2><\/div>\n\t\t\t<\/div>\n\t\t\t<\/div>\n\t\t\t\t\n\t\t\t\t\n\t\t\t\t\n\t\t\t\t\n\t\t\t<\/div><div class=\"et_d4_element et_pb_row et_pb_row_5 et_animated et_pb_equal_columns  et_pb_css_mix_blend_mode et_block_row\">\n\t\t\t\t<div class=\"et_d4_element et_pb_column_1_2 et_pb_column et_pb_column_6  et_pb_css_mix_blend_mode et_block_column\">\n\t\t\t\t\n\t\t\t\t\n\t\t\t\t\n\t\t\t\t\n\t\t\t\t<div class=\"et_pb_module et_d4_element et_pb_code et_pb_code_1\">\n\t\t\t\t\n\t\t\t\t\n\t\t\t\t\n\t\t\t\t\n\t\t\t\t<div class=\"et_pb_code_inner\"><iframe src=\"https:\/\/www.youtube.com\/embed\/lWEkVVm7Rkg\" width=\"560\" height=\"315\" frameborder=\"0\" allowfullscreen=\"allowfullscreen\"><\/iframe><\/div>\n\t\t\t<\/div><div class=\"et_pb_module et_d4_element et_pb_text et_pb_text_6 et_clickable  et_pb_text_align_left et_pb_bg_layout_light\">\n\t\t\t\t\n\t\t\t\t\n\t\t\t\t\n\t\t\t\t\n\t\t\t\t<div class=\"et_pb_text_inner\"><h4><span>O NOSSO COMPROMISSO COM A POP E A ECONOMIA CIRCULAR<\/span><\/h4><\/div>\n\t\t\t<\/div>\n\t\t\t<\/div><div class=\"et_d4_element et_pb_column_1_2 et_pb_column et_pb_column_7  et_pb_css_mix_blend_mode et-last-child et_block_column\">\n\t\t\t\t\n\t\t\t\t\n\t\t\t\t\n\t\t\t\t\n\t\t\t\t<div class=\"et_pb_module et_d4_element et_pb_text et_pb_text_7  et_pb_text_align_left et_pb_bg_layout_light\">\n\t\t\t\t\n\t\t\t\t\n\t\t\t\t\n\t\t\t\t\n\t\t\t\t<div class=\"et_pb_text_inner\"><p>Le r\u00e9chauffement climatique, les \u00e9missions de CO2 et leur impact sur la plan\u00e8te \u00e9tant aujourd\u2019hui le sujet majeur \u00e0 traiter, nos engagements en faveur de l\u2019environnement tendent vers un seul objectif : produire des emballages 100% responsables dont le but est de r\u00e9duire notre empreinte carbone au strict minimum. Notre pr\u00e9occupation est ainsi de concilier en permanence pr\u00e9servation de l\u2019environnement et protection des personnes, en veillant \u00e0 ce que les actions que nous entreprenons en faveur de l\u2019une ne nuisent pas \u00e0 l\u2019autre.<\/p>\n<p>Nous participons activement aux r\u00e9flexions actuelles visant \u00e0 renforcer les fili\u00e8res de collecte et de recyclage des emballages en plastique, comme le montre notre partenariat avec le groupe Paprec. Plus r\u00e9cemment, nous avons nou\u00e9 un partenariat exclusif pour l\u2019Europe avec Prevented Ocean PlasticTM pour int\u00e9grer dans nos emballages en PET un plastique de qualit\u00e9, recycl\u00e9 \u00e0 partir de collectes r\u00e9alis\u00e9es pr\u00e8s des c\u00f4tes d\u2019Indon\u00e9sie les plus \u00e0 risques. Par ces actions, nous souhaitons \u00e9galement sensibiliser l\u2019ensemble des consommateurs \u00e0 la n\u00e9cessit\u00e9 d\u2019adopter une attitude citoyenne responsable.<\/p>\n<p>Il s\u2019agit pour nous de r\u00e9duire notre impact environnemental, d\u2019\u00eatre 100% int\u00e9gr\u00e9s \u00e0 l\u2019\u00e9conomie circulaire et de nous engager via des actions concr\u00e8tes<\/p><\/div>\n\t\t\t<\/div>\n\t\t\t<\/div>\n\t\t\t\t\n\t\t\t\t\n\t\t\t\t\n\t\t\t\t\n\t\t\t<\/div>\n\t\t\t\t\n\t\t\t\t\n\t\t\t<\/div><div class=\"et_d4_element et_pb_section et_pb_section_4 produits-phares et_animated et_pb_with_background  et_pb_css_mix_blend_mode et_section_regular et_block_section\" >\n\t\t\t\t\n\t\t\t\t\n\t\t\t\t\n\t\t\t\t\n\t\t\t\t\n\t\t\t\t\n\t\t\t\t<div class=\"et_d4_element et_pb_row et_pb_row_6 et_pb_equal_columns  et_pb_css_mix_blend_mode et_block_row\">\n\t\t\t\t<div class=\"et_d4_element et_pb_column_1_3 et_pb_column et_pb_column_8  et_pb_css_mix_blend_mode et_block_column\">\n\t\t\t\t\n\t\t\t\t\n\t\t\t\t\n\t\t\t\t\n\t\t\t\t<div class=\"et_pb_module et_d4_element dsm_block_reveal_image dsm_block_reveal_image_0\">\n\t\t\t\t\n\t\t\t\t\n\t\t\t\t\n\t\t\t\t\n\t\t\t\t\n\t\t\t\t\n\t\t\t\t<div class=\"et_pb_module_inner\">\n\t\t\t\t\t<div class=\"dsm_block_reveal_image_wrapper\" >\n\t\t\t\t\n\t\t\t\t\n\t\t\t\t<span class=\"et_pb_image_wrap\" data-dsm-block-reveal-image=[{\"animation\":\"lr\",\"color\":\"#21aa6b\",\"delay\":\"0.1\",\"viewport\":\"90%\"}]><img decoding=\"async\" src=\"https:\/\/www.groupeguillin.fr\/wp-content\/uploads\/2020\/11\/co2_green-1.png\" alt=\"\" title=\"co2_green\" \/><\/span>\n\t\t\t<\/div>\n\t\t\t\t<\/div>\n\t\t\t<\/div><div class=\"et_pb_module et_d4_element dsm_block_reveal_text dsm_block_reveal_text_0\">\n\t\t\t\t\n\t\t\t\t\n\t\t\t\t\n\t\t\t\t\n\t\t\t\t\n\t\t\t\t\n\t\t\t\t<div class=\"et_pb_module_inner\">\n\t\t\t\t\t<div class=\"dsm_block_reveal_text_wrapper\" data-dsm-block-reveal-text=[{\"animation\":\"lr\",\"color\":\"#21aa6b\",\"delay\":\"0.1\",\"viewport\":\"80%\"}]><h2 class=\"dsm_block_reveal_text_header et_pb_module_header\">Nous r\u00e9duisons notre impact environnemental<\/h2><\/div>\n\t\t\t\t<\/div>\n\t\t\t<\/div>\n\t\t\t<\/div><div class=\"et_d4_element et_pb_column_2_3 et_pb_column et_pb_column_9  et_pb_css_mix_blend_mode et-last-child et_block_column\">\n\t\t\t\t\n\t\t\t\t\n\t\t\t\t\n\t\t\t\t\n\t\t\t\t<div class=\"et_pb_module et_d4_element et_pb_text et_pb_text_8  et_pb_text_align_left et_pb_bg_layout_light\">\n\t\t\t\t\n\t\t\t\t\n\t\t\t\t\n\t\t\t\t\n\t\t\t\t<div class=\"et_pb_text_inner\"><p><strong>D\u00e9fenseurs d\u2019une utilisation raisonn\u00e9e des emballages, nous veillons \u00e0 ce que leur empreinte carbone soit la plus r\u00e9duite possible tout au long de leur cycle de vie.<\/strong><\/p>\n<ul>\n<li>Nous suivons depuis plus de 20 ans une logique d\u2019<strong>\u00e9coconception<\/strong> de nos emballages qui a abouti pour certains d\u2019entre eux \u00e0 une diminution de 40% de leur poids, r\u00e9duisant ainsi consid\u00e9rablement l\u2019empreinte carbone li\u00e9e au transport.<\/li>\n<li>Nous int\u00e9grons dans nos emballages en PET au minimum 30% de rPET, ce qui am\u00e9liore sensiblement leur empreinte carbone, ce pourcentage variant en fonction des applications et pouvant aller jusqu\u2019\u00e0 100% pour certaines gammes sp\u00e9cifiques. Les emballages en carton que nous fabriquons sont \u00e9cocon\u00e7us \u00e0 partir de mati\u00e8re vierge.<\/li>\n<li>Nous investissons pour que nos sites de production soient respectueux de l\u2019environnement : utilisation d\u2019eau en circuit ferm\u00e9, investissement dans du mat\u00e9riel \u00e0 consommation r\u00e9duite, aucun rejet dans l\u2019air, tri syst\u00e9matique des d\u00e9chets, r\u00e9cup\u00e9ration de l\u2019\u00e9nergie de nos syst\u00e8mes pour chauffer nos b\u00e2timents, pas de perte de granul\u00e9s de mati\u00e8re (engagement dans l\u2019op\u00e9ration Clean Sweep<sup>\u00ae<\/sup> \/ obtention label MORE 2019 &amp; 2020).<\/li>\n<\/ul><\/div>\n\t\t\t<\/div>\n\t\t\t<\/div>\n\t\t\t\t\n\t\t\t\t\n\t\t\t\t\n\t\t\t\t\n\t\t\t<\/div>\n\t\t\t\t\n\t\t\t\t\n\t\t\t<\/div><div class=\"et_d4_element et_pb_section et_pb_section_5 produits-phares et_animated et_pb_with_background  et_pb_css_mix_blend_mode et_section_regular et_block_section\" >\n\t\t\t\t\n\t\t\t\t\n\t\t\t\t\n\t\t\t\t\n\t\t\t\t\n\t\t\t\t\n\t\t\t\t<div class=\"et_d4_element et_pb_row et_pb_row_7 et_pb_equal_columns  et_pb_css_mix_blend_mode et_block_row\">\n\t\t\t\t<div class=\"et_d4_element et_pb_column_1_3 et_pb_column et_pb_column_10  et_pb_css_mix_blend_mode et_block_column\">\n\t\t\t\t\n\t\t\t\t\n\t\t\t\t\n\t\t\t\t\n\t\t\t\t<div class=\"et_pb_module et_d4_element dsm_block_reveal_image dsm_block_reveal_image_1\">\n\t\t\t\t\n\t\t\t\t\n\t\t\t\t\n\t\t\t\t\n\t\t\t\t\n\t\t\t\t\n\t\t\t\t<div class=\"et_pb_module_inner\">\n\t\t\t\t\t<div class=\"dsm_block_reveal_image_wrapper\" >\n\t\t\t\t\n\t\t\t\t\n\t\t\t\t<span class=\"et_pb_image_wrap\" data-dsm-block-reveal-image=[{\"animation\":\"lr\",\"color\":\"#21aa6b\",\"delay\":\"0.1\",\"viewport\":\"90%\"}]><img decoding=\"async\" src=\"https:\/\/www.groupeguillin.fr\/wp-content\/uploads\/2020\/11\/recycle_green.png\" alt=\"\" title=\"recycle_green\" \/><\/span>\n\t\t\t<\/div>\n\t\t\t\t<\/div>\n\t\t\t<\/div><div class=\"et_pb_module et_d4_element dsm_block_reveal_text dsm_block_reveal_text_1\">\n\t\t\t\t\n\t\t\t\t\n\t\t\t\t\n\t\t\t\t\n\t\t\t\t\n\t\t\t\t\n\t\t\t\t<div class=\"et_pb_module_inner\">\n\t\t\t\t\t<div class=\"dsm_block_reveal_text_wrapper\" data-dsm-block-reveal-text=[{\"animation\":\"lr\",\"color\":\"#21aa6b\",\"delay\":\"0.1\",\"viewport\":\"80%\"}]><h2 class=\"dsm_block_reveal_text_header et_pb_module_header\">NOUS SOMMES 100% INT\u00c9GR\u00c9S \u00c0 L'\u00c9CONOMIE CIRCULAIRE<\/h2><\/div>\n\t\t\t\t<\/div>\n\t\t\t<\/div>\n\t\t\t<\/div><div class=\"et_d4_element et_pb_column_2_3 et_pb_column et_pb_column_11  et_pb_css_mix_blend_mode et-last-child et_block_column\">\n\t\t\t\t\n\t\t\t\t\n\t\t\t\t\n\t\t\t\t\n\t\t\t\t<div class=\"et_pb_module et_d4_element et_pb_text et_pb_text_9  et_pb_text_align_left et_pb_bg_layout_light\">\n\t\t\t\t\n\t\t\t\t\n\t\t\t\t\n\t\t\t\t\n\t\t\t\t<div class=\"et_pb_text_inner\"><p><strong>As nossas embalagens s\u00e3o 100% recicl\u00e1veis, reutiliz\u00e1veis ou compost\u00e1veis. Todas elas constituem alternativas fi\u00e1veis, econ\u00f3micas e amigas do ambiente em todas as utiliza\u00e7\u00f5es. Cumprem os mais elevados padr\u00f5es em termos de seguran\u00e7a alimentar, de conformidade com os regulamentos, de prote\u00e7\u00e3o alimentar e ambiental, de redu\u00e7\u00e3o de res\u00edduos e de utilidade.<\/strong><\/p><\/div>\n\t\t\t<\/div>\n\t\t\t<\/div>\n\t\t\t\t\n\t\t\t\t\n\t\t\t\t\n\t\t\t\t\n\t\t\t<\/div><div class=\"et_d4_element et_pb_row et_pb_row_8 et_pb_equal_columns et_pb_gutters2  et_pb_css_mix_blend_mode et_block_row\">\n\t\t\t\t<div class=\"et_d4_element et_pb_column_1_4 et_pb_column et_pb_column_12  et_pb_css_mix_blend_mode et_block_column et_pb_column_empty\">\n\t\t\t\t\n\t\t\t\t\n\t\t\t\t\n\t\t\t\t\n\t\t\t\t\n\t\t\t<\/div><div class=\"et_d4_element et_pb_column_1_4 et_pb_column et_pb_column_13  et_pb_css_mix_blend_mode et_block_column\">\n\t\t\t\t\n\t\t\t\t\n\t\t\t\t\n\t\t\t\t\n\t\t\t\t<div class=\"et_pb_module et_d4_element et_pb_image et_pb_image_0\">\n\t\t\t\t\n\t\t\t\t\n\t\t\t\t\n\t\t\t\t\n\t\t\t\t<span class=\"et_pb_image_wrap \"><img decoding=\"async\" width=\"150\" height=\"150\" src=\"https:\/\/www.groupeguillin.fr\/wp-content\/uploads\/2020\/10\/Label_RECYCLE_couleur_NEW-150x150.png\" alt=\"\" title=\"Label_RECYCLE_couleur_NEW\" class=\"wp-image-1484\" \/><\/span>\n\t\t\t<\/div><div class=\"et_pb_module et_d4_element et_pb_text et_pb_text_10  et_pb_text_align_center et_pb_bg_layout_light\">\n\t\t\t\t\n\t\t\t\t\n\t\t\t\t\n\t\t\t\t\n\t\t\t\t<div class=\"et_pb_text_inner\"><p>As nossas embalagens de pl\u00e1stico s\u00e3o 100% recicl\u00e1veis (PET e PP): integram-se, por isso, naturalmente nos processos de triagem.<\/p><\/div>\n\t\t\t<\/div>\n\t\t\t<\/div><div class=\"et_d4_element et_pb_column_1_4 et_pb_column et_pb_column_14  et_pb_css_mix_blend_mode et_block_column\">\n\t\t\t\t\n\t\t\t\t\n\t\t\t\t\n\t\t\t\t\n\t\t\t\t<div class=\"et_pb_module et_d4_element et_pb_image et_pb_image_1\">\n\t\t\t\t\n\t\t\t\t\n\t\t\t\t\n\t\t\t\t\n\t\t\t\t<span class=\"et_pb_image_wrap \"><img decoding=\"async\" width=\"150\" height=\"150\" src=\"https:\/\/www.groupeguillin.fr\/wp-content\/uploads\/2020\/10\/labelRE-USE_couleur_NEW-150x150.png\" alt=\"\" title=\"labelRE-USE_couleur_NEW\" class=\"wp-image-1485\" \/><\/span>\n\t\t\t<\/div><div class=\"et_pb_module et_d4_element et_pb_text et_pb_text_11  et_pb_text_align_center et_pb_bg_layout_light\">\n\t\t\t\t\n\t\t\t\t\n\t\t\t\t\n\t\t\t\t\n\t\t\t\t<div class=\"et_pb_text_inner\"><p>Tamb\u00e9m oferecemos produtos reutiliz\u00e1veis, especialmente para pratos, copos e talheres, em total conformidade com o regulamento europeu SUP.<\/p><\/div>\n\t\t\t<\/div>\n\t\t\t<\/div><div class=\"et_d4_element et_pb_column_1_4 et_pb_column et_pb_column_15  et_pb_css_mix_blend_mode et-last-child et_block_column\">\n\t\t\t\t\n\t\t\t\t\n\t\t\t\t\n\t\t\t\t\n\t\t\t\t<div class=\"et_pb_module et_d4_element et_pb_image et_pb_image_2\">\n\t\t\t\t\n\t\t\t\t\n\t\t\t\t\n\t\t\t\t\n\t\t\t\t<span class=\"et_pb_image_wrap \"><img decoding=\"async\" width=\"150\" height=\"150\" src=\"https:\/\/www.groupeguillin.fr\/wp-content\/uploads\/2020\/10\/Label_BIO_couleur_NEW_crop-150x150.png\" alt=\"\" title=\"Label_BIO_couleur_NEW_crop\" class=\"wp-image-1483\" \/><\/span>\n\t\t\t<\/div><div class=\"et_pb_module et_d4_element et_pb_text et_pb_text_12  et_pb_text_align_center et_pb_bg_layout_light\">\n\t\t\t\t\n\t\t\t\t\n\t\t\t\t\n\t\t\t\t\n\t\t\t\t<div class=\"et_pb_text_inner\"><p>Finalmente, desde 2014, temos vindo a desenvolver uma gama de embalagens biodegrad\u00e1veis e compost\u00e1veis (fibras vegetais ou biopl\u00e1sticos) ou 100% recicl\u00e1veis (embalagens em cart\u00e3o ou cart\u00e3o\/PET).<\/p><\/div>\n\t\t\t<\/div>\n\t\t\t<\/div>\n\t\t\t\t\n\t\t\t\t\n\t\t\t\t\n\t\t\t\t\n\t\t\t<\/div>\n\t\t\t\t\n\t\t\t\t\n\t\t\t<\/div><div class=\"et_d4_element et_pb_section et_pb_section_6 produits-phares et_animated et_pb_with_background  et_pb_css_mix_blend_mode et_section_regular et_block_section\" >\n\t\t\t\t\n\t\t\t\t\n\t\t\t\t\n\t\t\t\t\n\t\t\t\t\n\t\t\t\t\n\t\t\t\t<div class=\"et_d4_element et_pb_row et_pb_row_9 et_pb_equal_columns  et_pb_css_mix_blend_mode et_block_row\">\n\t\t\t\t<div class=\"et_d4_element et_pb_column_1_3 et_pb_column et_pb_column_16  et_pb_css_mix_blend_mode et_block_column\">\n\t\t\t\t\n\t\t\t\t\n\t\t\t\t\n\t\t\t\t\n\t\t\t\t<div class=\"et_pb_module et_d4_element dsm_block_reveal_image dsm_block_reveal_image_2\">\n\t\t\t\t\n\t\t\t\t\n\t\t\t\t\n\t\t\t\t\n\t\t\t\t\n\t\t\t\t\n\t\t\t\t<div class=\"et_pb_module_inner\">\n\t\t\t\t\t<div class=\"dsm_block_reveal_image_wrapper\" >\n\t\t\t\t\n\t\t\t\t\n\t\t\t\t<span class=\"et_pb_image_wrap\" data-dsm-block-reveal-image=[{\"animation\":\"lr\",\"color\":\"#21aa6b\",\"delay\":\"0.1\",\"viewport\":\"90%\"}]><img decoding=\"async\" src=\"https:\/\/www.groupeguillin.fr\/wp-content\/uploads\/2020\/11\/clipboard_green.png\" alt=\"\" title=\"clipboard_green\" \/><\/span>\n\t\t\t<\/div>\n\t\t\t\t<\/div>\n\t\t\t<\/div><div class=\"et_pb_module et_d4_element dsm_block_reveal_text dsm_block_reveal_text_2\">\n\t\t\t\t\n\t\t\t\t\n\t\t\t\t\n\t\t\t\t\n\t\t\t\t\n\t\t\t\t\n\t\t\t\t<div class=\"et_pb_module_inner\">\n\t\t\t\t\t<div class=\"dsm_block_reveal_text_wrapper\" data-dsm-block-reveal-text=[{\"animation\":\"lr\",\"color\":\"#21aa6b\",\"delay\":\"0.1\",\"viewport\":\"80%\"}]><h2 class=\"dsm_block_reveal_text_header et_pb_module_header\">NOUS NOUS ENGAGEONS VIA DES ACTIONS CONCR\u00c8TES<\/h2><\/div>\n\t\t\t\t<\/div>\n\t\t\t<\/div>\n\t\t\t<\/div><div class=\"et_d4_element et_pb_column_2_3 et_pb_column et_pb_column_17  et_pb_css_mix_blend_mode et-last-child et_block_column\">\n\t\t\t\t\n\t\t\t\t\n\t\t\t\t\n\t\t\t\t\n\t\t\t\t<div class=\"et_pb_module et_d4_element et_pb_text et_pb_text_13  et_pb_text_align_left et_pb_bg_layout_light\">\n\t\t\t\t\n\t\t\t\t\n\t\t\t\t\n\t\t\t\t\n\t\t\t\t<div class=\"et_pb_text_inner\"><p><strong>Estamos a agir para tornar a economia circular, a recolha, a triagem, a reciclagem e a compostagem das nossas embalagens uma realidade vis\u00edvel e para encorajar um comportamento ambientalmente respons\u00e1vel.<\/strong><\/p>\n<ul>\n<li>Atrav\u00e9s do projeto REUSAL, estabelecemos uma parceria estrat\u00e9gica com a PAPREC RECYCLAGE, l\u00edder europeia, para criar uma linha de reciclagem espec\u00edfica para bandejas PET. Ao mesmo tempo, realizamos a\u00e7\u00f5es de recolha PET nas nossas instala\u00e7\u00f5es, que mobilizam regularmente todos os nossos colaboradores.<\/li>\n<\/ul>\n<ul>\n<li>Pioneiros desde o in\u00edcio e inovadores por n\u00f3s pr\u00f3prios, prevemos as necessidades futuras que ter\u00e3o impacto nas nossas embalagens (respeito pelo ambiente, preserva\u00e7\u00e3o e prote\u00e7\u00e3o alimentar, mudan\u00e7a de estilos de vida) e preparamos as solu\u00e7\u00f5es de embalagem do futuro atrav\u00e9s da nossa unidade de desenvolvimento tecnol\u00f3gico. Tamb\u00e9m colocamos os nossos conhecimentos ao servi\u00e7o de programas de colabora\u00e7\u00e3o em I&amp;D que utilizam novas tecnologias para desenvolver novas solu\u00e7\u00f5es de triagem e reciclagem e apoiamos iniciativas que promovem a economia circular e a utiliza\u00e7\u00e3o racional das embalagens alimentares.<\/li>\n<\/ul><\/div>\n\t\t\t<\/div>\n\t\t\t<\/div>\n\t\t\t\t\n\t\t\t\t\n\t\t\t\t\n\t\t\t\t\n\t\t\t<\/div>\n\t\t\t\t\n\t\t\t\t\n\t\t\t<\/div><div class=\"et_d4_element et_pb_section et_pb_section_7 et_pb_with_background  et_pb_css_mix_blend_mode et_section_regular et_block_section\" >\n\t\t\t\t\n\t\t\t\t\n\t\t\t\t\n\t\t\t\t\n\t\t\t\t\n\t\t\t\t\n\t\t\t\t<div class=\"et_d4_element et_pb_row et_pb_row_10 et_pb_equal_columns  et_pb_css_mix_blend_mode et_block_row\">\n\t\t\t\t<div class=\"et_d4_element et_pb_column_4_4 et_pb_column et_pb_column_18  et_pb_css_mix_blend_mode et-last-child et_block_column\">\n\t\t\t\t\n\t\t\t\t\n\t\t\t\t\n\t\t\t\t\n\t\t\t\t<div class=\"et_pb_module et_d4_element et_pb_text et_pb_text_14  et_pb_text_align_left et_pb_bg_layout_light\">\n\t\t\t\t\n\t\t\t\t\n\t\t\t\t\n\t\t\t\t\n\t\t\t\t<div class=\"et_pb_text_inner\"><h3 style=\"text-align: center;\">NOVIDADES<\/h3><\/div>\n\t\t\t<\/div>\n\t\t\t<\/div>\n\t\t\t\t\n\t\t\t\t\n\t\t\t\t\n\t\t\t\t\n\t\t\t<\/div><div class=\"et_d4_element et_pb_row et_pb_row_11 et_pb_equal_columns  et_pb_css_mix_blend_mode et_block_row\">\n\t\t\t\t<div class=\"et_d4_element et_pb_column_4_4 et_pb_column et_pb_column_19  et_pb_css_mix_blend_mode et-last-child et_block_column\">\n\t\t\t\t\n\t\t\t\t\n\t\t\t\t\n\t\t\t\t\n\t\t\t\t<div class=\"et_pb_module et_d4_element et_pb_code et_pb_code_2\">\n\t\t\t\t\n\t\t\t\t\n\t\t\t\t\n\t\t\t\t\n\t\t\t\t<div class=\"et_pb_code_inner\"><div id=\"flockler-embed-18697698f65095a446880b336c228c91\"><\/div>\n<script src=\"https:\/\/plugins.flockler.com\/embed\/18697666fc40dcdd6a8a868204c67abd\/18697698f65095a446880b336c228c91\" async><\/script><\/div>\n\t\t\t<\/div>\n\t\t\t<\/div>\n\t\t\t\t\n\t\t\t\t\n\t\t\t\t\n\t\t\t\t\n\t\t\t<\/div>\n\t\t\t\t\n\t\t\t\t\n\t\t\t<\/div><\/p>\n","protected":false},"excerpt":{"rendered":"","protected":false},"author":1,"featured_media":0,"parent":0,"menu_order":0,"comment_status":"closed","ping_status":"closed","template":"","meta":{"_acf_changed":false,"_et_pb_use_builder":"on","_et_pb_old_content":"","_et_gb_content_width":"","footnotes":""},"class_list":["post-17615","page","type-page","status-publish","hentry"],"acf":[],"yoast_head":"<!-- This site is optimized with the Yoast SEO plugin v28.3 - https:\/\/yoast.com\/product\/yoast-seo-wordpress\/ -->\n<title>AMBIENTE - Groupe GUILLIN<\/title>\n<meta name=\"description\" content=\"Le Groupe GUILLIN est le r\u00e9f\u00e9rent europ\u00e9en de l&#039;emballage plastique alimentaire\" \/>\n<meta name=\"robots\" content=\"index, follow, max-snippet:-1, max-image-preview:large, max-video-preview:-1\" \/>\n<link rel=\"canonical\" href=\"https:\/\/www.groupeguillin.fr\/pt-pt\/ambiente\/\" \/>\n<meta property=\"og:locale\" content=\"pt_PT\" \/>\n<meta property=\"og:type\" content=\"article\" \/>\n<meta property=\"og:title\" content=\"AMBIENTE - Groupe GUILLIN\" \/>\n<meta property=\"og:description\" content=\"Le Groupe GUILLIN est le r\u00e9f\u00e9rent europ\u00e9en de l&#039;emballage plastique alimentaire\" \/>\n<meta property=\"og:url\" content=\"https:\/\/www.groupeguillin.fr\/pt-pt\/ambiente\/\" \/>\n<meta property=\"og:site_name\" content=\"Groupe GUILLIN\" \/>\n<meta property=\"article:modified_time\" content=\"2025-03-10T11:56:54+00:00\" \/>\n<meta property=\"og:image\" content=\"https:\/\/www.groupeguillin.fr\/wp-content\/uploads\/2020\/09\/Logo-guillin-1.png\" \/>\n\t<meta property=\"og:image:width\" content=\"1172\" \/>\n\t<meta property=\"og:image:height\" content=\"300\" \/>\n\t<meta property=\"og:image:type\" content=\"image\/png\" \/>\n<meta name=\"twitter:card\" content=\"summary_large_image\" \/>\n<meta name=\"twitter:label1\" content=\"Est. reading time\" \/>\n\t<meta name=\"twitter:data1\" content=\"17 minutes\" \/>\n<script type=\"application\/ld+json\" class=\"yoast-schema-graph\">{\"@context\":\"https:\\\/\\\/schema.org\",\"@graph\":[{\"@type\":\"WebPage\",\"@id\":\"https:\\\/\\\/www.groupeguillin.fr\\\/pt-pt\\\/ambiente\\\/\",\"url\":\"https:\\\/\\\/www.groupeguillin.fr\\\/pt-pt\\\/ambiente\\\/\",\"name\":\"AMBIENTE - Groupe GUILLIN\",\"isPartOf\":{\"@id\":\"https:\\\/\\\/www.groupeguillin.fr\\\/pt-pt\\\/#website\"},\"datePublished\":\"2024-04-04T14:57:55+00:00\",\"dateModified\":\"2025-03-10T11:56:54+00:00\",\"description\":\"Le Groupe GUILLIN est le r\u00e9f\u00e9rent europ\u00e9en de l'emballage plastique alimentaire\",\"breadcrumb\":{\"@id\":\"https:\\\/\\\/www.groupeguillin.fr\\\/pt-pt\\\/ambiente\\\/#breadcrumb\"},\"inLanguage\":\"pt-PT\",\"potentialAction\":[{\"@type\":\"ReadAction\",\"target\":[\"https:\\\/\\\/www.groupeguillin.fr\\\/pt-pt\\\/ambiente\\\/\"]}]},{\"@type\":\"BreadcrumbList\",\"@id\":\"https:\\\/\\\/www.groupeguillin.fr\\\/pt-pt\\\/ambiente\\\/#breadcrumb\",\"itemListElement\":[{\"@type\":\"ListItem\",\"position\":1,\"name\":\"Accueil\",\"item\":\"https:\\\/\\\/www.groupeguillin.fr\\\/pt-pt\\\/\"},{\"@type\":\"ListItem\",\"position\":2,\"name\":\"AMBIENTE\"}]},{\"@type\":\"WebSite\",\"@id\":\"https:\\\/\\\/www.groupeguillin.fr\\\/pt-pt\\\/#website\",\"url\":\"https:\\\/\\\/www.groupeguillin.fr\\\/pt-pt\\\/\",\"name\":\"Groupe GUILLIN\",\"description\":\"We protect your food\",\"publisher\":{\"@id\":\"https:\\\/\\\/www.groupeguillin.fr\\\/pt-pt\\\/#organization\"},\"potentialAction\":[{\"@type\":\"SearchAction\",\"target\":{\"@type\":\"EntryPoint\",\"urlTemplate\":\"https:\\\/\\\/www.groupeguillin.fr\\\/pt-pt\\\/?s={search_term_string}\"},\"query-input\":{\"@type\":\"PropertyValueSpecification\",\"valueRequired\":true,\"valueName\":\"search_term_string\"}}],\"inLanguage\":\"pt-PT\"},{\"@type\":\"Organization\",\"@id\":\"https:\\\/\\\/www.groupeguillin.fr\\\/pt-pt\\\/#organization\",\"name\":\"Groupe GUILLIN\",\"url\":\"https:\\\/\\\/www.groupeguillin.fr\\\/pt-pt\\\/\",\"logo\":{\"@type\":\"ImageObject\",\"inLanguage\":\"pt-PT\",\"@id\":\"https:\\\/\\\/www.groupeguillin.fr\\\/pt-pt\\\/#\\\/schema\\\/logo\\\/image\\\/\",\"url\":\"https:\\\/\\\/www.groupeguillin.fr\\\/wp-content\\\/uploads\\\/2020\\\/09\\\/Logo-guillin-1.png\",\"contentUrl\":\"https:\\\/\\\/www.groupeguillin.fr\\\/wp-content\\\/uploads\\\/2020\\\/09\\\/Logo-guillin-1.png\",\"width\":1172,\"height\":300,\"caption\":\"Groupe GUILLIN\"},\"image\":{\"@id\":\"https:\\\/\\\/www.groupeguillin.fr\\\/pt-pt\\\/#\\\/schema\\\/logo\\\/image\\\/\"},\"sameAs\":[\"https:\\\/\\\/www.instagram.com\\\/groupeguillin\\\/\",\"https:\\\/\\\/www.linkedin.com\\\/company\\\/guillin-emballages\\\/\",\"https:\\\/\\\/www.youtube.com\\\/channel\\\/UCS-Q4Qkgd1bN9pdIPGRjogQ\"]}]}<\/script>\n<!-- \/ Yoast SEO plugin. -->","yoast_head_json":{"title":"AMBIENTE - Groupe GUILLIN","description":"Le Groupe GUILLIN est le r\u00e9f\u00e9rent europ\u00e9en de l'emballage plastique alimentaire","robots":{"index":"index","follow":"follow","max-snippet":"max-snippet:-1","max-image-preview":"max-image-preview:large","max-video-preview":"max-video-preview:-1"},"canonical":"https:\/\/www.groupeguillin.fr\/pt-pt\/ambiente\/","og_locale":"pt_PT","og_type":"article","og_title":"AMBIENTE - Groupe GUILLIN","og_description":"Le Groupe GUILLIN est le r\u00e9f\u00e9rent europ\u00e9en de l'emballage plastique alimentaire","og_url":"https:\/\/www.groupeguillin.fr\/pt-pt\/ambiente\/","og_site_name":"Groupe GUILLIN","article_modified_time":"2025-03-10T11:56:54+00:00","og_image":[{"width":1172,"height":300,"url":"https:\/\/www.groupeguillin.fr\/wp-content\/uploads\/2020\/09\/Logo-guillin-1.png","type":"image\/png"}],"twitter_card":"summary_large_image","twitter_misc":{"Est. reading time":"17 minutes"},"schema":{"@context":"https:\/\/schema.org","@graph":[{"@type":"WebPage","@id":"https:\/\/www.groupeguillin.fr\/pt-pt\/ambiente\/","url":"https:\/\/www.groupeguillin.fr\/pt-pt\/ambiente\/","name":"AMBIENTE - Groupe GUILLIN","isPartOf":{"@id":"https:\/\/www.groupeguillin.fr\/pt-pt\/#website"},"datePublished":"2024-04-04T14:57:55+00:00","dateModified":"2025-03-10T11:56:54+00:00","description":"Le Groupe GUILLIN est le r\u00e9f\u00e9rent europ\u00e9en de l'emballage plastique alimentaire","breadcrumb":{"@id":"https:\/\/www.groupeguillin.fr\/pt-pt\/ambiente\/#breadcrumb"},"inLanguage":"pt-PT","potentialAction":[{"@type":"ReadAction","target":["https:\/\/www.groupeguillin.fr\/pt-pt\/ambiente\/"]}]},{"@type":"BreadcrumbList","@id":"https:\/\/www.groupeguillin.fr\/pt-pt\/ambiente\/#breadcrumb","itemListElement":[{"@type":"ListItem","position":1,"name":"Accueil","item":"https:\/\/www.groupeguillin.fr\/pt-pt\/"},{"@type":"ListItem","position":2,"name":"AMBIENTE"}]},{"@type":"WebSite","@id":"https:\/\/www.groupeguillin.fr\/pt-pt\/#website","url":"https:\/\/www.groupeguillin.fr\/pt-pt\/","name":"Groupe GUILLIN","description":"We protect your food","publisher":{"@id":"https:\/\/www.groupeguillin.fr\/pt-pt\/#organization"},"potentialAction":[{"@type":"SearchAction","target":{"@type":"EntryPoint","urlTemplate":"https:\/\/www.groupeguillin.fr\/pt-pt\/?s={search_term_string}"},"query-input":{"@type":"PropertyValueSpecification","valueRequired":true,"valueName":"search_term_string"}}],"inLanguage":"pt-PT"},{"@type":"Organization","@id":"https:\/\/www.groupeguillin.fr\/pt-pt\/#organization","name":"Groupe GUILLIN","url":"https:\/\/www.groupeguillin.fr\/pt-pt\/","logo":{"@type":"ImageObject","inLanguage":"pt-PT","@id":"https:\/\/www.groupeguillin.fr\/pt-pt\/#\/schema\/logo\/image\/","url":"https:\/\/www.groupeguillin.fr\/wp-content\/uploads\/2020\/09\/Logo-guillin-1.png","contentUrl":"https:\/\/www.groupeguillin.fr\/wp-content\/uploads\/2020\/09\/Logo-guillin-1.png","width":1172,"height":300,"caption":"Groupe GUILLIN"},"image":{"@id":"https:\/\/www.groupeguillin.fr\/pt-pt\/#\/schema\/logo\/image\/"},"sameAs":["https:\/\/www.instagram.com\/groupeguillin\/","https:\/\/www.linkedin.com\/company\/guillin-emballages\/","https:\/\/www.youtube.com\/channel\/UCS-Q4Qkgd1bN9pdIPGRjogQ"]}]}},"publishpress_future_action":{"enabled":false,"date":"2026-09-11 00:32:13","action":"change-status","newStatus":"draft","terms":[],"taxonomy":"translation_priority","extraData":[]},"publishpress_future_workflow_manual_trigger":{"enabledWorkflows":[]},"_links":{"self":[{"href":"https:\/\/www.groupeguillin.fr\/pt-pt\/wp-json\/wp\/v2\/pages\/17615","targetHints":{"allow":["GET"]}}],"collection":[{"href":"https:\/\/www.groupeguillin.fr\/pt-pt\/wp-json\/wp\/v2\/pages"}],"about":[{"href":"https:\/\/www.groupeguillin.fr\/pt-pt\/wp-json\/wp\/v2\/types\/page"}],"author":[{"embeddable":true,"href":"https:\/\/www.groupeguillin.fr\/pt-pt\/wp-json\/wp\/v2\/users\/1"}],"replies":[{"embeddable":true,"href":"https:\/\/www.groupeguillin.fr\/pt-pt\/wp-json\/wp\/v2\/comments?post=17615"}],"version-history":[{"count":35,"href":"https:\/\/www.groupeguillin.fr\/pt-pt\/wp-json\/wp\/v2\/pages\/17615\/revisions"}],"predecessor-version":[{"id":19753,"href":"https:\/\/www.groupeguillin.fr\/pt-pt\/wp-json\/wp\/v2\/pages\/17615\/revisions\/19753"}],"wp:attachment":[{"href":"https:\/\/www.groupeguillin.fr\/pt-pt\/wp-json\/wp\/v2\/media?parent=17615"}],"curies":[{"name":"wp","href":"https:\/\/api.w.org\/{rel}","templated":true}]}}