{"id":17597,"date":"2024-04-04T15:41:06","date_gmt":"2024-04-04T13:41:06","guid":{"rendered":"https:\/\/www.groupeguillin.fr\/restauracao-coletiva\/"},"modified":"2024-10-09T12:56:29","modified_gmt":"2024-10-09T10:56:29","slug":"restauracao-coletiva","status":"publish","type":"page","link":"https:\/\/www.groupeguillin.fr\/pt-pt\/restauracao-coletiva\/","title":{"rendered":"RESTAURA\u00c7\u00c3O COLETIVA"},"content":{"rendered":"<p><div class=\"et_d4_element et_pb_section et_pb_section_0  et_pb_css_mix_blend_mode et_section_regular et_block_section\" >\n\t\t\t\t\n\t\t\t\t\n\t\t\t\t\n\t\t\t\t\n\t\t\t\t\n\t\t\t\t\n\t\t\t\t<div class=\"et_d4_element et_pb_row et_pb_row_0 et_animated et_pb_equal_columns  et_pb_css_mix_blend_mode et_block_row\">\n\t\t\t\t<div class=\"et_d4_element et_pb_column_4_4 et_pb_column et_pb_column_0  et_pb_css_mix_blend_mode et-last-child et_block_column\">\n\t\t\t\t\n\t\t\t\t\n\t\t\t\t\n\t\t\t\t\n\t\t\t\t<div id=\"slider-solutions\" class=\"et_pb_module et_d4_element et_pb_slider et_pb_slider_0 et_pb_slider_fullwidth_off\">\n\t\t\t\t<div class=\"et_pb_slides\">\n\t\t\t\t\t<div class=\"et_d4_element et_pb_slide et_pb_slide_0  et_pb_css_mix_blend_mode et_pb_bg_layout_dark et_pb_media_alignment_center et-pb-active-slide\" data-slide-id=\"et_pb_slide_0\">\n\t\t\t\t\n\t\t\t\t\n\t\t\t\t<div class=\"et_pb_container clearfix\">\n\t\t\t\t\t<div class=\"et_pb_slider_container_inner\">\n\t\t\t\t\t\t\n\t\t\t\t\t\t<div class=\"et_pb_slide_description\">\n\t\t\t\t\t\t\t<h2 class=\"et_pb_slide_title\"><a href=\"mailto:collectivecatering@groupeguillin.com\">RESTAURA\u00c7\u00c3O COLETIVA<\/a><\/h2><div class=\"et_pb_slide_content\"><h4><span><strong><br \/> <b>KAOLIN<\/b><br \/> <\/strong><\/span><\/h4>\n<p>Bandeja sel\u00e1vel 100% recicl\u00e1vel<\/p>\n<p>Design topo de gama para a distribui\u00e7\u00e3o de refei\u00e7\u00f5es nas comunidades<\/p><\/div>\n\t\t\t\t\t\t\t<div class=\"et_pb_button_wrapper\"><a class=\"et_pb_button et_pb_more_button\" href=\"mailto:collectivecatering@groupeguillin.com\">CONTACTE-NOS<\/a><\/div>\n\t\t\t\t\t\t<\/div>\n\t\t\t\t\t<\/div>\n\t\t\t\t<\/div>\n\t\t\t\t\n\t\t\t\t\n\t\t\t\t\n\t\t\t<\/div>\n\t\t\t\n\t\t\t\t<\/div>\n\t\t\t\t\n\t\t\t<\/div>\n\t\t\t\n\t\t\t<\/div>\n\t\t\t\t\n\t\t\t\t\n\t\t\t\t\n\t\t\t\t\n\t\t\t<\/div>\n\t\t\t\t\n\t\t\t\t\n\t\t\t<\/div><div class=\"et_d4_element et_pb_section et_pb_section_1  et_pb_css_mix_blend_mode et_section_regular et_block_section\" >\n\t\t\t\t\n\t\t\t\t\n\t\t\t\t\n\t\t\t\t\n\t\t\t\t\n\t\t\t\t\n\t\t\t\t<div class=\"et_d4_element et_pb_row et_pb_row_1 et_animated et_pb_equal_columns  et_pb_css_mix_blend_mode et_block_row\">\n\t\t\t\t<div class=\"et_d4_element et_pb_column_4_4 et_pb_column et_pb_column_1  et_pb_css_mix_blend_mode et-last-child et_block_column\">\n\t\t\t\t\n\t\t\t\t\n\t\t\t\t\n\t\t\t\t\n\t\t\t\t<div class=\"et_pb_module et_d4_element et_pb_text et_pb_text_0  et_pb_text_align_left et_pb_bg_layout_light\">\n\t\t\t\t\n\t\t\t\t\n\t\t\t\t\n\t\t\t\t\n\t\t\t\t<div class=\"et_pb_text_inner\"><h2><strong>PRECURSORES NO ACONDICIONAMENTO E DISTRIBUI\u00c7\u00c3O DE REFEI\u00c7\u00d5ES<\/strong><\/h2><\/div>\n\t\t\t<\/div>\n\t\t\t<\/div>\n\t\t\t\t\n\t\t\t\t\n\t\t\t\t\n\t\t\t\t\n\t\t\t<\/div><div class=\"et_d4_element et_pb_row et_pb_row_2 et_animated et_pb_equal_columns  et_pb_css_mix_blend_mode et_block_row\">\n\t\t\t\t<div class=\"et_d4_element et_pb_column_1_2 et_pb_column et_pb_column_2  et_pb_css_mix_blend_mode et_block_column\">\n\t\t\t\t\n\t\t\t\t\n\t\t\t\t\n\t\t\t\t\n\t\t\t\t<div class=\"et_pb_module et_d4_element et_pb_text et_pb_text_1  et_pb_text_align_left et_pb_bg_layout_light\">\n\t\t\t\t\n\t\t\t\t\n\t\t\t\t\n\t\t\t\t\n\t\t\t\t<div class=\"et_pb_text_inner\"><p>Qual \u00e9 a principal atividade hist\u00f3rica das empresas do Grupo GUILLIN, RESCASET e SOCAMEL? Facilitar o acondicionamento e a distribui\u00e7\u00e3o de refei\u00e7\u00f5es nas comunidades: hospitais, escolas, pris\u00f5es, lares de idosos.<\/p>\n<p>Promotora h\u00e1 mais de 30 anos do conceito de linha fria, a RESCASET distribui em paralelo uma linha de embalagem destinada \u00e0s ind\u00fastrias de restaura\u00e7\u00e3o coletiva e alimentar e uma vasta gama complementar de m\u00e1quinas de selagem e acondicionamento: no total, mais de 800 refer\u00eancias com v\u00e1rias formas e volumes, especificamente concebidas para o acondicionamento, seguran\u00e7a, higiene e distribui\u00e7\u00e3o de refei\u00e7\u00f5es, quentes ou frias.<\/p><\/div>\n\t\t\t<\/div>\n\t\t\t<\/div><div class=\"et_d4_element et_pb_column_1_2 et_pb_column et_pb_column_3  et_pb_css_mix_blend_mode et-last-child et_block_column\">\n\t\t\t\t\n\t\t\t\t\n\t\t\t\t\n\t\t\t\t\n\t\t\t\t<div class=\"et_pb_module et_d4_element et_pb_text et_pb_text_2  et_pb_text_align_left et_pb_bg_layout_light\">\n\t\t\t\t\n\t\t\t\t\n\t\t\t\t\n\t\t\t\t\n\t\t\t\t<div class=\"et_pb_text_inner\"><p>L\u00edder na restaura\u00e7\u00e3o em estabelecimentos de sa\u00fade em Fran\u00e7a, a SOCAMEL \u00e9 o parceiro essencial para a distribui\u00e7\u00e3o de refei\u00e7\u00f5es em carrinhos ou transportes. A empresa desenvolve, fabrica e distribui equipamento para assegurar a fiabilidade das linhas frias, quentes e de congelados: carrinhos de distribui\u00e7\u00e3o de refei\u00e7\u00f5es, fornos de reaquecimento, ferramentas de rastreabilidade e uma gama de servi\u00e7os personalizados.<\/p>\n<p>As duas empresas, a RESCASET e a SOCAMEL, complementam-se para oferecer as melhores solu\u00e7\u00f5es para as comunidades, desde a prepara\u00e7\u00e3o de refei\u00e7\u00f5es at\u00e9 ao servi\u00e7o pessoal.<\/p><\/div>\n\t\t\t<\/div>\n\t\t\t<\/div>\n\t\t\t\t\n\t\t\t\t\n\t\t\t\t\n\t\t\t\t\n\t\t\t<\/div>\n\t\t\t\t\n\t\t\t\t\n\t\t\t<\/div><div class=\"et_d4_element et_pb_section et_pb_section_2 et_animated et_pb_with_background  et_pb_css_mix_blend_mode et_section_regular et_block_section\" >\n\t\t\t\t\n\t\t\t\t\n\t\t\t\t\n\t\t\t\t\n\t\t\t\t\n\t\t\t\t\n\t\t\t\t<div class=\"et_d4_element et_pb_row et_pb_row_3 et_animated et_pb_equal_columns  et_pb_css_mix_blend_mode et_block_row\">\n\t\t\t\t<div class=\"et_d4_element et_pb_column_1_3 et_pb_column et_pb_column_4  et_pb_css_mix_blend_mode et_block_column\">\n\t\t\t\t\n\t\t\t\t\n\t\t\t\t\n\t\t\t\t\n\t\t\t\t<div class=\"et_pb_module et_d4_element et_pb_text et_pb_text_3  et_pb_text_align_left et_pb_bg_layout_light\">\n\t\t\t\t\n\t\t\t\t\n\t\t\t\t\n\t\t\t\t\n\t\t\t\t<div class=\"et_pb_text_inner\"><h4>PROTE\u00c7\u00c3O<\/h4><\/div>\n\t\t\t<\/div><div class=\"et_pb_module et_d4_element et_pb_image et_pb_image_0 et_animated et-waypoint\">\n\t\t\t\t\n\t\t\t\t\n\t\t\t\t\n\t\t\t\t\n\t\t\t\t<span class=\"et_pb_image_wrap \"><img decoding=\"async\" width=\"512\" height=\"512\" src=\"https:\/\/www.groupeguillin.fr\/wp-content\/uploads\/2020\/11\/Protection.png\" alt=\"\" title=\"PROTE\u00c7\u00c3O\" class=\"wp-image-2710\" \/><\/span>\n\t\t\t<\/div><div class=\"et_pb_module et_d4_element et_pb_text et_pb_text_4  et_pb_text_align_center et_pb_bg_layout_light\">\n\t\t\t\t\n\t\t\t\t\n\t\t\t\t\n\t\t\t\t\n\t\t\t\t<div class=\"et_pb_text_inner\"><p style=\"text-align: justify;\">A nossa prioridade \u00e9 a prote\u00e7\u00e3o dos alimentos e das pessoas. As nossas embalagens asseguram a seguran\u00e7a e a higiene do conte\u00fado face \u00e0s condicionantes externas: contamina\u00e7\u00f5es, frio, calor, luz, roubo... desde a sua produ\u00e7\u00e3o at\u00e9 \u00e0 mesa do consumidor.<\/p><\/div>\n\t\t\t<\/div><div class=\"et_pb_button_module_wrapper et_pb_button_0_wrapper et_pb_button_alignment_center et_pb_module \">\n\t\t\t\t<a class=\"et_pb_button et_d4_element et_pb_button_0 et_pb_bg_layout_light et_block_module\" href=\"https:\/\/www.groupeguillin.fr\/pt-pt\/inovacao-e-design\/\">SABER MAIS<\/a>\n\t\t\t<\/div>\n\t\t\t<\/div><div class=\"et_d4_element et_pb_column_1_3 et_pb_column et_pb_column_5  et_pb_css_mix_blend_mode et_block_column\">\n\t\t\t\t\n\t\t\t\t\n\t\t\t\t\n\t\t\t\t\n\t\t\t\t<div class=\"et_pb_module et_d4_element et_pb_text et_pb_text_5  et_pb_text_align_left et_pb_bg_layout_light\">\n\t\t\t\t\n\t\t\t\t\n\t\t\t\t\n\t\t\t\t\n\t\t\t\t<div class=\"et_pb_text_inner\"><h4>SEGURAN\u00c7A<\/h4><\/div>\n\t\t\t<\/div><div class=\"et_pb_module et_d4_element et_pb_image et_pb_image_1 et_animated et-waypoint\">\n\t\t\t\t\n\t\t\t\t\n\t\t\t\t\n\t\t\t\t\n\t\t\t\t<span class=\"et_pb_image_wrap \"><img decoding=\"async\" width=\"512\" height=\"512\" src=\"https:\/\/www.groupeguillin.fr\/wp-content\/uploads\/2020\/11\/securite.png\" alt=\"\" title=\"SEGURAN\u00c7A\" class=\"wp-image-2749\" \/><\/span>\n\t\t\t<\/div><div class=\"et_pb_module et_d4_element et_pb_text et_pb_text_6  et_pb_text_align_center et_pb_bg_layout_light\">\n\t\t\t\t\n\t\t\t\t\n\t\t\t\t\n\t\t\t\t\n\t\t\t\t<div class=\"et_pb_text_inner\"><p style=\"text-align: justify;\">O fecho herm\u00e9tico das nossas bandejas garante a aplica\u00e7\u00e3o total das regras de higiene: combate face a contamina\u00e7\u00e3o externa e contra atos maliciosos, risco limitado de intoxica\u00e7\u00e3o alimentar. A rastreabilidade das refei\u00e7\u00f5es \u00e9 facilmente assegurada pela afixa\u00e7\u00e3o de etiquetas, com os regimes alimentares identificados pelas cores das bandejas.<\/p><\/div>\n\t\t\t<\/div>\n\t\t\t<\/div><div class=\"et_d4_element et_pb_column_1_3 et_pb_column et_pb_column_6  et_pb_css_mix_blend_mode et-last-child et_block_column\">\n\t\t\t\t\n\t\t\t\t\n\t\t\t\t\n\t\t\t\t\n\t\t\t\t<div class=\"et_pb_module et_d4_element et_pb_text et_pb_text_7  et_pb_text_align_left et_pb_bg_layout_light\">\n\t\t\t\t\n\t\t\t\t\n\t\t\t\t\n\t\t\t\t\n\t\t\t\t<div class=\"et_pb_text_inner\"><h4>AMBIENTE<\/h4><\/div>\n\t\t\t<\/div><div class=\"et_pb_module et_d4_element et_pb_image et_pb_image_2 et_animated et-waypoint\">\n\t\t\t\t\n\t\t\t\t\n\t\t\t\t\n\t\t\t\t\n\t\t\t\t<span class=\"et_pb_image_wrap \"><img decoding=\"async\" width=\"512\" height=\"512\" src=\"https:\/\/www.groupeguillin.fr\/wp-content\/uploads\/2020\/11\/environnement.png\" alt=\"\" title=\"AMBIENTE\" class=\"wp-image-2709\" \/><\/span>\n\t\t\t<\/div><div class=\"et_pb_module et_d4_element et_pb_text et_pb_text_8  et_pb_text_align_center et_pb_bg_layout_light\">\n\t\t\t\t\n\t\t\t\t\n\t\t\t\t\n\t\t\t\t\n\t\t\t\t<div class=\"et_pb_text_inner\"><div class=\"page\" title=\"Page 9\">\n<div class=\"section\">\n<div class=\"layoutArea\">\n<div class=\"column\">\n<p style=\"text-align: justify;\"><span>As nossas bandejas para a restaura\u00e7\u00e3o coletiva em PP s\u00e3o 100% recicl\u00e1veis, e foram concebidas quer para utiliza\u00e7\u00f5es a frio como a quente. As embalagens de cart\u00e3o que fabricamos s\u00e3o desenhadas de conceito ecol\u00f3gico, a partir de material virgem.<\/span><\/p>\n<\/div>\n<\/div>\n<\/div>\n<\/div><\/div>\n\t\t\t<\/div><div class=\"et_pb_button_module_wrapper et_pb_button_1_wrapper et_pb_button_alignment_center et_pb_module \">\n\t\t\t\t<a class=\"et_pb_button et_d4_element et_pb_button_1 et_pb_bg_layout_light et_block_module\" href=\"https:\/\/www.groupeguillin.fr\/pt-pt\/ambiente\/\">SABER MAIS<\/a>\n\t\t\t<\/div>\n\t\t\t<\/div>\n\t\t\t\t\n\t\t\t\t\n\t\t\t\t\n\t\t\t\t\n\t\t\t<\/div>\n\t\t\t\t\n\t\t\t\t\n\t\t\t<\/div><div class=\"et_d4_element et_pb_section et_pb_section_3 produits-phares et_animated  et_pb_css_mix_blend_mode et_section_regular et_block_section\" >\n\t\t\t\t\n\t\t\t\t\n\t\t\t\t\n\t\t\t\t\n\t\t\t\t\n\t\t\t\t\n\t\t\t\t<div class=\"et_d4_element et_pb_row et_pb_row_4 et_animated et_pb_equal_columns  et_pb_css_mix_blend_mode et_block_row\">\n\t\t\t\t<div class=\"et_d4_element et_pb_column_4_4 et_pb_column et_pb_column_7  et_pb_css_mix_blend_mode et-last-child et_block_column\">\n\t\t\t\t\n\t\t\t\t\n\t\t\t\t\n\t\t\t\t\n\t\t\t\t<div class=\"et_pb_module et_d4_element et_pb_text et_pb_text_9  et_pb_text_align_left et_pb_bg_layout_light\">\n\t\t\t\t\n\t\t\t\t\n\t\t\t\t\n\t\t\t\t\n\t\t\t\t<div class=\"et_pb_text_inner\"><h3>OS NOSSOS PRODUTOS ESSENCIAIS NESTE MOMENTO<\/h3><\/div>\n\t\t\t<\/div>\n\t\t\t<\/div>\n\t\t\t\t\n\t\t\t\t\n\t\t\t\t\n\t\t\t\t\n\t\t\t<\/div><div class=\"et_d4_element et_pb_row et_pb_row_5 row-produit et_animated et_pb_equal_columns  et_pb_css_mix_blend_mode et_block_row\">\n\t\t\t\t<div class=\"et_d4_element et_pb_column_2_5 et_pb_column et_pb_column_8  et_pb_css_mix_blend_mode et_block_column\">\n\t\t\t\t\n\t\t\t\t\n\t\t\t\t\n\t\t\t\t\n\t\t\t\t<div class=\"et_pb_module et_d4_element et_pb_image et_pb_image_3\">\n\t\t\t\t\n\t\t\t\t\n\t\t\t\t\n\t\t\t\t\n\t\t\t\t<span class=\"et_pb_image_wrap \"><img decoding=\"async\" width=\"1024\" height=\"683\" src=\"https:\/\/www.groupeguillin.fr\/wp-content\/uploads\/2020\/09\/Blanquette-Food-K-sapin-72-dpi-3-1024x683.jpg\" alt=\"\" title=\"Blanquette Food K sapin 72 dpi-3\" class=\"wp-image-1018\" \/><\/span>\n\t\t\t<\/div>\n\t\t\t<\/div><div class=\"et_d4_element et_pb_column_3_5 et_pb_column et_pb_column_9  et_pb_css_mix_blend_mode et-last-child et_block_column\">\n\t\t\t\t\n\t\t\t\t\n\t\t\t\t\n\t\t\t\t\n\t\t\t\t<div class=\"et_pb_module et_d4_element et_pb_cta_0 description et_pb_promo  et_pb_text_align_center et_pb_bg_layout_dark\">\n\t\t\t\t\n\t\t\t\t\n\t\t\t\t\n\t\t\t\t\n\t\t\t\t<div class=\"et_pb_promo_description\"><h2 class=\"et_pb_module_header\">Bandeja Sel\u00e1vel FOOD K<\/h2><div><p>A <strong>FOOD K<\/strong> \u00e9 o conceito que combina a tecnologia, a ecologia e o marketing. A bandeja sel\u00e1vel de desenho ambientalmente respons\u00e1vel \u00e9 uma solu\u00e7\u00e3o 100% personaliz\u00e1vel e recicl\u00e1vel. \u00c9 perfeita para uma utiliza\u00e7\u00e3o a quente, a sua base de cart\u00e3o pode ser reaquecida no micro-ondas e num forno tradicional.<\/p>\n<p><img decoding=\"async\" src=\"https:\/\/www.groupeguillin.fr\/wp-content\/uploads\/2020\/09\/four.png\" width=\"75\" height=\"75\" alt=\"\" class=\"wp-image-1230 alignnone size-full\" \/> <img decoding=\"async\" src=\"https:\/\/www.groupeguillin.fr\/wp-content\/uploads\/2020\/09\/altereco.png\" width=\"75\" height=\"75\" alt=\"\" class=\"wp-image-1227 alignnone size-full\" \/> <img decoding=\"async\" src=\"https:\/\/www.groupeguillin.fr\/wp-content\/uploads\/2020\/09\/recyclage.png\" width=\"75\" height=\"75\" alt=\"\" class=\"wp-image-1236 alignnone size-full\" \/><\/p><\/div><\/div>\n\t\t\t\t<div class=\"et_pb_button_wrapper\"><a class=\"et_pb_button et_pb_promo_button\" href=\"https:\/\/youtu.be\/iYP15WKDA_Q\" target=\"_blank\">DEMO<\/a><\/div>\n\t\t\t<\/div><style type=\"text\/css\">.et_pb_cta_0.et_pb_promo{background-color:transparent !important;}<\/style>\n\t\t\t<\/div>\n\t\t\t\t\n\t\t\t\t\n\t\t\t\t\n\t\t\t\t\n\t\t\t<\/div><div class=\"et_d4_element et_pb_row et_pb_row_6 row-produit et_animated et_pb_equal_columns  et_pb_css_mix_blend_mode et_block_row\">\n\t\t\t\t<div class=\"et_d4_element et_pb_column_2_5 et_pb_column et_pb_column_10  et_pb_css_mix_blend_mode et_block_column\">\n\t\t\t\t\n\t\t\t\t\n\t\t\t\t\n\t\t\t\t\n\t\t\t\t<div class=\"et_pb_module et_d4_element et_pb_image et_pb_image_4\">\n\t\t\t\t\n\t\t\t\t\n\t\t\t\t\n\t\t\t\t\n\t\t\t\t<span class=\"et_pb_image_wrap \"><img decoding=\"async\" width=\"1024\" height=\"683\" src=\"https:\/\/www.groupeguillin.fr\/wp-content\/uploads\/2020\/09\/naturalpack-72-dpi-5-1024x683.jpg\" alt=\"\" title=\"naturalpack 72 dpi-5\" class=\"wp-image-1017\" \/><\/span>\n\t\t\t<\/div>\n\t\t\t<\/div><div class=\"et_d4_element et_pb_column_3_5 et_pb_column et_pb_column_11  et_pb_css_mix_blend_mode et-last-child et_block_column\">\n\t\t\t\t\n\t\t\t\t\n\t\t\t\t\n\t\t\t\t\n\t\t\t\t<div class=\"et_pb_module et_d4_element et_pb_cta_1 description et_pb_promo  et_pb_text_align_center et_pb_bg_layout_dark\">\n\t\t\t\t\n\t\t\t\t\n\t\t\t\t\n\t\t\t\t\n\t\t\t\t<div class=\"et_pb_promo_description\"><h2 class=\"et_pb_module_header\">Bandeja de cart\u00e3o NATURALPACK<\/h2><div><p>Uma solu\u00e7\u00e3o \u00fanica no mercado franc\u00eas desenhada a partir de cart\u00e3o com origem em pasta virgem pura. A <strong>NATURALPACK<\/strong> \u00e9 uma bandeja 100% sel\u00e1vel, recicl\u00e1vel e compost\u00e1vel industrialmente. \u00c9 perfeita para utiliza\u00e7\u00e3o no \u00e2mbito escolar, e encontra-se em perfeita conformidade com os regulamentos aplic\u00e1veis \u00e0s coletividades.<span style=\"text-decoration: line-through;\"><\/span><\/p>\n<p><span><img decoding=\"async\" src=\"https:\/\/www.groupeguillin.fr\/wp-content\/uploads\/2020\/09\/plantes.png\" width=\"75\" height=\"75\" alt=\"\" class=\"wp-image-1235 alignnone size-full\" \/> <img decoding=\"async\" src=\"https:\/\/www.groupeguillin.fr\/wp-content\/uploads\/2020\/09\/altereco.png\" width=\"75\" height=\"75\" alt=\"\" class=\"wp-image-1227 alignnone size-full\" \/> <img decoding=\"async\" src=\"https:\/\/www.groupeguillin.fr\/wp-content\/uploads\/2020\/09\/recyclage.png\" width=\"75\" height=\"75\" alt=\"\" class=\"wp-image-1236 alignnone size-full\" \/><\/span><\/p><\/div><\/div>\n\t\t\t\t<div class=\"et_pb_button_wrapper\"><a class=\"et_pb_button et_pb_promo_button\" href=\"https:\/\/youtu.be\/p7mhwT7fuP0\" target=\"_blank\">DEMO<\/a><\/div>\n\t\t\t<\/div><style type=\"text\/css\">.et_pb_cta_1.et_pb_promo{background-color:transparent !important;}<\/style>\n\t\t\t<\/div>\n\t\t\t\t\n\t\t\t\t\n\t\t\t\t\n\t\t\t\t\n\t\t\t<\/div><div class=\"et_d4_element et_pb_row et_pb_row_7 row-produit et_animated et_pb_equal_columns  et_pb_css_mix_blend_mode et_block_row\">\n\t\t\t\t<div class=\"et_d4_element et_pb_column_2_5 et_pb_column et_pb_column_12  et_pb_css_mix_blend_mode et_block_column\">\n\t\t\t\t\n\t\t\t\t\n\t\t\t\t\n\t\t\t\t\n\t\t\t\t<div class=\"et_pb_module et_d4_element et_pb_image et_pb_image_5\">\n\t\t\t\t\n\t\t\t\t\n\t\t\t\t\n\t\t\t\t\n\t\t\t\t<span class=\"et_pb_image_wrap \"><img decoding=\"async\" width=\"1024\" height=\"853\" src=\"https:\/\/www.groupeguillin.fr\/wp-content\/uploads\/2020\/09\/DUOTRACK-DSC4269-hd-cmjn-eqlbr-6-2013-1024x853.jpg\" alt=\"\" title=\"DUOTRACK DSC4269 hd cmjn eqlbr 6-2013\" class=\"wp-image-1019\" \/><\/span>\n\t\t\t<\/div>\n\t\t\t<\/div><div class=\"et_d4_element et_pb_column_3_5 et_pb_column et_pb_column_13  et_pb_css_mix_blend_mode et-last-child et_block_column\">\n\t\t\t\t\n\t\t\t\t\n\t\t\t\t\n\t\t\t\t\n\t\t\t\t<div class=\"et_pb_module et_d4_element et_pb_cta_2 description et_pb_promo  et_pb_text_align_center et_pb_bg_layout_dark\">\n\t\t\t\t\n\t\t\t\t\n\t\t\t\t\n\t\t\t\t\n\t\t\t\t<div class=\"et_pb_promo_description\"><h2 class=\"et_pb_module_header\">M\u00e1quina de selagem autom\u00e1tica em linha 100% el\u00e9trica DUOTRACK<\/h2><div><p>Uma m\u00e1quina de selagem autom\u00e1tica que se adapta a todas as configura\u00e7\u00f5es (de 1 a 3 linhas). A ergonomia ideal para o conforto em todas as alturas, acessibilidade r\u00e1pida e total para manuten\u00e7\u00e3o e limpeza. Mudan\u00e7a ultrarr\u00e1pida de acess\u00f3rios que permite o rein\u00edcio instant\u00e2neo da produ\u00e7\u00e3o.<\/p>\n<p><span style=\"font-family: Montserrat, Helvetica, Arial, Lucida, sans-serif; font-size: 14px;\">\u00a0<\/span><span style=\"font-family: Montserrat, Helvetica, Arial, Lucida, sans-serif; font-size: 14px;\">\u00a0<img decoding=\"async\" src=\"https:\/\/www.groupeguillin.fr\/wp-content\/uploads\/2020\/09\/roure.png\" width=\"75\" height=\"75\" alt=\"\" class=\"wp-image-1252 alignnone size-full\" \/> <img decoding=\"async\" src=\"https:\/\/www.groupeguillin.fr\/wp-content\/uploads\/2020\/09\/lavage.png\" width=\"75\" height=\"75\" alt=\"\" class=\"wp-image-1251 alignnone size-full\" \/><\/span><\/p><\/div><\/div>\n\t\t\t\t\n\t\t\t<\/div><style type=\"text\/css\">.et_pb_cta_2.et_pb_promo{background-color:transparent !important;}<\/style>\n\t\t\t<\/div>\n\t\t\t\t\n\t\t\t\t\n\t\t\t\t\n\t\t\t\t\n\t\t\t<\/div><div class=\"et_d4_element et_pb_row et_pb_row_8 row-produit et_animated et_pb_equal_columns  et_pb_css_mix_blend_mode et_block_row\">\n\t\t\t\t<div class=\"et_d4_element et_pb_column_2_5 et_pb_column et_pb_column_14  et_pb_css_mix_blend_mode et_block_column\">\n\t\t\t\t\n\t\t\t\t\n\t\t\t\t\n\t\t\t\t\n\t\t\t\t<div class=\"et_pb_module et_d4_element et_pb_image et_pb_image_6\">\n\t\t\t\t\n\t\t\t\t\n\t\t\t\t\n\t\t\t\t\n\t\t\t\t<span class=\"et_pb_image_wrap \"><img decoding=\"async\" width=\"882\" height=\"1024\" src=\"https:\/\/www.groupeguillin.fr\/wp-content\/uploads\/2020\/12\/Doubleflow-882x1024.png\" alt=\"\" title=\"Doubleflow\" class=\"wp-image-3875\" \/><\/span>\n\t\t\t<\/div>\n\t\t\t<\/div><div class=\"et_d4_element et_pb_column_3_5 et_pb_column et_pb_column_15  et_pb_css_mix_blend_mode et-last-child et_block_column\">\n\t\t\t\t\n\t\t\t\t\n\t\t\t\t\n\t\t\t\t\n\t\t\t\t<div class=\"et_pb_module et_d4_element et_pb_cta_3 description et_pb_promo  et_pb_text_align_center et_pb_bg_layout_dark\">\n\t\t\t\t\n\t\t\t\t\n\t\t\t\t\n\t\t\t\t\n\t\t\t\t<div class=\"et_pb_promo_description\"><h2 class=\"et_pb_module_header\">Carrinho de distribui\u00e7\u00e3o DOUBLEFLOW e o seu terminal ERGOSERV<\/h2><div><p>Um sistema de terminal\/transportador que assegura a liga\u00e7\u00e3o entre as cozinhas e as unidades a serem servidas. Uma solu\u00e7\u00e3o perfeita para reaquecer e servir pratos quentes e frios com as suas paredes perfeitamente isolantes. Uma rastreabilidade obtida pela integra\u00e7\u00e3o das melhores tecnologias.<\/p>\n<p><span style=\"font-family: Montserrat, Helvetica, Arial, Lucida, sans-serif; font-size: 14px;\">\u00a0<\/span><span style=\"font-family: Montserrat, Helvetica, Arial, Lucida, sans-serif; font-size: 14px;\">\u00a0<img decoding=\"async\" src=\"https:\/\/www.groupeguillin.fr\/wp-content\/uploads\/2020\/09\/glace.png\" width=\"75\" height=\"75\" alt=\"\" class=\"wp-image-1250 alignnone size-full\" \/> <img decoding=\"async\" src=\"https:\/\/www.groupeguillin.fr\/wp-content\/uploads\/2020\/09\/feu.png\" width=\"75\" height=\"75\" alt=\"\" class=\"wp-image-1249 alignnone size-full\" \/> <img decoding=\"async\" src=\"https:\/\/www.groupeguillin.fr\/wp-content\/uploads\/2020\/09\/chaine.png\" width=\"75\" height=\"75\" alt=\"\" class=\"wp-image-1248 alignnone size-full\" \/><\/span><\/p><\/div><\/div>\n\t\t\t\t\n\t\t\t<\/div><style type=\"text\/css\">.et_pb_cta_3.et_pb_promo{background-color:transparent !important;}<\/style>\n\t\t\t<\/div>\n\t\t\t\t\n\t\t\t\t\n\t\t\t\t\n\t\t\t\t\n\t\t\t<\/div>\n\t\t\t\t\n\t\t\t\t\n\t\t\t<\/div><div class=\"et_d4_element et_pb_section et_pb_section_4 toutes-offres et_pb_with_background  et_pb_css_mix_blend_mode et_section_regular et_block_section\" >\n\t\t\t\t\n\t\t\t\t\n\t\t\t\t\n\t\t\t\t\n\t\t\t\t\n\t\t\t\t\n\t\t\t\t<div class=\"et_d4_element et_pb_row et_pb_row_9 et_animated et_pb_equal_columns  et_pb_css_mix_blend_mode et_block_row\">\n\t\t\t\t<div class=\"et_d4_element et_pb_column_4_4 et_pb_column et_pb_column_16  et_pb_css_mix_blend_mode et-last-child et_block_column\">\n\t\t\t\t\n\t\t\t\t\n\t\t\t\t\n\t\t\t\t\n\t\t\t\t<div class=\"et_pb_module et_d4_element et_pb_text et_pb_text_10  et_pb_text_align_left et_pb_bg_layout_light\">\n\t\t\t\t\n\t\t\t\t\n\t\t\t\t\n\t\t\t\t\n\t\t\t\t<div class=\"et_pb_text_inner\"><h3>TODAS AS NOSSAS SOLU\u00c7\u00d5ES<\/h3><\/div>\n\t\t\t<\/div><div class=\"et_pb_module et_d4_element et_pb_text et_pb_text_11  et_pb_text_align_left et_pb_bg_layout_light\">\n\t\t\t\t\n\t\t\t\t\n\t\t\t\t\n\t\t\t\t\n\t\t\t\t<div class=\"et_pb_text_inner\"><p>M\u00e1quina de selagem autom\u00e1tica para otimizar a produ\u00e7\u00e3o. Bandeja sel\u00e1vel para uso a quente ou a frio. Carrinho de distribui\u00e7\u00e3o com controlo de temperatura para pratos quentes e frios.<\/p><\/div>\n\t\t\t<\/div><div class=\"et_pb_module et_d4_element et_pb_number_counter et_pb_number_counter_0 toutes-offres-nombre  et_pb_text_align_center et_pb_bg_layout_light et_pb_with_title\" data-number-value=\"1000\" data-number-separator=\"\">\n\t\t\t\t\n\t\t\t\t\n\t\t\t\t\n\t\t\t\t\n\t\t\t\t<div class=\"percent\" ><p><span class=\"percent-value\"><\/span><span class=\"percent-sign\"><\/span><\/p><\/div>\n\t\t\t\t<h3 class=\"title\">refer\u00eancias EM STOCK<\/h3>\n\t\t\t<\/div>\n\t\t\t<\/div>\n\t\t\t\t\n\t\t\t\t\n\t\t\t\t\n\t\t\t\t\n\t\t\t<\/div><div class=\"et_d4_element et_pb_row et_pb_row_10 et_pb_equal_columns  et_pb_css_mix_blend_mode et_block_row\">\n\t\t\t\t<div class=\"et_d4_element et_pb_column_1_4 et_pb_column et_pb_column_17  et_pb_css_mix_blend_mode et_block_column\">\n\t\t\t\t\n\t\t\t\t\n\t\t\t\t\n\t\t\t\t\n\t\t\t\t<div class=\"et_pb_module et_d4_element et_pb_image et_pb_image_7\">\n\t\t\t\t\n\t\t\t\t\n\t\t\t\t\n\t\t\t\t\n\t\t\t\t<span class=\"et_pb_image_wrap \"><img decoding=\"async\" width=\"1024\" height=\"698\" src=\"https:\/\/www.groupeguillin.fr\/wp-content\/uploads\/2020\/12\/Equipement-pour-preparation-des-repas-1024x698.png\" alt=\"\" title=\"EQUIPAMENTO PARA A PREPARA\u00c7\u00c3O DE REFEI\u00c7\u00d5ES\" class=\"wp-image-4034\" \/><\/span>\n\t\t\t<\/div><div class=\"et_pb_module et_d4_element et_pb_text et_pb_text_12  et_pb_text_align_left et_pb_bg_layout_light\">\n\t\t\t\t\n\t\t\t\t\n\t\t\t\t\n\t\t\t\t\n\t\t\t\t<div class=\"et_pb_text_inner\"><h4><b>EQUIPAMENTO PARA A PREPARA\u00c7\u00c3O DE REFEI\u00c7\u00d5ES<\/b><\/h4>\n<ul>\n<li>M\u00e1quina de selagem no posto de trabalho<\/li>\n<li>M\u00e1quina de selagem a v\u00e1cuo e a g\u00e1s<\/li>\n<li>M\u00e1quinas de selagem em linha<\/li>\n<li>Perif\u00e9ricos<\/li>\n<li>Rotulagem<\/li>\n<\/ul><\/div>\n\t\t\t<\/div>\n\t\t\t<\/div><div class=\"et_d4_element et_pb_column_1_4 et_pb_column et_pb_column_18  et_pb_css_mix_blend_mode et_block_column\">\n\t\t\t\t\n\t\t\t\t\n\t\t\t\t\n\t\t\t\t\n\t\t\t\t<div class=\"et_pb_module et_d4_element et_pb_image et_pb_image_8\">\n\t\t\t\t\n\t\t\t\t\n\t\t\t\t\n\t\t\t\t\n\t\t\t\t<span class=\"et_pb_image_wrap \"><img decoding=\"async\" width=\"1024\" height=\"683\" src=\"https:\/\/www.groupeguillin.fr\/wp-content\/uploads\/2020\/09\/Emballage-pour-distribution-froide_recadre-1024x683.jpg\" alt=\"\" title=\"EMBALAGEM PARA DISTRIBUI\u00c7\u00c3O A FRIO\" class=\"wp-image-1182\" \/><\/span>\n\t\t\t<\/div><div class=\"et_pb_module et_d4_element et_pb_text et_pb_text_13  et_pb_text_align_left et_pb_bg_layout_light\">\n\t\t\t\t\n\t\t\t\t\n\t\t\t\t\n\t\t\t\t\n\t\t\t\t<div class=\"et_pb_text_inner\"><h4><b>EMBALAGEM PARA DISTRIBUI\u00c7\u00c3O A FRIO<\/b><\/h4>\n<ul>\n<li>Pratos<\/li>\n<li>Frascos<\/li>\n<li>Bandejas sel\u00e1veis<\/li>\n<li>Caixas<\/li>\n<li>Pratos de apresenta\u00e7\u00e3o<\/li>\n<li>Bandeja de almo\u00e7o<\/li>\n<\/ul><\/div>\n\t\t\t<\/div>\n\t\t\t<\/div><div class=\"et_d4_element et_pb_column_1_4 et_pb_column et_pb_column_19  et_pb_css_mix_blend_mode et_block_column\">\n\t\t\t\t\n\t\t\t\t\n\t\t\t\t\n\t\t\t\t\n\t\t\t\t<div class=\"et_pb_module et_d4_element et_pb_image et_pb_image_9\">\n\t\t\t\t\n\t\t\t\t\n\t\t\t\t\n\t\t\t\t\n\t\t\t\t<span class=\"et_pb_image_wrap \"><img decoding=\"async\" src=\"https:\/\/www.groupeguillin.fr\/wp-content\/uploads\/2020\/12\/Remise-en-tempe\u0301rature-1024x683.jpg\" alt=\"\" title=\"EMBALAGEM PARA RETORNO A TEMPERATURA\" \/><\/span>\n\t\t\t<\/div><div class=\"et_pb_module et_d4_element et_pb_text et_pb_text_14  et_pb_text_align_left et_pb_bg_layout_light\">\n\t\t\t\t\n\t\t\t\t\n\t\t\t\t\n\t\t\t\t\n\t\t\t\t<div class=\"et_pb_text_inner\"><h4><b>EMBALAGEM PARA RETORNO A TEMPERATURA<\/b><\/h4>\n<ul>\n<li>Saladeiras, oblongos, pratos, ta\u00e7as, recipientes<\/li>\n<li>Bandejas sel\u00e1veis<\/li>\n<li>Frascos redondos com tampa separ\u00e1vel<\/li>\n<li>Caixas com tampa separ\u00e1vel<\/li>\n<li>Caixas com tampa fixada<\/li>\n<\/ul><\/div>\n\t\t\t<\/div>\n\t\t\t<\/div><div class=\"et_d4_element et_pb_column_1_4 et_pb_column et_pb_column_20  et_pb_css_mix_blend_mode et-last-child et_block_column\">\n\t\t\t\t\n\t\t\t\t\n\t\t\t\t\n\t\t\t\t\n\t\t\t\t<div class=\"et_pb_module et_d4_element et_pb_image et_pb_image_10\">\n\t\t\t\t\n\t\t\t\t\n\t\t\t\t\n\t\t\t\t\n\t\t\t\t<span class=\"et_pb_image_wrap \"><img decoding=\"async\" width=\"1024\" height=\"1024\" src=\"https:\/\/www.groupeguillin.fr\/wp-content\/uploads\/2020\/12\/Equipement-pour-distribution-des-repas-1024x1024.jpg\" alt=\"\" title=\"EQUIPAMENTO PARA DISTRIBUI\u00c7\u00c3O DE REFEI\u00c7\u00d5ES\" class=\"wp-image-4033\" \/><\/span>\n\t\t\t<\/div><div class=\"et_pb_module et_d4_element et_pb_text et_pb_text_15  et_pb_text_align_left et_pb_bg_layout_light\">\n\t\t\t\t\n\t\t\t\t\n\t\t\t\t\n\t\t\t\t\n\t\t\t\t<div class=\"et_pb_text_inner\"><h4><b>EQUIPAMENTO PARA DISTRIBUI\u00c7\u00c3O DE REFEI\u00c7\u00d5ES<\/b><\/h4>\n<ul>\n<li>Transporte isot\u00e9rmico<\/li>\n<li>Carrinho de pequeno-almo\u00e7o<\/li>\n<li>Distribui\u00e7\u00e3o de refei\u00e7\u00f5es em bandejas<\/li>\n<li>Distribui\u00e7\u00e3o de refei\u00e7\u00f5es multipor\u00e7\u00e3o<\/li>\n<\/ul><\/div>\n\t\t\t<\/div>\n\t\t\t<\/div>\n\t\t\t\t\n\t\t\t\t\n\t\t\t\t\n\t\t\t\t\n\t\t\t<\/div><div class=\"et_d4_element et_pb_row et_pb_row_11 et_animated et_pb_equal_columns  et_pb_css_mix_blend_mode et_block_row\">\n\t\t\t\t<div class=\"et_d4_element et_pb_column_4_4 et_pb_column et_pb_column_21  et_pb_css_mix_blend_mode et-last-child et_block_column\">\n\t\t\t\t\n\t\t\t\t\n\t\t\t\t\n\t\t\t\t\n\t\t\t\t<div class=\"et_pb_button_module_wrapper et_pb_button_2_wrapper et_pb_button_alignment_center et_pb_module \">\n\t\t\t\t<a class=\"et_pb_button et_d4_element et_pb_button_2 et_pb_bg_layout_light et_block_module\" href=\"mailto:collectivecatering@groupeguillin.com\">CONTACTE-NOS<\/a>\n\t\t\t<\/div>\n\t\t\t<\/div>\n\t\t\t\t\n\t\t\t\t\n\t\t\t\t\n\t\t\t\t\n\t\t\t<\/div>\n\t\t\t\t\n\t\t\t\t\n\t\t\t<\/div><div class=\"et_d4_element et_pb_section et_pb_section_5  et_pb_css_mix_blend_mode et_section_regular et_block_section\" >\n\t\t\t\t\n\t\t\t\t\n\t\t\t\t\n\t\t\t\t\n\t\t\t\t\n\t\t\t\t\n\t\t\t\t<div class=\"et_d4_element et_pb_row et_pb_row_12 et_animated et_pb_equal_columns  et_pb_css_mix_blend_mode et_block_row\">\n\t\t\t\t<div class=\"et_d4_element et_pb_column_4_4 et_pb_column et_pb_column_22  et_pb_css_mix_blend_mode et-last-child et_block_column\">\n\t\t\t\t\n\t\t\t\t\n\t\t\t\t\n\t\t\t\t\n\t\t\t\t<div class=\"et_pb_module et_d4_element et_pb_text et_pb_text_16  et_pb_text_align_left et_pb_bg_layout_light\">\n\t\t\t\t\n\t\t\t\t\n\t\t\t\t\n\t\t\t\t\n\t\t\t\t<div class=\"et_pb_text_inner\"><h3>TESTEMUNHOS<\/h3><\/div>\n\t\t\t<\/div>\n\t\t\t<\/div>\n\t\t\t\t\n\t\t\t\t\n\t\t\t\t\n\t\t\t\t\n\t\t\t<\/div><div class=\"et_d4_element et_pb_row et_pb_row_13 et_animated et_pb_equal_columns  et_pb_css_mix_blend_mode et_block_row\">\n\t\t\t\t<div class=\"et_d4_element et_pb_column_1_2 et_pb_column et_pb_column_23  et_pb_css_mix_blend_mode et_block_column\">\n\t\t\t\t\n\t\t\t\t\n\t\t\t\t\n\t\t\t\t\n\t\t\t\t<div class=\"et_pb_module et_d4_element et_pb_testimonial et_pb_testimonial_0 temoignage-no-photo  et_pb_css_mix_blend_mode clearfix  et_pb_text_align_left et_pb_bg_layout_light et_block_module et_pb_testimonial_no_image\">\n\t\t\t\t\n\t\t\t\t\n\t\t\t\t\n\t\t\t\t\n\t\t\t\t<div style=\"background-image:url(data:image\/svg+xml;base64,PHN2ZyB3aWR0aD0iNTAwIiBoZWlnaHQ9IjUwMCIgdmlld0JveD0iMCAwIDUwMCA1MDAiIHhtbG5zPSJodHRwOi8vd3d3LnczLm9yZy8yMDAwL3N2ZyI+CiAgICA8ZyBmaWxsPSJub25lIiBmaWxsLXJ1bGU9ImV2ZW5vZGQiPgogICAgICAgIDxwYXRoIGZpbGw9IiNFQkVCRUIiIGQ9Ik0wIDBoNTAwdjUwMEgweiIvPgogICAgICAgIDxyZWN0IGZpbGwtb3BhY2l0eT0iLjEiIGZpbGw9IiMwMDAiIHg9IjY4IiB5PSIzMDUiIHdpZHRoPSIzNjQiIGhlaWdodD0iNTY4IiByeD0iMTgyIi8+CiAgICAgICAgPGNpcmNsZSBmaWxsLW9wYWNpdHk9Ii4xIiBmaWxsPSIjMDAwIiBjeD0iMjQ5IiBjeT0iMTcyIiByPSIxMDAiLz4KICAgIDwvZz4KPC9zdmc+Cg==)\" class=\"et_pb_testimonial_portrait\"><\/div>\n\t\t\t\t<div class=\"et_pb_testimonial_description\">\n\t\t\t\t\t<div class=\"et_pb_testimonial_description_inner\"><div class=\"et_pb_testimonial_content\"><p>Escutar, acompanhar, efic\u00e1cia, inova\u00e7\u00e3o e desempenho s\u00e3o as palavras-chave na rela\u00e7\u00e3o que desenvolvi ao longo dos anos de parceria com a SOCAMEL.<\/p>\n<p>A sua for\u00e7a em propor solu\u00e7\u00f5es t\u00e9cnicas inovadoras em resposta aos nossos constrangimentos organizacionais sempre me permitiu concluir com sucesso os nossos projetos num esp\u00edrito de constru\u00e7\u00e3o cooperativa e de confian\u00e7a m\u00fatua.<\/p><\/div><\/div>\n\t\t\t\t\t<span class=\"et_pb_testimonial_author\">SYLVAIN ZERCHER<\/span>\n\t\t\t\t\t<p class=\"et_pb_testimonial_meta\"><span class=\"et_pb_testimonial_position\">Respons\u00e1vel de Servi\u00e7os Log\u00edsticos e Pol\u00edtica Hoteleira, GHT Atlantique 17, La Rochelle-R\u00e9-Aunis<\/span><\/p>\n\t\t\t\t<\/div>\n\t\t\t<\/div>\n\t\t\t<\/div><div class=\"et_d4_element et_pb_column_1_2 et_pb_column et_pb_column_24  et_pb_css_mix_blend_mode et-last-child et_block_column\">\n\t\t\t\t\n\t\t\t\t\n\t\t\t\t\n\t\t\t\t\n\t\t\t\t<div class=\"et_pb_module et_d4_element et_pb_testimonial et_pb_testimonial_1 temoignage-no-photo  et_pb_css_mix_blend_mode clearfix  et_pb_text_align_left et_pb_bg_layout_light et_block_module et_pb_testimonial_no_image\">\n\t\t\t\t\n\t\t\t\t\n\t\t\t\t\n\t\t\t\t\n\t\t\t\t<div style=\"background-image:url(data:image\/svg+xml;base64,PHN2ZyB3aWR0aD0iNTAwIiBoZWlnaHQ9IjUwMCIgdmlld0JveD0iMCAwIDUwMCA1MDAiIHhtbG5zPSJodHRwOi8vd3d3LnczLm9yZy8yMDAwL3N2ZyI+CiAgICA8ZyBmaWxsPSJub25lIiBmaWxsLXJ1bGU9ImV2ZW5vZGQiPgogICAgICAgIDxwYXRoIGZpbGw9IiNFQkVCRUIiIGQ9Ik0wIDBoNTAwdjUwMEgweiIvPgogICAgICAgIDxyZWN0IGZpbGwtb3BhY2l0eT0iLjEiIGZpbGw9IiMwMDAiIHg9IjY4IiB5PSIzMDUiIHdpZHRoPSIzNjQiIGhlaWdodD0iNTY4IiByeD0iMTgyIi8+CiAgICAgICAgPGNpcmNsZSBmaWxsLW9wYWNpdHk9Ii4xIiBmaWxsPSIjMDAwIiBjeD0iMjQ5IiBjeT0iMTcyIiByPSIxMDAiLz4KICAgIDwvZz4KPC9zdmc+Cg==)\" class=\"et_pb_testimonial_portrait\"><\/div>\n\t\t\t\t<div class=\"et_pb_testimonial_description\">\n\t\t\t\t\t<div class=\"et_pb_testimonial_description_inner\"><div class=\"et_pb_testimonial_content\"><p>A nossa cozinha tem como miss\u00e3o preparar cerca de 1.000 refei\u00e7\u00f5es por dia, metade para idosos para entrega em sua casa, e a outra metade das para creches e para a institui\u00e7\u00f5es, bem como para certas crian\u00e7as com dificuldades comportamentais.<\/p>\n<p>Trabalho com o Grupo h\u00e1 mais de 15 anos como utilizador e h\u00e1 4 anos como diretor.<\/p>\n<p>A qualidade e a consist\u00eancia dos produtos levaram-nos naturalmente \u00e0 fideliza\u00e7\u00e3o. A escolha \u00e9 feita principalmente gra\u00e7as \u00e0 qualidade do produto, e de seguida no que diz respeito ao design. Opt\u00e1mos recentemente por bandejas da gama FOOD K para assim estarmos em conformidade com os nossos valores.<\/p>\n<p>A rela\u00e7\u00e3o com o cliente \u00e9 tamb\u00e9m essencial na nossa colabora\u00e7\u00e3o, o que nos ajudou a construir os investimentos em equipamento nestes \u00faltimos dois anos (consultadoria, testes, custos.)<\/p><\/div><\/div>\n\t\t\t\t\t<span class=\"et_pb_testimonial_author\">FREDDY BRUN<\/span>\n\t\t\t\t\t<p class=\"et_pb_testimonial_meta\"><span class=\"et_pb_testimonial_position\">Diretor da cozinha central Croque &amp; Toque, Beauvais \/ Cergy \/ Compi\u00e8gne<\/span><\/p>\n\t\t\t\t<\/div>\n\t\t\t<\/div>\n\t\t\t<\/div>\n\t\t\t\t\n\t\t\t\t\n\t\t\t\t\n\t\t\t\t\n\t\t\t<\/div>\n\t\t\t\t\n\t\t\t\t\n\t\t\t<\/div><\/p>\n","protected":false},"excerpt":{"rendered":"","protected":false},"author":1,"featured_media":0,"parent":0,"menu_order":0,"comment_status":"closed","ping_status":"closed","template":"","meta":{"_acf_changed":false,"_et_pb_use_builder":"on","_et_pb_old_content":"","_et_gb_content_width":"","footnotes":""},"class_list":["post-17597","page","type-page","status-publish","hentry"],"acf":[],"yoast_head":"<!-- This site is optimized with the Yoast SEO plugin v28.3 - https:\/\/yoast.com\/product\/yoast-seo-wordpress\/ -->\n<title>RESTAURA\u00c7\u00c3O COLETIVA - Groupe GUILLIN<\/title>\n<meta name=\"description\" content=\"Le Groupe GUILLIN est le r\u00e9f\u00e9rent europ\u00e9en de l&#039;emballage plastique alimentaire\" \/>\n<meta name=\"robots\" content=\"index, follow, max-snippet:-1, max-image-preview:large, max-video-preview:-1\" \/>\n<link rel=\"canonical\" href=\"https:\/\/www.groupeguillin.fr\/pt-pt\/restauracao-coletiva\/\" \/>\n<meta property=\"og:locale\" content=\"pt_PT\" \/>\n<meta property=\"og:type\" content=\"article\" \/>\n<meta property=\"og:title\" content=\"RESTAURA\u00c7\u00c3O COLETIVA - Groupe GUILLIN\" \/>\n<meta property=\"og:description\" content=\"Le Groupe GUILLIN est le r\u00e9f\u00e9rent europ\u00e9en de l&#039;emballage plastique alimentaire\" \/>\n<meta property=\"og:url\" content=\"https:\/\/www.groupeguillin.fr\/pt-pt\/restauracao-coletiva\/\" \/>\n<meta property=\"og:site_name\" content=\"Groupe GUILLIN\" \/>\n<meta property=\"article:modified_time\" content=\"2024-10-09T10:56:29+00:00\" \/>\n<meta property=\"og:image\" content=\"https:\/\/www.groupeguillin.fr\/wp-content\/uploads\/2020\/09\/four.png\" \/>\n<meta name=\"twitter:card\" content=\"summary_large_image\" \/>\n<meta name=\"twitter:label1\" content=\"Est. reading time\" \/>\n\t<meta name=\"twitter:data1\" content=\"22 minutes\" \/>\n<script type=\"application\/ld+json\" class=\"yoast-schema-graph\">{\"@context\":\"https:\\\/\\\/schema.org\",\"@graph\":[{\"@type\":\"WebPage\",\"@id\":\"https:\\\/\\\/www.groupeguillin.fr\\\/pt-pt\\\/restauracao-coletiva\\\/\",\"url\":\"https:\\\/\\\/www.groupeguillin.fr\\\/pt-pt\\\/restauracao-coletiva\\\/\",\"name\":\"RESTAURA\u00c7\u00c3O COLETIVA - Groupe GUILLIN\",\"isPartOf\":{\"@id\":\"https:\\\/\\\/www.groupeguillin.fr\\\/pt-pt\\\/#website\"},\"primaryImageOfPage\":{\"@id\":\"https:\\\/\\\/www.groupeguillin.fr\\\/pt-pt\\\/restauracao-coletiva\\\/#primaryimage\"},\"image\":{\"@id\":\"https:\\\/\\\/www.groupeguillin.fr\\\/pt-pt\\\/restauracao-coletiva\\\/#primaryimage\"},\"thumbnailUrl\":\"https:\\\/\\\/www.groupeguillin.fr\\\/wp-content\\\/uploads\\\/2020\\\/09\\\/four.png\",\"datePublished\":\"2024-04-04T13:41:06+00:00\",\"dateModified\":\"2024-10-09T10:56:29+00:00\",\"description\":\"Le Groupe GUILLIN est le r\u00e9f\u00e9rent europ\u00e9en de l'emballage plastique alimentaire\",\"breadcrumb\":{\"@id\":\"https:\\\/\\\/www.groupeguillin.fr\\\/pt-pt\\\/restauracao-coletiva\\\/#breadcrumb\"},\"inLanguage\":\"pt-PT\",\"potentialAction\":[{\"@type\":\"ReadAction\",\"target\":[\"https:\\\/\\\/www.groupeguillin.fr\\\/pt-pt\\\/restauracao-coletiva\\\/\"]}]},{\"@type\":\"ImageObject\",\"inLanguage\":\"pt-PT\",\"@id\":\"https:\\\/\\\/www.groupeguillin.fr\\\/pt-pt\\\/restauracao-coletiva\\\/#primaryimage\",\"url\":\"https:\\\/\\\/www.groupeguillin.fr\\\/wp-content\\\/uploads\\\/2020\\\/09\\\/four.png\",\"contentUrl\":\"https:\\\/\\\/www.groupeguillin.fr\\\/wp-content\\\/uploads\\\/2020\\\/09\\\/four.png\"},{\"@type\":\"BreadcrumbList\",\"@id\":\"https:\\\/\\\/www.groupeguillin.fr\\\/pt-pt\\\/restauracao-coletiva\\\/#breadcrumb\",\"itemListElement\":[{\"@type\":\"ListItem\",\"position\":1,\"name\":\"Accueil\",\"item\":\"https:\\\/\\\/www.groupeguillin.fr\\\/pt-pt\\\/\"},{\"@type\":\"ListItem\",\"position\":2,\"name\":\"RESTAURA\u00c7\u00c3O COLETIVA\"}]},{\"@type\":\"WebSite\",\"@id\":\"https:\\\/\\\/www.groupeguillin.fr\\\/pt-pt\\\/#website\",\"url\":\"https:\\\/\\\/www.groupeguillin.fr\\\/pt-pt\\\/\",\"name\":\"Groupe GUILLIN\",\"description\":\"We protect your food\",\"publisher\":{\"@id\":\"https:\\\/\\\/www.groupeguillin.fr\\\/pt-pt\\\/#organization\"},\"potentialAction\":[{\"@type\":\"SearchAction\",\"target\":{\"@type\":\"EntryPoint\",\"urlTemplate\":\"https:\\\/\\\/www.groupeguillin.fr\\\/pt-pt\\\/?s={search_term_string}\"},\"query-input\":{\"@type\":\"PropertyValueSpecification\",\"valueRequired\":true,\"valueName\":\"search_term_string\"}}],\"inLanguage\":\"pt-PT\"},{\"@type\":\"Organization\",\"@id\":\"https:\\\/\\\/www.groupeguillin.fr\\\/pt-pt\\\/#organization\",\"name\":\"Groupe GUILLIN\",\"url\":\"https:\\\/\\\/www.groupeguillin.fr\\\/pt-pt\\\/\",\"logo\":{\"@type\":\"ImageObject\",\"inLanguage\":\"pt-PT\",\"@id\":\"https:\\\/\\\/www.groupeguillin.fr\\\/pt-pt\\\/#\\\/schema\\\/logo\\\/image\\\/\",\"url\":\"https:\\\/\\\/www.groupeguillin.fr\\\/wp-content\\\/uploads\\\/2020\\\/09\\\/Logo-guillin-1.png\",\"contentUrl\":\"https:\\\/\\\/www.groupeguillin.fr\\\/wp-content\\\/uploads\\\/2020\\\/09\\\/Logo-guillin-1.png\",\"width\":1172,\"height\":300,\"caption\":\"Groupe GUILLIN\"},\"image\":{\"@id\":\"https:\\\/\\\/www.groupeguillin.fr\\\/pt-pt\\\/#\\\/schema\\\/logo\\\/image\\\/\"},\"sameAs\":[\"https:\\\/\\\/www.instagram.com\\\/groupeguillin\\\/\",\"https:\\\/\\\/www.linkedin.com\\\/company\\\/guillin-emballages\\\/\",\"https:\\\/\\\/www.youtube.com\\\/channel\\\/UCS-Q4Qkgd1bN9pdIPGRjogQ\"]}]}<\/script>\n<!-- \/ Yoast SEO plugin. -->","yoast_head_json":{"title":"RESTAURA\u00c7\u00c3O COLETIVA - Groupe GUILLIN","description":"Le Groupe GUILLIN est le r\u00e9f\u00e9rent europ\u00e9en de l'emballage plastique alimentaire","robots":{"index":"index","follow":"follow","max-snippet":"max-snippet:-1","max-image-preview":"max-image-preview:large","max-video-preview":"max-video-preview:-1"},"canonical":"https:\/\/www.groupeguillin.fr\/pt-pt\/restauracao-coletiva\/","og_locale":"pt_PT","og_type":"article","og_title":"RESTAURA\u00c7\u00c3O COLETIVA - Groupe GUILLIN","og_description":"Le Groupe GUILLIN est le r\u00e9f\u00e9rent europ\u00e9en de l'emballage plastique alimentaire","og_url":"https:\/\/www.groupeguillin.fr\/pt-pt\/restauracao-coletiva\/","og_site_name":"Groupe GUILLIN","article_modified_time":"2024-10-09T10:56:29+00:00","og_image":[{"url":"https:\/\/www.groupeguillin.fr\/wp-content\/uploads\/2020\/09\/four.png","type":"","width":"","height":""}],"twitter_card":"summary_large_image","twitter_misc":{"Est. reading time":"22 minutes"},"schema":{"@context":"https:\/\/schema.org","@graph":[{"@type":"WebPage","@id":"https:\/\/www.groupeguillin.fr\/pt-pt\/restauracao-coletiva\/","url":"https:\/\/www.groupeguillin.fr\/pt-pt\/restauracao-coletiva\/","name":"RESTAURA\u00c7\u00c3O COLETIVA - Groupe GUILLIN","isPartOf":{"@id":"https:\/\/www.groupeguillin.fr\/pt-pt\/#website"},"primaryImageOfPage":{"@id":"https:\/\/www.groupeguillin.fr\/pt-pt\/restauracao-coletiva\/#primaryimage"},"image":{"@id":"https:\/\/www.groupeguillin.fr\/pt-pt\/restauracao-coletiva\/#primaryimage"},"thumbnailUrl":"https:\/\/www.groupeguillin.fr\/wp-content\/uploads\/2020\/09\/four.png","datePublished":"2024-04-04T13:41:06+00:00","dateModified":"2024-10-09T10:56:29+00:00","description":"Le Groupe GUILLIN est le r\u00e9f\u00e9rent europ\u00e9en de l'emballage plastique alimentaire","breadcrumb":{"@id":"https:\/\/www.groupeguillin.fr\/pt-pt\/restauracao-coletiva\/#breadcrumb"},"inLanguage":"pt-PT","potentialAction":[{"@type":"ReadAction","target":["https:\/\/www.groupeguillin.fr\/pt-pt\/restauracao-coletiva\/"]}]},{"@type":"ImageObject","inLanguage":"pt-PT","@id":"https:\/\/www.groupeguillin.fr\/pt-pt\/restauracao-coletiva\/#primaryimage","url":"https:\/\/www.groupeguillin.fr\/wp-content\/uploads\/2020\/09\/four.png","contentUrl":"https:\/\/www.groupeguillin.fr\/wp-content\/uploads\/2020\/09\/four.png"},{"@type":"BreadcrumbList","@id":"https:\/\/www.groupeguillin.fr\/pt-pt\/restauracao-coletiva\/#breadcrumb","itemListElement":[{"@type":"ListItem","position":1,"name":"Accueil","item":"https:\/\/www.groupeguillin.fr\/pt-pt\/"},{"@type":"ListItem","position":2,"name":"RESTAURA\u00c7\u00c3O COLETIVA"}]},{"@type":"WebSite","@id":"https:\/\/www.groupeguillin.fr\/pt-pt\/#website","url":"https:\/\/www.groupeguillin.fr\/pt-pt\/","name":"Groupe GUILLIN","description":"We protect your food","publisher":{"@id":"https:\/\/www.groupeguillin.fr\/pt-pt\/#organization"},"potentialAction":[{"@type":"SearchAction","target":{"@type":"EntryPoint","urlTemplate":"https:\/\/www.groupeguillin.fr\/pt-pt\/?s={search_term_string}"},"query-input":{"@type":"PropertyValueSpecification","valueRequired":true,"valueName":"search_term_string"}}],"inLanguage":"pt-PT"},{"@type":"Organization","@id":"https:\/\/www.groupeguillin.fr\/pt-pt\/#organization","name":"Groupe GUILLIN","url":"https:\/\/www.groupeguillin.fr\/pt-pt\/","logo":{"@type":"ImageObject","inLanguage":"pt-PT","@id":"https:\/\/www.groupeguillin.fr\/pt-pt\/#\/schema\/logo\/image\/","url":"https:\/\/www.groupeguillin.fr\/wp-content\/uploads\/2020\/09\/Logo-guillin-1.png","contentUrl":"https:\/\/www.groupeguillin.fr\/wp-content\/uploads\/2020\/09\/Logo-guillin-1.png","width":1172,"height":300,"caption":"Groupe GUILLIN"},"image":{"@id":"https:\/\/www.groupeguillin.fr\/pt-pt\/#\/schema\/logo\/image\/"},"sameAs":["https:\/\/www.instagram.com\/groupeguillin\/","https:\/\/www.linkedin.com\/company\/guillin-emballages\/","https:\/\/www.youtube.com\/channel\/UCS-Q4Qkgd1bN9pdIPGRjogQ"]}]}},"publishpress_future_action":{"enabled":false,"date":"2026-09-09 18:09:42","action":"change-status","newStatus":"draft","terms":[],"taxonomy":"translation_priority","extraData":[]},"publishpress_future_workflow_manual_trigger":{"enabledWorkflows":[]},"_links":{"self":[{"href":"https:\/\/www.groupeguillin.fr\/pt-pt\/wp-json\/wp\/v2\/pages\/17597","targetHints":{"allow":["GET"]}}],"collection":[{"href":"https:\/\/www.groupeguillin.fr\/pt-pt\/wp-json\/wp\/v2\/pages"}],"about":[{"href":"https:\/\/www.groupeguillin.fr\/pt-pt\/wp-json\/wp\/v2\/types\/page"}],"author":[{"embeddable":true,"href":"https:\/\/www.groupeguillin.fr\/pt-pt\/wp-json\/wp\/v2\/users\/1"}],"replies":[{"embeddable":true,"href":"https:\/\/www.groupeguillin.fr\/pt-pt\/wp-json\/wp\/v2\/comments?post=17597"}],"version-history":[{"count":10,"href":"https:\/\/www.groupeguillin.fr\/pt-pt\/wp-json\/wp\/v2\/pages\/17597\/revisions"}],"predecessor-version":[{"id":18698,"href":"https:\/\/www.groupeguillin.fr\/pt-pt\/wp-json\/wp\/v2\/pages\/17597\/revisions\/18698"}],"wp:attachment":[{"href":"https:\/\/www.groupeguillin.fr\/pt-pt\/wp-json\/wp\/v2\/media?parent=17597"}],"curies":[{"name":"wp","href":"https:\/\/api.w.org\/{rel}","templated":true}]}}