{"id":17469,"date":"2024-04-03T15:57:55","date_gmt":"2024-04-03T13:57:55","guid":{"rendered":"https:\/\/www.groupeguillin.fr\/bem-vindo\/"},"modified":"2024-10-29T11:51:46","modified_gmt":"2024-10-29T10:51:46","slug":"bem-vindo","status":"publish","type":"page","link":"https:\/\/www.groupeguillin.fr\/pt-pt\/","title":{"rendered":"Bem-vindo"},"content":{"rendered":"<p>[et_pb_section fb_built=&#8221;1&#8243; _builder_version=&#8221;4.16&#8243; _module_preset=&#8221;default&#8221; custom_margin=&#8221;0px||0px||false|false&#8221; custom_padding=&#8221;0px||0px||false|false&#8221; global_colors_info=&#8221;{}&#8221;][et_pb_row _builder_version=&#8221;4.16&#8243; _module_preset=&#8221;default&#8221; width=&#8221;100%&#8221; module_alignment=&#8221;right&#8221; custom_padding=&#8221;0px||0px||true|false&#8221; locked=&#8221;off&#8221; global_colors_info=&#8221;{}&#8221;][et_pb_column type=&#8221;4_4&#8243; _builder_version=&#8221;4.16&#8243; _module_preset=&#8221;default&#8221; background_enable_image=&#8221;off&#8221; global_colors_info=&#8221;{}&#8221;][et_pb_slider use_bg_overlay=&#8221;off&#8221; use_text_overlay=&#8221;off&#8221; dot_nav_custom_color=&#8221;#E02B20&#8243; module_id=&#8221;home-slider&#8221; _builder_version=&#8221;4.27.2&#8243; _module_preset=&#8221;default&#8221; header_level=&#8221;h5&#8243; header_font=&#8221;|800|||||||&#8221; header_text_align=&#8221;right&#8221; header_text_color=&#8221;#000000&#8243; body_font=&#8221;||||||||&#8221; body_text_align=&#8221;right&#8221; body_text_color=&#8221;#000000&#8243; body_line_height=&#8221;1.2em&#8221; background_enable_color=&#8221;off&#8221; custom_button=&#8221;on&#8221; button_text_size=&#8221;18px&#8221; button_bg_color=&#8221;#21aa6b&#8221; button_border_width=&#8221;0px&#8221; button_border_radius=&#8221;26px&#8221; button_font=&#8221;||||||||&#8221; button_alignment=&#8221;right&#8221; button_custom_margin=&#8221;30px||||false|false&#8221; button_custom_padding=&#8221;3px||3px||false|false&#8221; text_orientation=&#8221;right&#8221; width=&#8221;100%&#8221; max_width=&#8221;100%&#8221; module_alignment=&#8221;right&#8221; min_height=&#8221;550px&#8221; height=&#8221;550px&#8221; max_height=&#8221;550px&#8221; custom_margin=&#8221;0px|0px|0px||false|false&#8221; custom_padding=&#8221;60px|0px|60px||true|false&#8221; auto=&#8221;on&#8221; auto_speed=&#8221;20000&#8243; hover_enabled=&#8221;0&#8243; global_colors_info=&#8221;{}&#8221; sticky_enabled=&#8221;0&#8243;][et_pb_slide button_text=&#8221;saber mais&#8221; button_link=&#8221;https:\/\/www.groupeguillin.fr\/pt-pt\/quem-somos\/&#8221; use_bg_overlay=&#8221;off&#8221; use_text_overlay=&#8221;off&#8221; _builder_version=&#8221;4.27.0&#8243; _module_preset=&#8221;default&#8221; header_text_align=&#8221;right&#8221; header_text_color=&#8221;#21aa6b&#8221; header_font_size=&#8221;2.3vw&#8221; body_text_color=&#8221;#000000&#8243; background_color=&#8221;#ffffff&#8221; background_enable_color=&#8221;on&#8221; background_enable_image=&#8221;off&#8221; background_video_mp4=&#8221;https:\/\/www.groupeguillin.fr\/wp-content\/uploads\/2020\/10\/GUILLIN_Phase01_Format_HD_V4_sansGUILLIN.mp4&#8243; background_enable_video_mp4=&#8221;on&#8221; background_video_pause_outside_viewport=&#8221;off&#8221; button_alignment=&#8221;right&#8221; width=&#8221;100%&#8221; header_text_color_tablet=&#8221;&#8221; header_text_color_phone=&#8221;&#8221; header_text_color_last_edited=&#8221;on|phone&#8221; header_font_size_tablet=&#8221;&#8221; header_font_size_phone=&#8221;30px&#8221; header_font_size_last_edited=&#8221;on|desktop&#8221; background_last_edited=&#8221;on|phone&#8221; background_video_mp4_phone=&#8221;https:\/\/www.groupeguillin.fr\/wp-content\/uploads\/2020\/11\/GUILLIN_Phase01_Format_HD_V4_sansGUILLIN-Mobile-8s.mp4&#8243; background_enable_video_mp4_phone=&#8221;on&#8221; global_colors_info=&#8221;{}&#8221; title_text_phone=&#8221;GUILLIN_Phase01_Format_HD_V4_sansGUILLIN-Mobile-8s&#8221; sticky_transition=&#8221;on&#8221;]<span class=\"hp-slide-title title-green\">CRIAMOS SOLU\u00c7\u00d5ES DE EMBALAGEM ALIMENTAR RESPONS\u00c1VEIS \u00daNICAS NA EUROPA<\/span>[\/et_pb_slide][et_pb_slide button_text=&#8221;saber mais&#8221; button_link=&#8221;@ET-DC@eyJkeW5hbWljIjp0cnVlLCJjb250ZW50IjoicG9zdF9saW5rX3VybF9wYWdlIiwic2V0dGluZ3MiOnsicG9zdF9pZCI6IjE1MzU4In19@&#8221; use_bg_overlay=&#8221;off&#8221; use_text_overlay=&#8221;off&#8221; _builder_version=&#8221;4.27.0&#8243; _dynamic_attributes=&#8221;button_link&#8221; _module_preset=&#8221;default&#8221; header_text_align=&#8221;right&#8221; header_text_color=&#8221;#21aa6b&#8221; header_font_size=&#8221;2.3vw&#8221; body_text_color=&#8221;#000000&#8243; background_enable_color=&#8221;off&#8221; background_image=&#8221;https:\/\/www.groupeguillin.fr\/wp-content\/uploads\/2023\/06\/230117AMD_2JML3484-scaled-1.jpg&#8221; background_enable_image=&#8221;on&#8221; background_position=&#8221;center_left&#8221; button_alignment=&#8221;right&#8221; header_font_size_tablet=&#8221;&#8221; header_font_size_phone=&#8221;30px&#8221; header_font_size_last_edited=&#8221;on|desktop&#8221; global_colors_info=&#8221;{}&#8221; sticky_transition=&#8221;on&#8221;]<\/p>\n<p><span class=\"hp-slide-title title-green\">PARTENARIAT FABRICE AMEDEO<\/span><\/p>\n<p><span class=\"hp-slide-subtitle\" style=\"color: #000000;\">D\u00e9couvrez les derni\u00e8res actus<\/span><\/p>\n<p>Journal de bord, calendrier des courses, vocabulaire, et bien plus encore&#8230;<\/p>\n<p>[\/et_pb_slide][et_pb_slide button_text=&#8221;saber mais&#8221; button_link=&#8221;https:\/\/www.groupeguillin.fr\/pt-pt\/ambiente\/&#8221; use_bg_overlay=&#8221;off&#8221; use_text_overlay=&#8221;off&#8221; _builder_version=&#8221;4.27.0&#8243; _module_preset=&#8221;default&#8221; header_level=&#8221;h5&#8243; header_font=&#8221;||||||||&#8221; header_text_align=&#8221;right&#8221; header_text_color=&#8221;#1b81b4&#8243; header_font_size=&#8221;2.3vw&#8221; body_font=&#8221;||||||||&#8221; body_text_color=&#8221;#000000&#8243; background_enable_color=&#8221;off&#8221; background_image=&#8221;https:\/\/www.groupeguillin.fr\/wp-content\/uploads\/2022\/10\/carousel-POP.jpg&#8221; background_enable_image=&#8221;on&#8221; custom_button=&#8221;on&#8221; button_bg_color=&#8221;#1b81b4&#8243; button_alignment=&#8221;right&#8221; header_font_size_tablet=&#8221;&#8221; header_font_size_phone=&#8221;30px&#8221; header_font_size_last_edited=&#8221;on|phone&#8221; background_last_edited=&#8221;on|phone&#8221; background_image_phone=&#8221;https:\/\/www.groupeguillin.fr\/wp-content\/uploads\/2020\/11\/fond_ocean_canto_header_mobile-1024&#215;390.jpg&#8221; background_enable_image_phone=&#8221;on&#8221; global_colors_info=&#8221;{}&#8221; title_text_phone=&#8221;fond_ocean_canto_header_mobile&#8221; sticky_transition=&#8221;on&#8221;]<\/p>\n<p><span class=\"hp-slide-title title-blue\">JUNTOS, FA\u00c7AMOS DO PL\u00c1STICO A SUA PR\u00d3PRIA MAT\u00c9RIA-PRIMA<\/span><\/p>\n<p>Uma parceria exclusiva com a Prevented Ocean PlasticTM para integrar nas nossas embalagens um pl\u00e1stico reciclado de elevada qualidade<\/p>\n<p>[\/et_pb_slide][\/et_pb_slider][\/et_pb_column][\/et_pb_row][\/et_pb_section][et_pb_section fb_built=&#8221;1&#8243; _builder_version=&#8221;4.16&#8243; _module_preset=&#8221;default&#8221; background_color=&#8221;#ededed&#8221; custom_padding=&#8221;0px||0px||false|false&#8221; global_colors_info=&#8221;{}&#8221;][et_pb_row column_structure=&#8221;1_3,1_3,1_3&#8243; _builder_version=&#8221;4.16&#8243; _module_preset=&#8221;default&#8221; max_width=&#8221;1600px&#8221; custom_padding=&#8221;40px||40px||true|false&#8221; global_colors_info=&#8221;{}&#8221;][et_pb_column type=&#8221;1_3&#8243; _builder_version=&#8221;4.16&#8243; _module_preset=&#8221;default&#8221; background_image=&#8221;https:\/\/www.groupeguillin.fr\/wp-content\/uploads\/2020\/09\/guillin_benoit_siegfried-1-1024&#215;683.jpg&#8221; border_radii=&#8221;on|25px|25px|25px|25px&#8221; global_colors_info=&#8221;{}&#8221;][et_pb_text module_class=&#8221;bloc-image-titre-hp&#8221; _builder_version=&#8221;4.27.0&#8243; _module_preset=&#8221;default&#8221; text_font=&#8221;|800|||||||&#8221; text_text_color=&#8221;#FFFFFF&#8221; text_font_size=&#8221;30px&#8221; text_line_height=&#8221;1em&#8221; header_2_font=&#8221;|700|||||||&#8221; header_2_text_align=&#8221;center&#8221; header_2_text_color=&#8221;#ffffff&#8221; header_2_font_size=&#8221;30px&#8221; background_enable_color=&#8221;off&#8221; use_background_color_gradient=&#8221;on&#8221; background_color_gradient_type=&#8221;circular&#8221; background_color_gradient_stops=&#8221;rgba(0,0,0,0.4) 0%|rgba(0,0,0,0.4) 100%&#8221; background_color_gradient_start=&#8221;rgba(0,0,0,0.4)&#8221; background_color_gradient_end=&#8221;rgba(0,0,0,0.4)&#8221; background_enable_image=&#8221;off&#8221; text_orientation=&#8221;center&#8221; module_alignment=&#8221;left&#8221; min_height=&#8221;240px&#8221; custom_padding=&#8221;||||false|false&#8221; animation_style=&#8221;fade&#8221; link_option_url=&#8221;https:\/\/www.groupeguillin.fr\/pt-pt\/inovacao-e-design\/&#8221; custom_css_main_element=&#8221;display: flex; \/* contexte sur le parent *\/||  flex-direction: column; \/* direction d&#8217;affichage verticale *\/||  justify-content: center; \/* alignement vertical *\/&#8221; border_radii=&#8221;on|24px|24px|24px|24px&#8221; global_colors_info=&#8221;{}&#8221; background__hover_enabled=&#8221;on|desktop&#8221; background_color_gradient_overlays_image__hover=&#8221;off&#8221; background_color_gradient_start__hover=&#8221;rgba(255,255,255,0.8)&#8221; header_2_text_color__hover_enabled=&#8221;off|hover&#8221; header_2_text_color__hover=&#8221;#25a870&#8243; background_color_gradient_end__hover=&#8221;rgba(226,226,226,0.8)&#8221; null__hover=&#8221;rgba(255,255,255,0.82)&#8221; background_color_gradient_stops__hover=&#8221;rgba(255,255,255,0.8) 0%|rgba(226,226,226,0.8) 100%&#8221;]<\/p>\n<p>INOVA\u00c7\u00c3O &amp; DESIGN<\/p>\n<p>[\/et_pb_text][\/et_pb_column][et_pb_column type=&#8221;1_3&#8243; _builder_version=&#8221;4.16&#8243; _module_preset=&#8221;default&#8221; background_image=&#8221;https:\/\/www.groupeguillin.fr\/wp-content\/uploads\/2020\/09\/guillin_benoit_siegfried-10-1024&#215;683.jpg&#8221; border_radii=&#8221;on|25px|25px|25px|25px&#8221; global_colors_info=&#8221;{}&#8221;][et_pb_text module_class=&#8221;bloc-image-titre-hp&#8221; _builder_version=&#8221;4.27.0&#8243; _module_preset=&#8221;default&#8221; text_font=&#8221;|800||on|||||&#8221; text_text_color=&#8221;#FFFFFF&#8221; text_font_size=&#8221;30px&#8221; text_line_height=&#8221;1em&#8221; header_2_font=&#8221;|700|||||||&#8221; header_2_text_align=&#8221;center&#8221; header_2_text_color=&#8221;#ffffff&#8221; header_2_font_size=&#8221;30px&#8221; background_enable_color=&#8221;off&#8221; use_background_color_gradient=&#8221;on&#8221; background_color_gradient_type=&#8221;circular&#8221; background_color_gradient_stops=&#8221;rgba(0,0,0,0.4) 0%|rgba(0,0,0,0.4) 100%&#8221; background_color_gradient_start=&#8221;rgba(0,0,0,0.4)&#8221; background_color_gradient_end=&#8221;rgba(0,0,0,0.4)&#8221; background_enable_image=&#8221;off&#8221; text_orientation=&#8221;center&#8221; module_alignment=&#8221;left&#8221; min_height=&#8221;240px&#8221; custom_padding=&#8221;||||false|false&#8221; animation_style=&#8221;fade&#8221; link_option_url=&#8221;https:\/\/www.groupeguillin.fr\/pt-pt\/atividades-e-servicos\/&#8221; custom_css_main_element=&#8221;display: flex; \/* contexte sur le parent *\/||  flex-direction: column; \/* direction d&#8217;affichage verticale *\/||  justify-content: center; \/* alignement vertical *\/&#8221; border_radii=&#8221;on|24px|24px|24px|24px&#8221; global_colors_info=&#8221;{}&#8221; background_color_gradient_start__hover=&#8221;rgba(255,255,255,0.8)&#8221; background_color_gradient_overlays_image__hover=&#8221;off&#8221; header_2_text_color__hover=&#8221;#25a870&#8243; header_2_text_color__hover_enabled=&#8221;off|hover&#8221; background_color_gradient_end__hover=&#8221;rgba(226,226,226,0.8)&#8221; background__hover_enabled=&#8221;on|desktop&#8221; background_color_gradient_stops__hover=&#8221;rgba(255,255,255,0.8) 0%|rgba(226,226,226,0.8) 100%&#8221;]<\/p>\n<p>DESEMPENHO &amp; MANUTEN\u00c7\u00c3O<\/p>\n<p>[\/et_pb_text][\/et_pb_column][et_pb_column type=&#8221;1_3&#8243; _builder_version=&#8221;4.16&#8243; _module_preset=&#8221;default&#8221; background_image=&#8221;https:\/\/www.groupeguillin.fr\/wp-content\/uploads\/2020\/09\/responsabilite-et-environnement-1-1024&#215;683.jpg&#8221; border_radii=&#8221;on|25px|25px|25px|25px&#8221; global_colors_info=&#8221;{}&#8221;][et_pb_text module_class=&#8221;bloc-image-titre-hp&#8221; _builder_version=&#8221;4.27.0&#8243; _module_preset=&#8221;default&#8221; text_font=&#8221;|800||on|||||&#8221; text_text_color=&#8221;#FFFFFF&#8221; text_font_size=&#8221;30px&#8221; text_line_height=&#8221;1em&#8221; header_2_font=&#8221;|700|||||||&#8221; header_2_text_align=&#8221;center&#8221; header_2_text_color=&#8221;#ffffff&#8221; header_2_font_size=&#8221;30px&#8221; background_enable_color=&#8221;off&#8221; use_background_color_gradient=&#8221;on&#8221; background_color_gradient_type=&#8221;circular&#8221; background_color_gradient_stops=&#8221;rgba(0,0,0,0.4) 0%|rgba(10,10,10,0.4) 100%&#8221; background_color_gradient_start=&#8221;rgba(0,0,0,0.4)&#8221; background_color_gradient_end=&#8221;rgba(10,10,10,0.4)&#8221; background_enable_image=&#8221;off&#8221; text_orientation=&#8221;center&#8221; module_alignment=&#8221;left&#8221; min_height=&#8221;240px&#8221; custom_padding=&#8221;||||false|false&#8221; animation_style=&#8221;fade&#8221; link_option_url=&#8221;https:\/\/www.groupeguillin.fr\/pt-pt\/ambiente\/&#8221; custom_css_main_element=&#8221;display: flex; \/* contexte sur le parent *\/||  flex-direction: column; \/* direction d&#8217;affichage verticale *\/||  justify-content: center; \/* alignement vertical *\/&#8221; border_radii=&#8221;on|24px|24px|24px|24px&#8221; global_colors_info=&#8221;{}&#8221; background_color_gradient_start__hover=&#8221;rgba(255,255,255,0.8)&#8221; background_color_gradient_overlays_image__hover=&#8221;off&#8221; header_2_text_color__hover=&#8221;#25a870&#8243; header_2_text_color__hover_enabled=&#8221;off|hover&#8221; background_color_gradient_end__hover=&#8221;rgba(226,226,226,0.8)&#8221; background__hover_enabled=&#8221;on|hover&#8221; background_color_gradient_stops__hover=&#8221;rgba(255,255,255,0.8) 0%|rgba(226,226,226,0.8) 100%&#8221;]<\/p>\n<h2>RESPONSABILIDADE &amp; AMBIENTE<\/h2>\n<p>[\/et_pb_text][\/et_pb_column][\/et_pb_row][\/et_pb_section][et_pb_section fb_built=&#8221;1&#8243; module_class=&#8221;solutions-presentation&#8221; _builder_version=&#8221;4.16&#8243; _module_preset=&#8221;default&#8221; custom_padding=&#8221;0px||20px||false|false&#8221; saved_tabs=&#8221;all&#8221; locked=&#8221;off&#8221; global_colors_info=&#8221;{}&#8221;][et_pb_row _builder_version=&#8221;4.16&#8243; _module_preset=&#8221;default&#8221; custom_padding=&#8221;30px||0px||false|false&#8221; global_colors_info=&#8221;{}&#8221;][et_pb_column type=&#8221;4_4&#8243; _builder_version=&#8221;4.16&#8243; _module_preset=&#8221;default&#8221; global_colors_info=&#8221;{}&#8221;][et_pb_text _builder_version=&#8221;4.27.0&#8243; _module_preset=&#8221;default&#8221; text_font=&#8221;|800|||||||&#8221; header_2_font=&#8221;|700|||||||&#8221; header_2_text_align=&#8221;center&#8221; header_2_font_size=&#8221;28px&#8221; header_3_font=&#8221;|700|||||||&#8221; header_3_text_align=&#8221;center&#8221; header_3_font_size=&#8221;28px&#8221; module_alignment=&#8221;center&#8221; custom_margin=&#8221;0px||0px||false|false&#8221; custom_padding=&#8221;0px||0px||false|false&#8221; global_colors_info=&#8221;{}&#8221;]<\/p>\n<h2 style=\"text-align: center;\">AS NOSSAS SOLU\u00c7\u00d5ES<\/h2>\n<p>[\/et_pb_text][\/et_pb_column][\/et_pb_row][et_pb_row use_custom_gutter=&#8221;on&#8221; gutter_width=&#8221;1&#8243; _builder_version=&#8221;4.16&#8243; _module_preset=&#8221;default&#8221; background_enable_color=&#8221;off&#8221; width=&#8221;100%&#8221; module_alignment=&#8221;center&#8221; custom_padding=&#8221;0px||20px||false|false&#8221; global_colors_info=&#8221;{}&#8221;][et_pb_column type=&#8221;4_4&#8243; _builder_version=&#8221;4.16&#8243; _module_preset=&#8221;default&#8221; global_colors_info=&#8221;{}&#8221;][et_pb_code _builder_version=&#8221;4.16&#8243; _module_preset=&#8221;default&#8221; module_alignment=&#8221;center&#8221; custom_css_main_element=&#8221;text-align:center;&#8221; global_colors_info=&#8221;{}&#8221;]<select style=\"width: 400px;\" onchange=\"location = this.value;\"><!-- [et_pb_line_break_holder] --><option>Encontre a solu\u00e7\u00e3o que melhor se adapta \u00e0 sua atividade<\/option><!-- [et_pb_line_break_holder] --><option value=\"gms\">&#8211; GMS &#8211;<\/option><!-- [et_pb_line_break_holder] --><option value=\"gms\">GMS se\u00e7\u00e3o padaria\/pastelaria\/do\u00e7aria<\/option><!-- [et_pb_line_break_holder] --><option value=\"gms\">GMS se\u00e7\u00e3o de delicatessen frescos \/ cortes frescos<\/option><!-- [et_pb_line_break_holder] --><option value=\"gms\">GMS se\u00e7\u00e3o de delicatessen quente<\/option><!-- [et_pb_line_break_holder] --><option value=\"gms\">GMS se\u00e7\u00e3o carne\/peixe<\/option><!-- [et_pb_line_break_holder] --><option value=\"gms\">GMS se\u00e7\u00e3o queijo\/leitaria<\/option><!-- [et_pb_line_break_holder] --><option value=\"commerce-traditionnel\">&#8211; Com\u00e9rcio tradicional &#8211;<\/option><!-- [et_pb_line_break_holder] --><option value=\"commerce-traditionnel\">Padeiro \/ pasteleiro artesanal<\/option><!-- [et_pb_line_break_holder] --><option value=\"commerce-traditionnel\">Catering quente ou frio artesanal<\/option><!-- [et_pb_line_break_holder] --><option value=\"commerce-traditionnel\">Talhante \/ salsicheiro artesanal<\/option><!-- [et_pb_line_break_holder] --><option value=\"commerce-traditionnel\">Distribuidor alimentar\/loi\u00e7a de cozinha\/material de cozinha<\/option><!-- [et_pb_line_break_holder] --><option value=\"commerce-traditionnel\">Distribuidor de produtos de higiene para todo o tipo de com\u00e9rcio<\/option><!-- [et_pb_line_break_holder] --><option value=\"commerce-traditionnel\">Estabelecimento cash &#038; carry de com\u00e9rcio tradicional<\/option><!-- [et_pb_line_break_holder] --><option value=\"commerce-traditionnel\">Grupo de compra com\u00e9rcio tradicional<\/option><!-- [et_pb_line_break_holder] --><option value=\"restauration-commerciale\">&#8211; Restaura\u00e7\u00e3o comercial &#8211;<\/option><!-- [et_pb_line_break_holder] --><option value=\"restauration-commerciale\">Cadeia de restaura\u00e7\u00e3o<\/option><!-- [et_pb_line_break_holder] --><option value=\"restauration-commerciale\">Restaurador independente<\/option><!-- [et_pb_line_break_holder] --><option value=\"restauration-commerciale\">Restaura\u00e7\u00e3o para entrega<\/option><!-- [et_pb_line_break_holder] --><option value=\"restauration-commerciale\">Estabelecimento cash &#038; carry de restaura\u00e7\u00e3o comercial<\/option><!-- [et_pb_line_break_holder] --><option value=\"restauration-commerciale\">Distribuidor de produtos de higiene para restaura\u00e7\u00e3o<\/option><!-- [et_pb_line_break_holder] --><option value=\"fruits-et-legumes\">&#8211; Frutas e legumes &#8211;<\/option><!-- [et_pb_line_break_holder] --><option value=\"fruits-et-legumes\">Acondicionador de frutas e legumes<\/option><!-- [et_pb_line_break_holder] --><option value=\"fruits-et-legumes\">Produtor de frutas e legumes<\/option><!-- [et_pb_line_break_holder] --><option value=\"fruits-et-legumes\">Distribuidor de frutas e legumes<\/option><!-- [et_pb_line_break_holder] --><option value=\"fruits-et-legumes\">Grupo de vendas frutas e legumes<\/option><!-- [et_pb_line_break_holder] --><option value=\"industrie-agro-alimentaire\">&#8211; Ind\u00fastria Agroalimentar &#8211;<\/option><!-- [et_pb_line_break_holder] --><option value=\"industrie-agro-alimentaire\">Industrial de carne\/peixe\/charcutaria<\/option><!-- [et_pb_line_break_holder] --><option value=\"industrie-agro-alimentaire\">Industrial de refei\u00e7\u00f5es prontas \/ massas frescas<\/option><!-- [et_pb_line_break_holder] --><option value=\"industrie-agro-alimentaire\">Industrial de saladas preparadas<\/option><!-- [et_pb_line_break_holder] --><option value=\"industrie-agro-alimentaire\">Industrial de sushi<\/option><!-- [et_pb_line_break_holder] --><option value=\"industrie-agro-alimentaire\">Industrial de sobremesas\/pastelaria\/biscoitos<\/option><!-- [et_pb_line_break_holder] --><option value=\"industrie-agro-alimentaire\">Industrial de frutas cortadas<\/option><!-- [et_pb_line_break_holder] --><option value=\"industrie-agro-alimentaire\">Industrial de produtos l\u00e1cteos<\/option><!-- [et_pb_line_break_holder] --><option value=\"industrie-agro-alimentaire\">Industrial de congelados\/refrigerados<\/option><!-- [et_pb_line_break_holder] --><option value=\"industrie-agro-alimentaire\">Industrial de frutos secos\/aperitivos<\/option><!-- [et_pb_line_break_holder] --><option value=\"restauration-collective\">&#8211; Restaura\u00e7\u00e3o coletiva &#8211;<\/option><!-- [et_pb_line_break_holder] --><option value=\"restauration-collective\">Restaura\u00e7\u00e3o hospitalar<\/option><!-- [et_pb_line_break_holder] --><option value=\"restauration-collective\">Restaura\u00e7\u00e3o escolar<\/option><!-- [et_pb_line_break_holder] --><option value=\"restauration-collective\">Restaura\u00e7\u00e3o em lares<\/option><!-- [et_pb_line_break_holder] --><option value=\"restauration-collective\">Restaura\u00e7\u00e3o em estabelecimentos prisionais<\/option><!-- [et_pb_line_break_holder] --><option value=\"restauration-collective\">Restaura\u00e7\u00e3o de lazer<\/option><!-- [et_pb_line_break_holder] --><\/select>[\/et_pb_code][\/et_pb_column][\/et_pb_row][et_pb_row column_structure=&#8221;1_3,1_3,1_3&#8243; _builder_version=&#8221;4.16&#8243; _module_preset=&#8221;default&#8221; max_width=&#8221;1600px&#8221; custom_margin=&#8221;17px|auto||auto||&#8221; custom_padding=&#8221;0px||0px||true|false&#8221; custom_css_main_element=&#8221;align-items: center;&#8221; global_colors_info=&#8221;{}&#8221;][et_pb_column type=&#8221;1_3&#8243; _builder_version=&#8221;4.16&#8243; _module_preset=&#8221;default&#8221; background_image=&#8221;https:\/\/www.groupeguillin.fr\/wp-content\/uploads\/2020\/11\/GMS-crop-1024&#215;1005.jpg&#8221; background_size=&#8221;contain&#8221; background_position=&#8221;center_left&#8221; custom_padding_phone=&#8221;||0px||false|false&#8221; custom_padding_last_edited=&#8221;off|phone&#8221; custom_css_main_element=&#8221;margin: auto;&#8221; border_radii=&#8221;on|25px|25px|25px|25px&#8221; global_colors_info=&#8221;{}&#8221; custom_css_main_element_last_edited=&#8221;on|phone&#8221; custom_css_main_element_phone=&#8221;margin-bottom:30px;&#8221; custom_css_main_element_tablet=&#8221;margin: auto;&#8221;][et_pb_text module_class=&#8221;texte-solution&#8221; _builder_version=&#8221;4.27.0&#8243; _module_preset=&#8221;default&#8221; header_2_font=&#8221;|700|||||||&#8221; header_2_text_align=&#8221;left&#8221; header_2_text_color=&#8221;#ffffff&#8221; header_2_font_size=&#8221;35px&#8221; header_3_font=&#8221;|800|||||||&#8221; header_3_text_align=&#8221;right&#8221; header_3_text_color=&#8221;#FFFFFF&#8221; header_3_font_size=&#8221;20px&#8221; header_4_font=&#8221;|800|||||||&#8221; header_4_text_align=&#8221;right&#8221; header_4_text_color=&#8221;#ffffff&#8221; header_4_font_size=&#8221;20px&#8221; background_color=&#8221;#f15c5e&#8221; background_enable_image=&#8221;off&#8221; width=&#8221;50%&#8221; module_alignment=&#8221;right&#8221; min_height=&#8221;250px&#8221; custom_padding=&#8221;|10px||10px|false|false&#8221; header_2_text_shadow_style=&#8221;preset1&#8243; header_2_text_shadow_color=&#8221;rgba(0,0,0,0.27)&#8221; border_radii=&#8221;on|24px|24px|24px|24px&#8221; global_colors_info=&#8221;{}&#8221;]<\/p>\n<h3><a href=\"https:\/\/www.groupeguillin.fr\/pt-pt\/grandes-e-medias-superficies\/\">GRANDES E M\u00c9DIAS SUPERF\u00cdCIES<\/a><\/h3>\n<p>[\/et_pb_text][\/et_pb_column][et_pb_column type=&#8221;1_3&#8243; _builder_version=&#8221;4.16&#8243; _module_preset=&#8221;default&#8221; background_image=&#8221;https:\/\/www.groupeguillin.fr\/wp-content\/uploads\/2020\/11\/Restauration-commerciale-recadre-1024&#215;683.jpg&#8221; custom_padding_tablet=&#8221;&#8221; custom_padding_phone=&#8221;&#8221; custom_padding_last_edited=&#8221;on|desktop&#8221; border_radii=&#8221;on|25px|25px|25px|25px&#8221; global_colors_info=&#8221;{}&#8221;][et_pb_text module_class=&#8221;texte-solution&#8221; _builder_version=&#8221;4.27.0&#8243; _module_preset=&#8221;default&#8221; header_2_font=&#8221;|700|||||||&#8221; header_2_text_align=&#8221;left&#8221; header_2_text_color=&#8221;#ffffff&#8221; header_2_font_size=&#8221;35px&#8221; header_3_font=&#8221;|800|||||||&#8221; header_3_text_align=&#8221;right&#8221; header_3_text_color=&#8221;#FFFFFF&#8221; header_3_font_size=&#8221;20px&#8221; header_4_font=&#8221;|800|||||||&#8221; header_4_text_align=&#8221;right&#8221; header_4_text_color=&#8221;#ffffff&#8221; header_4_font_size=&#8221;20px&#8221; background_color=&#8221;#00a569&#8243; background_enable_image=&#8221;off&#8221; width=&#8221;50%&#8221; module_alignment=&#8221;right&#8221; min_height=&#8221;250px&#8221; custom_padding=&#8221;|10px||10px|false|false&#8221; custom_css_main_element=&#8221;margin&#8221; header_2_text_shadow_style=&#8221;preset1&#8243; header_2_text_shadow_color=&#8221;rgba(0,0,0,0.27)&#8221; border_radii=&#8221;on|24px|24px|24px|24px&#8221; global_colors_info=&#8221;{}&#8221;]<\/p>\n<h3><a href=\"https:\/\/www.groupeguillin.fr\/pt-pt\/restauracao-comercial\/\">RESTAURA\u00c7\u00c3O COMERCIAL<\/a><\/h3>\n<p>[\/et_pb_text][\/et_pb_column][et_pb_column type=&#8221;1_3&#8243; _builder_version=&#8221;4.16&#8243; _module_preset=&#8221;default&#8221; background_image=&#8221;https:\/\/www.groupeguillin.fr\/wp-content\/uploads\/2020\/12\/Commerce-tradi-recadre-homepage-V3-1024&#215;683.jpg&#8221; background_position=&#8221;center_left&#8221; border_radii=&#8221;on|25px|25px|25px|25px&#8221; global_colors_info=&#8221;{}&#8221;][et_pb_text module_class=&#8221;texte-solution&#8221; _builder_version=&#8221;4.27.0&#8243; _module_preset=&#8221;default&#8221; header_2_font=&#8221;|700|||||||&#8221; header_2_text_align=&#8221;left&#8221; header_2_text_color=&#8221;#ffffff&#8221; header_2_font_size=&#8221;35px&#8221; header_3_font=&#8221;|800|||||||&#8221; header_3_text_align=&#8221;right&#8221; header_3_text_color=&#8221;#FFFFFF&#8221; header_3_font_size=&#8221;20px&#8221; header_4_font=&#8221;|800|||||||&#8221; header_4_text_align=&#8221;right&#8221; header_4_text_color=&#8221;#ffffff&#8221; header_4_font_size=&#8221;20px&#8221; background_color=&#8221;#6cbe52&#8243; background_enable_image=&#8221;off&#8221; width=&#8221;50%&#8221; module_alignment=&#8221;right&#8221; min_height=&#8221;250px&#8221; custom_padding=&#8221;|10px||10px|false|false&#8221; custom_css_main_element=&#8221;margin&#8221; header_2_text_shadow_style=&#8221;preset1&#8243; header_2_text_shadow_color=&#8221;rgba(0,0,0,0.27)&#8221; border_radii=&#8221;on|24px|24px|24px|24px&#8221; global_colors_info=&#8221;{}&#8221;]<\/p>\n<h3><a href=\"https:\/\/www.groupeguillin.fr\/pt-pt\/comercio-tradicional\/\">COM\u00c9RCIO TRADICIONAL<\/a><\/h3>\n<p>[\/et_pb_text][\/et_pb_column][\/et_pb_row][et_pb_row column_structure=&#8221;1_3,1_3,1_3&#8243; _builder_version=&#8221;4.16&#8243; _module_preset=&#8221;default&#8221; max_width=&#8221;1600px&#8221; custom_margin=&#8221;||||false|false&#8221; custom_padding=&#8221;30px||30px||true|false&#8221; custom_css_main_element=&#8221;align-items: center;&#8221; global_colors_info=&#8221;{}&#8221;][et_pb_column type=&#8221;1_3&#8243; _builder_version=&#8221;4.16&#8243; _module_preset=&#8221;default&#8221; background_image=&#8221;https:\/\/www.groupeguillin.fr\/wp-content\/uploads\/2020\/08\/Clamipack-myrtilles-72-dpi-2.jpg&#8221; custom_css_main_element=&#8221;margin: auto;&#8221; border_radii=&#8221;on|25px|25px|25px|25px&#8221; global_colors_info=&#8221;{}&#8221; custom_css_main_element_last_edited=&#8221;on|phone&#8221; custom_css_main_element_phone=&#8221;margin-bottom:30px;&#8221; custom_css_main_element_tablet=&#8221;margin: auto;&#8221;][et_pb_text module_id=&#8221;fl&#8221; module_class=&#8221;texte-solution&#8221; _builder_version=&#8221;4.27.0&#8243; _module_preset=&#8221;default&#8221; link_text_align=&#8221;right&#8221; header_2_font=&#8221;|700|||||||&#8221; header_2_text_align=&#8221;left&#8221; header_2_text_color=&#8221;#ffffff&#8221; header_2_font_size=&#8221;35px&#8221; header_3_font=&#8221;|800|||||||&#8221; header_3_text_align=&#8221;right&#8221; header_3_text_color=&#8221;#FFFFFF&#8221; header_3_font_size=&#8221;20px&#8221; header_4_font=&#8221;|800|||||||&#8221; header_4_text_align=&#8221;right&#8221; header_4_text_color=&#8221;#ffffff&#8221; header_4_font_size=&#8221;20px&#8221; background_color=&#8221;#1b81b4&#8243; background_enable_image=&#8221;off&#8221; width=&#8221;50%&#8221; module_alignment=&#8221;right&#8221; min_height=&#8221;250px&#8221; custom_padding=&#8221;|10px||10px|false|false&#8221; header_2_text_shadow_style=&#8221;preset1&#8243; header_2_text_shadow_color=&#8221;rgba(0,0,0,0.27)&#8221; border_radii=&#8221;on|24px|24px|24px|24px&#8221; global_colors_info=&#8221;{}&#8221;]<\/p>\n<h3 style=\"text-align: right;\"><a href=\"https:\/\/www.groupeguillin.fr\/pt-pt\/frutas-e-legumes\/\">FRUTAS E LEGUMES<\/a><\/h3>\n<p>[\/et_pb_text][\/et_pb_column][et_pb_column type=&#8221;1_3&#8243; _builder_version=&#8221;4.16&#8243; _module_preset=&#8221;default&#8221; background_image=&#8221;https:\/\/www.groupeguillin.fr\/wp-content\/uploads\/2020\/08\/SHARPLOCK-Saumon-72-dpi-3.jpg&#8221; border_radii=&#8221;on|25px|25px|25px|25px&#8221; global_colors_info=&#8221;{}&#8221;][et_pb_text module_class=&#8221;texte-solution&#8221; _builder_version=&#8221;4.16&#8243; _module_preset=&#8221;default&#8221; header_2_font=&#8221;|700|||||||&#8221; header_2_text_align=&#8221;left&#8221; header_2_text_color=&#8221;#ffffff&#8221; header_2_font_size=&#8221;35px&#8221; header_4_font=&#8221;|800|||||||&#8221; header_4_text_align=&#8221;right&#8221; header_4_text_color=&#8221;#ffffff&#8221; header_4_font_size=&#8221;20px&#8221; background_color=&#8221;#f68b23&#8243; background_enable_image=&#8221;off&#8221; width=&#8221;50%&#8221; module_alignment=&#8221;right&#8221; min_height=&#8221;250px&#8221; custom_padding=&#8221;|10px||10px|false|false&#8221; custom_css_main_element=&#8221;margin&#8221; header_2_text_shadow_style=&#8221;preset1&#8243; header_2_text_shadow_color=&#8221;rgba(0,0,0,0.27)&#8221; border_radii=&#8221;on|24px|24px|24px|24px&#8221; global_colors_info=&#8221;{}&#8221;]<\/p>\n<h4 style=\"text-align: right;\"><a href=\"https:\/\/www.groupeguillin.fr\/pt-pt\/industria-agroalimentar\/\">IND\u00daSTRIA AGROALIMENTAR<\/a><\/h4>\n<p>[\/et_pb_text][\/et_pb_column][et_pb_column type=&#8221;1_3&#8243; _builder_version=&#8221;4.16&#8243; _module_preset=&#8221;default&#8221; background_image=&#8221;https:\/\/www.groupeguillin.fr\/wp-content\/uploads\/2020\/08\/KAOLIN-Plateau-repas-72-dpi-2-scaled.jpg&#8221; border_radii=&#8221;on|25px|25px|25px|25px&#8221; global_colors_info=&#8221;{}&#8221;][et_pb_text module_class=&#8221;texte-solution&#8221; _builder_version=&#8221;4.27.0&#8243; _module_preset=&#8221;default&#8221; header_2_font=&#8221;|700|||||||&#8221; header_2_text_align=&#8221;left&#8221; header_2_text_color=&#8221;#ffffff&#8221; header_2_font_size=&#8221;35px&#8221; header_3_font=&#8221;|800|||||||&#8221; header_3_text_align=&#8221;right&#8221; header_3_text_color=&#8221;#FFFFFF&#8221; header_3_font_size=&#8221;20px&#8221; header_4_font=&#8221;|800|||||||&#8221; header_4_text_align=&#8221;right&#8221; header_4_text_color=&#8221;#ffffff&#8221; header_4_font_size=&#8221;20px&#8221; background_color=&#8221;#99b1c4&#8243; background_enable_image=&#8221;off&#8221; width=&#8221;50%&#8221; module_alignment=&#8221;right&#8221; min_height=&#8221;250px&#8221; custom_padding=&#8221;|10px||10px|false|false&#8221; custom_css_main_element=&#8221;margin&#8221; header_2_text_shadow_style=&#8221;preset1&#8243; header_2_text_shadow_color=&#8221;rgba(0,0,0,0.27)&#8221; border_radii=&#8221;on|24px|24px|24px|24px&#8221; global_colors_info=&#8221;{}&#8221;]<\/p>\n<h3><a href=\"https:\/\/www.groupeguillin.fr\/pt-pt\/industria-agroalimentar\/\">RESTAURA\u00c7\u00c3O COLETIVA<\/a><\/h3>\n<p>[\/et_pb_text][\/et_pb_column][\/et_pb_row][\/et_pb_section][et_pb_section fb_built=&#8221;1&#8243; _builder_version=&#8221;4.16&#8243; _module_preset=&#8221;default&#8221; background_color=&#8221;#ededed&#8221; custom_margin=&#8221;0px||||false|false&#8221; custom_padding=&#8221;0px||0px||true|false&#8221; saved_tabs=&#8221;all&#8221; global_colors_info=&#8221;{}&#8221;][et_pb_row _builder_version=&#8221;4.16&#8243; _module_preset=&#8221;default&#8221; custom_padding=&#8221;30px||0px||false|false&#8221; global_colors_info=&#8221;{}&#8221;][et_pb_column type=&#8221;4_4&#8243; _builder_version=&#8221;4.16&#8243; _module_preset=&#8221;default&#8221; global_colors_info=&#8221;{}&#8221;][et_pb_text _builder_version=&#8221;4.27.0&#8243; _module_preset=&#8221;default&#8221; text_font=&#8221;|800|||||||&#8221; header_2_font=&#8221;|700|||||||&#8221; header_2_text_align=&#8221;center&#8221; header_2_font_size=&#8221;28px&#8221; header_3_font=&#8221;|700|||||||&#8221; header_3_text_align=&#8221;center&#8221; header_3_font_size=&#8221;28px&#8221; module_alignment=&#8221;center&#8221; custom_margin=&#8221;||||false|false&#8221; custom_padding=&#8221;||||false|false&#8221; global_colors_info=&#8221;{}&#8221;]<\/p>\n<h2 style=\"text-align: center;\">NOVIDADES<\/h2>\n<p>[\/et_pb_text][\/et_pb_column][\/et_pb_row][et_pb_row _builder_version=&#8221;4.16&#8243; _module_preset=&#8221;default&#8221; global_colors_info=&#8221;{}&#8221;][et_pb_column type=&#8221;4_4&#8243; _builder_version=&#8221;4.16&#8243; _module_preset=&#8221;default&#8221; global_colors_info=&#8221;{}&#8221;][et_pb_code _builder_version=&#8221;4.16&#8243; _module_preset=&#8221;default&#8221; global_colors_info=&#8221;{}&#8221;]<\/p>\n<div id=\"flockler-embed-18697698f65095a446880b336c228c91\">\u00a0<\/div>\n<p><!-- [et_pb_line_break_holder] --><!-- [et_pb_line_break_holder] --><!-- [et_pb_line_break_holder] --><pee><script src=\"https:\/\/plugins.flockler.com\/embed\/18697666fc40dcdd6a8a868204c67abd\/18697698f65095a446880b336c228c91\" async><\/script><\/pee>[\/et_pb_code][\/et_pb_column][\/et_pb_row][\/et_pb_section][et_pb_section fb_built=&#8221;1&#8243; _builder_version=&#8221;4.16&#8243; _module_preset=&#8221;default&#8221; custom_margin=&#8221;0px||0px||true|false&#8221; custom_padding=&#8221;0px||0px||true|false&#8221; global_colors_info=&#8221;{}&#8221;][et_pb_row column_structure=&#8221;3_5,2_5&#8243; use_custom_gutter=&#8221;on&#8221; gutter_width=&#8221;1&#8243; _builder_version=&#8221;4.16&#8243; _module_preset=&#8221;default&#8221; width=&#8221;100%&#8221; custom_padding=&#8221;0px||0px||true|false&#8221; global_colors_info=&#8221;{}&#8221;][et_pb_column type=&#8221;3_5&#8243; _builder_version=&#8221;4.16&#8243; _module_preset=&#8221;default&#8221; global_colors_info=&#8221;{}&#8221;][et_pb_image src=&#8221;https:\/\/www.groupeguillin.fr\/wp-content\/uploads\/2021\/07\/CARTE-IMPLANTATIONS-2025-1500&#215;1245-RVB.jpg&#8221; title_text=&#8221;CARTE IMPLANTATIONS-v2 60&#215;60 SCREEN 0621&#8243; force_fullwidth=&#8221;on&#8221; _builder_version=&#8221;4.16&#8243; _module_preset=&#8221;default&#8221; global_colors_info=&#8221;{}&#8221;][\/et_pb_image][\/et_pb_column][et_pb_column type=&#8221;2_5&#8243; _builder_version=&#8221;4.16&#8243; _module_preset=&#8221;default&#8221; background_color=&#8221;#21aa6b&#8221; custom_css_main_element=&#8221; display: flex; \/* contexte sur le parent *\/||  flex-direction: column; \/* direction d&#8217;affichage verticale *\/||  justify-content: center; \/* alignement vertical *\/&#8221; global_colors_info=&#8221;{}&#8221;][et_pb_text module_id=&#8221;hp-contact&#8221; _builder_version=&#8221;4.27.0&#8243; _module_preset=&#8221;default&#8221; text_font=&#8221;|700|||||||&#8221; text_text_color=&#8221;#FFFFFF&#8221; text_font_size=&#8221;24px&#8221; text_line_height=&#8221;1em&#8221; header_2_font=&#8221;|800|||||||&#8221; header_2_text_align=&#8221;center&#8221; header_2_text_color=&#8221;#FFFFFF&#8221; header_2_font_size=&#8221;46px&#8221; header_2_line_height=&#8221;1.1em&#8221; header_3_font=&#8221;|800|||||||&#8221; header_3_text_align=&#8221;center&#8221; header_3_text_color=&#8221;#ffffff&#8221; header_3_font_size=&#8221;46px&#8221; header_3_line_height=&#8221;1.1em&#8221; header_4_font=&#8221;||||||||&#8221; header_4_text_color=&#8221;#ffffff&#8221; header_4_font_size=&#8221;24px&#8221; width=&#8221;84%&#8221; module_alignment=&#8221;center&#8221; custom_margin=&#8221;20px||20px||true|false&#8221; header_3_font_size_tablet=&#8221;&#8221; header_3_font_size_phone=&#8221;30px&#8221; header_3_font_size_last_edited=&#8221;on|phone&#8221; header_4_font_size_tablet=&#8221;&#8221; header_4_font_size_phone=&#8221;20px&#8221; header_4_font_size_last_edited=&#8221;on|phone&#8221; global_colors_info=&#8221;{}&#8221;]<\/p>\n<h2 style=\"text-align: center;\">CONTACTE AS NOSSAS EMPRESAS<\/h2>\n<p style=\"text-align: center;\">Qualquer que seja o seu pa\u00eds ou a sua atividade, encontre o seu interlocutor na GUILLIN<\/p>\n<p>[\/et_pb_text][et_pb_button button_url=&#8221;https:\/\/www.groupeguillin.fr\/pt-pt\/empresas-e-instalacoes\/#liste-societes&#8221; button_text=&#8221;Entre em contacto connosco&#8221; button_alignment=&#8221;center&#8221; _builder_version=&#8221;4.16&#8243; _module_preset=&#8221;default&#8221; custom_button=&#8221;on&#8221; button_text_size=&#8221;15px&#8221; button_text_color=&#8221;#21aa6b&#8221; button_bg_color=&#8221;#ffffff&#8221; button_border_width=&#8221;0px&#8221; button_border_radius=&#8221;25px&#8221; button_font=&#8221;|600||on|||||&#8221; custom_margin=&#8221;0px||0px||false|false&#8221; custom_margin_tablet=&#8221;&#8221; custom_margin_phone=&#8221;||30px||false|false&#8221; custom_margin_last_edited=&#8221;on|phone&#8221; custom_padding=&#8221;4px||4px||true|false&#8221; locked=&#8221;off&#8221; global_colors_info=&#8221;{}&#8221;][\/et_pb_button][\/et_pb_column][\/et_pb_row][\/et_pb_section][et_pb_section fb_built=&#8221;1&#8243; _builder_version=&#8221;4.16&#8243; _module_preset=&#8221;default&#8221; custom_padding=&#8221;0px||0px||true|false&#8221; global_colors_info=&#8221;{}&#8221;][et_pb_row _builder_version=&#8221;4.16&#8243; _module_preset=&#8221;default&#8221; custom_padding=&#8221;30px||30px||true|false&#8221; global_colors_info=&#8221;{}&#8221;][et_pb_column type=&#8221;4_4&#8243; _builder_version=&#8221;4.16&#8243; _module_preset=&#8221;default&#8221; global_colors_info=&#8221;{}&#8221;][et_pb_text _builder_version=&#8221;4.27.0&#8243; _module_preset=&#8221;default&#8221; text_font=&#8221;|800|||||||&#8221; header_2_font=&#8221;|700|||||||&#8221; header_2_text_align=&#8221;center&#8221; header_2_font_size=&#8221;28px&#8221; header_3_font=&#8221;|700|||||||&#8221; header_3_text_align=&#8221;center&#8221; header_3_font_size=&#8221;28px&#8221; module_alignment=&#8221;center&#8221; custom_margin=&#8221;||0px||false|false&#8221; custom_padding=&#8221;||0px||false|false&#8221; global_colors_info=&#8221;{}&#8221;]<\/p>\n<h2>TESTEMUNHOS<\/h2>\n<p>[\/et_pb_text][\/et_pb_column][\/et_pb_row][et_pb_row column_structure=&#8221;1_2,1_2&#8243; _builder_version=&#8221;4.16&#8243; _module_preset=&#8221;default&#8221; global_colors_info=&#8221;{}&#8221;][et_pb_column type=&#8221;1_2&#8243; _builder_version=&#8221;4.16&#8243; _module_preset=&#8221;default&#8221; global_colors_info=&#8221;{}&#8221;][et_pb_testimonial author=&#8221;CHRISTOPHE DIENER&#8221; job_title=&#8221;Padaria DIENER, Saint-Brieuc&#8221; portrait_url=&#8221;data:image\/svg+xml;base64,PHN2ZyB3aWR0aD0iNTAwIiBoZWlnaHQ9IjUwMCIgdmlld0JveD0iMCAwIDUwMCA1MDAiIHhtbG5zPSJodHRwOi8vd3d3LnczLm9yZy8yMDAwL3N2ZyI+CiAgICA8ZyBmaWxsPSJub25lIiBmaWxsLXJ1bGU9ImV2ZW5vZGQiPgogICAgICAgIDxwYXRoIGZpbGw9IiNFQkVCRUIiIGQ9Ik0wIDBoNTAwdjUwMEgweiIvPgogICAgICAgIDxyZWN0IGZpbGwtb3BhY2l0eT0iLjEiIGZpbGw9IiMwMDAiIHg9IjY4IiB5PSIzMDUiIHdpZHRoPSIzNjQiIGhlaWdodD0iNTY4IiByeD0iMTgyIi8+CiAgICAgICAgPGNpcmNsZSBmaWxsLW9wYWNpdHk9Ii4xIiBmaWxsPSIjMDAwIiBjeD0iMjQ5IiBjeT0iMTcyIiByPSIxMDAiLz4KICAgIDwvZz4KPC9zdmc+Cg==&#8221; quote_icon_color=&#8221;#ffffff&#8221; quote_icon_background_color=&#8221;#25a870&#8243; portrait_width=&#8221;1px&#8221; portrait_height=&#8221;1px&#8221; use_icon_font_size=&#8221;on&#8221; icon_font_size=&#8221;50px&#8221; module_class=&#8221;temoignage-no-photo&#8221; _builder_version=&#8221;4.16&#8243; _module_preset=&#8221;default&#8221; body_font=&#8221;||||||||&#8221; body_text_align=&#8221;justify&#8221; author_text_color=&#8221;#25a870&#8243; author_font_size=&#8221;20px&#8221; position_font=&#8221;||||||||&#8221; position_text_color=&#8221;#25a870&#8243; background_color=&#8221;#ffffff&#8221; width=&#8221;80%&#8221; module_alignment=&#8221;center&#8221; custom_margin=&#8221;|||0px|false|false&#8221; custom_padding=&#8221;|||0px|false|false&#8221; global_colors_info=&#8221;{}&#8221;]<\/p>\n<p>J\u00e1 trabalho com a ALPHAFORM e com o Grupo GUILLIN h\u00e1 10 anos.<\/p>\n<p>Sempre que lan\u00e7o um produto necessito de embalagens novas, e por esse motivo solicito as mesmas \u00e0 ALPHAFORM, que responde com grande rapidez. Para mim, os seus pontos fortes s\u00e3o a capacidade de resposta, a adaptabilidade e a criatividade.<\/p>\n<p>[\/et_pb_testimonial][\/et_pb_column][et_pb_column type=&#8221;1_2&#8243; _builder_version=&#8221;4.16&#8243; _module_preset=&#8221;default&#8221; global_colors_info=&#8221;{}&#8221;][et_pb_testimonial author=&#8221;MICHEL CRUZ&#8221; job_title=&#8221;Cara\u00efbes Hygi\u00e8ne Emballage, Guadalupe&#8221; portrait_url=&#8221;data:image\/svg+xml;base64,PHN2ZyB3aWR0aD0iNTAwIiBoZWlnaHQ9IjUwMCIgdmlld0JveD0iMCAwIDUwMCA1MDAiIHhtbG5zPSJodHRwOi8vd3d3LnczLm9yZy8yMDAwL3N2ZyI+CiAgICA8ZyBmaWxsPSJub25lIiBmaWxsLXJ1bGU9ImV2ZW5vZGQiPgogICAgICAgIDxwYXRoIGZpbGw9IiNFQkVCRUIiIGQ9Ik0wIDBoNTAwdjUwMEgweiIvPgogICAgICAgIDxyZWN0IGZpbGwtb3BhY2l0eT0iLjEiIGZpbGw9IiMwMDAiIHg9IjY4IiB5PSIzMDUiIHdpZHRoPSIzNjQiIGhlaWdodD0iNTY4IiByeD0iMTgyIi8+CiAgICAgICAgPGNpcmNsZSBmaWxsLW9wYWNpdHk9Ii4xIiBmaWxsPSIjMDAwIiBjeD0iMjQ5IiBjeT0iMTcyIiByPSIxMDAiLz4KICAgIDwvZz4KPC9zdmc+Cg==&#8221; quote_icon_color=&#8221;#ffffff&#8221; quote_icon_background_color=&#8221;#25a870&#8243; portrait_width=&#8221;1px&#8221; portrait_height=&#8221;1px&#8221; use_icon_font_size=&#8221;on&#8221; icon_font_size=&#8221;50px&#8221; module_class=&#8221;temoignage-no-photo&#8221; _builder_version=&#8221;4.16&#8243; _module_preset=&#8221;default&#8221; body_font=&#8221;||||||||&#8221; body_text_align=&#8221;justify&#8221; author_text_color=&#8221;#25a870&#8243; author_font_size=&#8221;20px&#8221; position_font=&#8221;||||||||&#8221; position_text_color=&#8221;#25a870&#8243; background_color=&#8221;#ffffff&#8221; width=&#8221;80%&#8221; module_alignment=&#8221;center&#8221; custom_margin=&#8221;|||0px|false|false&#8221; custom_padding=&#8221;|||0px|false|false&#8221; global_colors_info=&#8221;{}&#8221;]<\/p>\n<p>O Grupo GUILLIN \u00e9 mais do que um simples fornecedor, \u00e9 um parceiro que nos permite apresentar um grande n\u00famero de solu\u00e7\u00f5es de embalagem. Encontramo-nos nas Cara\u00edbas, e apesar desta dist\u00e2ncia, o Grupo GUILLIN est\u00e1 muito presente, contribui com consultadoria, ofertas e novidades de uma forma permanente.<\/p>\n<p>[\/et_pb_testimonial][\/et_pb_column][\/et_pb_row][\/et_pb_section][et_pb_section fb_built=&#8221;1&#8243; _builder_version=&#8221;4.16&#8243; _module_preset=&#8221;default&#8221; global_colors_info=&#8221;{}&#8221;][et_pb_row _builder_version=&#8221;4.16&#8243; _module_preset=&#8221;default&#8221; global_colors_info=&#8221;{}&#8221;][et_pb_column type=&#8221;4_4&#8243; _builder_version=&#8221;4.16&#8243; _module_preset=&#8221;default&#8221; global_colors_info=&#8221;{}&#8221;][et_pb_image _builder_version=&#8221;4.16&#8243; _module_preset=&#8221;default&#8221; global_colors_info=&#8221;{}&#8221;][\/et_pb_image][\/et_pb_column][\/et_pb_row][\/et_pb_section]<\/p>\n","protected":false},"excerpt":{"rendered":"<p>CRIAMOS SOLU\u00c7\u00d5ES DE EMBALAGEM ALIMENTAR RESPONS\u00c1VEIS \u00daNICAS NA EUROPAPARTENARIAT FABRICE AMEDEO D\u00e9couvrez les derni\u00e8res actus Journal de bord, calendrier des courses, vocabulaire, et bien plus encore&#8230;JUNTOS, FA\u00c7AMOS DO PL\u00c1STICO A SUA PR\u00d3PRIA MAT\u00c9RIA-PRIMA Uma parceria exclusiva com a Prevented Ocean PlasticTM para integrar nas nossas embalagens um pl\u00e1stico reciclado de elevada qualidadeINOVA\u00c7\u00c3O &amp; DESIGNDESEMPENHO &amp; [&hellip;]<\/p>\n","protected":false},"author":1,"featured_media":0,"parent":0,"menu_order":0,"comment_status":"closed","ping_status":"closed","template":"","meta":{"_acf_changed":false,"_et_pb_use_builder":"on","_et_pb_old_content":"","_et_gb_content_width":"","footnotes":""},"class_list":["post-17469","page","type-page","status-publish","hentry"],"acf":[],"yoast_head":"<!-- This site is optimized with the Yoast SEO plugin v27.5 - https:\/\/yoast.com\/product\/yoast-seo-wordpress\/ -->\n<title>Bem-vindo - Groupe GUILLIN<\/title>\n<meta name=\"description\" content=\"O Grupo GUILLIN \u00e9 a refer\u00eancia europeia em embalagens alimentares de pl\u00e1stico, papel e cart\u00e3o.\" \/>\n<meta name=\"robots\" content=\"index, follow, max-snippet:-1, max-image-preview:large, max-video-preview:-1\" \/>\n<link rel=\"canonical\" href=\"https:\/\/www.groupeguillin.fr\/pt-pt\/\" \/>\n<meta property=\"og:locale\" content=\"pt_PT\" \/>\n<meta property=\"og:type\" content=\"article\" \/>\n<meta property=\"og:title\" content=\"Bem-vindo - Groupe GUILLIN\" \/>\n<meta property=\"og:description\" content=\"O Grupo GUILLIN \u00e9 a refer\u00eancia europeia em embalagens alimentares de pl\u00e1stico, papel e cart\u00e3o.\" \/>\n<meta property=\"og:url\" content=\"https:\/\/www.groupeguillin.fr\/pt-pt\/\" \/>\n<meta property=\"og:site_name\" content=\"Groupe GUILLIN\" \/>\n<meta property=\"article:modified_time\" content=\"2024-10-29T10:51:46+00:00\" \/>\n<meta property=\"og:image\" content=\"https:\/\/www.groupeguillin.fr\/wp-content\/uploads\/2020\/09\/Logo-guillin-1.png\" \/>\n\t<meta property=\"og:image:width\" content=\"1172\" \/>\n\t<meta property=\"og:image:height\" content=\"300\" \/>\n\t<meta property=\"og:image:type\" content=\"image\/png\" \/>\n<meta name=\"twitter:card\" content=\"summary_large_image\" \/>\n<meta name=\"twitter:label1\" content=\"Est. reading time\" \/>\n\t<meta name=\"twitter:data1\" content=\"19 minutes\" \/>\n<script type=\"application\/ld+json\" class=\"yoast-schema-graph\">{\"@context\":\"https:\\\/\\\/schema.org\",\"@graph\":[{\"@type\":\"WebPage\",\"@id\":\"https:\\\/\\\/www.groupeguillin.fr\\\/pt-pt\\\/\",\"url\":\"https:\\\/\\\/www.groupeguillin.fr\\\/pt-pt\\\/\",\"name\":\"Bem-vindo - Groupe GUILLIN\",\"isPartOf\":{\"@id\":\"https:\\\/\\\/www.groupeguillin.fr\\\/pt-pt\\\/#website\"},\"datePublished\":\"2024-04-03T13:57:55+00:00\",\"dateModified\":\"2024-10-29T10:51:46+00:00\",\"description\":\"O Grupo GUILLIN \u00e9 a refer\u00eancia europeia em embalagens alimentares de pl\u00e1stico, papel e cart\u00e3o.\",\"breadcrumb\":{\"@id\":\"https:\\\/\\\/www.groupeguillin.fr\\\/pt-pt\\\/#breadcrumb\"},\"inLanguage\":\"pt-PT\",\"potentialAction\":[{\"@type\":\"ReadAction\",\"target\":[\"https:\\\/\\\/www.groupeguillin.fr\\\/pt-pt\\\/\"]}]},{\"@type\":\"BreadcrumbList\",\"@id\":\"https:\\\/\\\/www.groupeguillin.fr\\\/pt-pt\\\/#breadcrumb\",\"itemListElement\":[{\"@type\":\"ListItem\",\"position\":1,\"name\":\"Accueil\",\"item\":\"https:\\\/\\\/www.groupeguillin.fr\\\/pt-pt\\\/\"},{\"@type\":\"ListItem\",\"position\":2,\"name\":\"Bem-vindo\"}]},{\"@type\":\"WebSite\",\"@id\":\"https:\\\/\\\/www.groupeguillin.fr\\\/pt-pt\\\/#website\",\"url\":\"https:\\\/\\\/www.groupeguillin.fr\\\/pt-pt\\\/\",\"name\":\"Groupe GUILLIN\",\"description\":\"We protect your food\",\"publisher\":{\"@id\":\"https:\\\/\\\/www.groupeguillin.fr\\\/pt-pt\\\/#organization\"},\"potentialAction\":[{\"@type\":\"SearchAction\",\"target\":{\"@type\":\"EntryPoint\",\"urlTemplate\":\"https:\\\/\\\/www.groupeguillin.fr\\\/pt-pt\\\/?s={search_term_string}\"},\"query-input\":{\"@type\":\"PropertyValueSpecification\",\"valueRequired\":true,\"valueName\":\"search_term_string\"}}],\"inLanguage\":\"pt-PT\"},{\"@type\":\"Organization\",\"@id\":\"https:\\\/\\\/www.groupeguillin.fr\\\/pt-pt\\\/#organization\",\"name\":\"Groupe GUILLIN\",\"url\":\"https:\\\/\\\/www.groupeguillin.fr\\\/pt-pt\\\/\",\"logo\":{\"@type\":\"ImageObject\",\"inLanguage\":\"pt-PT\",\"@id\":\"https:\\\/\\\/www.groupeguillin.fr\\\/pt-pt\\\/#\\\/schema\\\/logo\\\/image\\\/\",\"url\":\"https:\\\/\\\/www.groupeguillin.fr\\\/wp-content\\\/uploads\\\/2020\\\/09\\\/Logo-guillin-1.png\",\"contentUrl\":\"https:\\\/\\\/www.groupeguillin.fr\\\/wp-content\\\/uploads\\\/2020\\\/09\\\/Logo-guillin-1.png\",\"width\":1172,\"height\":300,\"caption\":\"Groupe GUILLIN\"},\"image\":{\"@id\":\"https:\\\/\\\/www.groupeguillin.fr\\\/pt-pt\\\/#\\\/schema\\\/logo\\\/image\\\/\"},\"sameAs\":[\"https:\\\/\\\/www.instagram.com\\\/groupeguillin\\\/\",\"https:\\\/\\\/www.linkedin.com\\\/company\\\/guillin-emballages\\\/\",\"https:\\\/\\\/www.youtube.com\\\/channel\\\/UCS-Q4Qkgd1bN9pdIPGRjogQ\"]}]}<\/script>\n<!-- \/ Yoast SEO plugin. -->","yoast_head_json":{"title":"Bem-vindo - Groupe GUILLIN","description":"O Grupo GUILLIN \u00e9 a refer\u00eancia europeia em embalagens alimentares de pl\u00e1stico, papel e cart\u00e3o.","robots":{"index":"index","follow":"follow","max-snippet":"max-snippet:-1","max-image-preview":"max-image-preview:large","max-video-preview":"max-video-preview:-1"},"canonical":"https:\/\/www.groupeguillin.fr\/pt-pt\/","og_locale":"pt_PT","og_type":"article","og_title":"Bem-vindo - Groupe GUILLIN","og_description":"O Grupo GUILLIN \u00e9 a refer\u00eancia europeia em embalagens alimentares de pl\u00e1stico, papel e cart\u00e3o.","og_url":"https:\/\/www.groupeguillin.fr\/pt-pt\/","og_site_name":"Groupe GUILLIN","article_modified_time":"2024-10-29T10:51:46+00:00","og_image":[{"width":1172,"height":300,"url":"https:\/\/www.groupeguillin.fr\/wp-content\/uploads\/2020\/09\/Logo-guillin-1.png","type":"image\/png"}],"twitter_card":"summary_large_image","twitter_misc":{"Est. reading time":"19 minutes"},"schema":{"@context":"https:\/\/schema.org","@graph":[{"@type":"WebPage","@id":"https:\/\/www.groupeguillin.fr\/pt-pt\/","url":"https:\/\/www.groupeguillin.fr\/pt-pt\/","name":"Bem-vindo - Groupe GUILLIN","isPartOf":{"@id":"https:\/\/www.groupeguillin.fr\/pt-pt\/#website"},"datePublished":"2024-04-03T13:57:55+00:00","dateModified":"2024-10-29T10:51:46+00:00","description":"O Grupo GUILLIN \u00e9 a refer\u00eancia europeia em embalagens alimentares de pl\u00e1stico, papel e cart\u00e3o.","breadcrumb":{"@id":"https:\/\/www.groupeguillin.fr\/pt-pt\/#breadcrumb"},"inLanguage":"pt-PT","potentialAction":[{"@type":"ReadAction","target":["https:\/\/www.groupeguillin.fr\/pt-pt\/"]}]},{"@type":"BreadcrumbList","@id":"https:\/\/www.groupeguillin.fr\/pt-pt\/#breadcrumb","itemListElement":[{"@type":"ListItem","position":1,"name":"Accueil","item":"https:\/\/www.groupeguillin.fr\/pt-pt\/"},{"@type":"ListItem","position":2,"name":"Bem-vindo"}]},{"@type":"WebSite","@id":"https:\/\/www.groupeguillin.fr\/pt-pt\/#website","url":"https:\/\/www.groupeguillin.fr\/pt-pt\/","name":"Groupe GUILLIN","description":"We protect your food","publisher":{"@id":"https:\/\/www.groupeguillin.fr\/pt-pt\/#organization"},"potentialAction":[{"@type":"SearchAction","target":{"@type":"EntryPoint","urlTemplate":"https:\/\/www.groupeguillin.fr\/pt-pt\/?s={search_term_string}"},"query-input":{"@type":"PropertyValueSpecification","valueRequired":true,"valueName":"search_term_string"}}],"inLanguage":"pt-PT"},{"@type":"Organization","@id":"https:\/\/www.groupeguillin.fr\/pt-pt\/#organization","name":"Groupe GUILLIN","url":"https:\/\/www.groupeguillin.fr\/pt-pt\/","logo":{"@type":"ImageObject","inLanguage":"pt-PT","@id":"https:\/\/www.groupeguillin.fr\/pt-pt\/#\/schema\/logo\/image\/","url":"https:\/\/www.groupeguillin.fr\/wp-content\/uploads\/2020\/09\/Logo-guillin-1.png","contentUrl":"https:\/\/www.groupeguillin.fr\/wp-content\/uploads\/2020\/09\/Logo-guillin-1.png","width":1172,"height":300,"caption":"Groupe GUILLIN"},"image":{"@id":"https:\/\/www.groupeguillin.fr\/pt-pt\/#\/schema\/logo\/image\/"},"sameAs":["https:\/\/www.instagram.com\/groupeguillin\/","https:\/\/www.linkedin.com\/company\/guillin-emballages\/","https:\/\/www.youtube.com\/channel\/UCS-Q4Qkgd1bN9pdIPGRjogQ"]}]}},"publishpress_future_action":{"enabled":false,"date":"2026-05-06 10:54:23","action":"change-status","newStatus":"draft","terms":[],"taxonomy":"translation_priority","extraData":[]},"publishpress_future_workflow_manual_trigger":{"enabledWorkflows":[]},"_links":{"self":[{"href":"https:\/\/www.groupeguillin.fr\/pt-pt\/wp-json\/wp\/v2\/pages\/17469","targetHints":{"allow":["GET"]}}],"collection":[{"href":"https:\/\/www.groupeguillin.fr\/pt-pt\/wp-json\/wp\/v2\/pages"}],"about":[{"href":"https:\/\/www.groupeguillin.fr\/pt-pt\/wp-json\/wp\/v2\/types\/page"}],"author":[{"embeddable":true,"href":"https:\/\/www.groupeguillin.fr\/pt-pt\/wp-json\/wp\/v2\/users\/1"}],"replies":[{"embeddable":true,"href":"https:\/\/www.groupeguillin.fr\/pt-pt\/wp-json\/wp\/v2\/comments?post=17469"}],"version-history":[{"count":39,"href":"https:\/\/www.groupeguillin.fr\/pt-pt\/wp-json\/wp\/v2\/pages\/17469\/revisions"}],"predecessor-version":[{"id":19159,"href":"https:\/\/www.groupeguillin.fr\/pt-pt\/wp-json\/wp\/v2\/pages\/17469\/revisions\/19159"}],"wp:attachment":[{"href":"https:\/\/www.groupeguillin.fr\/pt-pt\/wp-json\/wp\/v2\/media?parent=17469"}],"curies":[{"name":"wp","href":"https:\/\/api.w.org\/{rel}","templated":true}]}}