{"id":17469,"date":"2024-04-03T15:57:55","date_gmt":"2024-04-03T13:57:55","guid":{"rendered":"https:\/\/www.groupeguillin.fr\/bem-vindo\/"},"modified":"2026-09-03T11:48:18","modified_gmt":"2026-09-03T09:48:18","slug":"bem-vindo","status":"publish","type":"page","link":"https:\/\/www.groupeguillin.fr\/pt-pt\/","title":{"rendered":"Bem-vindo"},"content":{"rendered":"<div class=\"et_pb_section_0 et_pb_section et_section_regular et_block_section\">\n<div class=\"et_pb_row_0 et_pb_row et_block_row preset--module--divi-row--default\">\n<div class=\"et_pb_column_0 et_pb_column et_pb_column_4_4 et-last-child et_block_column et_pb_css_mix_blend_mode_passthrough\">\n<div class=\"et_pb_slider_0 et_pb_slider et_pb_slider_fullwidth_off et_slider_auto et_slider_speed_20000 et_pb_module et_block_module preset--module--divi-slider--default\" id=\"home-slider\"><div class=\"et_pb_slides\">\n<div class=\"et_pb_slide_0 et_pb_slide et_pb_media_alignment_center et_pb_bg_layout_dark et_pb_text_align_right et-pb-has-background-video et_pb_preload preset--module--divi-slide--default\" data-slide-id=\"divi\/slide-0\"><span class=\"et-pb-background-video et-pb-background-video--play-outside-viewport\"><video autoplay loop playsinline muted><source type=\"video\/mp4\" data-src=\"https:\/\/www.groupeguillin.fr\/wp-content\/uploads\/2020\/10\/GUILLIN_Phase01_Format_HD_V4_sansGUILLIN.mp4\" \/><\/video><\/span><span class=\"et-pb-background-video et-pb-background-video--play-outside-viewport et-pb-background-video_phone\"><video autoplay loop playsinline muted><source type=\"video\/mp4\" data-src=\"https:\/\/www.groupeguillin.fr\/wp-content\/uploads\/2020\/11\/GUILLIN_Phase01_Format_HD_V4_sansGUILLIN-Mobile-8s.mp4\" \/><\/video><\/span><div class=\"et_pb_container\"><div class=\"et_pb_slider_container_inner\"><div class=\"et_pb_slide_description\"><h5 class=\"et_pb_slide_title\"><\/h5><div class=\"et_pb_slide_content\"><p><span class=\"hp-slide-title title-green\">CRIAMOS SOLU\u00c7\u00d5ES DE EMBALAGEM ALIMENTAR RESPONS\u00c1VEIS \u00daNICAS NA EUROPA<\/span><\/p>\n<\/div><div class=\"et_pb_button_wrapper\"><a class=\"et_pb_button et_pb_more_button\" href=\"https:\/\/www.groupeguillin.fr\/pt-pt\/quem-somos\/\">saber mais<\/a><\/div><\/div><\/div><\/div><\/div>\n\n<div class=\"et_pb_slide_1 et_pb_slide et_pb_media_alignment_center et_pb_bg_layout_dark et_pb_text_align_right preset--module--divi-slide--default\" data-slide-id=\"divi\/slide-1\"><div class=\"et_pb_container\"><div class=\"et_pb_slider_container_inner\"><div class=\"et_pb_slide_description\"><h5 class=\"et_pb_slide_title\"><\/h5><div class=\"et_pb_slide_content\"><p><span class=\"hp-slide-title title-green\">PARTENARIAT FABRICE AMEDEO<\/span><\/p>\n<p><span class=\"hp-slide-subtitle\" style=\"color: #000000;\">D\u00e9couvrez les derni\u00e8res actus<\/span><\/p>\n<p>Journal de bord, calendrier des courses, vocabulaire, et bien plus encore...<\/p>\n<\/div><div class=\"et_pb_button_wrapper\"><a class=\"et_pb_button et_pb_more_button\" href=\"https:\/\/www.groupeguillin.fr\/?page_id=15358\">saber mais<\/a><\/div><\/div><\/div><\/div><\/div>\n\n<div class=\"et_pb_slide_2 et_pb_slide et_pb_media_alignment_center et_pb_bg_layout_dark et_pb_text_align_right preset--module--divi-slide--default\" data-slide-id=\"divi\/slide-2\"><div class=\"et_pb_container\"><div class=\"et_pb_slider_container_inner\"><div class=\"et_pb_slide_description\"><h5 class=\"et_pb_slide_title\"><\/h5><div class=\"et_pb_slide_content\"><p><span class=\"hp-slide-title title-blue\">JUNTOS, FA\u00c7AMOS DO PL\u00c1STICO A SUA PR\u00d3PRIA MAT\u00c9RIA-PRIMA<\/span><\/p>\n<p>Uma parceria exclusiva com a Prevented Ocean PlasticTM para integrar nas nossas embalagens um pl\u00e1stico reciclado de elevada qualidade<\/p>\n<\/div><div class=\"et_pb_button_wrapper\"><a class=\"et_pb_button et_pb_more_button\" href=\"https:\/\/www.groupeguillin.fr\/pt-pt\/ambiente\/\">saber mais<\/a><\/div><\/div><\/div><\/div><\/div>\n<\/div><\/div>\n<\/div>\n<\/div>\n<\/div>\n\n<div class=\"et_pb_section_1 et_pb_section et_section_regular et_block_section\">\n<div class=\"et_pb_row_1 et_pb_row et_block_row preset--module--divi-row--default\">\n<div class=\"et_pb_column_1 et_pb_column et_pb_column_1_3 et_block_column et_pb_css_mix_blend_mode_passthrough\">\n<div class=\"et_pb_text_0 et_pb_text et_pb_bg_layout_light et_animated et_clickable et_pb_module et_block_module bloc-image-titre-hp\"><div class=\"et_pb_text_inner\"><p>INOVA\u00c7\u00c3O &amp; DESIGN<\/p>\n<\/div><\/div>\n<\/div>\n\n<div class=\"et_pb_column_2 et_pb_column et_pb_column_1_3 et_block_column et_pb_css_mix_blend_mode_passthrough\">\n<div class=\"et_pb_text_1 et_pb_text et_pb_bg_layout_light et_animated et_clickable et_pb_module et_block_module bloc-image-titre-hp\"><div class=\"et_pb_text_inner\"><p>DESEMPENHO &amp; MANUTEN\u00c7\u00c3O<\/p>\n<\/div><\/div>\n<\/div>\n\n<div class=\"et_pb_column_3 et_pb_column et_pb_column_1_3 et-last-child et_block_column et_pb_css_mix_blend_mode_passthrough\">\n<div class=\"et_pb_text_2 et_pb_text et_pb_bg_layout_light et_animated et_clickable et_pb_module et_block_module bloc-image-titre-hp\"><div class=\"et_pb_text_inner\"><h2>RESPONSABILIDADE &amp; AMBIENTE<\/h2>\n<\/div><\/div>\n<\/div>\n<\/div>\n<\/div>\n\n<div class=\"et_pb_section_2 et_pb_section et_section_regular et_block_section solutions-presentation\">\n<div class=\"et_pb_row_2 et_pb_row et_block_row preset--module--divi-row--default\">\n<div class=\"et_pb_column_4 et_pb_column et_pb_column_4_4 et-last-child et_block_column et_pb_css_mix_blend_mode_passthrough\">\n<div class=\"et_pb_text_3 et_pb_text et_pb_bg_layout_light et_pb_module et_block_module\"><div class=\"et_pb_text_inner\"><h2 style=\"text-align: center;\">AS NOSSAS SOLU\u00c7\u00d5ES<\/h2>\n<\/div><\/div>\n<\/div>\n<\/div>\n\n<div class=\"et_pb_row_3 et_pb_row et_pb_gutters1 et_block_row preset--module--divi-row--default\">\n<div class=\"et_pb_column_5 et_pb_column et_pb_column_4_4 et-last-child et_block_column et_pb_css_mix_blend_mode_passthrough\">\n<div class=\"et_pb_code_0 et_pb_code et_pb_module\"><div class=\"et_pb_code_inner\"><select style=\"width: 400px;\" onchange=\"location = this.value;\">\n<option>Encontre a solu\u00e7\u00e3o que melhor se adapta \u00e0 sua atividade<\/option>\n<option value=\"gms\">- GMS -<\/option>\n<option value=\"gms\">GMS se\u00e7\u00e3o padaria\/pastelaria\/do\u00e7aria<\/option>\n<option value=\"gms\">GMS se\u00e7\u00e3o de delicatessen frescos \/ cortes frescos<\/option>\n<option value=\"gms\">GMS se\u00e7\u00e3o de delicatessen quente<\/option>\n<option value=\"gms\">GMS se\u00e7\u00e3o carne\/peixe<\/option>\n<option value=\"gms\">GMS se\u00e7\u00e3o queijo\/leitaria<\/option>\n<option value=\"commerce-traditionnel\">- Com\u00e9rcio tradicional -<\/option>\n<option value=\"commerce-traditionnel\">Padeiro \/ pasteleiro artesanal<\/option>\n<option value=\"commerce-traditionnel\">Catering quente ou frio artesanal<\/option>\n<option value=\"commerce-traditionnel\">Talhante \/ salsicheiro artesanal<\/option>\n<option value=\"commerce-traditionnel\">Distribuidor alimentar\/loi\u00e7a de cozinha\/material de cozinha<\/option>\n<option value=\"commerce-traditionnel\">Distribuidor de produtos de higiene para todo o tipo de com\u00e9rcio<\/option>\n<option value=\"commerce-traditionnel\">Estabelecimento cash & carry de com\u00e9rcio tradicional<\/option>\n<option value=\"commerce-traditionnel\">Grupo de compra com\u00e9rcio tradicional<\/option>\n<option value=\"restauration-commerciale\">- Restaura\u00e7\u00e3o comercial -<\/option>\n<option value=\"restauration-commerciale\">Cadeia de restaura\u00e7\u00e3o<\/option>\n<option value=\"restauration-commerciale\">Restaurador independente<\/option>\n<option value=\"restauration-commerciale\">Restaura\u00e7\u00e3o para entrega<\/option>\n<option value=\"restauration-commerciale\">Estabelecimento cash & carry de restaura\u00e7\u00e3o comercial<\/option>\n<option value=\"restauration-commerciale\">Distribuidor de produtos de higiene para restaura\u00e7\u00e3o<\/option>\n<option value=\"fruits-et-legumes\">- Frutas e legumes -<\/option>\n<option value=\"fruits-et-legumes\">Acondicionador de frutas e legumes<\/option>\n<option value=\"fruits-et-legumes\">Produtor de frutas e legumes<\/option>\n<option value=\"fruits-et-legumes\">Distribuidor de frutas e legumes<\/option>\n<option value=\"fruits-et-legumes\">Grupo de vendas frutas e legumes<\/option>\n<option value=\"industrie-agro-alimentaire\">- Ind\u00fastria Agroalimentar -<\/option>\n<option value=\"industrie-agro-alimentaire\">Industrial de carne\/peixe\/charcutaria<\/option>\n<option value=\"industrie-agro-alimentaire\">Industrial de refei\u00e7\u00f5es prontas \/ massas frescas<\/option>\n<option value=\"industrie-agro-alimentaire\">Industrial de saladas preparadas<\/option>\n<option value=\"industrie-agro-alimentaire\">Industrial de sushi<\/option>\n<option value=\"industrie-agro-alimentaire\">Industrial de sobremesas\/pastelaria\/biscoitos<\/option>\n<option value=\"industrie-agro-alimentaire\">Industrial de frutas cortadas<\/option>\n<option value=\"industrie-agro-alimentaire\">Industrial de produtos l\u00e1cteos<\/option>\n<option value=\"industrie-agro-alimentaire\">Industrial de congelados\/refrigerados<\/option>\n<option value=\"industrie-agro-alimentaire\">Industrial de frutos secos\/aperitivos<\/option>\n<option value=\"restauration-collective\">- Restaura\u00e7\u00e3o coletiva -<\/option>\n<option value=\"restauration-collective\">Restaura\u00e7\u00e3o hospitalar<\/option>\n<option value=\"restauration-collective\">Restaura\u00e7\u00e3o escolar<\/option>\n<option value=\"restauration-collective\">Restaura\u00e7\u00e3o em lares<\/option>\n<option value=\"restauration-collective\">Restaura\u00e7\u00e3o em estabelecimentos prisionais<\/option>\n<option value=\"restauration-collective\">Restaura\u00e7\u00e3o de lazer<\/option>\n<\/select><\/div><\/div>\n<\/div>\n<\/div>\n\n<div class=\"et_pb_row_4 et_pb_row et_block_row preset--module--divi-row--default\">\n<div class=\"et_pb_column_6 et_pb_column et_pb_column_1_3 et_block_column et_pb_css_mix_blend_mode_passthrough\">\n<div class=\"et_pb_text_4 et_pb_text et_pb_bg_layout_light et_pb_module et_block_module texte-solution\"><div class=\"et_pb_text_inner\"><h3><a href=\"https:\/\/www.groupeguillin.fr\/pt-pt\/grandes-e-medias-superficies\/\">GRANDES E M\u00c9DIAS SUPERF\u00cdCIES<\/a><\/h3>\n<\/div><\/div>\n<\/div>\n\n<div class=\"et_pb_column_7 et_pb_column et_pb_column_1_3 et_block_column et_pb_css_mix_blend_mode_passthrough\">\n<div class=\"et_pb_text_5 et_pb_text et_pb_bg_layout_light et_pb_module et_block_module texte-solution\"><div class=\"et_pb_text_inner\"><h3><a href=\"https:\/\/www.groupeguillin.fr\/pt-pt\/restauracao-comercial\/\">RESTAURA\u00c7\u00c3O COMERCIAL<\/a><\/h3>\n<\/div><\/div>\n<\/div>\n\n<div class=\"et_pb_column_8 et_pb_column et_pb_column_1_3 et-last-child et_block_column et_pb_css_mix_blend_mode_passthrough\">\n<div class=\"et_pb_text_6 et_pb_text et_pb_bg_layout_light et_pb_module et_block_module texte-solution\"><div class=\"et_pb_text_inner\"><h3><a href=\"https:\/\/www.groupeguillin.fr\/pt-pt\/comercio-tradicional\/\">COM\u00c9RCIO TRADICIONAL<\/a><\/h3>\n<\/div><\/div>\n<\/div>\n<\/div>\n\n<div class=\"et_pb_row_5 et_pb_row et_block_row preset--module--divi-row--default\">\n<div class=\"et_pb_column_9 et_pb_column et_pb_column_1_3 et_block_column et_pb_css_mix_blend_mode_passthrough\">\n<div class=\"et_pb_text_7 et_pb_text et_pb_bg_layout_light et_pb_module et_block_module texte-solution\" id=\"fl\"><div class=\"et_pb_text_inner\"><h3 style=\"text-align: right;\"><a href=\"https:\/\/www.groupeguillin.fr\/pt-pt\/frutas-e-legumes\/\">FRUTAS E LEGUMES<\/a><\/h3>\n<\/div><\/div>\n<\/div>\n\n<div class=\"et_pb_column_10 et_pb_column et_pb_column_1_3 et_block_column et_pb_css_mix_blend_mode_passthrough\">\n<div class=\"et_pb_text_8 et_pb_text et_pb_bg_layout_light et_pb_module et_block_module texte-solution\"><div class=\"et_pb_text_inner\"><h4 style=\"text-align: right;\"><a href=\"https:\/\/www.groupeguillin.fr\/pt-pt\/industria-agroalimentar\/\">IND\u00daSTRIA AGROALIMENTAR<\/a><\/h4>\n<\/div><\/div>\n<\/div>\n\n<div class=\"et_pb_column_11 et_pb_column et_pb_column_1_3 et-last-child et_block_column et_pb_css_mix_blend_mode_passthrough\">\n<div class=\"et_pb_text_9 et_pb_text et_pb_bg_layout_light et_pb_module et_block_module texte-solution\"><div class=\"et_pb_text_inner\"><h3><a href=\"https:\/\/www.groupeguillin.fr\/pt-pt\/industria-agroalimentar\/\">RESTAURA\u00c7\u00c3O COLETIVA<\/a><\/h3>\n<\/div><\/div>\n<\/div>\n<\/div>\n<\/div>\n\n<div class=\"et_pb_section_3 et_pb_section et_section_regular et_block_section\">\n<div class=\"et_pb_row_6 et_pb_row et_block_row preset--module--divi-row--default\">\n<div class=\"et_pb_column_12 et_pb_column et_pb_column_4_4 et-last-child et_block_column et_pb_css_mix_blend_mode_passthrough\">\n<div class=\"et_pb_text_10 et_pb_text et_pb_bg_layout_light et_pb_module et_block_module\"><div class=\"et_pb_text_inner\"><h2 style=\"text-align: center;\">NOVIDADES<\/h2>\n<\/div><\/div>\n<\/div>\n<\/div>\n\n<div class=\"et_pb_row_7 et_pb_row et_block_row preset--module--divi-row--default\">\n<div class=\"et_pb_column_13 et_pb_column et_pb_column_4_4 et-last-child et_block_column et_pb_css_mix_blend_mode_passthrough\">\n<div class=\"et_pb_code_1 et_pb_code et_pb_module\"><div class=\"et_pb_code_inner\"><div id=\"flockler-embed-18697698f65095a446880b336c228c91\">\u00a0<\/div>\n\n\n<p><script src=\"https:\/\/plugins.flockler.com\/embed\/18697666fc40dcdd6a8a868204c67abd\/18697698f65095a446880b336c228c91\" async><\/script><\/p><\/div><\/div>\n<\/div>\n<\/div>\n<\/div>\n\n<div class=\"et_pb_section_4 et_pb_section et_section_regular et_block_section\">\n<div class=\"et_pb_row_8 et_pb_row et_flex_row preset--module--divi-row--default\">\n<div class=\"et_pb_column_14 et_pb_column et_block_column et_pb_css_mix_blend_mode_passthrough et_flex_column_24_24 et_flex_column_24_24_tablet et_flex_column_24_24_phone\">\n<div class=\"et_pb_image_0 et_pb_image et_pb_module et_block_module\"><span class=\"et_pb_image_wrap\"><img decoding=\"async\" src=\"https:\/\/www.groupeguillin.fr\/wp-content\/uploads\/2026\/08\/CARTE-IMPLANTATIONS-2026-FR-vierge-rvb-scaled.jpg\" title=\"CARTE IMPLANTATIONS 2026 FR vierge rvb\" width=\"2880\" height=\"2160\" class=\"wp-image-23116\" \/><\/span><\/div>\n<\/div>\n\n<div class=\"et_pb_column_15 et_pb_column et-last-child et_block_column et_pb_css_mix_blend_mode_passthrough et_flex_column_24_24 et_flex_column_24_24_tablet et_flex_column_24_24_phone\">\n<div class=\"et_pb_text_11 et_pb_text et_pb_bg_layout_light et_pb_module et_block_module\" id=\"hp-contact\"><div class=\"et_pb_text_inner\"><h2 style=\"text-align: center;\">CONTACTE AS NOSSAS EMPRESAS<\/h2>\n<p style=\"text-align: center;\">Qualquer que seja o seu pa\u00eds ou a sua atividade, encontre o seu interlocutor na GUILLIN<\/p>\n<\/div><\/div>\n\n<div class=\"et_pb_module et_pb_button_module_wrapper et_pb_button_0_wrapper\"><a class=\"et_pb_button_0 et_pb_button et_pb_bg_layout_light et_pb_module et_block_module\" href=\"https:\/\/www.groupeguillin.fr\/pt-pt\/empresas-e-instalacoes\/#liste-societes\">Entre em contacto connosco<\/a><\/div>\n<\/div>\n<\/div>\n<\/div>\n\n<div class=\"et_pb_section_5 et_pb_section et_section_regular et_block_section\">\n<div class=\"et_pb_row_9 et_pb_row et_block_row preset--module--divi-row--default\">\n<div class=\"et_pb_column_16 et_pb_column et_pb_column_4_4 et-last-child et_block_column et_pb_css_mix_blend_mode_passthrough\">\n<div class=\"et_pb_text_12 et_pb_text et_pb_bg_layout_light et_pb_module et_block_module\"><div class=\"et_pb_text_inner\"><h2>TESTEMUNHOS<\/h2>\n<\/div><\/div>\n<\/div>\n<\/div>\n\n<div class=\"et_pb_row_10 et_pb_row et_block_row preset--module--divi-row--default\">\n<div class=\"et_pb_column_17 et_pb_column et_pb_column_1_2 et_block_column et_pb_css_mix_blend_mode_passthrough\">\n<div class=\"et_pb_testimonial_0 et_pb_testimonial et_pb_bg_layout_light et_pb_module et_block_module temoignage-no-photo\"><div class=\"et_pb_testimonial_inner\"><div class=\"et_pb_testimonial_portrait\"><img decoding=\"async\" alt=\"\" src=\"data:image\/svg+xml;base64,PHN2ZyB3aWR0aD0iNTAwIiBoZWlnaHQ9IjUwMCIgdmlld0JveD0iMCAwIDUwMCA1MDAiIHhtbG5zPSJodHRwOi8vd3d3LnczLm9yZy8yMDAwL3N2ZyI+CiAgICA8ZyBmaWxsPSJub25lIiBmaWxsLXJ1bGU9ImV2ZW5vZGQiPgogICAgICAgIDxwYXRoIGZpbGw9IiNFQkVCRUIiIGQ9Ik0wIDBoNTAwdjUwMEgweiIvPgogICAgICAgIDxyZWN0IGZpbGwtb3BhY2l0eT0iLjEiIGZpbGw9IiMwMDAiIHg9IjY4IiB5PSIzMDUiIHdpZHRoPSIzNjQiIGhlaWdodD0iNTY4IiByeD0iMTgyIi8+CiAgICAgICAgPGNpcmNsZSBmaWxsLW9wYWNpdHk9Ii4xIiBmaWxsPSIjMDAwIiBjeD0iMjQ5IiBjeT0iMTcyIiByPSIxMDAiLz4KICAgIDwvZz4KPC9zdmc+Cg==\" \/><\/div><div class=\"et_pb_testimonial_description\"><div class=\"et_pb_testimonial_description_inner\"><div class=\"et_pb_testimonial_content\"><p>J\u00e1 trabalho com a ALPHAFORM e com o Grupo GUILLIN h\u00e1 10 anos.<\/p>\n<p>Sempre que lan\u00e7o um produto necessito de embalagens novas, e por esse motivo solicito as mesmas \u00e0 ALPHAFORM, que responde com grande rapidez. Para mim, os seus pontos fortes s\u00e3o a capacidade de resposta, a adaptabilidade e a criatividade.<\/p>\n<\/div><\/div><div class=\"et_pb_testimonial_author\">CHRISTOPHE DIENER<\/div><div class=\"et_pb_testimonial_meta\"><span class=\"et_pb_testimonial_position\">Padaria DIENER, Saint-Brieuc<\/span><\/div><\/div><\/div><\/div>\n<\/div>\n\n<div class=\"et_pb_column_18 et_pb_column et_pb_column_1_2 et-last-child et_block_column et_pb_css_mix_blend_mode_passthrough\">\n<div class=\"et_pb_testimonial_1 et_pb_testimonial et_pb_bg_layout_light et_pb_module et_block_module temoignage-no-photo\"><div class=\"et_pb_testimonial_inner\"><div class=\"et_pb_testimonial_portrait\"><img decoding=\"async\" alt=\"\" src=\"data:image\/svg+xml;base64,PHN2ZyB3aWR0aD0iNTAwIiBoZWlnaHQ9IjUwMCIgdmlld0JveD0iMCAwIDUwMCA1MDAiIHhtbG5zPSJodHRwOi8vd3d3LnczLm9yZy8yMDAwL3N2ZyI+CiAgICA8ZyBmaWxsPSJub25lIiBmaWxsLXJ1bGU9ImV2ZW5vZGQiPgogICAgICAgIDxwYXRoIGZpbGw9IiNFQkVCRUIiIGQ9Ik0wIDBoNTAwdjUwMEgweiIvPgogICAgICAgIDxyZWN0IGZpbGwtb3BhY2l0eT0iLjEiIGZpbGw9IiMwMDAiIHg9IjY4IiB5PSIzMDUiIHdpZHRoPSIzNjQiIGhlaWdodD0iNTY4IiByeD0iMTgyIi8+CiAgICAgICAgPGNpcmNsZSBmaWxsLW9wYWNpdHk9Ii4xIiBmaWxsPSIjMDAwIiBjeD0iMjQ5IiBjeT0iMTcyIiByPSIxMDAiLz4KICAgIDwvZz4KPC9zdmc+Cg==\" \/><\/div><div class=\"et_pb_testimonial_description\"><div class=\"et_pb_testimonial_description_inner\"><div class=\"et_pb_testimonial_content\"><p>O Grupo GUILLIN \u00e9 mais do que um simples fornecedor, \u00e9 um parceiro que nos permite apresentar um grande n\u00famero de solu\u00e7\u00f5es de embalagem. Encontramo-nos nas Cara\u00edbas, e apesar desta dist\u00e2ncia, o Grupo GUILLIN est\u00e1 muito presente, contribui com consultadoria, ofertas e novidades de uma forma permanente.<\/p>\n<\/div><\/div><div class=\"et_pb_testimonial_author\">MICHEL CRUZ<\/div><div class=\"et_pb_testimonial_meta\"><span class=\"et_pb_testimonial_position\">Cara\u00efbes Hygi\u00e8ne Emballage, Guadalupe<\/span><\/div><\/div><\/div><\/div>\n<\/div>\n<\/div>\n<\/div>\n\n<div class=\"et_pb_section_6 et_pb_section et_section_regular et_block_section\">\n<div class=\"et_pb_row_11 et_pb_row et_block_row preset--module--divi-row--default\">\n<div class=\"et_pb_column_19 et_pb_column et_pb_column_4_4 et-last-child et_block_column et_pb_css_mix_blend_mode_passthrough\">\n<div class=\"et_pb_image_1 et_pb_image et_pb_module et_block_module\"><\/div>\n<\/div>\n<\/div>\n<\/div>","protected":false},"excerpt":{"rendered":"","protected":false},"author":1,"featured_media":0,"parent":0,"menu_order":0,"comment_status":"closed","ping_status":"closed","template":"","meta":{"_acf_changed":false,"footnotes":""},"class_list":["post-17469","page","type-page","status-publish","hentry"],"acf":[],"yoast_head":"<!-- This site is optimized with the Yoast SEO plugin v28.3 - https:\/\/yoast.com\/product\/yoast-seo-wordpress\/ -->\n<title>Bem-vindo - Groupe GUILLIN<\/title>\n<meta name=\"description\" content=\"O Grupo GUILLIN \u00e9 a refer\u00eancia europeia em embalagens alimentares de pl\u00e1stico, papel e cart\u00e3o.\" \/>\n<meta name=\"robots\" content=\"index, follow, max-snippet:-1, max-image-preview:large, max-video-preview:-1\" \/>\n<link rel=\"canonical\" href=\"https:\/\/www.groupeguillin.fr\/pt-pt\/\" \/>\n<meta property=\"og:locale\" content=\"pt_PT\" \/>\n<meta property=\"og:type\" content=\"article\" \/>\n<meta property=\"og:title\" content=\"Bem-vindo - Groupe GUILLIN\" \/>\n<meta property=\"og:description\" content=\"O Grupo GUILLIN \u00e9 a refer\u00eancia europeia em embalagens alimentares de pl\u00e1stico, papel e cart\u00e3o.\" \/>\n<meta property=\"og:url\" content=\"https:\/\/www.groupeguillin.fr\/pt-pt\/\" \/>\n<meta property=\"og:site_name\" content=\"Groupe GUILLIN\" \/>\n<meta property=\"article:modified_time\" content=\"2026-09-03T09:48:18+00:00\" \/>\n<meta property=\"og:image\" content=\"https:\/\/www.groupeguillin.fr\/wp-content\/uploads\/2020\/09\/Logo-guillin-1.png\" \/>\n\t<meta property=\"og:image:width\" content=\"1172\" \/>\n\t<meta property=\"og:image:height\" content=\"300\" \/>\n\t<meta property=\"og:image:type\" content=\"image\/png\" \/>\n<meta name=\"twitter:card\" content=\"summary_large_image\" \/>\n<script type=\"application\/ld+json\" class=\"yoast-schema-graph\">{\"@context\":\"https:\\\/\\\/schema.org\",\"@graph\":[{\"@type\":\"WebPage\",\"@id\":\"https:\\\/\\\/www.groupeguillin.fr\\\/pt-pt\\\/\",\"url\":\"https:\\\/\\\/www.groupeguillin.fr\\\/pt-pt\\\/\",\"name\":\"Bem-vindo - Groupe GUILLIN\",\"isPartOf\":{\"@id\":\"https:\\\/\\\/www.groupeguillin.fr\\\/pt-pt\\\/#website\"},\"datePublished\":\"2024-04-03T13:57:55+00:00\",\"dateModified\":\"2026-09-03T09:48:18+00:00\",\"description\":\"O Grupo GUILLIN \u00e9 a refer\u00eancia europeia em embalagens alimentares de pl\u00e1stico, papel e cart\u00e3o.\",\"breadcrumb\":{\"@id\":\"https:\\\/\\\/www.groupeguillin.fr\\\/pt-pt\\\/#breadcrumb\"},\"inLanguage\":\"pt-PT\",\"potentialAction\":[{\"@type\":\"ReadAction\",\"target\":[\"https:\\\/\\\/www.groupeguillin.fr\\\/pt-pt\\\/\"]}]},{\"@type\":\"BreadcrumbList\",\"@id\":\"https:\\\/\\\/www.groupeguillin.fr\\\/pt-pt\\\/#breadcrumb\",\"itemListElement\":[{\"@type\":\"ListItem\",\"position\":1,\"name\":\"Accueil\",\"item\":\"https:\\\/\\\/www.groupeguillin.fr\\\/pt-pt\\\/\"},{\"@type\":\"ListItem\",\"position\":2,\"name\":\"Bem-vindo\"}]},{\"@type\":\"WebSite\",\"@id\":\"https:\\\/\\\/www.groupeguillin.fr\\\/pt-pt\\\/#website\",\"url\":\"https:\\\/\\\/www.groupeguillin.fr\\\/pt-pt\\\/\",\"name\":\"Groupe GUILLIN\",\"description\":\"We protect your food\",\"publisher\":{\"@id\":\"https:\\\/\\\/www.groupeguillin.fr\\\/pt-pt\\\/#organization\"},\"potentialAction\":[{\"@type\":\"SearchAction\",\"target\":{\"@type\":\"EntryPoint\",\"urlTemplate\":\"https:\\\/\\\/www.groupeguillin.fr\\\/pt-pt\\\/?s={search_term_string}\"},\"query-input\":{\"@type\":\"PropertyValueSpecification\",\"valueRequired\":true,\"valueName\":\"search_term_string\"}}],\"inLanguage\":\"pt-PT\"},{\"@type\":\"Organization\",\"@id\":\"https:\\\/\\\/www.groupeguillin.fr\\\/pt-pt\\\/#organization\",\"name\":\"Groupe GUILLIN\",\"url\":\"https:\\\/\\\/www.groupeguillin.fr\\\/pt-pt\\\/\",\"logo\":{\"@type\":\"ImageObject\",\"inLanguage\":\"pt-PT\",\"@id\":\"https:\\\/\\\/www.groupeguillin.fr\\\/pt-pt\\\/#\\\/schema\\\/logo\\\/image\\\/\",\"url\":\"https:\\\/\\\/www.groupeguillin.fr\\\/wp-content\\\/uploads\\\/2020\\\/09\\\/Logo-guillin-1.png\",\"contentUrl\":\"https:\\\/\\\/www.groupeguillin.fr\\\/wp-content\\\/uploads\\\/2020\\\/09\\\/Logo-guillin-1.png\",\"width\":1172,\"height\":300,\"caption\":\"Groupe GUILLIN\"},\"image\":{\"@id\":\"https:\\\/\\\/www.groupeguillin.fr\\\/pt-pt\\\/#\\\/schema\\\/logo\\\/image\\\/\"},\"sameAs\":[\"https:\\\/\\\/www.instagram.com\\\/groupeguillin\\\/\",\"https:\\\/\\\/www.linkedin.com\\\/company\\\/guillin-emballages\\\/\",\"https:\\\/\\\/www.youtube.com\\\/channel\\\/UCS-Q4Qkgd1bN9pdIPGRjogQ\"]}]}<\/script>\n<!-- \/ Yoast SEO plugin. -->","yoast_head_json":{"title":"Bem-vindo - Groupe GUILLIN","description":"O Grupo GUILLIN \u00e9 a refer\u00eancia europeia em embalagens alimentares de pl\u00e1stico, papel e cart\u00e3o.","robots":{"index":"index","follow":"follow","max-snippet":"max-snippet:-1","max-image-preview":"max-image-preview:large","max-video-preview":"max-video-preview:-1"},"canonical":"https:\/\/www.groupeguillin.fr\/pt-pt\/","og_locale":"pt_PT","og_type":"article","og_title":"Bem-vindo - Groupe GUILLIN","og_description":"O Grupo GUILLIN \u00e9 a refer\u00eancia europeia em embalagens alimentares de pl\u00e1stico, papel e cart\u00e3o.","og_url":"https:\/\/www.groupeguillin.fr\/pt-pt\/","og_site_name":"Groupe GUILLIN","article_modified_time":"2026-09-03T09:48:18+00:00","og_image":[{"width":1172,"height":300,"url":"https:\/\/www.groupeguillin.fr\/wp-content\/uploads\/2020\/09\/Logo-guillin-1.png","type":"image\/png"}],"twitter_card":"summary_large_image","schema":{"@context":"https:\/\/schema.org","@graph":[{"@type":"WebPage","@id":"https:\/\/www.groupeguillin.fr\/pt-pt\/","url":"https:\/\/www.groupeguillin.fr\/pt-pt\/","name":"Bem-vindo - Groupe GUILLIN","isPartOf":{"@id":"https:\/\/www.groupeguillin.fr\/pt-pt\/#website"},"datePublished":"2024-04-03T13:57:55+00:00","dateModified":"2026-09-03T09:48:18+00:00","description":"O Grupo GUILLIN \u00e9 a refer\u00eancia europeia em embalagens alimentares de pl\u00e1stico, papel e cart\u00e3o.","breadcrumb":{"@id":"https:\/\/www.groupeguillin.fr\/pt-pt\/#breadcrumb"},"inLanguage":"pt-PT","potentialAction":[{"@type":"ReadAction","target":["https:\/\/www.groupeguillin.fr\/pt-pt\/"]}]},{"@type":"BreadcrumbList","@id":"https:\/\/www.groupeguillin.fr\/pt-pt\/#breadcrumb","itemListElement":[{"@type":"ListItem","position":1,"name":"Accueil","item":"https:\/\/www.groupeguillin.fr\/pt-pt\/"},{"@type":"ListItem","position":2,"name":"Bem-vindo"}]},{"@type":"WebSite","@id":"https:\/\/www.groupeguillin.fr\/pt-pt\/#website","url":"https:\/\/www.groupeguillin.fr\/pt-pt\/","name":"Groupe GUILLIN","description":"We protect your food","publisher":{"@id":"https:\/\/www.groupeguillin.fr\/pt-pt\/#organization"},"potentialAction":[{"@type":"SearchAction","target":{"@type":"EntryPoint","urlTemplate":"https:\/\/www.groupeguillin.fr\/pt-pt\/?s={search_term_string}"},"query-input":{"@type":"PropertyValueSpecification","valueRequired":true,"valueName":"search_term_string"}}],"inLanguage":"pt-PT"},{"@type":"Organization","@id":"https:\/\/www.groupeguillin.fr\/pt-pt\/#organization","name":"Groupe GUILLIN","url":"https:\/\/www.groupeguillin.fr\/pt-pt\/","logo":{"@type":"ImageObject","inLanguage":"pt-PT","@id":"https:\/\/www.groupeguillin.fr\/pt-pt\/#\/schema\/logo\/image\/","url":"https:\/\/www.groupeguillin.fr\/wp-content\/uploads\/2020\/09\/Logo-guillin-1.png","contentUrl":"https:\/\/www.groupeguillin.fr\/wp-content\/uploads\/2020\/09\/Logo-guillin-1.png","width":1172,"height":300,"caption":"Groupe GUILLIN"},"image":{"@id":"https:\/\/www.groupeguillin.fr\/pt-pt\/#\/schema\/logo\/image\/"},"sameAs":["https:\/\/www.instagram.com\/groupeguillin\/","https:\/\/www.linkedin.com\/company\/guillin-emballages\/","https:\/\/www.youtube.com\/channel\/UCS-Q4Qkgd1bN9pdIPGRjogQ"]}]}},"publishpress_future_action":{"enabled":false,"date":"2026-09-13 09:58:52","action":"change-status","newStatus":"draft","terms":[],"taxonomy":"translation_priority","extraData":[]},"publishpress_future_workflow_manual_trigger":{"enabledWorkflows":[]},"_links":{"self":[{"href":"https:\/\/www.groupeguillin.fr\/pt-pt\/wp-json\/wp\/v2\/pages\/17469","targetHints":{"allow":["GET"]}}],"collection":[{"href":"https:\/\/www.groupeguillin.fr\/pt-pt\/wp-json\/wp\/v2\/pages"}],"about":[{"href":"https:\/\/www.groupeguillin.fr\/pt-pt\/wp-json\/wp\/v2\/types\/page"}],"author":[{"embeddable":true,"href":"https:\/\/www.groupeguillin.fr\/pt-pt\/wp-json\/wp\/v2\/users\/1"}],"replies":[{"embeddable":true,"href":"https:\/\/www.groupeguillin.fr\/pt-pt\/wp-json\/wp\/v2\/comments?post=17469"}],"version-history":[{"count":41,"href":"https:\/\/www.groupeguillin.fr\/pt-pt\/wp-json\/wp\/v2\/pages\/17469\/revisions"}],"predecessor-version":[{"id":23771,"href":"https:\/\/www.groupeguillin.fr\/pt-pt\/wp-json\/wp\/v2\/pages\/17469\/revisions\/23771"}],"wp:attachment":[{"href":"https:\/\/www.groupeguillin.fr\/pt-pt\/wp-json\/wp\/v2\/media?parent=17469"}],"curies":[{"name":"wp","href":"https:\/\/api.w.org\/{rel}","templated":true}]}}