{"id":10291,"date":"2022-03-08T14:45:47","date_gmt":"2022-03-08T13:45:47","guid":{"rendered":"https:\/\/www.groupeguillin.fr\/srodowisko\/"},"modified":"2024-06-07T15:36:26","modified_gmt":"2024-06-07T13:36:26","slug":"srodowisko","status":"publish","type":"page","link":"https:\/\/www.groupeguillin.fr\/pl\/srodowisko\/","title":{"rendered":"\u015aRODOWISKO"},"content":{"rendered":"<p>[et_pb_section fb_built=&#8221;1&#8243; _builder_version=&#8221;4.16&#8243; _module_preset=&#8221;default&#8221; custom_padding=&#8221;0px||0px||true|false&#8221; global_colors_info=&#8221;{}&#8221;][et_pb_row _builder_version=&#8221;4.16&#8243; _module_preset=&#8221;default&#8221; width=&#8221;100%&#8221; module_alignment=&#8221;right&#8221; custom_padding=&#8221;0px||0px||false|false&#8221; animation_style=&#8221;fade&#8221; global_colors_info=&#8221;{}&#8221;][et_pb_column type=&#8221;4_4&#8243; _builder_version=&#8221;4.16&#8243; _module_preset=&#8221;default&#8221; background_enable_image=&#8221;off&#8221; global_colors_info=&#8221;{}&#8221;][et_pb_slider use_bg_overlay=&#8221;off&#8221; use_text_overlay=&#8221;off&#8221; module_id=&#8221;slider-solutions&#8221; _builder_version=&#8221;4.16&#8243; _module_preset=&#8221;default&#8221; header_font=&#8221;|800|||||||&#8221; header_text_align=&#8221;right&#8221; header_text_color=&#8221;#ffffff&#8221; body_text_align=&#8221;right&#8221; background_enable_color=&#8221;off&#8221; custom_button=&#8221;on&#8221; button_text_size=&#8221;18px&#8221; button_text_color=&#8221;#80ba5f&#8221; button_bg_color=&#8221;#ffffff&#8221; button_border_width=&#8221;0px&#8221; button_border_radius=&#8221;26px&#8221; button_font=&#8221;||||||||&#8221; button_alignment=&#8221;right&#8221; button_custom_padding=&#8221;3px||3px||false|false&#8221; text_orientation=&#8221;right&#8221; width=&#8221;100%&#8221; max_width=&#8221;100%&#8221; module_alignment=&#8221;right&#8221; min_height=&#8221;550px&#8221; height=&#8221;550px&#8221; max_height=&#8221;550px&#8221; custom_margin=&#8221;|0px|||false|false&#8221; custom_padding=&#8221;60px|0px|60px||true|false&#8221; scroll_vertical_motion=&#8221;0|15|15|100|4|0|-4&#8243; custom_css_slide_description=&#8221;background: rgba(0,166,105,0.70) !important;&#8221; global_colors_info=&#8221;{}&#8221;][et_pb_slide heading=&#8221;NASZE OPAKOWANIA S\u0104 ODPOWIEDZIALNE I NADAJ\u0104 SI\u0118 DO RECYKLINGU&#8221; use_bg_overlay=&#8221;off&#8221; use_text_overlay=&#8221;off&#8221; _builder_version=&#8221;4.16&#8243; _module_preset=&#8221;default&#8221; header_text_align=&#8221;right&#8221; header_text_color=&#8221;#ffffff&#8221; body_text_color=&#8221;#ffffff&#8221; background_enable_color=&#8221;off&#8221; background_image=&#8221;https:\/\/www.groupeguillin.fr\/wp-content\/uploads\/2020\/09\/responsabilite-et-environnement-1-scaled.jpg&#8221; background_enable_image=&#8221;on&#8221; background_position=&#8221;center_left&#8221; button_alignment=&#8221;right&#8221; header_font_size_tablet=&#8221;28px&#8221; header_font_size_phone=&#8221;30px&#8221; header_font_size_last_edited=&#8221;on|phone&#8221; global_colors_info=&#8221;{}&#8221; sticky_transition=&#8221;on&#8221;]<\/p>\n<h4>NIE WYRZUCAJMY ICH!<\/h4>\n<p>[\/et_pb_slide][\/et_pb_slider][\/et_pb_column][\/et_pb_row][\/et_pb_section][et_pb_section fb_built=&#8221;1&#8243; _builder_version=&#8221;4.16&#8243; _module_preset=&#8221;default&#8221; custom_padding=&#8221;0px||0px||false|false&#8221; global_colors_info=&#8221;{}&#8221;][et_pb_row _builder_version=&#8221;4.16&#8243; _module_preset=&#8221;default&#8221; custom_margin=&#8221;||0px||false|false&#8221; custom_padding=&#8221;30px||30px||true|false&#8221; animation_style=&#8221;fade&#8221; global_colors_info=&#8221;{}&#8221;][et_pb_column type=&#8221;4_4&#8243; _builder_version=&#8221;4.16&#8243; _module_preset=&#8221;default&#8221; global_colors_info=&#8221;{}&#8221;][et_pb_text _builder_version=&#8221;4.16&#8243; _module_preset=&#8221;default&#8221; header_2_font=&#8221;|700|||||||&#8221; header_2_text_align=&#8221;center&#8221; header_2_font_size=&#8221;28px&#8221; custom_margin=&#8221;||20px||false|false&#8221; custom_padding=&#8221;||0px||false|false&#8221; global_colors_info=&#8221;{}&#8221;]<\/p>\n<h2>\u015aWIADOMO\u015a\u0106, ODPOWIEDZIALNO\u015a\u0106 I SZACUNEK DLA \u015aRODOWISKA<\/h2>\n<p>[\/et_pb_text][et_pb_text _builder_version=&#8221;4.16&#8243; _module_preset=&#8221;default&#8221; header_2_font=&#8221;|700|||||||&#8221; header_2_text_align=&#8221;center&#8221; header_2_font_size=&#8221;28px&#8221; custom_margin=&#8221;0px||0px||true|false&#8221; custom_padding=&#8221;0px||0px||true|false&#8221; custom_css_main_element=&#8221;columns:2;||column-gap:5%;&#8221; global_colors_info=&#8221;{}&#8221; custom_css_main_element_last_edited=&#8221;on|phone&#8221; custom_css_main_element_phone=&#8221;columns:1;||&#8221; custom_css_main_element_tablet=&#8221;columns:2;||column-gap:5%;&#8221;]<\/p>\n<p>Poniewa\u017c opakowania do \u017cywno\u015bci wp\u0142ywaj\u0105 jednocze\u015bnie na bezpiecze\u0144stwo \u017cywno\u015bci, zdrowie publiczne i ochron\u0119 \u015brodowiska, musz\u0105 by\u0107 w jak najwi\u0119kszym stopniu przyjazne dla \u015brodowiska naturalnego. Przekonanie to przy\u015bwieca nam od wielu lat: dlatego te\u017c zawsze zale\u017ca\u0142o nam na ekologicznym projektowaniu wszystkich naszych produkt\u00f3w (poprzez zmniejszenie ich wagi i wykorzystanie materia\u0142\u00f3w pochodz\u0105cych z recyklingu, z uwzgl\u0119dnieniem zasady zapewnienia teoretycznie niesko\u0144czonego cyklu \u017cycia) i nadal b\u0119dziemy tak dzia\u0142a\u0107. \u00a0 Ka\u017cde z naszych rozwi\u0105za\u0144 w zakresie opakowa\u0144 odpowiada konkretnym potrzebom i kryteriom zastosowania: nie przeciwstawiamy sobie r\u00f3\u017cnych materia\u0142\u00f3w, lecz oferujemy mo\u017cliwie najbardziej odpowiedni i zoptymalizowany produkt, niezale\u017cnie od tego, czy jest on wykonany z tworzywa sztucznego, kartonu czy materia\u0142\u00f3w alternatywnych, takich jak pulpa papierowa, z uwzgl\u0119dnieniem czynnik\u00f3w \u015brodowiskowych. W ten spos\u00f3b zawsze dbamy o przestrzeganie trzech drogich nam zasad: dekarbonizacji, zamkni\u0119tego obiegu i dost\u0119pno\u015bci dla jak najwi\u0119kszej liczby os\u00f3b. \u00a0 Ochrona \u017cywno\u015bci, ludzi i przyrody: w firmie GUILLIN to w\u0142a\u015bnie nazywamy opakowaniami wykonanymi w spos\u00f3b w 100% odpowiedzialny.<\/p>\n<p>[\/et_pb_text][et_pb_text _builder_version=&#8221;4.16&#8243; _module_preset=&#8221;default&#8221; header_2_font=&#8221;|700|||||||&#8221; header_2_text_align=&#8221;center&#8221; header_2_font_size=&#8221;28px&#8221; custom_padding_tablet=&#8221;&#8221; custom_padding_phone=&#8221;31px||||false|false&#8221; custom_padding_last_edited=&#8221;on|phone&#8221; global_colors_info=&#8221;{}&#8221;]<\/p>\n<p style=\"text-align: right;\"><strong>Sophie GUILLIN <\/strong><br \/>\nDyrektor Zarz\u0105dzaj\u0105ca<\/p>\n<p>[\/et_pb_text][\/et_pb_column][\/et_pb_row][\/et_pb_section][et_pb_section fb_built=&#8221;1&#8243; _builder_version=&#8221;4.16&#8243; _module_preset=&#8221;default&#8221; background_color=&#8221;#54B1E1&#8243; custom_padding=&#8221;0px||0px||false|false&#8221; global_colors_info=&#8221;{}&#8221;][et_pb_row _builder_version=&#8221;4.16&#8243; _module_preset=&#8221;default&#8221; custom_margin=&#8221;||0px||false|false&#8221; custom_padding=&#8221;30px||30px||true|false&#8221; animation_style=&#8221;fade&#8221; global_colors_info=&#8221;{}&#8221;][et_pb_column type=&#8221;4_4&#8243; _builder_version=&#8221;4.16&#8243; _module_preset=&#8221;default&#8221; global_colors_info=&#8221;{}&#8221;][et_pb_text _builder_version=&#8221;4.16&#8243; _module_preset=&#8221;default&#8221; text_text_color=&#8221;#ffffff&#8221; header_2_font=&#8221;|700|||||||&#8221; header_2_text_align=&#8221;center&#8221; header_2_text_color=&#8221;#ffffff&#8221; header_2_font_size=&#8221;28px&#8221; global_colors_info=&#8221;{}&#8221;]<\/p>\n<h2>PARTNERSTWO NA WY\u0141\u0104CZNO\u015a\u0106 MI\u0118DZY GUILLIN I PREVENTED OCEAN PLASTIC\u2122<\/h2>\n<p>[\/et_pb_text][\/et_pb_column][\/et_pb_row][et_pb_row column_structure=&#8221;1_2,1_2&#8243; _builder_version=&#8221;4.16&#8243; _module_preset=&#8221;default&#8221; custom_padding=&#8221;0px||30px||false|false&#8221; animation_style=&#8221;fade&#8221; global_colors_info=&#8221;{}&#8221;][et_pb_column type=&#8221;1_2&#8243; _builder_version=&#8221;4.16&#8243; _module_preset=&#8221;default&#8221; global_colors_info=&#8221;{}&#8221;][et_pb_code _builder_version=&#8221;4.16&#8243; _module_preset=&#8221;default&#8221; global_colors_info=&#8221;{}&#8221;]<iframe src=\"https:\/\/www.youtube.com\/embed\/W-V5MPw8t6k?rel=0\" width=\"560\" height=\"315\" frameborder=\"0\" allowfullscreen=\"allowfullscreen\"><\/iframe>[\/et_pb_code][\/et_pb_column][et_pb_column type=&#8221;1_2&#8243; _builder_version=&#8221;4.16&#8243; _module_preset=&#8221;default&#8221; global_colors_info=&#8221;{}&#8221;][et_pb_text module_id=&#8221;weprotect&#8221; _builder_version=&#8221;4.16&#8243; _module_preset=&#8221;default&#8221; text_text_color=&#8221;#ffffff&#8221; header_2_font=&#8221;|700|||||||&#8221; header_2_text_align=&#8221;center&#8221; header_2_font_size=&#8221;28px&#8221; header_4_font=&#8221;||||||||&#8221; header_4_text_align=&#8221;center&#8221; header_4_text_color=&#8221;#ffffff&#8221; custom_margin=&#8221;||0px||false|false&#8221; global_colors_info=&#8221;{}&#8221;]W 2020 roku Grupa GUILLIN podpisa\u0142a umow\u0119 o wy\u0142\u0105cznym partnerstwie z Prevented Ocean Plastic\u2122 i obecnie produkuje swoje opakowania nadaj\u0105ce si\u0119 do recyklingu z wysokiej jako\u015bci surowca pochodz\u0105cego z recyklingu. Materia\u0142 ten zosta\u0142 pozyskany dzi\u0119ki selektywnej zbi\u00f3rce butelek u wybrze\u017cy Indonezji i przetworzony zgodnie z procesem odpowiedzialnym spo\u0142ecznie, certyfikowanym przez OceanCycle\u00ae. \u00a0 Dzi\u0119ki tej wsp\u00f3\u0142pracy ponad 830 milion\u00f3w plastikowych butelek nie zako\u0144czy swojego \u017cycia w rzekach i oceanach. \u00a0 Opakowanie je\u015bli zostanie wyrzucone do odpowiedniego kosza, a nie porzucone w \u015brodowisku, mo\u017ce by\u0107 zbierane, sortowane i poddane recyklingowi: staje si\u0119 wtedy swoim w\u0142asnym zasobem. Zr\u00f3bmy to razem. \u00a0 #weprotectyourfood[\/et_pb_text][et_pb_button button_url=&#8221;mailto:contact@groupeguillin.fr&#8221; button_text=&#8221;KONTAKT&#8221; button_alignment=&#8221;center&#8221; _builder_version=&#8221;4.16&#8243; _module_preset=&#8221;default&#8221; custom_button=&#8221;on&#8221; button_text_size=&#8221;15px&#8221; button_text_color=&#8221;#1fa9e2&#8243; button_bg_color=&#8221;#ffffff&#8221; button_border_width=&#8221;0px&#8221; button_border_radius=&#8221;25px&#8221; button_font=&#8221;|600||on|||||&#8221; custom_margin=&#8221;0px||0px||false|false&#8221; custom_padding=&#8221;4px||4px||true|false&#8221; global_colors_info=&#8221;{}&#8221;][\/et_pb_button][\/et_pb_column][\/et_pb_row][\/et_pb_section][et_pb_section fb_built=&#8221;1&#8243; _builder_version=&#8221;4.8.1&#8243; _module_preset=&#8221;default&#8221; background_color=&#8221;#00a669&#8243; custom_padding=&#8221;0px||0px||false|false&#8221; global_module=&#8221;1721&#8243; saved_tabs=&#8221;all&#8221; global_colors_info=&#8221;{}&#8221;][et_pb_row _builder_version=&#8221;4.16&#8243; _module_preset=&#8221;default&#8221; custom_margin=&#8221;||0px||false|false&#8221; custom_padding=&#8221;30px||30px||true|false&#8221; animation_style=&#8221;fade&#8221; global_colors_info=&#8221;{}&#8221;][et_pb_column type=&#8221;4_4&#8243; _builder_version=&#8221;4.16&#8243; _module_preset=&#8221;default&#8221; global_colors_info=&#8221;{}&#8221;][et_pb_text _builder_version=&#8221;4.16&#8243; _module_preset=&#8221;default&#8221; text_text_color=&#8221;#ffffff&#8221; header_2_font=&#8221;|700|||||||&#8221; header_2_text_align=&#8221;center&#8221; header_2_text_color=&#8221;#ffffff&#8221; header_2_font_size=&#8221;28px&#8221; global_colors_info=&#8221;{}&#8221;]<\/p>\n<h2>NASZE ZOBOWI\u0104ZANIA WOBEC \u015aRODOWISKA<\/h2>\n<p>[\/et_pb_text][\/et_pb_column][\/et_pb_row][et_pb_row column_structure=&#8221;1_2,1_2&#8243; _builder_version=&#8221;4.16&#8243; _module_preset=&#8221;default&#8221; custom_padding=&#8221;0px||30px||false|false&#8221; animation_style=&#8221;fade&#8221; global_colors_info=&#8221;{}&#8221;][et_pb_column type=&#8221;1_2&#8243; _builder_version=&#8221;4.16&#8243; _module_preset=&#8221;default&#8221; global_colors_info=&#8221;{}&#8221;][et_pb_code _builder_version=&#8221;4.16&#8243; _module_preset=&#8221;default&#8221; locked=&#8221;off&#8221; global_colors_info=&#8221;{}&#8221;]<pee><iframe src=\"https:\/\/www.youtube.com\/embed\/lWEkVVm7Rkg\" width=\"560\" height=\"315\" frameborder=\"0\" allowfullscreen=\"allowfullscreen\"><\/iframe><\/pee>[\/et_pb_code][et_pb_text _builder_version=&#8221;4.16&#8243; _module_preset=&#8221;default&#8221; header_4_text_align=&#8221;center&#8221; header_4_text_color=&#8221;#21aa6b&#8221; header_4_font_size=&#8221;24px&#8221; background_color=&#8221;#FFFFFF&#8221; custom_margin=&#8221;30px||||false|false&#8221; custom_padding=&#8221;|2px||2px|true|true&#8221; link_option_url=&#8221;https:\/\/www.groupeguillin.fr\/wp-content\/uploads\/2021\/07\/GUILLIN-POP-Circular-economy-statement-2021.pdf&#8221; link_option_url_new_window=&#8221;on&#8221; custom_css_main_element=&#8221;border-radius:3em;&#8221; locked=&#8221;off&#8221; global_colors_info=&#8221;{}&#8221;]<\/p>\n<h4>NASZE ZOBOWI\u0104ZANIA NA RZECZ POP I GOSPODARKI O OBIEGU ZAMKNI\u0118TYM<\/h4>\n<p>[\/et_pb_text][\/et_pb_column][et_pb_column type=&#8221;1_2&#8243; _builder_version=&#8221;4.16&#8243; _module_preset=&#8221;default&#8221; global_colors_info=&#8221;{}&#8221;][et_pb_text _builder_version=&#8221;4.16&#8243; _module_preset=&#8221;default&#8221; text_text_color=&#8221;#ffffff&#8221; header_2_font=&#8221;|700|||||||&#8221; header_2_text_align=&#8221;center&#8221; header_2_font_size=&#8221;28px&#8221; global_colors_info=&#8221;{}&#8221;]<\/p>\n<p>Globalne ocieplenie, emisja CO2 i jej wp\u0142yw na nasz\u0105 planet\u0119 s\u0105 dzi\u015b g\u0142\u00f3wnymi problemami, z kt\u00f3rymi musimy si\u0119 mierzy\u0107. Nasze zaanga\u017cowanie na rzecz \u015brodowiska naturalnego zmierza do jednego celu: produkowa\u0107 opakowania w 100% odpowiedzialne, czego celem jest zredukowanie naszego \u015bladu w\u0119glowego do absolutnego minimum. Troszczymy si\u0119 o bezustanne godzenie ochrony \u015brodowiska z ochron\u0105 cz\u0142owieka, przy jednoczesnym zapewnieniu, \u017ce dzia\u0142ania podejmowane na rzecz jednego nie szkodz\u0105 drugiemu.<\/p>\n<p>Jeste\u015bmy zaanga\u017cowani w aktualne dyskusje maj\u0105ce na celu wsparcie procesu zbi\u00f3rki i recyklingu opakowa\u0144 z tworzyw sztucznych, czego dowodem jest nasze partnerstwo z grup\u0105 Paprec. Niedawno zawarli\u015bmy partnerstwo na Europ\u0119 z Prevented Ocean Plastic<sup>TM<\/sup>, aby w\u0142\u0105czy\u0107 do naszych opakowa\u0144 PET &#8211; wysokiej jako\u015bci plastik, pochodz\u0105cy z recyklingu odpad\u00f3w z tworzywa sztucznego zebranych w pobli\u017cu najbardziej zagro\u017conych wybrze\u017cy Indonezji. Poprzez te dzia\u0142ania chcemy r\u00f3wnie\u017c u\u015bwiadamia\u0107 wszystkim konsumentom konieczno\u015b\u0107 przyj\u0119cia odpowiedzialnej postawy obywatelskiej<\/p>\n<p>Chodzi o zmniejszenie naszego wp\u0142ywu na \u015brodowisko, ca\u0142kowite w\u0142\u0105czenie si\u0119 w gospodark\u0119 o obiegu zamkni\u0119tym i zaanga\u017cowanie poprzez konkretne dzia\u0142ania.<\/p>\n<p>[\/et_pb_text][\/et_pb_column][\/et_pb_row][\/et_pb_section][et_pb_section fb_built=&#8221;1&#8243; module_class=&#8221;produits-phares&#8221; _builder_version=&#8221;4.16&#8243; _module_preset=&#8221;default&#8221; background_color=&#8221;#fff&#8221; custom_padding=&#8221;0px||0px||true|false&#8221; animation_style=&#8221;fade&#8221; animation_speed_curve=&#8221;ease-in&#8221; hover_transition_duration=&#8221;200ms&#8221; global_colors_info=&#8221;{}&#8221;][et_pb_row column_structure=&#8221;1_3,2_3&#8243; _builder_version=&#8221;4.16&#8243; _module_preset=&#8221;default&#8221; global_colors_info=&#8221;{}&#8221;][et_pb_column type=&#8221;1_3&#8243; _builder_version=&#8221;4.16&#8243; _module_preset=&#8221;default&#8221; global_colors_info=&#8221;{}&#8221;][dsm_block_reveal_image src=&#8221;https:\/\/www.groupeguillin.fr\/wp-content\/uploads\/2020\/11\/co2_green-1.png&#8221; title_text=&#8221;co2_green&#8221; align=&#8221;center&#8221; block_reveal_viewport=&#8221;90%&#8221; _builder_version=&#8221;4.16&#8243; _module_preset=&#8221;default&#8221; custom_margin=&#8221;0px||20px||false|false&#8221; global_colors_info=&#8221;{}&#8221;][\/dsm_block_reveal_image][dsm_block_reveal_text block_reveal_text=&#8221;OGRANICZAMY WP\u0141YW NA \u015aRODOWISKO&#8221; _builder_version=&#8221;4.16&#8243; _module_preset=&#8221;default&#8221; header_text_align=&#8221;center&#8221; header_text_color=&#8221;#00a569&#8243; header_font_size=&#8221;30px&#8221; custom_margin=&#8221;10px||30px||false|false&#8221; custom_padding=&#8221;10px||||false|false&#8221; global_colors_info=&#8221;{}&#8221;][\/dsm_block_reveal_text][\/et_pb_column][et_pb_column type=&#8221;2_3&#8243; _builder_version=&#8221;4.16&#8243; _module_preset=&#8221;default&#8221; global_colors_info=&#8221;{}&#8221;][et_pb_text _builder_version=&#8221;4.16&#8243; _module_preset=&#8221;default&#8221; global_colors_info=&#8221;{}&#8221;]<\/p>\n<p><strong>Jako or\u0119downicy racjonalnego wykorzystania opakowa\u0144 dbamy o to, aby ich \u015blad w\u0119glowy w ca\u0142ym cyklu \u017cycia by\u0142 jak najmniejszy.<\/strong><\/p>\n<ul>\n<li>Od ponad 20 lat kierujemy si\u0119 w naszych dzia\u0142aniach logik\u0105 <strong>ekoprojektowania<\/strong> naszych opakowa\u0144, co doprowadzi\u0142o do zmniejszenia wagi niekt\u00f3rych z nich o 40%, a tym samym do znacznej redukcji \u015bladu w\u0119glowego zwi\u0105zanego z ich transportem.<\/li>\n<\/ul>\n<p>&nbsp;<\/p>\n<ul>\n<li>W naszych opakowaniach PET stosujemy co najmniej 30% rPET, co znacznie zmniejsza ich \u015blad w\u0119glowy, przy czym odsetek ten zmienia si\u0119 w zale\u017cno\u015bci od zastosowania i si\u0119ga 100% w przypadku pewnych okre\u015blonych grup produkt\u00f3w. Produkowane przez nas opakowania kartonowe s\u0105 wykonane ekologicznie z materia\u0142\u00f3w pierwotnych.<\/li>\n<\/ul>\n<p>&nbsp;<\/p>\n<ul>\n<li>Dbamy o to, aby nasze zak\u0142ady produkcyjne by\u0142y przyjazne dla \u015brodowiska naturalnego: wykorzystywa\u0142y wod\u0119 w obiegu zamkni\u0119tym, stosowa\u0142y urz\u0105dzenia o niskim zu\u017cyciu energii, nie zanieczyszcza\u0142y powietrza, systematycznie sortowa\u0142y odpady, odzyskiwa\u0142y energi\u0119 z system\u00f3w ogrzewania budynk\u00f3w, nie generowa\u0142y strat granulatu (zaanga\u017cowanie w Operation Clean Sweep<sup>\u00ae<\/sup> \/ oznaczenie MORE 2019).<\/li>\n<\/ul>\n<p>[\/et_pb_text][\/et_pb_column][\/et_pb_row][\/et_pb_section][et_pb_section fb_built=&#8221;1&#8243; module_class=&#8221;produits-phares&#8221; _builder_version=&#8221;4.16&#8243; _module_preset=&#8221;default&#8221; background_color=&#8221;#eeeeee&#8221; custom_padding=&#8221;0px||0px||true|false&#8221; animation_style=&#8221;fade&#8221; animation_speed_curve=&#8221;ease-in&#8221; hover_transition_duration=&#8221;200ms&#8221; global_colors_info=&#8221;{}&#8221;][et_pb_row column_structure=&#8221;1_3,2_3&#8243; _builder_version=&#8221;4.16&#8243; _module_preset=&#8221;default&#8221; custom_margin=&#8221;0px||0px||true|false&#8221; custom_padding=&#8221;30px||0px||false|false&#8221; global_colors_info=&#8221;{}&#8221;][et_pb_column type=&#8221;1_3&#8243; _builder_version=&#8221;4.16&#8243; _module_preset=&#8221;default&#8221; global_colors_info=&#8221;{}&#8221;][dsm_block_reveal_image src=&#8221;https:\/\/www.groupeguillin.fr\/wp-content\/uploads\/2020\/11\/recycle_green.png&#8221; title_text=&#8221;recycle_green&#8221; align=&#8221;center&#8221; block_reveal_viewport=&#8221;90%&#8221; _builder_version=&#8221;4.16&#8243; _module_preset=&#8221;default&#8221; custom_margin=&#8221;-50px||20px||false|false&#8221; custom_margin_tablet=&#8221;0px||||false|false&#8221; custom_margin_phone=&#8221;&#8221; custom_margin_last_edited=&#8221;on|phone&#8221; custom_css_main_element=&#8221;position:absolute !important;||width:100%;||margin:0 !important;||padding:0;&#8221; global_colors_info=&#8221;{}&#8221; custom_css_main_element_last_edited=&#8221;on|tablet&#8221; custom_css_main_element_phone=&#8221;position:relative !important;&#8221; custom_css_main_element_tablet=&#8221;position:relative !important;&#8221;][\/dsm_block_reveal_image][dsm_block_reveal_text block_reveal_text=&#8221;JESTE\u015aMY W 100% ZAANGA\u017bOWANI W GOSPODARK\u0118 O OBIEGU ZAMKNI\u0118TYM&#8221; _builder_version=&#8221;4.16&#8243; _module_preset=&#8221;default&#8221; header_text_align=&#8221;center&#8221; header_text_color=&#8221;#00a569&#8243; header_font_size=&#8221;30px&#8221; custom_margin=&#8221;10px||30px||false|false&#8221; custom_padding=&#8221;||||false&#8221; custom_css_main_element=&#8221;position:absolute !important;||width:100%;||margin:0 !important;||padding-top:230px;||display:block;&#8221; global_colors_info=&#8221;{}&#8221; custom_css_main_element_last_edited=&#8221;on|tablet&#8221; custom_css_main_element_phone=&#8221;position:relative !important;||margin:0;||padding:0;&#8221; custom_css_main_element_tablet=&#8221;position:relative !important;||&#8221;][\/dsm_block_reveal_text][\/et_pb_column][et_pb_column type=&#8221;2_3&#8243; _builder_version=&#8221;4.16&#8243; _module_preset=&#8221;default&#8221; global_colors_info=&#8221;{}&#8221;][et_pb_text _builder_version=&#8221;4.16&#8243; _module_preset=&#8221;default&#8221; global_colors_info=&#8221;{}&#8221;]<strong>Nasze opakowania nadaj\u0105 si\u0119 w 100% do recyklingu, ponownego wykorzystania lub kompostowania. Stanowi\u0105 one oszcz\u0119dn\u0105, ekologiczn\u0105 i solidn\u0105 alternatyw\u0119 zaspokajaj\u0105c\u0105 wszystkie potrzeby. Spe\u0142niaj\u0105 najwy\u017csze standardy w zakresie bezpiecze\u0144stwa \u017cywno\u015bci, przepis\u00f3w, ochrony \u017cywno\u015bci i \u015brodowiska naturalnego, redukcji odpad\u00f3w i praktyczno\u015bci u\u017cytkowania.<\/strong>[\/et_pb_text][\/et_pb_column][\/et_pb_row][et_pb_row column_structure=&#8221;1_4,1_4,1_4,1_4&#8243; use_custom_gutter=&#8221;on&#8221; gutter_width=&#8221;2&#8243; _builder_version=&#8221;4.16&#8243; _module_preset=&#8221;default&#8221; global_colors_info=&#8221;{}&#8221;][et_pb_column type=&#8221;1_4&#8243; _builder_version=&#8221;4.16&#8243; _module_preset=&#8221;default&#8221; custom_css_main_element=&#8221;width:30% !important;&#8221; global_colors_info=&#8221;{}&#8221; custom_css_main_element_last_edited=&#8221;on|phone&#8221; custom_css_main_element_tablet=&#8221;width:auto;&#8221; custom_css_main_element_phone=&#8221;width:auto;&#8221;][\/et_pb_column][et_pb_column type=&#8221;1_4&#8243; _builder_version=&#8221;4.16&#8243; _module_preset=&#8221;default&#8221; custom_css_main_element=&#8221;width:20% !important;&#8221; global_colors_info=&#8221;{}&#8221; custom_css_main_element_last_edited=&#8221;on|tablet&#8221; custom_css_main_element_phone=&#8221;width:auto;&#8221; custom_css_main_element_tablet=&#8221;width:auto;&#8221;][et_pb_image src=&#8221;https:\/\/www.groupeguillin.fr\/wp-content\/uploads\/2020\/10\/Label_RECYCLE_couleur_NEW-150&#215;150.png&#8221; title_text=&#8221;Label_RECYCLE_couleur_NEW&#8221; align=&#8221;center&#8221; _builder_version=&#8221;4.16&#8243; _module_preset=&#8221;default&#8221; custom_margin=&#8221;||10px||false|false&#8221; global_colors_info=&#8221;{}&#8221;][\/et_pb_image][et_pb_text _builder_version=&#8221;4.16&#8243; _module_preset=&#8221;default&#8221; text_orientation=&#8221;center&#8221; global_colors_info=&#8221;{}&#8221;]<\/p>\n<p>Nasze opakowania z tworzyw sztucznych nadaj\u0105 si\u0119 do recyklingu (PET i PP): dlatego w naturalny spos\u00f3b podlegaj\u0105 segregacji zgodnie z normami.<\/p>\n<p>[\/et_pb_text][\/et_pb_column][et_pb_column type=&#8221;1_4&#8243; _builder_version=&#8221;4.16&#8243; _module_preset=&#8221;default&#8221; custom_css_main_element=&#8221;width:20% !important;&#8221; global_colors_info=&#8221;{}&#8221; custom_css_main_element_last_edited=&#8221;on|phone&#8221; custom_css_main_element_phone=&#8221;width:auto;&#8221; custom_css_main_element_tablet=&#8221;width:auto;&#8221;][et_pb_image src=&#8221;https:\/\/www.groupeguillin.fr\/wp-content\/uploads\/2020\/10\/labelRE-USE_couleur_NEW-150&#215;150.png&#8221; title_text=&#8221;labelRE-USE_couleur_NEW&#8221; align=&#8221;center&#8221; _builder_version=&#8221;4.16&#8243; _module_preset=&#8221;default&#8221; custom_margin=&#8221;||10px||false|false&#8221; global_colors_info=&#8221;{}&#8221;][\/et_pb_image][et_pb_text _builder_version=&#8221;4.16&#8243; _module_preset=&#8221;default&#8221; text_orientation=&#8221;center&#8221; global_colors_info=&#8221;{}&#8221;]<\/p>\n<p>Oferujemy r\u00f3wnie\u017c produkty wielokrotnego u\u017cytku, w szczeg\u00f3lno\u015bci talerze, pucharki i sztu\u0107ce, w pe\u0142ni zgodne z europejskimi przepisami dotycz\u0105cymi przedmiot\u00f3w jednorazowego u\u017cytku z tworzyw sztucznych.<\/p>\n<p>[\/et_pb_text][\/et_pb_column][et_pb_column type=&#8221;1_4&#8243; _builder_version=&#8221;4.16&#8243; _module_preset=&#8221;default&#8221; custom_css_main_element=&#8221;width:20% !important;&#8221; global_colors_info=&#8221;{}&#8221; custom_css_main_element_last_edited=&#8221;on|phone&#8221; custom_css_main_element_phone=&#8221;width:auto;&#8221; custom_css_main_element_tablet=&#8221;width:auto;&#8221;][et_pb_image src=&#8221;https:\/\/www.groupeguillin.fr\/wp-content\/uploads\/2020\/10\/Label_BIO_couleur_NEW_crop-150&#215;150.png&#8221; title_text=&#8221;Label_BIO_couleur_NEW_crop&#8221; align=&#8221;center&#8221; _builder_version=&#8221;4.16&#8243; _module_preset=&#8221;default&#8221; custom_margin=&#8221;||10px||false|false&#8221; global_colors_info=&#8221;{}&#8221;][\/et_pb_image][et_pb_text _builder_version=&#8221;4.16&#8243; _module_preset=&#8221;default&#8221; text_orientation=&#8221;center&#8221; global_colors_info=&#8221;{}&#8221;]<\/p>\n<p>Ponadto od 2014 r. rozwijamy gam\u0119 produkt\u00f3w bio, w kt\u00f3rej sk\u0142ad wchodz\u0105 opakowania ulegaj\u0105ce biodegradacji i nadaj\u0105ce si\u0119 do kompostowania (w\u0142\u00f3kna ro\u015blinne lub bioplastik) albo nadaj\u0105ce si\u0119 do recyklingu (karton lub karton\/PET).<\/p>\n<p>[\/et_pb_text][\/et_pb_column][\/et_pb_row][\/et_pb_section][et_pb_section fb_built=&#8221;1&#8243; module_class=&#8221;produits-phares&#8221; _builder_version=&#8221;4.16&#8243; _module_preset=&#8221;default&#8221; background_color=&#8221;#fff&#8221; custom_padding=&#8221;0px||0px||true|false&#8221; animation_style=&#8221;fade&#8221; animation_speed_curve=&#8221;ease-in&#8221; hover_transition_duration=&#8221;200ms&#8221; global_colors_info=&#8221;{}&#8221;][et_pb_row column_structure=&#8221;1_3,2_3&#8243; _builder_version=&#8221;4.16&#8243; _module_preset=&#8221;default&#8221; global_colors_info=&#8221;{}&#8221;][et_pb_column type=&#8221;1_3&#8243; _builder_version=&#8221;4.16&#8243; _module_preset=&#8221;default&#8221; global_colors_info=&#8221;{}&#8221;][dsm_block_reveal_image src=&#8221;https:\/\/www.groupeguillin.fr\/wp-content\/uploads\/2020\/11\/clipboard_green.png&#8221; title_text=&#8221;clipboard_green&#8221; align=&#8221;center&#8221; block_reveal_viewport=&#8221;90%&#8221; _builder_version=&#8221;4.16&#8243; _module_preset=&#8221;default&#8221; custom_margin=&#8221;||20px||false|false&#8221; custom_margin_tablet=&#8221;0px||||false|false&#8221; custom_margin_phone=&#8221;&#8221; custom_margin_last_edited=&#8221;on|phone&#8221; global_colors_info=&#8221;{}&#8221;][\/dsm_block_reveal_image][dsm_block_reveal_text block_reveal_text=&#8221;ANGA\u017bUJEMY SI\u0118 W KONKRETNE DZIA\u0141ANIA&#8221; _builder_version=&#8221;4.16&#8243; _module_preset=&#8221;default&#8221; header_text_align=&#8221;center&#8221; header_text_color=&#8221;#00a569&#8243; header_font_size=&#8221;30px&#8221; custom_margin=&#8221;10px||30px||false|false&#8221; custom_padding=&#8221;||||false&#8221; global_colors_info=&#8221;{}&#8221;][\/dsm_block_reveal_text][\/et_pb_column][et_pb_column type=&#8221;2_3&#8243; _builder_version=&#8221;4.16&#8243; _module_preset=&#8221;default&#8221; global_colors_info=&#8221;{}&#8221;][et_pb_text _builder_version=&#8221;4.16&#8243; _module_preset=&#8221;default&#8221; global_colors_info=&#8221;{}&#8221;]<\/p>\n<p><strong>Dzia\u0142amy po to, aby gospodarka o obiegu zamkni\u0119tym, zbieranie, sortowanie, recykling i kompostowanie naszych opakowa\u0144 sta\u0142y si\u0119 powszechn\u0105 rzeczywisto\u015bci\u0105 i aby zach\u0119ca\u0107 do odpowiedzialnych zachowa\u0144.<\/strong><\/p>\n<ul>\n<li>W ramach projektu REUSAL nawi\u0105zali\u015bmy strategiczne partnerstwo z PAPREC RECYCLAGE, europejskim liderem, w celu stworzenia specjalnej linii recyklingowej do tacek z PET. R\u00f3wnocze\u015bnie na terenie naszych zak\u0142ad\u00f3w przeprowadzamy akcje zbi\u00f3rki PET, w kt\u00f3rych regularnie mobilizujemy wszystkich naszych pracownik\u00f3w.<\/li>\n<\/ul>\n<ul>\n<li>Jako pionierzy z innowacyjno\u015bci\u0105 w sercu, przewidujemy przysz\u0142e potrzeby, kt\u00f3re b\u0119d\u0105 mia\u0142y wp\u0142yw na nasze opakowania (poszanowanie \u015brodowiska naturalnego, ochrona i konserwacja \u017cywno\u015bci, zmieniaj\u0105cy si\u0119 styl \u017cycia) i przygotowujemy rozwi\u0105zania opakowaniowe jutra dzi\u0119ki monitorowaniu rozwijaj\u0105cych si\u0119 technologii. Posiadan\u0105 wiedz\u0119 wykorzystujemy r\u00f3wnie\u017c we wsp\u00f3lnych programach badawczo-rozwojowych, w kt\u00f3rych stosujemy nowoczesne technologie do opracowywania nowych rozwi\u0105za\u0144 w zakresie sortowania i recyklingu, a tak\u017ce wspieramy inicjatywy promuj\u0105ce gospodark\u0119 o obiegu zamkni\u0119tym i racjonalne wykorzystanie opakowa\u0144 na \u017cywno\u015b\u0107<\/li>\n<\/ul>\n<p>&nbsp;<\/p>\n<p>[\/et_pb_text][\/et_pb_column][\/et_pb_row][\/et_pb_section][et_pb_section fb_built=&#8221;1&#8243; _builder_version=&#8221;4.8.1&#8243; _module_preset=&#8221;default&#8221; background_color=&#8221;#ededed&#8221; custom_margin=&#8221;0px||||false|false&#8221; custom_padding=&#8221;0px||0px||true|false&#8221; global_module=&#8221;1516&#8243; saved_tabs=&#8221;all&#8221; global_colors_info=&#8221;{}&#8221;][et_pb_row _builder_version=&#8221;4.16&#8243; _module_preset=&#8221;default&#8221; custom_padding=&#8221;30px||0px||false|false&#8221; global_colors_info=&#8221;{}&#8221;][et_pb_column type=&#8221;4_4&#8243; _builder_version=&#8221;4.16&#8243; _module_preset=&#8221;default&#8221; global_colors_info=&#8221;{}&#8221;][et_pb_text _builder_version=&#8221;4.16&#8243; _module_preset=&#8221;default&#8221; text_font=&#8221;|800|||||||&#8221; header_3_font=&#8221;|700|||||||&#8221; header_3_text_align=&#8221;center&#8221; header_3_font_size=&#8221;28px&#8221; module_alignment=&#8221;center&#8221; custom_margin=&#8221;||||false|false&#8221; custom_padding=&#8221;||||false|false&#8221; global_colors_info=&#8221;{}&#8221;]<\/p>\n<h3 style=\"text-align: center;\">AKTUALNO\u015aCI<\/h3>\n<p>[\/et_pb_text][\/et_pb_column][\/et_pb_row][et_pb_row _builder_version=&#8221;4.16&#8243; _module_preset=&#8221;default&#8221; global_colors_info=&#8221;{}&#8221;][et_pb_column type=&#8221;4_4&#8243; _builder_version=&#8221;4.16&#8243; _module_preset=&#8221;default&#8221; global_colors_info=&#8221;{}&#8221;][et_pb_code _builder_version=&#8221;4.16&#8243; _module_preset=&#8221;default&#8221; global_colors_info=&#8221;{}&#8221;]<\/p>\n<div id=\"flockler-embed-18697698f65095a446880b336c228c91\"><\/div>\n<p><!-- [et_pb_line_break_holder] --><script src=\"https:\/\/plugins.flockler.com\/embed\/18697666fc40dcdd6a8a868204c67abd\/18697698f65095a446880b336c228c91\" async><\/script>[\/et_pb_code][\/et_pb_column][\/et_pb_row][\/et_pb_section]<\/p>\n","protected":false},"excerpt":{"rendered":"<p>NIE WYRZUCAJMY ICH!\u015aWIADOMO\u015a\u0106, ODPOWIEDZIALNO\u015a\u0106 I SZACUNEK DLA \u015aRODOWISKAPoniewa\u017c opakowania do \u017cywno\u015bci wp\u0142ywaj\u0105 jednocze\u015bnie na bezpiecze\u0144stwo \u017cywno\u015bci, zdrowie publiczne i ochron\u0119 \u015brodowiska, musz\u0105 by\u0107 w jak najwi\u0119kszym stopniu przyjazne dla \u015brodowiska naturalnego. Przekonanie to przy\u015bwieca nam od wielu lat: dlatego te\u017c zawsze zale\u017ca\u0142o nam na ekologicznym projektowaniu wszystkich naszych produkt\u00f3w (poprzez zmniejszenie ich wagi i wykorzystanie [&hellip;]<\/p>\n","protected":false},"author":1,"featured_media":0,"parent":0,"menu_order":0,"comment_status":"closed","ping_status":"closed","template":"","meta":{"_acf_changed":false,"_et_pb_use_builder":"on","_et_pb_old_content":"","_et_gb_content_width":"","footnotes":""},"class_list":["post-10291","page","type-page","status-publish","hentry"],"acf":[],"yoast_head":"<!-- This site is optimized with the Yoast SEO plugin v27.5 - https:\/\/yoast.com\/product\/yoast-seo-wordpress\/ -->\n<title>\u015aRODOWISKO - Groupe GUILLIN<\/title>\n<meta name=\"description\" content=\"Le Groupe GUILLIN est le r\u00e9f\u00e9rent europ\u00e9en de l&#039;emballage plastique alimentaire\" \/>\n<meta name=\"robots\" content=\"index, follow, max-snippet:-1, max-image-preview:large, max-video-preview:-1\" \/>\n<link rel=\"canonical\" href=\"https:\/\/www.groupeguillin.fr\/pl\/srodowisko\/\" \/>\n<meta property=\"og:locale\" content=\"pl_PL\" \/>\n<meta property=\"og:type\" content=\"article\" \/>\n<meta property=\"og:title\" content=\"\u015aRODOWISKO - Groupe GUILLIN\" \/>\n<meta property=\"og:description\" content=\"Le Groupe GUILLIN est le r\u00e9f\u00e9rent europ\u00e9en de l&#039;emballage plastique alimentaire\" \/>\n<meta property=\"og:url\" content=\"https:\/\/www.groupeguillin.fr\/pl\/srodowisko\/\" \/>\n<meta property=\"og:site_name\" content=\"Groupe GUILLIN\" \/>\n<meta property=\"article:modified_time\" content=\"2024-06-07T13:36:26+00:00\" \/>\n<meta property=\"og:image\" content=\"https:\/\/www.groupeguillin.fr\/wp-content\/uploads\/2020\/09\/Logo-guillin-1.png\" \/>\n\t<meta property=\"og:image:width\" content=\"1172\" \/>\n\t<meta property=\"og:image:height\" content=\"300\" \/>\n\t<meta property=\"og:image:type\" content=\"image\/png\" \/>\n<meta name=\"twitter:card\" content=\"summary_large_image\" \/>\n<meta name=\"twitter:label1\" content=\"Est. reading time\" \/>\n\t<meta name=\"twitter:data1\" content=\"16 minutes\" \/>\n<script type=\"application\/ld+json\" class=\"yoast-schema-graph\">{\"@context\":\"https:\\\/\\\/schema.org\",\"@graph\":[{\"@type\":\"WebPage\",\"@id\":\"https:\\\/\\\/www.groupeguillin.fr\\\/pl\\\/srodowisko\\\/\",\"url\":\"https:\\\/\\\/www.groupeguillin.fr\\\/pl\\\/srodowisko\\\/\",\"name\":\"\u015aRODOWISKO - Groupe GUILLIN\",\"isPartOf\":{\"@id\":\"https:\\\/\\\/www.groupeguillin.fr\\\/pl\\\/#website\"},\"datePublished\":\"2022-03-08T13:45:47+00:00\",\"dateModified\":\"2024-06-07T13:36:26+00:00\",\"description\":\"Le Groupe GUILLIN est le r\u00e9f\u00e9rent europ\u00e9en de l'emballage plastique alimentaire\",\"breadcrumb\":{\"@id\":\"https:\\\/\\\/www.groupeguillin.fr\\\/pl\\\/srodowisko\\\/#breadcrumb\"},\"inLanguage\":\"pl-PL\",\"potentialAction\":[{\"@type\":\"ReadAction\",\"target\":[\"https:\\\/\\\/www.groupeguillin.fr\\\/pl\\\/srodowisko\\\/\"]}]},{\"@type\":\"BreadcrumbList\",\"@id\":\"https:\\\/\\\/www.groupeguillin.fr\\\/pl\\\/srodowisko\\\/#breadcrumb\",\"itemListElement\":[{\"@type\":\"ListItem\",\"position\":1,\"name\":\"Accueil\",\"item\":\"https:\\\/\\\/www.groupeguillin.fr\\\/pl\\\/\"},{\"@type\":\"ListItem\",\"position\":2,\"name\":\"\u015aRODOWISKO\"}]},{\"@type\":\"WebSite\",\"@id\":\"https:\\\/\\\/www.groupeguillin.fr\\\/pl\\\/#website\",\"url\":\"https:\\\/\\\/www.groupeguillin.fr\\\/pl\\\/\",\"name\":\"Groupe GUILLIN\",\"description\":\"We protect your food\",\"publisher\":{\"@id\":\"https:\\\/\\\/www.groupeguillin.fr\\\/pl\\\/#organization\"},\"potentialAction\":[{\"@type\":\"SearchAction\",\"target\":{\"@type\":\"EntryPoint\",\"urlTemplate\":\"https:\\\/\\\/www.groupeguillin.fr\\\/pl\\\/?s={search_term_string}\"},\"query-input\":{\"@type\":\"PropertyValueSpecification\",\"valueRequired\":true,\"valueName\":\"search_term_string\"}}],\"inLanguage\":\"pl-PL\"},{\"@type\":\"Organization\",\"@id\":\"https:\\\/\\\/www.groupeguillin.fr\\\/pl\\\/#organization\",\"name\":\"Groupe GUILLIN\",\"url\":\"https:\\\/\\\/www.groupeguillin.fr\\\/pl\\\/\",\"logo\":{\"@type\":\"ImageObject\",\"inLanguage\":\"pl-PL\",\"@id\":\"https:\\\/\\\/www.groupeguillin.fr\\\/pl\\\/#\\\/schema\\\/logo\\\/image\\\/\",\"url\":\"https:\\\/\\\/www.groupeguillin.fr\\\/wp-content\\\/uploads\\\/2020\\\/09\\\/Logo-guillin-1.png\",\"contentUrl\":\"https:\\\/\\\/www.groupeguillin.fr\\\/wp-content\\\/uploads\\\/2020\\\/09\\\/Logo-guillin-1.png\",\"width\":1172,\"height\":300,\"caption\":\"Groupe GUILLIN\"},\"image\":{\"@id\":\"https:\\\/\\\/www.groupeguillin.fr\\\/pl\\\/#\\\/schema\\\/logo\\\/image\\\/\"},\"sameAs\":[\"https:\\\/\\\/www.instagram.com\\\/groupeguillin\\\/\",\"https:\\\/\\\/www.linkedin.com\\\/company\\\/guillin-emballages\\\/\",\"https:\\\/\\\/www.youtube.com\\\/channel\\\/UCS-Q4Qkgd1bN9pdIPGRjogQ\"]}]}<\/script>\n<!-- \/ Yoast SEO plugin. -->","yoast_head_json":{"title":"\u015aRODOWISKO - Groupe GUILLIN","description":"Le Groupe GUILLIN est le r\u00e9f\u00e9rent europ\u00e9en de l'emballage plastique alimentaire","robots":{"index":"index","follow":"follow","max-snippet":"max-snippet:-1","max-image-preview":"max-image-preview:large","max-video-preview":"max-video-preview:-1"},"canonical":"https:\/\/www.groupeguillin.fr\/pl\/srodowisko\/","og_locale":"pl_PL","og_type":"article","og_title":"\u015aRODOWISKO - Groupe GUILLIN","og_description":"Le Groupe GUILLIN est le r\u00e9f\u00e9rent europ\u00e9en de l'emballage plastique alimentaire","og_url":"https:\/\/www.groupeguillin.fr\/pl\/srodowisko\/","og_site_name":"Groupe GUILLIN","article_modified_time":"2024-06-07T13:36:26+00:00","og_image":[{"width":1172,"height":300,"url":"https:\/\/www.groupeguillin.fr\/wp-content\/uploads\/2020\/09\/Logo-guillin-1.png","type":"image\/png"}],"twitter_card":"summary_large_image","twitter_misc":{"Est. reading time":"16 minutes"},"schema":{"@context":"https:\/\/schema.org","@graph":[{"@type":"WebPage","@id":"https:\/\/www.groupeguillin.fr\/pl\/srodowisko\/","url":"https:\/\/www.groupeguillin.fr\/pl\/srodowisko\/","name":"\u015aRODOWISKO - Groupe GUILLIN","isPartOf":{"@id":"https:\/\/www.groupeguillin.fr\/pl\/#website"},"datePublished":"2022-03-08T13:45:47+00:00","dateModified":"2024-06-07T13:36:26+00:00","description":"Le Groupe GUILLIN est le r\u00e9f\u00e9rent europ\u00e9en de l'emballage plastique alimentaire","breadcrumb":{"@id":"https:\/\/www.groupeguillin.fr\/pl\/srodowisko\/#breadcrumb"},"inLanguage":"pl-PL","potentialAction":[{"@type":"ReadAction","target":["https:\/\/www.groupeguillin.fr\/pl\/srodowisko\/"]}]},{"@type":"BreadcrumbList","@id":"https:\/\/www.groupeguillin.fr\/pl\/srodowisko\/#breadcrumb","itemListElement":[{"@type":"ListItem","position":1,"name":"Accueil","item":"https:\/\/www.groupeguillin.fr\/pl\/"},{"@type":"ListItem","position":2,"name":"\u015aRODOWISKO"}]},{"@type":"WebSite","@id":"https:\/\/www.groupeguillin.fr\/pl\/#website","url":"https:\/\/www.groupeguillin.fr\/pl\/","name":"Groupe GUILLIN","description":"We protect your food","publisher":{"@id":"https:\/\/www.groupeguillin.fr\/pl\/#organization"},"potentialAction":[{"@type":"SearchAction","target":{"@type":"EntryPoint","urlTemplate":"https:\/\/www.groupeguillin.fr\/pl\/?s={search_term_string}"},"query-input":{"@type":"PropertyValueSpecification","valueRequired":true,"valueName":"search_term_string"}}],"inLanguage":"pl-PL"},{"@type":"Organization","@id":"https:\/\/www.groupeguillin.fr\/pl\/#organization","name":"Groupe GUILLIN","url":"https:\/\/www.groupeguillin.fr\/pl\/","logo":{"@type":"ImageObject","inLanguage":"pl-PL","@id":"https:\/\/www.groupeguillin.fr\/pl\/#\/schema\/logo\/image\/","url":"https:\/\/www.groupeguillin.fr\/wp-content\/uploads\/2020\/09\/Logo-guillin-1.png","contentUrl":"https:\/\/www.groupeguillin.fr\/wp-content\/uploads\/2020\/09\/Logo-guillin-1.png","width":1172,"height":300,"caption":"Groupe GUILLIN"},"image":{"@id":"https:\/\/www.groupeguillin.fr\/pl\/#\/schema\/logo\/image\/"},"sameAs":["https:\/\/www.instagram.com\/groupeguillin\/","https:\/\/www.linkedin.com\/company\/guillin-emballages\/","https:\/\/www.youtube.com\/channel\/UCS-Q4Qkgd1bN9pdIPGRjogQ"]}]}},"publishpress_future_action":{"enabled":false,"date":"2026-05-06 10:57:45","action":"change-status","newStatus":"draft","terms":[],"taxonomy":"translation_priority","extraData":[]},"publishpress_future_workflow_manual_trigger":{"enabledWorkflows":[]},"_links":{"self":[{"href":"https:\/\/www.groupeguillin.fr\/pl\/wp-json\/wp\/v2\/pages\/10291","targetHints":{"allow":["GET"]}}],"collection":[{"href":"https:\/\/www.groupeguillin.fr\/pl\/wp-json\/wp\/v2\/pages"}],"about":[{"href":"https:\/\/www.groupeguillin.fr\/pl\/wp-json\/wp\/v2\/types\/page"}],"author":[{"embeddable":true,"href":"https:\/\/www.groupeguillin.fr\/pl\/wp-json\/wp\/v2\/users\/1"}],"replies":[{"embeddable":true,"href":"https:\/\/www.groupeguillin.fr\/pl\/wp-json\/wp\/v2\/comments?post=10291"}],"version-history":[{"count":35,"href":"https:\/\/www.groupeguillin.fr\/pl\/wp-json\/wp\/v2\/pages\/10291\/revisions"}],"predecessor-version":[{"id":18422,"href":"https:\/\/www.groupeguillin.fr\/pl\/wp-json\/wp\/v2\/pages\/10291\/revisions\/18422"}],"wp:attachment":[{"href":"https:\/\/www.groupeguillin.fr\/pl\/wp-json\/wp\/v2\/media?parent=10291"}],"curies":[{"name":"wp","href":"https:\/\/api.w.org\/{rel}","templated":true}]}}