{"id":10204,"date":"2022-02-17T14:12:14","date_gmt":"2022-02-17T13:12:14","guid":{"rendered":"https:\/\/www.groupeguillin.fr\/zywienie-zbiorowe\/"},"modified":"2024-10-02T16:04:28","modified_gmt":"2024-10-02T14:04:28","slug":"zywienie-zbiorowe","status":"publish","type":"page","link":"https:\/\/www.groupeguillin.fr\/pl\/zywienie-zbiorowe\/","title":{"rendered":"\u017bYWIENIE ZBIOROWE"},"content":{"rendered":"<p>[et_pb_section fb_built=&#8221;1&#8243; _builder_version=&#8221;4.16&#8243; _module_preset=&#8221;default&#8221; custom_padding=&#8221;0px||0px||true|false&#8221; global_colors_info=&#8221;{}&#8221;][et_pb_row _builder_version=&#8221;4.16&#8243; _module_preset=&#8221;default&#8221; width=&#8221;100%&#8221; module_alignment=&#8221;right&#8221; custom_padding=&#8221;0px||0px||false|false&#8221; animation_style=&#8221;fade&#8221; global_colors_info=&#8221;{}&#8221;][et_pb_column type=&#8221;4_4&#8243; _builder_version=&#8221;4.16&#8243; _module_preset=&#8221;default&#8221; background_enable_image=&#8221;off&#8221; global_colors_info=&#8221;{}&#8221;][et_pb_slider use_bg_overlay=&#8221;off&#8221; use_text_overlay=&#8221;off&#8221; module_id=&#8221;slider-solutions&#8221; _builder_version=&#8221;4.27.0&#8243; _module_preset=&#8221;default&#8221; header_font=&#8221;|800|||||||&#8221; header_text_align=&#8221;right&#8221; header_text_color=&#8221;#ffffff&#8221; body_text_align=&#8221;right&#8221; background_enable_color=&#8221;off&#8221; custom_button=&#8221;on&#8221; button_text_size=&#8221;18px&#8221; button_text_color=&#8221;#9ab0c4&#8243; button_bg_color=&#8221;#ffffff&#8221; button_border_width=&#8221;0px&#8221; button_border_radius=&#8221;26px&#8221; button_font=&#8221;||||||||&#8221; button_alignment=&#8221;right&#8221; button_custom_padding=&#8221;3px||0px||false|false&#8221; text_orientation=&#8221;right&#8221; width=&#8221;100%&#8221; max_width=&#8221;100%&#8221; module_alignment=&#8221;right&#8221; min_height=&#8221;550px&#8221; height=&#8221;550px&#8221; max_height=&#8221;550px&#8221; custom_margin=&#8221;|0px|||false|false&#8221; custom_padding=&#8221;60px|0px|60px||true|false&#8221; scroll_vertical_motion=&#8221;0|15|15|100|4|0|-4&#8243; hover_enabled=&#8221;0&#8243; header_font_size_tablet=&#8221;&#8221; header_font_size_phone=&#8221;30px&#8221; header_font_size_last_edited=&#8221;on|phone&#8221; custom_css_slide_description=&#8221;background: rgba(154,176,196,0.70) !important;&#8221; global_colors_info=&#8221;{}&#8221; header_level=&#8221;h1&#8243; sticky_enabled=&#8221;0&#8243;][et_pb_slide heading=&#8221;\u017bYWIENIE ZBIOROWE&#8221; button_text=&#8221;KONTAKT&#8221; button_link=&#8221;mailto:collectivecatering@groupeguillin.com&#8221; use_bg_overlay=&#8221;off&#8221; use_text_overlay=&#8221;off&#8221; _builder_version=&#8221;4.16&#8243; _module_preset=&#8221;default&#8221; header_text_align=&#8221;right&#8221; header_text_color=&#8221;#ffffff&#8221; body_text_color=&#8221;#ffffff&#8221; background_enable_color=&#8221;off&#8221; background_image=&#8221;https:\/\/www.groupeguillin.fr\/wp-content\/uploads\/2020\/09\/KAOLIN-Plateau-repas-72-dpi-1-scaled.jpg&#8221; background_enable_image=&#8221;on&#8221; button_alignment=&#8221;right&#8221; global_colors_info=&#8221;{}&#8221; sticky_transition=&#8221;on&#8221;]<\/p>\n<h4><strong><br \/><b>KAOLIN<\/b><br \/><\/strong><\/h4>\n<p>Nadaj\u0105ca si\u0119 do recyklingu zgrzewalna tacka <br \/>Wysokiej jako\u015bci projekty do dystrybucji posi\u0142k\u00f3w w spo\u0142ecznych instytucjach lokalnych<\/p>\n<p>[\/et_pb_slide][\/et_pb_slider][\/et_pb_column][\/et_pb_row][\/et_pb_section][et_pb_section fb_built=&#8221;1&#8243; _builder_version=&#8221;4.16&#8243; _module_preset=&#8221;default&#8221; custom_padding=&#8221;0px||0px||false|false&#8221; global_colors_info=&#8221;{}&#8221;][et_pb_row _builder_version=&#8221;4.16&#8243; _module_preset=&#8221;default&#8221; custom_margin=&#8221;||0px||false|false&#8221; custom_padding=&#8221;30px||30px||true|false&#8221; animation_style=&#8221;fade&#8221; global_colors_info=&#8221;{}&#8221;][et_pb_column type=&#8221;4_4&#8243; _builder_version=&#8221;4.16&#8243; _module_preset=&#8221;default&#8221; global_colors_info=&#8221;{}&#8221;][et_pb_text _builder_version=&#8221;4.27.0&#8243; _module_preset=&#8221;default&#8221; header_2_font=&#8221;|700|||||||&#8221; header_2_text_align=&#8221;center&#8221; header_2_font_size=&#8221;28px&#8221; hover_enabled=&#8221;0&#8243; global_colors_info=&#8221;{}&#8221; sticky_enabled=&#8221;0&#8243;]<\/p>\n<h2><strong>PREKURSORZY W PAKOWANIU I DYSTRYBUCJI POSI\u0141K\u00d3W<\/strong><\/h2>\n<p>[\/et_pb_text][\/et_pb_column][\/et_pb_row][et_pb_row column_structure=&#8221;1_2,1_2&#8243; _builder_version=&#8221;4.16&#8243; _module_preset=&#8221;default&#8221; custom_padding=&#8221;0px||20px||false|false&#8221; animation_style=&#8221;fade&#8221; global_colors_info=&#8221;{}&#8221;][et_pb_column type=&#8221;1_2&#8243; _builder_version=&#8221;4.16&#8243; _module_preset=&#8221;default&#8221; global_colors_info=&#8221;{}&#8221;][et_pb_text _builder_version=&#8221;4.16&#8243; _module_preset=&#8221;default&#8221; header_2_font=&#8221;|700|||||||&#8221; header_2_text_align=&#8221;center&#8221; header_2_font_size=&#8221;28px&#8221; global_colors_info=&#8221;{}&#8221;]<\/p>\n<p>Co by\u0142o historycznie sercem dzia\u0142alno\u015bci sp\u00f3\u0142ek Grupy GUILLIN: RESCASET i SOCAMEL? U\u0142atwianie pakowania i dystrybucji posi\u0142k\u00f3w w spo\u0142ecznych instytucjach lokalnych: szpitalach, szko\u0142ach, zak\u0142adach karnych, domach spokojnej staro\u015bci. <br \/>RESCASET, firma od ponad 30 lat propaguj\u0105ca koncepcj\u0119 dostaw produkt\u00f3w sch\u0142odzonych, r\u00f3wnolegle dystrybuuje lini\u0119 opakowa\u0144 przeznaczonych dla zak\u0142ad\u00f3w zbiorowego \u017cywienia i przemys\u0142u spo\u017cywczego oraz szerok\u0105 gam\u0119 maszyn zgrzewaj\u0105cych i pakuj\u0105cych: w sumie ponad 800 pozycji o r\u00f3\u017cnych formach i pojemno\u015bciach, zaprojektowanych specjalnie do pakowania, zabezpieczania, zachowania higieny i dystrybucji posi\u0142k\u00f3w, zar\u00f3wno na ciep\u0142o jak i na zimno.<\/p>\n<p>[\/et_pb_text][\/et_pb_column][et_pb_column type=&#8221;1_2&#8243; _builder_version=&#8221;4.16&#8243; _module_preset=&#8221;default&#8221; global_colors_info=&#8221;{}&#8221;][et_pb_text _builder_version=&#8221;4.16&#8243; _module_preset=&#8221;default&#8221; header_2_font=&#8221;|700|||||||&#8221; header_2_text_align=&#8221;center&#8221; header_2_font_size=&#8221;28px&#8221; global_colors_info=&#8221;{}&#8221;]SOCAMEL, lider w dziedzinie cateringu we francuskich plac\u00f3wkach s\u0142u\u017cby zdrowia, jest nieodzownym partnerem w zakresie dystrybucji posi\u0142k\u00f3w na w\u00f3zkach lub w w\u00f3zkach wahad\u0142owych. Firma zajmuje si\u0119 projektowaniem, produkcj\u0105 i dystrybucj\u0105 sprz\u0119tu zapewniaj\u0105cego niezawodno\u015b\u0107 dostaw zimnych, gor\u0105cych i mro\u017conych produkt\u00f3w spo\u017cywczych: w\u00f3zki do dystrybucji posi\u0142k\u00f3w, piece do podgrzewania, narz\u0119dzia do monitorowania oraz szereg spersonalizowanych us\u0142ug.<\/p>\n<p>Firmy RESCASET i SOCAMEL uzupe\u0142niaj\u0105 si\u0119 wzajemnie, aby oferowa\u0107 najlepsze rozwi\u0105zania do przygotowywania posi\u0142k\u00f3w oraz ich serwowania w lokalnych instytucjach spo\u0142ecznych.[\/et_pb_text][\/et_pb_column][\/et_pb_row][\/et_pb_section][et_pb_section fb_built=&#8221;1&#8243; _builder_version=&#8221;4.16&#8243; _module_preset=&#8221;default&#8221; background_color=&#8221;#9ab0c4&#8243; custom_padding=&#8221;0px||0px||true|false&#8221; animation_style=&#8221;fade&#8221; hover_transition_duration=&#8221;200ms&#8221; hover_transition_speed_curve=&#8221;ease-in&#8221; global_colors_info=&#8221;{}&#8221;][et_pb_row column_structure=&#8221;1_3,1_3,1_3&#8243; _builder_version=&#8221;4.16&#8243; _module_preset=&#8221;default&#8221; background_enable_color=&#8221;off&#8221; max_width=&#8221;1600px&#8221; custom_padding=&#8221;30px||30px||true|false&#8221; animation_style=&#8221;fade&#8221; global_colors_info=&#8221;{}&#8221;][et_pb_column type=&#8221;1_3&#8243; _builder_version=&#8221;4.16&#8243; _module_preset=&#8221;default&#8221; custom_padding=&#8221;|2%||2%|false|true&#8221; global_colors_info=&#8221;{}&#8221;][et_pb_text _builder_version=&#8221;4.27.0&#8243; _module_preset=&#8221;default&#8221; header_4_font=&#8221;|800|||||||&#8221; header_4_text_align=&#8221;center&#8221; header_4_text_color=&#8221;#ffffff&#8221; header_4_font_size=&#8221;28px&#8221; custom_margin=&#8221;||25px||false|false&#8221; hover_enabled=&#8221;0&#8243; global_colors_info=&#8221;{}&#8221; sticky_enabled=&#8221;0&#8243;]<\/p>\n<h3 style=\"color: white; font-size: 28px; text-align: center;\"><strong>OCHRONA<\/strong><\/h3>\n<p>[\/et_pb_text][et_pb_image src=&#8221;https:\/\/www.groupeguillin.fr\/wp-content\/uploads\/2020\/11\/Protection.png&#8221; title_text=&#8221;OCHRONA&#8221; align=&#8221;center&#8221; _builder_version=&#8221;4.16&#8243; _module_preset=&#8221;default&#8221; width=&#8221;35%&#8221; filter_opacity=&#8221;30%&#8221; animation_style=&#8221;fade&#8221; global_colors_info=&#8221;{}&#8221;][\/et_pb_image][et_pb_text _builder_version=&#8221;4.16&#8243; _module_preset=&#8221;default&#8221; text_text_color=&#8221;#ffffff&#8221; text_orientation=&#8221;center&#8221; custom_margin=&#8221;||25px||false|false&#8221; custom_padding=&#8221;||0px||false|false&#8221; global_colors_info=&#8221;{}&#8221;]Naszym priorytetem jest ochrona \u017cywno\u015bci i ludzi. Nasze opakowania zapewniaj\u0105 bezpiecze\u0144stwo i higien\u0119 ich zawarto\u015bci w obliczu czynnik\u00f3w zewn\u0119trznych: zanieczyszczenia, zimno, ciep\u0142o, \u015bwiat\u0142o, kradzie\u017c&#8230; od momentu produkcji a\u017c do czasu, kiedy trafi\u0105 na st\u00f3\u0142 konsumenta.[\/et_pb_text][et_pb_button button_url=&#8221;https:\/\/www.groupeguillin.fr\/pl\/innowacje-i-wzornictwo\/&#8221; button_text=&#8221;ZOBACZ&#8221; button_alignment=&#8221;center&#8221; _builder_version=&#8221;4.16&#8243; _module_preset=&#8221;default&#8221; custom_button=&#8221;on&#8221; button_text_size=&#8221;15px&#8221; button_text_color=&#8221;#9ab0c4&#8243; button_bg_color=&#8221;#ffffff&#8221; button_border_width=&#8221;0px&#8221; button_border_radius=&#8221;25px&#8221; button_font=&#8221;|600||on|||||&#8221; custom_margin=&#8221;0px||0px||false|false&#8221; custom_padding=&#8221;4px||4px||true|false&#8221; saved_tabs=&#8221;all&#8221; global_colors_info=&#8221;{}&#8221;][\/et_pb_button][\/et_pb_column][et_pb_column type=&#8221;1_3&#8243; _builder_version=&#8221;4.16&#8243; _module_preset=&#8221;default&#8221; custom_padding=&#8221;|2%||2%|false|true&#8221; global_colors_info=&#8221;{}&#8221;][et_pb_text _builder_version=&#8221;4.27.0&#8243; _module_preset=&#8221;default&#8221; header_4_font=&#8221;|800|||||||&#8221; header_4_text_align=&#8221;center&#8221; header_4_text_color=&#8221;#ffffff&#8221; header_4_font_size=&#8221;28px&#8221; custom_margin=&#8221;||25px||false|false&#8221; hover_enabled=&#8221;0&#8243; global_colors_info=&#8221;{}&#8221; sticky_enabled=&#8221;0&#8243;]<\/p>\n<h3 style=\"color: white; font-size: 28px; text-align: center;\"><strong>BEZPIECZE\u0143STWO<\/strong><\/h3>\n<p>[\/et_pb_text][et_pb_image src=&#8221;https:\/\/www.groupeguillin.fr\/wp-content\/uploads\/2020\/11\/securite.png&#8221; title_text=&#8221;BEZPIECZE\u0143STWO&#8221; align=&#8221;center&#8221; _builder_version=&#8221;4.16&#8243; _module_preset=&#8221;default&#8221; width=&#8221;35%&#8221; filter_opacity=&#8221;30%&#8221; animation_style=&#8221;fade&#8221; global_colors_info=&#8221;{}&#8221;][\/et_pb_image][et_pb_text _builder_version=&#8221;4.16&#8243; _module_preset=&#8221;default&#8221; text_text_color=&#8221;#ffffff&#8221; text_orientation=&#8221;center&#8221; custom_margin=&#8221;||25px||false|false&#8221; global_colors_info=&#8221;{}&#8221;]Hermetyczne zamkni\u0119cie naszych tacek gwarantuje zachowanie najbardziej restrykcyjnych zasad higieny: chroni przed zanieczyszczeniami zewn\u0119trznymi i uszkodzeniami oraz ogranicza ryzyko zatrucia pokarmowego. Posi\u0142ki mog\u0105 by\u0107 w \u0142atwy spos\u00f3b zidentyfikowane dzi\u0119ki mo\u017cliwo\u015bci umieszczania etykiet, a poszczeg\u00f3lne diety mog\u0105 by\u0107 oznaczone ro\u017cnymi kolorami tacek.[\/et_pb_text][\/et_pb_column][et_pb_column type=&#8221;1_3&#8243; _builder_version=&#8221;4.16&#8243; _module_preset=&#8221;default&#8221; custom_padding=&#8221;|2%||2%|false|true&#8221; global_colors_info=&#8221;{}&#8221;][et_pb_text _builder_version=&#8221;4.27.0&#8243; _module_preset=&#8221;default&#8221; header_4_font=&#8221;|800|||||||&#8221; header_4_text_align=&#8221;center&#8221; header_4_text_color=&#8221;#ffffff&#8221; header_4_font_size=&#8221;28px&#8221; custom_margin=&#8221;||25px||false|false&#8221; hover_enabled=&#8221;0&#8243; global_colors_info=&#8221;{}&#8221; sticky_enabled=&#8221;0&#8243;]<\/p>\n<h3 style=\"color: white; font-size: 28px; text-align: center;\"><strong>\u015aRODOWISKO<\/strong><\/h3>\n<p>[\/et_pb_text][et_pb_image src=&#8221;https:\/\/www.groupeguillin.fr\/wp-content\/uploads\/2020\/11\/environnement.png&#8221; title_text=&#8221;\u015aRODOWISKO&#8221; align=&#8221;center&#8221; _builder_version=&#8221;4.16&#8243; _module_preset=&#8221;default&#8221; width=&#8221;35%&#8221; filter_opacity=&#8221;30%&#8221; animation_style=&#8221;fade&#8221; global_colors_info=&#8221;{}&#8221;][\/et_pb_image][et_pb_text _builder_version=&#8221;4.16&#8243; _module_preset=&#8221;default&#8221; text_text_color=&#8221;#ffffff&#8221; text_orientation=&#8221;center&#8221; custom_margin=&#8221;||25px||false|false&#8221; global_colors_info=&#8221;{}&#8221;]Nasze tace gastronomiczne z PP nadaj\u0105 si\u0119 do recyklingu i s\u0105 przeznaczone do przechowywania \u017cywno\u015bci zar\u00f3wno na zimno, jak i na ciep\u0142o. Produkowane przez nas opakowania kartonowe s\u0105 wykonane z materia\u0142u pierwotnego.[\/et_pb_text][et_pb_button button_url=&#8221;https:\/\/www.groupeguillin.fr\/pl\/srodowisko\/&#8221; button_text=&#8221;ZOBACZ&#8221; button_alignment=&#8221;center&#8221; _builder_version=&#8221;4.16&#8243; _module_preset=&#8221;default&#8221; custom_button=&#8221;on&#8221; button_text_size=&#8221;15px&#8221; button_text_color=&#8221;#9ab0c4&#8243; button_bg_color=&#8221;#ffffff&#8221; button_border_width=&#8221;0px&#8221; button_border_radius=&#8221;25px&#8221; button_font=&#8221;|600||on|||||&#8221; custom_margin=&#8221;0px||0px||false|false&#8221; custom_padding=&#8221;4px||4px||true|false&#8221; saved_tabs=&#8221;all&#8221; global_colors_info=&#8221;{}&#8221;][\/et_pb_button][\/et_pb_column][\/et_pb_row][\/et_pb_section][et_pb_section fb_built=&#8221;1&#8243; module_class=&#8221;produits-phares&#8221; _builder_version=&#8221;4.16&#8243; _module_preset=&#8221;default&#8221; custom_padding=&#8221;0px||0px||true|false&#8221; animation_style=&#8221;fade&#8221; animation_speed_curve=&#8221;ease-in&#8221; hover_transition_duration=&#8221;200ms&#8221; global_colors_info=&#8221;{}&#8221;][et_pb_row _builder_version=&#8221;4.16&#8243; _module_preset=&#8221;default&#8221; max_width=&#8221;1600px&#8221; custom_padding=&#8221;30px||20px||false|false&#8221; animation_style=&#8221;fade&#8221; global_colors_info=&#8221;{}&#8221;][et_pb_column type=&#8221;4_4&#8243; _builder_version=&#8221;4.16&#8243; _module_preset=&#8221;default&#8221; global_colors_info=&#8221;{}&#8221;][et_pb_text _builder_version=&#8221;4.27.0&#8243; _module_preset=&#8221;default&#8221; text_font=&#8221;|800|||||||&#8221; header_3_font=&#8221;|700|||||||&#8221; header_3_text_align=&#8221;center&#8221; header_3_font_size=&#8221;28px&#8221; module_alignment=&#8221;center&#8221; hover_enabled=&#8221;0&#8243; global_module=&#8221;3230&#8243; global_colors_info=&#8221;{}&#8221; sticky_enabled=&#8221;0&#8243;]<\/p>\n<h2 style=\"text-align: center;\">NASZE AKTUALNE BESTSELLERY<\/h2>\n<p>[\/et_pb_text][\/et_pb_column][\/et_pb_row][et_pb_row column_structure=&#8221;2_5,3_5&#8243; module_class=&#8221;row-produit&#8221; _builder_version=&#8221;4.16&#8243; _module_preset=&#8221;default&#8221; max_width=&#8221;1600px&#8221; custom_margin=&#8221;0px||||false|false&#8221; custom_padding=&#8221;0px||||false|false&#8221; animation_style=&#8221;fade&#8221; custom_css_main_element=&#8221;align-items: center;&#8221; global_colors_info=&#8221;{}&#8221;][et_pb_column type=&#8221;2_5&#8243; _builder_version=&#8221;4.16&#8243; _module_preset=&#8221;default&#8221; background_enable_image=&#8221;off&#8221; custom_css_main_element=&#8221;margin: auto;&#8221; border_radii=&#8221;on|25px|25px|25px|25px&#8221; global_colors_info=&#8221;{}&#8221;][et_pb_image src=&#8221;https:\/\/www.groupeguillin.fr\/wp-content\/uploads\/2020\/09\/Blanquette-Food-K-sapin-72-dpi-3-1024&#215;683.jpg&#8221; title_text=&#8221;Blanquette Food K sapin 72 dpi-3&#8243; _builder_version=&#8221;4.16&#8243; _module_preset=&#8221;default&#8221; custom_margin=&#8221;-40px||-40px||false|false&#8221; border_radii=&#8221;on|25px|25px|25px|25px&#8221; global_colors_info=&#8221;{}&#8221;][\/et_pb_image][\/et_pb_column][et_pb_column type=&#8221;3_5&#8243; _builder_version=&#8221;4.16&#8243; _module_preset=&#8221;default&#8221; global_colors_info=&#8221;{}&#8221;][et_pb_cta title=&#8221;Tacka zgrzewalna FOOD K&#8221; button_url=&#8221;https:\/\/youtu.be\/p75viRFUMlg&#8221; url_new_window=&#8221;on&#8221; button_text=&#8221;Demo&#8221; module_class=&#8221;description&#8221; _builder_version=&#8221;4.27.0&#8243; _module_preset=&#8221;default&#8221; header_font=&#8221;|600|||||||&#8221; header_text_align=&#8221;left&#8221; header_text_color=&#8221;#9ab0c4&#8243; header_font_size=&#8221;22px&#8221; body_text_align=&#8221;left&#8221; body_text_color=&#8221;#000000&#8243; background_enable_color=&#8221;off&#8221; custom_button=&#8221;on&#8221; button_text_size=&#8221;16px&#8221; button_text_color=&#8221;#ffffff&#8221; button_bg_color=&#8221;#9ab0c4&#8243; button_border_width=&#8221;0px&#8221; button_border_color=&#8221;#DE6664&#8243; button_border_radius=&#8221;25px&#8221; button_font=&#8221;|700||on|||||&#8221; button_custom_margin=&#8221;||||false|true&#8221; button_custom_padding=&#8221;|30px||30px|false|true&#8221; custom_margin=&#8221;||0px||false|false&#8221; custom_padding=&#8221;||0px||false|false&#8221; hover_enabled=&#8221;0&#8243; custom_css_promo_button=&#8221;position:relative;||float:right;||right:0;||top:-70px;&#8221; global_colors_info=&#8221;{}&#8221; header_level=&#8221;h3&#8243; custom_css_free_form=&#8221;selector h3 {||  text-transform: unset !important;||}&#8221; sticky_enabled=&#8221;0&#8243;]<\/p>\n<p><strong>FOOD K <\/strong>to projekt, kt\u00f3ry \u0142\u0105czy w sobie technologi\u0119, ekologi\u0119 i marketing. Ekologicznie zaprojektowana zgrzewalna tacka jest w 100% personalizowanym i nadaj\u0105cym si\u0119 do recyklingu rozwi\u0105zaniem. Idealny do produkt\u00f3w na ciep\u0142o, pojemnik z czystej tektury mo\u017ce by\u0107 odgrzewany w kuchence mikrofalowej i tradycyjnym piekarniku.<\/p>\n<p><img decoding=\"async\" class=\"wp-image-5389 alignnone size-full\" src=\"https:\/\/www.groupeguillin.fr\/wp-content\/uploads\/2020\/09\/four.png\" alt=\"\" width=\"75\" height=\"75\" \/> <img decoding=\"async\" class=\"wp-image-5374 alignnone size-full\" src=\"https:\/\/www.groupeguillin.fr\/wp-content\/uploads\/2020\/09\/altereco.png\" alt=\"\" width=\"75\" height=\"75\" \/> <img decoding=\"async\" class=\"wp-image-5419 alignnone size-full\" src=\"https:\/\/www.groupeguillin.fr\/wp-content\/uploads\/2020\/09\/recyclage.png\" alt=\"\" width=\"75\" height=\"75\" \/><\/p>\n<p>[\/et_pb_cta][\/et_pb_column][\/et_pb_row][et_pb_row column_structure=&#8221;2_5,3_5&#8243; module_class=&#8221;row-produit&#8221; _builder_version=&#8221;4.16&#8243; _module_preset=&#8221;default&#8221; max_width=&#8221;1600px&#8221; custom_padding=&#8221;0px||||false|false&#8221; animation_style=&#8221;fade&#8221; custom_css_main_element=&#8221;align-items: center;&#8221; global_colors_info=&#8221;{}&#8221;][et_pb_column type=&#8221;2_5&#8243; _builder_version=&#8221;4.16&#8243; _module_preset=&#8221;default&#8221; background_enable_image=&#8221;off&#8221; custom_css_main_element=&#8221;margin: auto;&#8221; border_radii=&#8221;on|25px|25px|25px|25px&#8221; global_colors_info=&#8221;{}&#8221;][et_pb_image src=&#8221;https:\/\/www.groupeguillin.fr\/wp-content\/uploads\/2020\/09\/naturalpack-72-dpi-5-1024&#215;683.jpg&#8221; title_text=&#8221;naturalpack 72 dpi-5&#8243; _builder_version=&#8221;4.16&#8243; _module_preset=&#8221;default&#8221; module_alignment=&#8221;center&#8221; custom_margin=&#8221;-40px||-40px||false|false&#8221; custom_padding=&#8221;0px||||false|false&#8221; border_radii=&#8221;on|25px|25px|25px|25px&#8221; global_colors_info=&#8221;{}&#8221;][\/et_pb_image][\/et_pb_column][et_pb_column type=&#8221;3_5&#8243; _builder_version=&#8221;4.16&#8243; _module_preset=&#8221;default&#8221; global_colors_info=&#8221;{}&#8221;][et_pb_cta title=&#8221;Tacka kartonowa NATURALPACK&#8221; button_url=&#8221;https:\/\/youtu.be\/WvCxzy08A_E&#8221; url_new_window=&#8221;on&#8221; button_text=&#8221;Demo&#8221; module_class=&#8221;description&#8221; _builder_version=&#8221;4.27.0&#8243; _module_preset=&#8221;default&#8221; header_font=&#8221;|600|||||||&#8221; header_text_align=&#8221;left&#8221; header_text_color=&#8221;#9ab0c4&#8243; header_font_size=&#8221;22px&#8221; body_text_align=&#8221;left&#8221; body_text_color=&#8221;#000000&#8243; background_enable_color=&#8221;off&#8221; custom_button=&#8221;on&#8221; button_text_size=&#8221;16px&#8221; button_text_color=&#8221;#ffffff&#8221; button_bg_color=&#8221;#9ab0c4&#8243; button_border_width=&#8221;0px&#8221; button_border_color=&#8221;#DE6664&#8243; button_border_radius=&#8221;25px&#8221; button_font=&#8221;|700||on|||||&#8221; button_custom_margin=&#8221;||||false|true&#8221; button_custom_padding=&#8221;|30px||30px|false|true&#8221; custom_margin=&#8221;||0px||false|false&#8221; custom_padding=&#8221;||0px||false|false&#8221; hover_enabled=&#8221;0&#8243; custom_css_promo_button=&#8221;position:relative;||float:right;||right:0;||top:-70px;&#8221; global_colors_info=&#8221;{}&#8221; header_level=&#8221;h3&#8243; custom_css_free_form=&#8221;selector h3 {||  text-transform: unset !important;||}&#8221; sticky_enabled=&#8221;0&#8243;]<\/p>\n<p>Unikalne rozwi\u0105zanie na rynku francuskim produkowane z czystej pierwotnej masy celulozowej. <strong>NATURALPACK<\/strong> to w 100% zgrzewalna, nadaj\u0105ca si\u0119 do recyklingu i przemys\u0142owo kompostowalna tacka. Doskonale nadaje si\u0119 do u\u017cytku w szko\u0142ach, jest zgodna z przepisami obowi\u0105zuj\u0105cymi w instytucjach spo\u0142ecznych.<\/p>\n<p><img decoding=\"async\" class=\"wp-image-5414 alignnone size-full\" src=\"https:\/\/www.groupeguillin.fr\/wp-content\/uploads\/2020\/09\/plantes.png\" alt=\"\" width=\"75\" height=\"75\" \/> <img decoding=\"async\" class=\"wp-image-5374 alignnone size-full\" src=\"https:\/\/www.groupeguillin.fr\/wp-content\/uploads\/2020\/09\/altereco.png\" alt=\"\" width=\"75\" height=\"75\" \/> <img decoding=\"async\" class=\"wp-image-5419 alignnone size-full\" src=\"https:\/\/www.groupeguillin.fr\/wp-content\/uploads\/2020\/09\/recyclage.png\" alt=\"\" width=\"75\" height=\"75\" \/><\/p>\n<p>[\/et_pb_cta][\/et_pb_column][\/et_pb_row][et_pb_row column_structure=&#8221;2_5,3_5&#8243; module_class=&#8221;row-produit&#8221; _builder_version=&#8221;4.16&#8243; _module_preset=&#8221;default&#8221; max_width=&#8221;1600px&#8221; custom_margin=&#8221;0px||||false|false&#8221; custom_padding=&#8221;0px||||false|false&#8221; animation_style=&#8221;fade&#8221; custom_css_main_element=&#8221;align-items: center;&#8221; global_colors_info=&#8221;{}&#8221;][et_pb_column type=&#8221;2_5&#8243; _builder_version=&#8221;4.16&#8243; _module_preset=&#8221;default&#8221; background_enable_image=&#8221;off&#8221; custom_css_main_element=&#8221;margin: auto;&#8221; border_radii=&#8221;on|25px|25px|25px|25px&#8221; global_colors_info=&#8221;{}&#8221;][et_pb_image src=&#8221;https:\/\/www.groupeguillin.fr\/wp-content\/uploads\/2020\/09\/DUOTRACK-DSC4269-hd-cmjn-eqlbr-6-2013-1024&#215;853.jpg&#8221; title_text=&#8221;DUOTRACK DSC4269 hd cmjn eqlbr 6-2013&#8243; _builder_version=&#8221;4.16&#8243; _module_preset=&#8221;default&#8221; custom_margin=&#8221;-40px||-40px||false|false&#8221; border_radii=&#8221;on|25px|25px|25px|25px&#8221; global_colors_info=&#8221;{}&#8221;][\/et_pb_image][\/et_pb_column][et_pb_column type=&#8221;3_5&#8243; _builder_version=&#8221;4.16&#8243; _module_preset=&#8221;default&#8221; global_colors_info=&#8221;{}&#8221;][et_pb_cta title=&#8221;DUOTRACK 100% elektryczna automatyczna zgrzewarka liniowa &#8221; module_class=&#8221;description&#8221; _builder_version=&#8221;4.27.0&#8243; _module_preset=&#8221;default&#8221; header_font=&#8221;|600|||||||&#8221; header_text_align=&#8221;left&#8221; header_text_color=&#8221;#9ab0c4&#8243; header_font_size=&#8221;22px&#8221; body_text_align=&#8221;left&#8221; body_text_color=&#8221;#000000&#8243; background_enable_color=&#8221;off&#8221; custom_button=&#8221;on&#8221; button_text_size=&#8221;16px&#8221; button_text_color=&#8221;#ffffff&#8221; button_bg_color=&#8221;#9ab0c4&#8243; button_border_width=&#8221;0px&#8221; button_border_color=&#8221;#DE6664&#8243; button_border_radius=&#8221;25px&#8221; button_font=&#8221;|700||on|||||&#8221; button_custom_margin=&#8221;||||false|true&#8221; button_custom_padding=&#8221;|30px||30px|false|true&#8221; custom_margin=&#8221;||0px||false|false&#8221; custom_padding=&#8221;||0px||false|false&#8221; hover_enabled=&#8221;0&#8243; custom_css_promo_button=&#8221;position:relative;||float:right;||right:0;||top:-70px;&#8221; global_colors_info=&#8221;{}&#8221; header_level=&#8221;h3&#8243; custom_css_free_form=&#8221;selector h3 {||  text-transform: unset !important;||}&#8221; sticky_enabled=&#8221;0&#8243;]<\/p>\n<p>Automatyczna zgrzewarka, kt\u00f3ra dostosowuje si\u0119 do wszystkich konfiguracji (od 1 do 3 tor\u00f3w). Idealna ergonomia zapewniaj\u0105ca komfort na ka\u017cdej wysoko\u015bci, szybki i ca\u0142kowity dost\u0119p w celu konserwacji i czyszczenia. Niezwykle szybka wymiana narz\u0119dzi, kt\u00f3ra pozwala na natychmiastowe wznowienie produkcji.<\/p>\n<p><span style=\"font-family: Montserrat, Helvetica, Arial, Lucida, sans-serif; font-size: 14px;\">\u00a0<\/span><span style=\"font-family: Montserrat, Helvetica, Arial, Lucida, sans-serif; font-size: 14px;\">\u00a0<img decoding=\"async\" class=\"wp-image-5444 alignnone size-full\" src=\"https:\/\/www.groupeguillin.fr\/wp-content\/uploads\/2020\/09\/roure.png\" alt=\"\" width=\"75\" height=\"75\" \/> <img decoding=\"async\" class=\"wp-image-5439 alignnone size-full\" src=\"https:\/\/www.groupeguillin.fr\/wp-content\/uploads\/2020\/09\/lavage.png\" alt=\"\" width=\"75\" height=\"75\" \/><\/span><\/p>\n<p>[\/et_pb_cta][\/et_pb_column][\/et_pb_row][et_pb_row column_structure=&#8221;2_5,3_5&#8243; module_class=&#8221;row-produit&#8221; _builder_version=&#8221;4.16&#8243; _module_preset=&#8221;default&#8221; max_width=&#8221;1600px&#8221; custom_margin=&#8221;0px||||false|false&#8221; custom_padding=&#8221;0px||||false|false&#8221; animation_style=&#8221;fade&#8221; custom_css_main_element=&#8221;align-items: center;&#8221; global_colors_info=&#8221;{}&#8221;][et_pb_column type=&#8221;2_5&#8243; _builder_version=&#8221;4.16&#8243; _module_preset=&#8221;default&#8221; background_enable_image=&#8221;off&#8221; custom_css_main_element=&#8221;margin: auto;&#8221; border_radii=&#8221;on|25px|25px|25px|25px&#8221; global_colors_info=&#8221;{}&#8221;][et_pb_image src=&#8221;https:\/\/www.groupeguillin.fr\/wp-content\/uploads\/2020\/12\/Doubleflow-882&#215;1024.png&#8221; title_text=&#8221;Doubleflow&#8221; _builder_version=&#8221;4.16&#8243; _module_preset=&#8221;default&#8221; module_alignment=&#8221;center&#8221; custom_margin=&#8221;0px||0px||false|false&#8221; custom_css_main_element=&#8221;text-align:center;&#8221; border_radii=&#8221;on|25px|25px|25px|25px&#8221; global_colors_info=&#8221;{}&#8221;][\/et_pb_image][\/et_pb_column][et_pb_column type=&#8221;3_5&#8243; _builder_version=&#8221;4.16&#8243; _module_preset=&#8221;default&#8221; global_colors_info=&#8221;{}&#8221;][et_pb_cta title=&#8221;W\u00f3zek dystrybucyjny DOUBLEFLOW i jego stacja dokuj\u0105ca ERGOSERV&#8221; module_class=&#8221;description&#8221; _builder_version=&#8221;4.27.0&#8243; _module_preset=&#8221;default&#8221; header_font=&#8221;|600|||||||&#8221; header_text_align=&#8221;left&#8221; header_text_color=&#8221;#9ab0c4&#8243; header_font_size=&#8221;22px&#8221; body_text_align=&#8221;left&#8221; body_text_color=&#8221;#000000&#8243; background_enable_color=&#8221;off&#8221; custom_button=&#8221;on&#8221; button_text_size=&#8221;16px&#8221; button_text_color=&#8221;#ffffff&#8221; button_bg_color=&#8221;#9ab0c4&#8243; button_border_width=&#8221;0px&#8221; button_border_color=&#8221;#DE6664&#8243; button_border_radius=&#8221;25px&#8221; button_font=&#8221;|700||on|||||&#8221; button_custom_margin=&#8221;||||false|true&#8221; button_custom_padding=&#8221;|30px||30px|false|true&#8221; custom_margin=&#8221;||0px||false|false&#8221; custom_padding=&#8221;||0px||false|false&#8221; hover_enabled=&#8221;0&#8243; custom_css_promo_button=&#8221;position:relative;||float:right;||right:0;||top:-70px;&#8221; global_colors_info=&#8221;{}&#8221; header_level=&#8221;h3&#8243; custom_css_free_form=&#8221;selector h3 {||  text-transform: unset !important;||}&#8221; sticky_enabled=&#8221;0&#8243;]<\/p>\n<p>System stacja dokuj\u0105ca\/w\u00f3zek \u0142\u0105cz\u0105cy kuchnie z obs\u0142ugiwanymi jednostkami. Doskona\u0142e rozwi\u0105zanie do odgrzewania i serwowania gor\u0105cych i zimnych potraw dzi\u0119ki w pe\u0142ni izoluj\u0105cym \u015bciankom. Dzi\u0119ki integracji najlepszych technologii pozwala idealnie monitorowa\u0107 posi\u0142ki.<\/p>\n<p>[\/et_pb_cta][\/et_pb_column][\/et_pb_row][\/et_pb_section][et_pb_section fb_built=&#8221;1&#8243; module_class=&#8221;toutes-offres&#8221; _builder_version=&#8221;4.16&#8243; _module_preset=&#8221;default&#8221; background_color=&#8221;#ededed&#8221; custom_padding=&#8221;0px||0px||true|false&#8221; global_colors_info=&#8221;{}&#8221;][et_pb_row _builder_version=&#8221;4.16&#8243; _module_preset=&#8221;default&#8221; max_width=&#8221;1600px&#8221; custom_padding=&#8221;30px||20px||false|false&#8221; animation_style=&#8221;fade&#8221; global_colors_info=&#8221;{}&#8221;][et_pb_column type=&#8221;4_4&#8243; _builder_version=&#8221;4.16&#8243; _module_preset=&#8221;default&#8221; global_colors_info=&#8221;{}&#8221;][et_pb_text ul_position=&#8221;inside&#8221; _builder_version=&#8221;4.27.0&#8243; _module_preset=&#8221;default&#8221; text_font=&#8221;|800|||||||&#8221; ul_font_size=&#8221;16px&#8221; header_3_font=&#8221;|700|||||||&#8221; header_3_text_align=&#8221;center&#8221; header_3_font_size=&#8221;28px&#8221; header_4_text_color=&#8221;#9ab0c4&#8243; header_4_font_size=&#8221;22px&#8221; module_alignment=&#8221;center&#8221; custom_margin=&#8221;15px||-3px||false|false&#8221; custom_padding=&#8221;||27px||false|false&#8221; hover_enabled=&#8221;0&#8243; global_colors_info=&#8221;{}&#8221; sticky_enabled=&#8221;0&#8243;]<\/p>\n<h2 style=\"text-align: center;\"><strong>WSZYSTKIE NASZE ROZWI\u0104ZANIA<\/strong><\/h2>\n<p>[\/et_pb_text][et_pb_text ul_position=&#8221;inside&#8221; _builder_version=&#8221;4.16&#8243; _module_preset=&#8221;default&#8221; ul_font_size=&#8221;16px&#8221; header_4_text_color=&#8221;#9ab0c4&#8243; header_4_font_size=&#8221;22px&#8221; custom_margin=&#8221;15px||20px||false|false&#8221; global_colors_info=&#8221;{}&#8221;]Automatyczna maszyna zgrzewaj\u0105ca do optymalizacji produkcji. Zgrzewalna tacka do stosowania do da\u0144 na ciep\u0142o lub na zimno. W\u00f3zek dystrybucyjny z regulacj\u0105 temperatury do da\u0144 na ciep\u0142o i na zimno.[\/et_pb_text][et_pb_number_counter title=&#8221;pozycji W MAGAZYNIE&#8221; number=&#8221;1000&#8243; percent_sign=&#8221;off&#8221; module_class=&#8221;toutes-offres-nombre&#8221; _builder_version=&#8221;4.16&#8243; _module_preset=&#8221;default&#8221; title_font=&#8221;|600|||||||&#8221; title_text_color=&#8221;#9ab0c4&#8243; title_font_size=&#8221;16px&#8221; number_font=&#8221;|700|||||||&#8221; number_text_color=&#8221;#9ab0c4&#8243; custom_css_before=&#8221;content:%22+%22;||font-size:32px;||font-weight:bold;||color:#FE8486;||position:absolute;||left:42%;||top:25px||&#8221; global_colors_info=&#8221;{}&#8221;][\/et_pb_number_counter][\/et_pb_column][\/et_pb_row][et_pb_row column_structure=&#8221;1_4,1_4,1_4,1_4&#8243; _builder_version=&#8221;4.16&#8243; _module_preset=&#8221;default&#8221; custom_margin=&#8221;0px||||false|false&#8221; custom_padding=&#8221;0px||||false|false&#8221; global_colors_info=&#8221;{}&#8221;][et_pb_column type=&#8221;1_4&#8243; _builder_version=&#8221;4.16&#8243; _module_preset=&#8221;default&#8221; global_colors_info=&#8221;{}&#8221;][et_pb_image src=&#8221;https:\/\/www.groupeguillin.fr\/wp-content\/uploads\/2020\/12\/Equipement-pour-preparation-des-repas-1024&#215;698.png&#8221; title_text=&#8221;Equipement pour preparation des repas&#8221; _builder_version=&#8221;4.16&#8243; _module_preset=&#8221;default&#8221; custom_margin=&#8221;||5px||false|false&#8221; border_radii=&#8221;on|25px|25px|25px|25px&#8221; global_colors_info=&#8221;{}&#8221;][\/et_pb_image][et_pb_text ul_position=&#8221;inside&#8221; _builder_version=&#8221;4.27.0&#8243; _module_preset=&#8221;default&#8221; text_line_height=&#8221;1.4em&#8221; ul_font_size=&#8221;16px&#8221; header_4_text_color=&#8221;#9ab0c4&#8243; header_4_font_size=&#8221;22px&#8221; custom_margin=&#8221;15px||||false|false&#8221; hover_enabled=&#8221;0&#8243; global_colors_info=&#8221;{}&#8221; header_3_text_color=&#8221;#9ab0c4&#8243; sticky_enabled=&#8221;0&#8243;]<\/p>\n<h3><strong>SPRZ\u0118T DO PRZYGOTOWYWANIA \u017bYWNO\u015aCI<\/strong><\/h3>\n<ul>\n<li>Maszyna zgrzewaj\u0105ca na miejscu<\/li>\n<li>Zgrzewarki pr\u00f3\u017cniowe i gazowe<\/li>\n<li>Zgrzewarki liniowe<\/li>\n<li>Urz\u0105dzenia peryferyjne<\/li>\n<li>Etykietowanie<\/li>\n<\/ul>\n<p>[\/et_pb_text][\/et_pb_column][et_pb_column type=&#8221;1_4&#8243; _builder_version=&#8221;4.16&#8243; _module_preset=&#8221;default&#8221; global_colors_info=&#8221;{}&#8221;][et_pb_image src=&#8221;https:\/\/www.groupeguillin.fr\/wp-content\/uploads\/2020\/09\/Emballage-pour-distribution-froide_recadre-1024&#215;683.jpg&#8221; title_text=&#8221;Emballage-pour-distribution-froide_recadre&#8221; _builder_version=&#8221;4.16&#8243; _module_preset=&#8221;default&#8221; custom_margin=&#8221;||5px||false|false&#8221; border_radii=&#8221;on|25px|25px|25px|25px&#8221; global_colors_info=&#8221;{}&#8221;][\/et_pb_image][et_pb_text ul_position=&#8221;inside&#8221; _builder_version=&#8221;4.27.0&#8243; _module_preset=&#8221;default&#8221; text_line_height=&#8221;1.4em&#8221; ul_font_size=&#8221;16px&#8221; header_4_text_color=&#8221;#9ab0c4&#8243; header_4_font_size=&#8221;22px&#8221; custom_margin=&#8221;15px||||false|false&#8221; hover_enabled=&#8221;0&#8243; global_colors_info=&#8221;{}&#8221; header_3_text_color=&#8221;#9ab0c4&#8243; sticky_enabled=&#8221;0&#8243;]<\/p>\n<h3><strong>OPAKOWANIA DO DYSTRYBUCJI NA ZIMNO<\/strong><\/h3>\n<ul>\n<li>Talerze<\/li>\n<li>Pojemniki<\/li>\n<li>Zgrzewalne tacki<\/li>\n<li>Opakowania<\/li>\n<li>Naczynia do prezentacji da\u0144<\/li>\n<li>Tacki na posi\u0142ki<\/li>\n<\/ul>\n<p>[\/et_pb_text][\/et_pb_column][et_pb_column type=&#8221;1_4&#8243; _builder_version=&#8221;4.16&#8243; _module_preset=&#8221;default&#8221; global_colors_info=&#8221;{}&#8221;][et_pb_image src=&#8221;https:\/\/www.groupeguillin.fr\/wp-content\/uploads\/2020\/12\/Remise-en-tempe\u0301rature-1024&#215;683.jpg&#8221; title_text=&#8221;Remise en tempe\u0301rature&#8221; _builder_version=&#8221;4.16&#8243; _module_preset=&#8221;default&#8221; custom_margin=&#8221;||5px||false|false&#8221; border_radii=&#8221;on|25px|25px|25px|25px&#8221; global_colors_info=&#8221;{}&#8221;][\/et_pb_image][et_pb_text ul_position=&#8221;inside&#8221; _builder_version=&#8221;4.27.0&#8243; _module_preset=&#8221;default&#8221; text_line_height=&#8221;1.4em&#8221; ul_font_size=&#8221;16px&#8221; header_4_text_color=&#8221;#9ab0c4&#8243; header_4_font_size=&#8221;22px&#8221; custom_margin=&#8221;15px||||false|false&#8221; hover_enabled=&#8221;0&#8243; global_colors_info=&#8221;{}&#8221; header_3_text_color=&#8221;#9ab0c4&#8243; sticky_enabled=&#8221;0&#8243;]<\/p>\n<h3><strong>OPAKOWANIA DO PODGRZEWANIA<\/strong><\/h3>\n<ul>\n<li>P\u00f3\u0142miski, naczynia pod\u0142u\u017cne, talerze, miski, pucharki<\/li>\n<li>Zgrzewalne tacki<\/li>\n<li>Okr\u0105g\u0142e pojemniki z oddzieln\u0105 pokrywk\u0105<\/li>\n<li>Pojemniki z oddzieln\u0105 pokrywk\u0105<\/li>\n<li>Pojemniki z \u00a0zespolon\u0105 pokrywk\u0105<\/li>\n<\/ul>\n<p>[\/et_pb_text][\/et_pb_column][et_pb_column type=&#8221;1_4&#8243; _builder_version=&#8221;4.16&#8243; _module_preset=&#8221;default&#8221; global_colors_info=&#8221;{}&#8221;][et_pb_image src=&#8221;https:\/\/www.groupeguillin.fr\/wp-content\/uploads\/2020\/12\/Equipement-pour-distribution-des-repas-1024&#215;1024.jpg&#8221; title_text=&#8221;Equipement pour distribution des repas&#8221; _builder_version=&#8221;4.16&#8243; _module_preset=&#8221;default&#8221; custom_margin=&#8221;||5px||false|false&#8221; border_radii=&#8221;on|25px|25px|25px|25px&#8221; global_colors_info=&#8221;{}&#8221;][\/et_pb_image][et_pb_text ul_position=&#8221;inside&#8221; _builder_version=&#8221;4.27.0&#8243; _module_preset=&#8221;default&#8221; text_line_height=&#8221;1.4em&#8221; ul_font_size=&#8221;16px&#8221; header_4_text_color=&#8221;#9ab0c4&#8243; header_4_font_size=&#8221;22px&#8221; custom_margin=&#8221;15px||||false|false&#8221; hover_enabled=&#8221;0&#8243; global_colors_info=&#8221;{}&#8221; header_3_text_color=&#8221;#9ab0c4&#8243; sticky_enabled=&#8221;0&#8243;]<\/p>\n<h3><strong>SPRZ\u0118T DO DYSTRYBUCJI POSI\u0141K\u00d3W<\/strong><\/h3>\n<ul>\n<li>Transport izotermiczny<\/li>\n<li>W\u00f3zek \u015bniadaniowy<\/li>\n<li>Dystrybucja posi\u0142k\u00f3w na tacach<\/li>\n<li>Dystrybucja posi\u0142k\u00f3w wieloporcjowych<\/li>\n<\/ul>\n<p>[\/et_pb_text][\/et_pb_column][\/et_pb_row][et_pb_row _builder_version=&#8221;4.16&#8243; _module_preset=&#8221;default&#8221; custom_margin=&#8221;0px||||false|false&#8221; custom_padding=&#8221;0px||||false|false&#8221; animation_style=&#8221;fade&#8221; global_colors_info=&#8221;{}&#8221;][et_pb_column type=&#8221;4_4&#8243; _builder_version=&#8221;4.16&#8243; _module_preset=&#8221;default&#8221; global_colors_info=&#8221;{}&#8221;][et_pb_button button_url=&#8221;mailto:collectivecatering@groupeguillin.com&#8221; button_text=&#8221;KONTAKT&#8221; button_alignment=&#8221;center&#8221; _builder_version=&#8221;4.16&#8243; _module_preset=&#8221;default&#8221; custom_button=&#8221;on&#8221; button_text_size=&#8221;15px&#8221; button_text_color=&#8221;#ffffff&#8221; button_bg_color=&#8221;#9ab0c4&#8243; button_border_width=&#8221;0px&#8221; button_border_radius=&#8221;25px&#8221; button_font=&#8221;|600||on|||||&#8221; custom_margin=&#8221;0px||0px||false|false&#8221; custom_padding=&#8221;4px||4px||false|false&#8221; global_colors_info=&#8221;{}&#8221;][\/et_pb_button][\/et_pb_column][\/et_pb_row][\/et_pb_section][et_pb_section fb_built=&#8221;1&#8243; _builder_version=&#8221;4.16&#8243; _module_preset=&#8221;default&#8221; custom_padding=&#8221;0px||0px||true|false&#8221; locked=&#8221;off&#8221; global_colors_info=&#8221;{}&#8221;][et_pb_row _builder_version=&#8221;4.16&#8243; _module_preset=&#8221;default&#8221; custom_padding=&#8221;30px||20px||false|false&#8221; animation_style=&#8221;fade&#8221; global_colors_info=&#8221;{}&#8221;][et_pb_column type=&#8221;4_4&#8243; _builder_version=&#8221;4.16&#8243; _module_preset=&#8221;default&#8221; global_colors_info=&#8221;{}&#8221;][et_pb_text _builder_version=&#8221;4.27.0&#8243; _module_preset=&#8221;default&#8221; text_font=&#8221;|800|||||||&#8221; header_3_font=&#8221;|700|||||||&#8221; header_3_text_align=&#8221;center&#8221; header_3_font_size=&#8221;28px&#8221; module_alignment=&#8221;center&#8221; custom_margin=&#8221;||0px||false|false&#8221; custom_padding=&#8221;||0px||false|false&#8221; hover_enabled=&#8221;0&#8243; global_colors_info=&#8221;{}&#8221; sticky_enabled=&#8221;0&#8243;]<\/p>\n<h2 style=\"text-align: center;\"><strong>M\u00d3WI\u0104 O NAS<\/strong><\/h2>\n<p>[\/et_pb_text][\/et_pb_column][\/et_pb_row][et_pb_row column_structure=&#8221;1_2,1_2&#8243; _builder_version=&#8221;4.16&#8243; _module_preset=&#8221;default&#8221; custom_padding=&#8221;3px|||||&#8221; animation_style=&#8221;fade&#8221; global_colors_info=&#8221;{}&#8221;][et_pb_column type=&#8221;1_2&#8243; _builder_version=&#8221;4.16&#8243; _module_preset=&#8221;default&#8221; global_colors_info=&#8221;{}&#8221;][et_pb_testimonial author=&#8221;SYLVAIN ZERCHER&#8221; job_title=&#8221;kierownik dzia\u0142u us\u0142ug logistycznych i polityki hotelowej, GHT Atlantique 17, La Rochelle-R\u00e9-Aunis&#8221; portrait_url=&#8221;data:image\/svg+xml;base64,PHN2ZyB3aWR0aD0iNTAwIiBoZWlnaHQ9IjUwMCIgdmlld0JveD0iMCAwIDUwMCA1MDAiIHhtbG5zPSJodHRwOi8vd3d3LnczLm9yZy8yMDAwL3N2ZyI+CiAgICA8ZyBmaWxsPSJub25lIiBmaWxsLXJ1bGU9ImV2ZW5vZGQiPgogICAgICAgIDxwYXRoIGZpbGw9IiNFQkVCRUIiIGQ9Ik0wIDBoNTAwdjUwMEgweiIvPgogICAgICAgIDxyZWN0IGZpbGwtb3BhY2l0eT0iLjEiIGZpbGw9IiMwMDAiIHg9IjY4IiB5PSIzMDUiIHdpZHRoPSIzNjQiIGhlaWdodD0iNTY4IiByeD0iMTgyIi8+CiAgICAgICAgPGNpcmNsZSBmaWxsLW9wYWNpdHk9Ii4xIiBmaWxsPSIjMDAwIiBjeD0iMjQ5IiBjeT0iMTcyIiByPSIxMDAiLz4KICAgIDwvZz4KPC9zdmc+Cg==&#8221; quote_icon_color=&#8221;#ffffff&#8221; quote_icon_background_color=&#8221;#9ab0c4&#8243; portrait_width=&#8221;1px&#8221; portrait_height=&#8221;1px&#8221; use_icon_font_size=&#8221;on&#8221; icon_font_size=&#8221;60px&#8221; module_class=&#8221;temoignage-no-photo&#8221; _builder_version=&#8221;4.16&#8243; _module_preset=&#8221;default&#8221; body_font=&#8221;||||||||&#8221; body_text_align=&#8221;justify&#8221; author_text_color=&#8221;#9ab0c4&#8243; author_font_size=&#8221;20px&#8221; position_font=&#8221;||||||||&#8221; position_text_color=&#8221;#9ab0c4&#8243; background_color=&#8221;#ffffff&#8221; width=&#8221;80%&#8221; module_alignment=&#8221;center&#8221; custom_margin=&#8221;|||0px|false|false&#8221; custom_padding=&#8221;||0px|0px|false|false&#8221; global_colors_info=&#8221;{}&#8221;]S\u0142uchanie, wsparcie, efektywno\u015b\u0107, innowacyjno\u015b\u0107 i wydajno\u015b\u0107 to kluczowe s\u0142owa w relacjach, kt\u00f3re wypracowa\u0142em przez lata wsp\u00f3\u0142pracy z firm\u0105 SOCAMEL. Mocn\u0105 stron\u0105 SOCAMEL jest proponowanie innowacyjnych rozwi\u0105za\u0144 technicznych w odpowiedzi na nasze wyzwania organizacyjne, co zawsze pozwala\u0142o mi z powodzeniem realizowa\u0107 projekty w duchu wsp\u00f3lnego dzia\u0142ania i wzajemnego zaufania.[\/et_pb_testimonial][\/et_pb_column][et_pb_column type=&#8221;1_2&#8243; _builder_version=&#8221;4.16&#8243; _module_preset=&#8221;default&#8221; global_colors_info=&#8221;{}&#8221;][et_pb_testimonial author=&#8221;FREDDY BRUN&#8221; job_title=&#8221;dyrektor centralnej kuchni Croque &#038; Toque, Beauvais \/ Cergy \/ Compi\u00e8gne, Francja&#8221; portrait_url=&#8221;data:image\/svg+xml;base64,PHN2ZyB3aWR0aD0iNTAwIiBoZWlnaHQ9IjUwMCIgdmlld0JveD0iMCAwIDUwMCA1MDAiIHhtbG5zPSJodHRwOi8vd3d3LnczLm9yZy8yMDAwL3N2ZyI+CiAgICA8ZyBmaWxsPSJub25lIiBmaWxsLXJ1bGU9ImV2ZW5vZGQiPgogICAgICAgIDxwYXRoIGZpbGw9IiNFQkVCRUIiIGQ9Ik0wIDBoNTAwdjUwMEgweiIvPgogICAgICAgIDxyZWN0IGZpbGwtb3BhY2l0eT0iLjEiIGZpbGw9IiMwMDAiIHg9IjY4IiB5PSIzMDUiIHdpZHRoPSIzNjQiIGhlaWdodD0iNTY4IiByeD0iMTgyIi8+CiAgICAgICAgPGNpcmNsZSBmaWxsLW9wYWNpdHk9Ii4xIiBmaWxsPSIjMDAwIiBjeD0iMjQ5IiBjeT0iMTcyIiByPSIxMDAiLz4KICAgIDwvZz4KPC9zdmc+Cg==&#8221; quote_icon_color=&#8221;#ffffff&#8221; quote_icon_background_color=&#8221;#9ab0c4&#8243; portrait_width=&#8221;1px&#8221; portrait_height=&#8221;1px&#8221; use_icon_font_size=&#8221;on&#8221; icon_font_size=&#8221;60px&#8221; module_class=&#8221;temoignage-no-photo&#8221; _builder_version=&#8221;4.16&#8243; _module_preset=&#8221;default&#8221; body_font=&#8221;||||||||&#8221; body_text_align=&#8221;justify&#8221; author_text_color=&#8221;#9ab0c4&#8243; author_font_size=&#8221;20px&#8221; position_font=&#8221;||||||||&#8221; position_text_color=&#8221;#9ab0c4&#8243; background_color=&#8221;#ffffff&#8221; width=&#8221;80%&#8221; module_alignment=&#8221;center&#8221; custom_margin=&#8221;|||0px|false|false&#8221; custom_padding=&#8221;||0px|0px|false|false&#8221; global_colors_info=&#8221;{}&#8221;]Nasza kuchnia przygotowuje oko\u0142o 1000 posi\u0142k\u00f3w dziennie: po\u0142ow\u0119 dla os\u00f3b starszych w domu opieki, a reszt\u0119 dla \u017c\u0142obk\u00f3w i o\u015brodk\u00f3w wychowawczo-opieku\u0144czych oraz dla dzieci z problemami behawioralnymi.<\/p>\n<p>Z Grup\u0105 wsp\u00f3\u0142pracuj\u0119 od ponad 15 lat jako u\u017cytkownik i od 4 lat jako dyrektor.<\/p>\n<p>Jako\u015b\u0107 i sp\u00f3jno\u015b\u0107 produkt\u00f3w w naturalny spos\u00f3b sprawi\u0142y, \u017ce stworzyli\u015bmy relacj\u0119 opart\u0105 na lojalno\u015bci. Przy wyborze dostawcy kierujemy si\u0119 przede wszystkim jako\u015bci\u0105 produktu, a w dalszej kolejno\u015bci designem. Ostatnio zdecydowali\u015bmy si\u0119 na tacki z serii FOOD K, aby pozosta\u0107 w zgodzie z naszymi warto\u015bciami.<\/p>\n<p>Relacja z klientem jest r\u00f3wnie\u017c istotna w naszej wsp\u00f3\u0142pracy. Dzi\u0119ki niej w ci\u0105gu ostatnich dw\u00f3ch lat mogli\u015bmy zainwestowa\u0107 w sprz\u0119t (doradztwo, testy, koszty)[\/et_pb_testimonial][\/et_pb_column][\/et_pb_row][\/et_pb_section]<\/p>\n","protected":false},"excerpt":{"rendered":"<p>KAOLIN Nadaj\u0105ca si\u0119 do recyklingu zgrzewalna tacka Wysokiej jako\u015bci projekty do dystrybucji posi\u0142k\u00f3w w spo\u0142ecznych instytucjach lokalnychPREKURSORZY W PAKOWANIU I DYSTRYBUCJI POSI\u0141K\u00d3WCo by\u0142o historycznie sercem dzia\u0142alno\u015bci sp\u00f3\u0142ek Grupy GUILLIN: RESCASET i SOCAMEL? U\u0142atwianie pakowania i dystrybucji posi\u0142k\u00f3w w spo\u0142ecznych instytucjach lokalnych: szpitalach, szko\u0142ach, zak\u0142adach karnych, domach spokojnej staro\u015bci. RESCASET, firma od ponad 30 lat propaguj\u0105ca [&hellip;]<\/p>\n","protected":false},"author":1,"featured_media":0,"parent":0,"menu_order":0,"comment_status":"closed","ping_status":"closed","template":"","meta":{"_acf_changed":false,"_et_pb_use_builder":"on","_et_pb_old_content":"","_et_gb_content_width":"","footnotes":""},"class_list":["post-10204","page","type-page","status-publish","hentry"],"acf":[],"yoast_head":"<!-- This site is optimized with the Yoast SEO plugin v27.4 - https:\/\/yoast.com\/product\/yoast-seo-wordpress\/ -->\n<title>\u017bYWIENIE ZBIOROWE - Groupe GUILLIN<\/title>\n<meta name=\"description\" content=\"Le Groupe GUILLIN est le r\u00e9f\u00e9rent europ\u00e9en de l&#039;emballage plastique alimentaire\" \/>\n<meta name=\"robots\" content=\"index, follow, max-snippet:-1, max-image-preview:large, max-video-preview:-1\" \/>\n<link rel=\"canonical\" href=\"https:\/\/www.groupeguillin.fr\/pl\/zywienie-zbiorowe\/\" \/>\n<meta property=\"og:locale\" content=\"pl_PL\" \/>\n<meta property=\"og:type\" content=\"article\" \/>\n<meta property=\"og:title\" content=\"\u017bYWIENIE ZBIOROWE - Groupe GUILLIN\" \/>\n<meta property=\"og:description\" content=\"Le Groupe GUILLIN est le r\u00e9f\u00e9rent europ\u00e9en de l&#039;emballage plastique alimentaire\" \/>\n<meta property=\"og:url\" content=\"https:\/\/www.groupeguillin.fr\/pl\/zywienie-zbiorowe\/\" \/>\n<meta property=\"og:site_name\" content=\"Groupe GUILLIN\" \/>\n<meta property=\"article:modified_time\" content=\"2024-10-02T14:04:28+00:00\" \/>\n<meta property=\"og:image\" content=\"https:\/\/www.groupeguillin.fr\/wp-content\/uploads\/2020\/09\/four.png\" \/>\n<meta name=\"twitter:card\" content=\"summary_large_image\" \/>\n<meta name=\"twitter:label1\" content=\"Est. reading time\" \/>\n\t<meta name=\"twitter:data1\" content=\"22 minutes\" \/>\n<script type=\"application\/ld+json\" class=\"yoast-schema-graph\">{\"@context\":\"https:\\\/\\\/schema.org\",\"@graph\":[{\"@type\":\"WebPage\",\"@id\":\"https:\\\/\\\/www.groupeguillin.fr\\\/pl\\\/zywienie-zbiorowe\\\/\",\"url\":\"https:\\\/\\\/www.groupeguillin.fr\\\/pl\\\/zywienie-zbiorowe\\\/\",\"name\":\"\u017bYWIENIE ZBIOROWE - Groupe GUILLIN\",\"isPartOf\":{\"@id\":\"https:\\\/\\\/www.groupeguillin.fr\\\/pl\\\/#website\"},\"primaryImageOfPage\":{\"@id\":\"https:\\\/\\\/www.groupeguillin.fr\\\/pl\\\/zywienie-zbiorowe\\\/#primaryimage\"},\"image\":{\"@id\":\"https:\\\/\\\/www.groupeguillin.fr\\\/pl\\\/zywienie-zbiorowe\\\/#primaryimage\"},\"thumbnailUrl\":\"https:\\\/\\\/www.groupeguillin.fr\\\/wp-content\\\/uploads\\\/2020\\\/09\\\/four.png\",\"datePublished\":\"2022-02-17T13:12:14+00:00\",\"dateModified\":\"2024-10-02T14:04:28+00:00\",\"description\":\"Le Groupe GUILLIN est le r\u00e9f\u00e9rent europ\u00e9en de l'emballage plastique alimentaire\",\"breadcrumb\":{\"@id\":\"https:\\\/\\\/www.groupeguillin.fr\\\/pl\\\/zywienie-zbiorowe\\\/#breadcrumb\"},\"inLanguage\":\"pl-PL\",\"potentialAction\":[{\"@type\":\"ReadAction\",\"target\":[\"https:\\\/\\\/www.groupeguillin.fr\\\/pl\\\/zywienie-zbiorowe\\\/\"]}]},{\"@type\":\"ImageObject\",\"inLanguage\":\"pl-PL\",\"@id\":\"https:\\\/\\\/www.groupeguillin.fr\\\/pl\\\/zywienie-zbiorowe\\\/#primaryimage\",\"url\":\"https:\\\/\\\/www.groupeguillin.fr\\\/wp-content\\\/uploads\\\/2020\\\/09\\\/four.png\",\"contentUrl\":\"https:\\\/\\\/www.groupeguillin.fr\\\/wp-content\\\/uploads\\\/2020\\\/09\\\/four.png\"},{\"@type\":\"BreadcrumbList\",\"@id\":\"https:\\\/\\\/www.groupeguillin.fr\\\/pl\\\/zywienie-zbiorowe\\\/#breadcrumb\",\"itemListElement\":[{\"@type\":\"ListItem\",\"position\":1,\"name\":\"Accueil\",\"item\":\"https:\\\/\\\/www.groupeguillin.fr\\\/pl\\\/\"},{\"@type\":\"ListItem\",\"position\":2,\"name\":\"\u017bYWIENIE ZBIOROWE\"}]},{\"@type\":\"WebSite\",\"@id\":\"https:\\\/\\\/www.groupeguillin.fr\\\/pl\\\/#website\",\"url\":\"https:\\\/\\\/www.groupeguillin.fr\\\/pl\\\/\",\"name\":\"Groupe GUILLIN\",\"description\":\"We protect your food\",\"publisher\":{\"@id\":\"https:\\\/\\\/www.groupeguillin.fr\\\/pl\\\/#organization\"},\"potentialAction\":[{\"@type\":\"SearchAction\",\"target\":{\"@type\":\"EntryPoint\",\"urlTemplate\":\"https:\\\/\\\/www.groupeguillin.fr\\\/pl\\\/?s={search_term_string}\"},\"query-input\":{\"@type\":\"PropertyValueSpecification\",\"valueRequired\":true,\"valueName\":\"search_term_string\"}}],\"inLanguage\":\"pl-PL\"},{\"@type\":\"Organization\",\"@id\":\"https:\\\/\\\/www.groupeguillin.fr\\\/pl\\\/#organization\",\"name\":\"Groupe GUILLIN\",\"url\":\"https:\\\/\\\/www.groupeguillin.fr\\\/pl\\\/\",\"logo\":{\"@type\":\"ImageObject\",\"inLanguage\":\"pl-PL\",\"@id\":\"https:\\\/\\\/www.groupeguillin.fr\\\/pl\\\/#\\\/schema\\\/logo\\\/image\\\/\",\"url\":\"https:\\\/\\\/www.groupeguillin.fr\\\/wp-content\\\/uploads\\\/2020\\\/09\\\/Logo-guillin-1.png\",\"contentUrl\":\"https:\\\/\\\/www.groupeguillin.fr\\\/wp-content\\\/uploads\\\/2020\\\/09\\\/Logo-guillin-1.png\",\"width\":1172,\"height\":300,\"caption\":\"Groupe GUILLIN\"},\"image\":{\"@id\":\"https:\\\/\\\/www.groupeguillin.fr\\\/pl\\\/#\\\/schema\\\/logo\\\/image\\\/\"},\"sameAs\":[\"https:\\\/\\\/www.instagram.com\\\/groupeguillin\\\/\",\"https:\\\/\\\/www.linkedin.com\\\/company\\\/guillin-emballages\\\/\",\"https:\\\/\\\/www.youtube.com\\\/channel\\\/UCS-Q4Qkgd1bN9pdIPGRjogQ\"]}]}<\/script>\n<!-- \/ Yoast SEO plugin. -->","yoast_head_json":{"title":"\u017bYWIENIE ZBIOROWE - Groupe GUILLIN","description":"Le Groupe GUILLIN est le r\u00e9f\u00e9rent europ\u00e9en de l'emballage plastique alimentaire","robots":{"index":"index","follow":"follow","max-snippet":"max-snippet:-1","max-image-preview":"max-image-preview:large","max-video-preview":"max-video-preview:-1"},"canonical":"https:\/\/www.groupeguillin.fr\/pl\/zywienie-zbiorowe\/","og_locale":"pl_PL","og_type":"article","og_title":"\u017bYWIENIE ZBIOROWE - Groupe GUILLIN","og_description":"Le Groupe GUILLIN est le r\u00e9f\u00e9rent europ\u00e9en de l'emballage plastique alimentaire","og_url":"https:\/\/www.groupeguillin.fr\/pl\/zywienie-zbiorowe\/","og_site_name":"Groupe GUILLIN","article_modified_time":"2024-10-02T14:04:28+00:00","og_image":[{"url":"https:\/\/www.groupeguillin.fr\/wp-content\/uploads\/2020\/09\/four.png","type":"","width":"","height":""}],"twitter_card":"summary_large_image","twitter_misc":{"Est. reading time":"22 minutes"},"schema":{"@context":"https:\/\/schema.org","@graph":[{"@type":"WebPage","@id":"https:\/\/www.groupeguillin.fr\/pl\/zywienie-zbiorowe\/","url":"https:\/\/www.groupeguillin.fr\/pl\/zywienie-zbiorowe\/","name":"\u017bYWIENIE ZBIOROWE - Groupe GUILLIN","isPartOf":{"@id":"https:\/\/www.groupeguillin.fr\/pl\/#website"},"primaryImageOfPage":{"@id":"https:\/\/www.groupeguillin.fr\/pl\/zywienie-zbiorowe\/#primaryimage"},"image":{"@id":"https:\/\/www.groupeguillin.fr\/pl\/zywienie-zbiorowe\/#primaryimage"},"thumbnailUrl":"https:\/\/www.groupeguillin.fr\/wp-content\/uploads\/2020\/09\/four.png","datePublished":"2022-02-17T13:12:14+00:00","dateModified":"2024-10-02T14:04:28+00:00","description":"Le Groupe GUILLIN est le r\u00e9f\u00e9rent europ\u00e9en de l'emballage plastique alimentaire","breadcrumb":{"@id":"https:\/\/www.groupeguillin.fr\/pl\/zywienie-zbiorowe\/#breadcrumb"},"inLanguage":"pl-PL","potentialAction":[{"@type":"ReadAction","target":["https:\/\/www.groupeguillin.fr\/pl\/zywienie-zbiorowe\/"]}]},{"@type":"ImageObject","inLanguage":"pl-PL","@id":"https:\/\/www.groupeguillin.fr\/pl\/zywienie-zbiorowe\/#primaryimage","url":"https:\/\/www.groupeguillin.fr\/wp-content\/uploads\/2020\/09\/four.png","contentUrl":"https:\/\/www.groupeguillin.fr\/wp-content\/uploads\/2020\/09\/four.png"},{"@type":"BreadcrumbList","@id":"https:\/\/www.groupeguillin.fr\/pl\/zywienie-zbiorowe\/#breadcrumb","itemListElement":[{"@type":"ListItem","position":1,"name":"Accueil","item":"https:\/\/www.groupeguillin.fr\/pl\/"},{"@type":"ListItem","position":2,"name":"\u017bYWIENIE ZBIOROWE"}]},{"@type":"WebSite","@id":"https:\/\/www.groupeguillin.fr\/pl\/#website","url":"https:\/\/www.groupeguillin.fr\/pl\/","name":"Groupe GUILLIN","description":"We protect your food","publisher":{"@id":"https:\/\/www.groupeguillin.fr\/pl\/#organization"},"potentialAction":[{"@type":"SearchAction","target":{"@type":"EntryPoint","urlTemplate":"https:\/\/www.groupeguillin.fr\/pl\/?s={search_term_string}"},"query-input":{"@type":"PropertyValueSpecification","valueRequired":true,"valueName":"search_term_string"}}],"inLanguage":"pl-PL"},{"@type":"Organization","@id":"https:\/\/www.groupeguillin.fr\/pl\/#organization","name":"Groupe GUILLIN","url":"https:\/\/www.groupeguillin.fr\/pl\/","logo":{"@type":"ImageObject","inLanguage":"pl-PL","@id":"https:\/\/www.groupeguillin.fr\/pl\/#\/schema\/logo\/image\/","url":"https:\/\/www.groupeguillin.fr\/wp-content\/uploads\/2020\/09\/Logo-guillin-1.png","contentUrl":"https:\/\/www.groupeguillin.fr\/wp-content\/uploads\/2020\/09\/Logo-guillin-1.png","width":1172,"height":300,"caption":"Groupe GUILLIN"},"image":{"@id":"https:\/\/www.groupeguillin.fr\/pl\/#\/schema\/logo\/image\/"},"sameAs":["https:\/\/www.instagram.com\/groupeguillin\/","https:\/\/www.linkedin.com\/company\/guillin-emballages\/","https:\/\/www.youtube.com\/channel\/UCS-Q4Qkgd1bN9pdIPGRjogQ"]}]}},"publishpress_future_action":{"enabled":false,"date":"2026-05-04 15:45:29","action":"change-status","newStatus":"draft","terms":[],"taxonomy":"translation_priority","extraData":[]},"publishpress_future_workflow_manual_trigger":{"enabledWorkflows":[]},"_links":{"self":[{"href":"https:\/\/www.groupeguillin.fr\/pl\/wp-json\/wp\/v2\/pages\/10204","targetHints":{"allow":["GET"]}}],"collection":[{"href":"https:\/\/www.groupeguillin.fr\/pl\/wp-json\/wp\/v2\/pages"}],"about":[{"href":"https:\/\/www.groupeguillin.fr\/pl\/wp-json\/wp\/v2\/types\/page"}],"author":[{"embeddable":true,"href":"https:\/\/www.groupeguillin.fr\/pl\/wp-json\/wp\/v2\/users\/1"}],"replies":[{"embeddable":true,"href":"https:\/\/www.groupeguillin.fr\/pl\/wp-json\/wp\/v2\/comments?post=10204"}],"version-history":[{"count":20,"href":"https:\/\/www.groupeguillin.fr\/pl\/wp-json\/wp\/v2\/pages\/10204\/revisions"}],"predecessor-version":[{"id":18661,"href":"https:\/\/www.groupeguillin.fr\/pl\/wp-json\/wp\/v2\/pages\/10204\/revisions\/18661"}],"wp:attachment":[{"href":"https:\/\/www.groupeguillin.fr\/pl\/wp-json\/wp\/v2\/media?parent=10204"}],"curies":[{"name":"wp","href":"https:\/\/api.w.org\/{rel}","templated":true}]}}