{"id":10201,"date":"2022-02-17T13:52:10","date_gmt":"2022-02-17T12:52:10","guid":{"rendered":"https:\/\/www.groupeguillin.fr\/dystrybucja\/"},"modified":"2024-10-02T15:55:20","modified_gmt":"2024-10-02T13:55:20","slug":"dystrybucja","status":"publish","type":"page","link":"https:\/\/www.groupeguillin.fr\/pl\/dystrybucja\/","title":{"rendered":"DYSTRYBUCJA"},"content":{"rendered":"<p><div class=\"et_d4_element et_pb_section et_pb_section_0  et_pb_css_mix_blend_mode et_section_regular et_block_section\" >\n\t\t\t\t\n\t\t\t\t\n\t\t\t\t\n\t\t\t\t\n\t\t\t\t\n\t\t\t\t\n\t\t\t\t<div class=\"et_d4_element et_pb_row et_pb_row_0 et_animated et_pb_equal_columns  et_pb_css_mix_blend_mode et_block_row\">\n\t\t\t\t<div class=\"et_d4_element et_pb_column_4_4 et_pb_column et_pb_column_0  et_pb_css_mix_blend_mode et-last-child et_block_column\">\n\t\t\t\t\n\t\t\t\t\n\t\t\t\t\n\t\t\t\t\n\t\t\t\t<div id=\"slider-solutions\" class=\"et_pb_module et_d4_element et_pb_slider et_pb_slider_0 et_pb_slider_fullwidth_off\">\n\t\t\t\t<div class=\"et_pb_slides\">\n\t\t\t\t\t<div class=\"et_d4_element et_pb_slide et_pb_slide_0  et_pb_css_mix_blend_mode et_pb_bg_layout_dark et_pb_media_alignment_center et-pb-active-slide\" data-slide-id=\"et_pb_slide_0\">\n\t\t\t\t\n\t\t\t\t\n\t\t\t\t<div class=\"et_pb_container clearfix\">\n\t\t\t\t\t<div class=\"et_pb_slider_container_inner\">\n\t\t\t\t\t\t\n\t\t\t\t\t\t<div class=\"et_pb_slide_description\">\n\t\t\t\t\t\t\t<h1 class=\"et_pb_slide_title\"><a href=\"mailto:foodservice-tradi@groupeguillin.com\">DYSTRYBUCJA<\/a><\/h1><div class=\"et_pb_slide_content\"><p><span style=\"font-size: xx-large;\"><strong><br \/><b>LUNCHIPACK<\/b><br \/><\/strong><\/span><\/p>\n<p>Opakowania na sa\u0142atki, produkowane w spos\u00f3b odpowiedzialny <br \/>W 100% biodegradowalne i kompostowalne<\/p><\/div>\n\t\t\t\t\t\t\t<div class=\"et_pb_button_wrapper\"><a class=\"et_pb_button et_pb_more_button\" href=\"mailto:foodservice-tradi@groupeguillin.com\">KONTAKT<\/a><\/div>\n\t\t\t\t\t\t<\/div>\n\t\t\t\t\t<\/div>\n\t\t\t\t<\/div>\n\t\t\t\t\n\t\t\t\t\n\t\t\t\t\n\t\t\t<\/div>\n\t\t\t\n\t\t\t\t<\/div>\n\t\t\t\t\n\t\t\t<\/div>\n\t\t\t\n\t\t\t<\/div>\n\t\t\t\t\n\t\t\t\t\n\t\t\t\t\n\t\t\t\t\n\t\t\t<\/div>\n\t\t\t\t\n\t\t\t\t\n\t\t\t<\/div><div class=\"et_d4_element et_pb_section et_pb_section_1  et_pb_css_mix_blend_mode et_section_regular et_block_section\" >\n\t\t\t\t\n\t\t\t\t\n\t\t\t\t\n\t\t\t\t\n\t\t\t\t\n\t\t\t\t\n\t\t\t\t<div class=\"et_d4_element et_pb_row et_pb_row_1 et_animated et_pb_equal_columns  et_pb_css_mix_blend_mode et_block_row\">\n\t\t\t\t<div class=\"et_d4_element et_pb_column_4_4 et_pb_column et_pb_column_1  et_pb_css_mix_blend_mode et-last-child et_block_column\">\n\t\t\t\t\n\t\t\t\t\n\t\t\t\t\n\t\t\t\t\n\t\t\t\t<div class=\"et_pb_module et_d4_element et_pb_text et_pb_text_0  et_pb_text_align_left et_pb_bg_layout_light\">\n\t\t\t\t\n\t\t\t\t\n\t\t\t\t\n\t\t\t\t\n\t\t\t\t<div class=\"et_pb_text_inner\"><h2><strong>OPAKOWANIA ZABEZPIECZAJ\u0104CE PRODUKTY, JEDNOCZE\u015aNIE JE EKSPONUJ\u0104C - WSPARCIE W PROCESIE SPRZEDA\u017bY<\/strong><\/h2><\/div>\n\t\t\t<\/div>\n\t\t\t<\/div>\n\t\t\t\t\n\t\t\t\t\n\t\t\t\t\n\t\t\t\t\n\t\t\t<\/div><div class=\"et_d4_element et_pb_row et_pb_row_2 et_animated et_pb_equal_columns  et_pb_css_mix_blend_mode et_block_row\">\n\t\t\t\t<div class=\"et_d4_element et_pb_column_1_2 et_pb_column et_pb_column_2  et_pb_css_mix_blend_mode et_block_column\">\n\t\t\t\t\n\t\t\t\t\n\t\t\t\t\n\t\t\t\t\n\t\t\t\t<div class=\"et_pb_module et_d4_element et_pb_text et_pb_text_1  et_pb_text_align_left et_pb_bg_layout_light\">\n\t\t\t\t\n\t\t\t\t\n\t\t\t\t\n\t\t\t\t\n\t\t\t\t<div class=\"et_pb_text_inner\"><p>Od prawie 50 lat Grupa GUILLIN opracowuje unikalne rozwi\u0105zania opakowaniowe dostosowane do potrzeb handlu tradycyjnego: tacki, pojemniki, pucharki deserowe, zastawy sto\u0142owe i akcesoria.<\/p>\n<p>W 100% innowacyjne i wytwarzane w spos\u00f3b odpowiedzialny, te standardowe rozwi\u0105zania s\u0105 projektowane i produkowane zgodnie z wytycznymi i wymaganiami ka\u017cdej firmy, niezale\u017cnie od tego, czy chodzi o wyroby piekarnicze, cukiernicze, mi\u0119sne czy te\u017c dania gotowe.<\/p><\/div>\n\t\t\t<\/div>\n\t\t\t<\/div><div class=\"et_d4_element et_pb_column_1_2 et_pb_column et_pb_column_3  et_pb_css_mix_blend_mode et-last-child et_block_column\">\n\t\t\t\t\n\t\t\t\t\n\t\t\t\t\n\t\t\t\t\n\t\t\t\t<div class=\"et_pb_module et_d4_element et_pb_text et_pb_text_2  et_pb_text_align_left et_pb_bg_layout_light\">\n\t\t\t\t\n\t\t\t\t\n\t\t\t\t\n\t\t\t\t\n\t\t\t\t<div class=\"et_pb_text_inner\"><p>Niezale\u017cnie od tego, czy s\u0105 wykonane z PET, PP, kartonu, papieru czy te\u017c s\u0105 rozwi\u0105zaniami hybrydowymi, s\u0105 one przeznaczone do wszystkich rodzaj\u00f3w zastosowa\u0144, zar\u00f3wno do konsumpcji na ciep\u0142o, jak i na zimno, na miejscu, na wynos lub z dostaw\u0105. S\u0105 r\u00f3wnie\u017c dost\u0119pne od r\u0119ki przez ca\u0142y rok!<\/p>\n<p>Z biegiem czasu i dzi\u0119ki zdobytemu do\u015bwiadczeniu, Grupa zbudowa\u0142a solidn\u0105, bezpo\u015bredni\u0105 i po\u015bredni\u0105, wydajn\u0105 i szybko reaguj\u0105c\u0105 sie\u0107, gwarantuj\u0105c\u0105 prawdziwie lokaln\u0105 obs\u0142ug\u0119 klient\u00f3w z bran\u017cy handlu tradycyjnego.<\/p><\/div>\n\t\t\t<\/div>\n\t\t\t<\/div>\n\t\t\t\t\n\t\t\t\t\n\t\t\t\t\n\t\t\t\t\n\t\t\t<\/div>\n\t\t\t\t\n\t\t\t\t\n\t\t\t<\/div><div class=\"et_d4_element et_pb_section et_pb_section_2 et_animated et_pb_with_background  et_pb_css_mix_blend_mode et_section_regular et_block_section\" >\n\t\t\t\t\n\t\t\t\t\n\t\t\t\t\n\t\t\t\t\n\t\t\t\t\n\t\t\t\t\n\t\t\t\t<div class=\"et_d4_element et_pb_row et_pb_row_3 et_animated et_pb_equal_columns  et_pb_css_mix_blend_mode et_block_row\">\n\t\t\t\t<div class=\"et_d4_element et_pb_column_1_3 et_pb_column et_pb_column_4  et_pb_css_mix_blend_mode et_block_column\">\n\t\t\t\t\n\t\t\t\t\n\t\t\t\t\n\t\t\t\t\n\t\t\t\t<div class=\"et_pb_module et_d4_element et_pb_text et_pb_text_3  et_pb_text_align_left et_pb_bg_layout_light\">\n\t\t\t\t\n\t\t\t\t\n\t\t\t\t\n\t\t\t\t\n\t\t\t\t<div class=\"et_pb_text_inner\"><h3 style=\"color: white; font-size: 28px; text-align: center;\">OCHRONA<\/h3><\/div>\n\t\t\t<\/div><div class=\"et_pb_module et_d4_element et_pb_image et_pb_image_0 et_animated et-waypoint\">\n\t\t\t\t\n\t\t\t\t\n\t\t\t\t\n\t\t\t\t\n\t\t\t\t<span class=\"et_pb_image_wrap \"><img decoding=\"async\" width=\"512\" height=\"512\" src=\"https:\/\/www.groupeguillin.fr\/wp-content\/uploads\/2020\/11\/Protection.png\" alt=\"\" title=\"OCHRONA\" class=\"wp-image-2710\" \/><\/span>\n\t\t\t<\/div><div class=\"et_pb_module et_d4_element et_pb_text et_pb_text_4  et_pb_text_align_center et_pb_bg_layout_light\">\n\t\t\t\t\n\t\t\t\t\n\t\t\t\t\n\t\t\t\t\n\t\t\t\t<div class=\"et_pb_text_inner\"><p style=\"text-align: justify;\">Naszym priorytetem jest ochrona \u017cywno\u015bci i ludzi. Nasze opakowania zapewniaj\u0105 bezpiecze\u0144stwo i higien\u0119 ich zawarto\u015bci w obliczu czynnik\u00f3w zewn\u0119trznych: zanieczyszczenia, zimno, ciep\u0142o, \u015bwiat\u0142o, kradzie\u017c... od momentu produkcji a\u017c do czasu, kiedy trafi\u0105 na st\u00f3\u0142 konsumenta.<\/p><\/div>\n\t\t\t<\/div><div class=\"et_pb_button_module_wrapper et_pb_button_0_wrapper et_pb_button_alignment_center et_pb_module \">\n\t\t\t\t<a class=\"et_pb_button et_d4_element et_pb_button_0 et_pb_bg_layout_light et_block_module\" href=\"https:\/\/www.groupeguillin.fr\/pl\/innowacje-i-wzornictwo\/\">ZOBACZ<\/a>\n\t\t\t<\/div>\n\t\t\t<\/div><div class=\"et_d4_element et_pb_column_1_3 et_pb_column et_pb_column_5  et_pb_css_mix_blend_mode et_block_column\">\n\t\t\t\t\n\t\t\t\t\n\t\t\t\t\n\t\t\t\t\n\t\t\t\t<div class=\"et_pb_module et_d4_element et_pb_text et_pb_text_5  et_pb_text_align_left et_pb_bg_layout_light\">\n\t\t\t\t\n\t\t\t\t\n\t\t\t\t\n\t\t\t\t\n\t\t\t\t<div class=\"et_pb_text_inner\"><h3 style=\"color: white; font-size: 28px; text-align: center;\">TRANSPARENTNO\u015a\u0106<\/h3><\/div>\n\t\t\t<\/div><div class=\"et_pb_module et_d4_element et_pb_image et_pb_image_1 et_animated et-waypoint\">\n\t\t\t\t\n\t\t\t\t\n\t\t\t\t\n\t\t\t\t\n\t\t\t\t<span class=\"et_pb_image_wrap \"><img decoding=\"async\" width=\"512\" height=\"512\" src=\"https:\/\/www.groupeguillin.fr\/wp-content\/uploads\/2020\/11\/Transparence.png\" alt=\"\" title=\"Transparence\" class=\"wp-image-2711\" \/><\/span>\n\t\t\t<\/div><div class=\"et_pb_module et_d4_element et_pb_text et_pb_text_6  et_pb_text_align_center et_pb_bg_layout_light\">\n\t\t\t\t\n\t\t\t\t\n\t\t\t\t\n\t\t\t\t\n\t\t\t\t<div class=\"et_pb_text_inner\"><p style=\"text-align: justify;\">Projekty naszych rozwi\u0105za\u0144 s\u0105 pomy\u015blane w taki spos\u00f3b, aby \u0142\u0105czy\u0142y doznania estetyczne z funkcjonalno\u015bci\u0105 w celu uwydatnienia atrakcyjno\u015bci prezentowanych produkt\u00f3w. Mo\u017cliwo\u015b\u0107 przechowywania ich w formie stos\u00f3w, a tak\u017ce ich du\u017ca wytrzyma\u0142o\u015b\u0107 zapewniaj\u0105 uporz\u0105dkowan\u0105, czyteln\u0105 i efektown\u0105 ekspozycj\u0119.<\/p><\/div>\n\t\t\t<\/div>\n\t\t\t<\/div><div class=\"et_d4_element et_pb_column_1_3 et_pb_column et_pb_column_6  et_pb_css_mix_blend_mode et-last-child et_block_column\">\n\t\t\t\t\n\t\t\t\t\n\t\t\t\t\n\t\t\t\t\n\t\t\t\t<div class=\"et_pb_module et_d4_element et_pb_text et_pb_text_7  et_pb_text_align_left et_pb_bg_layout_light\">\n\t\t\t\t\n\t\t\t\t\n\t\t\t\t\n\t\t\t\t\n\t\t\t\t<div class=\"et_pb_text_inner\"><h3 style=\"color: white; font-size: 28px; text-align: center;\">\u015aRODOWISKO<\/h3><\/div>\n\t\t\t<\/div><div class=\"et_pb_module et_d4_element et_pb_image et_pb_image_2 et_animated et-waypoint\">\n\t\t\t\t\n\t\t\t\t\n\t\t\t\t\n\t\t\t\t\n\t\t\t\t<span class=\"et_pb_image_wrap \"><img decoding=\"async\" width=\"512\" height=\"512\" src=\"https:\/\/www.groupeguillin.fr\/wp-content\/uploads\/2020\/11\/environnement.png\" alt=\"\" title=\"\u015aRODOWISKO\" class=\"wp-image-2709\" \/><\/span>\n\t\t\t<\/div><div class=\"et_pb_module et_d4_element et_pb_text et_pb_text_8  et_pb_text_align_center et_pb_bg_layout_light\">\n\t\t\t\t\n\t\t\t\t\n\t\t\t\t\n\t\t\t\t\n\t\t\t\t<div class=\"et_pb_text_inner\"><p style=\"text-align: justify;\">Nasze opakowania nadaj\u0105 si\u0119 do recyklingu, ponownego wykorzystania lub kompostowania.\u00a0 W opakowaniach PET stosujemy minimum 30% rPET. Produkowane przez nas opakowania kartonowe s\u0105 wykonane ekologicznie z materia\u0142\u00f3w pierwotnych.<\/p><\/div>\n\t\t\t<\/div><div class=\"et_pb_button_module_wrapper et_pb_button_1_wrapper et_pb_button_alignment_center et_pb_module \">\n\t\t\t\t<a class=\"et_pb_button et_d4_element et_pb_button_1 et_pb_bg_layout_light et_block_module\" href=\"https:\/\/www.groupeguillin.fr\/pl\/srodowisko\/\">ZOBACZ<\/a>\n\t\t\t<\/div>\n\t\t\t<\/div>\n\t\t\t\t\n\t\t\t\t\n\t\t\t\t\n\t\t\t\t\n\t\t\t<\/div>\n\t\t\t\t\n\t\t\t\t\n\t\t\t<\/div><div class=\"et_d4_element et_pb_section et_pb_section_3 produits-phares et_animated  et_pb_css_mix_blend_mode et_section_regular et_block_section\" >\n\t\t\t\t\n\t\t\t\t\n\t\t\t\t\n\t\t\t\t\n\t\t\t\t\n\t\t\t\t\n\t\t\t\t<div class=\"et_d4_element et_pb_row et_pb_row_4 et_animated et_pb_equal_columns  et_pb_css_mix_blend_mode et_block_row\">\n\t\t\t\t<div class=\"et_d4_element et_pb_column_4_4 et_pb_column et_pb_column_7  et_pb_css_mix_blend_mode et-last-child et_block_column\">\n\t\t\t\t\n\t\t\t\t\n\t\t\t\t\n\t\t\t\t\n\t\t\t\t<div class=\"et_pb_module et_d4_element et_pb_text et_pb_text_9  et_pb_text_align_left et_pb_bg_layout_light\">\n\t\t\t\t\n\t\t\t\t\n\t\t\t\t\n\t\t\t\t\n\t\t\t\t<div class=\"et_pb_text_inner\"><h3>NASZE AKTUALNE BESTSELLERY<\/h3>\n<\/div>\n\t\t\t<\/div>\n\t\t\t<\/div>\n\t\t\t\t\n\t\t\t\t\n\t\t\t\t\n\t\t\t\t\n\t\t\t<\/div><div class=\"et_d4_element et_pb_row et_pb_row_5 row-produit et_animated et_pb_equal_columns  et_pb_css_mix_blend_mode et_block_row\">\n\t\t\t\t<div class=\"et_d4_element et_pb_column_2_5 et_pb_column et_pb_column_8  et_pb_css_mix_blend_mode et_block_column\">\n\t\t\t\t\n\t\t\t\t\n\t\t\t\t\n\t\t\t\t\n\t\t\t\t<div class=\"et_pb_module et_d4_element et_pb_image et_pb_image_3\">\n\t\t\t\t\n\t\t\t\t\n\t\t\t\t\n\t\t\t\t\n\t\t\t\t<span class=\"et_pb_image_wrap \"><img decoding=\"async\" width=\"2560\" height=\"1707\" src=\"https:\/\/www.groupeguillin.fr\/wp-content\/uploads\/2020\/09\/salade-luxifood-72-dpi-11-scaled.jpg\" alt=\"\" title=\"salade luxifood 72 dpi-11\" class=\"wp-image-853\" \/><\/span>\n\t\t\t<\/div>\n\t\t\t<\/div><div class=\"et_d4_element et_pb_column_3_5 et_pb_column et_pb_column_9  et_pb_css_mix_blend_mode et-last-child et_block_column\">\n\t\t\t\t\n\t\t\t\t\n\t\t\t\t\n\t\t\t\t\n\t\t\t\t<div class=\"et_pb_module et_d4_element et_pb_cta_0 description et_pb_promo  et_pb_text_align_center et_pb_bg_layout_dark\">\n\t\t\t\t\n\t\t\t\t\n\t\t\t\t\n\t\t\t\t\n\t\t\t\t<div class=\"et_pb_promo_description\"><h3 class=\"et_pb_module_header\">Pojemnik na wyroby cateringowe LUXIFOOD <\/h3><div><p><strong>LUXIFOOD<\/strong> jest produkowanym w spos\u00f3b odpowiedzialny, hybrydowym rozwi\u0105zaniem do przek\u0105sek na wynos. Przezroczysta pokrywa z tworzywa rPET sprawia, \u017ce produkt jest pi\u0119knie wyeksponowany, a dolna cz\u0119\u015b\u0107 z czystej tektury wykonanej z pierwotnej masy mo\u017ce by\u0107 podgrzewana w mikrofal\u00f3wce i personalizowana. Jego bezpieczne zamkni\u0119cie zapewnia najlepsz\u0105 ochron\u0119 \u017cywno\u015bci.<\/p>\n<p style=\"text-align: justify;\"><span style=\"text-align: left; font-family: Montserrat, Helvetica, Arial, Lucida, sans-serif; font-size: 14px;\">\u00a0<\/span><span style=\"text-align: left; font-family: Montserrat, Helvetica, Arial, Lucida, sans-serif; font-size: 14px;\">\u00a0<img decoding=\"async\" class=\"wp-image-5384 alignnone size-full\" src=\"https:\/\/www.groupeguillin.fr\/wp-content\/uploads\/2020\/09\/empil.png\" alt=\"\" width=\"75\" height=\"75\" \/> <img decoding=\"async\" class=\"wp-image-5374 alignnone size-full\" src=\"https:\/\/www.groupeguillin.fr\/wp-content\/uploads\/2020\/09\/altereco.png\" alt=\"\" width=\"75\" height=\"75\" \/> <img decoding=\"async\" class=\"wp-image-5419 alignnone size-full\" src=\"https:\/\/www.groupeguillin.fr\/wp-content\/uploads\/2020\/09\/recyclage.png\" alt=\"\" width=\"75\" height=\"75\" \/><\/span><\/p><\/div><\/div>\n\t\t\t\t<div class=\"et_pb_button_wrapper\"><a class=\"et_pb_button et_pb_promo_button\" href=\"https:\/\/youtu.be\/rRWW_pInULg\" target=\"_blank\">Demo<\/a><\/div>\n\t\t\t<\/div><style type=\"text\/css\">.et_pb_cta_0.et_pb_promo{background-color:transparent !important;}<\/style>\n\t\t\t<\/div>\n\t\t\t\t\n\t\t\t\t\n\t\t\t\t\n\t\t\t\t\n\t\t\t<\/div><div class=\"et_d4_element et_pb_row et_pb_row_6 row-produit et_animated et_pb_equal_columns  et_pb_css_mix_blend_mode et_block_row\">\n\t\t\t\t<div class=\"et_d4_element et_pb_column_2_5 et_pb_column et_pb_column_10  et_pb_css_mix_blend_mode et_block_column\">\n\t\t\t\t\n\t\t\t\t\n\t\t\t\t\n\t\t\t\t\n\t\t\t\t<div class=\"et_pb_module et_d4_element et_pb_image et_pb_image_4\">\n\t\t\t\t\n\t\t\t\t\n\t\t\t\t\n\t\t\t\t\n\t\t\t\t<span class=\"et_pb_image_wrap \"><img decoding=\"async\" width=\"1024\" height=\"683\" src=\"https:\/\/www.groupeguillin.fr\/wp-content\/uploads\/2020\/09\/Salade-Food-K-72-dpi-4-1024x683.jpg\" alt=\"\" title=\"Salade Food K 72 dpi-4\" class=\"wp-image-854\" \/><\/span>\n\t\t\t<\/div>\n\t\t\t<\/div><div class=\"et_d4_element et_pb_column_3_5 et_pb_column et_pb_column_11  et_pb_css_mix_blend_mode et-last-child et_block_column\">\n\t\t\t\t\n\t\t\t\t\n\t\t\t\t\n\t\t\t\t\n\t\t\t\t<div class=\"et_pb_module et_d4_element et_pb_cta_1 description et_pb_promo  et_pb_text_align_center et_pb_bg_layout_dark\">\n\t\t\t\t\n\t\t\t\t\n\t\t\t\t\n\t\t\t\t\n\t\t\t\t<div class=\"et_pb_promo_description\"><h3 class=\"et_pb_module_header\">Tacka zgrzewalna FOOD K<\/h3><div><p><strong>FOOD K<\/strong> to projekt, kt\u00f3ry \u0142\u0105czy w sobie technologi\u0119, ekologi\u0119 i marketing. Ta ekologicznie zaprojektowana zgrzewalna tacka jest w 100% personalizowanym i nadaj\u0105cym si\u0119 do recyklingu rozwi\u0105zaniem. Idealny do produkt\u00f3w na ciep\u0142o, pojemnik z czystej tektury mo\u017ce by\u0107 odgrzewany w kuchence mikrofalowej i tradycyjnym piekarniku.<\/p>\n<p style=\"text-align: justify;\"><span style=\"text-align: left; font-family: Montserrat, Helvetica, Arial, Lucida, sans-serif; font-size: 14px;\">\u00a0<img decoding=\"async\" class=\"wp-image-5389 alignnone size-full\" src=\"https:\/\/www.groupeguillin.fr\/wp-content\/uploads\/2020\/09\/four.png\" alt=\"\" width=\"75\" height=\"75\" \/> <img decoding=\"async\" class=\"wp-image-5374 alignnone size-full\" src=\"https:\/\/www.groupeguillin.fr\/wp-content\/uploads\/2020\/09\/altereco.png\" alt=\"\" width=\"75\" height=\"75\" \/> <img decoding=\"async\" class=\"wp-image-5419 alignnone size-full\" src=\"https:\/\/www.groupeguillin.fr\/wp-content\/uploads\/2020\/09\/recyclage.png\" alt=\"\" width=\"75\" height=\"75\" \/><\/span><span style=\"text-align: left; font-family: Montserrat, Helvetica, Arial, Lucida, sans-serif; font-size: 14px;\">\u00a0<\/span><\/p><\/div><\/div>\n\t\t\t\t<div class=\"et_pb_button_wrapper\"><a class=\"et_pb_button et_pb_promo_button\" href=\"https:\/\/youtu.be\/p75viRFUMlg\" target=\"_blank\">Demo<\/a><\/div>\n\t\t\t<\/div><style type=\"text\/css\">.et_pb_cta_1.et_pb_promo{background-color:transparent !important;}<\/style>\n\t\t\t<\/div>\n\t\t\t\t\n\t\t\t\t\n\t\t\t\t\n\t\t\t\t\n\t\t\t<\/div><div class=\"et_d4_element et_pb_row et_pb_row_7 row-produit et_animated et_pb_equal_columns  et_pb_css_mix_blend_mode et_block_row\">\n\t\t\t\t<div class=\"et_d4_element et_pb_column_2_5 et_pb_column et_pb_column_12  et_pb_css_mix_blend_mode et_block_column\">\n\t\t\t\t\n\t\t\t\t\n\t\t\t\t\n\t\t\t\t\n\t\t\t\t<div class=\"et_pb_module et_d4_element et_pb_image et_pb_image_5\">\n\t\t\t\t\n\t\t\t\t\n\t\t\t\t\n\t\t\t\t\n\t\t\t\t<span class=\"et_pb_image_wrap \"><img decoding=\"async\" width=\"1024\" height=\"683\" src=\"https:\/\/www.groupeguillin.fr\/wp-content\/uploads\/2020\/11\/PACKIPACKBoites-Gateaux-Thiolat-72-dpi-12-1024x683.jpg\" alt=\"\" title=\"PACKIPACKBoites Gateaux Thiolat 72 dpi-12\" class=\"wp-image-2743\" \/><\/span>\n\t\t\t<\/div>\n\t\t\t<\/div><div class=\"et_d4_element et_pb_column_3_5 et_pb_column et_pb_column_13  et_pb_css_mix_blend_mode et-last-child et_block_column\">\n\t\t\t\t\n\t\t\t\t\n\t\t\t\t\n\t\t\t\t\n\t\t\t\t<div class=\"et_pb_module et_d4_element et_pb_cta_2 description et_pb_promo  et_pb_text_align_center et_pb_bg_layout_dark\">\n\t\t\t\t\n\t\t\t\t\n\t\t\t\t\n\t\t\t\t\n\t\t\t\t<div class=\"et_pb_promo_description\"><h3 class=\"et_pb_module_header\">Opakowanie na ciasto PACKIPACK<\/h3><div data-et-multi-view=\"{&quot;schema&quot;:{&quot;content&quot;:{&quot;desktop&quot;:&quot;&lt;p&gt;Idealne do sprzeda\\u017cy wspomaganej &lt;strong&gt;opakowania&lt;\\\/strong&gt; z kartonu kraftowego gwarantuj\\u0105 ca\\u0142kowit\\u0105 ochron\\u0119 Twoich wypiek\\u00f3w. S\\u0105 wykonane z wysokiej jako\\u015bci kartonu, mog\\u0105 by\\u0107 przechowywane w formie stos\\u00f3w i cechuj\\u0105 si\\u0119 odporno\\u015bci\\u0105 na rozdarcia. To proste i szybkie w monta\\u017cu rozwi\\u0105zanie w 100% nadaje si\\u0119 do recyklingu. Dost\\u0119pna jest ca\\u0142a gama kolekcji sezonowych.&lt;\\\/p&gt;\\n&lt;p style=\\&quot;text-align: justify;\\&quot;&gt;&lt;span style=\\&quot;text-align: left; font-family: Montserrat, Helvetica, Arial, Lucida, sans-serif; font-size: 14px;\\&quot;&gt;\\u00a0&lt;img class=\\&quot;wp-image-5384 alignnone size-full\\&quot; src=\\&quot;https:\\\/\\\/www.groupeguillin.fr\\\/wp-content\\\/uploads\\\/2020\\\/09\\\/empil.png\\&quot; alt=\\&quot;\\&quot; width=\\&quot;75\\&quot; height=\\&quot;75\\&quot; \\\/&gt; &lt;img class=\\&quot;wp-image-5419 alignnone size-full\\&quot; src=\\&quot;https:\\\/\\\/www.groupeguillin.fr\\\/wp-content\\\/uploads\\\/2020\\\/09\\\/recyclage.png\\&quot; alt=\\&quot;\\&quot; width=\\&quot;75\\&quot; height=\\&quot;75\\&quot; \\\/&gt; &lt;img class=\\&quot;wp-image-5374 alignnone size-full\\&quot; src=\\&quot;https:\\\/\\\/www.groupeguillin.fr\\\/wp-content\\\/uploads\\\/2020\\\/09\\\/altereco.png\\&quot; alt=\\&quot;\\&quot; width=\\&quot;75\\&quot; height=\\&quot;75\\&quot; \\\/&gt;&lt;\\\/span&gt;&lt;span style=\\&quot;text-align: left; font-family: Montserrat, Helvetica, Arial, Lucida, sans-serif; font-size: 14px;\\&quot;&gt;\\u00a0&lt;\\\/span&gt;&lt;\\\/p&gt;&quot;,&quot;hover&quot;:&quot;&lt;p&gt;Idealne do sprzeda\\u017cy wspomaganej &lt;strong&gt;opakowania&lt;\\\/strong&gt; z kartonu kraftowego gwarantuj\\u0105 ca\\u0142kowit\\u0105 ochron\\u0119 Twoich wypiek\\u00f3w. S\\u0105 wykonane z wysokiej jako\\u015bci kartonu, mog\\u0105 by\\u0107 przechowywane w formie stos\\u00f3w i cechuj\\u0105 si\\u0119 odporno\\u015bci\\u0105 na rozdarcia. To proste i szybkie w monta\\u017cu rozwi\\u0105zanie w 100% nadaje si\\u0119 do recyklingu. Dost\\u0119pna jest ca\\u0142a gama kolekcji sezonowych.&lt;\\\/p&gt;\\n&lt;p style=\\&quot;text-align: justify;\\&quot;&gt;&lt;span style=\\&quot;text-align: left; font-family: Montserrat, Helvetica, Arial, Lucida, sans-serif; font-size: 14px;\\&quot;&gt; &lt;img class=\\&quot;wp-image-5384 alignnone size-full\\&quot; src=\\&quot;https:\\\/\\\/www.groupeguillin.fr\\\/wp-content\\\/uploads\\\/2020\\\/09\\\/empil.png\\&quot; alt=\\&quot;\\&quot; width=\\&quot;75\\&quot; height=\\&quot;75\\&quot; \\\/&gt; &lt;img class=\\&quot;wp-image-5419 alignnone size-full\\&quot; src=\\&quot;https:\\\/\\\/www.groupeguillin.fr\\\/wp-content\\\/uploads\\\/2020\\\/09\\\/recyclage.png\\&quot; alt=\\&quot;\\&quot; width=\\&quot;75\\&quot; height=\\&quot;75\\&quot; \\\/&gt; &lt;img class=\\&quot;wp-image-5374 alignnone size-full\\&quot; src=\\&quot;https:\\\/\\\/www.groupeguillin.fr\\\/wp-content\\\/uploads\\\/2020\\\/09\\\/altereco.png\\&quot; alt=\\&quot;\\&quot; width=\\&quot;75\\&quot; height=\\&quot;75\\&quot; \\\/&gt;&lt;\\\/span&gt;&lt;span style=\\&quot;text-align: left; font-family: Montserrat, Helvetica, Arial, Lucida, sans-serif; font-size: 14px;\\&quot;&gt; &lt;\\\/span&gt;&lt;\\\/p&gt;&quot;},&quot;target&quot;:&quot;&quot;,&quot;hover_selector&quot;:&quot;&quot;},&quot;slug&quot;:&quot;et_pb_cta&quot;}\"><p>Idealne do sprzeda\u017cy wspomaganej <strong>opakowania<\/strong> z kartonu kraftowego gwarantuj\u0105 ca\u0142kowit\u0105 ochron\u0119 Twoich wypiek\u00f3w. S\u0105 wykonane z wysokiej jako\u015bci kartonu, mog\u0105 by\u0107 przechowywane w formie stos\u00f3w i cechuj\u0105 si\u0119 odporno\u015bci\u0105 na rozdarcia. To proste i szybkie w monta\u017cu rozwi\u0105zanie w 100% nadaje si\u0119 do recyklingu. Dost\u0119pna jest ca\u0142a gama kolekcji sezonowych.<\/p>\n<p style=\"text-align: justify;\"><span style=\"text-align: left; font-family: Montserrat, Helvetica, Arial, Lucida, sans-serif; font-size: 14px;\">\u00a0<img decoding=\"async\" class=\"wp-image-5384 alignnone size-full\" src=\"https:\/\/www.groupeguillin.fr\/wp-content\/uploads\/2020\/09\/empil.png\" alt=\"\" width=\"75\" height=\"75\" \/> <img decoding=\"async\" class=\"wp-image-5419 alignnone size-full\" src=\"https:\/\/www.groupeguillin.fr\/wp-content\/uploads\/2020\/09\/recyclage.png\" alt=\"\" width=\"75\" height=\"75\" \/> <img decoding=\"async\" class=\"wp-image-5374 alignnone size-full\" src=\"https:\/\/www.groupeguillin.fr\/wp-content\/uploads\/2020\/09\/altereco.png\" alt=\"\" width=\"75\" height=\"75\" \/><\/span><span style=\"text-align: left; font-family: Montserrat, Helvetica, Arial, Lucida, sans-serif; font-size: 14px;\">\u00a0<\/span><\/p><\/div><\/div>\n\t\t\t\t\n\t\t\t<\/div><style type=\"text\/css\">.et_pb_cta_2.et_pb_promo{background-color:transparent !important;}<\/style>\n\t\t\t<\/div>\n\t\t\t\t\n\t\t\t\t\n\t\t\t\t\n\t\t\t\t\n\t\t\t<\/div>\n\t\t\t\t\n\t\t\t\t\n\t\t\t<\/div><div class=\"et_d4_element et_pb_section et_pb_section_4 toutes-offres et_pb_with_background  et_pb_css_mix_blend_mode et_section_regular et_block_section\" >\n\t\t\t\t\n\t\t\t\t\n\t\t\t\t\n\t\t\t\t\n\t\t\t\t\n\t\t\t\t\n\t\t\t\t<div class=\"et_d4_element et_pb_row et_pb_row_8 et_animated et_pb_equal_columns  et_pb_css_mix_blend_mode et_block_row\">\n\t\t\t\t<div class=\"et_d4_element et_pb_column_4_4 et_pb_column et_pb_column_14  et_pb_css_mix_blend_mode et-last-child et_block_column\">\n\t\t\t\t\n\t\t\t\t\n\t\t\t\t\n\t\t\t\t\n\t\t\t\t<div class=\"et_pb_module et_d4_element et_pb_text et_pb_text_10  et_pb_text_align_left et_pb_bg_layout_light\">\n\t\t\t\t\n\t\t\t\t\n\t\t\t\t\n\t\t\t\t\n\t\t\t\t<div class=\"et_pb_text_inner\"><h2 style=\"text-align: center;\">WSZYSTKIE NASZE ROZWI\u0104ZANIA<\/h2><\/div>\n\t\t\t<\/div><div class=\"et_pb_module et_d4_element et_pb_text et_pb_text_11  et_pb_text_align_left et_pb_bg_layout_light\">\n\t\t\t\t\n\t\t\t\t\n\t\t\t\t\n\t\t\t\t\n\t\t\t\t<div class=\"et_pb_text_inner\"><p>Pojemniki i talerze z pokrywk\u0105 lub bez, lub te\u017c zgrzewalne do da\u0144 na ciep\u0142o i zimno. Tacki z przegr\u00f3dkami na posi\u0142ki i naczynia degustacyjne do doskona\u0142ej prezentacji da\u0144. Szeroki wyb\u00f3r pojemnik\u00f3w zaprojektowanych z my\u015bl\u0105 o potrzebach klient\u00f3w.<\/p><\/div>\n\t\t\t<\/div><div class=\"et_pb_module et_d4_element et_pb_number_counter et_pb_number_counter_0 toutes-offres-nombre  et_pb_text_align_center et_pb_bg_layout_light et_pb_with_title\" data-number-value=\"5000\" data-number-separator=\"\">\n\t\t\t\t\n\t\t\t\t\n\t\t\t\t\n\t\t\t\t\n\t\t\t\t<div class=\"percent\" ><p><span class=\"percent-value\"><\/span><span class=\"percent-sign\"><\/span><\/p><\/div>\n\t\t\t\t<h3 class=\"title\"> pozycji W MAGAZYNIE<\/h3>\n\t\t\t<\/div>\n\t\t\t<\/div>\n\t\t\t\t\n\t\t\t\t\n\t\t\t\t\n\t\t\t\t\n\t\t\t<\/div><div class=\"et_d4_element et_pb_row et_pb_row_9 et_pb_equal_columns  et_pb_css_mix_blend_mode et_block_row\">\n\t\t\t\t<div class=\"et_d4_element et_pb_column_1_3 et_pb_column et_pb_column_15  et_pb_css_mix_blend_mode et_block_column\">\n\t\t\t\t\n\t\t\t\t\n\t\t\t\t\n\t\t\t\t\n\t\t\t\t<div class=\"et_pb_module et_d4_element et_pb_image et_pb_image_6\">\n\t\t\t\t\n\t\t\t\t\n\t\t\t\t\n\t\t\t\t\n\t\t\t\t<span class=\"et_pb_image_wrap \"><img decoding=\"async\" width=\"1024\" height=\"683\" src=\"https:\/\/www.groupeguillin.fr\/wp-content\/uploads\/2020\/12\/Boulangerie-patisserie-1024x683.jpg\" alt=\"\" title=\"PRODUKTY PIEKARNICZE I CUKIERNICZE\" class=\"wp-image-3890\" \/><\/span>\n\t\t\t<\/div><div class=\"et_pb_module et_d4_element et_pb_text et_pb_text_12  et_pb_text_align_left et_pb_bg_layout_light\">\n\t\t\t\t\n\t\t\t\t\n\t\t\t\t\n\t\t\t\t\n\t\t\t\t<div class=\"et_pb_text_inner\"><h3><b>PRODUKTY PIEKARNICZE I CUKIERNICZE<\/b><\/h3>\n<ul>\n<li>Akcesoria, wst\u0105\u017cki, akcesoria z celofanu, papier powlekany<\/li>\n<li>Papier do pieczenia\/bibu\u0142a, torebki, koronki, serwetki okr\u0105g\u0142e ozdobne i z\u0142ote<\/li>\n<li>Tacki<\/li>\n<li>Okr\u0105g\u0142e pojemniki z oddzieln\u0105 pokrywk\u0105<\/li>\n<li>Pojemniki z oddzieln\u0105 pokrywk\u0105<\/li>\n<li>Pojemniki z zespolon\u0105 pokrywk\u0105<\/li>\n<\/ul><\/div>\n\t\t\t<\/div>\n\t\t\t<\/div><div class=\"et_d4_element et_pb_column_1_3 et_pb_column et_pb_column_16  et_pb_css_mix_blend_mode et_block_column\">\n\t\t\t\t\n\t\t\t\t\n\t\t\t\t\n\t\t\t\t\n\t\t\t\t<div class=\"et_pb_module et_d4_element et_pb_image et_pb_image_7\">\n\t\t\t\t\n\t\t\t\t\n\t\t\t\t\n\t\t\t\t\n\t\t\t\t<span class=\"et_pb_image_wrap \"><img decoding=\"async\" width=\"1024\" height=\"683\" src=\"https:\/\/www.groupeguillin.fr\/wp-content\/uploads\/2020\/12\/Traiteur-1024x683.jpg\" alt=\"\" title=\"CATERING\" class=\"wp-image-3891\" \/><\/span>\n\t\t\t<\/div><div class=\"et_pb_module et_d4_element et_pb_text et_pb_text_13  et_pb_text_align_left et_pb_bg_layout_light\">\n\t\t\t\t\n\t\t\t\t\n\t\t\t\t\n\t\t\t\t\n\t\t\t\t<div class=\"et_pb_text_inner\"><h3>CATERING<\/h3>\n<ul>\n<li>Tacki<\/li>\n<li>Pojemniki z oddzieln\u0105 pokrywk\u0105<\/li>\n<li>Pojemniki z zespolon\u0105 pokrywk\u0105<\/li>\n<li>Zgrzewalne tacki<\/li>\n<li>Okr\u0105g\u0142e pojemniki z oddzieln\u0105 pokrywk\u0105<\/li>\n<li>Papier do pieczenia, foremki kartonowe albo papierowe<\/li>\n<li>Talerze<\/li>\n<li>Tacki na posi\u0142ki<\/li>\n<\/ul><\/div>\n\t\t\t<\/div>\n\t\t\t<\/div><div class=\"et_d4_element et_pb_column_1_3 et_pb_column et_pb_column_17  et_pb_css_mix_blend_mode et-last-child et_block_column\">\n\t\t\t\t\n\t\t\t\t\n\t\t\t\t\n\t\t\t\t\n\t\t\t\t<div class=\"et_pb_module et_d4_element et_pb_image et_pb_image_8\">\n\t\t\t\t\n\t\t\t\t\n\t\t\t\t\n\t\t\t\t\n\t\t\t\t<span class=\"et_pb_image_wrap \"><img decoding=\"async\" width=\"1024\" height=\"683\" src=\"https:\/\/www.groupeguillin.fr\/wp-content\/uploads\/2020\/09\/Bouchers-Charcutiers-1024x683.jpg\" alt=\"\" title=\"WYROBY MI\u0118SNE I W\u0118DLINY\" class=\"wp-image-1065\" \/><\/span>\n\t\t\t<\/div><div class=\"et_pb_module et_d4_element et_pb_text et_pb_text_14  et_pb_text_align_left et_pb_bg_layout_light\">\n\t\t\t\t\n\t\t\t\t\n\t\t\t\t\n\t\t\t\t\n\t\t\t\t<div class=\"et_pb_text_inner\"><h3>WYROBY MI\u0118SNE I W\u0118DLINY<\/h3>\n<ul>\n<li>Tacki<\/li>\n<li>Zgrzewalne tacki<\/li>\n<li>Pojemniki z zespolon\u0105pokrywk\u0105<\/li>\n<li>Pojemniki z oddzieln\u0105 pokrywk\u0105<\/li>\n<li>Okr\u0105g\u0142e pojemniki z oddzieln\u0105 pokrywk\u0105<\/li>\n<li>Papier do pieczenia, foremki kartonowe albo papierowe<\/li>\n<li>Tacki na posi\u0142ki<\/li>\n<\/ul><\/div>\n\t\t\t<\/div>\n\t\t\t<\/div>\n\t\t\t\t\n\t\t\t\t\n\t\t\t\t\n\t\t\t\t\n\t\t\t<\/div><div class=\"et_d4_element et_pb_row et_pb_row_10 et_animated et_pb_equal_columns  et_pb_css_mix_blend_mode et_block_row\">\n\t\t\t\t<div class=\"et_d4_element et_pb_column_4_4 et_pb_column et_pb_column_18  et_pb_css_mix_blend_mode et-last-child et_block_column\">\n\t\t\t\t\n\t\t\t\t\n\t\t\t\t\n\t\t\t\t\n\t\t\t\t<div class=\"et_pb_button_module_wrapper et_pb_button_2_wrapper et_pb_button_alignment_center et_pb_module \">\n\t\t\t\t<a class=\"et_pb_button et_d4_element et_pb_button_2 et_pb_bg_layout_light et_block_module\" href=\"mailto:foodservice-tradi@groupeguillin.com\">KONTAKT<\/a>\n\t\t\t<\/div>\n\t\t\t<\/div>\n\t\t\t\t\n\t\t\t\t\n\t\t\t\t\n\t\t\t\t\n\t\t\t<\/div>\n\t\t\t\t\n\t\t\t\t\n\t\t\t<\/div><div class=\"et_d4_element et_pb_section et_pb_section_5  et_pb_css_mix_blend_mode et_section_regular et_block_section\" >\n\t\t\t\t\n\t\t\t\t\n\t\t\t\t\n\t\t\t\t\n\t\t\t\t\n\t\t\t\t\n\t\t\t\t<div class=\"et_d4_element et_pb_row et_pb_row_11 et_animated et_pb_equal_columns  et_pb_css_mix_blend_mode et_block_row\">\n\t\t\t\t<div class=\"et_d4_element et_pb_column_4_4 et_pb_column et_pb_column_19  et_pb_css_mix_blend_mode et-last-child et_block_column\">\n\t\t\t\t\n\t\t\t\t\n\t\t\t\t\n\t\t\t\t\n\t\t\t\t<div class=\"et_pb_module et_d4_element et_pb_text et_pb_text_15  et_pb_text_align_left et_pb_bg_layout_light\">\n\t\t\t\t\n\t\t\t\t\n\t\t\t\t\n\t\t\t\t\n\t\t\t\t<div class=\"et_pb_text_inner\"><h2 style=\"text-align: center;\">M\u00d3WI\u0104 O NAS<\/h2><\/div>\n\t\t\t<\/div>\n\t\t\t<\/div>\n\t\t\t\t\n\t\t\t\t\n\t\t\t\t\n\t\t\t\t\n\t\t\t<\/div><div class=\"et_d4_element et_pb_row et_pb_row_12 et_animated et_pb_equal_columns  et_pb_css_mix_blend_mode et_block_row\">\n\t\t\t\t<div class=\"et_d4_element et_pb_column_1_2 et_pb_column et_pb_column_20  et_pb_css_mix_blend_mode et_block_column\">\n\t\t\t\t\n\t\t\t\t\n\t\t\t\t\n\t\t\t\t\n\t\t\t\t<div class=\"et_pb_module et_d4_element et_pb_testimonial et_pb_testimonial_0 temoignage-no-photo  et_pb_css_mix_blend_mode clearfix  et_pb_text_align_left et_pb_bg_layout_light et_block_module et_pb_testimonial_no_image\">\n\t\t\t\t\n\t\t\t\t\n\t\t\t\t\n\t\t\t\t\n\t\t\t\t<div style=\"background-image:url(data:image\/svg+xml;base64,PHN2ZyB3aWR0aD0iNTAwIiBoZWlnaHQ9IjUwMCIgdmlld0JveD0iMCAwIDUwMCA1MDAiIHhtbG5zPSJodHRwOi8vd3d3LnczLm9yZy8yMDAwL3N2ZyI+CiAgICA8ZyBmaWxsPSJub25lIiBmaWxsLXJ1bGU9ImV2ZW5vZGQiPgogICAgICAgIDxwYXRoIGZpbGw9IiNFQkVCRUIiIGQ9Ik0wIDBoNTAwdjUwMEgweiIvPgogICAgICAgIDxyZWN0IGZpbGwtb3BhY2l0eT0iLjEiIGZpbGw9IiMwMDAiIHg9IjY4IiB5PSIzMDUiIHdpZHRoPSIzNjQiIGhlaWdodD0iNTY4IiByeD0iMTgyIi8+CiAgICAgICAgPGNpcmNsZSBmaWxsLW9wYWNpdHk9Ii4xIiBmaWxsPSIjMDAwIiBjeD0iMjQ5IiBjeT0iMTcyIiByPSIxMDAiLz4KICAgIDwvZz4KPC9zdmc+Cg==)\" class=\"et_pb_testimonial_portrait\"><\/div>\n\t\t\t\t<div class=\"et_pb_testimonial_description\">\n\t\t\t\t\t<div class=\"et_pb_testimonial_description_inner\"><div class=\"et_pb_testimonial_content\"><p>Bardzo podobaj\u0105 nam si\u0119 kolekcje wiosenna, letnia, jesienna i zimowa kartonowych pude\u0142ek na ciastka, kt\u00f3re podkre\u015blaj\u0105 walory naszych ciastek w rytmie p\u00f3r roku i zwi\u0119kszaj\u0105 poziom zadowolenia naszych klient\u00f3w. Gwarantuj\u0105 one wytrzyma\u0142o\u015b\u0107, odporno\u015b\u0107 na wilgo\u0107 i wysok\u0105 jako\u015b\u0107 wzornictwa.<\/p><\/div><\/div>\n\t\t\t\t\t<span class=\"et_pb_testimonial_author\">OLIVIER GRIMAUD<\/span>\n\t\t\t\t\t<p class=\"et_pb_testimonial_meta\"><span class=\"et_pb_testimonial_position\">piekarz i ciastkarz rzemie\u015blnik, Blois, Francja<\/span><\/p>\n\t\t\t\t<\/div>\n\t\t\t<\/div>\n\t\t\t<\/div><div class=\"et_d4_element et_pb_column_1_2 et_pb_column et_pb_column_21  et_pb_css_mix_blend_mode et-last-child et_block_column\">\n\t\t\t\t\n\t\t\t\t\n\t\t\t\t\n\t\t\t\t\n\t\t\t\t<div class=\"et_pb_module et_d4_element et_pb_testimonial et_pb_testimonial_1 temoignage-no-photo  et_pb_css_mix_blend_mode clearfix  et_pb_text_align_left et_pb_bg_layout_light et_block_module et_pb_testimonial_no_image\">\n\t\t\t\t\n\t\t\t\t\n\t\t\t\t\n\t\t\t\t\n\t\t\t\t<div style=\"background-image:url(data:image\/svg+xml;base64,PHN2ZyB3aWR0aD0iNTAwIiBoZWlnaHQ9IjUwMCIgdmlld0JveD0iMCAwIDUwMCA1MDAiIHhtbG5zPSJodHRwOi8vd3d3LnczLm9yZy8yMDAwL3N2ZyI+CiAgICA8ZyBmaWxsPSJub25lIiBmaWxsLXJ1bGU9ImV2ZW5vZGQiPgogICAgICAgIDxwYXRoIGZpbGw9IiNFQkVCRUIiIGQ9Ik0wIDBoNTAwdjUwMEgweiIvPgogICAgICAgIDxyZWN0IGZpbGwtb3BhY2l0eT0iLjEiIGZpbGw9IiMwMDAiIHg9IjY4IiB5PSIzMDUiIHdpZHRoPSIzNjQiIGhlaWdodD0iNTY4IiByeD0iMTgyIi8+CiAgICAgICAgPGNpcmNsZSBmaWxsLW9wYWNpdHk9Ii4xIiBmaWxsPSIjMDAwIiBjeD0iMjQ5IiBjeT0iMTcyIiByPSIxMDAiLz4KICAgIDwvZz4KPC9zdmc+Cg==)\" class=\"et_pb_testimonial_portrait\"><\/div>\n\t\t\t\t<div class=\"et_pb_testimonial_description\">\n\t\t\t\t\t<div class=\"et_pb_testimonial_description_inner\"><div class=\"et_pb_testimonial_content\"><p>LUXIFOOD to rozwi\u0105zanie atrakcyjne i przyjazne dla \u015brodowiska naturalnego, a tak\u017ce solidne, wytrzyma\u0142e i wodoodporne. Pokrywka odporna na zaparowanie jest prawdziwym atutem podczas prezentacji produkt\u00f3w. Doceniam wszechstronno\u015b\u0107 tego produktu, kt\u00f3ry nadaje si\u0119 zar\u00f3wno do stosowania do da\u0144 na ciep\u0142o, jak i na zimno.<\/p>\n<p>Jest on \u0142atwy w u\u017cyciu, a szybkie i proste zamkni\u0119cie u\u0142atwia nam prac\u0119 w zak\u0142adzie.<\/p><\/div><\/div>\n\t\t\t\t\t<span class=\"et_pb_testimonial_author\">CHRISTOPHE DIENER<\/span>\n\t\t\t\t\t<p class=\"et_pb_testimonial_meta\"><span class=\"et_pb_testimonial_position\">Piekarnia DIENER, Saint Brieuc, Francja<\/span><\/p>\n\t\t\t\t<\/div>\n\t\t\t<\/div>\n\t\t\t<\/div>\n\t\t\t\t\n\t\t\t\t\n\t\t\t\t\n\t\t\t\t\n\t\t\t<\/div>\n\t\t\t\t\n\t\t\t\t\n\t\t\t<\/div><\/p>\n","protected":false},"excerpt":{"rendered":"","protected":false},"author":1,"featured_media":0,"parent":0,"menu_order":0,"comment_status":"closed","ping_status":"closed","template":"","meta":{"_acf_changed":false,"_et_pb_use_builder":"on","_et_pb_old_content":"","_et_gb_content_width":"","footnotes":""},"class_list":["post-10201","page","type-page","status-publish","hentry"],"acf":[],"yoast_head":"<!-- This site is optimized with the Yoast SEO plugin v28.3 - https:\/\/yoast.com\/product\/yoast-seo-wordpress\/ -->\n<title>DYSTRYBUCJA - Groupe GUILLIN<\/title>\n<meta name=\"description\" content=\"Le Groupe GUILLIN est le r\u00e9f\u00e9rent europ\u00e9en de l&#039;emballage plastique alimentaire\" \/>\n<meta name=\"robots\" content=\"index, follow, max-snippet:-1, max-image-preview:large, max-video-preview:-1\" \/>\n<link rel=\"canonical\" href=\"https:\/\/www.groupeguillin.fr\/pl\/dystrybucja\/\" \/>\n<meta property=\"og:locale\" content=\"pl_PL\" \/>\n<meta property=\"og:type\" content=\"article\" \/>\n<meta property=\"og:title\" content=\"DYSTRYBUCJA - Groupe GUILLIN\" \/>\n<meta property=\"og:description\" content=\"Le Groupe GUILLIN est le r\u00e9f\u00e9rent europ\u00e9en de l&#039;emballage plastique alimentaire\" \/>\n<meta property=\"og:url\" content=\"https:\/\/www.groupeguillin.fr\/pl\/dystrybucja\/\" \/>\n<meta property=\"og:site_name\" content=\"Groupe GUILLIN\" \/>\n<meta property=\"article:modified_time\" content=\"2024-10-02T13:55:20+00:00\" \/>\n<meta property=\"og:image\" content=\"https:\/\/www.groupeguillin.fr\/wp-content\/uploads\/2020\/09\/empil.png\" \/>\n<meta name=\"twitter:card\" content=\"summary_large_image\" \/>\n<meta name=\"twitter:label1\" content=\"Est. reading time\" \/>\n\t<meta name=\"twitter:data1\" content=\"19 minutes\" \/>\n<script type=\"application\/ld+json\" class=\"yoast-schema-graph\">{\"@context\":\"https:\\\/\\\/schema.org\",\"@graph\":[{\"@type\":\"WebPage\",\"@id\":\"https:\\\/\\\/www.groupeguillin.fr\\\/pl\\\/dystrybucja\\\/\",\"url\":\"https:\\\/\\\/www.groupeguillin.fr\\\/pl\\\/dystrybucja\\\/\",\"name\":\"DYSTRYBUCJA - Groupe GUILLIN\",\"isPartOf\":{\"@id\":\"https:\\\/\\\/www.groupeguillin.fr\\\/pl\\\/#website\"},\"primaryImageOfPage\":{\"@id\":\"https:\\\/\\\/www.groupeguillin.fr\\\/pl\\\/dystrybucja\\\/#primaryimage\"},\"image\":{\"@id\":\"https:\\\/\\\/www.groupeguillin.fr\\\/pl\\\/dystrybucja\\\/#primaryimage\"},\"thumbnailUrl\":\"https:\\\/\\\/www.groupeguillin.fr\\\/wp-content\\\/uploads\\\/2020\\\/09\\\/empil.png\",\"datePublished\":\"2022-02-17T12:52:10+00:00\",\"dateModified\":\"2024-10-02T13:55:20+00:00\",\"description\":\"Le Groupe GUILLIN est le r\u00e9f\u00e9rent europ\u00e9en de l'emballage plastique alimentaire\",\"breadcrumb\":{\"@id\":\"https:\\\/\\\/www.groupeguillin.fr\\\/pl\\\/dystrybucja\\\/#breadcrumb\"},\"inLanguage\":\"pl-PL\",\"potentialAction\":[{\"@type\":\"ReadAction\",\"target\":[\"https:\\\/\\\/www.groupeguillin.fr\\\/pl\\\/dystrybucja\\\/\"]}]},{\"@type\":\"ImageObject\",\"inLanguage\":\"pl-PL\",\"@id\":\"https:\\\/\\\/www.groupeguillin.fr\\\/pl\\\/dystrybucja\\\/#primaryimage\",\"url\":\"https:\\\/\\\/www.groupeguillin.fr\\\/wp-content\\\/uploads\\\/2020\\\/09\\\/empil.png\",\"contentUrl\":\"https:\\\/\\\/www.groupeguillin.fr\\\/wp-content\\\/uploads\\\/2020\\\/09\\\/empil.png\"},{\"@type\":\"BreadcrumbList\",\"@id\":\"https:\\\/\\\/www.groupeguillin.fr\\\/pl\\\/dystrybucja\\\/#breadcrumb\",\"itemListElement\":[{\"@type\":\"ListItem\",\"position\":1,\"name\":\"Accueil\",\"item\":\"https:\\\/\\\/www.groupeguillin.fr\\\/pl\\\/\"},{\"@type\":\"ListItem\",\"position\":2,\"name\":\"DYSTRYBUCJA\"}]},{\"@type\":\"WebSite\",\"@id\":\"https:\\\/\\\/www.groupeguillin.fr\\\/pl\\\/#website\",\"url\":\"https:\\\/\\\/www.groupeguillin.fr\\\/pl\\\/\",\"name\":\"Groupe GUILLIN\",\"description\":\"We protect your food\",\"publisher\":{\"@id\":\"https:\\\/\\\/www.groupeguillin.fr\\\/pl\\\/#organization\"},\"potentialAction\":[{\"@type\":\"SearchAction\",\"target\":{\"@type\":\"EntryPoint\",\"urlTemplate\":\"https:\\\/\\\/www.groupeguillin.fr\\\/pl\\\/?s={search_term_string}\"},\"query-input\":{\"@type\":\"PropertyValueSpecification\",\"valueRequired\":true,\"valueName\":\"search_term_string\"}}],\"inLanguage\":\"pl-PL\"},{\"@type\":\"Organization\",\"@id\":\"https:\\\/\\\/www.groupeguillin.fr\\\/pl\\\/#organization\",\"name\":\"Groupe GUILLIN\",\"url\":\"https:\\\/\\\/www.groupeguillin.fr\\\/pl\\\/\",\"logo\":{\"@type\":\"ImageObject\",\"inLanguage\":\"pl-PL\",\"@id\":\"https:\\\/\\\/www.groupeguillin.fr\\\/pl\\\/#\\\/schema\\\/logo\\\/image\\\/\",\"url\":\"https:\\\/\\\/www.groupeguillin.fr\\\/wp-content\\\/uploads\\\/2020\\\/09\\\/Logo-guillin-1.png\",\"contentUrl\":\"https:\\\/\\\/www.groupeguillin.fr\\\/wp-content\\\/uploads\\\/2020\\\/09\\\/Logo-guillin-1.png\",\"width\":1172,\"height\":300,\"caption\":\"Groupe GUILLIN\"},\"image\":{\"@id\":\"https:\\\/\\\/www.groupeguillin.fr\\\/pl\\\/#\\\/schema\\\/logo\\\/image\\\/\"},\"sameAs\":[\"https:\\\/\\\/www.instagram.com\\\/groupeguillin\\\/\",\"https:\\\/\\\/www.linkedin.com\\\/company\\\/guillin-emballages\\\/\",\"https:\\\/\\\/www.youtube.com\\\/channel\\\/UCS-Q4Qkgd1bN9pdIPGRjogQ\"]}]}<\/script>\n<!-- \/ Yoast SEO plugin. -->","yoast_head_json":{"title":"DYSTRYBUCJA - Groupe GUILLIN","description":"Le Groupe GUILLIN est le r\u00e9f\u00e9rent europ\u00e9en de l'emballage plastique alimentaire","robots":{"index":"index","follow":"follow","max-snippet":"max-snippet:-1","max-image-preview":"max-image-preview:large","max-video-preview":"max-video-preview:-1"},"canonical":"https:\/\/www.groupeguillin.fr\/pl\/dystrybucja\/","og_locale":"pl_PL","og_type":"article","og_title":"DYSTRYBUCJA - Groupe GUILLIN","og_description":"Le Groupe GUILLIN est le r\u00e9f\u00e9rent europ\u00e9en de l'emballage plastique alimentaire","og_url":"https:\/\/www.groupeguillin.fr\/pl\/dystrybucja\/","og_site_name":"Groupe GUILLIN","article_modified_time":"2024-10-02T13:55:20+00:00","og_image":[{"url":"https:\/\/www.groupeguillin.fr\/wp-content\/uploads\/2020\/09\/empil.png","type":"","width":"","height":""}],"twitter_card":"summary_large_image","twitter_misc":{"Est. reading time":"19 minutes"},"schema":{"@context":"https:\/\/schema.org","@graph":[{"@type":"WebPage","@id":"https:\/\/www.groupeguillin.fr\/pl\/dystrybucja\/","url":"https:\/\/www.groupeguillin.fr\/pl\/dystrybucja\/","name":"DYSTRYBUCJA - Groupe GUILLIN","isPartOf":{"@id":"https:\/\/www.groupeguillin.fr\/pl\/#website"},"primaryImageOfPage":{"@id":"https:\/\/www.groupeguillin.fr\/pl\/dystrybucja\/#primaryimage"},"image":{"@id":"https:\/\/www.groupeguillin.fr\/pl\/dystrybucja\/#primaryimage"},"thumbnailUrl":"https:\/\/www.groupeguillin.fr\/wp-content\/uploads\/2020\/09\/empil.png","datePublished":"2022-02-17T12:52:10+00:00","dateModified":"2024-10-02T13:55:20+00:00","description":"Le Groupe GUILLIN est le r\u00e9f\u00e9rent europ\u00e9en de l'emballage plastique alimentaire","breadcrumb":{"@id":"https:\/\/www.groupeguillin.fr\/pl\/dystrybucja\/#breadcrumb"},"inLanguage":"pl-PL","potentialAction":[{"@type":"ReadAction","target":["https:\/\/www.groupeguillin.fr\/pl\/dystrybucja\/"]}]},{"@type":"ImageObject","inLanguage":"pl-PL","@id":"https:\/\/www.groupeguillin.fr\/pl\/dystrybucja\/#primaryimage","url":"https:\/\/www.groupeguillin.fr\/wp-content\/uploads\/2020\/09\/empil.png","contentUrl":"https:\/\/www.groupeguillin.fr\/wp-content\/uploads\/2020\/09\/empil.png"},{"@type":"BreadcrumbList","@id":"https:\/\/www.groupeguillin.fr\/pl\/dystrybucja\/#breadcrumb","itemListElement":[{"@type":"ListItem","position":1,"name":"Accueil","item":"https:\/\/www.groupeguillin.fr\/pl\/"},{"@type":"ListItem","position":2,"name":"DYSTRYBUCJA"}]},{"@type":"WebSite","@id":"https:\/\/www.groupeguillin.fr\/pl\/#website","url":"https:\/\/www.groupeguillin.fr\/pl\/","name":"Groupe GUILLIN","description":"We protect your food","publisher":{"@id":"https:\/\/www.groupeguillin.fr\/pl\/#organization"},"potentialAction":[{"@type":"SearchAction","target":{"@type":"EntryPoint","urlTemplate":"https:\/\/www.groupeguillin.fr\/pl\/?s={search_term_string}"},"query-input":{"@type":"PropertyValueSpecification","valueRequired":true,"valueName":"search_term_string"}}],"inLanguage":"pl-PL"},{"@type":"Organization","@id":"https:\/\/www.groupeguillin.fr\/pl\/#organization","name":"Groupe GUILLIN","url":"https:\/\/www.groupeguillin.fr\/pl\/","logo":{"@type":"ImageObject","inLanguage":"pl-PL","@id":"https:\/\/www.groupeguillin.fr\/pl\/#\/schema\/logo\/image\/","url":"https:\/\/www.groupeguillin.fr\/wp-content\/uploads\/2020\/09\/Logo-guillin-1.png","contentUrl":"https:\/\/www.groupeguillin.fr\/wp-content\/uploads\/2020\/09\/Logo-guillin-1.png","width":1172,"height":300,"caption":"Groupe GUILLIN"},"image":{"@id":"https:\/\/www.groupeguillin.fr\/pl\/#\/schema\/logo\/image\/"},"sameAs":["https:\/\/www.instagram.com\/groupeguillin\/","https:\/\/www.linkedin.com\/company\/guillin-emballages\/","https:\/\/www.youtube.com\/channel\/UCS-Q4Qkgd1bN9pdIPGRjogQ"]}]}},"publishpress_future_action":{"enabled":false,"date":"2026-09-13 15:23:50","action":"change-status","newStatus":"draft","terms":[],"taxonomy":"translation_priority","extraData":[]},"publishpress_future_workflow_manual_trigger":{"enabledWorkflows":[]},"_links":{"self":[{"href":"https:\/\/www.groupeguillin.fr\/pl\/wp-json\/wp\/v2\/pages\/10201","targetHints":{"allow":["GET"]}}],"collection":[{"href":"https:\/\/www.groupeguillin.fr\/pl\/wp-json\/wp\/v2\/pages"}],"about":[{"href":"https:\/\/www.groupeguillin.fr\/pl\/wp-json\/wp\/v2\/types\/page"}],"author":[{"embeddable":true,"href":"https:\/\/www.groupeguillin.fr\/pl\/wp-json\/wp\/v2\/users\/1"}],"replies":[{"embeddable":true,"href":"https:\/\/www.groupeguillin.fr\/pl\/wp-json\/wp\/v2\/comments?post=10201"}],"version-history":[{"count":27,"href":"https:\/\/www.groupeguillin.fr\/pl\/wp-json\/wp\/v2\/pages\/10201\/revisions"}],"predecessor-version":[{"id":18660,"href":"https:\/\/www.groupeguillin.fr\/pl\/wp-json\/wp\/v2\/pages\/10201\/revisions\/18660"}],"wp:attachment":[{"href":"https:\/\/www.groupeguillin.fr\/pl\/wp-json\/wp\/v2\/media?parent=10201"}],"curies":[{"name":"wp","href":"https:\/\/api.w.org\/{rel}","templated":true}]}}