{"id":10198,"date":"2022-02-17T13:42:14","date_gmt":"2022-02-17T12:42:14","guid":{"rendered":"https:\/\/www.groupeguillin.fr\/gastronomia-komercyjna\/"},"modified":"2024-10-02T15:46:40","modified_gmt":"2024-10-02T13:46:40","slug":"gastronomia-komercyjna","status":"publish","type":"page","link":"https:\/\/www.groupeguillin.fr\/pl\/gastronomia-komercyjna\/","title":{"rendered":"GASTRONOMIA KOMERCYJNA"},"content":{"rendered":"<p>[et_pb_section fb_built=&#8221;1&#8243; _builder_version=&#8221;4.16&#8243; _module_preset=&#8221;default&#8221; custom_padding=&#8221;0px||0px||true|false&#8221; global_colors_info=&#8221;{}&#8221;][et_pb_row _builder_version=&#8221;4.16&#8243; _module_preset=&#8221;default&#8221; width=&#8221;100%&#8221; module_alignment=&#8221;right&#8221; custom_padding=&#8221;0px||0px||false|false&#8221; animation_style=&#8221;fade&#8221; global_colors_info=&#8221;{}&#8221;][et_pb_column type=&#8221;4_4&#8243; _builder_version=&#8221;4.16&#8243; _module_preset=&#8221;default&#8221; background_enable_image=&#8221;off&#8221; global_colors_info=&#8221;{}&#8221;][et_pb_slider use_bg_overlay=&#8221;off&#8221; use_text_overlay=&#8221;off&#8221; module_id=&#8221;slider-solutions&#8221; _builder_version=&#8221;4.27.0&#8243; _module_preset=&#8221;default&#8221; header_font=&#8221;|800|||||||&#8221; header_text_align=&#8221;right&#8221; header_text_color=&#8221;#ffffff&#8221; body_text_align=&#8221;right&#8221; background_enable_color=&#8221;off&#8221; custom_button=&#8221;on&#8221; button_text_size=&#8221;18px&#8221; button_text_color=&#8221;#00af66&#8243; button_bg_color=&#8221;#ffffff&#8221; button_border_width=&#8221;0px&#8221; button_border_radius=&#8221;26px&#8221; button_font=&#8221;||||||||&#8221; button_alignment=&#8221;right&#8221; button_custom_padding=&#8221;3px||0px||false|false&#8221; text_orientation=&#8221;right&#8221; width=&#8221;100%&#8221; max_width=&#8221;100%&#8221; module_alignment=&#8221;right&#8221; min_height=&#8221;550px&#8221; height=&#8221;550px&#8221; max_height=&#8221;550px&#8221; custom_margin=&#8221;|0px|||false|false&#8221; custom_padding=&#8221;60px|0px|60px||true|false&#8221; scroll_vertical_motion=&#8221;0|15|15|100|4|0|-4&#8243; hover_enabled=&#8221;0&#8243; header_font_size_tablet=&#8221;&#8221; header_font_size_phone=&#8221;30px&#8221; header_font_size_last_edited=&#8221;on|phone&#8221; custom_css_slide_description=&#8221;background: rgba(0,175,102,0.70) !important;&#8221; global_colors_info=&#8221;{}&#8221; header_level=&#8221;h1&#8243; sticky_enabled=&#8221;0&#8243;][et_pb_slide heading=&#8221;GASTRONOMIA KOMERCYJNA &#8221; button_text=&#8221;KONTAKT&#8221; button_link=&#8221;mailto:foodservice-comm@groupeguillin.com&#8221; use_bg_overlay=&#8221;off&#8221; use_text_overlay=&#8221;off&#8221; _builder_version=&#8221;4.16&#8243; _module_preset=&#8221;default&#8221; header_text_align=&#8221;right&#8221; header_text_color=&#8221;#ffffff&#8221; body_text_color=&#8221;#ffffff&#8221; background_enable_color=&#8221;off&#8221; background_image=&#8221;https:\/\/www.groupeguillin.fr\/wp-content\/uploads\/2020\/09\/food-k-et-luxifood-72-dpi-5.jpg&#8221; background_enable_image=&#8221;on&#8221; button_alignment=&#8221;right&#8221; global_colors_info=&#8221;{}&#8221; sticky_transition=&#8221;on&#8221;]<\/p>\n<h4><strong><br \/><b>LUXIFOOD<\/b><br \/><\/strong><\/h4>\n<p>Hybrydowe pojemniki do da\u0144 gotowych, wykonane z kartonu i tworzywa sztucznego, w nadaj\u0105ce si\u0119 do recyklingu Nadaje si\u0119 do sprzeda\u017cy da\u0144 na wynos<\/p>\n<p>[\/et_pb_slide][\/et_pb_slider][\/et_pb_column][\/et_pb_row][\/et_pb_section][et_pb_section fb_built=&#8221;1&#8243; _builder_version=&#8221;4.16&#8243; _module_preset=&#8221;default&#8221; custom_padding=&#8221;0px||0px||false|false&#8221; global_colors_info=&#8221;{}&#8221;][et_pb_row _builder_version=&#8221;4.16&#8243; _module_preset=&#8221;default&#8221; custom_margin=&#8221;||0px||false|false&#8221; custom_padding=&#8221;30px||30px||true|false&#8221; animation_style=&#8221;fade&#8221; global_colors_info=&#8221;{}&#8221;][et_pb_column type=&#8221;4_4&#8243; _builder_version=&#8221;4.16&#8243; _module_preset=&#8221;default&#8221; global_colors_info=&#8221;{}&#8221;][et_pb_text _builder_version=&#8221;4.27.0&#8243; _module_preset=&#8221;default&#8221; header_2_font=&#8221;|700|||||||&#8221; header_2_text_align=&#8221;center&#8221; header_2_font_size=&#8221;28px&#8221; hover_enabled=&#8221;0&#8243; global_colors_info=&#8221;{}&#8221; sticky_enabled=&#8221;0&#8243;]<\/p>\n<h2>PRODUKTY I US\u0141UGI DLA WSZYSTKICH RODZAJ\u00d3W RESTAURACJI<\/h2>\n<p>[\/et_pb_text][\/et_pb_column][\/et_pb_row][et_pb_row column_structure=&#8221;1_2,1_2&#8243; _builder_version=&#8221;4.16&#8243; _module_preset=&#8221;default&#8221; custom_padding=&#8221;0px||20px||false|false&#8221; animation_style=&#8221;fade&#8221; global_colors_info=&#8221;{}&#8221;][et_pb_column type=&#8221;1_2&#8243; _builder_version=&#8221;4.16&#8243; _module_preset=&#8221;default&#8221; global_colors_info=&#8221;{}&#8221;][et_pb_text _builder_version=&#8221;4.16&#8243; _module_preset=&#8221;default&#8221; header_2_font=&#8221;|700|||||||&#8221; header_2_text_align=&#8221;center&#8221; header_2_font_size=&#8221;28px&#8221; global_colors_info=&#8221;{}&#8221;]<\/p>\n<p>Od 1972 roku Grupa GUILLIN opracowuje wyj\u0105tkowe rozwi\u0105zania w zakresie opakowa\u0144 dla gastronomii: tacki, pude\u0142ka, pucharki deserowe, zastawy sto\u0142owe i akcesoria.<\/p>\n<p> W 100% innowacyjne i wytwarzane w spos\u00f3b odpowiedzialny, te standardowe rozwi\u0105zania s\u0105 projektowane i produkowane zgodnie z wytycznymi i wymaganiami ka\u017cdej firmy, niezale\u017cnie od tego, czy chodzi o catering na wynos, serwowanie da\u0144 na miejscu czy w dostawie.<\/p>\n<p>[\/et_pb_text][\/et_pb_column][et_pb_column type=&#8221;1_2&#8243; _builder_version=&#8221;4.16&#8243; _module_preset=&#8221;default&#8221; global_colors_info=&#8221;{}&#8221;][et_pb_text _builder_version=&#8221;4.16&#8243; _module_preset=&#8221;default&#8221; header_2_font=&#8221;|700|||||||&#8221; header_2_text_align=&#8221;center&#8221; header_2_font_size=&#8221;28px&#8221; global_colors_info=&#8221;{}&#8221;]<\/p>\n<p>Niezale\u017cnie od tego, czy s\u0105 one wykonane z PET, PP, kartonu, papieru czy te\u017c s\u0105 rozwi\u0105zaniami hybrydowymi, opakowania te s\u0105 przeznaczone do wszystkich rodzaj\u00f3w zastosowa\u0144, zar\u00f3wno do konsumpcji na ciep\u0142o, jak i na zimno, na miejscu, na wynos lub z dostaw\u0105. S\u0105 r\u00f3wnie\u017c dost\u0119pne od r\u0119ki przez ca\u0142y rok!<\/p>\n<p> Przez prawie 50 lat swojej dzia\u0142alno\u015bci Grupa zbudowa\u0142a solidn\u0105, bezpo\u015bredni\u0105 i po\u015bredni\u0105, wydajn\u0105 i szybko reaguj\u0105c\u0105 sie\u0107, gwarantuj\u0105c\u0105 prawdziwie lokaln\u0105 obs\u0142ug\u0119 klient\u00f3w z bran\u017cy restauracyjnej.<\/p>\n<p>[\/et_pb_text][\/et_pb_column][\/et_pb_row][\/et_pb_section][et_pb_section fb_built=&#8221;1&#8243; _builder_version=&#8221;4.16&#8243; _module_preset=&#8221;default&#8221; background_color=&#8221;#00af66&#8243; custom_padding=&#8221;0px||0px||true|false&#8221; animation_style=&#8221;fade&#8221; hover_transition_duration=&#8221;200ms&#8221; hover_transition_speed_curve=&#8221;ease-in&#8221; global_colors_info=&#8221;{}&#8221;][et_pb_row column_structure=&#8221;1_3,1_3,1_3&#8243; _builder_version=&#8221;4.16&#8243; _module_preset=&#8221;default&#8221; background_enable_color=&#8221;off&#8221; max_width=&#8221;1600px&#8221; custom_padding=&#8221;30px||30px||true|false&#8221; animation_style=&#8221;fade&#8221; global_colors_info=&#8221;{}&#8221;][et_pb_column type=&#8221;1_3&#8243; _builder_version=&#8221;4.16&#8243; _module_preset=&#8221;default&#8221; custom_padding=&#8221;|2%||2%|false|true&#8221; global_colors_info=&#8221;{}&#8221;][et_pb_text _builder_version=&#8221;4.27.0&#8243; _module_preset=&#8221;default&#8221; header_4_font=&#8221;|800|||||||&#8221; header_4_text_align=&#8221;center&#8221; header_4_text_color=&#8221;#ffffff&#8221; header_4_font_size=&#8221;28px&#8221; custom_margin=&#8221;||25px||false|false&#8221; hover_enabled=&#8221;0&#8243; global_colors_info=&#8221;{}&#8221; sticky_enabled=&#8221;0&#8243;]<\/p>\n<h3 style=\"color: white; font-size: 28px; text-align: center;\"><strong>OCHRONA<\/strong><\/h3>\n<p>[\/et_pb_text][et_pb_image src=&#8221;https:\/\/www.groupeguillin.fr\/wp-content\/uploads\/2020\/11\/Protection.png&#8221; title_text=&#8221;OCHRONA&#8221; align=&#8221;center&#8221; _builder_version=&#8221;4.16&#8243; _module_preset=&#8221;default&#8221; width=&#8221;35%&#8221; filter_opacity=&#8221;30%&#8221; animation_style=&#8221;fade&#8221; global_colors_info=&#8221;{}&#8221;][\/et_pb_image][et_pb_text _builder_version=&#8221;4.16&#8243; _module_preset=&#8221;default&#8221; text_text_color=&#8221;#ffffff&#8221; text_orientation=&#8221;center&#8221; custom_margin=&#8221;||25px||false|false&#8221; custom_padding=&#8221;||0px||false|false&#8221; global_colors_info=&#8221;{}&#8221;]Naszym priorytetem jest ochrona \u017cywno\u015bci i ludzi. Nasze opakowania zapewniaj\u0105 bezpiecze\u0144stwo i higien\u0119 ich zawarto\u015bci w obliczu czynnik\u00f3w zewn\u0119trznych: zanieczyszczenia, zimno, ciep\u0142o, \u015bwiat\u0142o, kradzie\u017c&#8230; od momentu produkcji a\u017c do czasu, kiedy trafi\u0105 na st\u00f3\u0142 konsumenta.[\/et_pb_text][et_pb_button button_url=&#8221;https:\/\/www.groupeguillin.fr\/innovation-design\/&#8221; button_text=&#8221;ZOBACZ&#8221; button_alignment=&#8221;center&#8221; _builder_version=&#8221;4.16&#8243; _module_preset=&#8221;default&#8221; custom_button=&#8221;on&#8221; button_text_size=&#8221;15px&#8221; button_text_color=&#8221;#00af66&#8243; button_bg_color=&#8221;#ffffff&#8221; button_border_width=&#8221;0px&#8221; button_border_radius=&#8221;25px&#8221; button_font=&#8221;|600||on|||||&#8221; custom_margin=&#8221;0px||0px||false|false&#8221; custom_padding=&#8221;4px||4px||true|false&#8221; saved_tabs=&#8221;all&#8221; global_colors_info=&#8221;{}&#8221;][\/et_pb_button][\/et_pb_column][et_pb_column type=&#8221;1_3&#8243; _builder_version=&#8221;4.16&#8243; _module_preset=&#8221;default&#8221; custom_padding=&#8221;|2%||2%|false|true&#8221; global_colors_info=&#8221;{}&#8221;][et_pb_text _builder_version=&#8221;4.27.0&#8243; _module_preset=&#8221;default&#8221; header_4_font=&#8221;|800|||||||&#8221; header_4_text_align=&#8221;center&#8221; header_4_text_color=&#8221;#ffffff&#8221; header_4_font_size=&#8221;28px&#8221; custom_margin=&#8221;||25px||false|false&#8221; hover_enabled=&#8221;0&#8243; global_colors_info=&#8221;{}&#8221; sticky_enabled=&#8221;0&#8243;]<\/p>\n<h3 style=\"color: white; font-size: 28px; text-align: center;\"><strong>DOSTAWA<\/strong><\/h3>\n<p>[\/et_pb_text][et_pb_image src=&#8221;https:\/\/www.groupeguillin.fr\/wp-content\/uploads\/2020\/09\/velo.png&#8221; title_text=&#8221;velo&#8221; align=&#8221;center&#8221; _builder_version=&#8221;4.16&#8243; _module_preset=&#8221;default&#8221; width=&#8221;35%&#8221; filter_opacity=&#8221;30%&#8221; animation_style=&#8221;fade&#8221; global_colors_info=&#8221;{}&#8221;][\/et_pb_image][et_pb_text _builder_version=&#8221;4.16&#8243; _module_preset=&#8221;default&#8221; text_text_color=&#8221;#ffffff&#8221; text_orientation=&#8221;center&#8221; custom_margin=&#8221;||41px||false|false&#8221; global_colors_info=&#8221;{}&#8221;]Nasze rozwi\u0105zania s\u0105 zaprojektowane tak, aby sprosta\u0107 wymogom sektora produkt\u00f3w spo\u017cywanych poza domem. Cechy takie jak mo\u017cliwo\u015b\u0107 przechowywania w formie stos\u00f3w czy zamkni\u0119cia sprawiaj\u0105, \u017ce nasze produkty s\u0105 \u0142atwe i bezpieczne w transporcie, dzi\u0119ki czemu nadaj\u0105 si\u0119 do da\u0144 na wynos i w dostawie do domu.[\/et_pb_text][\/et_pb_column][et_pb_column type=&#8221;1_3&#8243; _builder_version=&#8221;4.16&#8243; _module_preset=&#8221;default&#8221; custom_padding=&#8221;|2%||2%|false|true&#8221; global_colors_info=&#8221;{}&#8221;][et_pb_text _builder_version=&#8221;4.27.0&#8243; _module_preset=&#8221;default&#8221; header_4_font=&#8221;|800|||||||&#8221; header_4_text_align=&#8221;center&#8221; header_4_text_color=&#8221;#ffffff&#8221; header_4_font_size=&#8221;28px&#8221; custom_margin=&#8221;||25px||false|false&#8221; hover_enabled=&#8221;0&#8243; global_colors_info=&#8221;{}&#8221; sticky_enabled=&#8221;0&#8243;]<\/p>\n<h3 style=\"color: white; font-size: 28px; text-align: center;\"><strong>\u015aRODOWISKO<\/strong><\/h3>\n<p>[\/et_pb_text][et_pb_image src=&#8221;https:\/\/www.groupeguillin.fr\/wp-content\/uploads\/2020\/11\/environnement.png&#8221; title_text=&#8221;\u015aRODOWISKO&#8221; align=&#8221;center&#8221; _builder_version=&#8221;4.16&#8243; _module_preset=&#8221;default&#8221; width=&#8221;35%&#8221; filter_opacity=&#8221;30%&#8221; animation_style=&#8221;fade&#8221; global_colors_info=&#8221;{}&#8221;][\/et_pb_image][et_pb_text _builder_version=&#8221;4.16&#8243; _module_preset=&#8221;default&#8221; text_text_color=&#8221;#ffffff&#8221; text_orientation=&#8221;center&#8221; custom_margin=&#8221;||25px||false|false&#8221; global_colors_info=&#8221;{}&#8221;]Nasze opakowania nadaj\u0105 si\u0119 do recyklingu, ponownego wykorzystania lub kompostowania.\u00a0 W opakowaniach PET stosujemy minimum 30% rPET. Produkowane przez nas opakowania kartonowe s\u0105 wykonane ekologicznie z materia\u0142\u00f3w pierwotnych.[\/et_pb_text][et_pb_button button_url=&#8221;https:\/\/www.groupeguillin.fr\/environnement\/&#8221; button_text=&#8221;ZOBACZ&#8221; button_alignment=&#8221;center&#8221; _builder_version=&#8221;4.16&#8243; _module_preset=&#8221;default&#8221; custom_button=&#8221;on&#8221; button_text_size=&#8221;15px&#8221; button_text_color=&#8221;#00af66&#8243; button_bg_color=&#8221;#ffffff&#8221; button_border_width=&#8221;0px&#8221; button_border_radius=&#8221;25px&#8221; button_font=&#8221;|600||on|||||&#8221; custom_margin=&#8221;0px||0px||false|false&#8221; custom_padding=&#8221;4px||4px||true|false&#8221; saved_tabs=&#8221;all&#8221; global_colors_info=&#8221;{}&#8221;][\/et_pb_button][\/et_pb_column][\/et_pb_row][\/et_pb_section][et_pb_section fb_built=&#8221;1&#8243; module_class=&#8221;produits-phares&#8221; _builder_version=&#8221;4.16&#8243; _module_preset=&#8221;default&#8221; custom_padding=&#8221;0px||0px||true|false&#8221; animation_style=&#8221;fade&#8221; animation_speed_curve=&#8221;ease-in&#8221; hover_transition_duration=&#8221;200ms&#8221; global_colors_info=&#8221;{}&#8221;][et_pb_row _builder_version=&#8221;4.16&#8243; _module_preset=&#8221;default&#8221; max_width=&#8221;1600px&#8221; custom_padding=&#8221;30px||20px||false|false&#8221; animation_style=&#8221;fade&#8221; global_colors_info=&#8221;{}&#8221;][et_pb_column type=&#8221;4_4&#8243; _builder_version=&#8221;4.16&#8243; _module_preset=&#8221;default&#8221; global_colors_info=&#8221;{}&#8221;][et_pb_text _builder_version=&#8221;4.27.0&#8243; _module_preset=&#8221;default&#8221; text_font=&#8221;|800|||||||&#8221; header_3_font=&#8221;|700|||||||&#8221; header_3_text_align=&#8221;center&#8221; header_3_font_size=&#8221;28px&#8221; module_alignment=&#8221;center&#8221; hover_enabled=&#8221;0&#8243; global_module=&#8221;3230&#8243; global_colors_info=&#8221;{}&#8221; sticky_enabled=&#8221;0&#8243;]<\/p>\n<h2 style=\"text-align: center;\">NASZE AKTUALNE BESTSELLERY<\/h2>\n<p>[\/et_pb_text][\/et_pb_column][\/et_pb_row][et_pb_row column_structure=&#8221;2_5,3_5&#8243; module_class=&#8221;row-produit&#8221; _builder_version=&#8221;4.16&#8243; _module_preset=&#8221;default&#8221; max_width=&#8221;1600px&#8221; custom_padding=&#8221;0px||||false|false&#8221; animation_style=&#8221;fade&#8221; custom_css_main_element=&#8221;align-items: center;&#8221; global_colors_info=&#8221;{}&#8221;][et_pb_column type=&#8221;2_5&#8243; _builder_version=&#8221;4.16&#8243; _module_preset=&#8221;default&#8221; background_enable_image=&#8221;off&#8221; custom_css_main_element=&#8221;margin: auto;&#8221; border_radii=&#8221;on|25px|25px|25px|25px&#8221; global_colors_info=&#8221;{}&#8221;][et_pb_image src=&#8221;https:\/\/www.groupeguillin.fr\/wp-content\/uploads\/2020\/11\/Salade-Food-K-72-dpi-4-1024&#215;683.jpg&#8221; title_text=&#8221;Salade Food K 72 dpi-4&#8243; _builder_version=&#8221;4.16&#8243; _module_preset=&#8221;default&#8221; module_alignment=&#8221;center&#8221; custom_margin=&#8221;-40px||-40px||false|false&#8221; custom_padding=&#8221;0px||||false|false&#8221; border_radii=&#8221;on|25px|25px|25px|25px&#8221; global_colors_info=&#8221;{}&#8221;][\/et_pb_image][\/et_pb_column][et_pb_column type=&#8221;3_5&#8243; _builder_version=&#8221;4.16&#8243; _module_preset=&#8221;default&#8221; global_colors_info=&#8221;{}&#8221;][et_pb_cta title=&#8221;Tacka zgrzewalna FOOD K&#8221; button_url=&#8221;https:\/\/youtu.be\/p75viRFUMlg&#8221; url_new_window=&#8221;on&#8221; button_text=&#8221;Demo&#8221; module_class=&#8221;description&#8221; _builder_version=&#8221;4.27.0&#8243; _module_preset=&#8221;default&#8221; header_font=&#8221;|600|||||||&#8221; header_text_align=&#8221;left&#8221; header_text_color=&#8221;#00af66&#8243; header_font_size=&#8221;22px&#8221; body_text_align=&#8221;left&#8221; body_text_color=&#8221;#000000&#8243; background_enable_color=&#8221;off&#8221; custom_button=&#8221;on&#8221; button_text_size=&#8221;16px&#8221; button_text_color=&#8221;#ffffff&#8221; button_bg_color=&#8221;#00af66&#8243; button_border_width=&#8221;0px&#8221; button_border_color=&#8221;#DE6664&#8243; button_border_radius=&#8221;25px&#8221; button_font=&#8221;|700||on|||||&#8221; button_custom_margin=&#8221;||||false|true&#8221; button_custom_padding=&#8221;|30px||30px|false|true&#8221; custom_margin=&#8221;||0px||false|false&#8221; custom_padding=&#8221;||0px||false|false&#8221; hover_enabled=&#8221;0&#8243; custom_css_promo_button=&#8221;position:relative;||float:right;||right:0;||top:-70px;&#8221; global_colors_info=&#8221;{}&#8221; header_level=&#8221;h3&#8243; custom_css_free_form=&#8221;selector h3 {||  text-transform: unset !important;||}&#8221; sticky_enabled=&#8221;0&#8243;]<\/p>\n<p><strong>FOOD K<\/strong> to projekt, kt\u00f3ry \u0142\u0105czy w sobie technologi\u0119, ekologi\u0119 i marketing. Ta ekologicznie zaprojektowana zgrzewalna tacka jest w 100% personalizowanym i nadaj\u0105cym si\u0119 do recyklingu rozwi\u0105zaniem. Idealny do produkt\u00f3w na ciep\u0142o, pojemnik z czystego kartonu mo\u017ce by\u0107 odgrzewany w kuchence mikrofalowej i tradycyjnym piekarniku.<\/p>\n<p><span style=\"font-size: 14px;\">\u00a0<img decoding=\"async\" class=\"wp-image-5389 alignnone size-full\" src=\"https:\/\/www.groupeguillin.fr\/wp-content\/uploads\/2020\/09\/four.png\" alt=\"\" width=\"75\" height=\"75\" \/> <img decoding=\"async\" class=\"wp-image-5374 alignnone size-full\" src=\"https:\/\/www.groupeguillin.fr\/wp-content\/uploads\/2020\/09\/altereco.png\" alt=\"\" width=\"75\" height=\"75\" \/> <img decoding=\"async\" class=\"wp-image-5419 alignnone size-full\" src=\"https:\/\/www.groupeguillin.fr\/wp-content\/uploads\/2020\/09\/recyclage.png\" alt=\"\" width=\"75\" height=\"75\" \/><\/span><span style=\"font-size: 14px;\">\u00a0<\/span><\/p>\n<p>[\/et_pb_cta][\/et_pb_column][\/et_pb_row][et_pb_row column_structure=&#8221;2_5,3_5&#8243; module_class=&#8221;row-produit&#8221; _builder_version=&#8221;4.16&#8243; _module_preset=&#8221;default&#8221; max_width=&#8221;1600px&#8221; custom_margin=&#8221;0px||||false|false&#8221; custom_padding=&#8221;0px||||false|false&#8221; animation_style=&#8221;fade&#8221; custom_css_main_element=&#8221;align-items: center;&#8221; global_colors_info=&#8221;{}&#8221;][et_pb_column type=&#8221;2_5&#8243; _builder_version=&#8221;4.16&#8243; _module_preset=&#8221;default&#8221; background_enable_image=&#8221;off&#8221; custom_css_main_element=&#8221;margin: auto;&#8221; border_radii=&#8221;on|25px|25px|25px|25px&#8221; global_colors_info=&#8221;{}&#8221;][et_pb_image src=&#8221;https:\/\/www.groupeguillin.fr\/wp-content\/uploads\/2020\/11\/salade-luxifood-72-dpi-11-scaled.jpg&#8221; title_text=&#8221;salade luxifood 72 dpi-11&#8243; _builder_version=&#8221;4.16&#8243; _module_preset=&#8221;default&#8221; custom_margin=&#8221;-40px||-40px||false|false&#8221; border_radii=&#8221;on|25px|25px|25px|25px&#8221; global_colors_info=&#8221;{}&#8221;][\/et_pb_image][\/et_pb_column][et_pb_column type=&#8221;3_5&#8243; _builder_version=&#8221;4.16&#8243; _module_preset=&#8221;default&#8221; global_colors_info=&#8221;{}&#8221;][et_pb_cta title=&#8221;Pojemnik na wyroby cateringowe LUXIFOOD&#8221; button_url=&#8221;https:\/\/youtu.be\/rRWW_pInULg&#8221; url_new_window=&#8221;on&#8221; button_text=&#8221;Demo&#8221; module_class=&#8221;description&#8221; _builder_version=&#8221;4.27.0&#8243; _module_preset=&#8221;default&#8221; header_font=&#8221;|600|||||||&#8221; header_text_align=&#8221;left&#8221; header_text_color=&#8221;#00af66&#8243; header_font_size=&#8221;22px&#8221; body_text_align=&#8221;left&#8221; body_text_color=&#8221;#000000&#8243; background_enable_color=&#8221;off&#8221; custom_button=&#8221;on&#8221; button_text_size=&#8221;16px&#8221; button_text_color=&#8221;#ffffff&#8221; button_bg_color=&#8221;#00af66&#8243; button_border_width=&#8221;0px&#8221; button_border_color=&#8221;#DE6664&#8243; button_border_radius=&#8221;25px&#8221; button_font=&#8221;|700||on|||||&#8221; button_custom_margin=&#8221;||||false|true&#8221; button_custom_padding=&#8221;|30px||30px|false|true&#8221; custom_margin=&#8221;||0px||false|false&#8221; custom_padding=&#8221;||0px||false|false&#8221; hover_enabled=&#8221;0&#8243; custom_css_promo_button=&#8221;position:relative;||float:right;||right:0;||top:-70px;&#8221; global_colors_info=&#8221;{}&#8221; header_level=&#8221;h3&#8243; custom_css_free_form=&#8221;selector h3 {||  text-transform: unset !important;||}&#8221; sticky_enabled=&#8221;0&#8243;]<\/p>\n<p><strong>LUXIFOOD<\/strong> jest produkowanym w spos\u00f3b odpowiedzialny, hybrydowym rozwi\u0105zaniem do przek\u0105sek na wynos. Przezroczysta pokrywa z tworzywa rPET sprawia, \u017ce produkt jest pi\u0119knie wyeksponowany, a dolna cz\u0119\u015b\u0107 z czystej tektury wykonanej z pierwotnej masy mo\u017ce by\u0107 podgrzewana w mikrofal\u00f3wce i personalizowana. Jego bezpieczne zamkni\u0119cie zapewnia najlepsz\u0105 ochron\u0119 \u017cywno\u015bci.<\/p>\n<p><span style=\"font-size: 14px;\">\u00a0<\/span><span style=\"font-size: 14px;\">\u00a0<img decoding=\"async\" class=\"wp-image-2735 alignnone size-thumbnail\" src=\"https:\/\/www.groupeguillin.fr\/wp-content\/uploads\/2020\/11\/plates-stack_icon-icons.com_74341-150x150.png\" alt=\"\" width=\"150\" height=\"150\" \/>\u00a0<img decoding=\"async\" class=\"wp-image-5374 alignnone size-full\" src=\"https:\/\/www.groupeguillin.fr\/wp-content\/uploads\/2020\/09\/altereco.png\" alt=\"\" width=\"75\" height=\"75\" \/> <img decoding=\"async\" class=\"wp-image-5419 alignnone size-full\" src=\"https:\/\/www.groupeguillin.fr\/wp-content\/uploads\/2020\/09\/recyclage.png\" alt=\"\" width=\"75\" height=\"75\" \/><\/span><\/p>\n<p>[\/et_pb_cta][\/et_pb_column][\/et_pb_row][et_pb_row column_structure=&#8221;2_5,3_5&#8243; module_class=&#8221;row-produit&#8221; _builder_version=&#8221;4.16&#8243; _module_preset=&#8221;default&#8221; max_width=&#8221;1600px&#8221; custom_margin=&#8221;0px||||false|false&#8221; custom_padding=&#8221;0px||||false|false&#8221; animation_style=&#8221;fade&#8221; custom_css_main_element=&#8221;align-items: center;&#8221; global_colors_info=&#8221;{}&#8221;][et_pb_column type=&#8221;2_5&#8243; _builder_version=&#8221;4.16&#8243; _module_preset=&#8221;default&#8221; background_enable_image=&#8221;off&#8221; custom_css_main_element=&#8221;margin: auto;&#8221; border_radii=&#8221;on|25px|25px|25px|25px&#8221; global_colors_info=&#8221;{}&#8221;][et_pb_image src=&#8221;https:\/\/www.groupeguillin.fr\/wp-content\/uploads\/2020\/11\/deliverypack-72-dpi-4-1-1024&#215;683.jpg&#8221; title_text=&#8221;deliverypack 72 dpi-4&#8243; _builder_version=&#8221;4.16&#8243; _module_preset=&#8221;default&#8221; custom_margin=&#8221;-40px||-40px||false|false&#8221; border_radii=&#8221;on|25px|25px|25px|25px&#8221; global_colors_info=&#8221;{}&#8221;][\/et_pb_image][\/et_pb_column][et_pb_column type=&#8221;3_5&#8243; _builder_version=&#8221;4.16&#8243; _module_preset=&#8221;default&#8221; global_colors_info=&#8221;{}&#8221;][et_pb_cta title=&#8221;Tacka DELIVERIPACK na dania gotowe&#8221; button_url=&#8221;https:\/\/youtu.be\/dc-zJUUKnmM&#8221; url_new_window=&#8221;on&#8221; button_text=&#8221;Demo&#8221; module_class=&#8221;description&#8221; _builder_version=&#8221;4.27.0&#8243; _module_preset=&#8221;default&#8221; header_font=&#8221;|600|||||||&#8221; header_text_align=&#8221;left&#8221; header_text_color=&#8221;#00af66&#8243; header_font_size=&#8221;22px&#8221; body_text_align=&#8221;left&#8221; body_text_color=&#8221;#000000&#8243; background_enable_color=&#8221;off&#8221; custom_button=&#8221;on&#8221; button_text_size=&#8221;16px&#8221; button_text_color=&#8221;#ffffff&#8221; button_bg_color=&#8221;#00af66&#8243; button_border_width=&#8221;0px&#8221; button_border_color=&#8221;#DE6664&#8243; button_border_radius=&#8221;25px&#8221; button_font=&#8221;|700||on|||||&#8221; button_custom_margin=&#8221;||||false|true&#8221; button_custom_padding=&#8221;|30px||30px|false|true&#8221; custom_margin=&#8221;||0px||false|false&#8221; custom_padding=&#8221;||0px||false|false&#8221; hover_enabled=&#8221;0&#8243; custom_css_promo_button=&#8221;position:relative;||float:right;||right:0;||top:-70px;&#8221; global_colors_info=&#8221;{}&#8221; header_level=&#8221;h3&#8243; custom_css_free_form=&#8221;selector h3 {||  text-transform: unset !important;||}&#8221; sticky_enabled=&#8221;0&#8243;]<\/p>\n<p>Rozwi\u0105zanie dostosowane do transportu oraz dostawy gotowych potraw, DELIVERIPACK to tacka wielokrotnego u\u017cytku do da\u0144 na ciep\u0142o i na zimno. Mo\u017cliwo\u015b\u0107 przechowywania w formie stos\u00f3w i odporno\u015b\u0107 na odkszta\u0142cenia sprawiaj\u0105, \u017ce jest to idealne opakowanie do da\u0144 w dostawie. Oddzielna pokrywka odporna na zaparowanie jest ca\u0142kowicie wodoodporna i umo\u017cliwia \u0142atwe otwieranie za pomoc\u0105 zatrzasku.<br \/><img decoding=\"async\" class=\"wp-image-5399 alignnone size-full\" src=\"https:\/\/www.groupeguillin.fr\/wp-content\/uploads\/2020\/09\/microondes.png\" alt=\"\" width=\"75\" height=\"75\" \/> <img decoding=\"async\" class=\"wp-image-5384 alignnone size-full\" src=\"https:\/\/www.groupeguillin.fr\/wp-content\/uploads\/2020\/09\/empil.png\" alt=\"\" width=\"75\" height=\"75\" \/> <img decoding=\"async\" class=\"wp-image-2734 alignnone size-thumbnail\" src=\"https:\/\/www.groupeguillin.fr\/wp-content\/uploads\/2020\/11\/labelRE-USE-noir-150x150.png\" alt=\"\" width=\"150\" height=\"150\" \/>\u00a0<a href=\"https:\/\/youtu.be\/xpsHw55V_XM\" target=\"_blank\" rel=\"noopener noreferrer\"><img decoding=\"async\" class=\"wp-image-5419 alignnone size-full\" src=\"https:\/\/www.groupeguillin.fr\/wp-content\/uploads\/2020\/09\/recyclage.png\" alt=\"\" width=\"75\" height=\"75\" \/><\/a><span style=\"font-size: 14px;\">\u00a0<\/span><\/p>\n<p>[\/et_pb_cta][\/et_pb_column][\/et_pb_row][\/et_pb_section][et_pb_section fb_built=&#8221;1&#8243; module_class=&#8221;toutes-offres&#8221; _builder_version=&#8221;4.16&#8243; _module_preset=&#8221;default&#8221; background_color=&#8221;#ededed&#8221; custom_padding=&#8221;0px||0px||true|false&#8221; global_colors_info=&#8221;{}&#8221;][et_pb_row _builder_version=&#8221;4.16&#8243; _module_preset=&#8221;default&#8221; max_width=&#8221;1600px&#8221; custom_padding=&#8221;30px||20px||false|false&#8221; animation_style=&#8221;fade&#8221; global_colors_info=&#8221;{}&#8221;][et_pb_column type=&#8221;4_4&#8243; _builder_version=&#8221;4.16&#8243; _module_preset=&#8221;default&#8221; global_colors_info=&#8221;{}&#8221;][et_pb_text ul_position=&#8221;inside&#8221; _builder_version=&#8221;4.27.0&#8243; _module_preset=&#8221;default&#8221; text_font=&#8221;|800|||||||&#8221; ul_font_size=&#8221;16px&#8221; header_3_font=&#8221;|700|||||||&#8221; header_3_text_align=&#8221;center&#8221; header_3_font_size=&#8221;28px&#8221; header_4_text_color=&#8221;#00af66&#8243; header_4_font_size=&#8221;22px&#8221; module_alignment=&#8221;center&#8221; custom_margin=&#8221;15px||-3px||false|false&#8221; custom_padding=&#8221;||27px||false|false&#8221; hover_enabled=&#8221;0&#8243; global_colors_info=&#8221;{}&#8221; sticky_enabled=&#8221;0&#8243;]<\/p>\n<h2 style=\"text-align: center;\"><strong>WSZYSTKIE NASZE ROZWI\u0104ZANIA<\/strong><\/h2>\n<p>[\/et_pb_text][et_pb_text ul_position=&#8221;inside&#8221; _builder_version=&#8221;4.16&#8243; _module_preset=&#8221;default&#8221; ul_font_size=&#8221;16px&#8221; header_4_text_color=&#8221;#00af66&#8243; header_4_font_size=&#8221;22px&#8221; custom_margin=&#8221;15px||20px||false|false&#8221; custom_padding=&#8221;||0px|||&#8221; global_colors_info=&#8221;{}&#8221;]Plastikowe, kartonowe lub hybrydowe pojemniki na przek\u0105ski, na wynos dla ka\u017cdego. Pokebowl do da\u0144 spo\u017cywanych w podr\u00f3\u017cy, gwarantuj\u0105cy dobr\u0105 widoczno\u015b\u0107 zawarto\u015bci pude\u0142ka. Tacka i pojemnik nadaj\u0105cy si\u0119 do mikrofal\u00f3wki do stosowania do da\u0144 na ciep\u0142o. Szeroki wyb\u00f3r pojemnik\u00f3w na desery.[\/et_pb_text][et_pb_number_counter title=&#8221; pozycji W MAGAZYNIE&#8221; number=&#8221;5000&#8243; percent_sign=&#8221;off&#8221; module_class=&#8221;toutes-offres-nombre&#8221; _builder_version=&#8221;4.16&#8243; _module_preset=&#8221;default&#8221; title_font=&#8221;|600|||||||&#8221; title_text_color=&#8221;#00af66&#8243; title_font_size=&#8221;16px&#8221; number_font=&#8221;|700|||||||&#8221; number_text_color=&#8221;#00af66&#8243; custom_css_before=&#8221;content:%22+%22;||font-size:32px;||font-weight:bold;||color:#FE8486;||position:absolute;||left:42%;||top:25px||&#8221; global_colors_info=&#8221;{}&#8221;][\/et_pb_number_counter][\/et_pb_column][\/et_pb_row][et_pb_row column_structure=&#8221;1_3,1_3,1_3&#8243; _builder_version=&#8221;4.16&#8243; _module_preset=&#8221;default&#8221; custom_margin=&#8221;0px||||false|false&#8221; custom_padding=&#8221;0px||||false|false&#8221; global_colors_info=&#8221;{}&#8221;][et_pb_column type=&#8221;1_3&#8243; _builder_version=&#8221;4.16&#8243; _module_preset=&#8221;default&#8221; global_colors_info=&#8221;{}&#8221;][et_pb_image src=&#8221;https:\/\/www.groupeguillin.fr\/wp-content\/uploads\/2020\/11\/Restauration-a\u0300-emporter-1024&#215;683.jpg&#8221; title_text=&#8221;DANIA NA WYNOS&#8221; _builder_version=&#8221;4.16&#8243; _module_preset=&#8221;default&#8221; custom_margin=&#8221;||5px||false|false&#8221; border_radii=&#8221;on|25px|25px|25px|25px&#8221; global_colors_info=&#8221;{}&#8221;][\/et_pb_image][et_pb_text ul_position=&#8221;inside&#8221; _builder_version=&#8221;4.27.0&#8243; _module_preset=&#8221;default&#8221; text_line_height=&#8221;1.4em&#8221; ul_font_size=&#8221;16px&#8221; header_4_text_color=&#8221;#00af66&#8243; header_4_font_size=&#8221;22px&#8221; custom_margin=&#8221;15px||||false|false&#8221; hover_enabled=&#8221;0&#8243; global_colors_info=&#8221;{}&#8221; header_3_text_color=&#8221;#00af66&#8243; sticky_enabled=&#8221;0&#8243;]<\/p>\n<h3><strong>DANIA NA WYNOS<\/strong><\/h3>\n<ul>\n<li>Pojemniki z oddzieln\u0105 pokrywk\u0105<\/li>\n<li>Pojemnik z zespolon\u0105 pokrywk\u0105<\/li>\n<li>Okr\u0105g\u0142e pojemniki z oddzieln\u0105 pokrywk\u0105<\/li>\n<\/ul>\n<p>[\/et_pb_text][\/et_pb_column][et_pb_column type=&#8221;1_3&#8243; _builder_version=&#8221;4.16&#8243; _module_preset=&#8221;default&#8221; global_colors_info=&#8221;{}&#8221;][et_pb_image src=&#8221;https:\/\/www.groupeguillin.fr\/wp-content\/uploads\/2020\/09\/Restauration-assise-1024&#215;683.jpg&#8221; title_text=&#8221;SERWOWANIE POSI\u0141K\u00d3W SPO\u017bYWANYCH NA MIEJSCU&#8221; _builder_version=&#8221;4.16&#8243; _module_preset=&#8221;default&#8221; custom_margin=&#8221;||5px||false|false&#8221; border_radii=&#8221;on|25px|25px|25px|25px&#8221; global_colors_info=&#8221;{}&#8221;][\/et_pb_image][et_pb_text ul_position=&#8221;inside&#8221; _builder_version=&#8221;4.27.0&#8243; _module_preset=&#8221;default&#8221; text_line_height=&#8221;1.4em&#8221; ul_font_size=&#8221;16px&#8221; header_4_text_color=&#8221;#00af66&#8243; header_4_font_size=&#8221;22px&#8221; custom_margin=&#8221;15px||||false|false&#8221; hover_enabled=&#8221;0&#8243; global_colors_info=&#8221;{}&#8221; header_3_text_color=&#8221;#00af66&#8243; sticky_enabled=&#8221;0&#8243;]<\/p>\n<h3><strong>SERWOWANIE POSI\u0141K\u00d3W SPO\u017bYWANYCH NA MIEJSCU<\/strong><\/h3>\n<ul>\n<li>Puchary, szklanki, kieliszki, kubki<\/li>\n<li>Sztu\u0107ce<\/li>\n<li>Talerze<\/li>\n<li>Naczynia do prezentacji da\u0144<\/li>\n<li>Okr\u0105g\u0142e pojemniki z pokrywk\u0105<\/li>\n<li>Pojemniki z oddzieln\u0105 pokrywk\u0105<\/li>\n<li>Tacki<\/li>\n<\/ul>\n<p>[\/et_pb_text][\/et_pb_column][et_pb_column type=&#8221;1_3&#8243; _builder_version=&#8221;4.16&#8243; _module_preset=&#8221;default&#8221; global_colors_info=&#8221;{}&#8221;][et_pb_image src=&#8221;https:\/\/www.groupeguillin.fr\/wp-content\/uploads\/2020\/11\/Restauration-livre\u0301e-1024&#215;683.jpg&#8221; title_text=&#8221;CATERING NA DOW\u00d3Z&#8221; _builder_version=&#8221;4.16&#8243; _module_preset=&#8221;default&#8221; custom_margin=&#8221;||5px||false|false&#8221; border_radii=&#8221;on|25px|25px|25px|25px&#8221; global_colors_info=&#8221;{}&#8221;][\/et_pb_image][et_pb_text ul_position=&#8221;inside&#8221; _builder_version=&#8221;4.27.0&#8243; _module_preset=&#8221;default&#8221; text_line_height=&#8221;1.4em&#8221; ul_font_size=&#8221;16px&#8221; header_4_text_color=&#8221;#00af66&#8243; header_4_font_size=&#8221;22px&#8221; custom_margin=&#8221;15px||||false|false&#8221; hover_enabled=&#8221;0&#8243; global_colors_info=&#8221;{}&#8221; header_3_text_color=&#8221;#00af66&#8243; sticky_enabled=&#8221;0&#8243;]<\/p>\n<h3><strong>CATERING NA DOW\u00d3Z<\/strong><\/h3>\n<ul>\n<li>Okr\u0105g\u0142e pojemniki z oddzieln\u0105 pokrywk\u0105<\/li>\n<li>Pojemniki z zespolon\u0105 pokrywk\u0105<\/li>\n<li>Pojemnikiz oddzieln\u0105 pokrywk\u0105<\/li>\n<li>Zgrzewalne tacki<\/li>\n<li>Tacki na posi\u0142ki<\/li>\n<\/ul>\n<p>[\/et_pb_text][\/et_pb_column][\/et_pb_row][et_pb_row _builder_version=&#8221;4.16&#8243; _module_preset=&#8221;default&#8221; custom_margin=&#8221;0px||||false|false&#8221; custom_padding=&#8221;0px||||false|false&#8221; animation_style=&#8221;fade&#8221; global_colors_info=&#8221;{}&#8221;][et_pb_column type=&#8221;4_4&#8243; _builder_version=&#8221;4.16&#8243; _module_preset=&#8221;default&#8221; global_colors_info=&#8221;{}&#8221;][et_pb_button button_url=&#8221;mailto:foodservice-comm@groupeguillin.com&#8221; button_text=&#8221;KONTAKT&#8221; button_alignment=&#8221;center&#8221; _builder_version=&#8221;4.16&#8243; _module_preset=&#8221;default&#8221; custom_button=&#8221;on&#8221; button_text_size=&#8221;15px&#8221; button_text_color=&#8221;#ffffff&#8221; button_bg_color=&#8221;#00af66&#8243; button_border_width=&#8221;0px&#8221; button_border_radius=&#8221;25px&#8221; button_font=&#8221;|600||on|||||&#8221; custom_margin=&#8221;0px||0px||false|false&#8221; custom_padding=&#8221;4px||4px||false|false&#8221; global_colors_info=&#8221;{}&#8221;][\/et_pb_button][\/et_pb_column][\/et_pb_row][\/et_pb_section][et_pb_section fb_built=&#8221;1&#8243; _builder_version=&#8221;4.16&#8243; _module_preset=&#8221;default&#8221; custom_padding=&#8221;0px||0px||true|false&#8221; locked=&#8221;off&#8221; global_colors_info=&#8221;{}&#8221;][et_pb_row _builder_version=&#8221;4.16&#8243; _module_preset=&#8221;default&#8221; custom_padding=&#8221;30px||20px||false|false&#8221; animation_style=&#8221;fade&#8221; global_colors_info=&#8221;{}&#8221;][et_pb_column type=&#8221;4_4&#8243; _builder_version=&#8221;4.16&#8243; _module_preset=&#8221;default&#8221; global_colors_info=&#8221;{}&#8221;][et_pb_text _builder_version=&#8221;4.27.0&#8243; _module_preset=&#8221;default&#8221; text_font=&#8221;|800|||||||&#8221; header_3_font=&#8221;|700|||||||&#8221; header_3_text_align=&#8221;center&#8221; header_3_font_size=&#8221;28px&#8221; module_alignment=&#8221;center&#8221; custom_margin=&#8221;||0px||false|false&#8221; custom_padding=&#8221;||0px||false|false&#8221; hover_enabled=&#8221;0&#8243; global_colors_info=&#8221;{}&#8221; sticky_enabled=&#8221;0&#8243;]<\/p>\n<h2 style=\"text-align: center;\"><strong>WYPOWIEDZI O NAS<\/strong><\/h2>\n<p>[\/et_pb_text][\/et_pb_column][\/et_pb_row][et_pb_row column_structure=&#8221;1_2,1_2&#8243; _builder_version=&#8221;4.16&#8243; _module_preset=&#8221;default&#8221; custom_padding=&#8221;3px|||||&#8221; animation_style=&#8221;fade&#8221; global_colors_info=&#8221;{}&#8221;][et_pb_column type=&#8221;1_2&#8243; _builder_version=&#8221;4.16&#8243; _module_preset=&#8221;default&#8221; global_colors_info=&#8221;{}&#8221;][et_pb_testimonial author=&#8221;BRUNO CUCCIN&#8221; job_title=&#8221;Boucherie des Collines, Biguglia, Francja&#8221; portrait_url=&#8221;data:image\/svg+xml;base64,PHN2ZyB3aWR0aD0iNTAwIiBoZWlnaHQ9IjUwMCIgdmlld0JveD0iMCAwIDUwMCA1MDAiIHhtbG5zPSJodHRwOi8vd3d3LnczLm9yZy8yMDAwL3N2ZyI+CiAgICA8ZyBmaWxsPSJub25lIiBmaWxsLXJ1bGU9ImV2ZW5vZGQiPgogICAgICAgIDxwYXRoIGZpbGw9IiNFQkVCRUIiIGQ9Ik0wIDBoNTAwdjUwMEgweiIvPgogICAgICAgIDxyZWN0IGZpbGwtb3BhY2l0eT0iLjEiIGZpbGw9IiMwMDAiIHg9IjY4IiB5PSIzMDUiIHdpZHRoPSIzNjQiIGhlaWdodD0iNTY4IiByeD0iMTgyIi8+CiAgICAgICAgPGNpcmNsZSBmaWxsLW9wYWNpdHk9Ii4xIiBmaWxsPSIjMDAwIiBjeD0iMjQ5IiBjeT0iMTcyIiByPSIxMDAiLz4KICAgIDwvZz4KPC9zdmc+Cg==&#8221; quote_icon_color=&#8221;#ffffff&#8221; quote_icon_background_color=&#8221;#00af66&#8243; portrait_width=&#8221;1px&#8221; portrait_height=&#8221;1px&#8221; use_icon_font_size=&#8221;on&#8221; icon_font_size=&#8221;60px&#8221; module_class=&#8221;temoignage-no-photo&#8221; _builder_version=&#8221;4.16&#8243; _module_preset=&#8221;default&#8221; body_font=&#8221;||||||||&#8221; body_text_align=&#8221;justify&#8221; author_text_color=&#8221;#00af66&#8243; author_font_size=&#8221;20px&#8221; position_font=&#8221;||||||||&#8221; position_text_color=&#8221;#00af66&#8243; background_color=&#8221;#ffffff&#8221; width=&#8221;80%&#8221; module_alignment=&#8221;center&#8221; custom_margin=&#8221;|||0px|false|false&#8221; custom_padding=&#8221;||0px|0px|false|false&#8221; global_colors_info=&#8221;{}&#8221;]Tacka FOOD K jest dla mnie idealna. Mo\u017cliwo\u015b\u0107 personalizacji tacek produkowanych w spos\u00f3b ekologiczny i odpowiedzialny w zam\u00f3wieniu ju\u017c od 5000 sztuk to prawdziwa rewolucja &#8211; mog\u0119 mie\u0107 w\u0142asn\u0105, unikaln\u0105 tack\u0119!<\/p>\n<p>U\u017cywam jej do da\u0144 dnia i posi\u0142k\u00f3w na wynos: nic nie przecieka w torbach klient\u00f3w, nie martwi\u0119 si\u0119 o jako\u015b\u0107, a rozmiar i format pasuj\u0105 mi idealnie.[\/et_pb_testimonial][\/et_pb_column][et_pb_column type=&#8221;1_2&#8243; _builder_version=&#8221;4.16&#8243; _module_preset=&#8221;default&#8221; global_colors_info=&#8221;{}&#8221;][et_pb_testimonial author=&#8221;FRED\u00c9RIC BENSOUSSAN&#8221; job_title=&#8221;PMB, dystrybutor opakowa\u0144, Marsylia, Francja&#8221; portrait_url=&#8221;data:image\/svg+xml;base64,PHN2ZyB3aWR0aD0iNTAwIiBoZWlnaHQ9IjUwMCIgdmlld0JveD0iMCAwIDUwMCA1MDAiIHhtbG5zPSJodHRwOi8vd3d3LnczLm9yZy8yMDAwL3N2ZyI+CiAgICA8ZyBmaWxsPSJub25lIiBmaWxsLXJ1bGU9ImV2ZW5vZGQiPgogICAgICAgIDxwYXRoIGZpbGw9IiNFQkVCRUIiIGQ9Ik0wIDBoNTAwdjUwMEgweiIvPgogICAgICAgIDxyZWN0IGZpbGwtb3BhY2l0eT0iLjEiIGZpbGw9IiMwMDAiIHg9IjY4IiB5PSIzMDUiIHdpZHRoPSIzNjQiIGhlaWdodD0iNTY4IiByeD0iMTgyIi8+CiAgICAgICAgPGNpcmNsZSBmaWxsLW9wYWNpdHk9Ii4xIiBmaWxsPSIjMDAwIiBjeD0iMjQ5IiBjeT0iMTcyIiByPSIxMDAiLz4KICAgIDwvZz4KPC9zdmc+Cg==&#8221; quote_icon_color=&#8221;#ffffff&#8221; quote_icon_background_color=&#8221;#00af66&#8243; portrait_width=&#8221;1px&#8221; portrait_height=&#8221;1px&#8221; use_icon_font_size=&#8221;on&#8221; icon_font_size=&#8221;60px&#8221; module_class=&#8221;temoignage-no-photo&#8221; _builder_version=&#8221;4.16&#8243; _module_preset=&#8221;default&#8221; body_font=&#8221;||||||||&#8221; body_text_align=&#8221;justify&#8221; author_text_color=&#8221;#00af66&#8243; author_font_size=&#8221;20px&#8221; position_font=&#8221;||||||||&#8221; position_text_color=&#8221;#00af66&#8243; background_color=&#8221;#ffffff&#8221; width=&#8221;80%&#8221; module_alignment=&#8221;center&#8221; custom_margin=&#8221;|||0px|false|false&#8221; custom_padding=&#8221;||0px|0px|false|false&#8221; global_colors_info=&#8221;{}&#8221;]DELIVERIPACK to innowacja w dziedzinie pojemnik\u00f3w na dania ciep\u0142e, kt\u00f3ra pojawi\u0142a si\u0119 na rynku w sam\u0105 por\u0119. Wraz ze wzrostem popularno\u015bci da\u0144 na wynos i w dostawie, na rynku pojawi\u0142a si\u0119 potrzeba w\u0142a\u015bnie takiego rozwi\u0105zania.<\/p>\n<p>Jego zdecydowane atuty to dostosowane formaty, szczelne zamkni\u0119cie i mo\u017cliwo\u015b\u0107 uk\u0142adania pojemnik\u00f3w w stosy. Ponadto idealnie pasuje do torebek z papieru kraftowego.[\/et_pb_testimonial][\/et_pb_column][\/et_pb_row][\/et_pb_section]<\/p>\n","protected":false},"excerpt":{"rendered":"<p>LUXIFOOD Hybrydowe pojemniki do da\u0144 gotowych, wykonane z kartonu i tworzywa sztucznego, w nadaj\u0105ce si\u0119 do recyklingu Nadaje si\u0119 do sprzeda\u017cy da\u0144 na wynosPRODUKTY I US\u0141UGI DLA WSZYSTKICH RODZAJ\u00d3W RESTAURACJIOd 1972 roku Grupa GUILLIN opracowuje wyj\u0105tkowe rozwi\u0105zania w zakresie opakowa\u0144 dla gastronomii: tacki, pude\u0142ka, pucharki deserowe, zastawy sto\u0142owe i akcesoria. W 100% innowacyjne i wytwarzane [&hellip;]<\/p>\n","protected":false},"author":1,"featured_media":0,"parent":0,"menu_order":0,"comment_status":"closed","ping_status":"closed","template":"","meta":{"_acf_changed":false,"_et_pb_use_builder":"on","_et_pb_old_content":"","_et_gb_content_width":"","footnotes":""},"class_list":["post-10198","page","type-page","status-publish","hentry"],"acf":[],"yoast_head":"<!-- This site is optimized with the Yoast SEO plugin v27.5 - https:\/\/yoast.com\/product\/yoast-seo-wordpress\/ -->\n<title>GASTRONOMIA KOMERCYJNA - Groupe GUILLIN<\/title>\n<meta name=\"description\" content=\"Le Groupe GUILLIN est le r\u00e9f\u00e9rent europ\u00e9en de l&#039;emballage plastique alimentaire\" \/>\n<meta name=\"robots\" content=\"index, follow, max-snippet:-1, max-image-preview:large, max-video-preview:-1\" \/>\n<link rel=\"canonical\" href=\"https:\/\/www.groupeguillin.fr\/pl\/gastronomia-komercyjna\/\" \/>\n<meta property=\"og:locale\" content=\"pl_PL\" \/>\n<meta property=\"og:type\" content=\"article\" \/>\n<meta property=\"og:title\" content=\"GASTRONOMIA KOMERCYJNA - Groupe GUILLIN\" \/>\n<meta property=\"og:description\" content=\"Le Groupe GUILLIN est le r\u00e9f\u00e9rent europ\u00e9en de l&#039;emballage plastique alimentaire\" \/>\n<meta property=\"og:url\" content=\"https:\/\/www.groupeguillin.fr\/pl\/gastronomia-komercyjna\/\" \/>\n<meta property=\"og:site_name\" content=\"Groupe GUILLIN\" \/>\n<meta property=\"article:modified_time\" content=\"2024-10-02T13:46:40+00:00\" \/>\n<meta property=\"og:image\" content=\"https:\/\/www.groupeguillin.fr\/wp-content\/uploads\/2020\/09\/four.png\" \/>\n<meta name=\"twitter:card\" content=\"summary_large_image\" \/>\n<meta name=\"twitter:label1\" content=\"Est. reading time\" \/>\n\t<meta name=\"twitter:data1\" content=\"19 minutes\" \/>\n<script type=\"application\/ld+json\" class=\"yoast-schema-graph\">{\"@context\":\"https:\\\/\\\/schema.org\",\"@graph\":[{\"@type\":\"WebPage\",\"@id\":\"https:\\\/\\\/www.groupeguillin.fr\\\/pl\\\/gastronomia-komercyjna\\\/\",\"url\":\"https:\\\/\\\/www.groupeguillin.fr\\\/pl\\\/gastronomia-komercyjna\\\/\",\"name\":\"GASTRONOMIA KOMERCYJNA - Groupe GUILLIN\",\"isPartOf\":{\"@id\":\"https:\\\/\\\/www.groupeguillin.fr\\\/pl\\\/#website\"},\"primaryImageOfPage\":{\"@id\":\"https:\\\/\\\/www.groupeguillin.fr\\\/pl\\\/gastronomia-komercyjna\\\/#primaryimage\"},\"image\":{\"@id\":\"https:\\\/\\\/www.groupeguillin.fr\\\/pl\\\/gastronomia-komercyjna\\\/#primaryimage\"},\"thumbnailUrl\":\"https:\\\/\\\/www.groupeguillin.fr\\\/wp-content\\\/uploads\\\/2020\\\/09\\\/four.png\",\"datePublished\":\"2022-02-17T12:42:14+00:00\",\"dateModified\":\"2024-10-02T13:46:40+00:00\",\"description\":\"Le Groupe GUILLIN est le r\u00e9f\u00e9rent europ\u00e9en de l'emballage plastique alimentaire\",\"breadcrumb\":{\"@id\":\"https:\\\/\\\/www.groupeguillin.fr\\\/pl\\\/gastronomia-komercyjna\\\/#breadcrumb\"},\"inLanguage\":\"pl-PL\",\"potentialAction\":[{\"@type\":\"ReadAction\",\"target\":[\"https:\\\/\\\/www.groupeguillin.fr\\\/pl\\\/gastronomia-komercyjna\\\/\"]}]},{\"@type\":\"ImageObject\",\"inLanguage\":\"pl-PL\",\"@id\":\"https:\\\/\\\/www.groupeguillin.fr\\\/pl\\\/gastronomia-komercyjna\\\/#primaryimage\",\"url\":\"https:\\\/\\\/www.groupeguillin.fr\\\/wp-content\\\/uploads\\\/2020\\\/09\\\/four.png\",\"contentUrl\":\"https:\\\/\\\/www.groupeguillin.fr\\\/wp-content\\\/uploads\\\/2020\\\/09\\\/four.png\"},{\"@type\":\"BreadcrumbList\",\"@id\":\"https:\\\/\\\/www.groupeguillin.fr\\\/pl\\\/gastronomia-komercyjna\\\/#breadcrumb\",\"itemListElement\":[{\"@type\":\"ListItem\",\"position\":1,\"name\":\"Accueil\",\"item\":\"https:\\\/\\\/www.groupeguillin.fr\\\/pl\\\/\"},{\"@type\":\"ListItem\",\"position\":2,\"name\":\"GASTRONOMIA KOMERCYJNA\"}]},{\"@type\":\"WebSite\",\"@id\":\"https:\\\/\\\/www.groupeguillin.fr\\\/pl\\\/#website\",\"url\":\"https:\\\/\\\/www.groupeguillin.fr\\\/pl\\\/\",\"name\":\"Groupe GUILLIN\",\"description\":\"We protect your food\",\"publisher\":{\"@id\":\"https:\\\/\\\/www.groupeguillin.fr\\\/pl\\\/#organization\"},\"potentialAction\":[{\"@type\":\"SearchAction\",\"target\":{\"@type\":\"EntryPoint\",\"urlTemplate\":\"https:\\\/\\\/www.groupeguillin.fr\\\/pl\\\/?s={search_term_string}\"},\"query-input\":{\"@type\":\"PropertyValueSpecification\",\"valueRequired\":true,\"valueName\":\"search_term_string\"}}],\"inLanguage\":\"pl-PL\"},{\"@type\":\"Organization\",\"@id\":\"https:\\\/\\\/www.groupeguillin.fr\\\/pl\\\/#organization\",\"name\":\"Groupe GUILLIN\",\"url\":\"https:\\\/\\\/www.groupeguillin.fr\\\/pl\\\/\",\"logo\":{\"@type\":\"ImageObject\",\"inLanguage\":\"pl-PL\",\"@id\":\"https:\\\/\\\/www.groupeguillin.fr\\\/pl\\\/#\\\/schema\\\/logo\\\/image\\\/\",\"url\":\"https:\\\/\\\/www.groupeguillin.fr\\\/wp-content\\\/uploads\\\/2020\\\/09\\\/Logo-guillin-1.png\",\"contentUrl\":\"https:\\\/\\\/www.groupeguillin.fr\\\/wp-content\\\/uploads\\\/2020\\\/09\\\/Logo-guillin-1.png\",\"width\":1172,\"height\":300,\"caption\":\"Groupe GUILLIN\"},\"image\":{\"@id\":\"https:\\\/\\\/www.groupeguillin.fr\\\/pl\\\/#\\\/schema\\\/logo\\\/image\\\/\"},\"sameAs\":[\"https:\\\/\\\/www.instagram.com\\\/groupeguillin\\\/\",\"https:\\\/\\\/www.linkedin.com\\\/company\\\/guillin-emballages\\\/\",\"https:\\\/\\\/www.youtube.com\\\/channel\\\/UCS-Q4Qkgd1bN9pdIPGRjogQ\"]}]}<\/script>\n<!-- \/ Yoast SEO plugin. -->","yoast_head_json":{"title":"GASTRONOMIA KOMERCYJNA - Groupe GUILLIN","description":"Le Groupe GUILLIN est le r\u00e9f\u00e9rent europ\u00e9en de l'emballage plastique alimentaire","robots":{"index":"index","follow":"follow","max-snippet":"max-snippet:-1","max-image-preview":"max-image-preview:large","max-video-preview":"max-video-preview:-1"},"canonical":"https:\/\/www.groupeguillin.fr\/pl\/gastronomia-komercyjna\/","og_locale":"pl_PL","og_type":"article","og_title":"GASTRONOMIA KOMERCYJNA - Groupe GUILLIN","og_description":"Le Groupe GUILLIN est le r\u00e9f\u00e9rent europ\u00e9en de l'emballage plastique alimentaire","og_url":"https:\/\/www.groupeguillin.fr\/pl\/gastronomia-komercyjna\/","og_site_name":"Groupe GUILLIN","article_modified_time":"2024-10-02T13:46:40+00:00","og_image":[{"url":"https:\/\/www.groupeguillin.fr\/wp-content\/uploads\/2020\/09\/four.png","type":"","width":"","height":""}],"twitter_card":"summary_large_image","twitter_misc":{"Est. reading time":"19 minutes"},"schema":{"@context":"https:\/\/schema.org","@graph":[{"@type":"WebPage","@id":"https:\/\/www.groupeguillin.fr\/pl\/gastronomia-komercyjna\/","url":"https:\/\/www.groupeguillin.fr\/pl\/gastronomia-komercyjna\/","name":"GASTRONOMIA KOMERCYJNA - Groupe GUILLIN","isPartOf":{"@id":"https:\/\/www.groupeguillin.fr\/pl\/#website"},"primaryImageOfPage":{"@id":"https:\/\/www.groupeguillin.fr\/pl\/gastronomia-komercyjna\/#primaryimage"},"image":{"@id":"https:\/\/www.groupeguillin.fr\/pl\/gastronomia-komercyjna\/#primaryimage"},"thumbnailUrl":"https:\/\/www.groupeguillin.fr\/wp-content\/uploads\/2020\/09\/four.png","datePublished":"2022-02-17T12:42:14+00:00","dateModified":"2024-10-02T13:46:40+00:00","description":"Le Groupe GUILLIN est le r\u00e9f\u00e9rent europ\u00e9en de l'emballage plastique alimentaire","breadcrumb":{"@id":"https:\/\/www.groupeguillin.fr\/pl\/gastronomia-komercyjna\/#breadcrumb"},"inLanguage":"pl-PL","potentialAction":[{"@type":"ReadAction","target":["https:\/\/www.groupeguillin.fr\/pl\/gastronomia-komercyjna\/"]}]},{"@type":"ImageObject","inLanguage":"pl-PL","@id":"https:\/\/www.groupeguillin.fr\/pl\/gastronomia-komercyjna\/#primaryimage","url":"https:\/\/www.groupeguillin.fr\/wp-content\/uploads\/2020\/09\/four.png","contentUrl":"https:\/\/www.groupeguillin.fr\/wp-content\/uploads\/2020\/09\/four.png"},{"@type":"BreadcrumbList","@id":"https:\/\/www.groupeguillin.fr\/pl\/gastronomia-komercyjna\/#breadcrumb","itemListElement":[{"@type":"ListItem","position":1,"name":"Accueil","item":"https:\/\/www.groupeguillin.fr\/pl\/"},{"@type":"ListItem","position":2,"name":"GASTRONOMIA KOMERCYJNA"}]},{"@type":"WebSite","@id":"https:\/\/www.groupeguillin.fr\/pl\/#website","url":"https:\/\/www.groupeguillin.fr\/pl\/","name":"Groupe GUILLIN","description":"We protect your food","publisher":{"@id":"https:\/\/www.groupeguillin.fr\/pl\/#organization"},"potentialAction":[{"@type":"SearchAction","target":{"@type":"EntryPoint","urlTemplate":"https:\/\/www.groupeguillin.fr\/pl\/?s={search_term_string}"},"query-input":{"@type":"PropertyValueSpecification","valueRequired":true,"valueName":"search_term_string"}}],"inLanguage":"pl-PL"},{"@type":"Organization","@id":"https:\/\/www.groupeguillin.fr\/pl\/#organization","name":"Groupe GUILLIN","url":"https:\/\/www.groupeguillin.fr\/pl\/","logo":{"@type":"ImageObject","inLanguage":"pl-PL","@id":"https:\/\/www.groupeguillin.fr\/pl\/#\/schema\/logo\/image\/","url":"https:\/\/www.groupeguillin.fr\/wp-content\/uploads\/2020\/09\/Logo-guillin-1.png","contentUrl":"https:\/\/www.groupeguillin.fr\/wp-content\/uploads\/2020\/09\/Logo-guillin-1.png","width":1172,"height":300,"caption":"Groupe GUILLIN"},"image":{"@id":"https:\/\/www.groupeguillin.fr\/pl\/#\/schema\/logo\/image\/"},"sameAs":["https:\/\/www.instagram.com\/groupeguillin\/","https:\/\/www.linkedin.com\/company\/guillin-emballages\/","https:\/\/www.youtube.com\/channel\/UCS-Q4Qkgd1bN9pdIPGRjogQ"]}]}},"publishpress_future_action":{"enabled":false,"date":"2026-05-07 10:46:55","action":"change-status","newStatus":"draft","terms":[],"taxonomy":"translation_priority","extraData":[]},"publishpress_future_workflow_manual_trigger":{"enabledWorkflows":[]},"_links":{"self":[{"href":"https:\/\/www.groupeguillin.fr\/pl\/wp-json\/wp\/v2\/pages\/10198","targetHints":{"allow":["GET"]}}],"collection":[{"href":"https:\/\/www.groupeguillin.fr\/pl\/wp-json\/wp\/v2\/pages"}],"about":[{"href":"https:\/\/www.groupeguillin.fr\/pl\/wp-json\/wp\/v2\/types\/page"}],"author":[{"embeddable":true,"href":"https:\/\/www.groupeguillin.fr\/pl\/wp-json\/wp\/v2\/users\/1"}],"replies":[{"embeddable":true,"href":"https:\/\/www.groupeguillin.fr\/pl\/wp-json\/wp\/v2\/comments?post=10198"}],"version-history":[{"count":11,"href":"https:\/\/www.groupeguillin.fr\/pl\/wp-json\/wp\/v2\/pages\/10198\/revisions"}],"predecessor-version":[{"id":18658,"href":"https:\/\/www.groupeguillin.fr\/pl\/wp-json\/wp\/v2\/pages\/10198\/revisions\/18658"}],"wp:attachment":[{"href":"https:\/\/www.groupeguillin.fr\/pl\/wp-json\/wp\/v2\/media?parent=10198"}],"curies":[{"name":"wp","href":"https:\/\/api.w.org\/{rel}","templated":true}]}}