{"id":10187,"date":"2022-02-10T15:46:11","date_gmt":"2022-02-10T14:46:11","guid":{"rendered":"https:\/\/www.groupeguillin.fr\/innowacje-i-wzornictwo\/"},"modified":"2025-10-06T12:27:39","modified_gmt":"2025-10-06T10:27:39","slug":"innowacje-i-wzornictwo","status":"publish","type":"page","link":"https:\/\/www.groupeguillin.fr\/pl\/innowacje-i-wzornictwo\/","title":{"rendered":"INNOWACJE I WZORNICTWO"},"content":{"rendered":"<p><div class=\"et_d4_element et_pb_section et_pb_section_0 et_animated  et_pb_css_mix_blend_mode et_pb_fullwidth_section et_section_regular et_block_section\" >\n\t\t\t\t\n\t\t\t\t\n\t\t\t\t\n\t\t\t\t\n\t\t\t\t\n\t\t\t\t\n\t\t\t\t<div class=\"et_pb_module et_d4_element et_pb_fullwidth_image et_pb_fullwidth_image_0\">\n\t\t\t\t\n\t\t\t\t\n\t\t\t\t\n\t\t\t\t\n\t\t\t\t<img decoding=\"async\" width=\"2560\" height=\"1440\" src=\"https:\/\/www.groupeguillin.fr\/wp-content\/uploads\/2020\/12\/AdobeStock_237714750-scaled.jpeg\" alt=\"\" title=\"guillin_benoit_siegfried-1\" class=\"wp-image-4065\" \/>\n\t\t\t\n\t\t\t<\/div>\n\t\t\t\t\n\t\t\t\t\n\t\t\t<\/div><div class=\"et_d4_element et_pb_section et_pb_section_1 et_pb_with_background  et_pb_css_mix_blend_mode et_section_regular et_block_section\" >\n\t\t\t\t\n\t\t\t\t\n\t\t\t\t\n\t\t\t\t\n\t\t\t\t\n\t\t\t\t\n\t\t\t\t<div class=\"et_d4_element et_pb_row et_pb_row_0 et_animated et_pb_equal_columns  et_pb_css_mix_blend_mode et_block_row\">\n\t\t\t\t<div class=\"et_d4_element et_pb_column_4_4 et_pb_column et_pb_column_0  et_pb_css_mix_blend_mode et-last-child et_block_column\">\n\t\t\t\t\n\t\t\t\t\n\t\t\t\t\n\t\t\t\t\n\t\t\t\t<div class=\"et_pb_module et_d4_element et_pb_text et_pb_text_0  et_pb_text_align_left et_pb_bg_layout_light\">\n\t\t\t\t\n\t\t\t\t\n\t\t\t\t\n\t\t\t\t\n\t\t\t\t<div class=\"et_pb_text_inner\"><h2>INNOWACJE I WZORNICTWO<\/h2><\/div>\n\t\t\t<\/div>\n\t\t\t<\/div>\n\t\t\t\t\n\t\t\t\t\n\t\t\t\t\n\t\t\t\t\n\t\t\t<\/div><div class=\"et_d4_element et_pb_row et_pb_row_1 et_animated et_pb_equal_columns  et_pb_css_mix_blend_mode et_block_row\">\n\t\t\t\t<div class=\"et_d4_element et_pb_column_1_2 et_pb_column et_pb_column_1  et_pb_css_mix_blend_mode et_block_column\">\n\t\t\t\t\n\t\t\t\t\n\t\t\t\t\n\t\t\t\t\n\t\t\t\t<div class=\"et_pb_module et_d4_element et_pb_text et_pb_text_1  et_pb_text_align_left et_pb_bg_layout_light\">\n\t\t\t\t\n\t\t\t\t\n\t\t\t\t\n\t\t\t\t\n\t\t\t\t<div class=\"et_pb_text_inner\"><p>Jako pionierzy i innowatorzy od samego pocz\u0105tku, stale tworzymy nowe rozwi\u0105zania opakowaniowe, kt\u00f3re \u0142\u0105cz\u0105 w sobie estetyk\u0119, jako\u015b\u0107 i funkcjonalno\u015b\u0107. Przewidujemy przysz\u0142e potrzeby, kt\u00f3re b\u0119d\u0105 mia\u0142y wp\u0142yw na nasze opakowania (poszanowanie \u015brodowiska naturalnego, ochrona i konserwacja \u017cywno\u015bci, zmieniaj\u0105cy si\u0119 styl \u017cycia) i przygotowujemy rozwi\u0105zania opakowaniowe jutra dzi\u0119ki monitorowaniu rozwijaj\u0105cych si\u0119 technologii.<\/p><\/div>\n\t\t\t<\/div>\n\t\t\t<\/div><div class=\"et_d4_element et_pb_column_1_2 et_pb_column et_pb_column_2  et_pb_css_mix_blend_mode et-last-child et_block_column\">\n\t\t\t\t\n\t\t\t\t\n\t\t\t\t\n\t\t\t\t\n\t\t\t\t<div class=\"et_pb_module et_d4_element et_pb_text et_pb_text_2  et_pb_text_align_left et_pb_bg_layout_light\">\n\t\t\t\t\n\t\t\t\t\n\t\t\t\t\n\t\t\t\t\n\t\t\t\t<div class=\"et_pb_text_inner\"><p>Posiadan\u0105 wiedz\u0119 wykorzystujemy r\u00f3wnie\u017c we wsp\u00f3lnych programach badawczo-rozwojowych, w kt\u00f3rych stosujemy nowoczesne technologie do opracowywania nowych rozwi\u0105za\u0144 w zakresie sortowania i recyklingu, a tak\u017ce wspieramy inicjatywy promuj\u0105ce gospodark\u0119 o obiegu zamkni\u0119tym i racjonalne wykorzystanie opakowa\u0144 do \u017cywno\u015bci.<\/p><\/div>\n\t\t\t<\/div>\n\t\t\t<\/div>\n\t\t\t\t\n\t\t\t\t\n\t\t\t\t\n\t\t\t\t\n\t\t\t<\/div>\n\t\t\t\t\n\t\t\t\t\n\t\t\t<\/div><div class=\"et_d4_element et_pb_section et_pb_section_2 et_pb_with_background  et_pb_css_mix_blend_mode et_section_regular et_block_section\" >\n\t\t\t\t\n\t\t\t\t\n\t\t\t\t\n\t\t\t\t\n\t\t\t\t\n\t\t\t\t\n\t\t\t\t<div class=\"et_d4_element et_pb_row et_pb_row_2 et_pb_equal_columns  et_pb_css_mix_blend_mode et_block_row\">\n\t\t\t\t<div class=\"et_d4_element et_pb_column_4_4 et_pb_column et_pb_column_3  et_pb_css_mix_blend_mode et-last-child et_block_column\">\n\t\t\t\t\n\t\t\t\t\n\t\t\t\t\n\t\t\t\t\n\t\t\t\t<div class=\"et_pb_module et_d4_element et_pb_text et_pb_text_3  et_pb_text_align_left et_pb_bg_layout_light\">\n\t\t\t\t\n\t\t\t\t\n\t\t\t\t\n\t\t\t\t\n\t\t\t\t<div class=\"et_pb_text_inner\"><h2 style=\"text-align: center;\">OCHRONA JEST WPISANA W NASZE GENY<\/h2><\/div>\n\t\t\t<\/div>\n\t\t\t<\/div>\n\t\t\t\t\n\t\t\t\t\n\t\t\t\t\n\t\t\t\t\n\t\t\t<\/div><div class=\"et_d4_element et_pb_row et_pb_row_3 et_pb_equal_columns  et_pb_css_mix_blend_mode et_block_row\">\n\t\t\t\t<div class=\"et_d4_element et_pb_column_1_2 et_pb_column et_pb_column_4  et_pb_css_mix_blend_mode et_block_column\">\n\t\t\t\t\n\t\t\t\t\n\t\t\t\t\n\t\t\t\t\n\t\t\t\t<div class=\"et_pb_module et_d4_element et_pb_code et_pb_code_0\">\n\t\t\t\t\n\t\t\t\t\n\t\t\t\t\n\t\t\t\t\n\t\t\t\t<div class=\"et_pb_code_inner\"><iframe width=\"727\" height=\"409\" src=\"https:\/\/www.youtube.com\/embed\/DfE-JByFA5Q?list=PLEmYDBgRbYaM1iDldzYEIrPYUOaQYwl4_\" title=\"YouTube video player\" frameborder=\"0\" allow=\"accelerometer; autoplay; clipboard-write; encrypted-media; gyroscope; picture-in-picture\" allowfullscreen><\/iframe><\/div>\n\t\t\t<\/div>\n\t\t\t<\/div><div class=\"et_d4_element et_pb_column_1_2 et_pb_column et_pb_column_5  et_pb_css_mix_blend_mode et-last-child et_block_column\">\n\t\t\t\t\n\t\t\t\t\n\t\t\t\t\n\t\t\t\t\n\t\t\t\t<div class=\"et_pb_module et_d4_element et_pb_text et_pb_text_4  et_pb_text_align_left et_pb_bg_layout_light\">\n\t\t\t\t\n\t\t\t\t\n\t\t\t\t\n\t\t\t\t\n\t\t\t\t<div class=\"et_pb_text_inner\">Od 1972 roku nasz\u0105 misj\u0105 jest ochrona \u017cywno\u015bci poprzez tworzenie dostosowanych do potrzeb, nieustannie ulepszanych i przyjaznych dla \u015brodowiska rozwi\u0105za\u0144 w zakresie opakowa\u0144 do \u017cywno\u015bci: ochrona jest wpisana w nasze geny.<\/p>\n<p>CHRONI\u0106 WI\u0118CEJ. Przed wprowadzeniem produkt\u00f3w na rynek przeprowadzamy analizy wykraczaj\u0105ce poza standardy wymagane przez przepisy prawa, w szczeg\u00f3lno\u015bci przez europejskie rozporz\u0105dzenie REACH, kt\u00f3remu podlegamy, a wszyscy nasi dostawcy s\u0105 starannie dobierani pod k\u0105tem gwarancji higieny, nieszkodliwo\u015bci i bezpiecze\u0144stwa \u017cywno\u015bci.<\/p>\n<p>CHRONI\u0106 ZAWSZE. Opr\u00f3cz w\u0142asnego laboratorium posiadamy sie\u0107 laboratori\u00f3w partnerskich dysponuj\u0105cych najnowocze\u015bniejszymi technologiami analitycznymi. Ponadto, nasze wewn\u0119trzne procedury s\u0105 niezwykle rygorystyczne, co pozwala nam zagwarantowa\u0107 ca\u0142kowit\u0105 zgodno\u015b\u0107 z obowi\u0105zuj\u0105cymi przepisami prawa.<\/p>\n<p>CHRONI\u0106 LEPIEJ. Zawsze wybieramy dobre materia\u0142y i dobre rozwi\u0105zania, maj\u0105c na wzgl\u0119dzie podj\u0119te przez nas zobowi\u0105zanie do zagwarantowania zerowego ryzyka dla zdrowia konsument\u00f3w. Przyk\u0142adami s\u0105 tu stosowanie tektury pierwotnej w por\u00f3wnaniu z tektur\u0105 z recyklingu do kontaktu z \u017cywno\u015bci\u0105, produkcja w Europie opakowa\u0144 z pulpy papierowej lub stosowanie PET i PP, materia\u0142\u00f3w standardowych, sprawdzonych i nadaj\u0105cych si\u0119 do recyklingu. Inwestujemy r\u00f3wnie\u017c w badania i rozw\u00f3j w celu opracowania innowacyjnych materia\u0142\u00f3w.<\/div>\n\t\t\t<\/div>\n\t\t\t<\/div>\n\t\t\t\t\n\t\t\t\t\n\t\t\t\t\n\t\t\t\t\n\t\t\t<\/div>\n\t\t\t\t\n\t\t\t\t\n\t\t\t<\/div><div class=\"et_d4_element et_pb_section et_pb_section_3 et_pb_with_background  et_pb_css_mix_blend_mode et_section_regular et_block_section\" >\n\t\t\t\t\n\t\t\t\t\n\t\t\t\t\n\t\t\t\t\n\t\t\t\t\n\t\t\t\t\n\t\t\t\t<div class=\"et_d4_element et_pb_row et_pb_row_4 et_animated et_pb_equal_columns  et_pb_css_mix_blend_mode et_block_row\">\n\t\t\t\t<div class=\"et_d4_element et_pb_column_4_4 et_pb_column et_pb_column_6  et_pb_css_mix_blend_mode et-last-child et_block_column\">\n\t\t\t\t\n\t\t\t\t\n\t\t\t\t\n\t\t\t\t\n\t\t\t\t<div class=\"et_pb_module et_d4_element et_pb_text et_pb_text_5  et_pb_text_align_left et_pb_bg_layout_light\">\n\t\t\t\t\n\t\t\t\t\n\t\t\t\t\n\t\t\t\t\n\t\t\t\t<div class=\"et_pb_text_inner\"><h2>EKOPROJEKTOWANIE SERCEM NASZEGO ROZWOJU<\/h2><\/div>\n\t\t\t<\/div><div class=\"et_pb_module et_d4_element et_pb_text et_pb_text_6  et_pb_text_align_left et_pb_bg_layout_light\">\n\t\t\t\t\n\t\t\t\t\n\t\t\t\t\n\t\t\t\t\n\t\t\t\t<div class=\"et_pb_text_inner\">Zawsze byli\u015bmy zaciek\u0142ymi zwolennikami racjonalnego wykorzystania opakowa\u0144: przez ponad 20 lat nasze podej\u015bcie do ekoprojektowania pozwoli\u0142o nam zmniejszy\u0107 wag\u0119 naszych opakowa\u0144 o 40%!<\/div>\n\t\t\t<\/div>\n\t\t\t<\/div>\n\t\t\t\t\n\t\t\t\t\n\t\t\t\t\n\t\t\t\t\n\t\t\t<\/div><div class=\"et_d4_element et_pb_row et_pb_row_5 et_animated et_pb_equal_columns  et_pb_css_mix_blend_mode et_block_row\">\n\t\t\t\t<div class=\"et_d4_element et_pb_column_1_2 et_pb_column et_pb_column_7  et_pb_css_mix_blend_mode et_block_column\">\n\t\t\t\t\n\t\t\t\t\n\t\t\t\t\n\t\t\t\t\n\t\t\t\t<div class=\"et_pb_module et_d4_element et_pb_text et_pb_text_7  et_pb_text_align_left et_pb_bg_layout_light\">\n\t\t\t\t\n\t\t\t\t\n\t\t\t\t\n\t\t\t\t\n\t\t\t\t<div class=\"et_pb_text_inner\"><ul>\n<li>1998 - Przej\u015bcie z PCV na PET, a nast\u0119pnie na RPET (z recyklingu). Grupa stosuje w swoich opakowaniach du\u017c\u0105 ilo\u015b\u0107 materia\u0142\u00f3w pochodz\u0105cych z recyklingu i jest pierwszym francuskim producentem, kt\u00f3ry zastosowa\u0142 takie materia\u0142y<\/li>\n<li>2005 - Uruchomienie linii PLA (materia\u0142 wykonany ze skrobi kukurydzianej)<\/li>\n<li>2011 - Redukcja etap\u00f3w uk\u0142adania opakowa\u0144 w celu optymalizacji transportu (+65% opakowa\u0144 w tym samym transporcie)<\/li>\n<li>2014 - Rozw\u00f3j asortymentu mieszanego karton\/PET, innowacyjne projekty z mi\u0119dzynarodowymi patentami<\/li>\n<\/ul><\/div>\n\t\t\t<\/div>\n\t\t\t<\/div><div class=\"et_d4_element et_pb_column_1_2 et_pb_column et_pb_column_8  et_pb_css_mix_blend_mode et-last-child et_block_column\">\n\t\t\t\t\n\t\t\t\t\n\t\t\t\t\n\t\t\t\t\n\t\t\t\t<div class=\"et_pb_module et_d4_element et_pb_text et_pb_text_8  et_pb_text_align_left et_pb_bg_layout_light\">\n\t\t\t\t\n\t\t\t\t\n\t\t\t\t\n\t\t\t\t\n\t\t\t\t<div class=\"et_pb_text_inner\"><ul>\n<li>2017 - Wprowadzenie asortymentu \"wielokrotnego u\u017cytku\" w przypadku zastawy sto\u0142owej<\/li>\n<li>2018 - Umowa z PAPREC na uruchomienie linii do recyklingu tacek PET<\/li>\n<li>2019 - Podpisanie partnerstwa na wy\u0142\u0105czno\u015b\u0107 z Prevented Ocean Plastic<sup>TM<\/sup><\/li>\n<li>2020 - Wprowadzenie segmentacji gam produktowych na ALTER ECO BIO, ALTER ECO RECYCLE i ALTER ECO RE-USE<\/li>\n<\/ul><\/div>\n\t\t\t<\/div>\n\t\t\t<\/div>\n\t\t\t\t\n\t\t\t\t\n\t\t\t\t\n\t\t\t\t\n\t\t\t<\/div>\n\t\t\t\t\n\t\t\t\t\n\t\t\t<\/div><div class=\"et_d4_element et_pb_section et_pb_section_4 et_pb_with_background  et_pb_css_mix_blend_mode et_section_regular et_block_section\" >\n\t\t\t\t\n\t\t\t\t\n\t\t\t\t\n\t\t\t\t\n\t\t\t\t\n\t\t\t\t\n\t\t\t\t<div class=\"et_d4_element et_pb_row et_pb_row_6 et_pb_equal_columns  et_pb_css_mix_blend_mode et_block_row\">\n\t\t\t\t<div class=\"et_d4_element et_pb_column_4_4 et_pb_column et_pb_column_9  et_pb_css_mix_blend_mode et-last-child et_block_column\">\n\t\t\t\t\n\t\t\t\t\n\t\t\t\t\n\t\t\t\t\n\t\t\t\t<div class=\"et_pb_module et_d4_element et_pb_text et_pb_text_9  et_pb_text_align_left et_pb_bg_layout_light\">\n\t\t\t\t\n\t\t\t\t\n\t\t\t\t\n\t\t\t\t\n\t\t\t\t<div class=\"et_pb_text_inner\"><h2 style=\"text-align: center;\">KLASYKA<\/h2><\/div>\n\t\t\t<\/div> <div  class=\"et_pb_module  et_pb_vertical_timeline_0\">\n\t\t\t\t\t<section id=\"cd-timeline\" class=\"cd-container\">    <div id=\"\" class=\"cd-timeline-block  et_pb_vertical_timeline_item_0\">\n\t\t\t\t\t\t    <div class=\"cd-timeline-img\" style=\"background-color: #00a569\"><span class=\"et-pb-icon et-pb-icon-circle\" style=\"color: rgba(0,0,0,0)\">&#x4c;<\/span><\/div>\n\t\t\t    \n\t\t\t\t\t\t    <div class=\"cd-timeline-content\">\n\t\t\t\t\t\t\t\n\t\t\t\t\t\t\t<div class=\"cd-timeline-content-liner \">\n\t\t\t\t\t\t\t\t<h2>1973<\/h2>\n\t\t\t\t\t\t\t\t<\/p>\n<p>Wprowadzenie na rynek serii <strong>PATIPACK<\/strong>, plastikowego opakowania na wyroby cukiernicze z supermarket\u00f3w.<\/p>\n<p><img decoding=\"async\" src=\"https:\/\/www.groupeguillin.fr\/wp-content\/uploads\/2020\/12\/PATIPACK-B14B-cadree-21x15-rvb-300dpi-eqlbr-1-2018-300x200.jpg\" width=\"300\" height=\"200\" alt=\"\" class=\"wp-image-3912 alignnone size-medium\" \/><\/p>\n<p>\u00a0<\/p>\n<p>\n\n\t\t\t\t\t\t\t<\/div>\n\t\t\t\t\t\t\t\n\t\t\t\t\t\t    <\/div>\n\t\t\t\t\t    <\/div>    <div id=\"\" class=\"cd-timeline-block  et_pb_vertical_timeline_item_1\">\n\t\t\t\t\t\t    <div class=\"cd-timeline-img\" style=\"background-color: #00a569\"><span class=\"et-pb-icon et-pb-icon-circle\" style=\"color: #ffffff\"><\/span><\/div>\n\t\t\t    \n\t\t\t\t\t\t    <div class=\"cd-timeline-content\">\n\t\t\t\t\t\t\t\n\t\t\t\t\t\t\t<div class=\"cd-timeline-content-liner \">\n\t\t\t\t\t\t\t\t<h2>1978<\/h2>\n\t\t\t\t\t\t\t\t<\/p>\n<p>Wprowadzenie na rynek <strong>MULTIPACK<\/strong>, opakowania z tworzywa sztucznego z zawiasami, przeznaczonego do da\u0144 gotowych w supermarketach.<\/p>\n<p><img decoding=\"async\" src=\"https:\/\/www.groupeguillin.fr\/wp-content\/uploads\/2020\/12\/MULTIPACKM370cadree21x15rvb300dpieqlbr62017-300x213.jpg\" width=\"300\" height=\"213\" alt=\"\" class=\"wp-image-3911 alignnone size-medium\" \/><\/p>\n<p>\n\n\t\t\t\t\t\t\t<\/div>\n\t\t\t\t\t\t\t\n\t\t\t\t\t\t    <\/div>\n\t\t\t\t\t    <\/div>    <div id=\"\" class=\"cd-timeline-block  et_pb_vertical_timeline_item_2\">\n\t\t\t\t\t\t    <div class=\"cd-timeline-img\" style=\"background-color: #00a569\"><span class=\"et-pb-icon et-pb-icon-circle\" style=\"color: #00a569\">&#x4c;<\/span><\/div>\n\t\t\t    \n\t\t\t\t\t\t    <div class=\"cd-timeline-content\">\n\t\t\t\t\t\t\t\n\t\t\t\t\t\t\t<div class=\"cd-timeline-content-liner \">\n\t\t\t\t\t\t\t\t<h2>1996<\/h2>\n\t\t\t\t\t\t\t\t<\/p>\n<p>Stworzenie nowej gamy bardzo innowacyjnych opakowa\u0144 o tradycyjnym charakterze na wyroby cukiernicze: <strong>CLASSIPACK.<\/strong><\/p>\n<p><img decoding=\"async\" src=\"https:\/\/www.groupeguillin.fr\/wp-content\/uploads\/2020\/12\/CLASSIPACK-CSN2210H100-cadree-21x15-rvb-300dpi-eqlbr-1-2018-300x214.jpg\" width=\"300\" height=\"214\" alt=\"\" class=\"wp-image-3902 alignnone size-medium\" \/><\/p>\n<p>\n\n\t\t\t\t\t\t\t<\/div>\n\t\t\t\t\t\t\t\n\t\t\t\t\t\t    <\/div>\n\t\t\t\t\t    <\/div>    <div id=\"\" class=\"cd-timeline-block  et_pb_vertical_timeline_item_3\">\n\t\t\t\t\t\t    <div class=\"cd-timeline-img\" style=\"background-color: #00a569\"><span class=\"et-pb-icon et-pb-icon-circle\" style=\"color: #ffffff\"><\/span><\/div>\n\t\t\t    \n\t\t\t\t\t\t    <div class=\"cd-timeline-content\">\n\t\t\t\t\t\t\t\n\t\t\t\t\t\t\t<div class=\"cd-timeline-content-liner \">\n\t\t\t\t\t\t\t\t<h2>2000<\/h2>\n\t\t\t\t\t\t\t\t<\/p>\n<p>Rozw\u00f3j <strong>THERMIPACK<\/strong>, innowacyjnego procesu gotowania na parze w opakowaniu, w mikrofal\u00f3wce (produkty \u015bwie\u017ce i mro\u017cone), kt\u00f3ry otrzyma\u0142 nagrod\u0119 Oscar de l\u2019emballage (Oskar bran\u017cy opakowa\u0144) oraz europejskiego Oskara \u201eEurostar\".<\/p>\n<p><img decoding=\"async\" src=\"https:\/\/www.groupeguillin.fr\/wp-content\/uploads\/2020\/12\/Thermipack-300x225.jpg\" width=\"300\" height=\"225\" alt=\"\" class=\"wp-image-3916 alignnone size-medium\" \/><\/p>\n<p>\n\n\t\t\t\t\t\t\t<\/div>\n\t\t\t\t\t\t\t\n\t\t\t\t\t\t    <\/div>\n\t\t\t\t\t    <\/div>    <div id=\"\" class=\"cd-timeline-block  et_pb_vertical_timeline_item_4\">\n\t\t\t\t\t\t    <div class=\"cd-timeline-img\" style=\"background-color: #00a569\"><span class=\"et-pb-icon et-pb-icon-circle\" style=\"color: #00a569\">&#x4c;<\/span><\/div>\n\t\t\t    \n\t\t\t\t\t\t    <div class=\"cd-timeline-content\">\n\t\t\t\t\t\t\t\n\t\t\t\t\t\t\t<div class=\"cd-timeline-content-liner \">\n\t\t\t\t\t\t\t\t<h2>2002<\/h2>\n\t\t\t\t\t\t\t\t<\/p>\n<p>Wprowadzenie na rynek nowych opakowa\u0144 na dania ciep\u0142e <strong>ARCHIPACK<\/strong> i <strong>MARMIPACK<\/strong>.<\/p>\n<p><img decoding=\"async\" src=\"https:\/\/www.groupeguillin.fr\/wp-content\/uploads\/2020\/12\/ARCHIPACK-BCKNP351-21x14-rvb-300dpi-300x200.jpg\" width=\"300\" height=\"200\" alt=\"\" class=\"wp-image-3901 alignnone size-medium\" \/><img decoding=\"async\" src=\"https:\/\/www.groupeguillin.fr\/wp-content\/uploads\/2020\/12\/MARMIPACK-MA2C1000N-21x14-rvb-300dpi-300x200.jpg\" width=\"300\" height=\"200\" alt=\"\" class=\"wp-image-3910 alignnone size-medium\" \/><\/p>\n<p>\n\n\t\t\t\t\t\t\t<\/div>\n\t\t\t\t\t\t\t\n\t\t\t\t\t\t    <\/div>\n\t\t\t\t\t    <\/div>    <div id=\"\" class=\"cd-timeline-block  et_pb_vertical_timeline_item_5\">\n\t\t\t\t\t\t    <div class=\"cd-timeline-img\" style=\"background-color: #00a569\"><span class=\"et-pb-icon et-pb-icon-circle\" style=\"color: #ffffff\"><\/span><\/div>\n\t\t\t    \n\t\t\t\t\t\t    <div class=\"cd-timeline-content\">\n\t\t\t\t\t\t\t\n\t\t\t\t\t\t\t<div class=\"cd-timeline-content-liner \">\n\t\t\t\t\t\t\t\t<h2>2013<\/h2>\n\t\t\t\t\t\t\t\t<\/p>\n<p>Najwa\u017cniejsze produkty innowacyjne: <strong>DISTRIPACK <\/strong>(shaker do warzyw i owoc\u00f3w), WOKIPACK (elegancki wok do zimnych i gor\u0105cych potraw), TAKIPACK (elegancka linia do sa\u0142atek i pojedynczych ciastek).<\/p>\n<p><img decoding=\"async\" src=\"https:\/\/www.groupeguillin.fr\/wp-content\/uploads\/2020\/12\/DISTRIPACK-DUO-GRANDS-cadree-21x15-rvb-300dpi-eqlbr-12-2017-300x214.jpg\" width=\"300\" height=\"214\" alt=\"\" class=\"wp-image-3903 alignnone size-medium\" \/><img decoding=\"async\" src=\"https:\/\/www.groupeguillin.fr\/wp-content\/uploads\/2020\/12\/WOKIPACK-750CC-cadree-21x14-rvb-300dpi-300x200.jpg\" width=\"300\" height=\"200\" alt=\"\" class=\"wp-image-3917 alignnone size-medium\" \/><img decoding=\"async\" src=\"https:\/\/www.groupeguillin.fr\/wp-content\/uploads\/2020\/12\/TAKIPACK-DESSERT-INDIV2-cadree-21x15-rvb-300dpi-eqlbr-12-2016-300x214.jpg\" width=\"300\" height=\"214\" alt=\"\" class=\"wp-image-3915 alignnone size-medium\" \/><\/p>\n<p>\n\n\t\t\t\t\t\t\t<\/div>\n\t\t\t\t\t\t\t\n\t\t\t\t\t\t    <\/div>\n\t\t\t\t\t    <\/div>    <div id=\"\" class=\"cd-timeline-block  et_pb_vertical_timeline_item_6\">\n\t\t\t\t\t\t    <div class=\"cd-timeline-img\" style=\"background-color: #00a569\"><span class=\"et-pb-icon et-pb-icon-circle\" style=\"color: #00a569\">&#x4c;<\/span><\/div>\n\t\t\t    \n\t\t\t\t\t\t    <div class=\"cd-timeline-content\">\n\t\t\t\t\t\t\t\n\t\t\t\t\t\t\t<div class=\"cd-timeline-content-liner \">\n\t\t\t\t\t\t\t\t<h2>2014<\/h2>\n\t\t\t\t\t\t\t\t<\/p>\n<p>Nagroda Pack the Future 2014 zosta\u0142a przyznana firmie VERIPACK EMBALAJES za shaker <strong>DISTRIPACK<\/strong>w kategorii \"Spo\u0142eczna korzy\u015b\u0107 z opakowania\" na targach Interpack w niemieckim D\u00fcsseldorfie.<\/p>\n<p><img decoding=\"async\" src=\"https:\/\/www.groupeguillin.fr\/wp-content\/uploads\/2020\/12\/DISTRIPACK-DUO-GRANDS-cadree-21x15-rvb-300dpi-eqlbr-12-2017-300x214.jpg\" width=\"300\" height=\"214\" alt=\"\" class=\"wp-image-3903 alignnone size-medium\" \/><\/p>\n<p>\n\n\t\t\t\t\t\t\t<\/div>\n\t\t\t\t\t\t\t\n\t\t\t\t\t\t    <\/div>\n\t\t\t\t\t    <\/div>    <div id=\"\" class=\"cd-timeline-block  et_pb_vertical_timeline_item_7\">\n\t\t\t\t\t\t    <div class=\"cd-timeline-img\" style=\"background-color: #00a569\"><span class=\"et-pb-icon et-pb-icon-circle\" style=\"color: #ffffff\"><\/span><\/div>\n\t\t\t    \n\t\t\t\t\t\t    <div class=\"cd-timeline-content\">\n\t\t\t\t\t\t\t\n\t\t\t\t\t\t\t<div class=\"cd-timeline-content-liner \">\n\t\t\t\t\t\t\t\t<h2>2015<\/h2>\n\t\t\t\t\t\t\t\t<\/p>\n<p>Najwa\u017cniejsze produkty innowacyjne: <strong>LUXIPACK<\/strong> (hybrydowe pude\u0142ko na ciasto i pizz\u0119 z kartonow\u0105 podstaw\u0105 + pokrywa PET), <strong>FRESHIPACK<\/strong> (pude\u0142ka na przek\u0105ski i na wynos, z do\u0142\u0105czon\u0105 pokryw\u0105, kszta\u0142t piramidy), <strong>COOKIPACK<\/strong> (do gor\u0105cych da\u0144, innowacyjny system wentylacji)<\/p>\n<p>Nagroda UK Packaging Awards pow\u0119drowa\u0142a do firmy SHARPAK za lini\u0119 <strong>FORTIS<\/strong> Family Barbecue o zmniejszonej o 20-30% wadze tacek i zwi\u0119kszonej wytrzyma\u0142o\u015bci, co znacznie zmniejszy\u0142o pozostawiany przez nie \u015blad w\u0119glowy.<\/p>\n<p><img decoding=\"async\" src=\"https:\/\/www.groupeguillin.fr\/wp-content\/uploads\/2020\/12\/FRESHIPACK-FR1000-cadree-21x14-rvb-300dpi-300x200.jpg\" width=\"300\" height=\"200\" alt=\"\" class=\"wp-image-3907 alignnone size-medium\" \/><img decoding=\"async\" src=\"https:\/\/www.groupeguillin.fr\/wp-content\/uploads\/2020\/12\/LUXIPACK-KRAFT-GATEAU-cadree-21x14-rvb-300dpi-300x200.jpg\" width=\"300\" height=\"200\" alt=\"\" class=\"wp-image-3909 alignnone size-medium\" \/><\/p>\n<p>\u00a0<\/p>\n<p>\n\n\t\t\t\t\t\t\t<\/div>\n\t\t\t\t\t\t\t\n\t\t\t\t\t\t    <\/div>\n\t\t\t\t\t    <\/div>    <div id=\"\" class=\"cd-timeline-block  et_pb_vertical_timeline_item_8\">\n\t\t\t\t\t\t    <div class=\"cd-timeline-img\" style=\"background-color: #00a569\"><span class=\"et-pb-icon et-pb-icon-circle\" style=\"color: #00a569\"><\/span><\/div>\n\t\t\t    \n\t\t\t\t\t\t    <div class=\"cd-timeline-content\">\n\t\t\t\t\t\t\t\n\t\t\t\t\t\t\t<div class=\"cd-timeline-content-liner \">\n\t\t\t\t\t\t\t\t<h2>2016<\/h2>\n\t\t\t\t\t\t\t\t<\/p>\n<p>Nagroda magazynu Food Management Today w kategorii \"Przemys\u0142 - Najbardziej Innowacyjny Rozw\u00f3j\" trafia do firmy SHARPAK za jej rozwi\u0105zanie opakowaniowe <strong>SHARPTEK<\/strong>, wykorzystuj\u0105ce rewolucyjn\u0105 technologi\u0119 antybakteryjn\u0105 w celu zmniejszenia wp\u0142ywu zanieczyszcze\u0144 krzy\u017cowych na tackach do mi\u0119sa.<\/p>\n<p><img decoding=\"async\" src=\"https:\/\/www.groupeguillin.fr\/wp-content\/uploads\/2020\/12\/SHARPTEK-v2-300x200.jpg\" width=\"300\" height=\"200\" alt=\"\" class=\"wp-image-4056 alignnone size-medium\" \/><\/p>\n<p>\n\n\t\t\t\t\t\t\t<\/div>\n\t\t\t\t\t\t\t\n\t\t\t\t\t\t    <\/div>\n\t\t\t\t\t    <\/div>    <div id=\"\" class=\"cd-timeline-block  et_pb_vertical_timeline_item_9\">\n\t\t\t\t\t\t    <div class=\"cd-timeline-img\" style=\"background-color: #00a569\"><span class=\"et-pb-icon et-pb-icon-circle\" style=\"color: #ffffff\"><\/span><\/div>\n\t\t\t    \n\t\t\t\t\t\t    <div class=\"cd-timeline-content\">\n\t\t\t\t\t\t\t\n\t\t\t\t\t\t\t<div class=\"cd-timeline-content-liner \">\n\t\t\t\t\t\t\t\t<h2>2017<\/h2>\n\t\t\t\t\t\t\t\t<\/p>\n<p>Wprowadzenie na rynek gamy <strong>FOOD K<\/strong>\u00a0do da\u0144 gotowych i dla kuchni centralnych, do zastosowa\u0144 na ciep\u0142o i na zimno: tacki kartonowe w 100% zaprojektowane w spos\u00f3b ekologiczny, zgrzewalne, personalizowane na \u017cyczenie.<\/p>\n<p><img decoding=\"async\" src=\"https:\/\/www.groupeguillin.fr\/wp-content\/uploads\/2020\/12\/FOOD-K-KRAFT-cadree-21x14-rvb-300dpi-300x200.jpg\" width=\"300\" height=\"200\" alt=\"\" class=\"wp-image-3906 alignnone size-medium\" \/><\/p>\n<p>\n\n\t\t\t\t\t\t\t<\/div>\n\t\t\t\t\t\t\t\n\t\t\t\t\t\t    <\/div>\n\t\t\t\t\t    <\/div>    <div id=\"\" class=\"cd-timeline-block  et_pb_vertical_timeline_item_10\">\n\t\t\t\t\t\t    <div class=\"cd-timeline-img\" style=\"background-color: #00a569\"><span class=\"et-pb-icon et-pb-icon-circle\" style=\"color: #00a569\"><\/span><\/div>\n\t\t\t    \n\t\t\t\t\t\t    <div class=\"cd-timeline-content\">\n\t\t\t\t\t\t\t\n\t\t\t\t\t\t\t<div class=\"cd-timeline-content-liner \">\n\t\t\t\t\t\t\t\t<h2>2018<\/h2>\n\t\t\t\t\t\t\t\t<\/p>\n<p>Wprowadzenie gamy <strong>LUXIFOOD<\/strong>\u00a0do da\u0144 gor\u0105cych i zimnych: w 100% zaprojektowane w spos\u00f3b ekologiczny i personalizowane na \u017cyczenie tacki z tekturow\u0105 podstaw\u0105 i nadaj\u0105c\u0105 si\u0119 do recyklingu pokryw\u0105 z PET, zabezpieczone zamkni\u0119cie.<\/p>\n<p><img decoding=\"async\" src=\"https:\/\/www.groupeguillin.fr\/wp-content\/uploads\/2020\/12\/LUXIFOOD-FROIDE-cadree-21x14-rvb-300dpi-300x200.jpg\" width=\"300\" height=\"200\" alt=\"\" class=\"wp-image-3908 alignnone size-medium\" \/><\/p>\n<p>\n\n\t\t\t\t\t\t\t<\/div>\n\t\t\t\t\t\t\t\n\t\t\t\t\t\t    <\/div>\n\t\t\t\t\t    <\/div>    <div id=\"\" class=\"cd-timeline-block  et_pb_vertical_timeline_item_11\">\n\t\t\t\t\t\t    <div class=\"cd-timeline-img\" style=\"background-color: #00a569\"><span class=\"et-pb-icon et-pb-icon-circle\" style=\"color: #ffffff\"><\/span><\/div>\n\t\t\t    \n\t\t\t\t\t\t    <div class=\"cd-timeline-content\">\n\t\t\t\t\t\t\t\n\t\t\t\t\t\t\t<div class=\"cd-timeline-content-liner \">\n\t\t\t\t\t\t\t\t<h2>2019<\/h2>\n\t\t\t\t\t\t\t\t<\/p>\n<p>gama <strong>RESTIPULP<\/strong> zostaje stworzona jako zaoferowane samorz\u0105dom rozwi\u0105zanie w zakresie opakowa\u0144 gastronormowych z pulpy, kt\u00f3re zosta\u0142o docenione w sto\u0142\u00f3wkach szkolnych.<\/p>\n<p><img decoding=\"async\" src=\"https:\/\/www.groupeguillin.fr\/wp-content\/uploads\/2020\/12\/RESTIPULP-3C-2-cadree-21x14-rvb-300dpi-300x200.jpg\" width=\"300\" height=\"200\" alt=\"\" class=\"wp-image-3913 alignnone size-medium\" \/><\/p>\n<p>\n\n\t\t\t\t\t\t\t<\/div>\n\t\t\t\t\t\t\t\n\t\t\t\t\t\t    <\/div>\n\t\t\t\t\t    <\/div>    <div id=\"\" class=\"cd-timeline-block  et_pb_vertical_timeline_item_12\">\n\t\t\t\t\t\t    <div class=\"cd-timeline-img\" style=\"background-color: #00a569\"><span class=\"et-pb-icon et-pb-icon-circle\" style=\"color: #00a569\"><\/span><\/div>\n\t\t\t    \n\t\t\t\t\t\t    <div class=\"cd-timeline-content\">\n\t\t\t\t\t\t\t\n\t\t\t\t\t\t\t<div class=\"cd-timeline-content-liner \">\n\t\t\t\t\t\t\t\t<h2>2020<\/h2>\n\t\t\t\t\t\t\t\t<\/p>\n<p>Narodziny <strong>ECOSOFT<\/strong>, monomateria\u0142owego, w 100% nadaj\u0105cego si\u0119 do recyklingu rozwi\u0105zania do bezpiecznego pakowania delikatnych owoc\u00f3w, takich jak owoce jagodowe, gwarantuj\u0105cego ich d\u0142u\u017cszy okres przydatno\u015bci do spo\u017cycia.<br \/> <img decoding=\"async\" src=\"https:\/\/www.groupeguillin.fr\/wp-content\/uploads\/2020\/12\/ECOSOFT-fraises72-dpi-1-v2-300x200.jpg\" width=\"300\" height=\"200\" alt=\"\" class=\"wp-image-3905 alignnone size-medium\" \/><\/p>\n<p>\n\n\t\t\t\t\t\t\t<\/div>\n\t\t\t\t\t\t\t\n\t\t\t\t\t\t    <\/div>\n\t\t\t\t\t    <\/div>    <div id=\"\" class=\"cd-timeline-block  et_pb_vertical_timeline_item_13\">\n\t\t\t\t\t\t    <div class=\"cd-timeline-img\" style=\"background-color: #00a569\"><span class=\"et-pb-icon et-pb-icon-circle\" style=\"color: #ffffff\"><\/span><\/div>\n\t\t\t    \n\t\t\t\t\t\t    <div class=\"cd-timeline-content\">\n\t\t\t\t\t\t\t\n\t\t\t\t\t\t\t<div class=\"cd-timeline-content-liner \">\n\t\t\t\t\t\t\t\t<h2>2020<\/h2>\n\t\t\t\t\t\t\t\t<\/p>\n<p>Wprowadzenie na rynek <strong>DUALIPACK<\/strong>, rozdzielnej tacki z tektury i PET bez u\u017cycia kleju, w 100% nadaj\u0105cej si\u0119 do recyklingu, zawieraj\u0105cej o 50% mniejsz\u0105 ilo\u015b\u0107 plastiku.<\/p>\n<p><img decoding=\"async\" src=\"https:\/\/www.groupeguillin.fr\/wp-content\/uploads\/2020\/12\/DUALIPACK-SAUMON-24x16-rvb-300dpi-300x200.jpg\" width=\"300\" height=\"200\" alt=\"\" class=\"wp-image-3904 alignnone size-medium\" \/><\/p>\n<p>\n\n\t\t\t\t\t\t\t<\/div>\n\t\t\t\t\t\t\t\n\t\t\t\t\t\t    <\/div>\n\t\t\t\t\t    <\/div><\/section>\n\t\t\t\t    <\/div>\n\t\t\t<\/div>\n\t\t\t\t\n\t\t\t\t\n\t\t\t\t\n\t\t\t\t\n\t\t\t<\/div>\n\t\t\t\t\n\t\t\t\t\n\t\t\t<\/div><\/p>\n","protected":false},"excerpt":{"rendered":"","protected":false},"author":1,"featured_media":0,"parent":0,"menu_order":0,"comment_status":"closed","ping_status":"closed","template":"","meta":{"_acf_changed":false,"_et_pb_use_builder":"on","_et_pb_old_content":"","_et_gb_content_width":"","footnotes":""},"class_list":["post-10187","page","type-page","status-publish","hentry"],"acf":[],"yoast_head":"<!-- This site is optimized with the Yoast SEO plugin v28.3 - https:\/\/yoast.com\/product\/yoast-seo-wordpress\/ -->\n<title>INNOWACJE I WZORNICTWO - Groupe GUILLIN<\/title>\n<meta name=\"description\" content=\"Le Groupe GUILLIN est le r\u00e9f\u00e9rent europ\u00e9en de l&#039;emballage plastique alimentaire\" \/>\n<meta name=\"robots\" content=\"index, follow, max-snippet:-1, max-image-preview:large, max-video-preview:-1\" \/>\n<link rel=\"canonical\" href=\"https:\/\/www.groupeguillin.fr\/pl\/innowacje-i-wzornictwo\/\" \/>\n<meta property=\"og:locale\" content=\"pl_PL\" \/>\n<meta property=\"og:type\" content=\"article\" \/>\n<meta property=\"og:title\" content=\"INNOWACJE I WZORNICTWO - Groupe GUILLIN\" \/>\n<meta property=\"og:description\" content=\"Le Groupe GUILLIN est le r\u00e9f\u00e9rent europ\u00e9en de l&#039;emballage plastique alimentaire\" \/>\n<meta property=\"og:url\" content=\"https:\/\/www.groupeguillin.fr\/pl\/innowacje-i-wzornictwo\/\" \/>\n<meta property=\"og:site_name\" content=\"Groupe GUILLIN\" \/>\n<meta property=\"article:modified_time\" content=\"2025-10-06T10:27:39+00:00\" \/>\n<meta property=\"og:image\" content=\"https:\/\/www.groupeguillin.fr\/wp-content\/uploads\/2020\/12\/PATIPACK-B14B-cadree-21x15-rvb-300dpi-eqlbr-1-2018-300x200.jpg\" \/>\n<meta name=\"twitter:card\" content=\"summary_large_image\" \/>\n<meta name=\"twitter:label1\" content=\"Est. reading time\" \/>\n\t<meta name=\"twitter:data1\" content=\"12 minutes\" \/>\n<script type=\"application\/ld+json\" class=\"yoast-schema-graph\">{\"@context\":\"https:\\\/\\\/schema.org\",\"@graph\":[{\"@type\":\"WebPage\",\"@id\":\"https:\\\/\\\/www.groupeguillin.fr\\\/pl\\\/innowacje-i-wzornictwo\\\/\",\"url\":\"https:\\\/\\\/www.groupeguillin.fr\\\/pl\\\/innowacje-i-wzornictwo\\\/\",\"name\":\"INNOWACJE I WZORNICTWO - Groupe GUILLIN\",\"isPartOf\":{\"@id\":\"https:\\\/\\\/www.groupeguillin.fr\\\/pl\\\/#website\"},\"primaryImageOfPage\":{\"@id\":\"https:\\\/\\\/www.groupeguillin.fr\\\/pl\\\/innowacje-i-wzornictwo\\\/#primaryimage\"},\"image\":{\"@id\":\"https:\\\/\\\/www.groupeguillin.fr\\\/pl\\\/innowacje-i-wzornictwo\\\/#primaryimage\"},\"thumbnailUrl\":\"https:\\\/\\\/www.groupeguillin.fr\\\/wp-content\\\/uploads\\\/2020\\\/12\\\/PATIPACK-B14B-cadree-21x15-rvb-300dpi-eqlbr-1-2018-300x200.jpg\",\"datePublished\":\"2022-02-10T14:46:11+00:00\",\"dateModified\":\"2025-10-06T10:27:39+00:00\",\"description\":\"Le Groupe GUILLIN est le r\u00e9f\u00e9rent europ\u00e9en de l'emballage plastique alimentaire\",\"breadcrumb\":{\"@id\":\"https:\\\/\\\/www.groupeguillin.fr\\\/pl\\\/innowacje-i-wzornictwo\\\/#breadcrumb\"},\"inLanguage\":\"pl-PL\",\"potentialAction\":[{\"@type\":\"ReadAction\",\"target\":[\"https:\\\/\\\/www.groupeguillin.fr\\\/pl\\\/innowacje-i-wzornictwo\\\/\"]}]},{\"@type\":\"ImageObject\",\"inLanguage\":\"pl-PL\",\"@id\":\"https:\\\/\\\/www.groupeguillin.fr\\\/pl\\\/innowacje-i-wzornictwo\\\/#primaryimage\",\"url\":\"https:\\\/\\\/www.groupeguillin.fr\\\/wp-content\\\/uploads\\\/2020\\\/12\\\/PATIPACK-B14B-cadree-21x15-rvb-300dpi-eqlbr-1-2018-300x200.jpg\",\"contentUrl\":\"https:\\\/\\\/www.groupeguillin.fr\\\/wp-content\\\/uploads\\\/2020\\\/12\\\/PATIPACK-B14B-cadree-21x15-rvb-300dpi-eqlbr-1-2018-300x200.jpg\"},{\"@type\":\"BreadcrumbList\",\"@id\":\"https:\\\/\\\/www.groupeguillin.fr\\\/pl\\\/innowacje-i-wzornictwo\\\/#breadcrumb\",\"itemListElement\":[{\"@type\":\"ListItem\",\"position\":1,\"name\":\"Accueil\",\"item\":\"https:\\\/\\\/www.groupeguillin.fr\\\/pl\\\/\"},{\"@type\":\"ListItem\",\"position\":2,\"name\":\"INNOWACJE I WZORNICTWO\"}]},{\"@type\":\"WebSite\",\"@id\":\"https:\\\/\\\/www.groupeguillin.fr\\\/pl\\\/#website\",\"url\":\"https:\\\/\\\/www.groupeguillin.fr\\\/pl\\\/\",\"name\":\"Groupe GUILLIN\",\"description\":\"We protect your food\",\"publisher\":{\"@id\":\"https:\\\/\\\/www.groupeguillin.fr\\\/pl\\\/#organization\"},\"potentialAction\":[{\"@type\":\"SearchAction\",\"target\":{\"@type\":\"EntryPoint\",\"urlTemplate\":\"https:\\\/\\\/www.groupeguillin.fr\\\/pl\\\/?s={search_term_string}\"},\"query-input\":{\"@type\":\"PropertyValueSpecification\",\"valueRequired\":true,\"valueName\":\"search_term_string\"}}],\"inLanguage\":\"pl-PL\"},{\"@type\":\"Organization\",\"@id\":\"https:\\\/\\\/www.groupeguillin.fr\\\/pl\\\/#organization\",\"name\":\"Groupe GUILLIN\",\"url\":\"https:\\\/\\\/www.groupeguillin.fr\\\/pl\\\/\",\"logo\":{\"@type\":\"ImageObject\",\"inLanguage\":\"pl-PL\",\"@id\":\"https:\\\/\\\/www.groupeguillin.fr\\\/pl\\\/#\\\/schema\\\/logo\\\/image\\\/\",\"url\":\"https:\\\/\\\/www.groupeguillin.fr\\\/wp-content\\\/uploads\\\/2020\\\/09\\\/Logo-guillin-1.png\",\"contentUrl\":\"https:\\\/\\\/www.groupeguillin.fr\\\/wp-content\\\/uploads\\\/2020\\\/09\\\/Logo-guillin-1.png\",\"width\":1172,\"height\":300,\"caption\":\"Groupe GUILLIN\"},\"image\":{\"@id\":\"https:\\\/\\\/www.groupeguillin.fr\\\/pl\\\/#\\\/schema\\\/logo\\\/image\\\/\"},\"sameAs\":[\"https:\\\/\\\/www.instagram.com\\\/groupeguillin\\\/\",\"https:\\\/\\\/www.linkedin.com\\\/company\\\/guillin-emballages\\\/\",\"https:\\\/\\\/www.youtube.com\\\/channel\\\/UCS-Q4Qkgd1bN9pdIPGRjogQ\"]}]}<\/script>\n<!-- \/ Yoast SEO plugin. -->","yoast_head_json":{"title":"INNOWACJE I WZORNICTWO - Groupe GUILLIN","description":"Le Groupe GUILLIN est le r\u00e9f\u00e9rent europ\u00e9en de l'emballage plastique alimentaire","robots":{"index":"index","follow":"follow","max-snippet":"max-snippet:-1","max-image-preview":"max-image-preview:large","max-video-preview":"max-video-preview:-1"},"canonical":"https:\/\/www.groupeguillin.fr\/pl\/innowacje-i-wzornictwo\/","og_locale":"pl_PL","og_type":"article","og_title":"INNOWACJE I WZORNICTWO - Groupe GUILLIN","og_description":"Le Groupe GUILLIN est le r\u00e9f\u00e9rent europ\u00e9en de l'emballage plastique alimentaire","og_url":"https:\/\/www.groupeguillin.fr\/pl\/innowacje-i-wzornictwo\/","og_site_name":"Groupe GUILLIN","article_modified_time":"2025-10-06T10:27:39+00:00","og_image":[{"url":"https:\/\/www.groupeguillin.fr\/wp-content\/uploads\/2020\/12\/PATIPACK-B14B-cadree-21x15-rvb-300dpi-eqlbr-1-2018-300x200.jpg","type":"","width":"","height":""}],"twitter_card":"summary_large_image","twitter_misc":{"Est. reading time":"12 minutes"},"schema":{"@context":"https:\/\/schema.org","@graph":[{"@type":"WebPage","@id":"https:\/\/www.groupeguillin.fr\/pl\/innowacje-i-wzornictwo\/","url":"https:\/\/www.groupeguillin.fr\/pl\/innowacje-i-wzornictwo\/","name":"INNOWACJE I WZORNICTWO - Groupe GUILLIN","isPartOf":{"@id":"https:\/\/www.groupeguillin.fr\/pl\/#website"},"primaryImageOfPage":{"@id":"https:\/\/www.groupeguillin.fr\/pl\/innowacje-i-wzornictwo\/#primaryimage"},"image":{"@id":"https:\/\/www.groupeguillin.fr\/pl\/innowacje-i-wzornictwo\/#primaryimage"},"thumbnailUrl":"https:\/\/www.groupeguillin.fr\/wp-content\/uploads\/2020\/12\/PATIPACK-B14B-cadree-21x15-rvb-300dpi-eqlbr-1-2018-300x200.jpg","datePublished":"2022-02-10T14:46:11+00:00","dateModified":"2025-10-06T10:27:39+00:00","description":"Le Groupe GUILLIN est le r\u00e9f\u00e9rent europ\u00e9en de l'emballage plastique alimentaire","breadcrumb":{"@id":"https:\/\/www.groupeguillin.fr\/pl\/innowacje-i-wzornictwo\/#breadcrumb"},"inLanguage":"pl-PL","potentialAction":[{"@type":"ReadAction","target":["https:\/\/www.groupeguillin.fr\/pl\/innowacje-i-wzornictwo\/"]}]},{"@type":"ImageObject","inLanguage":"pl-PL","@id":"https:\/\/www.groupeguillin.fr\/pl\/innowacje-i-wzornictwo\/#primaryimage","url":"https:\/\/www.groupeguillin.fr\/wp-content\/uploads\/2020\/12\/PATIPACK-B14B-cadree-21x15-rvb-300dpi-eqlbr-1-2018-300x200.jpg","contentUrl":"https:\/\/www.groupeguillin.fr\/wp-content\/uploads\/2020\/12\/PATIPACK-B14B-cadree-21x15-rvb-300dpi-eqlbr-1-2018-300x200.jpg"},{"@type":"BreadcrumbList","@id":"https:\/\/www.groupeguillin.fr\/pl\/innowacje-i-wzornictwo\/#breadcrumb","itemListElement":[{"@type":"ListItem","position":1,"name":"Accueil","item":"https:\/\/www.groupeguillin.fr\/pl\/"},{"@type":"ListItem","position":2,"name":"INNOWACJE I WZORNICTWO"}]},{"@type":"WebSite","@id":"https:\/\/www.groupeguillin.fr\/pl\/#website","url":"https:\/\/www.groupeguillin.fr\/pl\/","name":"Groupe GUILLIN","description":"We protect your food","publisher":{"@id":"https:\/\/www.groupeguillin.fr\/pl\/#organization"},"potentialAction":[{"@type":"SearchAction","target":{"@type":"EntryPoint","urlTemplate":"https:\/\/www.groupeguillin.fr\/pl\/?s={search_term_string}"},"query-input":{"@type":"PropertyValueSpecification","valueRequired":true,"valueName":"search_term_string"}}],"inLanguage":"pl-PL"},{"@type":"Organization","@id":"https:\/\/www.groupeguillin.fr\/pl\/#organization","name":"Groupe GUILLIN","url":"https:\/\/www.groupeguillin.fr\/pl\/","logo":{"@type":"ImageObject","inLanguage":"pl-PL","@id":"https:\/\/www.groupeguillin.fr\/pl\/#\/schema\/logo\/image\/","url":"https:\/\/www.groupeguillin.fr\/wp-content\/uploads\/2020\/09\/Logo-guillin-1.png","contentUrl":"https:\/\/www.groupeguillin.fr\/wp-content\/uploads\/2020\/09\/Logo-guillin-1.png","width":1172,"height":300,"caption":"Groupe GUILLIN"},"image":{"@id":"https:\/\/www.groupeguillin.fr\/pl\/#\/schema\/logo\/image\/"},"sameAs":["https:\/\/www.instagram.com\/groupeguillin\/","https:\/\/www.linkedin.com\/company\/guillin-emballages\/","https:\/\/www.youtube.com\/channel\/UCS-Q4Qkgd1bN9pdIPGRjogQ"]}]}},"publishpress_future_action":{"enabled":false,"date":"2026-09-10 22:33:15","action":"change-status","newStatus":"draft","terms":[],"taxonomy":"translation_priority","extraData":[]},"publishpress_future_workflow_manual_trigger":{"enabledWorkflows":[]},"_links":{"self":[{"href":"https:\/\/www.groupeguillin.fr\/pl\/wp-json\/wp\/v2\/pages\/10187","targetHints":{"allow":["GET"]}}],"collection":[{"href":"https:\/\/www.groupeguillin.fr\/pl\/wp-json\/wp\/v2\/pages"}],"about":[{"href":"https:\/\/www.groupeguillin.fr\/pl\/wp-json\/wp\/v2\/types\/page"}],"author":[{"embeddable":true,"href":"https:\/\/www.groupeguillin.fr\/pl\/wp-json\/wp\/v2\/users\/1"}],"replies":[{"embeddable":true,"href":"https:\/\/www.groupeguillin.fr\/pl\/wp-json\/wp\/v2\/comments?post=10187"}],"version-history":[{"count":12,"href":"https:\/\/www.groupeguillin.fr\/pl\/wp-json\/wp\/v2\/pages\/10187\/revisions"}],"predecessor-version":[{"id":21382,"href":"https:\/\/www.groupeguillin.fr\/pl\/wp-json\/wp\/v2\/pages\/10187\/revisions\/21382"}],"wp:attachment":[{"href":"https:\/\/www.groupeguillin.fr\/pl\/wp-json\/wp\/v2\/media?parent=10187"}],"curies":[{"name":"wp","href":"https:\/\/api.w.org\/{rel}","templated":true}]}}