{"id":15062,"date":"2023-04-10T11:26:20","date_gmt":"2023-04-10T09:26:20","guid":{"rendered":"https:\/\/www.groupeguillin.fr\/frutta-verdura\/"},"modified":"2024-10-02T15:26:50","modified_gmt":"2024-10-02T13:26:50","slug":"frutta-verdura","status":"publish","type":"page","link":"https:\/\/www.groupeguillin.fr\/it\/frutta-verdura\/","title":{"rendered":"FRUTTA &#038; VERDURA"},"content":{"rendered":"<p><div class=\"et_d4_element et_pb_section et_pb_section_0  et_pb_css_mix_blend_mode et_section_regular et_block_section\" >\n\t\t\t\t\n\t\t\t\t\n\t\t\t\t\n\t\t\t\t\n\t\t\t\t\n\t\t\t\t\n\t\t\t\t<div class=\"et_d4_element et_pb_row et_pb_row_0 et_animated et_pb_equal_columns  et_pb_css_mix_blend_mode et_block_row\">\n\t\t\t\t<div class=\"et_d4_element et_pb_column_4_4 et_pb_column et_pb_column_0  et_pb_css_mix_blend_mode et-last-child et_block_column\">\n\t\t\t\t\n\t\t\t\t\n\t\t\t\t\n\t\t\t\t\n\t\t\t\t<div id=\"slider-solutions\" class=\"et_pb_module et_d4_element et_pb_slider et_pb_slider_0 et_pb_slider_fullwidth_off\">\n\t\t\t\t<div class=\"et_pb_slides\">\n\t\t\t\t\t<div class=\"et_d4_element et_pb_slide et_pb_slide_0  et_pb_css_mix_blend_mode et_pb_bg_layout_dark et_pb_media_alignment_center et-pb-active-slide\" data-slide-id=\"et_pb_slide_0\">\n\t\t\t\t\n\t\t\t\t\n\t\t\t\t<div class=\"et_pb_container clearfix\">\n\t\t\t\t\t<div class=\"et_pb_slider_container_inner\">\n\t\t\t\t\t\t\n\t\t\t\t\t\t<div class=\"et_pb_slide_description\">\n\t\t\t\t\t\t\t<h1 class=\"et_pb_slide_title\"><a href=\"mailto:freshproduce@groupeguillin.com\">FRUTTA & VERDURA<\/a><\/h1><div class=\"et_pb_slide_content\"><h4><strong><br \/><b>CLAMIPACK<\/b><br \/><\/strong><\/h4>\n<p>Imballaggio ventilato e impilabile al 100% riciclabile<\/p>\n<p>Coperchio a strappo e beccuccio sull\u2019angolo<\/p><\/div>\n\t\t\t\t\t\t\t<div class=\"et_pb_button_wrapper\"><a class=\"et_pb_button et_pb_more_button\" href=\"mailto:freshproduce@groupeguillin.com\">CONTATTATECI<\/a><\/div>\n\t\t\t\t\t\t<\/div>\n\t\t\t\t\t<\/div>\n\t\t\t\t<\/div>\n\t\t\t\t\n\t\t\t\t\n\t\t\t\t\n\t\t\t<\/div>\n\t\t\t\n\t\t\t\t<\/div>\n\t\t\t\t\n\t\t\t<\/div>\n\t\t\t\n\t\t\t<\/div>\n\t\t\t\t\n\t\t\t\t\n\t\t\t\t\n\t\t\t\t\n\t\t\t<\/div>\n\t\t\t\t\n\t\t\t\t\n\t\t\t<\/div><div class=\"et_d4_element et_pb_section et_pb_section_1  et_pb_css_mix_blend_mode et_section_regular et_block_section\" >\n\t\t\t\t\n\t\t\t\t\n\t\t\t\t\n\t\t\t\t\n\t\t\t\t\n\t\t\t\t\n\t\t\t\t<div class=\"et_d4_element et_pb_row et_pb_row_1 et_animated et_pb_equal_columns  et_pb_css_mix_blend_mode et_block_row\">\n\t\t\t\t<div class=\"et_d4_element et_pb_column_4_4 et_pb_column et_pb_column_1  et_pb_css_mix_blend_mode et-last-child et_block_column\">\n\t\t\t\t\n\t\t\t\t\n\t\t\t\t\n\t\t\t\t\n\t\t\t\t<div class=\"et_pb_module et_d4_element et_pb_text et_pb_text_0  et_pb_text_align_left et_pb_bg_layout_light\">\n\t\t\t\t\n\t\t\t\t\n\t\t\t\t\n\t\t\t\t\n\t\t\t\t<div class=\"et_pb_text_inner\"><h2><strong>OVUNQUE, DAL PRODUTTORE AL CONSUMATORE <\/strong><\/h2><\/div>\n\t\t\t<\/div>\n\t\t\t<\/div>\n\t\t\t\t\n\t\t\t\t\n\t\t\t\t\n\t\t\t\t\n\t\t\t<\/div><div class=\"et_d4_element et_pb_row et_pb_row_2 et_animated et_pb_equal_columns  et_pb_css_mix_blend_mode et_block_row\">\n\t\t\t\t<div class=\"et_d4_element et_pb_column_1_2 et_pb_column et_pb_column_2  et_pb_css_mix_blend_mode et_block_column\">\n\t\t\t\t\n\t\t\t\t\n\t\t\t\t\n\t\t\t\t\n\t\t\t\t<div class=\"et_pb_module et_d4_element et_pb_text et_pb_text_1  et_pb_text_align_left et_pb_bg_layout_light\">\n\t\t\t\t\n\t\t\t\t\n\t\t\t\t\n\t\t\t\t\n\t\t\t\t<div class=\"et_pb_text_inner\"><p>Con 4 impianti di produzione in Europa specializzati nella fabbricazione di imballaggi termoformati per confezionare e proteggere frutta e verdura fresca, e un impianto di produzione di imballaggi in cartone, Division Fresh Produce del Gruppo GUILLIN mette a disposizione dei clienti una gamma di prodotti al 100% riciclabili o compostabili.<\/p>\n<p>Con impianti industriali in 4 paesi, il Gruppo GUILLIN offre a produttori e confezionatori di frutta e verdura un\u2019assistenza logistica, una sicurezza di approvvigionamento, una capacit\u00e0 di produzione unica e una risposta ottimale per rispondere a una domanda stagionale.<\/p>\n<p>Qualunque sia la posizione geografica dei produttori e confezionatori, le aziende di Division Fresh Produce operano in stretta coordinazione per proporre e consegnare in tempi brevi tutta la gamma del Gruppo.<\/p><\/div>\n\t\t\t<\/div>\n\t\t\t<\/div><div class=\"et_d4_element et_pb_column_1_2 et_pb_column et_pb_column_3  et_pb_css_mix_blend_mode et-last-child et_block_column\">\n\t\t\t\t\n\t\t\t\t\n\t\t\t\t\n\t\t\t\t\n\t\t\t\t<div class=\"et_pb_module et_d4_element et_pb_text et_pb_text_2  et_pb_text_align_left et_pb_bg_layout_light\">\n\t\t\t\t\n\t\t\t\t\n\t\t\t\t\n\t\t\t\t\n\t\t\t\t<div class=\"et_pb_text_inner\"><p>L'esperienza e lo sviluppo storico di ognuna delle aziende permette di offrire una ampia gamma di soluzioni: imballaggi alveolari, vaschette in PP e RPET, vaschette in cartone, confezionamenti per piccoli frutti prodotti in grandi serie, cestelli e coperchi dal design innovativo in RPET, vaschette promozionali per frutti di bosco, uva, ecc.\u2026<\/p>\n<p>Division Fresh Produce del Gruppo GUILLIN \u00e8 presente anche fuori dall\u2019Europa grazie a una rete commerciale molto estesa, che permette di seguire continuamente la domanda dei committenti europei importatori di frutta e verdura provenienti da Paesi lontani.\u00a0\u00a0<\/p><\/div>\n\t\t\t<\/div>\n\t\t\t<\/div>\n\t\t\t\t\n\t\t\t\t\n\t\t\t\t\n\t\t\t\t\n\t\t\t<\/div>\n\t\t\t\t\n\t\t\t\t\n\t\t\t<\/div><div class=\"et_d4_element et_pb_section et_pb_section_2 et_animated et_pb_with_background  et_pb_css_mix_blend_mode et_section_regular et_block_section\" >\n\t\t\t\t\n\t\t\t\t\n\t\t\t\t\n\t\t\t\t\n\t\t\t\t\n\t\t\t\t\n\t\t\t\t<div class=\"et_d4_element et_pb_row et_pb_row_3 et_animated et_pb_equal_columns  et_pb_css_mix_blend_mode et_block_row\">\n\t\t\t\t<div class=\"et_d4_element et_pb_column_1_3 et_pb_column et_pb_column_4  et_pb_css_mix_blend_mode et_block_column\">\n\t\t\t\t\n\t\t\t\t\n\t\t\t\t\n\t\t\t\t\n\t\t\t\t<div class=\"et_pb_module et_d4_element et_pb_text et_pb_text_3  et_pb_text_align_left et_pb_bg_layout_light\">\n\t\t\t\t\n\t\t\t\t\n\t\t\t\t\n\t\t\t\t\n\t\t\t\t<div class=\"et_pb_text_inner\"><h3 style=\"color: white; font-size: 28px; text-align: center;\">PROTEZIONE<\/h3><\/div>\n\t\t\t<\/div><div class=\"et_pb_module et_d4_element et_pb_image et_pb_image_0 et_animated et-waypoint\">\n\t\t\t\t\n\t\t\t\t\n\t\t\t\t\n\t\t\t\t\n\t\t\t\t<span class=\"et_pb_image_wrap \"><img decoding=\"async\" width=\"512\" height=\"512\" src=\"https:\/\/www.groupeguillin.fr\/wp-content\/uploads\/2020\/11\/Protection.png\" alt=\"\" title=\"PROTEZIONE\" class=\"wp-image-2710\" \/><\/span>\n\t\t\t<\/div><div class=\"et_pb_module et_d4_element et_pb_text et_pb_text_4  et_pb_text_align_center et_pb_bg_layout_light\">\n\t\t\t\t\n\t\t\t\t\n\t\t\t\t\n\t\t\t\t\n\t\t\t\t<div class=\"et_pb_text_inner\"><p style=\"text-align: justify;\">La nostra priorit\u00e0 \u00e8 la protezione degli alimenti e delle persone. I nostri imballaggi garantiscono la sicurezza e l\u2019igiene del contenuto da agenti esterni: contaminazioni, freddo, caldo, luce, furto\u2026 dalla produzione alla tavola del consumatore.<\/p><\/div>\n\t\t\t<\/div><div class=\"et_pb_button_module_wrapper et_pb_button_0_wrapper et_pb_button_alignment_center et_pb_module \">\n\t\t\t\t<a class=\"et_pb_button et_d4_element et_pb_button_0 et_pb_bg_layout_light et_block_module\" href=\"https:\/\/www.groupeguillin.fr\/it\/innovation-et-design\/\">SCOPRIRE<\/a>\n\t\t\t<\/div>\n\t\t\t<\/div><div class=\"et_d4_element et_pb_column_1_3 et_pb_column et_pb_column_5  et_pb_css_mix_blend_mode et_block_column\">\n\t\t\t\t\n\t\t\t\t\n\t\t\t\t\n\t\t\t\t\n\t\t\t\t<div class=\"et_pb_module et_d4_element et_pb_text et_pb_text_5  et_pb_text_align_left et_pb_bg_layout_light\">\n\t\t\t\t\n\t\t\t\t\n\t\t\t\t\n\t\t\t\t\n\t\t\t\t<div class=\"et_pb_text_inner\"><h3 style=\"color: white; font-size: 28px; text-align: center;\">TRASPORTO<\/h3><\/div>\n\t\t\t<\/div><div class=\"et_pb_module et_d4_element et_pb_image et_pb_image_1 et_animated et-waypoint\">\n\t\t\t\t\n\t\t\t\t\n\t\t\t\t\n\t\t\t\t\n\t\t\t\t<span class=\"et_pb_image_wrap \"><img decoding=\"async\" width=\"214\" height=\"150\" src=\"https:\/\/www.groupeguillin.fr\/wp-content\/uploads\/2020\/09\/transport.png\" alt=\"\" title=\"TRASPORTO\" class=\"wp-image-984\" \/><\/span>\n\t\t\t<\/div><div class=\"et_pb_module et_d4_element et_pb_text et_pb_text_6  et_pb_text_align_center et_pb_bg_layout_light\">\n\t\t\t\t\n\t\t\t\t\n\t\t\t\t\n\t\t\t\t\n\t\t\t\t<div class=\"et_pb_text_inner\"><p style=\"text-align: justify;\">Gli imballaggi sono perfettamente adeguati alla forma, al calibro e alla grammatura dei prodotti trasportati. Sono progettati per adattarsi a tutti i tipi di casse di trasporto per ottimizzare il volume e garantire la massima protezione.<\/p><\/div>\n\t\t\t<\/div>\n\t\t\t<\/div><div class=\"et_d4_element et_pb_column_1_3 et_pb_column et_pb_column_6  et_pb_css_mix_blend_mode et-last-child et_block_column\">\n\t\t\t\t\n\t\t\t\t\n\t\t\t\t\n\t\t\t\t\n\t\t\t\t<div class=\"et_pb_module et_d4_element et_pb_text et_pb_text_7  et_pb_text_align_left et_pb_bg_layout_light\">\n\t\t\t\t\n\t\t\t\t\n\t\t\t\t\n\t\t\t\t\n\t\t\t\t<div class=\"et_pb_text_inner\"><h3 style=\"color: white; font-size: 28px; text-align: center;\">AMBIENTE<\/h3><\/div>\n\t\t\t<\/div><div class=\"et_pb_module et_d4_element et_pb_image et_pb_image_2 et_animated et-waypoint\">\n\t\t\t\t\n\t\t\t\t\n\t\t\t\t\n\t\t\t\t\n\t\t\t\t<span class=\"et_pb_image_wrap \"><img decoding=\"async\" width=\"512\" height=\"512\" src=\"https:\/\/www.groupeguillin.fr\/wp-content\/uploads\/2020\/11\/environnement.png\" alt=\"\" title=\"AMBIENTE\" class=\"wp-image-2709\" \/><\/span>\n\t\t\t<\/div><div class=\"et_pb_module et_d4_element et_pb_text et_pb_text_8  et_pb_text_align_center et_pb_bg_layout_light\">\n\t\t\t\t\n\t\t\t\t\n\t\t\t\t\n\t\t\t\t\n\t\t\t\t<div class=\"et_pb_text_inner\"><p style=\"text-align: justify;\">Gli imballaggi sono al 100% riciclabili, riutilizzabili o compostabili. Integriamo negli imballaggi in PET almeno il 30% di rPET. Gli imballaggi in cartone che produciamo sono eco design e vengono fabbricati con materia vergine.<\/p><\/div>\n\t\t\t<\/div><div class=\"et_pb_button_module_wrapper et_pb_button_1_wrapper et_pb_button_alignment_center et_pb_module \">\n\t\t\t\t<a class=\"et_pb_button et_d4_element et_pb_button_1 et_pb_bg_layout_light et_block_module\" href=\"https:\/\/www.groupeguillin.fr\/environnement\/\">SCOPRIRE<\/a>\n\t\t\t<\/div>\n\t\t\t<\/div>\n\t\t\t\t\n\t\t\t\t\n\t\t\t\t\n\t\t\t\t\n\t\t\t<\/div>\n\t\t\t\t\n\t\t\t\t\n\t\t\t<\/div><div class=\"et_d4_element et_pb_section et_pb_section_3 produits-phares et_animated  et_pb_css_mix_blend_mode et_section_regular et_block_section\" >\n\t\t\t\t\n\t\t\t\t\n\t\t\t\t\n\t\t\t\t\n\t\t\t\t\n\t\t\t\t\n\t\t\t\t<div class=\"et_d4_element et_pb_row et_pb_row_4 et_animated et_pb_equal_columns  et_pb_css_mix_blend_mode et_block_row\">\n\t\t\t\t<div class=\"et_d4_element et_pb_column_4_4 et_pb_column et_pb_column_7  et_pb_css_mix_blend_mode et-last-child et_block_column\">\n\t\t\t\t\n\t\t\t\t\n\t\t\t\t\n\t\t\t\t\n\t\t\t\t<div class=\"et_pb_module et_d4_element et_pb_text et_pb_text_9  et_pb_text_align_left et_pb_bg_layout_light\">\n\t\t\t\t\n\t\t\t\t\n\t\t\t\t\n\t\t\t\t\n\t\t\t\t<div class=\"et_pb_text_inner\"><h2 style=\"text-align: center;\">I NOSTRI ARTICOLI ESSENZIALI DEL MOMENTO<\/h2><\/div>\n\t\t\t<\/div>\n\t\t\t<\/div>\n\t\t\t\t\n\t\t\t\t\n\t\t\t\t\n\t\t\t\t\n\t\t\t<\/div><div class=\"et_d4_element et_pb_row et_pb_row_5 row-produit et_animated et_pb_equal_columns  et_pb_css_mix_blend_mode et_block_row\">\n\t\t\t\t<div class=\"et_d4_element et_pb_column_2_5 et_pb_column et_pb_column_8  et_pb_css_mix_blend_mode et_block_column\">\n\t\t\t\t\n\t\t\t\t\n\t\t\t\t\n\t\t\t\t\n\t\t\t\t<div class=\"et_pb_module et_d4_element et_pb_image et_pb_image_3\">\n\t\t\t\t\n\t\t\t\t\n\t\t\t\t\n\t\t\t\t\n\t\t\t\t<span class=\"et_pb_image_wrap \"><img decoding=\"async\" width=\"1024\" height=\"683\" src=\"https:\/\/www.groupeguillin.fr\/wp-content\/uploads\/2020\/09\/ECOSOFT-fraises72-dpi-1-1024x683.jpg\" alt=\"\" title=\"ECOSOFT fraises72 dpi-1\" class=\"wp-image-987\" \/><\/span>\n\t\t\t<\/div>\n\t\t\t<\/div><div class=\"et_d4_element et_pb_column_3_5 et_pb_column et_pb_column_9  et_pb_css_mix_blend_mode et-last-child et_block_column\">\n\t\t\t\t\n\t\t\t\t\n\t\t\t\t\n\t\t\t\t\n\t\t\t\t<div class=\"et_pb_module et_d4_element et_pb_cta_0 description et_pb_promo  et_pb_text_align_center et_pb_bg_layout_dark\">\n\t\t\t\t\n\t\t\t\t\n\t\t\t\t\n\t\t\t\t\n\t\t\t\t<div class=\"et_pb_promo_description\"><h3 class=\"et_pb_module_header\">Vaschetta PET ECOSOFT<\/h3><div><p style=\"text-align: justify;\">Una soluzione unica e brevettata monomateriale con fondo protettore che sostituisce il materasso a bolle (bullpack) incollato per il confezionamento di frutta delicata. ECOSOFT \u00e8 un prodotto eco design al 100% riciclabile che permette di proteggere meglio la frutta grazie a un design del fondo che funge da ammortizzatore di urti, isola la frutta dal succo che pu\u00f2 rilasciare e permette una migliore circolazione dell\u2019aria.<\/p>\n<p><img decoding=\"async\" class=\"wp-image-1233 alignnone size-full\" src=\"https:\/\/www.groupeguillin.fr\/wp-content\/uploads\/2020\/09\/oeil.png\" alt=\"\" width=\"75\" height=\"75\" \/> <img decoding=\"async\" class=\"wp-image-1228 alignnone size-full\" src=\"https:\/\/www.groupeguillin.fr\/wp-content\/uploads\/2020\/09\/altereco-recycle.png\" alt=\"\" width=\"75\" height=\"75\" \/> <img decoding=\"async\" class=\"wp-image-1236 alignnone size-full\" src=\"https:\/\/www.groupeguillin.fr\/wp-content\/uploads\/2020\/09\/recyclage.png\" alt=\"\" width=\"75\" height=\"75\" \/><\/p><\/div><\/div>\n\t\t\t\t\n\t\t\t<\/div><style type=\"text\/css\">.et_pb_cta_0.et_pb_promo{background-color:transparent !important;}<\/style>\n\t\t\t<\/div>\n\t\t\t\t\n\t\t\t\t\n\t\t\t\t\n\t\t\t\t\n\t\t\t<\/div><div class=\"et_d4_element et_pb_row et_pb_row_6 row-produit et_animated et_pb_equal_columns  et_pb_css_mix_blend_mode et_block_row\">\n\t\t\t\t<div class=\"et_d4_element et_pb_column_2_5 et_pb_column et_pb_column_10  et_pb_css_mix_blend_mode et_block_column\">\n\t\t\t\t\n\t\t\t\t\n\t\t\t\t\n\t\t\t\t\n\t\t\t\t<div class=\"et_pb_module et_d4_element et_pb_image et_pb_image_4\">\n\t\t\t\t\n\t\t\t\t\n\t\t\t\t\n\t\t\t\t\n\t\t\t\t<span class=\"et_pb_image_wrap \"><img decoding=\"async\" width=\"1024\" height=\"683\" src=\"https:\/\/www.groupeguillin.fr\/wp-content\/uploads\/2020\/09\/Distripack-Tomates-et-myrtilles-72-dpi-1-1024x683.jpg\" alt=\"\" title=\"Distripack Tomates et myrtilles 72 dpi-1\" class=\"wp-image-988\" \/><\/span>\n\t\t\t<\/div>\n\t\t\t<\/div><div class=\"et_d4_element et_pb_column_3_5 et_pb_column et_pb_column_11  et_pb_css_mix_blend_mode et-last-child et_block_column\">\n\t\t\t\t\n\t\t\t\t\n\t\t\t\t\n\t\t\t\t\n\t\t\t\t<div class=\"et_pb_module et_d4_element et_pb_cta_1 description et_pb_promo  et_pb_text_align_center et_pb_bg_layout_dark\">\n\t\t\t\t\n\t\t\t\t\n\t\t\t\t\n\t\t\t\t\n\t\t\t\t<div class=\"et_pb_promo_description\"><h3 class=\"et_pb_module_header\">Shaker con beccuccio in PET DISTRIPACK<\/h3><div><p style=\"text-align: justify;\">Pratico e funzionale lo shaker con beccuccio DISTRIPACK protegge i frutti ovunque andiate. Il coperchio amovibile si apre con un solo clic per lasciare posto al beccuccio, il quale permette una distribuzione semplice e veloce del frutto. Doppia cerniera per il riempimento. Sistema di ventilazione per eccellente areazione e lavaggio e sgocciolamento dei frutti. Il formato shaker \u00e8 facile da tenere in mano ed \u00e8 compatibile con i porta-bicchieri standard.<\/p>\n<p><span style=\"font-size: 14px;\"><img decoding=\"async\" class=\"wp-image-1234 alignnone size-full\" src=\"https:\/\/www.groupeguillin.fr\/wp-content\/uploads\/2020\/09\/panier.png\" alt=\"\" width=\"75\" height=\"75\" \/> <img decoding=\"async\" class=\"wp-image-1228 alignnone size-full\" src=\"https:\/\/www.groupeguillin.fr\/wp-content\/uploads\/2020\/09\/altereco-recycle.png\" alt=\"\" width=\"75\" height=\"75\" \/> <img decoding=\"async\" class=\"wp-image-1236 alignnone size-full\" src=\"https:\/\/www.groupeguillin.fr\/wp-content\/uploads\/2020\/09\/recyclage.png\" alt=\"\" width=\"75\" height=\"75\" \/>\u00a0<\/span><span style=\"font-size: 14px;\">\u00a0<\/span><\/p><\/div><\/div>\n\t\t\t\t\n\t\t\t<\/div><style type=\"text\/css\">.et_pb_cta_1.et_pb_promo{background-color:transparent !important;}<\/style>\n\t\t\t<\/div>\n\t\t\t\t\n\t\t\t\t\n\t\t\t\t\n\t\t\t\t\n\t\t\t<\/div><div class=\"et_d4_element et_pb_row et_pb_row_7 row-produit et_animated et_pb_equal_columns  et_pb_css_mix_blend_mode et_block_row\">\n\t\t\t\t<div class=\"et_d4_element et_pb_column_2_5 et_pb_column et_pb_column_12  et_pb_css_mix_blend_mode et_block_column\">\n\t\t\t\t\n\t\t\t\t\n\t\t\t\t\n\t\t\t\t\n\t\t\t\t<div class=\"et_pb_module et_d4_element et_pb_image et_pb_image_5\">\n\t\t\t\t\n\t\t\t\t\n\t\t\t\t\n\t\t\t\t\n\t\t\t\t<span class=\"et_pb_image_wrap \"><img decoding=\"async\" width=\"1024\" height=\"684\" src=\"https:\/\/www.groupeguillin.fr\/wp-content\/uploads\/2020\/09\/MAXIPACK-carton-fraise-2-1024x684.jpg\" alt=\"\" title=\"MAXIPACK carton fraise 2\" class=\"wp-image-989\" \/><\/span>\n\t\t\t<\/div>\n\t\t\t<\/div><div class=\"et_d4_element et_pb_column_3_5 et_pb_column et_pb_column_13  et_pb_css_mix_blend_mode et-last-child et_block_column\">\n\t\t\t\t\n\t\t\t\t\n\t\t\t\t\n\t\t\t\t\n\t\t\t\t<div class=\"et_pb_module et_d4_element et_pb_cta_2 description et_pb_promo  et_pb_text_align_center et_pb_bg_layout_dark\">\n\t\t\t\t\n\t\t\t\t\n\t\t\t\t\n\t\t\t\t\n\t\t\t\t<div class=\"et_pb_promo_description\"><h3 class=\"et_pb_module_header\">Cestello freschezza cartone MAXIPACK<\/h3><div><p style=\"text-align: justify;\">La vaschetta in cartone al 100% riciclabile per valorizzare la freschezza di frutta e verdura. Disponibile in modello kraft \"naturale\" o in modello decorativo \"giardino\", ventilato, preserva i prodotti ed \u00e8 resistente agli strappi. Eco design, in cartone di pura fibra vergine.<\/p>\n<p><span style=\"font-size: 14px;\"><img decoding=\"async\" class=\"wp-image-1227 alignnone size-full\" src=\"https:\/\/www.groupeguillin.fr\/wp-content\/uploads\/2020\/09\/altereco.png\" alt=\"\" width=\"75\" height=\"75\" \/> <img decoding=\"async\" class=\"wp-image-1236 alignnone size-full\" src=\"https:\/\/www.groupeguillin.fr\/wp-content\/uploads\/2020\/09\/recyclage.png\" alt=\"\" width=\"75\" height=\"75\" \/>\u00a0<\/span><span style=\"font-size: 14px;\">\u00a0<\/span><\/p><\/div><\/div>\n\t\t\t\t<div class=\"et_pb_button_wrapper\"><a class=\"et_pb_button et_pb_promo_button\" href=\"https:\/\/youtu.be\/L0G8uRZThI8\" target=\"_blank\">Demo<\/a><\/div>\n\t\t\t<\/div><style type=\"text\/css\">.et_pb_cta_2.et_pb_promo{background-color:transparent !important;}<\/style>\n\t\t\t<\/div>\n\t\t\t\t\n\t\t\t\t\n\t\t\t\t\n\t\t\t\t\n\t\t\t<\/div>\n\t\t\t\t\n\t\t\t\t\n\t\t\t<\/div><div class=\"et_d4_element et_pb_section et_pb_section_4 toutes-offres et_pb_with_background  et_pb_css_mix_blend_mode et_section_regular et_block_section\" >\n\t\t\t\t\n\t\t\t\t\n\t\t\t\t\n\t\t\t\t\n\t\t\t\t\n\t\t\t\t\n\t\t\t\t<div class=\"et_d4_element et_pb_row et_pb_row_8 et_animated et_pb_equal_columns  et_pb_css_mix_blend_mode et_block_row\">\n\t\t\t\t<div class=\"et_d4_element et_pb_column_4_4 et_pb_column et_pb_column_14  et_pb_css_mix_blend_mode et-last-child et_block_column\">\n\t\t\t\t\n\t\t\t\t\n\t\t\t\t\n\t\t\t\t\n\t\t\t\t<div class=\"et_pb_module et_d4_element et_pb_text et_pb_text_10  et_pb_text_align_left et_pb_bg_layout_light\">\n\t\t\t\t\n\t\t\t\t\n\t\t\t\t\n\t\t\t\t\n\t\t\t\t<div class=\"et_pb_text_inner\"><h2 style=\"text-align: center;\">TUTTE LE NOSTRE SOLUZIONI<\/h2><\/div>\n\t\t\t<\/div><div class=\"et_pb_module et_d4_element et_pb_text et_pb_text_11  et_pb_text_align_left et_pb_bg_layout_light\">\n\t\t\t\t\n\t\t\t\t\n\t\t\t\t\n\t\t\t\t\n\t\t\t\t<div class=\"et_pb_text_inner\"><p>Vaschette con o senza coperchio, ventilate, permettono un\u2019eccellente conservazione di frutta e verdura nel trasporto. Shaker con beccuccio che consente di consumare lo snack ovunque. Alveoli ottimizzati per il trasporto di ogni tipo di frutta. Cestelli freschezza in cartone per far respirare i prodotti e valorizzarli.<\/p><\/div>\n\t\t\t<\/div><div class=\"et_pb_module et_d4_element et_pb_number_counter et_pb_number_counter_0 toutes-offres-nombre  et_pb_text_align_center et_pb_bg_layout_light et_pb_with_title\" data-number-value=\"4000\" data-number-separator=\"\">\n\t\t\t\t\n\t\t\t\t\n\t\t\t\t\n\t\t\t\t\n\t\t\t\t<div class=\"percent\" ><p><span class=\"percent-value\"><\/span><span class=\"percent-sign\"><\/span><\/p><\/div>\n\t\t\t\t<h3 class=\"title\">RIFERIMENTI IN STOCK<\/h3>\n\t\t\t<\/div>\n\t\t\t<\/div>\n\t\t\t\t\n\t\t\t\t\n\t\t\t\t\n\t\t\t\t\n\t\t\t<\/div><div class=\"et_d4_element et_pb_row et_pb_row_9 et_pb_equal_columns  et_pb_css_mix_blend_mode et_block_row\">\n\t\t\t\t<div class=\"et_d4_element et_pb_column_1_4 et_pb_column et_pb_column_15  et_pb_css_mix_blend_mode et_block_column\">\n\t\t\t\t\n\t\t\t\t\n\t\t\t\t\n\t\t\t\t\n\t\t\t\t<div class=\"et_pb_module et_d4_element et_pb_image et_pb_image_6\">\n\t\t\t\t\n\t\t\t\t\n\t\t\t\t\n\t\t\t\t\n\t\t\t\t<span class=\"et_pb_image_wrap \"><img decoding=\"async\" src=\"https:\/\/www.groupeguillin.fr\/wp-content\/uploads\/2020\/11\/Fruits-et-le\u0301gumes-calibre\u0301s-1024x683.jpg\" alt=\"\" title=\"FRUTTA E VERDURA CALIBRATA\" \/><\/span>\n\t\t\t<\/div><div class=\"et_pb_module et_d4_element et_pb_text et_pb_text_12  et_pb_text_align_left et_pb_bg_layout_light\">\n\t\t\t\t\n\t\t\t\t\n\t\t\t\t\n\t\t\t\t\n\t\t\t\t<div class=\"et_pb_text_inner\"><h3><strong>FRUTTA E VERDURA CALIBRATA<\/strong><\/h3>\n<ul>\n<li>Alveoli<\/li>\n<li>Piatti ovali, vaschette semplici<\/li>\n<li>Vaschette saldabili con o senza coperchio<\/li>\n<li>Scatole con coperchio attaccato<\/li>\n<li>Coperchi<\/li>\n<li>Accessori<\/li>\n<\/ul><\/div>\n\t\t\t<\/div>\n\t\t\t<\/div><div class=\"et_d4_element et_pb_column_1_4 et_pb_column et_pb_column_16  et_pb_css_mix_blend_mode et_block_column\">\n\t\t\t\t\n\t\t\t\t\n\t\t\t\t\n\t\t\t\t\n\t\t\t\t<div class=\"et_pb_module et_d4_element et_pb_image et_pb_image_7\">\n\t\t\t\t\n\t\t\t\t\n\t\t\t\t\n\t\t\t\t\n\t\t\t\t<span class=\"et_pb_image_wrap \"><img decoding=\"async\" width=\"1024\" height=\"683\" src=\"https:\/\/www.groupeguillin.fr\/wp-content\/uploads\/2020\/09\/Fruits-rouges-petits-fruits-1024x683.jpg\" alt=\"\" title=\"FRUTTI DI BOSCO E PICCOLI FRUTTI\" class=\"wp-image-1057\" \/><\/span>\n\t\t\t<\/div><div class=\"et_pb_module et_d4_element et_pb_text et_pb_text_13  et_pb_text_align_left et_pb_bg_layout_light\">\n\t\t\t\t\n\t\t\t\t\n\t\t\t\t\n\t\t\t\t\n\t\t\t\t<div class=\"et_pb_text_inner\"><h3><strong>FRUTTI DI BOSCO E PICCOLI FRUTTI<\/strong><\/h3>\n<ul>\n<li>Scatole con coperchio separato<\/li>\n<li>Scatole con coperchio attaccato<\/li>\n<li>Shaker, barattoli rotondi o ciotole con coperchio attaccato o separato<\/li>\n<li>Coperchi<\/li>\n<li>Accessori<\/li>\n<\/ul><\/div>\n\t\t\t<\/div>\n\t\t\t<\/div><div class=\"et_d4_element et_pb_column_1_4 et_pb_column et_pb_column_17  et_pb_css_mix_blend_mode et_block_column\">\n\t\t\t\t\n\t\t\t\t\n\t\t\t\t\n\t\t\t\t\n\t\t\t\t<div class=\"et_pb_module et_d4_element et_pb_image et_pb_image_8\">\n\t\t\t\t\n\t\t\t\t\n\t\t\t\t\n\t\t\t\t\n\t\t\t\t<span class=\"et_pb_image_wrap \"><img decoding=\"async\" width=\"1024\" height=\"683\" src=\"https:\/\/www.groupeguillin.fr\/wp-content\/uploads\/2020\/09\/salade-herbes-aromatiques_recadre-1024x683.jpg\" alt=\"\" title=\"salade-&amp;-herbes-aromatiques_recadre\" class=\"wp-image-1179\" \/><\/span>\n\t\t\t<\/div><div class=\"et_pb_module et_d4_element et_pb_text et_pb_text_14  et_pb_text_align_left et_pb_bg_layout_light\">\n\t\t\t\t\n\t\t\t\t\n\t\t\t\t\n\t\t\t\t\n\t\t\t\t<div class=\"et_pb_text_inner\"><h3><strong>INSALATE &amp; ERBE AROMATICHE<\/strong><\/h3>\n<ul>\n<li>Piatti ovali, vaschette semplici<\/li>\n<li>Vaschette saldabili con o senza coperchio<\/li>\n<li>Scatole con coperchio separato<\/li>\n<li>Coperchi<\/li>\n<li>Accessori<\/li>\n<\/ul><\/div>\n\t\t\t<\/div>\n\t\t\t<\/div><div class=\"et_d4_element et_pb_column_1_4 et_pb_column et_pb_column_18  et_pb_css_mix_blend_mode et-last-child et_block_column\">\n\t\t\t\t\n\t\t\t\t\n\t\t\t\t\n\t\t\t\t\n\t\t\t\t<div class=\"et_pb_module et_d4_element et_pb_image et_pb_image_9\">\n\t\t\t\t\n\t\t\t\t\n\t\t\t\t\n\t\t\t\t\n\t\t\t\t<span class=\"et_pb_image_wrap \"><img decoding=\"async\" src=\"https:\/\/www.groupeguillin.fr\/wp-content\/uploads\/2020\/11\/le\u0301gumes-champignons-1024x683.jpg\" alt=\"\" title=\"le\u0301gumes &amp; champignons\" \/><\/span>\n\t\t\t<\/div><div class=\"et_pb_module et_d4_element et_pb_text et_pb_text_15  et_pb_text_align_left et_pb_bg_layout_light\">\n\t\t\t\t\n\t\t\t\t\n\t\t\t\t\n\t\t\t\t\n\t\t\t\t<div class=\"et_pb_text_inner\"><h3><strong>VERDURE &amp; FUNGHI<\/strong><\/h3>\n<ul>\n<li>Piatti ovali, vaschette semplici<\/li>\n<li>Scatole con coperchio attaccato<\/li>\n<\/ul><\/div>\n\t\t\t<\/div>\n\t\t\t<\/div>\n\t\t\t\t\n\t\t\t\t\n\t\t\t\t\n\t\t\t\t\n\t\t\t<\/div><div class=\"et_d4_element et_pb_row et_pb_row_10 et_animated et_pb_equal_columns  et_pb_css_mix_blend_mode et_block_row\">\n\t\t\t\t<div class=\"et_d4_element et_pb_column_4_4 et_pb_column et_pb_column_19  et_pb_css_mix_blend_mode et-last-child et_block_column\">\n\t\t\t\t\n\t\t\t\t\n\t\t\t\t\n\t\t\t\t\n\t\t\t\t<div class=\"et_pb_button_module_wrapper et_pb_button_2_wrapper et_pb_button_alignment_center et_pb_module \">\n\t\t\t\t<a class=\"et_pb_button et_d4_element et_pb_button_2 et_pb_bg_layout_light et_block_module\" href=\"mailto:freshproduce@groupeguillin.com\">CONTATTATECI<\/a>\n\t\t\t<\/div>\n\t\t\t<\/div>\n\t\t\t\t\n\t\t\t\t\n\t\t\t\t\n\t\t\t\t\n\t\t\t<\/div>\n\t\t\t\t\n\t\t\t\t\n\t\t\t<\/div><div class=\"et_d4_element et_pb_section et_pb_section_5  et_pb_css_mix_blend_mode et_section_regular et_block_section\" >\n\t\t\t\t\n\t\t\t\t\n\t\t\t\t\n\t\t\t\t\n\t\t\t\t\n\t\t\t\t\n\t\t\t\t<div class=\"et_d4_element et_pb_row et_pb_row_11 et_animated et_pb_equal_columns  et_pb_css_mix_blend_mode et_block_row\">\n\t\t\t\t<div class=\"et_d4_element et_pb_column_4_4 et_pb_column et_pb_column_20  et_pb_css_mix_blend_mode et-last-child et_block_column\">\n\t\t\t\t\n\t\t\t\t\n\t\t\t\t\n\t\t\t\t\n\t\t\t\t<div class=\"et_pb_module et_d4_element et_pb_text et_pb_text_16  et_pb_text_align_left et_pb_bg_layout_light\">\n\t\t\t\t\n\t\t\t\t\n\t\t\t\t\n\t\t\t\t\n\t\t\t\t<div class=\"et_pb_text_inner\"><h2 style=\"text-align: center;\">DICONO DI NOI<\/h2><\/div>\n\t\t\t<\/div>\n\t\t\t<\/div>\n\t\t\t\t\n\t\t\t\t\n\t\t\t\t\n\t\t\t\t\n\t\t\t<\/div><div class=\"et_d4_element et_pb_row et_pb_row_12 et_animated et_pb_equal_columns  et_pb_css_mix_blend_mode et_block_row\">\n\t\t\t\t<div class=\"et_d4_element et_pb_column_1_2 et_pb_column et_pb_column_21  et_pb_css_mix_blend_mode et_block_column\">\n\t\t\t\t\n\t\t\t\t\n\t\t\t\t\n\t\t\t\t\n\t\t\t\t<div class=\"et_pb_module et_d4_element et_pb_testimonial et_pb_testimonial_0 temoignage-no-photo  et_pb_css_mix_blend_mode clearfix  et_pb_text_align_left et_pb_bg_layout_light et_block_module et_pb_testimonial_no_image\">\n\t\t\t\t\n\t\t\t\t\n\t\t\t\t\n\t\t\t\t\n\t\t\t\t<div style=\"background-image:url(data:image\/svg+xml;base64,PHN2ZyB3aWR0aD0iNTAwIiBoZWlnaHQ9IjUwMCIgdmlld0JveD0iMCAwIDUwMCA1MDAiIHhtbG5zPSJodHRwOi8vd3d3LnczLm9yZy8yMDAwL3N2ZyI+CiAgICA8ZyBmaWxsPSJub25lIiBmaWxsLXJ1bGU9ImV2ZW5vZGQiPgogICAgICAgIDxwYXRoIGZpbGw9IiNFQkVCRUIiIGQ9Ik0wIDBoNTAwdjUwMEgweiIvPgogICAgICAgIDxyZWN0IGZpbGwtb3BhY2l0eT0iLjEiIGZpbGw9IiMwMDAiIHg9IjY4IiB5PSIzMDUiIHdpZHRoPSIzNjQiIGhlaWdodD0iNTY4IiByeD0iMTgyIi8+CiAgICAgICAgPGNpcmNsZSBmaWxsLW9wYWNpdHk9Ii4xIiBmaWxsPSIjMDAwIiBjeD0iMjQ5IiBjeT0iMTcyIiByPSIxMDAiLz4KICAgIDwvZz4KPC9zdmc+Cg==)\" class=\"et_pb_testimonial_portrait\"><\/div>\n\t\t\t\t<div class=\"et_pb_testimonial_description\">\n\t\t\t\t\t<div class=\"et_pb_testimonial_description_inner\"><div class=\"et_pb_testimonial_content\"><p>Lavoro con VERIPACK e il Gruppo GUILLIN da parecchi anni.<\/p>\n<p>Lavoriamo in ogni versione le fragole, i lamponi, i mirtilli e le more. Diamo una grande importanza all\u2019innovazione, alla qualit\u00e0 e al servizio.<\/p>\n<p>Siete senz\u2019altro un fornitore affidabile per la nostra impresa<\/p><\/div><\/div>\n\t\t\t\t\t<span class=\"et_pb_testimonial_author\">JUAN FCO. BANEZ ALVAREZ<\/span>\n\t\t\t\t\t<p class=\"et_pb_testimonial_meta\"><span class=\"et_pb_testimonial_position\">Direttore generale di Cuna de Platero, Spagna<\/span><\/p>\n\t\t\t\t<\/div>\n\t\t\t<\/div>\n\t\t\t<\/div><div class=\"et_d4_element et_pb_column_1_2 et_pb_column et_pb_column_22  et_pb_css_mix_blend_mode et-last-child et_block_column\">\n\t\t\t\t\n\t\t\t\t\n\t\t\t\t\n\t\t\t\t\n\t\t\t\t<div class=\"et_pb_module et_d4_element et_pb_testimonial et_pb_testimonial_1 temoignage-no-photo  et_pb_css_mix_blend_mode clearfix  et_pb_text_align_left et_pb_bg_layout_light et_block_module et_pb_testimonial_no_image\">\n\t\t\t\t\n\t\t\t\t\n\t\t\t\t\n\t\t\t\t\n\t\t\t\t<div style=\"background-image:url(data:image\/svg+xml;base64,PHN2ZyB3aWR0aD0iNTAwIiBoZWlnaHQ9IjUwMCIgdmlld0JveD0iMCAwIDUwMCA1MDAiIHhtbG5zPSJodHRwOi8vd3d3LnczLm9yZy8yMDAwL3N2ZyI+CiAgICA8ZyBmaWxsPSJub25lIiBmaWxsLXJ1bGU9ImV2ZW5vZGQiPgogICAgICAgIDxwYXRoIGZpbGw9IiNFQkVCRUIiIGQ9Ik0wIDBoNTAwdjUwMEgweiIvPgogICAgICAgIDxyZWN0IGZpbGwtb3BhY2l0eT0iLjEiIGZpbGw9IiMwMDAiIHg9IjY4IiB5PSIzMDUiIHdpZHRoPSIzNjQiIGhlaWdodD0iNTY4IiByeD0iMTgyIi8+CiAgICAgICAgPGNpcmNsZSBmaWxsLW9wYWNpdHk9Ii4xIiBmaWxsPSIjMDAwIiBjeD0iMjQ5IiBjeT0iMTcyIiByPSIxMDAiLz4KICAgIDwvZz4KPC9zdmc+Cg==)\" class=\"et_pb_testimonial_portrait\"><\/div>\n\t\t\t\t<div class=\"et_pb_testimonial_description\">\n\t\t\t\t\t<div class=\"et_pb_testimonial_description_inner\"><div class=\"et_pb_testimonial_content\"><p>In coscienza posso raccomandarvi a tutti i produttori e imprese commerciali che usano imballaggi in PET nel settore della frutta e che apprezzano un approccio professionale e individuale al cliente o ai problemi che giornalmente sorgono in questo settore dinamico<\/p><\/div><\/div>\n\t\t\t\t\t<span class=\"et_pb_testimonial_author\">PATRYK IGRAS<\/span>\n\t\t\t\t\t<p class=\"et_pb_testimonial_meta\"><span class=\"et_pb_testimonial_position\">Directeur, Berritum Sp. z o.o., Pologne<\/span><\/p>\n\t\t\t\t<\/div>\n\t\t\t<\/div>\n\t\t\t<\/div>\n\t\t\t\t\n\t\t\t\t\n\t\t\t\t\n\t\t\t\t\n\t\t\t<\/div>\n\t\t\t\t\n\t\t\t\t\n\t\t\t<\/div><\/p>\n","protected":false},"excerpt":{"rendered":"","protected":false},"author":1,"featured_media":0,"parent":0,"menu_order":0,"comment_status":"closed","ping_status":"closed","template":"","meta":{"_acf_changed":false,"_et_pb_use_builder":"on","_et_pb_old_content":"","_et_gb_content_width":"","footnotes":""},"class_list":["post-15062","page","type-page","status-publish","hentry"],"acf":[],"yoast_head":"<!-- This site is optimized with the Yoast SEO plugin v28.3 - https:\/\/yoast.com\/product\/yoast-seo-wordpress\/ -->\n<title>FRUTTA &amp; VERDURA - Groupe GUILLIN<\/title>\n<meta name=\"description\" content=\"Le Groupe GUILLIN est le r\u00e9f\u00e9rent europ\u00e9en de l&#039;emballage plastique alimentaire\" \/>\n<meta name=\"robots\" content=\"index, follow, max-snippet:-1, max-image-preview:large, max-video-preview:-1\" \/>\n<link rel=\"canonical\" href=\"https:\/\/www.groupeguillin.fr\/it\/frutta-verdura\/\" \/>\n<meta property=\"og:locale\" content=\"it_IT\" \/>\n<meta property=\"og:type\" content=\"article\" \/>\n<meta property=\"og:title\" content=\"FRUTTA &amp; VERDURA - Groupe GUILLIN\" \/>\n<meta property=\"og:description\" content=\"Le Groupe GUILLIN est le r\u00e9f\u00e9rent europ\u00e9en de l&#039;emballage plastique alimentaire\" \/>\n<meta property=\"og:url\" content=\"https:\/\/www.groupeguillin.fr\/it\/frutta-verdura\/\" \/>\n<meta property=\"og:site_name\" content=\"Groupe GUILLIN\" \/>\n<meta property=\"article:modified_time\" content=\"2024-10-02T13:26:50+00:00\" \/>\n<meta property=\"og:image\" content=\"https:\/\/www.groupeguillin.fr\/wp-content\/uploads\/2020\/09\/oeil.png\" \/>\n<meta name=\"twitter:card\" content=\"summary_large_image\" \/>\n<meta name=\"twitter:label1\" content=\"Est. reading time\" \/>\n\t<meta name=\"twitter:data1\" content=\"20 minutes\" \/>\n<script type=\"application\/ld+json\" class=\"yoast-schema-graph\">{\"@context\":\"https:\\\/\\\/schema.org\",\"@graph\":[{\"@type\":\"WebPage\",\"@id\":\"https:\\\/\\\/www.groupeguillin.fr\\\/it\\\/frutta-verdura\\\/\",\"url\":\"https:\\\/\\\/www.groupeguillin.fr\\\/it\\\/frutta-verdura\\\/\",\"name\":\"FRUTTA & VERDURA - Groupe GUILLIN\",\"isPartOf\":{\"@id\":\"https:\\\/\\\/www.groupeguillin.fr\\\/it\\\/#website\"},\"primaryImageOfPage\":{\"@id\":\"https:\\\/\\\/www.groupeguillin.fr\\\/it\\\/frutta-verdura\\\/#primaryimage\"},\"image\":{\"@id\":\"https:\\\/\\\/www.groupeguillin.fr\\\/it\\\/frutta-verdura\\\/#primaryimage\"},\"thumbnailUrl\":\"https:\\\/\\\/www.groupeguillin.fr\\\/wp-content\\\/uploads\\\/2020\\\/09\\\/oeil.png\",\"datePublished\":\"2023-04-10T09:26:20+00:00\",\"dateModified\":\"2024-10-02T13:26:50+00:00\",\"description\":\"Le Groupe GUILLIN est le r\u00e9f\u00e9rent europ\u00e9en de l'emballage plastique alimentaire\",\"breadcrumb\":{\"@id\":\"https:\\\/\\\/www.groupeguillin.fr\\\/it\\\/frutta-verdura\\\/#breadcrumb\"},\"inLanguage\":\"it-IT\",\"potentialAction\":[{\"@type\":\"ReadAction\",\"target\":[\"https:\\\/\\\/www.groupeguillin.fr\\\/it\\\/frutta-verdura\\\/\"]}]},{\"@type\":\"ImageObject\",\"inLanguage\":\"it-IT\",\"@id\":\"https:\\\/\\\/www.groupeguillin.fr\\\/it\\\/frutta-verdura\\\/#primaryimage\",\"url\":\"https:\\\/\\\/www.groupeguillin.fr\\\/wp-content\\\/uploads\\\/2020\\\/09\\\/oeil.png\",\"contentUrl\":\"https:\\\/\\\/www.groupeguillin.fr\\\/wp-content\\\/uploads\\\/2020\\\/09\\\/oeil.png\"},{\"@type\":\"BreadcrumbList\",\"@id\":\"https:\\\/\\\/www.groupeguillin.fr\\\/it\\\/frutta-verdura\\\/#breadcrumb\",\"itemListElement\":[{\"@type\":\"ListItem\",\"position\":1,\"name\":\"Accueil\",\"item\":\"https:\\\/\\\/www.groupeguillin.fr\\\/it\\\/\"},{\"@type\":\"ListItem\",\"position\":2,\"name\":\"FRUTTA &#038; VERDURA\"}]},{\"@type\":\"WebSite\",\"@id\":\"https:\\\/\\\/www.groupeguillin.fr\\\/it\\\/#website\",\"url\":\"https:\\\/\\\/www.groupeguillin.fr\\\/it\\\/\",\"name\":\"Groupe GUILLIN\",\"description\":\"We protect your food\",\"publisher\":{\"@id\":\"https:\\\/\\\/www.groupeguillin.fr\\\/it\\\/#organization\"},\"potentialAction\":[{\"@type\":\"SearchAction\",\"target\":{\"@type\":\"EntryPoint\",\"urlTemplate\":\"https:\\\/\\\/www.groupeguillin.fr\\\/it\\\/?s={search_term_string}\"},\"query-input\":{\"@type\":\"PropertyValueSpecification\",\"valueRequired\":true,\"valueName\":\"search_term_string\"}}],\"inLanguage\":\"it-IT\"},{\"@type\":\"Organization\",\"@id\":\"https:\\\/\\\/www.groupeguillin.fr\\\/it\\\/#organization\",\"name\":\"Groupe GUILLIN\",\"url\":\"https:\\\/\\\/www.groupeguillin.fr\\\/it\\\/\",\"logo\":{\"@type\":\"ImageObject\",\"inLanguage\":\"it-IT\",\"@id\":\"https:\\\/\\\/www.groupeguillin.fr\\\/it\\\/#\\\/schema\\\/logo\\\/image\\\/\",\"url\":\"https:\\\/\\\/www.groupeguillin.fr\\\/wp-content\\\/uploads\\\/2020\\\/09\\\/Logo-guillin-1.png\",\"contentUrl\":\"https:\\\/\\\/www.groupeguillin.fr\\\/wp-content\\\/uploads\\\/2020\\\/09\\\/Logo-guillin-1.png\",\"width\":1172,\"height\":300,\"caption\":\"Groupe GUILLIN\"},\"image\":{\"@id\":\"https:\\\/\\\/www.groupeguillin.fr\\\/it\\\/#\\\/schema\\\/logo\\\/image\\\/\"},\"sameAs\":[\"https:\\\/\\\/www.instagram.com\\\/groupeguillin\\\/\",\"https:\\\/\\\/www.linkedin.com\\\/company\\\/guillin-emballages\\\/\",\"https:\\\/\\\/www.youtube.com\\\/channel\\\/UCS-Q4Qkgd1bN9pdIPGRjogQ\"]}]}<\/script>\n<!-- \/ Yoast SEO plugin. -->","yoast_head_json":{"title":"FRUTTA & VERDURA - Groupe GUILLIN","description":"Le Groupe GUILLIN est le r\u00e9f\u00e9rent europ\u00e9en de l'emballage plastique alimentaire","robots":{"index":"index","follow":"follow","max-snippet":"max-snippet:-1","max-image-preview":"max-image-preview:large","max-video-preview":"max-video-preview:-1"},"canonical":"https:\/\/www.groupeguillin.fr\/it\/frutta-verdura\/","og_locale":"it_IT","og_type":"article","og_title":"FRUTTA & VERDURA - Groupe GUILLIN","og_description":"Le Groupe GUILLIN est le r\u00e9f\u00e9rent europ\u00e9en de l'emballage plastique alimentaire","og_url":"https:\/\/www.groupeguillin.fr\/it\/frutta-verdura\/","og_site_name":"Groupe GUILLIN","article_modified_time":"2024-10-02T13:26:50+00:00","og_image":[{"url":"https:\/\/www.groupeguillin.fr\/wp-content\/uploads\/2020\/09\/oeil.png","type":"","width":"","height":""}],"twitter_card":"summary_large_image","twitter_misc":{"Est. reading time":"20 minutes"},"schema":{"@context":"https:\/\/schema.org","@graph":[{"@type":"WebPage","@id":"https:\/\/www.groupeguillin.fr\/it\/frutta-verdura\/","url":"https:\/\/www.groupeguillin.fr\/it\/frutta-verdura\/","name":"FRUTTA & VERDURA - Groupe GUILLIN","isPartOf":{"@id":"https:\/\/www.groupeguillin.fr\/it\/#website"},"primaryImageOfPage":{"@id":"https:\/\/www.groupeguillin.fr\/it\/frutta-verdura\/#primaryimage"},"image":{"@id":"https:\/\/www.groupeguillin.fr\/it\/frutta-verdura\/#primaryimage"},"thumbnailUrl":"https:\/\/www.groupeguillin.fr\/wp-content\/uploads\/2020\/09\/oeil.png","datePublished":"2023-04-10T09:26:20+00:00","dateModified":"2024-10-02T13:26:50+00:00","description":"Le Groupe GUILLIN est le r\u00e9f\u00e9rent europ\u00e9en de l'emballage plastique alimentaire","breadcrumb":{"@id":"https:\/\/www.groupeguillin.fr\/it\/frutta-verdura\/#breadcrumb"},"inLanguage":"it-IT","potentialAction":[{"@type":"ReadAction","target":["https:\/\/www.groupeguillin.fr\/it\/frutta-verdura\/"]}]},{"@type":"ImageObject","inLanguage":"it-IT","@id":"https:\/\/www.groupeguillin.fr\/it\/frutta-verdura\/#primaryimage","url":"https:\/\/www.groupeguillin.fr\/wp-content\/uploads\/2020\/09\/oeil.png","contentUrl":"https:\/\/www.groupeguillin.fr\/wp-content\/uploads\/2020\/09\/oeil.png"},{"@type":"BreadcrumbList","@id":"https:\/\/www.groupeguillin.fr\/it\/frutta-verdura\/#breadcrumb","itemListElement":[{"@type":"ListItem","position":1,"name":"Accueil","item":"https:\/\/www.groupeguillin.fr\/it\/"},{"@type":"ListItem","position":2,"name":"FRUTTA &#038; VERDURA"}]},{"@type":"WebSite","@id":"https:\/\/www.groupeguillin.fr\/it\/#website","url":"https:\/\/www.groupeguillin.fr\/it\/","name":"Groupe GUILLIN","description":"We protect your food","publisher":{"@id":"https:\/\/www.groupeguillin.fr\/it\/#organization"},"potentialAction":[{"@type":"SearchAction","target":{"@type":"EntryPoint","urlTemplate":"https:\/\/www.groupeguillin.fr\/it\/?s={search_term_string}"},"query-input":{"@type":"PropertyValueSpecification","valueRequired":true,"valueName":"search_term_string"}}],"inLanguage":"it-IT"},{"@type":"Organization","@id":"https:\/\/www.groupeguillin.fr\/it\/#organization","name":"Groupe GUILLIN","url":"https:\/\/www.groupeguillin.fr\/it\/","logo":{"@type":"ImageObject","inLanguage":"it-IT","@id":"https:\/\/www.groupeguillin.fr\/it\/#\/schema\/logo\/image\/","url":"https:\/\/www.groupeguillin.fr\/wp-content\/uploads\/2020\/09\/Logo-guillin-1.png","contentUrl":"https:\/\/www.groupeguillin.fr\/wp-content\/uploads\/2020\/09\/Logo-guillin-1.png","width":1172,"height":300,"caption":"Groupe GUILLIN"},"image":{"@id":"https:\/\/www.groupeguillin.fr\/it\/#\/schema\/logo\/image\/"},"sameAs":["https:\/\/www.instagram.com\/groupeguillin\/","https:\/\/www.linkedin.com\/company\/guillin-emballages\/","https:\/\/www.youtube.com\/channel\/UCS-Q4Qkgd1bN9pdIPGRjogQ"]}]}},"publishpress_future_action":{"enabled":false,"date":"2026-09-11 00:38:01","action":"change-status","newStatus":"draft","terms":[],"taxonomy":"translation_priority","extraData":[]},"publishpress_future_workflow_manual_trigger":{"enabledWorkflows":[]},"_links":{"self":[{"href":"https:\/\/www.groupeguillin.fr\/it\/wp-json\/wp\/v2\/pages\/15062","targetHints":{"allow":["GET"]}}],"collection":[{"href":"https:\/\/www.groupeguillin.fr\/it\/wp-json\/wp\/v2\/pages"}],"about":[{"href":"https:\/\/www.groupeguillin.fr\/it\/wp-json\/wp\/v2\/types\/page"}],"author":[{"embeddable":true,"href":"https:\/\/www.groupeguillin.fr\/it\/wp-json\/wp\/v2\/users\/1"}],"replies":[{"embeddable":true,"href":"https:\/\/www.groupeguillin.fr\/it\/wp-json\/wp\/v2\/comments?post=15062"}],"version-history":[{"count":4,"href":"https:\/\/www.groupeguillin.fr\/it\/wp-json\/wp\/v2\/pages\/15062\/revisions"}],"predecessor-version":[{"id":18654,"href":"https:\/\/www.groupeguillin.fr\/it\/wp-json\/wp\/v2\/pages\/15062\/revisions\/18654"}],"wp:attachment":[{"href":"https:\/\/www.groupeguillin.fr\/it\/wp-json\/wp\/v2\/media?parent=15062"}],"curies":[{"name":"wp","href":"https:\/\/api.w.org\/{rel}","templated":true}]}}