{"id":16871,"date":"2024-03-07T12:06:17","date_gmt":"2024-03-07T11:06:17","guid":{"rendered":"https:\/\/www.groupeguillin.fr\/inversores\/"},"modified":"2026-03-19T11:11:12","modified_gmt":"2026-03-19T10:11:12","slug":"inversores","status":"publish","type":"page","link":"https:\/\/www.groupeguillin.fr\/es\/inversores\/","title":{"rendered":"INVERSORES"},"content":{"rendered":"<p><div class=\"et_d4_element et_pb_section et_pb_section_0  et_pb_css_mix_blend_mode et_section_regular et_block_section\" >\n\t\t\t\t\n\t\t\t\t\n\t\t\t\t\n\t\t\t\t\n\t\t\t\t\n\t\t\t\t\n\t\t\t\t<div class=\"et_d4_element et_pb_row et_pb_row_0 et_animated et_pb_equal_columns  et_pb_css_mix_blend_mode et_block_row\">\n\t\t\t\t<div class=\"et_d4_element et_pb_column_4_4 et_pb_column et_pb_column_0  et_pb_css_mix_blend_mode et-last-child et_block_column\">\n\t\t\t\t\n\t\t\t\t\n\t\t\t\t\n\t\t\t\t\n\t\t\t\t<div id=\"home-slider\" class=\"et_pb_module et_d4_element et_pb_slider et_pb_slider_0 et_pb_slider_fullwidth_off\">\n\t\t\t\t<div class=\"et_pb_slides\">\n\t\t\t\t\t<div class=\"et_d4_element et_pb_slide et_pb_slide_0  et_pb_css_mix_blend_mode et_pb_bg_layout_dark et_pb_media_alignment_center et-pb-active-slide\" data-slide-id=\"et_pb_slide_0\">\n\t\t\t\t\n\t\t\t\t\n\t\t\t\t<div class=\"et_pb_container clearfix\">\n\t\t\t\t\t<div class=\"et_pb_slider_container_inner\">\n\t\t\t\t\t\t\n\t\t\t\t\t\t<div class=\"et_pb_slide_description\">\n\t\t\t\t\t\t\t<h5 class=\"et_pb_slide_title\"><a href=\"https:\/\/www.groupeguillin.fr\/qui-sommes-nous\/\">INNOVACI\u00d3N INVERSI\u00d3N PRODUCTIVIDAD DESARROLLO<\/a><\/h5><div class=\"et_pb_slide_content\"><p>Una estrategia s\u00f3lida<br \/> Un Grupo con visi\u00f3n de futuro<\/p><\/div>\n\t\t\t\t\t\t\t<div class=\"et_pb_button_wrapper\"><a class=\"et_pb_button et_pb_more_button\" href=\"https:\/\/www.groupeguillin.fr\/qui-sommes-nous\/\">M\u00c1S INFORMACI\u00d3N<\/a><\/div>\n\t\t\t\t\t\t<\/div>\n\t\t\t\t\t<\/div>\n\t\t\t\t<\/div>\n\t\t\t\t\n\t\t\t\t\n\t\t\t\t\n\t\t\t<\/div>\n\t\t\t\n\t\t\t\t<\/div>\n\t\t\t\t\n\t\t\t<\/div>\n\t\t\t\n\t\t\t<\/div>\n\t\t\t\t\n\t\t\t\t\n\t\t\t\t\n\t\t\t\t\n\t\t\t<\/div>\n\t\t\t\t\n\t\t\t\t\n\t\t\t<\/div><div class=\"et_d4_element et_pb_section et_pb_section_1  et_pb_css_mix_blend_mode et_section_regular et_block_section\" >\n\t\t\t\t\n\t\t\t\t\n\t\t\t\t\n\t\t\t\t\n\t\t\t\t\n\t\t\t\t\n\t\t\t\t<div class=\"et_d4_element et_pb_row et_pb_row_1 et_animated et_pb_equal_columns  et_pb_css_mix_blend_mode et_block_row\">\n\t\t\t\t<div class=\"et_d4_element et_pb_column_4_4 et_pb_column et_pb_column_1  et_pb_css_mix_blend_mode et-last-child et_block_column\">\n\t\t\t\t\n\t\t\t\t\n\t\t\t\t\n\t\t\t\t\n\t\t\t\t<div class=\"et_pb_module et_d4_element et_pb_text et_pb_text_0  et_pb_text_align_left et_pb_bg_layout_light\">\n\t\t\t\t\n\t\t\t\t\n\t\t\t\t\n\t\t\t\t\n\t\t\t\t<div class=\"et_pb_text_inner\"><h2>UN EMPRESA PATRIMONIAL<\/h2><\/div>\n\t\t\t<\/div>\n\t\t\t<\/div>\n\t\t\t\t\n\t\t\t\t\n\t\t\t\t\n\t\t\t\t\n\t\t\t<\/div><div class=\"et_d4_element et_pb_row et_pb_row_2 et_animated et_pb_equal_columns  et_pb_css_mix_blend_mode et_block_row\">\n\t\t\t\t<div class=\"et_d4_element et_pb_column_1_2 et_pb_column et_pb_column_2  et_pb_css_mix_blend_mode et_block_column\">\n\t\t\t\t\n\t\t\t\t\n\t\t\t\t\n\t\t\t\t\n\t\t\t\t<div class=\"et_pb_module et_d4_element et_pb_text et_pb_text_1  et_pb_text_align_left et_pb_bg_layout_light\">\n\t\t\t\t\n\t\t\t\t\n\t\t\t\t\n\t\t\t\t\n\t\t\t\t<div class=\"et_pb_text_inner\"><p>La cultura empresarial del Grupo GUILLIN y su \u00e9xito est\u00e1n directamente asociados al patrimonio humano constituido por la personalidad y los valores del fundador.<\/p>\n<p>Esp\u00edritu de equipo, excelencia, desempe\u00f1o, respeto, reactividad, sentido del servicio... sientan las bases de la aventura empresarial. Estos valores, a d\u00eda de hoy convertidos en principio rector de las acciones, siguen guiando y motivando a los <br \/>2800 empleados que constituyen el Grupo. <\/p><\/div>\n\t\t\t<\/div>\n\t\t\t<\/div><div class=\"et_d4_element et_pb_column_1_2 et_pb_column et_pb_column_3  et_pb_css_mix_blend_mode et-last-child et_block_column\">\n\t\t\t\t\n\t\t\t\t\n\t\t\t\t\n\t\t\t\t\n\t\t\t\t<div class=\"et_pb_module et_d4_element et_pb_text et_pb_text_2  et_pb_text_align_left et_pb_bg_layout_light\">\n\t\t\t\t\n\t\t\t\t\n\t\t\t\t\n\t\t\t\t\n\t\t\t\t<div class=\"et_pb_text_inner\"><p>El Grupo, fiel a sus or\u00edgenes, ha ubicado su domicilio social cerca del lugar de procedencia familiar y sigue estando, desde sus inicios, mayoritariamente en manos de la familia GUILLIN.<\/p><\/div>\n\t\t\t<\/div>\n\t\t\t<\/div>\n\t\t\t\t\n\t\t\t\t\n\t\t\t\t\n\t\t\t\t\n\t\t\t<\/div>\n\t\t\t\t\n\t\t\t\t\n\t\t\t<\/div><div class=\"et_d4_element et_pb_section et_pb_section_2 produits-phares et_animated et_pb_with_background  et_pb_css_mix_blend_mode et_section_regular et_block_section\" >\n\t\t\t\t\n\t\t\t\t\n\t\t\t\t\n\t\t\t\t\n\t\t\t\t\n\t\t\t\t\n\t\t\t\t<div class=\"et_d4_element et_pb_row et_pb_row_3 et_animated et_pb_equal_columns  et_pb_css_mix_blend_mode et_block_row\">\n\t\t\t\t<div class=\"et_d4_element et_pb_column_4_4 et_pb_column et_pb_column_4  et_pb_css_mix_blend_mode et-last-child et_block_column\">\n\t\t\t\t\n\t\t\t\t\n\t\t\t\t\n\t\t\t\t\n\t\t\t\t<div class=\"et_pb_module et_d4_element et_pb_text et_pb_text_3  et_pb_text_align_left et_pb_bg_layout_light\">\n\t\t\t\t\n\t\t\t\t\n\t\t\t\t\n\t\t\t\t\n\t\t\t\t<div class=\"et_pb_text_inner\"><h2 style=\"text-align: center;\">UNA ORGANIZACI\u00d3N POR DIVISI\u00d3N<\/h2><\/div>\n\t\t\t<\/div>\n\t\t\t<\/div>\n\t\t\t\t\n\t\t\t\t\n\t\t\t\t\n\t\t\t\t\n\t\t\t<\/div><div class=\"et_d4_element et_pb_row et_pb_row_4 et_pb_equal_columns  et_pb_css_mix_blend_mode et_block_row\">\n\t\t\t\t<div class=\"et_d4_element et_pb_column_4_4 et_pb_column et_pb_column_5  et_pb_css_mix_blend_mode et-last-child et_block_column\">\n\t\t\t\t\n\t\t\t\t\n\t\t\t\t\n\t\t\t\t\n\t\t\t\t<div class=\"et_pb_module et_d4_element et_pb_text et_pb_text_4  et_pb_text_align_left et_pb_bg_layout_light\">\n\t\t\t\t\n\t\t\t\t\n\t\t\t\t\n\t\t\t\t\n\t\t\t\t<div class=\"et_pb_text_inner\"><p>Para agrupar y armonizar sus 26 sociedades repartidas en toda Europa, el Grupo GUILLIN se apoya en su holding, que centraliza las funciones estrat\u00e9gicas del Grupo.<\/p>\n<p>Las sociedades se organizan por oficio y por mercado, con directores designados, a fin de garantizar una sinergia fluida.<\/p>\n<ul><\/ul><\/div>\n\t\t\t<\/div>\n\t\t\t<\/div>\n\t\t\t\t\n\t\t\t\t\n\t\t\t\t\n\t\t\t\t\n\t\t\t<\/div>\n\t\t\t\t\n\t\t\t\t\n\t\t\t<\/div><div class=\"et_d4_element et_pb_section et_pb_section_3 produits-phares et_animated  et_pb_css_mix_blend_mode et_section_regular et_block_section\" >\n\t\t\t\t\n\t\t\t\t\n\t\t\t\t\n\t\t\t\t\n\t\t\t\t\n\t\t\t\t\n\t\t\t\t<div class=\"et_d4_element et_pb_row et_pb_row_5 et_animated et_pb_equal_columns  et_pb_css_mix_blend_mode et_block_row\">\n\t\t\t\t<div class=\"et_d4_element et_pb_column_4_4 et_pb_column et_pb_column_6  et_pb_css_mix_blend_mode et-last-child et_block_column\">\n\t\t\t\t\n\t\t\t\t\n\t\t\t\t\n\t\t\t\t\n\t\t\t\t<div class=\"et_pb_module et_d4_element et_pb_image et_pb_image_0\">\n\t\t\t\t\n\t\t\t\t\n\t\t\t\t\n\t\t\t\t\n\t\t\t\t<span class=\"et_pb_image_wrap \"><img decoding=\"async\" width=\"1500\" height=\"1125\" src=\"https:\/\/www.groupeguillin.fr\/wp-content\/uploads\/2025\/04\/ORGANIGRAMME-2025-1500x1125-RVB-SANS.jpg\" alt=\"organigrama Grupo Guillin\" title=\"ORGANIGRAMME 2025 1500x1125 RVB SANS\" class=\"wp-image-21002\" \/><\/span>\n\t\t\t<\/div>\n\t\t\t<\/div>\n\t\t\t\t\n\t\t\t\t\n\t\t\t\t\n\t\t\t\t\n\t\t\t<\/div><div class=\"et_d4_element et_pb_row et_pb_row_6 et_pb_equal_columns  et_pb_css_mix_blend_mode et_block_row\">\n\t\t\t\t<div class=\"et_d4_element et_pb_column_1_3 et_pb_column et_pb_column_7  et_pb_css_mix_blend_mode et_block_column\">\n\t\t\t\t\n\t\t\t\t\n\t\t\t\t\n\t\t\t\t\n\t\t\t\t<div class=\"et_pb_module et_d4_element et_pb_text et_pb_text_5 et_animated et_clickable  et_pb_text_align_left et_pb_bg_layout_light\">\n\t\t\t\t\n\t\t\t\t\n\t\t\t\t\n\t\t\t\t\n\t\t\t\t<div class=\"et_pb_text_inner\"><h4><span>M\u00e1s informaci\u00f3n<br \/> sobre nuestra responsabilidad social <\/span><\/h4><\/div>\n\t\t\t<\/div>\n\t\t\t<\/div><div class=\"et_d4_element et_pb_column_1_3 et_pb_column et_pb_column_8  et_pb_css_mix_blend_mode et_block_column\">\n\t\t\t\t\n\t\t\t\t\n\t\t\t\t\n\t\t\t\t\n\t\t\t\t<div class=\"et_pb_module et_d4_element et_pb_text et_pb_text_6 et_animated  et_pb_text_align_left et_pb_bg_layout_light\">\n\t\t\t\t\n\t\t\t\t\n\t\t\t\t\n\t\t\t\t\n\t\t\t\t<div class=\"et_pb_text_inner\"><h4><span><br \/>M\u00e1s informaci\u00f3n<br \/> sobre nuestro c\u00f3digo de conducta<\/span><\/h4>\n<p style=\"text-align: center;\"><a href=\"https:\/\/www.groupeguillin.fr\/wp-content\/uploads\/2020\/12\/Groupe-Guillin-EDITO-FR-Final-logo.pdf\" target=\"_blank\" rel=\"noopener noreferrer\"><span style=\"color: #ffffff; text-decoration: underline;\">Editorial<\/span><\/a><br \/> <span style=\"text-decoration: underline;\"><a href=\"https:\/\/www.groupeguillin.fr\/wp-content\/uploads\/2020\/12\/1-FR-code-anticorruption-2020.pdf\" target=\"_blank\" rel=\"noopener noreferrer\"><span style=\"color: #ffffff; text-decoration: underline;\">C\u00f3digo anticorrupci\u00f3n<\/span><\/p>\n<p style=\"text-align: center;\"><a href=\"https:\/\/groupeguillin.integrityline.app\/?lang=es\" target=\"_blank\" rel=\"noopener noreferrer\"><span style=\"text-decoration: underline; color: #ffffff;\">Canal de denuncias<\/span><\/a><\/p>\n<p>&nbsp;<\/p><\/div>\n\t\t\t<\/div><div class=\"et_pb_module et_d4_element et_pb_text et_pb_text_7 et_clickable  et_pb_text_align_left et_pb_bg_layout_light\">\n\t\t\t\t\n\t\t\t\t\n\t\t\t\t\n\t\t\t\t\n\t\t\t\t<div class=\"et_pb_text_inner\"><h4><\/h4>\n<h4>CONTACTO CON LOS INVERSORES<\/h4><\/div>\n\t\t\t<\/div>\n\t\t\t<\/div><div class=\"et_d4_element et_pb_column_1_3 et_pb_column et_pb_column_9  et_pb_css_mix_blend_mode et-last-child et_block_column\">\n\t\t\t\t\n\t\t\t\t\n\t\t\t\t\n\t\t\t\t\n\t\t\t\t<div class=\"et_pb_module et_d4_element et_pb_text et_pb_text_8 et_animated  et_pb_text_align_left et_pb_bg_layout_light\">\n\t\t\t\t\n\t\t\t\t\n\t\t\t\t\n\t\t\t\t\n\t\t\t\t<div class=\"et_pb_text_inner\"><h4><\/h4>\n<h4><a href=\"https:\/\/live.euronext.com\/fr\/product\/equities\/FR0012819381-ALXP\" target=\"_blank\" rel=\"noopener noreferrer\"><span>Seguir<\/span><br \/> nuestra cotizaci\u00f3n burs\u00e1til<\/a><\/h4><\/div>\n\t\t\t<\/div>\n\t\t\t<\/div>\n\t\t\t\t\n\t\t\t\t\n\t\t\t\t\n\t\t\t\t\n\t\t\t<\/div>\n\t\t\t\t\n\t\t\t\t\n\t\t\t<\/div><div id=\"agenda-investisseurs\" class=\"et_d4_element et_pb_section et_pb_section_4 produits-phares et_animated et_pb_with_background  et_pb_css_mix_blend_mode et_section_regular et_block_section\" >\n\t\t\t\t\n\t\t\t\t\n\t\t\t\t\n\t\t\t\t\n\t\t\t\t\n\t\t\t\t\n\t\t\t\t<div class=\"et_d4_element et_pb_row et_pb_row_7 et_animated et_pb_equal_columns  et_pb_css_mix_blend_mode et_block_row\">\n\t\t\t\t<div class=\"et_d4_element et_pb_column_4_4 et_pb_column et_pb_column_10  et_pb_css_mix_blend_mode et-last-child et_block_column\">\n\t\t\t\t\n\t\t\t\t\n\t\t\t\t\n\t\t\t\t\n\t\t\t\t<div class=\"et_pb_module et_d4_element et_pb_text et_pb_text_9  et_pb_text_align_left et_pb_bg_layout_light\">\n\t\t\t\t\n\t\t\t\t\n\t\t\t\t\n\t\t\t\t\n\t\t\t\t<div class=\"et_pb_text_inner\"><h2 style=\"text-align: center;\">AGENDA<\/h2><\/div>\n\t\t\t<\/div>\n\t\t\t<\/div>\n\t\t\t\t\n\t\t\t\t\n\t\t\t\t\n\t\t\t\t\n\t\t\t<\/div><div class=\"et_d4_element et_pb_row et_pb_row_8 et_pb_equal_columns  et_pb_css_mix_blend_mode et_block_row\">\n\t\t\t\t<div class=\"et_d4_element et_pb_column_4_4 et_pb_column et_pb_column_11  et_pb_css_mix_blend_mode et-last-child et_block_column\">\n\t\t\t\t\n\t\t\t\t\n\t\t\t\t\n\t\t\t\t\n\t\t\t\t<div class=\"et_pb_module et_d4_element et_pb_text et_pb_text_10  et_pb_text_align_left et_pb_bg_layout_light\">\n\t\t\t\t\n\t\t\t\t\n\t\t\t\t\n\t\t\t\t\n\t\t\t\t<div class=\"et_pb_text_inner\"><p style=\"text-align: center;\"><strong>No faltes a nuestras citas financieras, a lo largo de todo el a\u00f1o.<\/strong><strong style=\"font-size: 16px; font-family: Montserrat, Helvetica, Arial, Lucida, sans-serif;\">\u00a0<\/strong><\/p><\/div>\n\t\t\t<\/div>\n\t\t\t<\/div>\n\t\t\t\t\n\t\t\t\t\n\t\t\t\t\n\t\t\t\t\n\t\t\t<\/div><div class=\"et_d4_element et_pb_row et_pb_row_9 et_pb_equal_columns  et_pb_css_mix_blend_mode et_block_row\">\n\t\t\t\t<div class=\"et_d4_element et_pb_column_1_5 et_pb_column et_pb_column_12  et_pb_css_mix_blend_mode et_block_column et_pb_column_empty\">\n\t\t\t\t\n\t\t\t\t\n\t\t\t\t\n\t\t\t\t\n\t\t\t\t\n\t\t\t<\/div><div class=\"et_d4_element et_pb_column_3_5 et_pb_column et_pb_column_13  et_pb_css_mix_blend_mode et_block_column\">\n\t\t\t\t\n\t\t\t\t\n\t\t\t\t\n\t\t\t\t\n\t\t\t\t<div class=\"et_pb_with_border et_pb_module et_d4_element et_pb_text et_pb_text_11  et_pb_text_align_left et_pb_bg_layout_light\">\n\t\t\t\t\n\t\t\t\t\n\t\t\t\t\n\t\t\t\t\n\t\t\t\t<div class=\"et_pb_text_inner\"><h6>23\/04\/2026<\/h6>\n<h3>Publicaci\u00f3n de las cuentas anuales consolidadas<\/h3><\/div>\n\t\t\t<\/div><div class=\"et_pb_with_border et_pb_module et_d4_element et_pb_text et_pb_text_12  et_pb_text_align_left et_pb_bg_layout_light\">\n\t\t\t\t\n\t\t\t\t\n\t\t\t\t\n\t\t\t\t\n\t\t\t\t<div class=\"et_pb_text_inner\"><h6>23\/04\/2026<\/h6>\n<h3><span>Publicaci\u00f3n del Informe Anual<\/span><\/h3><\/div>\n\t\t\t<\/div><div class=\"et_pb_with_border et_pb_module et_d4_element et_pb_text et_pb_text_13  et_pb_text_align_left et_pb_bg_layout_light\">\n\t\t\t\t\n\t\t\t\t\n\t\t\t\t\n\t\t\t\t\n\t\t\t\t<div class=\"et_pb_text_inner\"><h6>24\/04\/2026<\/h6>\n<h3>Reuni\u00f3n de informaci\u00f3n financiera<\/h3>\n<p><span>SFAF \u2013 5-7 avenue Percier \u2013 75008 Par\u00eds, FR | Comienza a las 9:00<br \/><\/span><\/p><\/div>\n\t\t\t<\/div><div class=\"et_pb_with_border et_pb_module et_d4_element et_pb_text et_pb_text_14  et_pb_text_align_left et_pb_bg_layout_light\">\n\t\t\t\t\n\t\t\t\t\n\t\t\t\t\n\t\t\t\t\n\t\t\t\t<div class=\"et_pb_text_inner\"><h6>18\/06\/2026<\/h6>\n<h3><span>Junta General del Grupo GUILLIN<\/span><\/h3>\n<p>Maison.A Trocadero \u2013 112 Avenue Kl\u00e9ber \u2013 75016 Par\u00eds, FR | Recepci\u00f3n a partir de las 8:30 | Comienza a las 9:30<\/p><\/div>\n\t\t\t<\/div><div class=\"et_pb_with_border et_pb_module et_d4_element et_pb_text et_pb_text_15  et_pb_text_align_left et_pb_bg_layout_light\">\n\t\t\t\t\n\t\t\t\t\n\t\t\t\t\n\t\t\t\t\n\t\t\t\t<div class=\"et_pb_text_inner\"><h6>22\/10\/2026<\/h6>\n<h3><span>Publicaci\u00f3n de las cuentas semestrales<\/span><\/h3><\/div>\n\t\t\t<\/div><div class=\"et_pb_with_border et_pb_module et_d4_element et_pb_text et_pb_text_16  et_pb_text_align_left et_pb_bg_layout_light\">\n\t\t\t\t\n\t\t\t\t\n\t\t\t\t\n\t\t\t\t\n\t\t\t\t<div class=\"et_pb_text_inner\"><h6>23\/10\/2026<\/h6>\n<h3>Reuni\u00f3n de informaci\u00f3n financiera<\/h3>\n<p><span>SFAF \u2013 Videoconferencia | Comienza a las 9:00<\/span><\/p><\/div>\n\t\t\t<\/div>\n\t\t\t<\/div><div class=\"et_d4_element et_pb_column_1_5 et_pb_column et_pb_column_14  et_pb_css_mix_blend_mode et-last-child et_block_column et_pb_column_empty\">\n\t\t\t\t\n\t\t\t\t\n\t\t\t\t\n\t\t\t\t\n\t\t\t\t\n\t\t\t<\/div>\n\t\t\t\t\n\t\t\t\t\n\t\t\t\t\n\t\t\t\t\n\t\t\t<\/div><div class=\"et_d4_element et_pb_row et_pb_row_10 et_pb_equal_columns  et_pb_css_mix_blend_mode et_block_row\">\n\t\t\t\t<div class=\"et_d4_element et_pb_column_4_4 et_pb_column et_pb_column_15  et_pb_css_mix_blend_mode et-last-child et_block_column\">\n\t\t\t\t\n\t\t\t\t\n\t\t\t\t\n\t\t\t\t\n\t\t\t\t<div class=\"et_pb_module et_d4_element et_pb_text et_pb_text_17  et_pb_text_align_left et_pb_bg_layout_light\">\n\t\t\t\t\n\t\t\t\t\n\t\t\t\t\n\t\t\t\t\n\t\t\t\t<div class=\"et_pb_text_inner\"><p style=\"text-align: center;\"><strong>Consulte los resultados financieros y la informaci\u00f3n reglamentaria del grupo GUILLIN en: <a href=\"http:\/\/www.finances-groupeguillin.fr\">www.finances-groupeguillin.fr<\/a><\/strong><\/p>\n<p style=\"text-align: center;\"><strong>\u00a0<\/strong><\/p><\/div>\n\t\t\t<\/div>\n\t\t\t<\/div>\n\t\t\t\t\n\t\t\t\t\n\t\t\t\t\n\t\t\t\t\n\t\t\t<\/div>\n\t\t\t\t\n\t\t\t\t\n\t\t\t<\/div><\/p>\n","protected":false},"excerpt":{"rendered":"","protected":false},"author":1,"featured_media":0,"parent":0,"menu_order":0,"comment_status":"closed","ping_status":"closed","template":"","meta":{"_acf_changed":false,"_et_pb_use_builder":"on","_et_pb_old_content":"","_et_gb_content_width":"","footnotes":""},"class_list":["post-16871","page","type-page","status-publish","hentry"],"acf":[],"yoast_head":"<!-- This site is optimized with the Yoast SEO plugin v28.3 - https:\/\/yoast.com\/product\/yoast-seo-wordpress\/ -->\n<title>INVERSORES - Groupe GUILLIN<\/title>\n<meta name=\"description\" content=\"Le Groupe GUILLIN est le r\u00e9f\u00e9rent europ\u00e9en de l&#039;emballage plastique alimentaire\" \/>\n<meta name=\"robots\" content=\"index, follow, max-snippet:-1, max-image-preview:large, max-video-preview:-1\" \/>\n<link rel=\"canonical\" href=\"https:\/\/www.groupeguillin.fr\/es\/inversores\/\" \/>\n<meta property=\"og:locale\" content=\"es_ES\" \/>\n<meta property=\"og:type\" content=\"article\" \/>\n<meta property=\"og:title\" content=\"INVERSORES - Groupe GUILLIN\" \/>\n<meta property=\"og:description\" content=\"Le Groupe GUILLIN est le r\u00e9f\u00e9rent europ\u00e9en de l&#039;emballage plastique alimentaire\" \/>\n<meta property=\"og:url\" content=\"https:\/\/www.groupeguillin.fr\/es\/inversores\/\" \/>\n<meta property=\"og:site_name\" content=\"Groupe GUILLIN\" \/>\n<meta property=\"article:modified_time\" content=\"2026-03-19T10:11:12+00:00\" \/>\n<meta property=\"og:image\" content=\"https:\/\/www.groupeguillin.fr\/wp-content\/uploads\/2020\/09\/Logo-guillin-1.png\" \/>\n\t<meta property=\"og:image:width\" content=\"1172\" \/>\n\t<meta property=\"og:image:height\" content=\"300\" \/>\n\t<meta property=\"og:image:type\" content=\"image\/png\" \/>\n<meta name=\"twitter:card\" content=\"summary_large_image\" \/>\n<meta name=\"twitter:label1\" content=\"Est. reading time\" \/>\n\t<meta name=\"twitter:data1\" content=\"10 minutes\" \/>\n<script type=\"application\/ld+json\" class=\"yoast-schema-graph\">{\"@context\":\"https:\\\/\\\/schema.org\",\"@graph\":[{\"@type\":\"WebPage\",\"@id\":\"https:\\\/\\\/www.groupeguillin.fr\\\/es\\\/inversores\\\/\",\"url\":\"https:\\\/\\\/www.groupeguillin.fr\\\/es\\\/inversores\\\/\",\"name\":\"INVERSORES - Groupe GUILLIN\",\"isPartOf\":{\"@id\":\"https:\\\/\\\/www.groupeguillin.fr\\\/es\\\/#website\"},\"datePublished\":\"2024-03-07T11:06:17+00:00\",\"dateModified\":\"2026-03-19T10:11:12+00:00\",\"description\":\"Le Groupe GUILLIN est le r\u00e9f\u00e9rent europ\u00e9en de l'emballage plastique alimentaire\",\"breadcrumb\":{\"@id\":\"https:\\\/\\\/www.groupeguillin.fr\\\/es\\\/inversores\\\/#breadcrumb\"},\"inLanguage\":\"es-ES\",\"potentialAction\":[{\"@type\":\"ReadAction\",\"target\":[\"https:\\\/\\\/www.groupeguillin.fr\\\/es\\\/inversores\\\/\"]}]},{\"@type\":\"BreadcrumbList\",\"@id\":\"https:\\\/\\\/www.groupeguillin.fr\\\/es\\\/inversores\\\/#breadcrumb\",\"itemListElement\":[{\"@type\":\"ListItem\",\"position\":1,\"name\":\"Accueil\",\"item\":\"https:\\\/\\\/www.groupeguillin.fr\\\/es\\\/\"},{\"@type\":\"ListItem\",\"position\":2,\"name\":\"INVERSORES\"}]},{\"@type\":\"WebSite\",\"@id\":\"https:\\\/\\\/www.groupeguillin.fr\\\/es\\\/#website\",\"url\":\"https:\\\/\\\/www.groupeguillin.fr\\\/es\\\/\",\"name\":\"Groupe GUILLIN\",\"description\":\"We protect your food\",\"publisher\":{\"@id\":\"https:\\\/\\\/www.groupeguillin.fr\\\/es\\\/#organization\"},\"potentialAction\":[{\"@type\":\"SearchAction\",\"target\":{\"@type\":\"EntryPoint\",\"urlTemplate\":\"https:\\\/\\\/www.groupeguillin.fr\\\/es\\\/?s={search_term_string}\"},\"query-input\":{\"@type\":\"PropertyValueSpecification\",\"valueRequired\":true,\"valueName\":\"search_term_string\"}}],\"inLanguage\":\"es-ES\"},{\"@type\":\"Organization\",\"@id\":\"https:\\\/\\\/www.groupeguillin.fr\\\/es\\\/#organization\",\"name\":\"Groupe GUILLIN\",\"url\":\"https:\\\/\\\/www.groupeguillin.fr\\\/es\\\/\",\"logo\":{\"@type\":\"ImageObject\",\"inLanguage\":\"es-ES\",\"@id\":\"https:\\\/\\\/www.groupeguillin.fr\\\/es\\\/#\\\/schema\\\/logo\\\/image\\\/\",\"url\":\"https:\\\/\\\/www.groupeguillin.fr\\\/wp-content\\\/uploads\\\/2020\\\/09\\\/Logo-guillin-1.png\",\"contentUrl\":\"https:\\\/\\\/www.groupeguillin.fr\\\/wp-content\\\/uploads\\\/2020\\\/09\\\/Logo-guillin-1.png\",\"width\":1172,\"height\":300,\"caption\":\"Groupe GUILLIN\"},\"image\":{\"@id\":\"https:\\\/\\\/www.groupeguillin.fr\\\/es\\\/#\\\/schema\\\/logo\\\/image\\\/\"},\"sameAs\":[\"https:\\\/\\\/www.instagram.com\\\/groupeguillin\\\/\",\"https:\\\/\\\/www.linkedin.com\\\/company\\\/guillin-emballages\\\/\",\"https:\\\/\\\/www.youtube.com\\\/channel\\\/UCS-Q4Qkgd1bN9pdIPGRjogQ\"]}]}<\/script>\n<!-- \/ Yoast SEO plugin. -->","yoast_head_json":{"title":"INVERSORES - Groupe GUILLIN","description":"Le Groupe GUILLIN est le r\u00e9f\u00e9rent europ\u00e9en de l'emballage plastique alimentaire","robots":{"index":"index","follow":"follow","max-snippet":"max-snippet:-1","max-image-preview":"max-image-preview:large","max-video-preview":"max-video-preview:-1"},"canonical":"https:\/\/www.groupeguillin.fr\/es\/inversores\/","og_locale":"es_ES","og_type":"article","og_title":"INVERSORES - Groupe GUILLIN","og_description":"Le Groupe GUILLIN est le r\u00e9f\u00e9rent europ\u00e9en de l'emballage plastique alimentaire","og_url":"https:\/\/www.groupeguillin.fr\/es\/inversores\/","og_site_name":"Groupe GUILLIN","article_modified_time":"2026-03-19T10:11:12+00:00","og_image":[{"width":1172,"height":300,"url":"https:\/\/www.groupeguillin.fr\/wp-content\/uploads\/2020\/09\/Logo-guillin-1.png","type":"image\/png"}],"twitter_card":"summary_large_image","twitter_misc":{"Est. reading time":"10 minutes"},"schema":{"@context":"https:\/\/schema.org","@graph":[{"@type":"WebPage","@id":"https:\/\/www.groupeguillin.fr\/es\/inversores\/","url":"https:\/\/www.groupeguillin.fr\/es\/inversores\/","name":"INVERSORES - Groupe GUILLIN","isPartOf":{"@id":"https:\/\/www.groupeguillin.fr\/es\/#website"},"datePublished":"2024-03-07T11:06:17+00:00","dateModified":"2026-03-19T10:11:12+00:00","description":"Le Groupe GUILLIN est le r\u00e9f\u00e9rent europ\u00e9en de l'emballage plastique alimentaire","breadcrumb":{"@id":"https:\/\/www.groupeguillin.fr\/es\/inversores\/#breadcrumb"},"inLanguage":"es-ES","potentialAction":[{"@type":"ReadAction","target":["https:\/\/www.groupeguillin.fr\/es\/inversores\/"]}]},{"@type":"BreadcrumbList","@id":"https:\/\/www.groupeguillin.fr\/es\/inversores\/#breadcrumb","itemListElement":[{"@type":"ListItem","position":1,"name":"Accueil","item":"https:\/\/www.groupeguillin.fr\/es\/"},{"@type":"ListItem","position":2,"name":"INVERSORES"}]},{"@type":"WebSite","@id":"https:\/\/www.groupeguillin.fr\/es\/#website","url":"https:\/\/www.groupeguillin.fr\/es\/","name":"Groupe GUILLIN","description":"We protect your food","publisher":{"@id":"https:\/\/www.groupeguillin.fr\/es\/#organization"},"potentialAction":[{"@type":"SearchAction","target":{"@type":"EntryPoint","urlTemplate":"https:\/\/www.groupeguillin.fr\/es\/?s={search_term_string}"},"query-input":{"@type":"PropertyValueSpecification","valueRequired":true,"valueName":"search_term_string"}}],"inLanguage":"es-ES"},{"@type":"Organization","@id":"https:\/\/www.groupeguillin.fr\/es\/#organization","name":"Groupe GUILLIN","url":"https:\/\/www.groupeguillin.fr\/es\/","logo":{"@type":"ImageObject","inLanguage":"es-ES","@id":"https:\/\/www.groupeguillin.fr\/es\/#\/schema\/logo\/image\/","url":"https:\/\/www.groupeguillin.fr\/wp-content\/uploads\/2020\/09\/Logo-guillin-1.png","contentUrl":"https:\/\/www.groupeguillin.fr\/wp-content\/uploads\/2020\/09\/Logo-guillin-1.png","width":1172,"height":300,"caption":"Groupe GUILLIN"},"image":{"@id":"https:\/\/www.groupeguillin.fr\/es\/#\/schema\/logo\/image\/"},"sameAs":["https:\/\/www.instagram.com\/groupeguillin\/","https:\/\/www.linkedin.com\/company\/guillin-emballages\/","https:\/\/www.youtube.com\/channel\/UCS-Q4Qkgd1bN9pdIPGRjogQ"]}]}},"publishpress_future_action":{"enabled":false,"date":"2026-09-12 13:20:22","action":"change-status","newStatus":"draft","terms":[],"taxonomy":"translation_priority","extraData":[]},"publishpress_future_workflow_manual_trigger":{"enabledWorkflows":[]},"_links":{"self":[{"href":"https:\/\/www.groupeguillin.fr\/es\/wp-json\/wp\/v2\/pages\/16871","targetHints":{"allow":["GET"]}}],"collection":[{"href":"https:\/\/www.groupeguillin.fr\/es\/wp-json\/wp\/v2\/pages"}],"about":[{"href":"https:\/\/www.groupeguillin.fr\/es\/wp-json\/wp\/v2\/types\/page"}],"author":[{"embeddable":true,"href":"https:\/\/www.groupeguillin.fr\/es\/wp-json\/wp\/v2\/users\/1"}],"replies":[{"embeddable":true,"href":"https:\/\/www.groupeguillin.fr\/es\/wp-json\/wp\/v2\/comments?post=16871"}],"version-history":[{"count":15,"href":"https:\/\/www.groupeguillin.fr\/es\/wp-json\/wp\/v2\/pages\/16871\/revisions"}],"predecessor-version":[{"id":22143,"href":"https:\/\/www.groupeguillin.fr\/es\/wp-json\/wp\/v2\/pages\/16871\/revisions\/22143"}],"wp:attachment":[{"href":"https:\/\/www.groupeguillin.fr\/es\/wp-json\/wp\/v2\/media?parent=16871"}],"curies":[{"name":"wp","href":"https:\/\/api.w.org\/{rel}","templated":true}]}}