{"id":16770,"date":"2024-03-06T18:58:24","date_gmt":"2024-03-06T17:58:24","guid":{"rendered":"https:\/\/www.groupeguillin.fr\/restauration-collective\/"},"modified":"2024-10-02T17:00:01","modified_gmt":"2024-10-02T15:00:01","slug":"restauration-collective","status":"publish","type":"page","link":"https:\/\/www.groupeguillin.fr\/es\/restauration-collective\/","title":{"rendered":"RESTAURACI\u00d3N COLECTIVA"},"content":{"rendered":"<p><div class=\"et_d4_element et_pb_section et_pb_section_0  et_pb_css_mix_blend_mode et_section_regular et_block_section\" >\n\t\t\t\t\n\t\t\t\t\n\t\t\t\t\n\t\t\t\t\n\t\t\t\t\n\t\t\t\t\n\t\t\t\t<div class=\"et_d4_element et_pb_row et_pb_row_0 et_animated et_pb_equal_columns  et_pb_css_mix_blend_mode et_block_row\">\n\t\t\t\t<div class=\"et_d4_element et_pb_column_4_4 et_pb_column et_pb_column_0  et_pb_css_mix_blend_mode et-last-child et_block_column\">\n\t\t\t\t\n\t\t\t\t\n\t\t\t\t\n\t\t\t\t\n\t\t\t\t<div id=\"slider-solutions\" class=\"et_pb_module et_d4_element et_pb_slider et_pb_slider_0 et_pb_slider_fullwidth_off\">\n\t\t\t\t<div class=\"et_pb_slides\">\n\t\t\t\t\t<div class=\"et_d4_element et_pb_slide et_pb_slide_0  et_pb_css_mix_blend_mode et_pb_bg_layout_dark et_pb_media_alignment_center et-pb-active-slide\" data-slide-id=\"et_pb_slide_0\">\n\t\t\t\t\n\t\t\t\t\n\t\t\t\t<div class=\"et_pb_container clearfix\">\n\t\t\t\t\t<div class=\"et_pb_slider_container_inner\">\n\t\t\t\t\t\t\n\t\t\t\t\t\t<div class=\"et_pb_slide_description\">\n\t\t\t\t\t\t\t<h1 class=\"et_pb_slide_title\"><a href=\"mailto:collectivecatering@groupeguillin.com\">RESTAURACI\u00d3N COLECTIVA<\/a><\/h1><div class=\"et_pb_slide_content\"><h4><strong><br \/><b>KAOLIN<\/b><br \/><\/strong><\/h4>\n<p>Bandeja termosellable100\u00a0% reciclable<\/p>\n<p>Dise\u00f1o de gama alta para la distribuci\u00f3n de comidas en colectividades<\/p><\/div>\n\t\t\t\t\t\t\t<div class=\"et_pb_button_wrapper\"><a class=\"et_pb_button et_pb_more_button\" href=\"mailto:collectivecatering@groupeguillin.com\">CONTACTAR<\/a><\/div>\n\t\t\t\t\t\t<\/div>\n\t\t\t\t\t<\/div>\n\t\t\t\t<\/div>\n\t\t\t\t\n\t\t\t\t\n\t\t\t\t\n\t\t\t<\/div>\n\t\t\t\n\t\t\t\t<\/div>\n\t\t\t\t\n\t\t\t<\/div>\n\t\t\t\n\t\t\t<\/div>\n\t\t\t\t\n\t\t\t\t\n\t\t\t\t\n\t\t\t\t\n\t\t\t<\/div>\n\t\t\t\t\n\t\t\t\t\n\t\t\t<\/div><div class=\"et_d4_element et_pb_section et_pb_section_1  et_pb_css_mix_blend_mode et_section_regular et_block_section\" >\n\t\t\t\t\n\t\t\t\t\n\t\t\t\t\n\t\t\t\t\n\t\t\t\t\n\t\t\t\t\n\t\t\t\t<div class=\"et_d4_element et_pb_row et_pb_row_1 et_animated et_pb_equal_columns  et_pb_css_mix_blend_mode et_block_row\">\n\t\t\t\t<div class=\"et_d4_element et_pb_column_4_4 et_pb_column et_pb_column_1  et_pb_css_mix_blend_mode et-last-child et_block_column\">\n\t\t\t\t\n\t\t\t\t\n\t\t\t\t\n\t\t\t\t\n\t\t\t\t<div class=\"et_pb_module et_d4_element et_pb_text et_pb_text_0  et_pb_text_align_left et_pb_bg_layout_light\">\n\t\t\t\t\n\t\t\t\t\n\t\t\t\t\n\t\t\t\t\n\t\t\t\t<div class=\"et_pb_text_inner\"><h2><strong>PRECURSORES EN EL ENVASADO Y LA DISTRIBUCI\u00d3N DE COMIDAS<\/strong><\/h2><\/div>\n\t\t\t<\/div>\n\t\t\t<\/div>\n\t\t\t\t\n\t\t\t\t\n\t\t\t\t\n\t\t\t\t\n\t\t\t<\/div><div class=\"et_d4_element et_pb_row et_pb_row_2 et_animated et_pb_equal_columns  et_pb_css_mix_blend_mode et_block_row\">\n\t\t\t\t<div class=\"et_d4_element et_pb_column_1_2 et_pb_column et_pb_column_2  et_pb_css_mix_blend_mode et_block_column\">\n\t\t\t\t\n\t\t\t\t\n\t\t\t\t\n\t\t\t\t\n\t\t\t\t<div class=\"et_pb_module et_d4_element et_pb_text et_pb_text_1  et_pb_text_align_left et_pb_bg_layout_light\">\n\t\t\t\t\n\t\t\t\t\n\t\t\t\t\n\t\t\t\t\n\t\t\t\t<div class=\"et_pb_text_inner\"><p>\u00bfCu\u00e1l es la apuesta profesional hist\u00f3rica de las empresas RESCASET y SOCAMEL del Grupo GUILLIN? Facilitar el envasado y la distribuci\u00f3n de comidas en colectividades: hospitales, colegios, centros penitenciarios y residencias de ancianos.<\/p>\n<p>RESCASET, promotor desde hace m\u00e1s de 30 a\u00f1os del concepto de cadena fr\u00eda, distribuye en paralelo una l\u00ednea de embalajes destinada a la restauraci\u00f3n colectiva y a las industrias agroalimentarias y una amplia gama complementaria de m\u00e1quinas de termosellado y de envasado. En total m\u00e1s de 800 referencias de formas y vol\u00famenes variados, dise\u00f1adas espec\u00edficamente para el envasado, la seguridad, la higiene y la distribuci\u00f3n de la comida, caliente o fr\u00eda.<\/p><\/div>\n\t\t\t<\/div>\n\t\t\t<\/div><div class=\"et_d4_element et_pb_column_1_2 et_pb_column et_pb_column_3  et_pb_css_mix_blend_mode et-last-child et_block_column\">\n\t\t\t\t\n\t\t\t\t\n\t\t\t\t\n\t\t\t\t\n\t\t\t\t<div class=\"et_pb_module et_d4_element et_pb_text et_pb_text_2  et_pb_text_align_left et_pb_bg_layout_light\">\n\t\t\t\t\n\t\t\t\t\n\t\t\t\t\n\t\t\t\t\n\t\t\t\t<div class=\"et_pb_text_inner\"><p>SOCAMEL, l\u00edder de la restauraci\u00f3n en los centros sanitarios en Francia, es el colaborador ideal de la distribuci\u00f3n de comida en carros o transportadores. La sociedad desarrolla, fabrica y distribuye equipos que mejoran la fiabilidad de las cadenas fr\u00edas, calientes y congeladas. Carros de distribuci\u00f3n de comida, hornos de mantenimiento de temperatura, herramientas de trazabilidad y oferta de servicios personalizados.<\/p>\n<p>Ambas sociedades, RESCASET y SOCAMEL, se complementan para ofrecer las mejores soluciones a colectividades, desde la preparaci\u00f3n de las comidas hasta el servicio a la persona.<\/p><\/div>\n\t\t\t<\/div>\n\t\t\t<\/div>\n\t\t\t\t\n\t\t\t\t\n\t\t\t\t\n\t\t\t\t\n\t\t\t<\/div>\n\t\t\t\t\n\t\t\t\t\n\t\t\t<\/div><div class=\"et_d4_element et_pb_section et_pb_section_2 et_animated et_pb_with_background  et_pb_css_mix_blend_mode et_section_regular et_block_section\" >\n\t\t\t\t\n\t\t\t\t\n\t\t\t\t\n\t\t\t\t\n\t\t\t\t\n\t\t\t\t\n\t\t\t\t<div class=\"et_d4_element et_pb_row et_pb_row_3 et_animated et_pb_equal_columns  et_pb_css_mix_blend_mode et_block_row\">\n\t\t\t\t<div class=\"et_d4_element et_pb_column_1_3 et_pb_column et_pb_column_4  et_pb_css_mix_blend_mode et_block_column\">\n\t\t\t\t\n\t\t\t\t\n\t\t\t\t\n\t\t\t\t\n\t\t\t\t<div class=\"et_pb_module et_d4_element et_pb_text et_pb_text_3  et_pb_text_align_left et_pb_bg_layout_light\">\n\t\t\t\t\n\t\t\t\t\n\t\t\t\t\n\t\t\t\t\n\t\t\t\t<div class=\"et_pb_text_inner\"><h3 style=\"color: white; font-size: 28px; text-align: center;\">PROTECCI\u00d3N<\/h3><\/div>\n\t\t\t<\/div><div class=\"et_pb_module et_d4_element et_pb_image et_pb_image_0 et_animated et-waypoint\">\n\t\t\t\t\n\t\t\t\t\n\t\t\t\t\n\t\t\t\t\n\t\t\t\t<span class=\"et_pb_image_wrap \"><img decoding=\"async\" width=\"512\" height=\"512\" src=\"https:\/\/www.groupeguillin.fr\/wp-content\/uploads\/2020\/11\/Protection.png\" alt=\"\" title=\"Protection\" class=\"wp-image-2710\" \/><\/span>\n\t\t\t<\/div><div class=\"et_pb_module et_d4_element et_pb_text et_pb_text_4  et_pb_text_align_center et_pb_bg_layout_light\">\n\t\t\t\t\n\t\t\t\t\n\t\t\t\t\n\t\t\t\t\n\t\t\t\t<div class=\"et_pb_text_inner\"><p style=\"text-align: justify;\">Nuestra prioridad es la protecci\u00f3n de los alimentos y de las personas. Nuestros embalajes garantizan la seguridad y la higiene del contenido contra las amenazas exteriores: contaminaciones, fr\u00edo, calor, luz, robo... desde su producci\u00f3n hasta la mesa del consumidor.<\/p><\/div>\n\t\t\t<\/div><div class=\"et_pb_button_module_wrapper et_pb_button_0_wrapper et_pb_button_alignment_center et_pb_module \">\n\t\t\t\t<a class=\"et_pb_button et_d4_element et_pb_button_0 et_pb_bg_layout_light et_block_module\" href=\"https:\/\/www.groupeguillin.fr\/es\/innovation-design\/\">DESCUBRIR<\/a>\n\t\t\t<\/div>\n\t\t\t<\/div><div class=\"et_d4_element et_pb_column_1_3 et_pb_column et_pb_column_5  et_pb_css_mix_blend_mode et_block_column\">\n\t\t\t\t\n\t\t\t\t\n\t\t\t\t\n\t\t\t\t\n\t\t\t\t<div class=\"et_pb_module et_d4_element et_pb_text et_pb_text_5  et_pb_text_align_left et_pb_bg_layout_light\">\n\t\t\t\t\n\t\t\t\t\n\t\t\t\t\n\t\t\t\t\n\t\t\t\t<div class=\"et_pb_text_inner\"><h3 style=\"color: white; font-size: 28px; text-align: center;\">SEGURIDAD<\/h3><\/div>\n\t\t\t<\/div><div class=\"et_pb_module et_d4_element et_pb_image et_pb_image_1 et_animated et-waypoint\">\n\t\t\t\t\n\t\t\t\t\n\t\t\t\t\n\t\t\t\t\n\t\t\t\t<span class=\"et_pb_image_wrap \"><img decoding=\"async\" width=\"512\" height=\"512\" src=\"https:\/\/www.groupeguillin.fr\/wp-content\/uploads\/2020\/11\/securite.png\" alt=\"\" title=\"securite\" class=\"wp-image-2749\" \/><\/span>\n\t\t\t<\/div><div class=\"et_pb_module et_d4_element et_pb_text et_pb_text_6  et_pb_text_align_center et_pb_bg_layout_light\">\n\t\t\t\t\n\t\t\t\t\n\t\t\t\t\n\t\t\t\t\n\t\t\t\t<div class=\"et_pb_text_inner\"><p style=\"text-align: justify;\">El termosellado herm\u00e9tico de nuestras bandejas garantiza la aplicaci\u00f3n de normas de m\u00e1xima higiene. Lucha contra la contaminaci\u00f3n externa y frente a los actos malintencionados, limitando el riesgo de intoxicaci\u00f3n alimentaria. La trazabilidad de las comidas se garantiza f\u00e1cilmente aplicando etiquetas y las dietas alimentarios se identifican mediante los colores de las bandejas.<\/p><\/div>\n\t\t\t<\/div>\n\t\t\t<\/div><div class=\"et_d4_element et_pb_column_1_3 et_pb_column et_pb_column_6  et_pb_css_mix_blend_mode et-last-child et_block_column\">\n\t\t\t\t\n\t\t\t\t\n\t\t\t\t\n\t\t\t\t\n\t\t\t\t<div class=\"et_pb_module et_d4_element et_pb_text et_pb_text_7  et_pb_text_align_left et_pb_bg_layout_light\">\n\t\t\t\t\n\t\t\t\t\n\t\t\t\t\n\t\t\t\t\n\t\t\t\t<div class=\"et_pb_text_inner\"><h3 style=\"color: white; font-size: 28px; text-align: center;\">MEDIOAMBIENTE<\/h3><\/div>\n\t\t\t<\/div><div class=\"et_pb_module et_d4_element et_pb_image et_pb_image_2 et_animated et-waypoint\">\n\t\t\t\t\n\t\t\t\t\n\t\t\t\t\n\t\t\t\t\n\t\t\t\t<span class=\"et_pb_image_wrap \"><img decoding=\"async\" width=\"512\" height=\"512\" src=\"https:\/\/www.groupeguillin.fr\/wp-content\/uploads\/2020\/11\/environnement.png\" alt=\"\" title=\"environnement\" class=\"wp-image-2709\" \/><\/span>\n\t\t\t<\/div><div class=\"et_pb_module et_d4_element et_pb_text et_pb_text_8  et_pb_text_align_center et_pb_bg_layout_light\">\n\t\t\t\t\n\t\t\t\t\n\t\t\t\t\n\t\t\t\t\n\t\t\t\t<div class=\"et_pb_text_inner\"><div class=\"page\" title=\"Page 9\">\n<div class=\"section\">\n<div class=\"layoutArea\">\n<div class=\"column\">\n<p style=\"text-align: justify;\">Nuestras bandejas PP para la restauraci\u00f3n colectiva son 100\u00a0% reciclables, dise\u00f1adas para las aplicaciones fr\u00edas o calientes. Los embalajes de cart\u00f3n que fabricamos son de dise\u00f1o ecol\u00f3gico a partir de materia virgen.<\/p>\n<\/div>\n<\/div>\n<\/div>\n<\/div><\/div>\n\t\t\t<\/div><div class=\"et_pb_button_module_wrapper et_pb_button_1_wrapper et_pb_button_alignment_center et_pb_module \">\n\t\t\t\t<a class=\"et_pb_button et_d4_element et_pb_button_1 et_pb_bg_layout_light et_block_module\" href=\"https:\/\/www.groupeguillin.fr\/es\/environnement\/\">DESCUBRIR<\/a>\n\t\t\t<\/div>\n\t\t\t<\/div>\n\t\t\t\t\n\t\t\t\t\n\t\t\t\t\n\t\t\t\t\n\t\t\t<\/div>\n\t\t\t\t\n\t\t\t\t\n\t\t\t<\/div><div class=\"et_d4_element et_pb_section et_pb_section_3 produits-phares et_animated  et_pb_css_mix_blend_mode et_section_regular et_block_section\" >\n\t\t\t\t\n\t\t\t\t\n\t\t\t\t\n\t\t\t\t\n\t\t\t\t\n\t\t\t\t\n\t\t\t\t<div class=\"et_d4_element et_pb_row et_pb_row_4 et_animated et_pb_equal_columns  et_pb_css_mix_blend_mode et_block_row\">\n\t\t\t\t<div class=\"et_d4_element et_pb_column_4_4 et_pb_column et_pb_column_7  et_pb_css_mix_blend_mode et-last-child et_block_column\">\n\t\t\t\t\n\t\t\t\t\n\t\t\t\t\n\t\t\t\t\n\t\t\t\t<div class=\"et_pb_module et_d4_element et_pb_text et_pb_text_9  et_pb_text_align_left et_pb_bg_layout_light\">\n\t\t\t\t\n\t\t\t\t\n\t\t\t\t\n\t\t\t\t\n\t\t\t\t<div class=\"et_pb_text_inner\"><h2 style=\"text-align: center;\">NUESTROS PRODUCTOS ESENCIALES DEL MOMENTO<\/h2><\/div>\n\t\t\t<\/div>\n\t\t\t<\/div>\n\t\t\t\t\n\t\t\t\t\n\t\t\t\t\n\t\t\t\t\n\t\t\t<\/div><div class=\"et_d4_element et_pb_row et_pb_row_5 row-produit et_animated et_pb_equal_columns  et_pb_css_mix_blend_mode et_block_row\">\n\t\t\t\t<div class=\"et_d4_element et_pb_column_2_5 et_pb_column et_pb_column_8  et_pb_css_mix_blend_mode et_block_column\">\n\t\t\t\t\n\t\t\t\t\n\t\t\t\t\n\t\t\t\t\n\t\t\t\t<div class=\"et_pb_module et_d4_element et_pb_image et_pb_image_3\">\n\t\t\t\t\n\t\t\t\t\n\t\t\t\t\n\t\t\t\t\n\t\t\t\t<span class=\"et_pb_image_wrap \"><img decoding=\"async\" width=\"1024\" height=\"683\" src=\"https:\/\/www.groupeguillin.fr\/wp-content\/uploads\/2020\/09\/Blanquette-Food-K-sapin-72-dpi-3-1024x683.jpg\" alt=\"\" title=\"Blanquette Food K sapin 72 dpi-3\" class=\"wp-image-1018\" \/><\/span>\n\t\t\t<\/div>\n\t\t\t<\/div><div class=\"et_d4_element et_pb_column_3_5 et_pb_column et_pb_column_9  et_pb_css_mix_blend_mode et-last-child et_block_column\">\n\t\t\t\t\n\t\t\t\t\n\t\t\t\t\n\t\t\t\t\n\t\t\t\t<div class=\"et_pb_module et_d4_element et_pb_cta_0 description et_pb_promo  et_pb_text_align_center et_pb_bg_layout_dark\">\n\t\t\t\t\n\t\t\t\t\n\t\t\t\t\n\t\t\t\t\n\t\t\t\t<div class=\"et_pb_promo_description\"><h3 class=\"et_pb_module_header\">Bandeja termosellable FOOD K<\/h3><div><p><strong>FOOD K<\/strong> es el concepto que combina tecnolog\u00eda, ecolog\u00eda y marketing. Esta bandeja termosellablede dise\u00f1o ecol\u00f3gico es la soluci\u00f3n 100\u00a0% personalizable y reciclable. Perfecta para utilizar en caliente, su base de cart\u00f3n puede calentarse en el microondas y en el horno tradicional.<\/p>\n<p><img decoding=\"async\" class=\"wp-image-1230 alignnone size-full\" src=\"https:\/\/www.groupeguillin.fr\/wp-content\/uploads\/2020\/09\/four.png\" alt=\"\" width=\"75\" height=\"75\" \/> <img decoding=\"async\" class=\"wp-image-1227 alignnone size-full\" src=\"https:\/\/www.groupeguillin.fr\/wp-content\/uploads\/2020\/09\/altereco.png\" alt=\"\" width=\"75\" height=\"75\" \/> <img decoding=\"async\" class=\"wp-image-1236 alignnone size-full\" src=\"https:\/\/www.groupeguillin.fr\/wp-content\/uploads\/2020\/09\/recyclage.png\" alt=\"\" width=\"75\" height=\"75\" \/><\/p><\/div><\/div>\n\t\t\t\t<div class=\"et_pb_button_wrapper\"><a class=\"et_pb_button et_pb_promo_button\" href=\"https:\/\/youtu.be\/iYP15WKDA_Q\" target=\"_blank\">Demo<\/a><\/div>\n\t\t\t<\/div><style type=\"text\/css\">.et_pb_cta_0.et_pb_promo{background-color:transparent !important;}<\/style>\n\t\t\t<\/div>\n\t\t\t\t\n\t\t\t\t\n\t\t\t\t\n\t\t\t\t\n\t\t\t<\/div><div class=\"et_d4_element et_pb_row et_pb_row_6 row-produit et_animated et_pb_equal_columns  et_pb_css_mix_blend_mode et_block_row\">\n\t\t\t\t<div class=\"et_d4_element et_pb_column_2_5 et_pb_column et_pb_column_10  et_pb_css_mix_blend_mode et_block_column\">\n\t\t\t\t\n\t\t\t\t\n\t\t\t\t\n\t\t\t\t\n\t\t\t\t<div class=\"et_pb_module et_d4_element et_pb_image et_pb_image_4\">\n\t\t\t\t\n\t\t\t\t\n\t\t\t\t\n\t\t\t\t\n\t\t\t\t<span class=\"et_pb_image_wrap \"><img decoding=\"async\" width=\"1024\" height=\"683\" src=\"https:\/\/www.groupeguillin.fr\/wp-content\/uploads\/2020\/09\/naturalpack-72-dpi-5-1024x683.jpg\" alt=\"\" title=\"naturalpack 72 dpi-5\" class=\"wp-image-1017\" \/><\/span>\n\t\t\t<\/div>\n\t\t\t<\/div><div class=\"et_d4_element et_pb_column_3_5 et_pb_column et_pb_column_11  et_pb_css_mix_blend_mode et-last-child et_block_column\">\n\t\t\t\t\n\t\t\t\t\n\t\t\t\t\n\t\t\t\t\n\t\t\t\t<div class=\"et_pb_module et_d4_element et_pb_cta_1 description et_pb_promo  et_pb_text_align_center et_pb_bg_layout_dark\">\n\t\t\t\t\n\t\t\t\t\n\t\t\t\t\n\t\t\t\t\n\t\t\t\t<div class=\"et_pb_promo_description\"><h3 class=\"et_pb_module_header\">Bandeja de cart\u00f3n NATURALPACK<\/h3><div><p>Una soluci\u00f3n \u00fanica en el mercado franc\u00e9s de monocart\u00f3n de pura pasta virgen. <strong>NATURALPACK<\/strong> es la bandeja 100\u00a0% termosellable, reciclable y compostable industrialmente. Perfecta para un uso en el \u00e1mbito escolar, responde perfectamente a la normativa aplicable a colectividades.<\/p>\n<p><img decoding=\"async\" class=\"wp-image-1235 alignnone size-full\" src=\"https:\/\/www.groupeguillin.fr\/wp-content\/uploads\/2020\/09\/plantes.png\" alt=\"\" width=\"75\" height=\"75\" \/> <img decoding=\"async\" class=\"wp-image-1227 alignnone size-full\" src=\"https:\/\/www.groupeguillin.fr\/wp-content\/uploads\/2020\/09\/altereco.png\" alt=\"\" width=\"75\" height=\"75\" \/> <img decoding=\"async\" class=\"wp-image-1236 alignnone size-full\" src=\"https:\/\/www.groupeguillin.fr\/wp-content\/uploads\/2020\/09\/recyclage.png\" alt=\"\" width=\"75\" height=\"75\" \/><\/p><\/div><\/div>\n\t\t\t\t<div class=\"et_pb_button_wrapper\"><a class=\"et_pb_button et_pb_promo_button\" href=\"https:\/\/youtu.be\/p7mhwT7fuP0\" target=\"_blank\">Demo<\/a><\/div>\n\t\t\t<\/div><style type=\"text\/css\">.et_pb_cta_1.et_pb_promo{background-color:transparent !important;}<\/style>\n\t\t\t<\/div>\n\t\t\t\t\n\t\t\t\t\n\t\t\t\t\n\t\t\t\t\n\t\t\t<\/div><div class=\"et_d4_element et_pb_row et_pb_row_7 row-produit et_animated et_pb_equal_columns  et_pb_css_mix_blend_mode et_block_row\">\n\t\t\t\t<div class=\"et_d4_element et_pb_column_2_5 et_pb_column et_pb_column_12  et_pb_css_mix_blend_mode et_block_column\">\n\t\t\t\t\n\t\t\t\t\n\t\t\t\t\n\t\t\t\t\n\t\t\t\t<div class=\"et_pb_module et_d4_element et_pb_image et_pb_image_5\">\n\t\t\t\t\n\t\t\t\t\n\t\t\t\t\n\t\t\t\t\n\t\t\t\t<span class=\"et_pb_image_wrap \"><img decoding=\"async\" width=\"1024\" height=\"853\" src=\"https:\/\/www.groupeguillin.fr\/wp-content\/uploads\/2020\/09\/DUOTRACK-DSC4269-hd-cmjn-eqlbr-6-2013-1024x853.jpg\" alt=\"\" title=\"DUOTRACK DSC4269 hd cmjn eqlbr 6-2013\" class=\"wp-image-1019\" \/><\/span>\n\t\t\t<\/div>\n\t\t\t<\/div><div class=\"et_d4_element et_pb_column_3_5 et_pb_column et_pb_column_13  et_pb_css_mix_blend_mode et-last-child et_block_column\">\n\t\t\t\t\n\t\t\t\t\n\t\t\t\t\n\t\t\t\t\n\t\t\t\t<div class=\"et_pb_module et_d4_element et_pb_cta_2 description et_pb_promo  et_pb_text_align_center et_pb_bg_layout_dark\">\n\t\t\t\t\n\t\t\t\t\n\t\t\t\t\n\t\t\t\t\n\t\t\t\t<div class=\"et_pb_promo_description\"><h3 class=\"et_pb_module_header\">Termoselladora autom\u00e1tica en l\u00ednea 100 % el\u00e9ctrica DUOTRACK<\/h3><div><p>Termoselladora autom\u00e1tica que se adapta a todas las configuraciones (de 1 a 3 pistas). Ergonom\u00eda ideal para disfrutar de confort a todas las alturas, accesibilidad r\u00e1pida y total para el mantenimiento y la limpieza. Cambio de utillaje sumamente r\u00e1pido que permite retomar la producci\u00f3n al instante.<\/p>\n<p><span style=\"font-family: Montserrat, Helvetica, Arial, Lucida, sans-serif; font-size: 14px;\">\u00a0<\/span><span style=\"font-family: Montserrat, Helvetica, Arial, Lucida, sans-serif; font-size: 14px;\">\u00a0<img decoding=\"async\" class=\"wp-image-1252 alignnone size-full\" src=\"https:\/\/www.groupeguillin.fr\/wp-content\/uploads\/2020\/09\/roure.png\" alt=\"\" width=\"75\" height=\"75\" \/> <img decoding=\"async\" class=\"wp-image-1251 alignnone size-full\" src=\"https:\/\/www.groupeguillin.fr\/wp-content\/uploads\/2020\/09\/lavage.png\" alt=\"\" width=\"75\" height=\"75\" \/><\/span><\/p><\/div><\/div>\n\t\t\t\t\n\t\t\t<\/div><style type=\"text\/css\">.et_pb_cta_2.et_pb_promo{background-color:transparent !important;}<\/style>\n\t\t\t<\/div>\n\t\t\t\t\n\t\t\t\t\n\t\t\t\t\n\t\t\t\t\n\t\t\t<\/div><div class=\"et_d4_element et_pb_row et_pb_row_8 row-produit et_animated et_pb_equal_columns  et_pb_css_mix_blend_mode et_block_row\">\n\t\t\t\t<div class=\"et_d4_element et_pb_column_2_5 et_pb_column et_pb_column_14  et_pb_css_mix_blend_mode et_block_column\">\n\t\t\t\t\n\t\t\t\t\n\t\t\t\t\n\t\t\t\t\n\t\t\t\t<div class=\"et_pb_module et_d4_element et_pb_image et_pb_image_6\">\n\t\t\t\t\n\t\t\t\t\n\t\t\t\t\n\t\t\t\t\n\t\t\t\t<span class=\"et_pb_image_wrap \"><img decoding=\"async\" width=\"882\" height=\"1024\" src=\"https:\/\/www.groupeguillin.fr\/wp-content\/uploads\/2020\/12\/Doubleflow-882x1024.png\" alt=\"\" title=\"Doubleflow\" class=\"wp-image-3875\" \/><\/span>\n\t\t\t<\/div>\n\t\t\t<\/div><div class=\"et_d4_element et_pb_column_3_5 et_pb_column et_pb_column_15  et_pb_css_mix_blend_mode et-last-child et_block_column\">\n\t\t\t\t\n\t\t\t\t\n\t\t\t\t\n\t\t\t\t\n\t\t\t\t<div class=\"et_pb_module et_d4_element et_pb_cta_3 description et_pb_promo  et_pb_text_align_center et_pb_bg_layout_dark\">\n\t\t\t\t\n\t\t\t\t\n\t\t\t\t\n\t\t\t\t\n\t\t\t\t<div class=\"et_pb_promo_description\"><h3 class=\"et_pb_module_header\">Carro de distribuci\u00f3n DOUBLEFLOW y su terminal ERGOSERV<\/h3><div><p>Un sistema terminal\/transportador que comunica las cocinas con las unidades que deben servirse. Una soluci\u00f3n perfecta para mantener la temperatura y distribuir platos calientes y fr\u00edos con sus paredes perfectamente aislantes. Una trazabilidad lograda que integra las mejores tecnolog\u00edas.<\/p>\n<p><span style=\"font-family: Montserrat, Helvetica, Arial, Lucida, sans-serif; font-size: 14px;\">\u00a0<\/span><span style=\"font-family: Montserrat, Helvetica, Arial, Lucida, sans-serif; font-size: 14px;\">\u00a0<img decoding=\"async\" class=\"wp-image-1250 alignnone size-full\" src=\"https:\/\/www.groupeguillin.fr\/wp-content\/uploads\/2020\/09\/glace.png\" alt=\"\" width=\"75\" height=\"75\" \/> <img decoding=\"async\" class=\"wp-image-1249 alignnone size-full\" src=\"https:\/\/www.groupeguillin.fr\/wp-content\/uploads\/2020\/09\/feu.png\" alt=\"\" width=\"75\" height=\"75\" \/> <img decoding=\"async\" class=\"wp-image-1248 alignnone size-full\" src=\"https:\/\/www.groupeguillin.fr\/wp-content\/uploads\/2020\/09\/chaine.png\" alt=\"\" width=\"75\" height=\"75\" \/><\/span><\/p><\/div><\/div>\n\t\t\t\t\n\t\t\t<\/div><style type=\"text\/css\">.et_pb_cta_3.et_pb_promo{background-color:transparent !important;}<\/style>\n\t\t\t<\/div>\n\t\t\t\t\n\t\t\t\t\n\t\t\t\t\n\t\t\t\t\n\t\t\t<\/div>\n\t\t\t\t\n\t\t\t\t\n\t\t\t<\/div><div class=\"et_d4_element et_pb_section et_pb_section_4 toutes-offres et_pb_with_background  et_pb_css_mix_blend_mode et_section_regular et_block_section\" >\n\t\t\t\t\n\t\t\t\t\n\t\t\t\t\n\t\t\t\t\n\t\t\t\t\n\t\t\t\t\n\t\t\t\t<div class=\"et_d4_element et_pb_row et_pb_row_9 et_animated et_pb_equal_columns  et_pb_css_mix_blend_mode et_block_row\">\n\t\t\t\t<div class=\"et_d4_element et_pb_column_4_4 et_pb_column et_pb_column_16  et_pb_css_mix_blend_mode et-last-child et_block_column\">\n\t\t\t\t\n\t\t\t\t\n\t\t\t\t\n\t\t\t\t\n\t\t\t\t<div class=\"et_pb_module et_d4_element et_pb_text et_pb_text_10  et_pb_text_align_left et_pb_bg_layout_light\">\n\t\t\t\t\n\t\t\t\t\n\t\t\t\t\n\t\t\t\t\n\t\t\t\t<div class=\"et_pb_text_inner\"><h2 style=\"text-align: center;\">TODAS NUESTRAS SOLUCIONES<\/h2><\/div>\n\t\t\t<\/div><div class=\"et_pb_module et_d4_element et_pb_text et_pb_text_11  et_pb_text_align_left et_pb_bg_layout_light\">\n\t\t\t\t\n\t\t\t\t\n\t\t\t\t\n\t\t\t\t\n\t\t\t\t<div class=\"et_pb_text_inner\"><p>M\u00e1quina de termosellado autom\u00e1tico para optimizar la producci\u00f3n. Bandeja termosellable para utilizar en caliente o en fr\u00edo. Carro de distribuci\u00f3n con conservaci\u00f3n de la temperatura para platos calientes y fr\u00edos.<\/p><\/div>\n\t\t\t<\/div><div class=\"et_pb_module et_d4_element et_pb_number_counter et_pb_number_counter_0 toutes-offres-nombre  et_pb_text_align_center et_pb_bg_layout_light et_pb_with_title\" data-number-value=\"1000\" data-number-separator=\"\">\n\t\t\t\t\n\t\t\t\t\n\t\t\t\t\n\t\t\t\t\n\t\t\t\t<div class=\"percent\" ><p><span class=\"percent-value\"><\/span><span class=\"percent-sign\"><\/span><\/p><\/div>\n\t\t\t\t<h3 class=\"title\">referencias en stock<\/h3>\n\t\t\t<\/div>\n\t\t\t<\/div>\n\t\t\t\t\n\t\t\t\t\n\t\t\t\t\n\t\t\t\t\n\t\t\t<\/div><div class=\"et_d4_element et_pb_row et_pb_row_10 et_pb_equal_columns  et_pb_css_mix_blend_mode et_block_row\">\n\t\t\t\t<div class=\"et_d4_element et_pb_column_1_4 et_pb_column et_pb_column_17  et_pb_css_mix_blend_mode et_block_column\">\n\t\t\t\t\n\t\t\t\t\n\t\t\t\t\n\t\t\t\t\n\t\t\t\t<div class=\"et_pb_module et_d4_element et_pb_image et_pb_image_7\">\n\t\t\t\t\n\t\t\t\t\n\t\t\t\t\n\t\t\t\t\n\t\t\t\t<span class=\"et_pb_image_wrap \"><img decoding=\"async\" width=\"1024\" height=\"698\" src=\"https:\/\/www.groupeguillin.fr\/wp-content\/uploads\/2020\/12\/Equipement-pour-preparation-des-repas-1024x698.png\" alt=\"\" title=\"Equipement pour preparation des repas\" class=\"wp-image-4034\" \/><\/span>\n\t\t\t<\/div><div class=\"et_pb_module et_d4_element et_pb_text et_pb_text_12  et_pb_text_align_left et_pb_bg_layout_light\">\n\t\t\t\t\n\t\t\t\t\n\t\t\t\t\n\t\t\t\t\n\t\t\t\t<div class=\"et_pb_text_inner\"><h3><b>EQUIPO PARA LA PREPARACI\u00d3N DE COMIDAS<\/b><\/h3>\n<ul>\n<li>Termoselladora en el puesto trabajo<\/li>\n<li>Termoselladora al vac\u00edo y a gas<\/li>\n<li>Termoselladoras en l\u00ednea<\/li>\n<li>Perif\u00e9ricos<\/li>\n<li>Etiquetado<\/li>\n<\/ul><\/div>\n\t\t\t<\/div>\n\t\t\t<\/div><div class=\"et_d4_element et_pb_column_1_4 et_pb_column et_pb_column_18  et_pb_css_mix_blend_mode et_block_column\">\n\t\t\t\t\n\t\t\t\t\n\t\t\t\t\n\t\t\t\t\n\t\t\t\t<div class=\"et_pb_module et_d4_element et_pb_image et_pb_image_8\">\n\t\t\t\t\n\t\t\t\t\n\t\t\t\t\n\t\t\t\t\n\t\t\t\t<span class=\"et_pb_image_wrap \"><img decoding=\"async\" width=\"1024\" height=\"683\" src=\"https:\/\/www.groupeguillin.fr\/wp-content\/uploads\/2020\/09\/Emballage-pour-distribution-froide_recadre-1024x683.jpg\" alt=\"\" title=\"Emballage-pour-distribution-froide_recadre\" class=\"wp-image-1182\" \/><\/span>\n\t\t\t<\/div><div class=\"et_pb_module et_d4_element et_pb_text et_pb_text_13  et_pb_text_align_left et_pb_bg_layout_light\">\n\t\t\t\t\n\t\t\t\t\n\t\t\t\t\n\t\t\t\t\n\t\t\t\t<div class=\"et_pb_text_inner\"><h3><b>EMBALAJE PARA LA DISTRIBUCI\u00d3N EN FR\u00cdO<\/b><\/h3>\n<ul>\n<li>Platos<\/li>\n<li>Frascos<\/li>\n<li>Bandejas termosellables<\/li>\n<li>Cajas<\/li>\n<li>Platos de presentaci\u00f3n<\/li>\n<li>Bandejas de comida<\/li>\n<\/ul><\/div>\n\t\t\t<\/div>\n\t\t\t<\/div><div class=\"et_d4_element et_pb_column_1_4 et_pb_column et_pb_column_19  et_pb_css_mix_blend_mode et_block_column\">\n\t\t\t\t\n\t\t\t\t\n\t\t\t\t\n\t\t\t\t\n\t\t\t\t<div class=\"et_pb_module et_d4_element et_pb_image et_pb_image_9\">\n\t\t\t\t\n\t\t\t\t\n\t\t\t\t\n\t\t\t\t\n\t\t\t\t<span class=\"et_pb_image_wrap \"><img decoding=\"async\" src=\"https:\/\/www.groupeguillin.fr\/wp-content\/uploads\/2020\/12\/Remise-en-tempe\u0301rature-1024x683.jpg\" alt=\"\" title=\"Remise en tempe\u0301rature\" \/><\/span>\n\t\t\t<\/div><div class=\"et_pb_module et_d4_element et_pb_text et_pb_text_14  et_pb_text_align_left et_pb_bg_layout_light\">\n\t\t\t\t\n\t\t\t\t\n\t\t\t\t\n\t\t\t\t\n\t\t\t\t<div class=\"et_pb_text_inner\"><h3><b>EMBALAJE PARA CONSERVAR LA TEMPERATURA<\/b><\/h3>\n<ul>\n<li>Fuentes, bandejas, platos, boles, cuencos<\/li>\n<li>Bandejas termosellables<\/li>\n<li>Frascos redondos con tapa separada<\/li>\n<li>Cajas con tapa separada<\/li>\n<li>Cajas con tapa unida<\/li>\n<\/ul><\/div>\n\t\t\t<\/div>\n\t\t\t<\/div><div class=\"et_d4_element et_pb_column_1_4 et_pb_column et_pb_column_20  et_pb_css_mix_blend_mode et-last-child et_block_column\">\n\t\t\t\t\n\t\t\t\t\n\t\t\t\t\n\t\t\t\t\n\t\t\t\t<div class=\"et_pb_module et_d4_element et_pb_image et_pb_image_10\">\n\t\t\t\t\n\t\t\t\t\n\t\t\t\t\n\t\t\t\t\n\t\t\t\t<span class=\"et_pb_image_wrap \"><img decoding=\"async\" width=\"1024\" height=\"1024\" src=\"https:\/\/www.groupeguillin.fr\/wp-content\/uploads\/2020\/12\/Equipement-pour-distribution-des-repas-1024x1024.jpg\" alt=\"\" title=\"Equipement pour distribution des repas\" class=\"wp-image-4033\" \/><\/span>\n\t\t\t<\/div><div class=\"et_pb_module et_d4_element et_pb_text et_pb_text_15  et_pb_text_align_left et_pb_bg_layout_light\">\n\t\t\t\t\n\t\t\t\t\n\t\t\t\t\n\t\t\t\t\n\t\t\t\t<div class=\"et_pb_text_inner\"><h3><b>EQUIPO PARA LA DISTRIBUCI\u00d3N DE COMIDAS<\/b><\/h3>\n<ul>\n<li>Transporte isotermo<\/li>\n<li>Carro de desayunos<\/li>\n<li>Distribuci\u00f3n de comidas en bandeja<\/li>\n<li>Distribuci\u00f3n de comidas en multiporci\u00f3n<\/li>\n<\/ul><\/div>\n\t\t\t<\/div>\n\t\t\t<\/div>\n\t\t\t\t\n\t\t\t\t\n\t\t\t\t\n\t\t\t\t\n\t\t\t<\/div><div class=\"et_d4_element et_pb_row et_pb_row_11 et_animated et_pb_equal_columns  et_pb_css_mix_blend_mode et_block_row\">\n\t\t\t\t<div class=\"et_d4_element et_pb_column_4_4 et_pb_column et_pb_column_21  et_pb_css_mix_blend_mode et-last-child et_block_column\">\n\t\t\t\t\n\t\t\t\t\n\t\t\t\t\n\t\t\t\t\n\t\t\t\t<div class=\"et_pb_button_module_wrapper et_pb_button_2_wrapper et_pb_button_alignment_center et_pb_module \">\n\t\t\t\t<a class=\"et_pb_button et_d4_element et_pb_button_2 et_pb_bg_layout_light et_block_module\" href=\"mailto:collectivecatering@groupeguillin.com\">CONTACTAR<\/a>\n\t\t\t<\/div>\n\t\t\t<\/div>\n\t\t\t\t\n\t\t\t\t\n\t\t\t\t\n\t\t\t\t\n\t\t\t<\/div>\n\t\t\t\t\n\t\t\t\t\n\t\t\t<\/div><div class=\"et_d4_element et_pb_section et_pb_section_5  et_pb_css_mix_blend_mode et_section_regular et_block_section\" >\n\t\t\t\t\n\t\t\t\t\n\t\t\t\t\n\t\t\t\t\n\t\t\t\t\n\t\t\t\t\n\t\t\t\t<div class=\"et_d4_element et_pb_row et_pb_row_12 et_animated et_pb_equal_columns  et_pb_css_mix_blend_mode et_block_row\">\n\t\t\t\t<div class=\"et_d4_element et_pb_column_4_4 et_pb_column et_pb_column_22  et_pb_css_mix_blend_mode et-last-child et_block_column\">\n\t\t\t\t\n\t\t\t\t\n\t\t\t\t\n\t\t\t\t\n\t\t\t\t<div class=\"et_pb_module et_d4_element et_pb_text et_pb_text_16  et_pb_text_align_left et_pb_bg_layout_light\">\n\t\t\t\t\n\t\t\t\t\n\t\t\t\t\n\t\t\t\t\n\t\t\t\t<div class=\"et_pb_text_inner\"><h2 style=\"text-align: center;\">TESTIMONIOS<\/h2><\/div>\n\t\t\t<\/div>\n\t\t\t<\/div>\n\t\t\t\t\n\t\t\t\t\n\t\t\t\t\n\t\t\t\t\n\t\t\t<\/div><div class=\"et_d4_element et_pb_row et_pb_row_13 et_animated et_pb_equal_columns  et_pb_css_mix_blend_mode et_block_row\">\n\t\t\t\t<div class=\"et_d4_element et_pb_column_1_2 et_pb_column et_pb_column_23  et_pb_css_mix_blend_mode et_block_column\">\n\t\t\t\t\n\t\t\t\t\n\t\t\t\t\n\t\t\t\t\n\t\t\t\t<div class=\"et_pb_module et_d4_element et_pb_testimonial et_pb_testimonial_0 temoignage-no-photo  et_pb_css_mix_blend_mode clearfix  et_pb_text_align_left et_pb_bg_layout_light et_block_module et_pb_testimonial_no_image\">\n\t\t\t\t\n\t\t\t\t\n\t\t\t\t\n\t\t\t\t\n\t\t\t\t<div style=\"background-image:url(data:image\/svg+xml;base64,PHN2ZyB3aWR0aD0iNTAwIiBoZWlnaHQ9IjUwMCIgdmlld0JveD0iMCAwIDUwMCA1MDAiIHhtbG5zPSJodHRwOi8vd3d3LnczLm9yZy8yMDAwL3N2ZyI+CiAgICA8ZyBmaWxsPSJub25lIiBmaWxsLXJ1bGU9ImV2ZW5vZGQiPgogICAgICAgIDxwYXRoIGZpbGw9IiNFQkVCRUIiIGQ9Ik0wIDBoNTAwdjUwMEgweiIvPgogICAgICAgIDxyZWN0IGZpbGwtb3BhY2l0eT0iLjEiIGZpbGw9IiMwMDAiIHg9IjY4IiB5PSIzMDUiIHdpZHRoPSIzNjQiIGhlaWdodD0iNTY4IiByeD0iMTgyIi8+CiAgICAgICAgPGNpcmNsZSBmaWxsLW9wYWNpdHk9Ii4xIiBmaWxsPSIjMDAwIiBjeD0iMjQ5IiBjeT0iMTcyIiByPSIxMDAiLz4KICAgIDwvZz4KPC9zdmc+Cg==)\" class=\"et_pb_testimonial_portrait\"><\/div>\n\t\t\t\t<div class=\"et_pb_testimonial_description\">\n\t\t\t\t\t<div class=\"et_pb_testimonial_description_inner\"><div class=\"et_pb_testimonial_content\"><p>Escucha, seguimiento, eficacia, innovaci\u00f3n y resultados son las palabras clave de la relaci\u00f3n que he desarrollado durante estos a\u00f1os de colaboraci\u00f3n con la empresa SOCAMEL.\n<\/p>\n<p>Sus excelentes propuestas de soluciones t\u00e9cnicas innovadoras en respuesta a nuestras limitaciones organizativas siempre me han permitido llevar a cabo nuestros proyectos basados en la construcci\u00f3n conjunta y en la confianza mutua.<\/p><\/div><\/div>\n\t\t\t\t\t<span class=\"et_pb_testimonial_author\">SYLVAIN ZERCHER<\/span>\n\t\t\t\t\t<p class=\"et_pb_testimonial_meta\"><span class=\"et_pb_testimonial_position\">responsable de prestaciones log\u00edsticas y de la pol\u00edtica hostelera, GHT Atlantique 17, La Rochelle-R\u00e9-Aunis<\/span><\/p>\n\t\t\t\t<\/div>\n\t\t\t<\/div>\n\t\t\t<\/div><div class=\"et_d4_element et_pb_column_1_2 et_pb_column et_pb_column_24  et_pb_css_mix_blend_mode et-last-child et_block_column\">\n\t\t\t\t\n\t\t\t\t\n\t\t\t\t\n\t\t\t\t\n\t\t\t\t<div class=\"et_pb_module et_d4_element et_pb_testimonial et_pb_testimonial_1 temoignage-no-photo  et_pb_css_mix_blend_mode clearfix  et_pb_text_align_left et_pb_bg_layout_light et_block_module et_pb_testimonial_no_image\">\n\t\t\t\t\n\t\t\t\t\n\t\t\t\t\n\t\t\t\t\n\t\t\t\t<div style=\"background-image:url(data:image\/svg+xml;base64,PHN2ZyB3aWR0aD0iNTAwIiBoZWlnaHQ9IjUwMCIgdmlld0JveD0iMCAwIDUwMCA1MDAiIHhtbG5zPSJodHRwOi8vd3d3LnczLm9yZy8yMDAwL3N2ZyI+CiAgICA8ZyBmaWxsPSJub25lIiBmaWxsLXJ1bGU9ImV2ZW5vZGQiPgogICAgICAgIDxwYXRoIGZpbGw9IiNFQkVCRUIiIGQ9Ik0wIDBoNTAwdjUwMEgweiIvPgogICAgICAgIDxyZWN0IGZpbGwtb3BhY2l0eT0iLjEiIGZpbGw9IiMwMDAiIHg9IjY4IiB5PSIzMDUiIHdpZHRoPSIzNjQiIGhlaWdodD0iNTY4IiByeD0iMTgyIi8+CiAgICAgICAgPGNpcmNsZSBmaWxsLW9wYWNpdHk9Ii4xIiBmaWxsPSIjMDAwIiBjeD0iMjQ5IiBjeT0iMTcyIiByPSIxMDAiLz4KICAgIDwvZz4KPC9zdmc+Cg==)\" class=\"et_pb_testimonial_portrait\"><\/div>\n\t\t\t\t<div class=\"et_pb_testimonial_description\">\n\t\t\t\t\t<div class=\"et_pb_testimonial_description_inner\"><div class=\"et_pb_testimonial_content\"><p>Nuestra cocina se encarga de elaborar unas 1000 comidas\/d\u00eda destinadas a las personas mayores a domicilio, representando la mitad de la carga de trabajo, y tambi\u00e9n para guarder\u00edas e Institutos M\u00e9dico-Educativos\/Institutos M\u00e9dico-Profesionales, as\u00ed como para determinados ni\u00f1os con dificultades del comportamiento.<\/p>\n<p>Trabajo con el Grupo desde hace m\u00e1s de 15 a\u00f1os como usuario y 4 a\u00f1os como director.<\/p>\n<p>La calidad y la regularidad de los productos nos han convertido en clientes fieles de forma natural. La elecci\u00f3n se centra ante todo en la calidad del producto y despu\u00e9s en el dise\u00f1o. Recientemente hemos optado por las bandejas de la gama FOOD\u00a0K para ajustarnos a nuestra cadena de valores.<\/p>\n<p>La relaci\u00f3n con el cliente tambi\u00e9n es esencial en nuestra colaboraci\u00f3n, lo cual nos ha ayudado a construir las inversiones en equipos de estos dos \u00faltimos a\u00f1os (asesoramiento, pruebas, costes).<\/p><\/div><\/div>\n\t\t\t\t\t<span class=\"et_pb_testimonial_author\">FREDDY BRUN<\/span>\n\t\t\t\t\t<p class=\"et_pb_testimonial_meta\"><span class=\"et_pb_testimonial_position\">director de cocina central Croque &amp; Toque, Beauvais \/ Cergy \/ Compi\u00e8gne<\/span><\/p>\n\t\t\t\t<\/div>\n\t\t\t<\/div>\n\t\t\t<\/div>\n\t\t\t\t\n\t\t\t\t\n\t\t\t\t\n\t\t\t\t\n\t\t\t<\/div>\n\t\t\t\t\n\t\t\t\t\n\t\t\t<\/div><\/p>\n","protected":false},"excerpt":{"rendered":"","protected":false},"author":1,"featured_media":0,"parent":0,"menu_order":0,"comment_status":"closed","ping_status":"closed","template":"","meta":{"_acf_changed":false,"_et_pb_use_builder":"on","_et_pb_old_content":"","_et_gb_content_width":"","footnotes":""},"class_list":["post-16770","page","type-page","status-publish","hentry"],"acf":[],"yoast_head":"<!-- This site is optimized with the Yoast SEO plugin v28.3 - https:\/\/yoast.com\/product\/yoast-seo-wordpress\/ -->\n<title>RESTAURACI\u00d3N COLECTIVA - Groupe GUILLIN<\/title>\n<meta name=\"description\" content=\"Le Groupe GUILLIN est le r\u00e9f\u00e9rent europ\u00e9en de l&#039;emballage plastique alimentaire\" \/>\n<meta name=\"robots\" content=\"index, follow, max-snippet:-1, max-image-preview:large, max-video-preview:-1\" \/>\n<link rel=\"canonical\" href=\"https:\/\/www.groupeguillin.fr\/es\/restauration-collective\/\" \/>\n<meta property=\"og:locale\" content=\"es_ES\" \/>\n<meta property=\"og:type\" content=\"article\" \/>\n<meta property=\"og:title\" content=\"RESTAURACI\u00d3N COLECTIVA - Groupe GUILLIN\" \/>\n<meta property=\"og:description\" content=\"Le Groupe GUILLIN est le r\u00e9f\u00e9rent europ\u00e9en de l&#039;emballage plastique alimentaire\" \/>\n<meta property=\"og:url\" content=\"https:\/\/www.groupeguillin.fr\/es\/restauration-collective\/\" \/>\n<meta property=\"og:site_name\" content=\"Groupe GUILLIN\" \/>\n<meta property=\"article:modified_time\" content=\"2024-10-02T15:00:01+00:00\" \/>\n<meta property=\"og:image\" content=\"https:\/\/www.groupeguillin.fr\/wp-content\/uploads\/2020\/09\/four.png\" \/>\n<meta name=\"twitter:card\" content=\"summary_large_image\" \/>\n<meta name=\"twitter:label1\" content=\"Est. reading time\" \/>\n\t<meta name=\"twitter:data1\" content=\"22 minutes\" \/>\n<script type=\"application\/ld+json\" class=\"yoast-schema-graph\">{\"@context\":\"https:\\\/\\\/schema.org\",\"@graph\":[{\"@type\":\"WebPage\",\"@id\":\"https:\\\/\\\/www.groupeguillin.fr\\\/es\\\/restauration-collective\\\/\",\"url\":\"https:\\\/\\\/www.groupeguillin.fr\\\/es\\\/restauration-collective\\\/\",\"name\":\"RESTAURACI\u00d3N COLECTIVA - Groupe GUILLIN\",\"isPartOf\":{\"@id\":\"https:\\\/\\\/www.groupeguillin.fr\\\/es\\\/#website\"},\"primaryImageOfPage\":{\"@id\":\"https:\\\/\\\/www.groupeguillin.fr\\\/es\\\/restauration-collective\\\/#primaryimage\"},\"image\":{\"@id\":\"https:\\\/\\\/www.groupeguillin.fr\\\/es\\\/restauration-collective\\\/#primaryimage\"},\"thumbnailUrl\":\"https:\\\/\\\/www.groupeguillin.fr\\\/wp-content\\\/uploads\\\/2020\\\/09\\\/four.png\",\"datePublished\":\"2024-03-06T17:58:24+00:00\",\"dateModified\":\"2024-10-02T15:00:01+00:00\",\"description\":\"Le Groupe GUILLIN est le r\u00e9f\u00e9rent europ\u00e9en de l'emballage plastique alimentaire\",\"breadcrumb\":{\"@id\":\"https:\\\/\\\/www.groupeguillin.fr\\\/es\\\/restauration-collective\\\/#breadcrumb\"},\"inLanguage\":\"es-ES\",\"potentialAction\":[{\"@type\":\"ReadAction\",\"target\":[\"https:\\\/\\\/www.groupeguillin.fr\\\/es\\\/restauration-collective\\\/\"]}]},{\"@type\":\"ImageObject\",\"inLanguage\":\"es-ES\",\"@id\":\"https:\\\/\\\/www.groupeguillin.fr\\\/es\\\/restauration-collective\\\/#primaryimage\",\"url\":\"https:\\\/\\\/www.groupeguillin.fr\\\/wp-content\\\/uploads\\\/2020\\\/09\\\/four.png\",\"contentUrl\":\"https:\\\/\\\/www.groupeguillin.fr\\\/wp-content\\\/uploads\\\/2020\\\/09\\\/four.png\"},{\"@type\":\"BreadcrumbList\",\"@id\":\"https:\\\/\\\/www.groupeguillin.fr\\\/es\\\/restauration-collective\\\/#breadcrumb\",\"itemListElement\":[{\"@type\":\"ListItem\",\"position\":1,\"name\":\"Accueil\",\"item\":\"https:\\\/\\\/www.groupeguillin.fr\\\/es\\\/\"},{\"@type\":\"ListItem\",\"position\":2,\"name\":\"RESTAURACI\u00d3N COLECTIVA\"}]},{\"@type\":\"WebSite\",\"@id\":\"https:\\\/\\\/www.groupeguillin.fr\\\/es\\\/#website\",\"url\":\"https:\\\/\\\/www.groupeguillin.fr\\\/es\\\/\",\"name\":\"Groupe GUILLIN\",\"description\":\"We protect your food\",\"publisher\":{\"@id\":\"https:\\\/\\\/www.groupeguillin.fr\\\/es\\\/#organization\"},\"potentialAction\":[{\"@type\":\"SearchAction\",\"target\":{\"@type\":\"EntryPoint\",\"urlTemplate\":\"https:\\\/\\\/www.groupeguillin.fr\\\/es\\\/?s={search_term_string}\"},\"query-input\":{\"@type\":\"PropertyValueSpecification\",\"valueRequired\":true,\"valueName\":\"search_term_string\"}}],\"inLanguage\":\"es-ES\"},{\"@type\":\"Organization\",\"@id\":\"https:\\\/\\\/www.groupeguillin.fr\\\/es\\\/#organization\",\"name\":\"Groupe GUILLIN\",\"url\":\"https:\\\/\\\/www.groupeguillin.fr\\\/es\\\/\",\"logo\":{\"@type\":\"ImageObject\",\"inLanguage\":\"es-ES\",\"@id\":\"https:\\\/\\\/www.groupeguillin.fr\\\/es\\\/#\\\/schema\\\/logo\\\/image\\\/\",\"url\":\"https:\\\/\\\/www.groupeguillin.fr\\\/wp-content\\\/uploads\\\/2020\\\/09\\\/Logo-guillin-1.png\",\"contentUrl\":\"https:\\\/\\\/www.groupeguillin.fr\\\/wp-content\\\/uploads\\\/2020\\\/09\\\/Logo-guillin-1.png\",\"width\":1172,\"height\":300,\"caption\":\"Groupe GUILLIN\"},\"image\":{\"@id\":\"https:\\\/\\\/www.groupeguillin.fr\\\/es\\\/#\\\/schema\\\/logo\\\/image\\\/\"},\"sameAs\":[\"https:\\\/\\\/www.instagram.com\\\/groupeguillin\\\/\",\"https:\\\/\\\/www.linkedin.com\\\/company\\\/guillin-emballages\\\/\",\"https:\\\/\\\/www.youtube.com\\\/channel\\\/UCS-Q4Qkgd1bN9pdIPGRjogQ\"]}]}<\/script>\n<!-- \/ Yoast SEO plugin. -->","yoast_head_json":{"title":"RESTAURACI\u00d3N COLECTIVA - Groupe GUILLIN","description":"Le Groupe GUILLIN est le r\u00e9f\u00e9rent europ\u00e9en de l'emballage plastique alimentaire","robots":{"index":"index","follow":"follow","max-snippet":"max-snippet:-1","max-image-preview":"max-image-preview:large","max-video-preview":"max-video-preview:-1"},"canonical":"https:\/\/www.groupeguillin.fr\/es\/restauration-collective\/","og_locale":"es_ES","og_type":"article","og_title":"RESTAURACI\u00d3N COLECTIVA - Groupe GUILLIN","og_description":"Le Groupe GUILLIN est le r\u00e9f\u00e9rent europ\u00e9en de l'emballage plastique alimentaire","og_url":"https:\/\/www.groupeguillin.fr\/es\/restauration-collective\/","og_site_name":"Groupe GUILLIN","article_modified_time":"2024-10-02T15:00:01+00:00","og_image":[{"url":"https:\/\/www.groupeguillin.fr\/wp-content\/uploads\/2020\/09\/four.png","type":"","width":"","height":""}],"twitter_card":"summary_large_image","twitter_misc":{"Est. reading time":"22 minutes"},"schema":{"@context":"https:\/\/schema.org","@graph":[{"@type":"WebPage","@id":"https:\/\/www.groupeguillin.fr\/es\/restauration-collective\/","url":"https:\/\/www.groupeguillin.fr\/es\/restauration-collective\/","name":"RESTAURACI\u00d3N COLECTIVA - Groupe GUILLIN","isPartOf":{"@id":"https:\/\/www.groupeguillin.fr\/es\/#website"},"primaryImageOfPage":{"@id":"https:\/\/www.groupeguillin.fr\/es\/restauration-collective\/#primaryimage"},"image":{"@id":"https:\/\/www.groupeguillin.fr\/es\/restauration-collective\/#primaryimage"},"thumbnailUrl":"https:\/\/www.groupeguillin.fr\/wp-content\/uploads\/2020\/09\/four.png","datePublished":"2024-03-06T17:58:24+00:00","dateModified":"2024-10-02T15:00:01+00:00","description":"Le Groupe GUILLIN est le r\u00e9f\u00e9rent europ\u00e9en de l'emballage plastique alimentaire","breadcrumb":{"@id":"https:\/\/www.groupeguillin.fr\/es\/restauration-collective\/#breadcrumb"},"inLanguage":"es-ES","potentialAction":[{"@type":"ReadAction","target":["https:\/\/www.groupeguillin.fr\/es\/restauration-collective\/"]}]},{"@type":"ImageObject","inLanguage":"es-ES","@id":"https:\/\/www.groupeguillin.fr\/es\/restauration-collective\/#primaryimage","url":"https:\/\/www.groupeguillin.fr\/wp-content\/uploads\/2020\/09\/four.png","contentUrl":"https:\/\/www.groupeguillin.fr\/wp-content\/uploads\/2020\/09\/four.png"},{"@type":"BreadcrumbList","@id":"https:\/\/www.groupeguillin.fr\/es\/restauration-collective\/#breadcrumb","itemListElement":[{"@type":"ListItem","position":1,"name":"Accueil","item":"https:\/\/www.groupeguillin.fr\/es\/"},{"@type":"ListItem","position":2,"name":"RESTAURACI\u00d3N COLECTIVA"}]},{"@type":"WebSite","@id":"https:\/\/www.groupeguillin.fr\/es\/#website","url":"https:\/\/www.groupeguillin.fr\/es\/","name":"Groupe GUILLIN","description":"We protect your food","publisher":{"@id":"https:\/\/www.groupeguillin.fr\/es\/#organization"},"potentialAction":[{"@type":"SearchAction","target":{"@type":"EntryPoint","urlTemplate":"https:\/\/www.groupeguillin.fr\/es\/?s={search_term_string}"},"query-input":{"@type":"PropertyValueSpecification","valueRequired":true,"valueName":"search_term_string"}}],"inLanguage":"es-ES"},{"@type":"Organization","@id":"https:\/\/www.groupeguillin.fr\/es\/#organization","name":"Groupe GUILLIN","url":"https:\/\/www.groupeguillin.fr\/es\/","logo":{"@type":"ImageObject","inLanguage":"es-ES","@id":"https:\/\/www.groupeguillin.fr\/es\/#\/schema\/logo\/image\/","url":"https:\/\/www.groupeguillin.fr\/wp-content\/uploads\/2020\/09\/Logo-guillin-1.png","contentUrl":"https:\/\/www.groupeguillin.fr\/wp-content\/uploads\/2020\/09\/Logo-guillin-1.png","width":1172,"height":300,"caption":"Groupe GUILLIN"},"image":{"@id":"https:\/\/www.groupeguillin.fr\/es\/#\/schema\/logo\/image\/"},"sameAs":["https:\/\/www.instagram.com\/groupeguillin\/","https:\/\/www.linkedin.com\/company\/guillin-emballages\/","https:\/\/www.youtube.com\/channel\/UCS-Q4Qkgd1bN9pdIPGRjogQ"]}]}},"publishpress_future_action":{"enabled":false,"date":"2026-09-13 16:13:14","action":"change-status","newStatus":"draft","terms":[],"taxonomy":"translation_priority","extraData":[]},"publishpress_future_workflow_manual_trigger":{"enabledWorkflows":[]},"_links":{"self":[{"href":"https:\/\/www.groupeguillin.fr\/es\/wp-json\/wp\/v2\/pages\/16770","targetHints":{"allow":["GET"]}}],"collection":[{"href":"https:\/\/www.groupeguillin.fr\/es\/wp-json\/wp\/v2\/pages"}],"about":[{"href":"https:\/\/www.groupeguillin.fr\/es\/wp-json\/wp\/v2\/types\/page"}],"author":[{"embeddable":true,"href":"https:\/\/www.groupeguillin.fr\/es\/wp-json\/wp\/v2\/users\/1"}],"replies":[{"embeddable":true,"href":"https:\/\/www.groupeguillin.fr\/es\/wp-json\/wp\/v2\/comments?post=16770"}],"version-history":[{"count":6,"href":"https:\/\/www.groupeguillin.fr\/es\/wp-json\/wp\/v2\/pages\/16770\/revisions"}],"predecessor-version":[{"id":18670,"href":"https:\/\/www.groupeguillin.fr\/es\/wp-json\/wp\/v2\/pages\/16770\/revisions\/18670"}],"wp:attachment":[{"href":"https:\/\/www.groupeguillin.fr\/es\/wp-json\/wp\/v2\/media?parent=16770"}],"curies":[{"name":"wp","href":"https:\/\/api.w.org\/{rel}","templated":true}]}}