{"id":16515,"date":"2024-03-06T11:42:24","date_gmt":"2024-03-06T10:42:24","guid":{"rendered":"https:\/\/www.groupeguillin.fr\/accueil\/"},"modified":"2026-09-03T11:30:52","modified_gmt":"2026-09-03T09:30:52","slug":"accueil","status":"publish","type":"page","link":"https:\/\/www.groupeguillin.fr\/es\/","title":{"rendered":"Accueil"},"content":{"rendered":"<div class=\"et_pb_section_0 et_pb_section et_section_regular et_block_section\">\n<div class=\"et_pb_row_0 et_pb_row et_block_row preset--module--divi-row--default\">\n<div class=\"et_pb_column_0 et_pb_column et_pb_column_4_4 et-last-child et_block_column et_pb_css_mix_blend_mode_passthrough\">\n<div class=\"et_pb_slider_0 et_pb_slider et_pb_slider_fullwidth_off et_slider_auto et_slider_speed_20000 et_pb_module et_block_module preset--module--divi-slider--default\" id=\"home-slider\"><div class=\"et_pb_slides\">\n<div class=\"et_pb_slide_0 et_pb_slide et_pb_media_alignment_center et_pb_bg_layout_dark et_pb_text_align_right preset--module--divi-slide--default\" data-slide-id=\"divi\/slide-0\"><div class=\"et_pb_container\"><div class=\"et_pb_slider_container_inner\"><div class=\"et_pb_slide_description\"><h5 class=\"et_pb_slide_title\"><\/h5><div class=\"et_pb_slide_content\"><p><strong><span style=\"font-size: 32px; line-height: 1em; text-shadow: black 1px 1px 1px; letter-spacing: 0.8px;\">SharpTek <span style=\"letter-spacing: 2px;\">TECHNOLOGY<\/span><\/span><\/strong><\/p>\n<p><strong>MENOS EMBALAJE, M\u00c1S PROTECCI\u00d3N<\/strong><\/p>\n<p>Presentamos SharpTek: \u00a1la tecnolog\u00eda innovadora que ofrece una bandeja totalmente reciclable y sin mantilla, reduciendo el peso del embalaje en un 17% y revolucionando la protecci\u00f3n de frutas delicadas!<\/p>\n<\/div><div class=\"et_pb_button_wrapper\"><a class=\"et_pb_button et_pb_more_button\" href=\"https:\/\/www.groupeguillin.fr\/es\/sharptek\/%20\">M\u00e1s informaci\u00f3n<\/a><\/div><\/div><\/div><\/div><\/div>\n\n<div class=\"et_pb_slide_1 et_pb_slide et_pb_media_alignment_center et_pb_bg_layout_dark et_pb_text_align_right et-pb-has-background-video et_pb_preload preset--module--divi-slide--default\" data-slide-id=\"divi\/slide-1\"><span class=\"et-pb-background-video et-pb-background-video--play-outside-viewport\"><video autoplay loop playsinline muted><source type=\"video\/mp4\" data-src=\"https:\/\/www.groupeguillin.fr\/wp-content\/uploads\/2020\/10\/GUILLIN_Phase01_Format_HD_V4_sansGUILLIN.mp4\" \/><\/video><\/span><span class=\"et-pb-background-video et-pb-background-video--play-outside-viewport et-pb-background-video_phone\"><video autoplay loop playsinline muted><source type=\"video\/mp4\" data-src=\"https:\/\/www.groupeguillin.fr\/wp-content\/uploads\/2020\/11\/GUILLIN_Phase01_Format_HD_V4_sansGUILLIN-Mobile-8s.mp4\" \/><\/video><\/span><div class=\"et_pb_container\"><div class=\"et_pb_slider_container_inner\"><div class=\"et_pb_slide_description\"><h5 class=\"et_pb_slide_title\"><\/h5><div class=\"et_pb_slide_content\"><p><span class=\"hp-slide-title title-green\">CREAMOS SOLUCIONES DE EMBALAJE ALIMENTARIO RESPONSABLES \u00daNICAS EN EUROPA<\/span><\/p>\n<\/div><div class=\"et_pb_button_wrapper\"><a class=\"et_pb_button et_pb_more_button\" href=\"https:\/\/www.groupeguillin.fr\/qui-sommes-nous\/\">M\u00e1s informaci\u00f3n<\/a><\/div><\/div><\/div><\/div><\/div>\n\n<div class=\"et_pb_slide_2 et_pb_slide et_pb_media_alignment_center et_pb_bg_layout_dark et_pb_text_align_right preset--module--divi-slide--default\" data-slide-id=\"divi\/slide-2\"><div class=\"et_pb_container\"><div class=\"et_pb_slider_container_inner\"><div class=\"et_pb_slide_description\"><h5 class=\"et_pb_slide_title\"><\/h5><div class=\"et_pb_slide_content\"><p><span class=\"hp-slide-title title-blue\">JUNTOS, CONVERTIMOS EL PL\u00c1STICO EN SU PROPIO RECURSO<\/span><\/p>\n<p>Una colaboraci\u00f3n exclusiva con Prevented Ocean PlasticTM para integrar en nuestros embalajes un pl\u00e1stico reciclado de alta calidad<\/p>\n<\/div><div class=\"et_pb_button_wrapper\"><a class=\"et_pb_button et_pb_more_button\" href=\"https:\/\/www.groupeguillin.fr\/environnement\/\">M\u00e1s informaci\u00f3n<\/a><\/div><\/div><\/div><\/div><\/div>\n\n<div class=\"et_pb_slide_3 et_pb_slide et_pb_media_alignment_center et_pb_bg_layout_dark et_pb_text_align_right preset--module--divi-slide--default\" data-slide-id=\"divi\/slide-3\"><div class=\"et_pb_container\"><div class=\"et_pb_slider_container_inner\"><div class=\"et_pb_slide_description\"><h5 class=\"et_pb_slide_title\"><\/h5><div class=\"et_pb_slide_content\"><p><span class=\"hp-slide-title title-green\">100 % BIODEGRADABLE Y 100 % RECICLABLE<\/span><\/p>\n<p>Nueva soluci\u00f3n de cart\u00f3n procedente de una fuente renovable para envasar fruta y verdura frescas<\/p>\n<\/div><div class=\"et_pb_button_wrapper\"><a class=\"et_pb_button et_pb_more_button\" href=\"https:\/\/www.groupeguillin.fr\/?page_id=15358\">M\u00e1s<\/a><\/div><\/div><\/div><\/div><\/div>\n<\/div><\/div>\n<\/div>\n<\/div>\n<\/div>\n\n<div class=\"et_pb_section_1 et_pb_section et_section_regular et_block_section\">\n<div class=\"et_pb_row_1 et_pb_row et_block_row preset--module--divi-row--default\">\n<div class=\"et_pb_column_1 et_pb_column et_pb_column_1_3 et_block_column et_pb_css_mix_blend_mode_passthrough\">\n<div class=\"et_pb_text_0 et_pb_text et_pb_bg_layout_light et_animated et_clickable et_pb_module et_block_module bloc-image-titre-hp\"><div class=\"et_pb_text_inner\"><p>INNOVACI\u00d3N Y DISE\u00d1O<\/p>\n<\/div><\/div>\n<\/div>\n\n<div class=\"et_pb_column_2 et_pb_column et_pb_column_1_3 et_block_column et_pb_css_mix_blend_mode_passthrough\">\n<div class=\"et_pb_text_1 et_pb_text et_pb_bg_layout_light et_animated et_clickable et_pb_module et_block_module bloc-image-titre-hp\"><div class=\"et_pb_text_inner\"><p>DESEMPE\u00d1O Y SERVICIO<\/p>\n<\/div><\/div>\n<\/div>\n\n<div class=\"et_pb_column_3 et_pb_column et_pb_column_1_3 et-last-child et_block_column et_pb_css_mix_blend_mode_passthrough\">\n<div class=\"et_pb_text_2 et_pb_text et_pb_bg_layout_light et_animated et_clickable et_pb_module et_block_module bloc-image-titre-hp\"><div class=\"et_pb_text_inner\"><p>RESPONSABILIDAD Y MEDIOAMBIENTE<\/p>\n<\/div><\/div>\n<\/div>\n<\/div>\n<\/div>\n\n<div class=\"et_pb_section_2 et_pb_section et_section_regular et_block_section solutions-presentation\">\n<div class=\"et_pb_row_2 et_pb_row et_block_row preset--module--divi-row--default\">\n<div class=\"et_pb_column_4 et_pb_column et_pb_column_4_4 et-last-child et_block_column et_pb_css_mix_blend_mode_passthrough\">\n<div class=\"et_pb_text_3 et_pb_text et_pb_bg_layout_light et_pb_module et_block_module\"><div class=\"et_pb_text_inner\"><h2 style=\"text-align: center;\">Nuestras soluciones<\/h2>\n<\/div><\/div>\n<\/div>\n<\/div>\n\n<div class=\"et_pb_row_3 et_pb_row et_pb_gutters1 et_block_row preset--module--divi-row--default\">\n<div class=\"et_pb_column_5 et_pb_column et_pb_column_4_4 et-last-child et_block_column et_pb_css_mix_blend_mode_passthrough\">\n<div class=\"et_pb_code_0 et_pb_code et_pb_module\"><div class=\"et_pb_code_inner\"><select style=\"width: 400px;\" onchange=\"location = this.value;\">\n<option>Encuentra la soluci\u00f3n adaptada a tu profesi\u00f3n<\/option>\n<option value=\"gms\">- Grandes y medianas superficies -<\/option>\n<option value=\"gms\">Grandes y medianas superficies - secci\u00f3n de panader\u00eda\/pasteler\u00eda\/boller\u00eda<\/option>\n<option value=\"gms\">Grandes y medianas superficies - catering fr\u00edo\/corte en fresco<\/option>\n<option value=\"gms\">Grandes y medianas superficies - catering caliente<\/option>\n<option value=\"gms\">Grandes y medianas superficies - secci\u00f3n de carne\/pescado<\/option>\n<option value=\"gms\">Grandes y medianas superficies - secci\u00f3n de quesos\/l\u00e1cteos<\/option>\n<option value=\"commerce-traditionnel\">- Comercio tradicional -<\/option>\n<option value=\"commerce-traditionnel\">Panadero\/pastelero artesanal<\/option>\n<option value=\"commerce-traditionnel\">Catering caliente o fr\u00edo artesanal<\/option>\n<option value=\"commerce-traditionnel\">Carnicero\/ charcutero artesanal<\/option>\n<option value=\"commerce-traditionnel\">Distribuidor alimentario\/vajilla\/menaje de cocina<\/option>\n<option value=\"commerce-traditionnel\">Distribuidor higienista para todo tipo de comercios<\/option>\n<option value=\"commerce-traditionnel\">Establecimiento cash & carry comercio tradicional<\/option>\n<option value=\"commerce-traditionnel\">Organizaci\u00f3n de compra conjunta comercio tradicional<\/option>\n<option value=\"restauration-commerciale\">- Restauraci\u00f3n comercial -<\/option>\n<option value=\"restauration-commerciale\">Cadena de restauraci\u00f3n<\/option>\n<option value=\"restauration-commerciale\">Restaurador independiente<\/option>\n<option value=\"restauration-commerciale\">Restauraci\u00f3n a domicilio<\/option>\n<option value=\"restauration-commerciale\">Establecimiento cash & carry restauraci\u00f3n comercial<\/option>\n<option value=\"restauration-commerciale\">Distribuidor higienista de restauraci\u00f3n<\/option>\n<option value=\"fruits-et-legumes\">- Fruta y verdura -<\/option>\n<option value=\"fruits-et-legumes\">Envasador de fruta y verdura<\/option>\n<option value=\"fruits-et-legumes\">Productor de fruta y verdura<\/option>\n<option value=\"fruits-et-legumes\">Distribuidor de fruta y verdura<\/option>\n<option value=\"fruits-et-legumes\">Organizaci\u00f3n de compra conjunta de fruta y verdura<\/option>\n<option value=\"industrie-agro-alimentaire\">- IAA -<\/option>\n<option value=\"industrie-agro-alimentaire\">Industrial c\u00e1rnico\/pesquero\/charcutero<\/option>\n<option value=\"industrie-agro-alimentaire\">Industrial de platos cocinados\/pasta fresca<\/option>\n<option value=\"industrie-agro-alimentaire\">Industrial de ensaladas preparadas<\/option>\n<option value=\"industrie-agro-alimentaire\">Industrial del sushi<\/option>\n<option value=\"industrie-agro-alimentaire\">Industrial de postres\/pasteler\u00eda\/galletas<\/option>\n<option value=\"industrie-agro-alimentaire\">Industrial de fruta cortada<\/option>\n<option value=\"industrie-agro-alimentaire\">Industrial del sector l\u00e1cteo<\/option>\n<option value=\"industrie-agro-alimentaire\">Industrial de frutos secos\/entrantes<\/option>\n<option value=\"industrie-agro-alimentaire\">Industrial de las bebidas<\/option>\n<option value=\"restauration-collective\">- Restauraci\u00f3n colectiva -<\/option>\n<option value=\"restauration-collective\">Restauraci\u00f3n hospitalaria<\/option>\n<option value=\"restauration-collective\">Restauraci\u00f3n escolar<\/option>\n<option value=\"restauration-collective\">Restauraci\u00f3n en residencias de jubilados<\/option>\n<option value=\"restauration-collective\">Restauraci\u00f3n penitenciaria<\/option>\n<option value=\"restauration-collective\">Restauraci\u00f3n de ocio<\/option>\n<\/select><\/div><\/div>\n<\/div>\n<\/div>\n\n<div class=\"et_pb_row_4 et_pb_row et_block_row preset--module--divi-row--default\">\n<div class=\"et_pb_column_6 et_pb_column et_pb_column_1_3 et_block_column et_pb_css_mix_blend_mode_passthrough\">\n<div class=\"et_pb_text_4 et_pb_text et_pb_bg_layout_light et_pb_module et_block_module texte-solution\"><div class=\"et_pb_text_inner\"><h3><a href=\"https:\/\/www.groupeguillin.fr\/es\/gms\/\">GRANDES Y MEDIANAS SUPERFICIES<\/a><\/h3>\n<\/div><\/div>\n<\/div>\n\n<div class=\"et_pb_column_7 et_pb_column et_pb_column_1_3 et_block_column et_pb_css_mix_blend_mode_passthrough\">\n<div class=\"et_pb_text_5 et_pb_text et_pb_bg_layout_light et_pb_module et_block_module texte-solution\"><div class=\"et_pb_text_inner\"><h3><a href=\"https:\/\/www.groupeguillin.fr\/es\/restauration-commerciale\/\">RESTAURACI\u00d3N COMERCIAL<\/a><\/h3>\n<\/div><\/div>\n<\/div>\n\n<div class=\"et_pb_column_8 et_pb_column et_pb_column_1_3 et-last-child et_block_column et_pb_css_mix_blend_mode_passthrough\">\n<div class=\"et_pb_text_6 et_pb_text et_pb_bg_layout_light et_pb_module et_block_module texte-solution\"><div class=\"et_pb_text_inner\"><h3><a href=\"https:\/\/www.groupeguillin.fr\/es\/commerce-traditionnel\/\">COMERCIO TRADICIONAL<\/a><\/h3>\n<\/div><\/div>\n<\/div>\n<\/div>\n\n<div class=\"et_pb_row_5 et_pb_row et_block_row preset--module--divi-row--default\">\n<div class=\"et_pb_column_9 et_pb_column et_pb_column_1_3 et_block_column et_pb_css_mix_blend_mode_passthrough\">\n<div class=\"et_pb_text_7 et_pb_text et_pb_bg_layout_light et_pb_module et_block_module texte-solution\" id=\"fl\"><div class=\"et_pb_text_inner\"><h3 style=\"text-align: right;\"><a href=\"https:\/\/www.groupeguillin.fr\/es\/fruits-et-legumes\/\">FRUTA Y VERDURA<\/a><\/h3>\n<\/div><\/div>\n<\/div>\n\n<div class=\"et_pb_column_10 et_pb_column et_pb_column_1_3 et_block_column et_pb_css_mix_blend_mode_passthrough\">\n<div class=\"et_pb_text_8 et_pb_text et_pb_bg_layout_light et_pb_module et_block_module texte-solution\"><div class=\"et_pb_text_inner\"><h3 style=\"text-align: right;\"><a href=\"https:\/\/www.groupeguillin.fr\/es\/industrie-agro-alimentaire\/\">INDUSTRIA AGROALIMENTARIA<\/a><\/h3>\n<\/div><\/div>\n<\/div>\n\n<div class=\"et_pb_column_11 et_pb_column et_pb_column_1_3 et-last-child et_block_column et_pb_css_mix_blend_mode_passthrough\">\n<div class=\"et_pb_text_9 et_pb_text et_pb_bg_layout_light et_pb_module et_block_module texte-solution\"><div class=\"et_pb_text_inner\"><h3><a href=\"https:\/\/www.groupeguillin.fr\/es\/restauration-collective\/\">RESTAURACI\u00d3N COLECTIVA<\/a><\/h3>\n<\/div><\/div>\n<\/div>\n<\/div>\n<\/div>\n\n<div class=\"et_pb_section_3 et_pb_section et_section_regular et_block_section\">\n<div class=\"et_pb_row_6 et_pb_row et_block_row preset--module--divi-row--default\">\n<div class=\"et_pb_column_12 et_pb_column et_pb_column_4_4 et-last-child et_block_column et_pb_css_mix_blend_mode_passthrough\">\n<div class=\"et_pb_text_10 et_pb_text et_pb_bg_layout_light et_pb_module et_block_module\"><div class=\"et_pb_text_inner\"><h2 style=\"text-align: center;\">NUESTRA ACTUALIDAD<\/h2>\n<\/div><\/div>\n<\/div>\n<\/div>\n\n<div class=\"et_pb_row_7 et_pb_row et_block_row preset--module--divi-row--default\">\n<div class=\"et_pb_column_13 et_pb_column et_pb_column_4_4 et-last-child et_block_column et_pb_css_mix_blend_mode_passthrough\">\n<div class=\"et_pb_code_1 et_pb_code et_pb_module\"><div class=\"et_pb_code_inner\"><div id=\"flockler-embed-18697698f65095a446880b336c228c91\">\u00a0<\/div>\n\n\n<p><script src=\"https:\/\/plugins.flockler.com\/embed\/18697666fc40dcdd6a8a868204c67abd\/18697698f65095a446880b336c228c91\" async=\"\"><\/script><\/p><\/div><\/div>\n<\/div>\n<\/div>\n<\/div>\n\n<div class=\"et_pb_section_4 et_pb_section et_section_regular et_block_section\">\n<div class=\"et_pb_row_8 et_pb_row et_flex_row preset--module--divi-row--default\">\n<div class=\"et_pb_column_14 et_pb_column et_block_column et_pb_css_mix_blend_mode_passthrough et_flex_column_24_24 et_flex_column_24_24_tablet et_flex_column_24_24_phone\">\n<div class=\"et_pb_image_0 et_pb_image et_pb_module et_block_module\"><span class=\"et_pb_image_wrap\"><img decoding=\"async\" src=\"https:\/\/www.groupeguillin.fr\/wp-content\/uploads\/2026\/08\/CARTE-IMPLANTATIONS-2026-FR-vierge-rvb-scaled.jpg\" title=\"CARTE IMPLANTATIONS 2026 FR vierge rvb\" width=\"2880\" height=\"2160\" class=\"wp-image-23117\" \/><\/span><\/div>\n<\/div>\n\n<div class=\"et_pb_column_15 et_pb_column et-last-child et_block_column et_pb_css_mix_blend_mode_passthrough et_flex_column_24_24 et_flex_column_24_24_tablet et_flex_column_24_24_phone\">\n<div class=\"et_pb_text_11 et_pb_text et_pb_bg_layout_light et_pb_module et_block_module\" id=\"hp-contact\"><div class=\"et_pb_text_inner\"><h2 style=\"text-align: center;\">CONTACTA A NUESTRAS EMPRESAS<\/h2>\n<p style=\"text-align: center;\">Con independencia de tu pa\u00eds o de tu actividad, encuentra tu interlocutor GUILLIN<\/p>\n<\/div><\/div>\n\n<div class=\"et_pb_module et_pb_button_module_wrapper et_pb_button_0_wrapper\"><a class=\"et_pb_button_0 et_pb_button et_pb_bg_layout_light et_pb_module et_block_module\" href=\"https:\/\/www.groupeguillin.fr\/societes\/#liste-societes\">Contactar<\/a><\/div>\n<\/div>\n<\/div>\n<\/div>\n\n<div class=\"et_pb_section_5 et_pb_section et_section_regular et_block_section\">\n<div class=\"et_pb_row_9 et_pb_row et_block_row preset--module--divi-row--default\">\n<div class=\"et_pb_column_16 et_pb_column et_pb_column_4_4 et-last-child et_block_column et_pb_css_mix_blend_mode_passthrough\">\n<div class=\"et_pb_text_12 et_pb_text et_pb_bg_layout_light et_pb_module et_block_module\"><div class=\"et_pb_text_inner\"><h2>TESTIMONIOS<\/h2>\n<\/div><\/div>\n<\/div>\n<\/div>\n\n<div class=\"et_pb_row_10 et_pb_row et_block_row preset--module--divi-row--default\">\n<div class=\"et_pb_column_17 et_pb_column et_pb_column_1_2 et_block_column et_pb_css_mix_blend_mode_passthrough\">\n<div class=\"et_pb_testimonial_0 et_pb_testimonial et_pb_bg_layout_light et_pb_module et_block_module temoignage-no-photo\"><div class=\"et_pb_testimonial_inner\"><div class=\"et_pb_testimonial_portrait\"><img decoding=\"async\" alt=\"\" src=\"data:image\/svg+xml;base64,PHN2ZyB3aWR0aD0iNTAwIiBoZWlnaHQ9IjUwMCIgdmlld0JveD0iMCAwIDUwMCA1MDAiIHhtbG5zPSJodHRwOi8vd3d3LnczLm9yZy8yMDAwL3N2ZyI+CiAgICA8ZyBmaWxsPSJub25lIiBmaWxsLXJ1bGU9ImV2ZW5vZGQiPgogICAgICAgIDxwYXRoIGZpbGw9IiNFQkVCRUIiIGQ9Ik0wIDBoNTAwdjUwMEgweiIvPgogICAgICAgIDxyZWN0IGZpbGwtb3BhY2l0eT0iLjEiIGZpbGw9IiMwMDAiIHg9IjY4IiB5PSIzMDUiIHdpZHRoPSIzNjQiIGhlaWdodD0iNTY4IiByeD0iMTgyIi8+CiAgICAgICAgPGNpcmNsZSBmaWxsLW9wYWNpdHk9Ii4xIiBmaWxsPSIjMDAwIiBjeD0iMjQ5IiBjeT0iMTcyIiByPSIxMDAiLz4KICAgIDwvZz4KPC9zdmc+Cg==\" \/><\/div><div class=\"et_pb_testimonial_description\"><div class=\"et_pb_testimonial_description_inner\"><div class=\"et_pb_testimonial_content\"><p>Hace 10 a\u00f1os que trabajo con ALPHAFORM y el Grupo GUILLIN. Cuando lanzo un producto, necesito embalajes nuevos, por lo que recurro a ALPHAFORM que siempre reacciona muy r\u00e1pido. En mi opini\u00f3n sus puntos fuertes son la reactividad, la capacidad de adaptaci\u00f3n y la creatividad.<\/p>\n<\/div><\/div><div class=\"et_pb_testimonial_author\">CHRISTOPHE DIENER<\/div><div class=\"et_pb_testimonial_meta\"><span class=\"et_pb_testimonial_position\">Panader\u00eda DIENER, Saint-Brieuc<\/span><\/div><\/div><\/div><\/div>\n<\/div>\n\n<div class=\"et_pb_column_18 et_pb_column et_pb_column_1_2 et-last-child et_block_column et_pb_css_mix_blend_mode_passthrough\">\n<div class=\"et_pb_testimonial_1 et_pb_testimonial et_pb_bg_layout_light et_pb_module et_block_module temoignage-no-photo\"><div class=\"et_pb_testimonial_inner\"><div class=\"et_pb_testimonial_portrait\"><img decoding=\"async\" alt=\"\" src=\"data:image\/svg+xml;base64,PHN2ZyB3aWR0aD0iNTAwIiBoZWlnaHQ9IjUwMCIgdmlld0JveD0iMCAwIDUwMCA1MDAiIHhtbG5zPSJodHRwOi8vd3d3LnczLm9yZy8yMDAwL3N2ZyI+CiAgICA8ZyBmaWxsPSJub25lIiBmaWxsLXJ1bGU9ImV2ZW5vZGQiPgogICAgICAgIDxwYXRoIGZpbGw9IiNFQkVCRUIiIGQ9Ik0wIDBoNTAwdjUwMEgweiIvPgogICAgICAgIDxyZWN0IGZpbGwtb3BhY2l0eT0iLjEiIGZpbGw9IiMwMDAiIHg9IjY4IiB5PSIzMDUiIHdpZHRoPSIzNjQiIGhlaWdodD0iNTY4IiByeD0iMTgyIi8+CiAgICAgICAgPGNpcmNsZSBmaWxsLW9wYWNpdHk9Ii4xIiBmaWxsPSIjMDAwIiBjeD0iMjQ5IiBjeT0iMTcyIiByPSIxMDAiLz4KICAgIDwvZz4KPC9zdmc+Cg==\" \/><\/div><div class=\"et_pb_testimonial_description\"><div class=\"et_pb_testimonial_description_inner\"><div class=\"et_pb_testimonial_content\"><p>El Grupo GUILLIN es m\u00e1s que un simple proveedor, es un colaborador que nos ha permitido ofrecer numerosas soluciones de embalaje. Nos ubicamos en el Caribe y, a pesar de la distancia, el Grupo GUILLIN est\u00e1 muy presente.<\/p>\n<\/div><\/div><div class=\"et_pb_testimonial_author\">MICHEL CRUZ<\/div><div class=\"et_pb_testimonial_meta\"><span class=\"et_pb_testimonial_position\">Cara\u00efbes Hygi\u00e8ne Emballage, Guadalupe<\/span><\/div><\/div><\/div><\/div>\n<\/div>\n<\/div>\n<\/div>\n\n<div class=\"et_pb_section_6 et_pb_section et_section_regular et_block_section\">\n<div class=\"et_pb_row_11 et_pb_row et_block_row preset--module--divi-row--default\">\n<div class=\"et_pb_column_19 et_pb_column et_pb_column_4_4 et-last-child et_block_column et_pb_css_mix_blend_mode_passthrough\">\n<div class=\"et_pb_image_1 et_pb_image et_pb_module et_block_module\"><\/div>\n<\/div>\n<\/div>\n<\/div>","protected":false},"excerpt":{"rendered":"","protected":false},"author":1,"featured_media":0,"parent":0,"menu_order":0,"comment_status":"closed","ping_status":"closed","template":"","meta":{"_acf_changed":false,"footnotes":""},"class_list":["post-16515","page","type-page","status-publish","hentry"],"acf":[],"yoast_head":"<!-- This site is optimized with the Yoast SEO plugin v28.3 - https:\/\/yoast.com\/product\/yoast-seo-wordpress\/ -->\n<title>Accueil - Groupe GUILLIN<\/title>\n<meta name=\"description\" content=\"Le Groupe GUILLIN est le r\u00e9f\u00e9rent europ\u00e9en de l&#039;emballage alimentaire plastique, papier et carton.\" \/>\n<meta name=\"robots\" content=\"index, follow, max-snippet:-1, max-image-preview:large, max-video-preview:-1\" \/>\n<link rel=\"canonical\" href=\"https:\/\/www.groupeguillin.fr\/es\/\" \/>\n<meta property=\"og:locale\" content=\"es_ES\" \/>\n<meta property=\"og:type\" content=\"article\" \/>\n<meta property=\"og:title\" content=\"Accueil - Groupe GUILLIN\" \/>\n<meta property=\"og:description\" content=\"Le Groupe GUILLIN est le r\u00e9f\u00e9rent europ\u00e9en de l&#039;emballage alimentaire plastique, papier et carton.\" \/>\n<meta property=\"og:url\" content=\"https:\/\/www.groupeguillin.fr\/es\/\" \/>\n<meta property=\"og:site_name\" content=\"Groupe GUILLIN\" \/>\n<meta property=\"article:modified_time\" content=\"2026-09-03T09:30:52+00:00\" \/>\n<meta property=\"og:image\" content=\"https:\/\/www.groupeguillin.fr\/wp-content\/uploads\/2020\/09\/Logo-guillin-1.png\" \/>\n\t<meta property=\"og:image:width\" content=\"1172\" \/>\n\t<meta property=\"og:image:height\" content=\"300\" \/>\n\t<meta property=\"og:image:type\" content=\"image\/png\" \/>\n<meta name=\"twitter:card\" content=\"summary_large_image\" \/>\n<script type=\"application\/ld+json\" class=\"yoast-schema-graph\">{\"@context\":\"https:\\\/\\\/schema.org\",\"@graph\":[{\"@type\":\"WebPage\",\"@id\":\"https:\\\/\\\/www.groupeguillin.fr\\\/es\\\/\",\"url\":\"https:\\\/\\\/www.groupeguillin.fr\\\/es\\\/\",\"name\":\"Accueil - Groupe GUILLIN\",\"isPartOf\":{\"@id\":\"https:\\\/\\\/www.groupeguillin.fr\\\/es\\\/#website\"},\"datePublished\":\"2024-03-06T10:42:24+00:00\",\"dateModified\":\"2026-09-03T09:30:52+00:00\",\"description\":\"Le Groupe GUILLIN est le r\u00e9f\u00e9rent europ\u00e9en de l'emballage alimentaire plastique, papier et carton.\",\"breadcrumb\":{\"@id\":\"https:\\\/\\\/www.groupeguillin.fr\\\/es\\\/#breadcrumb\"},\"inLanguage\":\"es-ES\",\"potentialAction\":[{\"@type\":\"ReadAction\",\"target\":[\"https:\\\/\\\/www.groupeguillin.fr\\\/es\\\/\"]}]},{\"@type\":\"BreadcrumbList\",\"@id\":\"https:\\\/\\\/www.groupeguillin.fr\\\/es\\\/#breadcrumb\",\"itemListElement\":[{\"@type\":\"ListItem\",\"position\":1,\"name\":\"Accueil\",\"item\":\"https:\\\/\\\/www.groupeguillin.fr\\\/es\\\/\"},{\"@type\":\"ListItem\",\"position\":2,\"name\":\"Accueil\"}]},{\"@type\":\"WebSite\",\"@id\":\"https:\\\/\\\/www.groupeguillin.fr\\\/es\\\/#website\",\"url\":\"https:\\\/\\\/www.groupeguillin.fr\\\/es\\\/\",\"name\":\"Groupe GUILLIN\",\"description\":\"We protect your food\",\"publisher\":{\"@id\":\"https:\\\/\\\/www.groupeguillin.fr\\\/es\\\/#organization\"},\"potentialAction\":[{\"@type\":\"SearchAction\",\"target\":{\"@type\":\"EntryPoint\",\"urlTemplate\":\"https:\\\/\\\/www.groupeguillin.fr\\\/es\\\/?s={search_term_string}\"},\"query-input\":{\"@type\":\"PropertyValueSpecification\",\"valueRequired\":true,\"valueName\":\"search_term_string\"}}],\"inLanguage\":\"es-ES\"},{\"@type\":\"Organization\",\"@id\":\"https:\\\/\\\/www.groupeguillin.fr\\\/es\\\/#organization\",\"name\":\"Groupe GUILLIN\",\"url\":\"https:\\\/\\\/www.groupeguillin.fr\\\/es\\\/\",\"logo\":{\"@type\":\"ImageObject\",\"inLanguage\":\"es-ES\",\"@id\":\"https:\\\/\\\/www.groupeguillin.fr\\\/es\\\/#\\\/schema\\\/logo\\\/image\\\/\",\"url\":\"https:\\\/\\\/www.groupeguillin.fr\\\/wp-content\\\/uploads\\\/2020\\\/09\\\/Logo-guillin-1.png\",\"contentUrl\":\"https:\\\/\\\/www.groupeguillin.fr\\\/wp-content\\\/uploads\\\/2020\\\/09\\\/Logo-guillin-1.png\",\"width\":1172,\"height\":300,\"caption\":\"Groupe GUILLIN\"},\"image\":{\"@id\":\"https:\\\/\\\/www.groupeguillin.fr\\\/es\\\/#\\\/schema\\\/logo\\\/image\\\/\"},\"sameAs\":[\"https:\\\/\\\/www.instagram.com\\\/groupeguillin\\\/\",\"https:\\\/\\\/www.linkedin.com\\\/company\\\/guillin-emballages\\\/\",\"https:\\\/\\\/www.youtube.com\\\/channel\\\/UCS-Q4Qkgd1bN9pdIPGRjogQ\"]}]}<\/script>\n<!-- \/ Yoast SEO plugin. -->","yoast_head_json":{"title":"Accueil - Groupe GUILLIN","description":"Le Groupe GUILLIN est le r\u00e9f\u00e9rent europ\u00e9en de l'emballage alimentaire plastique, papier et carton.","robots":{"index":"index","follow":"follow","max-snippet":"max-snippet:-1","max-image-preview":"max-image-preview:large","max-video-preview":"max-video-preview:-1"},"canonical":"https:\/\/www.groupeguillin.fr\/es\/","og_locale":"es_ES","og_type":"article","og_title":"Accueil - Groupe GUILLIN","og_description":"Le Groupe GUILLIN est le r\u00e9f\u00e9rent europ\u00e9en de l'emballage alimentaire plastique, papier et carton.","og_url":"https:\/\/www.groupeguillin.fr\/es\/","og_site_name":"Groupe GUILLIN","article_modified_time":"2026-09-03T09:30:52+00:00","og_image":[{"width":1172,"height":300,"url":"https:\/\/www.groupeguillin.fr\/wp-content\/uploads\/2020\/09\/Logo-guillin-1.png","type":"image\/png"}],"twitter_card":"summary_large_image","schema":{"@context":"https:\/\/schema.org","@graph":[{"@type":"WebPage","@id":"https:\/\/www.groupeguillin.fr\/es\/","url":"https:\/\/www.groupeguillin.fr\/es\/","name":"Accueil - Groupe GUILLIN","isPartOf":{"@id":"https:\/\/www.groupeguillin.fr\/es\/#website"},"datePublished":"2024-03-06T10:42:24+00:00","dateModified":"2026-09-03T09:30:52+00:00","description":"Le Groupe GUILLIN est le r\u00e9f\u00e9rent europ\u00e9en de l'emballage alimentaire plastique, papier et carton.","breadcrumb":{"@id":"https:\/\/www.groupeguillin.fr\/es\/#breadcrumb"},"inLanguage":"es-ES","potentialAction":[{"@type":"ReadAction","target":["https:\/\/www.groupeguillin.fr\/es\/"]}]},{"@type":"BreadcrumbList","@id":"https:\/\/www.groupeguillin.fr\/es\/#breadcrumb","itemListElement":[{"@type":"ListItem","position":1,"name":"Accueil","item":"https:\/\/www.groupeguillin.fr\/es\/"},{"@type":"ListItem","position":2,"name":"Accueil"}]},{"@type":"WebSite","@id":"https:\/\/www.groupeguillin.fr\/es\/#website","url":"https:\/\/www.groupeguillin.fr\/es\/","name":"Groupe GUILLIN","description":"We protect your food","publisher":{"@id":"https:\/\/www.groupeguillin.fr\/es\/#organization"},"potentialAction":[{"@type":"SearchAction","target":{"@type":"EntryPoint","urlTemplate":"https:\/\/www.groupeguillin.fr\/es\/?s={search_term_string}"},"query-input":{"@type":"PropertyValueSpecification","valueRequired":true,"valueName":"search_term_string"}}],"inLanguage":"es-ES"},{"@type":"Organization","@id":"https:\/\/www.groupeguillin.fr\/es\/#organization","name":"Groupe GUILLIN","url":"https:\/\/www.groupeguillin.fr\/es\/","logo":{"@type":"ImageObject","inLanguage":"es-ES","@id":"https:\/\/www.groupeguillin.fr\/es\/#\/schema\/logo\/image\/","url":"https:\/\/www.groupeguillin.fr\/wp-content\/uploads\/2020\/09\/Logo-guillin-1.png","contentUrl":"https:\/\/www.groupeguillin.fr\/wp-content\/uploads\/2020\/09\/Logo-guillin-1.png","width":1172,"height":300,"caption":"Groupe GUILLIN"},"image":{"@id":"https:\/\/www.groupeguillin.fr\/es\/#\/schema\/logo\/image\/"},"sameAs":["https:\/\/www.instagram.com\/groupeguillin\/","https:\/\/www.linkedin.com\/company\/guillin-emballages\/","https:\/\/www.youtube.com\/channel\/UCS-Q4Qkgd1bN9pdIPGRjogQ"]}]}},"publishpress_future_action":{"enabled":false,"date":"2026-09-10 22:33:51","action":"change-status","newStatus":"draft","terms":[],"taxonomy":"translation_priority","extraData":[]},"publishpress_future_workflow_manual_trigger":{"enabledWorkflows":[]},"_links":{"self":[{"href":"https:\/\/www.groupeguillin.fr\/es\/wp-json\/wp\/v2\/pages\/16515","targetHints":{"allow":["GET"]}}],"collection":[{"href":"https:\/\/www.groupeguillin.fr\/es\/wp-json\/wp\/v2\/pages"}],"about":[{"href":"https:\/\/www.groupeguillin.fr\/es\/wp-json\/wp\/v2\/types\/page"}],"author":[{"embeddable":true,"href":"https:\/\/www.groupeguillin.fr\/es\/wp-json\/wp\/v2\/users\/1"}],"replies":[{"embeddable":true,"href":"https:\/\/www.groupeguillin.fr\/es\/wp-json\/wp\/v2\/comments?post=16515"}],"version-history":[{"count":16,"href":"https:\/\/www.groupeguillin.fr\/es\/wp-json\/wp\/v2\/pages\/16515\/revisions"}],"predecessor-version":[{"id":23769,"href":"https:\/\/www.groupeguillin.fr\/es\/wp-json\/wp\/v2\/pages\/16515\/revisions\/23769"}],"wp:attachment":[{"href":"https:\/\/www.groupeguillin.fr\/es\/wp-json\/wp\/v2\/media?parent=16515"}],"curies":[{"name":"wp","href":"https:\/\/api.w.org\/{rel}","templated":true}]}}