{"id":20127,"date":"2025-03-14T12:43:26","date_gmt":"2025-03-14T11:43:26","guid":{"rendered":"https:\/\/www.groupeguillin.fr\/umwelt\/"},"modified":"2025-03-24T16:17:55","modified_gmt":"2025-03-24T15:17:55","slug":"umwelt","status":"publish","type":"page","link":"https:\/\/www.groupeguillin.fr\/de\/umwelt\/","title":{"rendered":"Umwelt"},"content":{"rendered":"<p><div class=\"et_d4_element et_pb_section et_pb_section_0  et_pb_css_mix_blend_mode et_section_regular et_block_section\" >\n\t\t\t\t\n\t\t\t\t\n\t\t\t\t\n\t\t\t\t\n\t\t\t\t\n\t\t\t\t\n\t\t\t\t<div class=\"et_d4_element et_pb_row et_pb_row_0 et_animated et_pb_equal_columns  et_pb_css_mix_blend_mode et_block_row\">\n\t\t\t\t<div class=\"et_d4_element et_pb_column_4_4 et_pb_column et_pb_column_0  et_pb_css_mix_blend_mode et-last-child et_block_column\">\n\t\t\t\t\n\t\t\t\t\n\t\t\t\t\n\t\t\t\t\n\t\t\t\t<div id=\"slider-solutions\" class=\"et_pb_module et_d4_element et_pb_slider et_pb_slider_0 et_pb_slider_fullwidth_off\">\n\t\t\t\t<div class=\"et_pb_slides\">\n\t\t\t\t\t<div class=\"et_d4_element et_pb_slide et_pb_slide_0  et_pb_css_mix_blend_mode et_pb_bg_layout_dark et_pb_media_alignment_center et-pb-active-slide\" data-slide-id=\"et_pb_slide_0\">\n\t\t\t\t\n\t\t\t\t\n\t\t\t\t<div class=\"et_pb_container clearfix\">\n\t\t\t\t\t<div class=\"et_pb_slider_container_inner\">\n\t\t\t\t\t\t\n\t\t\t\t\t\t<div class=\"et_pb_slide_description\">\n\t\t\t\t\t\t\t<h2 class=\"et_pb_slide_title\">UNSERE VERPACKUNGEN SIND ZU 100 % RESSOURCENSCHONEND UND RECYCELBAR.<\/h2><div class=\"et_pb_slide_content\"><h4>WIR WERFEN SIE NICHT IN DIE NATUR!<\/h4><\/div>\n\t\t\t\t\t\t\t\n\t\t\t\t\t\t<\/div>\n\t\t\t\t\t<\/div>\n\t\t\t\t<\/div>\n\t\t\t\t\n\t\t\t\t\n\t\t\t\t\n\t\t\t<\/div>\n\t\t\t\n\t\t\t\t<\/div>\n\t\t\t\t\n\t\t\t<\/div>\n\t\t\t\n\t\t\t<\/div>\n\t\t\t\t\n\t\t\t\t\n\t\t\t\t\n\t\t\t\t\n\t\t\t<\/div>\n\t\t\t\t\n\t\t\t\t\n\t\t\t<\/div><div class=\"et_d4_element et_pb_section et_pb_section_1  et_pb_css_mix_blend_mode et_section_regular et_block_section\" >\n\t\t\t\t\n\t\t\t\t\n\t\t\t\t\n\t\t\t\t\n\t\t\t\t\n\t\t\t\t\n\t\t\t\t<div class=\"et_d4_element et_pb_row et_pb_row_1 et_animated et_pb_equal_columns  et_pb_css_mix_blend_mode et_block_row\">\n\t\t\t\t<div class=\"et_d4_element et_pb_column_4_4 et_pb_column et_pb_column_1  et_pb_css_mix_blend_mode et-last-child et_block_column\">\n\t\t\t\t\n\t\t\t\t\n\t\t\t\t\n\t\t\t\t\n\t\t\t\t<div class=\"et_pb_module et_d4_element et_pb_text et_pb_text_0  et_pb_text_align_left et_pb_bg_layout_light\">\n\t\t\t\t\n\t\t\t\t\n\t\t\t\t\n\t\t\t\t\n\t\t\t\t<div class=\"et_pb_text_inner\"><h2>BEWUSSTSEIN, VERANTWORTUNG UND RESPEKT GEGEN\u00dcBER DER UMWELT <\/h2><\/div>\n\t\t\t<\/div><div class=\"et_pb_module et_d4_element et_pb_text et_pb_text_1  et_pb_text_align_left et_pb_bg_layout_light\">\n\t\t\t\t\n\t\t\t\t\n\t\t\t\t\n\t\t\t\t\n\t\t\t\t<div class=\"et_pb_text_inner\"><p style=\"text-align: left;\">Da Lebensmittelverpackungen gleichzeitig die Lebensmittelsicherheit, die \u00f6ffentliche Gesundheit und den Umweltschutz betreffen, m\u00fcssen sie so umweltvertr\u00e4glich wie m\u00f6glich sein. Das ist eine \u00dcberzeugung, die wir seit vielen Jahren vertreten: Deshalb haben wir uns schon immer f\u00fcr ein \u00f6kologisches Design aller unserer Produkte eingesetzt (durch Gewichtsreduzierung und die Verwendung recycelter Materialien mit dem Ziel, einen theoretisch unendlichen Lebenszyklus unserer Produkte zu gew\u00e4hrleisten). Diesen Ansatz werden wir auch weiterhin verfolgen. <\/p>\n<p style=\"text-align: left;\">Jede unserer Verpackungsl\u00f6sungen entspricht einem konkreten Bedarf und bestimmten Verwendungskriterien: Ohne die verschiedenen Werkstoffe einer Wertigkeit zu unterziehen, ist es unser Ziel, das am besten geeignete und optimierte Produkt anzubieten, sei es auf Basis von Kunststoff, Karton oder alternativen Materialien wie Zellstoff, und dies stets unter Ber\u00fccksichtigung von Umweltfaktoren. Auf diese Weise stellen wir immer sicher, dass wir die drei Prinzipien respektieren, die uns am Herzen liegen: Dekarbonisierung, Kreislaufwirtschaft und Zug\u00e4nglichkeit f\u00fcr die gr\u00f6\u00dftm\u00f6gliche Allgemeinheit. <\/p>\n<p style=\"text-align: left;\">Lebensmittel, Mensch und Natur sch\u00fctzen: Das nennen wir bei GUILLIN eine 100%ig verantwortungsvolle Verpackung.<\/p><\/div>\n\t\t\t<\/div><div class=\"et_pb_module et_d4_element et_pb_text et_pb_text_2  et_pb_text_align_left et_pb_bg_layout_light\">\n\t\t\t\t\n\t\t\t\t\n\t\t\t\t\n\t\t\t\t\n\t\t\t\t<div class=\"et_pb_text_inner\"><p style=\"text-align: right;\"><span><strong>Sophie GUILLIN<br \/> <\/strong>Gesch\u00e4ftsf\u00fchrerin<\/span><\/p><\/div>\n\t\t\t<\/div>\n\t\t\t<\/div>\n\t\t\t\t\n\t\t\t\t\n\t\t\t\t\n\t\t\t\t\n\t\t\t<\/div>\n\t\t\t\t\n\t\t\t\t\n\t\t\t<\/div><div class=\"et_d4_element et_pb_section et_pb_section_2 et_pb_with_background  et_pb_css_mix_blend_mode et_section_regular et_block_section\" >\n\t\t\t\t\n\t\t\t\t\n\t\t\t\t\n\t\t\t\t\n\t\t\t\t\n\t\t\t\t\n\t\t\t\t<div class=\"et_d4_element et_pb_row et_pb_row_2 et_animated et_pb_equal_columns  et_pb_css_mix_blend_mode et_block_row\">\n\t\t\t\t<div class=\"et_d4_element et_pb_column_4_4 et_pb_column et_pb_column_2  et_pb_css_mix_blend_mode et-last-child et_block_column\">\n\t\t\t\t\n\t\t\t\t\n\t\t\t\t\n\t\t\t\t\n\t\t\t\t<div class=\"et_pb_module et_d4_element et_pb_text et_pb_text_3  et_pb_text_align_left et_pb_bg_layout_light\">\n\t\t\t\t\n\t\t\t\t\n\t\t\t\t\n\t\t\t\t\n\t\t\t\t<div class=\"et_pb_text_inner\"><h2>UNSERE EXKLUSIVE GUILLIN-PARTNERSCHAFT | Prevented Ocean Plastic<span style=\"font-size: 20px;\">\u2122<\/span><\/h2><\/div>\n\t\t\t<\/div>\n\t\t\t<\/div>\n\t\t\t\t\n\t\t\t\t\n\t\t\t\t\n\t\t\t\t\n\t\t\t<\/div><div class=\"et_d4_element et_pb_row et_pb_row_3 et_animated et_pb_equal_columns  et_pb_css_mix_blend_mode et_block_row\">\n\t\t\t\t<div class=\"et_d4_element et_pb_column_1_2 et_pb_column et_pb_column_3  et_pb_css_mix_blend_mode et_block_column\">\n\t\t\t\t\n\t\t\t\t\n\t\t\t\t\n\t\t\t\t\n\t\t\t\t<div class=\"et_pb_module et_d4_element et_pb_code et_pb_code_0\">\n\t\t\t\t\n\t\t\t\t\n\t\t\t\t\n\t\t\t\t\n\t\t\t\t<div class=\"et_pb_code_inner\"><iframe width=\"560\" height=\"315\" src=\"https:\/\/www.youtube.com\/embed\/W-V5MPw8t6k?rel=0\" frameborder=\"0\" allow=\"accelerometer; autoplay; clipboard-write; encrypted-media; gyroscope; picture-in-picture\" allowfullscreen><\/iframe><\/div>\n\t\t\t<\/div>\n\t\t\t<\/div><div class=\"et_d4_element et_pb_column_1_2 et_pb_column et_pb_column_4  et_pb_css_mix_blend_mode et-last-child et_block_column\">\n\t\t\t\t\n\t\t\t\t\n\t\t\t\t\n\t\t\t\t\n\t\t\t\t<div id=\"weprotect\" class=\"et_pb_module et_d4_element et_pb_text et_pb_text_4  et_pb_text_align_left et_pb_bg_layout_light\">\n\t\t\t\t\n\t\t\t\t\n\t\t\t\t\n\t\t\t\t\n\t\t\t\t<div class=\"et_pb_text_inner\"><p>Als Gr\u00fcndungspartner von Prevented Ocean Plastic\u2122, engagiert sich GUILLIN seit 2020 f\u00fcr die Rettung der Ozeane. Wir integrieren hochwertiges Recycling-Material in unseren wiederverwertbaren Verpackungen, welches an den indonesischen K\u00fcsten gesammelt und nach einem sozial verantwortlichen Prozess umgewandelt wird, der von einer anerkannten unabh\u00e4ngigen Organisation zertifiziert ist.<\/p>\n<p>Dank dieser Partnerschaft gelangen fast 1 Milliarde Plastikflaschen nicht in die Fl\u00fcsse und Ozeane.<\/p>\n<p>Mit diesem starken Engagement hoffen wir, ein verantwortungsvolles Verhalten anzuregen. Wenn Plastik in der richtigen Tonne entsorgt und nicht in die Natur geworfen wird, kann es gesammelt, sortiert und recycelt werden: es wird somit zu einer eigenen Ressource.<\/p>\n<p>Lassen Sie uns dieses Ziel gemeinsam verwirklichen.<\/p>\n<h4 style=\"text-align: left;\">#weprotectyourfood<\/h4>\n<p>&nbsp;<\/p><\/div>\n\t\t\t<\/div><div class=\"et_pb_button_module_wrapper et_pb_button_0_wrapper et_pb_button_alignment_center et_pb_module \">\n\t\t\t\t<a class=\"et_pb_button et_d4_element et_pb_button_0 et_pb_bg_layout_light et_block_module\" href=\"mailto:contact@groupeguillin.fr\">Kontaktieren Sie uns<\/a>\n\t\t\t<\/div>\n\t\t\t<\/div>\n\t\t\t\t\n\t\t\t\t\n\t\t\t\t\n\t\t\t\t\n\t\t\t<\/div>\n\t\t\t\t\n\t\t\t\t\n\t\t\t<\/div><div class=\"et_d4_element et_pb_section et_pb_section_3 et_pb_with_background  et_pb_css_mix_blend_mode et_section_regular et_block_section\" >\n\t\t\t\t\n\t\t\t\t\n\t\t\t\t\n\t\t\t\t\n\t\t\t\t\n\t\t\t\t\n\t\t\t\t<div class=\"et_d4_element et_pb_row et_pb_row_4 et_animated et_pb_equal_columns  et_pb_css_mix_blend_mode et_block_row\">\n\t\t\t\t<div class=\"et_d4_element et_pb_column_4_4 et_pb_column et_pb_column_5  et_pb_css_mix_blend_mode et-last-child et_block_column\">\n\t\t\t\t\n\t\t\t\t\n\t\t\t\t\n\t\t\t\t\n\t\t\t\t<div class=\"et_pb_module et_d4_element et_pb_text et_pb_text_5  et_pb_text_align_left et_pb_bg_layout_light\">\n\t\t\t\t\n\t\t\t\t\n\t\t\t\t\n\t\t\t\t\n\t\t\t\t<div class=\"et_pb_text_inner\"><h2>UNSER UMWELTENGAGEMENT<\/h2><\/div>\n\t\t\t<\/div>\n\t\t\t<\/div>\n\t\t\t\t\n\t\t\t\t\n\t\t\t\t\n\t\t\t\t\n\t\t\t<\/div><div class=\"et_d4_element et_pb_row et_pb_row_5 et_animated et_pb_equal_columns  et_pb_css_mix_blend_mode et_block_row\">\n\t\t\t\t<div class=\"et_d4_element et_pb_column_1_2 et_pb_column et_pb_column_6  et_pb_css_mix_blend_mode et_block_column\">\n\t\t\t\t\n\t\t\t\t\n\t\t\t\t\n\t\t\t\t\n\t\t\t\t<div class=\"et_pb_module et_d4_element et_pb_code et_pb_code_1\">\n\t\t\t\t\n\t\t\t\t\n\t\t\t\t\n\t\t\t\t\n\t\t\t\t<div class=\"et_pb_code_inner\"><iframe src=\"https:\/\/www.youtube.com\/embed\/lWEkVVm7Rkg\" width=\"560\" height=\"315\" frameborder=\"0\" allowfullscreen=\"allowfullscreen\"><\/iframe><\/div>\n\t\t\t<\/div><div class=\"et_pb_module et_d4_element et_pb_text et_pb_text_6 et_clickable  et_pb_text_align_left et_pb_bg_layout_light\">\n\t\t\t\t\n\t\t\t\t\n\t\t\t\t\n\t\t\t\t\n\t\t\t\t<div class=\"et_pb_text_inner\"><h4>UNSER ENGAGEMENT F\u00dcR POP UND DIE KREISLAUFWIRTSCHAFT<\/h4><\/div>\n\t\t\t<\/div>\n\t\t\t<\/div><div class=\"et_d4_element et_pb_column_1_2 et_pb_column et_pb_column_7  et_pb_css_mix_blend_mode et-last-child et_block_column\">\n\t\t\t\t\n\t\t\t\t\n\t\t\t\t\n\t\t\t\t\n\t\t\t\t<div class=\"et_pb_module et_d4_element et_pb_text et_pb_text_7  et_pb_text_align_left et_pb_bg_layout_light\">\n\t\t\t\t\n\t\t\t\t\n\t\t\t\t\n\t\t\t\t\n\t\t\t\t<div class=\"et_pb_text_inner\"><p>Da die globale Klimaerw\u00e4rmung, die CO2-Emissionen und ihre Auswirkungen auf unseren Planeten heute die gravierendsten Probleme sind, die es zu bew\u00e4ltigen gilt, ist unser Engagement f\u00fcr die Umwelt auf ein einziges Ziel gerichtet: die Herstellung von 100 % ressourcenschonenden Verpackungen, um so unser klares Vorhaben umzusetzen, unseren Kohlenstoff-Fu\u00dfabdruck auf ein striktes Minimum zu reduzieren. Unser Anliegen ist es, die Erhaltung der Umwelt und den Schutz der Menschen st\u00e4ndig miteinander in Einklang zu bringen und dabei sicherzustellen, dass die Ma\u00dfnahmen, die wir zugunsten des einen ergreifen, dem anderen nicht schaden.<\/p>\n<p>Wir beteiligen uns aktiv an aktuellen Diskussionen zum Ausbau von Sammel- und Recyclingsystemen f\u00fcr Kunststoffverpackungen, wie unsere Partnerschaft mit der Paprec-Gruppe beweist. Vor kurzem sind wir eine exklusive Partnerschaft f\u00fcr Europa mit Prevented Ocean PlasticTM eingegangen, um in unsere PET-Verpackungen einen hochwertigen Kunststoff zu integrieren, der aus Sammlungen von Plastikflaschen an den am st\u00e4rksten gef\u00e4hrdeten K\u00fcsten Indonesiens recycelt wird. Durch diese Aktionen wollen wir auch das Bewusstsein aller Verbraucher f\u00fcr eine verantwortungsvolle Haltung gegen\u00fcber Natur und Gesellschaft sch\u00e4rfen.<\/p>\n<p>Es geht darum, unsere Umweltauswirkungen zu reduzieren, zu 100 % in die Kreislaufwirtschaft integriert zu sein und uns durch konkrete Ma\u00dfnahmen zu engagieren.<\/p><\/div>\n\t\t\t<\/div>\n\t\t\t<\/div>\n\t\t\t\t\n\t\t\t\t\n\t\t\t\t\n\t\t\t\t\n\t\t\t<\/div>\n\t\t\t\t\n\t\t\t\t\n\t\t\t<\/div><div class=\"et_d4_element et_pb_section et_pb_section_4 produits-phares et_animated et_pb_with_background  et_pb_css_mix_blend_mode et_section_regular et_block_section\" >\n\t\t\t\t\n\t\t\t\t\n\t\t\t\t\n\t\t\t\t\n\t\t\t\t\n\t\t\t\t\n\t\t\t\t<div class=\"et_d4_element et_pb_row et_pb_row_6 et_pb_equal_columns  et_pb_css_mix_blend_mode et_block_row\">\n\t\t\t\t<div class=\"et_d4_element et_pb_column_1_3 et_pb_column et_pb_column_8  et_pb_css_mix_blend_mode et_block_column\">\n\t\t\t\t\n\t\t\t\t\n\t\t\t\t\n\t\t\t\t\n\t\t\t\t<div class=\"et_pb_module et_d4_element dsm_block_reveal_image dsm_block_reveal_image_0\">\n\t\t\t\t\n\t\t\t\t\n\t\t\t\t\n\t\t\t\t\n\t\t\t\t\n\t\t\t\t\n\t\t\t\t<div class=\"et_pb_module_inner\">\n\t\t\t\t\t<div class=\"dsm_block_reveal_image_wrapper\" >\n\t\t\t\t\n\t\t\t\t\n\t\t\t\t<span class=\"et_pb_image_wrap\" data-dsm-block-reveal-image=[{\"animation\":\"lr\",\"color\":\"#21aa6b\",\"delay\":\"0.1\",\"viewport\":\"90%\"}]><img decoding=\"async\" src=\"https:\/\/www.groupeguillin.fr\/wp-content\/uploads\/2020\/11\/co2_green-1.png\" alt=\"\" title=\"co2_green\" \/><\/span>\n\t\t\t<\/div>\n\t\t\t\t<\/div>\n\t\t\t<\/div><div class=\"et_pb_module et_d4_element dsm_block_reveal_text dsm_block_reveal_text_0\">\n\t\t\t\t\n\t\t\t\t\n\t\t\t\t\n\t\t\t\t\n\t\t\t\t\n\t\t\t\t\n\t\t\t\t<div class=\"et_pb_module_inner\">\n\t\t\t\t\t<div class=\"dsm_block_reveal_text_wrapper\" data-dsm-block-reveal-text=[{\"animation\":\"lr\",\"color\":\"#21aa6b\",\"delay\":\"0.1\",\"viewport\":\"80%\"}]><h2 class=\"dsm_block_reveal_text_header et_pb_module_header\">Wir reduzieren unsere Auswirkungen auf die Umwelt<\/h2><\/div>\n\t\t\t\t<\/div>\n\t\t\t<\/div>\n\t\t\t<\/div><div class=\"et_d4_element et_pb_column_2_3 et_pb_column et_pb_column_9  et_pb_css_mix_blend_mode et-last-child et_block_column\">\n\t\t\t\t\n\t\t\t\t\n\t\t\t\t\n\t\t\t\t\n\t\t\t\t<div class=\"et_pb_module et_d4_element et_pb_text et_pb_text_8  et_pb_text_align_left et_pb_bg_layout_light\">\n\t\t\t\t\n\t\t\t\t\n\t\t\t\t\n\t\t\t\t\n\t\t\t\t<div class=\"et_pb_text_inner\"><p><strong>Als Verfechter des verantwortungsvollen Einsatzes von Verpackungen sorgen wir daf\u00fcr, dass ihr CO2-Fu\u00dfabdruck w\u00e4hrend ihres gesamten Lebenszyklus so klein wie m\u00f6glich ist.<\/strong><\/p>\n<ul>\n<li>Seit mehr als 20 Jahren folgen wir bei der Entwicklung unserer Verpackungen den Prinzipien des <strong>\u00d6ko-Designs<\/strong>, so dass wir das Gewicht bei mehreren Verpackungsl\u00f6sungen um 40 % senken konnten, wodurch der mit dem Transport verbundene CO2-Fu\u00dfabdruck erheblich reduziert wurde.<\/li>\n<li>Wir verwenden bei der Fertigung unserer PET-Verpackungen mindestens 30 % rPET, was die CO2-Bilanz deutlich verbessert, wobei dieser Prozentsatz je nach Anwendung variiert und bei bestimmten Sortimenten sogar bis zu 100 % betragen kann. Unser Ziel ist es, den Mindest-rPET-Anteil bis 2025 auf mindestens 50 % zu erh\u00f6hen. Die von uns hergestellten Kartonverpackungen werden nach den Prinzipien des Ecodesign aus Neuware konzipiert. <\/li>\n<li>Damit unsere Produktionsst\u00e4tten umweltfreundlich sind, investieren wir in verschiedensten Bereichen: Verwendung eines geschlossenen Wasserkreislaufs, Investition in Niedrigverbrauchger\u00e4te, keinerlei Luftemissionen, systematische Abfallsortierung, R\u00fcckgewinnung von Energie aus unseren Anlagen zur Beheizung unserer Geb\u00e4ude, Vermeidung des Verlusts von Kunststoffgranulaten (Engagement im Clean Sweep\u00ae-Programm\/Zuerkennung des Labels MORE 2019).<\/li>\n<\/ul><\/div>\n\t\t\t<\/div>\n\t\t\t<\/div>\n\t\t\t\t\n\t\t\t\t\n\t\t\t\t\n\t\t\t\t\n\t\t\t<\/div>\n\t\t\t\t\n\t\t\t\t\n\t\t\t<\/div><div class=\"et_d4_element et_pb_section et_pb_section_5 produits-phares et_animated et_pb_with_background  et_pb_css_mix_blend_mode et_section_regular et_block_section\" >\n\t\t\t\t\n\t\t\t\t\n\t\t\t\t\n\t\t\t\t\n\t\t\t\t\n\t\t\t\t\n\t\t\t\t<div class=\"et_d4_element et_pb_row et_pb_row_7 et_pb_equal_columns  et_pb_css_mix_blend_mode et_block_row\">\n\t\t\t\t<div class=\"et_d4_element et_pb_column_1_3 et_pb_column et_pb_column_10  et_pb_css_mix_blend_mode et_block_column\">\n\t\t\t\t\n\t\t\t\t\n\t\t\t\t\n\t\t\t\t\n\t\t\t\t<div class=\"et_pb_module et_d4_element dsm_block_reveal_image dsm_block_reveal_image_1\">\n\t\t\t\t\n\t\t\t\t\n\t\t\t\t\n\t\t\t\t\n\t\t\t\t\n\t\t\t\t\n\t\t\t\t<div class=\"et_pb_module_inner\">\n\t\t\t\t\t<div class=\"dsm_block_reveal_image_wrapper\" >\n\t\t\t\t\n\t\t\t\t\n\t\t\t\t<span class=\"et_pb_image_wrap\" data-dsm-block-reveal-image=[{\"animation\":\"lr\",\"color\":\"#21aa6b\",\"delay\":\"0.1\",\"viewport\":\"90%\"}]><img decoding=\"async\" src=\"https:\/\/www.groupeguillin.fr\/wp-content\/uploads\/2020\/11\/recycle_green.png\" alt=\"\" title=\"recycle_green\" \/><\/span>\n\t\t\t<\/div>\n\t\t\t\t<\/div>\n\t\t\t<\/div><div class=\"et_pb_module et_d4_element dsm_block_reveal_text dsm_block_reveal_text_1\">\n\t\t\t\t\n\t\t\t\t\n\t\t\t\t\n\t\t\t\t\n\t\t\t\t\n\t\t\t\t\n\t\t\t\t<div class=\"et_pb_module_inner\">\n\t\t\t\t\t<div class=\"dsm_block_reveal_text_wrapper\" data-dsm-block-reveal-text=[{\"animation\":\"lr\",\"color\":\"#21aa6b\",\"delay\":\"0.1\",\"viewport\":\"80%\"}]><h2 class=\"dsm_block_reveal_text_header et_pb_module_header\">WIR SIND ZU 100 % IN DIE KREISLAUFWIRTSCHAFT INTEGRIERT<\/h2><\/div>\n\t\t\t\t<\/div>\n\t\t\t<\/div>\n\t\t\t<\/div><div class=\"et_d4_element et_pb_column_2_3 et_pb_column et_pb_column_11  et_pb_css_mix_blend_mode et-last-child et_block_column\">\n\t\t\t\t\n\t\t\t\t\n\t\t\t\t\n\t\t\t\t\n\t\t\t\t<div class=\"et_pb_module et_d4_element et_pb_text et_pb_text_9  et_pb_text_align_left et_pb_bg_layout_light\">\n\t\t\t\t\n\t\t\t\t\n\t\t\t\t\n\t\t\t\t\n\t\t\t\t<div class=\"et_pb_text_inner\"><p><strong>Unsere Verpackungen sind zu 100 % recycelbar, wiederverwendbar und kompostierbar. Sie alle sind eine wirtschaftliche und zuverl\u00e4ssig umweltfreundliche Alternative f\u00fcr alle Verwendungszwecke. Sie erf\u00fcllen die h\u00f6chsten Standards in Bezug auf Lebensmittelsicherheit, Vorschriften, Lebensmittel- und Umweltschutz, Abfallreduzierung und Praktikabilit\u00e4t in der Verwendung.<\/strong><\/p><\/div>\n\t\t\t<\/div>\n\t\t\t<\/div>\n\t\t\t\t\n\t\t\t\t\n\t\t\t\t\n\t\t\t\t\n\t\t\t<\/div><div class=\"et_d4_element et_pb_row et_pb_row_8 et_pb_equal_columns et_pb_gutters2  et_pb_css_mix_blend_mode et_block_row\">\n\t\t\t\t<div class=\"et_d4_element et_pb_column_1_4 et_pb_column et_pb_column_12  et_pb_css_mix_blend_mode et_block_column et_pb_column_empty\">\n\t\t\t\t\n\t\t\t\t\n\t\t\t\t\n\t\t\t\t\n\t\t\t\t\n\t\t\t<\/div><div class=\"et_d4_element et_pb_column_1_4 et_pb_column et_pb_column_13  et_pb_css_mix_blend_mode et_block_column\">\n\t\t\t\t\n\t\t\t\t\n\t\t\t\t\n\t\t\t\t\n\t\t\t\t<div class=\"et_pb_module et_d4_element et_pb_image et_pb_image_0\">\n\t\t\t\t\n\t\t\t\t\n\t\t\t\t\n\t\t\t\t\n\t\t\t\t<span class=\"et_pb_image_wrap \"><img decoding=\"async\" width=\"150\" height=\"150\" src=\"https:\/\/www.groupeguillin.fr\/wp-content\/uploads\/2020\/10\/Label_RECYCLE_couleur_NEW-150x150.png\" alt=\"\" title=\"Label_RECYCLE_couleur_NEW\" class=\"wp-image-1484\" \/><\/span>\n\t\t\t<\/div><div class=\"et_pb_module et_d4_element et_pb_text et_pb_text_10  et_pb_text_align_center et_pb_bg_layout_light\">\n\t\t\t\t\n\t\t\t\t\n\t\t\t\t\n\t\t\t\t\n\t\t\t\t<div class=\"et_pb_text_inner\"><p>Unsere Kunststoffverpackungen sind zu 100 % recycelbar (PET und PP) und k\u00f6nnen so selbstverst\u00e4ndlich \u00fcber die erweiterte M\u00fclltrennung [extension des consignes de tri] entsorgt werden.<\/p><\/div>\n\t\t\t<\/div>\n\t\t\t<\/div><div class=\"et_d4_element et_pb_column_1_4 et_pb_column et_pb_column_14  et_pb_css_mix_blend_mode et_block_column\">\n\t\t\t\t\n\t\t\t\t\n\t\t\t\t\n\t\t\t\t\n\t\t\t\t<div class=\"et_pb_module et_d4_element et_pb_image et_pb_image_1\">\n\t\t\t\t\n\t\t\t\t\n\t\t\t\t\n\t\t\t\t\n\t\t\t\t<span class=\"et_pb_image_wrap \"><img decoding=\"async\" width=\"150\" height=\"150\" src=\"https:\/\/www.groupeguillin.fr\/wp-content\/uploads\/2020\/10\/labelRE-USE_couleur_NEW-150x150.png\" alt=\"\" title=\"labelRE-USE_couleur_NEW\" class=\"wp-image-1485\" \/><\/span>\n\t\t\t<\/div><div class=\"et_pb_module et_d4_element et_pb_text et_pb_text_11  et_pb_text_align_center et_pb_bg_layout_light\">\n\t\t\t\t\n\t\t\t\t\n\t\t\t\t\n\t\t\t\t\n\t\t\t\t<div class=\"et_pb_text_inner\"><p>Wir bieten in voller \u00dcbereinstimmung mit der Richtlinie zur Beschr\u00e4nkung von Einwegplastik (SUP-Richtlinie) auch wiederverwendbare Produkte (Mehrweg) an, insbesondere bei Tellern, Bechern und Besteck.<\/p><\/div>\n\t\t\t<\/div>\n\t\t\t<\/div><div class=\"et_d4_element et_pb_column_1_4 et_pb_column et_pb_column_15  et_pb_css_mix_blend_mode et-last-child et_block_column\">\n\t\t\t\t\n\t\t\t\t\n\t\t\t\t\n\t\t\t\t\n\t\t\t\t<div class=\"et_pb_module et_d4_element et_pb_image et_pb_image_2\">\n\t\t\t\t\n\t\t\t\t\n\t\t\t\t\n\t\t\t\t\n\t\t\t\t<span class=\"et_pb_image_wrap \"><img decoding=\"async\" width=\"150\" height=\"150\" src=\"https:\/\/www.groupeguillin.fr\/wp-content\/uploads\/2020\/10\/Label_BIO_couleur_NEW_crop-150x150.png\" alt=\"\" title=\"Label_BIO_couleur_NEW_crop\" class=\"wp-image-1483\" \/><\/span>\n\t\t\t<\/div><div class=\"et_pb_module et_d4_element et_pb_text et_pb_text_12  et_pb_text_align_center et_pb_bg_layout_light\">\n\t\t\t\t\n\t\t\t\t\n\t\t\t\t\n\t\t\t\t\n\t\t\t\t<div class=\"et_pb_text_inner\"><p>Dar\u00fcber hinaus entwickeln wir seit 2014 ein biobasiertes Sortiment an biologisch abbaubaren und kompostierbaren Verpackungen (aus Pflanzenfasern oder Biokunststoffen) oder 100 % recycelbaren Verpackungen (aus Karton oder Pappe\/PET).<\/p><\/div>\n\t\t\t<\/div>\n\t\t\t<\/div>\n\t\t\t\t\n\t\t\t\t\n\t\t\t\t\n\t\t\t\t\n\t\t\t<\/div>\n\t\t\t\t\n\t\t\t\t\n\t\t\t<\/div><div class=\"et_d4_element et_pb_section et_pb_section_6 produits-phares et_animated et_pb_with_background  et_pb_css_mix_blend_mode et_section_regular et_block_section\" >\n\t\t\t\t\n\t\t\t\t\n\t\t\t\t\n\t\t\t\t\n\t\t\t\t\n\t\t\t\t\n\t\t\t\t<div class=\"et_d4_element et_pb_row et_pb_row_9 et_pb_equal_columns  et_pb_css_mix_blend_mode et_block_row\">\n\t\t\t\t<div class=\"et_d4_element et_pb_column_1_3 et_pb_column et_pb_column_16  et_pb_css_mix_blend_mode et_block_column\">\n\t\t\t\t\n\t\t\t\t\n\t\t\t\t\n\t\t\t\t\n\t\t\t\t<div class=\"et_pb_module et_d4_element dsm_block_reveal_image dsm_block_reveal_image_2\">\n\t\t\t\t\n\t\t\t\t\n\t\t\t\t\n\t\t\t\t\n\t\t\t\t\n\t\t\t\t\n\t\t\t\t<div class=\"et_pb_module_inner\">\n\t\t\t\t\t<div class=\"dsm_block_reveal_image_wrapper\" >\n\t\t\t\t\n\t\t\t\t\n\t\t\t\t<span class=\"et_pb_image_wrap\" data-dsm-block-reveal-image=[{\"animation\":\"lr\",\"color\":\"#21aa6b\",\"delay\":\"0.1\",\"viewport\":\"90%\"}]><img decoding=\"async\" src=\"https:\/\/www.groupeguillin.fr\/wp-content\/uploads\/2020\/11\/clipboard_green.png\" alt=\"\" title=\"clipboard_green\" \/><\/span>\n\t\t\t<\/div>\n\t\t\t\t<\/div>\n\t\t\t<\/div><div class=\"et_pb_module et_d4_element dsm_block_reveal_text dsm_block_reveal_text_2\">\n\t\t\t\t\n\t\t\t\t\n\t\t\t\t\n\t\t\t\t\n\t\t\t\t\n\t\t\t\t\n\t\t\t\t<div class=\"et_pb_module_inner\">\n\t\t\t\t\t<div class=\"dsm_block_reveal_text_wrapper\" data-dsm-block-reveal-text=[{\"animation\":\"lr\",\"color\":\"#21aa6b\",\"delay\":\"0.1\",\"viewport\":\"80%\"}]><h2 class=\"dsm_block_reveal_text_header et_pb_module_header\">UNSER ENGAGEMENT IN KONKRETEN TATEN<\/h2><\/div>\n\t\t\t\t<\/div>\n\t\t\t<\/div>\n\t\t\t<\/div><div class=\"et_d4_element et_pb_column_2_3 et_pb_column et_pb_column_17  et_pb_css_mix_blend_mode et-last-child et_block_column\">\n\t\t\t\t\n\t\t\t\t\n\t\t\t\t\n\t\t\t\t\n\t\t\t\t<div class=\"et_pb_module et_d4_element et_pb_text et_pb_text_13  et_pb_text_align_left et_pb_bg_layout_light\">\n\t\t\t\t\n\t\t\t\t\n\t\t\t\t\n\t\t\t\t\n\t\t\t\t<div class=\"et_pb_text_inner\"><p><strong>Mit unserem Handeln wollen wir verantwortungsvolles Verhalten f\u00f6rdern und erreichen, dass die Kreislaufwirtschaft - sprich das Sammeln, Trennen, Recyceln und Kompostieren - unserer Verpackungen zu einer Massenerscheinung wird.<\/strong><\/p>\n<ul>\n<li>Im Rahmen des REUSAL-Projekts haben wir eine strategische Partnerschaft mit PAPREC RECYCLAGE, dem europ\u00e4ischen Marktf\u00fchrer, geschlossen, um eine spezielle Recyclinglinie f\u00fcr PET-Schalen zu entwickeln. Gleichzeitig f\u00fchren wir an unseren Standorten PET-Sammelaktionen durch, an denen sich regelm\u00e4\u00dfig alle unsere Mitarbeiter beteiligen.<\/li>\n<\/ul>\n<ul>\n<li>Als Vorreiter seit Firmengr\u00fcndung und innovativ mit Leib und Seele, erkennen wir fr\u00fchzeitig die zuk\u00fcnftigen Bed\u00fcrfnisse, die sich auf unsere Verpackungen auswirken werden (Respekt gegen\u00fcber der Umwelt, Konservierung und Schutz von Lebensmitteln, ver\u00e4nderte Lebensstile usw.). Um darauf reagieren zu k\u00f6nnen, arbeitet unsere Abteilung f\u00fcr Technologie\u00fcberwachung permanent an den Verpackungsl\u00f6sungen von morgen. Mit unserem Fachwissen beteiligen wir uns an Kooperationsprogrammen f\u00fcr F&E, die unter Einsatz von neuen Technologien neue Sortier- und Recyclingl\u00f6sungen entwickeln, und wir unterst\u00fctzen Initiativen, die die Kreislaufwirtschaft und den rationellen Einsatz von Lebensmittelverpackungen f\u00f6rdern.<\/li>\n<\/ul>\n<ul><\/ul><\/div>\n\t\t\t<\/div>\n\t\t\t<\/div>\n\t\t\t\t\n\t\t\t\t\n\t\t\t\t\n\t\t\t\t\n\t\t\t<\/div>\n\t\t\t\t\n\t\t\t\t\n\t\t\t<\/div><div class=\"et_d4_element et_pb_section et_pb_section_7 et_pb_with_background  et_pb_css_mix_blend_mode et_section_regular et_block_section\" >\n\t\t\t\t\n\t\t\t\t\n\t\t\t\t\n\t\t\t\t\n\t\t\t\t\n\t\t\t\t\n\t\t\t\t<div class=\"et_d4_element et_pb_row et_pb_row_10 et_pb_equal_columns  et_pb_css_mix_blend_mode et_block_row\">\n\t\t\t\t<div class=\"et_d4_element et_pb_column_4_4 et_pb_column et_pb_column_18  et_pb_css_mix_blend_mode et-last-child et_block_column\">\n\t\t\t\t\n\t\t\t\t\n\t\t\t\t\n\t\t\t\t\n\t\t\t\t<div class=\"et_pb_module et_d4_element et_pb_text et_pb_text_14  et_pb_text_align_left et_pb_bg_layout_light\">\n\t\t\t\t\n\t\t\t\t\n\t\t\t\t\n\t\t\t\t\n\t\t\t\t<div class=\"et_pb_text_inner\"><h3 style=\"text-align: center;\">AKTUELLES<\/h3><\/div>\n\t\t\t<\/div>\n\t\t\t<\/div>\n\t\t\t\t\n\t\t\t\t\n\t\t\t\t\n\t\t\t\t\n\t\t\t<\/div><div class=\"et_d4_element et_pb_row et_pb_row_11 et_pb_equal_columns  et_pb_css_mix_blend_mode et_block_row\">\n\t\t\t\t<div class=\"et_d4_element et_pb_column_4_4 et_pb_column et_pb_column_19  et_pb_css_mix_blend_mode et-last-child et_block_column\">\n\t\t\t\t\n\t\t\t\t\n\t\t\t\t\n\t\t\t\t\n\t\t\t\t<div class=\"et_pb_module et_d4_element et_pb_code et_pb_code_2\">\n\t\t\t\t\n\t\t\t\t\n\t\t\t\t\n\t\t\t\t\n\t\t\t\t<div class=\"et_pb_code_inner\"><div id=\"flockler-embed-18697698f65095a446880b336c228c91\"><\/div>\n<script src=\"https:\/\/plugins.flockler.com\/embed\/18697666fc40dcdd6a8a868204c67abd\/18697698f65095a446880b336c228c91\" async><\/script><\/div>\n\t\t\t<\/div>\n\t\t\t<\/div>\n\t\t\t\t\n\t\t\t\t\n\t\t\t\t\n\t\t\t\t\n\t\t\t<\/div>\n\t\t\t\t\n\t\t\t\t\n\t\t\t<\/div><\/p>\n","protected":false},"excerpt":{"rendered":"","protected":false},"author":1,"featured_media":0,"parent":0,"menu_order":0,"comment_status":"closed","ping_status":"closed","template":"","meta":{"_acf_changed":false,"_et_pb_use_builder":"on","_et_pb_old_content":"","_et_gb_content_width":"","footnotes":""},"class_list":["post-20127","page","type-page","status-publish","hentry"],"acf":[],"yoast_head":"<!-- This site is optimized with the Yoast SEO plugin v28.3 - https:\/\/yoast.com\/product\/yoast-seo-wordpress\/ -->\n<title>Umwelt - Groupe GUILLIN<\/title>\n<meta name=\"description\" content=\"Le Groupe GUILLIN est le r\u00e9f\u00e9rent europ\u00e9en de l&#039;emballage plastique alimentaire\" \/>\n<meta name=\"robots\" content=\"index, follow, max-snippet:-1, max-image-preview:large, max-video-preview:-1\" \/>\n<link rel=\"canonical\" href=\"https:\/\/www.groupeguillin.fr\/de\/umwelt\/\" \/>\n<meta property=\"og:locale\" content=\"de_DE\" \/>\n<meta property=\"og:type\" content=\"article\" \/>\n<meta property=\"og:title\" content=\"Umwelt - Groupe GUILLIN\" \/>\n<meta property=\"og:description\" content=\"Le Groupe GUILLIN est le r\u00e9f\u00e9rent europ\u00e9en de l&#039;emballage plastique alimentaire\" \/>\n<meta property=\"og:url\" content=\"https:\/\/www.groupeguillin.fr\/de\/umwelt\/\" \/>\n<meta property=\"og:site_name\" content=\"Groupe GUILLIN\" \/>\n<meta property=\"article:modified_time\" content=\"2025-03-24T15:17:55+00:00\" \/>\n<meta property=\"og:image\" content=\"https:\/\/www.groupeguillin.fr\/wp-content\/uploads\/2020\/09\/Logo-guillin-1.png\" \/>\n\t<meta property=\"og:image:width\" content=\"1172\" \/>\n\t<meta property=\"og:image:height\" content=\"300\" \/>\n\t<meta property=\"og:image:type\" content=\"image\/png\" \/>\n<meta name=\"twitter:card\" content=\"summary_large_image\" \/>\n<meta name=\"twitter:label1\" content=\"Est. reading time\" \/>\n\t<meta name=\"twitter:data1\" content=\"16 minutes\" \/>\n<script type=\"application\/ld+json\" class=\"yoast-schema-graph\">{\"@context\":\"https:\\\/\\\/schema.org\",\"@graph\":[{\"@type\":\"WebPage\",\"@id\":\"https:\\\/\\\/www.groupeguillin.fr\\\/de\\\/umwelt\\\/\",\"url\":\"https:\\\/\\\/www.groupeguillin.fr\\\/de\\\/umwelt\\\/\",\"name\":\"Umwelt - Groupe GUILLIN\",\"isPartOf\":{\"@id\":\"https:\\\/\\\/www.groupeguillin.fr\\\/de\\\/#website\"},\"datePublished\":\"2025-03-14T11:43:26+00:00\",\"dateModified\":\"2025-03-24T15:17:55+00:00\",\"description\":\"Le Groupe GUILLIN est le r\u00e9f\u00e9rent europ\u00e9en de l'emballage plastique alimentaire\",\"breadcrumb\":{\"@id\":\"https:\\\/\\\/www.groupeguillin.fr\\\/de\\\/umwelt\\\/#breadcrumb\"},\"inLanguage\":\"de-DE\",\"potentialAction\":[{\"@type\":\"ReadAction\",\"target\":[\"https:\\\/\\\/www.groupeguillin.fr\\\/de\\\/umwelt\\\/\"]}]},{\"@type\":\"BreadcrumbList\",\"@id\":\"https:\\\/\\\/www.groupeguillin.fr\\\/de\\\/umwelt\\\/#breadcrumb\",\"itemListElement\":[{\"@type\":\"ListItem\",\"position\":1,\"name\":\"Accueil\",\"item\":\"https:\\\/\\\/www.groupeguillin.fr\\\/de\\\/\"},{\"@type\":\"ListItem\",\"position\":2,\"name\":\"Umwelt\"}]},{\"@type\":\"WebSite\",\"@id\":\"https:\\\/\\\/www.groupeguillin.fr\\\/de\\\/#website\",\"url\":\"https:\\\/\\\/www.groupeguillin.fr\\\/de\\\/\",\"name\":\"Groupe GUILLIN\",\"description\":\"We protect your food\",\"publisher\":{\"@id\":\"https:\\\/\\\/www.groupeguillin.fr\\\/de\\\/#organization\"},\"potentialAction\":[{\"@type\":\"SearchAction\",\"target\":{\"@type\":\"EntryPoint\",\"urlTemplate\":\"https:\\\/\\\/www.groupeguillin.fr\\\/de\\\/?s={search_term_string}\"},\"query-input\":{\"@type\":\"PropertyValueSpecification\",\"valueRequired\":true,\"valueName\":\"search_term_string\"}}],\"inLanguage\":\"de-DE\"},{\"@type\":\"Organization\",\"@id\":\"https:\\\/\\\/www.groupeguillin.fr\\\/de\\\/#organization\",\"name\":\"Groupe GUILLIN\",\"url\":\"https:\\\/\\\/www.groupeguillin.fr\\\/de\\\/\",\"logo\":{\"@type\":\"ImageObject\",\"inLanguage\":\"de-DE\",\"@id\":\"https:\\\/\\\/www.groupeguillin.fr\\\/de\\\/#\\\/schema\\\/logo\\\/image\\\/\",\"url\":\"https:\\\/\\\/www.groupeguillin.fr\\\/wp-content\\\/uploads\\\/2020\\\/09\\\/Logo-guillin-1.png\",\"contentUrl\":\"https:\\\/\\\/www.groupeguillin.fr\\\/wp-content\\\/uploads\\\/2020\\\/09\\\/Logo-guillin-1.png\",\"width\":1172,\"height\":300,\"caption\":\"Groupe GUILLIN\"},\"image\":{\"@id\":\"https:\\\/\\\/www.groupeguillin.fr\\\/de\\\/#\\\/schema\\\/logo\\\/image\\\/\"},\"sameAs\":[\"https:\\\/\\\/www.instagram.com\\\/groupeguillin\\\/\",\"https:\\\/\\\/www.linkedin.com\\\/company\\\/guillin-emballages\\\/\",\"https:\\\/\\\/www.youtube.com\\\/channel\\\/UCS-Q4Qkgd1bN9pdIPGRjogQ\"]}]}<\/script>\n<!-- \/ Yoast SEO plugin. -->","yoast_head_json":{"title":"Umwelt - Groupe GUILLIN","description":"Le Groupe GUILLIN est le r\u00e9f\u00e9rent europ\u00e9en de l'emballage plastique alimentaire","robots":{"index":"index","follow":"follow","max-snippet":"max-snippet:-1","max-image-preview":"max-image-preview:large","max-video-preview":"max-video-preview:-1"},"canonical":"https:\/\/www.groupeguillin.fr\/de\/umwelt\/","og_locale":"de_DE","og_type":"article","og_title":"Umwelt - Groupe GUILLIN","og_description":"Le Groupe GUILLIN est le r\u00e9f\u00e9rent europ\u00e9en de l'emballage plastique alimentaire","og_url":"https:\/\/www.groupeguillin.fr\/de\/umwelt\/","og_site_name":"Groupe GUILLIN","article_modified_time":"2025-03-24T15:17:55+00:00","og_image":[{"width":1172,"height":300,"url":"https:\/\/www.groupeguillin.fr\/wp-content\/uploads\/2020\/09\/Logo-guillin-1.png","type":"image\/png"}],"twitter_card":"summary_large_image","twitter_misc":{"Est. reading time":"16 minutes"},"schema":{"@context":"https:\/\/schema.org","@graph":[{"@type":"WebPage","@id":"https:\/\/www.groupeguillin.fr\/de\/umwelt\/","url":"https:\/\/www.groupeguillin.fr\/de\/umwelt\/","name":"Umwelt - Groupe GUILLIN","isPartOf":{"@id":"https:\/\/www.groupeguillin.fr\/de\/#website"},"datePublished":"2025-03-14T11:43:26+00:00","dateModified":"2025-03-24T15:17:55+00:00","description":"Le Groupe GUILLIN est le r\u00e9f\u00e9rent europ\u00e9en de l'emballage plastique alimentaire","breadcrumb":{"@id":"https:\/\/www.groupeguillin.fr\/de\/umwelt\/#breadcrumb"},"inLanguage":"de-DE","potentialAction":[{"@type":"ReadAction","target":["https:\/\/www.groupeguillin.fr\/de\/umwelt\/"]}]},{"@type":"BreadcrumbList","@id":"https:\/\/www.groupeguillin.fr\/de\/umwelt\/#breadcrumb","itemListElement":[{"@type":"ListItem","position":1,"name":"Accueil","item":"https:\/\/www.groupeguillin.fr\/de\/"},{"@type":"ListItem","position":2,"name":"Umwelt"}]},{"@type":"WebSite","@id":"https:\/\/www.groupeguillin.fr\/de\/#website","url":"https:\/\/www.groupeguillin.fr\/de\/","name":"Groupe GUILLIN","description":"We protect your food","publisher":{"@id":"https:\/\/www.groupeguillin.fr\/de\/#organization"},"potentialAction":[{"@type":"SearchAction","target":{"@type":"EntryPoint","urlTemplate":"https:\/\/www.groupeguillin.fr\/de\/?s={search_term_string}"},"query-input":{"@type":"PropertyValueSpecification","valueRequired":true,"valueName":"search_term_string"}}],"inLanguage":"de-DE"},{"@type":"Organization","@id":"https:\/\/www.groupeguillin.fr\/de\/#organization","name":"Groupe GUILLIN","url":"https:\/\/www.groupeguillin.fr\/de\/","logo":{"@type":"ImageObject","inLanguage":"de-DE","@id":"https:\/\/www.groupeguillin.fr\/de\/#\/schema\/logo\/image\/","url":"https:\/\/www.groupeguillin.fr\/wp-content\/uploads\/2020\/09\/Logo-guillin-1.png","contentUrl":"https:\/\/www.groupeguillin.fr\/wp-content\/uploads\/2020\/09\/Logo-guillin-1.png","width":1172,"height":300,"caption":"Groupe GUILLIN"},"image":{"@id":"https:\/\/www.groupeguillin.fr\/de\/#\/schema\/logo\/image\/"},"sameAs":["https:\/\/www.instagram.com\/groupeguillin\/","https:\/\/www.linkedin.com\/company\/guillin-emballages\/","https:\/\/www.youtube.com\/channel\/UCS-Q4Qkgd1bN9pdIPGRjogQ"]}]}},"publishpress_future_action":{"enabled":false,"date":"2026-09-07 11:34:48","action":"change-status","newStatus":"draft","terms":[],"taxonomy":"translation_priority","extraData":[]},"publishpress_future_workflow_manual_trigger":{"enabledWorkflows":[]},"_links":{"self":[{"href":"https:\/\/www.groupeguillin.fr\/de\/wp-json\/wp\/v2\/pages\/20127","targetHints":{"allow":["GET"]}}],"collection":[{"href":"https:\/\/www.groupeguillin.fr\/de\/wp-json\/wp\/v2\/pages"}],"about":[{"href":"https:\/\/www.groupeguillin.fr\/de\/wp-json\/wp\/v2\/types\/page"}],"author":[{"embeddable":true,"href":"https:\/\/www.groupeguillin.fr\/de\/wp-json\/wp\/v2\/users\/1"}],"replies":[{"embeddable":true,"href":"https:\/\/www.groupeguillin.fr\/de\/wp-json\/wp\/v2\/comments?post=20127"}],"version-history":[{"count":5,"href":"https:\/\/www.groupeguillin.fr\/de\/wp-json\/wp\/v2\/pages\/20127\/revisions"}],"predecessor-version":[{"id":20424,"href":"https:\/\/www.groupeguillin.fr\/de\/wp-json\/wp\/v2\/pages\/20127\/revisions\/20424"}],"wp:attachment":[{"href":"https:\/\/www.groupeguillin.fr\/de\/wp-json\/wp\/v2\/media?parent=20127"}],"curies":[{"name":"wp","href":"https:\/\/api.w.org\/{rel}","templated":true}]}}