{"id":20065,"date":"2025-03-13T14:34:30","date_gmt":"2025-03-13T13:34:30","guid":{"rendered":"https:\/\/www.groupeguillin.fr\/entwicklung-und-wachstum\/"},"modified":"2025-03-13T15:00:03","modified_gmt":"2025-03-13T14:00:03","slug":"entwicklung-und-wachstum","status":"publish","type":"page","link":"https:\/\/www.groupeguillin.fr\/de\/entwicklung-und-wachstum\/","title":{"rendered":"Entwicklung und Wachstum"},"content":{"rendered":"<p>[et_pb_section fb_built=&#8221;1&#8243; _builder_version=&#8221;4.16&#8243; _module_preset=&#8221;default&#8221; width=&#8221;100%&#8221; max_width=&#8221;100%&#8221; custom_margin=&#8221;0px|0px|0px|0px|true|true&#8221; custom_padding=&#8221;0px|0px|0px|0px|true|true&#8221; global_colors_info=&#8221;{}&#8221;][et_pb_row _builder_version=&#8221;4.16&#8243; _module_preset=&#8221;default&#8221; width=&#8221;100%&#8221; custom_margin=&#8221;0px||0px||true|false&#8221; custom_padding=&#8221;0px||0px||true|false&#8221; global_colors_info=&#8221;{}&#8221;][et_pb_column type=&#8221;4_4&#8243; _builder_version=&#8221;4.16&#8243; _module_preset=&#8221;default&#8221; global_colors_info=&#8221;{}&#8221;][dsm_before_after_image before_src=&#8221;https:\/\/www.groupeguillin.fr\/wp-content\/uploads\/2020\/12\/header-1.jpg&#8221; before_title_text=&#8221;1972&#8243; after_src=&#8221;https:\/\/www.groupeguillin.fr\/wp-content\/uploads\/2025\/03\/image.png&#8221; after_title_text=&#8221;Heute&#8221; before_label_text=&#8221;1972&#8243; after_label_text=&#8221;Heute&#8221; default_offset_pct=&#8221;0.95&#8243; no_overlay=&#8221;on&#8221; move_slider_on_hover=&#8221;on&#8221; module_id=&#8221;alternate&#8221; _builder_version=&#8221;4.27.4&#8243; _module_preset=&#8221;default&#8221; hover_enabled=&#8221;0&#8243; global_colors_info=&#8221;{}&#8221; title_text=&#8221;image&#8221; sticky_enabled=&#8221;0&#8243;][\/dsm_before_after_image][\/et_pb_column][\/et_pb_row][\/et_pb_section][et_pb_section fb_built=&#8221;1&#8243; _builder_version=&#8221;4.16&#8243; _module_preset=&#8221;default&#8221; background_color=&#8221;#ededed&#8221; custom_margin=&#8221;0px||0px||true|false&#8221; custom_padding=&#8221;0px||0px||true|false&#8221; global_colors_info=&#8221;{}&#8221;][et_pb_row _builder_version=&#8221;4.16&#8243; _module_preset=&#8221;default&#8221; global_colors_info=&#8221;{}&#8221;][et_pb_column type=&#8221;4_4&#8243; _builder_version=&#8221;4.16&#8243; _module_preset=&#8221;default&#8221; global_colors_info=&#8221;{}&#8221;][et_pb_text _builder_version=&#8221;4.16&#8243; _module_preset=&#8221;default&#8221; global_colors_info=&#8221;{}&#8221;]<\/p>\n<h2 style=\"text-align: center;\">ENTWICKLUNG UND WACHSTUM DER GUILLIN-GRUPPE<\/h2>\n<p style=\"text-align: center;\">Als Familienunternehmen m\u00f6chten wir den Geist des Gr\u00fcnders, der das Unternehmen seit 1972 zum Erfolg gef\u00fchrt hat, wachhalten und seine Grundwerte weiterf\u00fchren: K\u00fchnheit, Zukunftsdenken, Leidenschaft f\u00fcr hochwertige Arbeit, Reaktionsf\u00e4higkeit, ausgepr\u00e4gtes Verst\u00e4ndnis f\u00fcr den Dienst am Kunden, Umweltbewusstsein, st\u00e4ndiges Sichweiterentwickeln usw.<\/p>\n<p>[\/et_pb_text][\/et_pb_column][\/et_pb_row][\/et_pb_section][et_pb_section fb_built=&#8221;1&#8243; _builder_version=&#8221;4.16&#8243; _module_preset=&#8221;default&#8221; background_color=&#8221;#ffffff&#8221; custom_margin=&#8221;0px||0px||true|false&#8221; custom_padding=&#8221;0px||0px||true|false&#8221; global_colors_info=&#8221;{}&#8221;][et_pb_row _builder_version=&#8221;4.16&#8243; _module_preset=&#8221;default&#8221; global_colors_info=&#8221;{}&#8221;][et_pb_column type=&#8221;4_4&#8243; _builder_version=&#8221;4.16&#8243; _module_preset=&#8221;default&#8221; global_colors_info=&#8221;{}&#8221;][et_pb_text _builder_version=&#8221;4.27.4&#8243; _module_preset=&#8221;default&#8221; header_4_font=&#8221;||||||||&#8221; header_4_text_align=&#8221;right&#8221; header_4_text_color=&#8221;#e02b20&#8243; header_4_font_size=&#8221;54px&#8221; header_5_text_align=&#8221;center&#8221; custom_margin=&#8221;-2px|||||&#8221; global_colors_info=&#8221;{}&#8221;]<\/p>\n<h4 style=\"text-align: center;\">1972<\/h4>\n<h5 style=\"text-align: center;\">GR\u00dcNDUNG<\/h5>\n<p style=\"text-align: center;\">Erste Anf\u00e4nge in einer Garage in Lods\/Region Bourgogne-Franche-Comt\u00e9<span style=\"font-size: 14px; text-align: left; font-family: Montserrat, Helvetica, Arial, Lucida, sans-serif;\">\u00a0<\/span><\/p>\n<p>[\/et_pb_text][et_pb_vertical_timeline line_color=&#8221;#00a569&#8243; _builder_version=&#8221;4.27.4&#8243; _module_preset=&#8221;default&#8221; width=&#8221;100%&#8221; hover_enabled=&#8221;0&#8243; custom_css_free_form=&#8221;selector .cd-timeline-img {||  background: #00a569 !important;||}&#8221; global_colors_info=&#8221;{}&#8221; sticky_enabled=&#8221;0&#8243;][et_pb_vertical_timeline_item title=&#8221;1983&#8243; use_read_more=&#8221;off&#8221; font_icon=&#8221;&#x4c;||divi||400&#8243; icon_color=&#8221;rgba(255,255,255,0)&#8221; circle_color=&#8221;#00a569&#8243; line_color=&#8221;#26a870&#8243; animation=&#8221;fade_in&#8221; _builder_version=&#8221;4.27.4&#8243; _module_preset=&#8221;default&#8221; text_text_align=&#8221;right&#8221; text_text_color=&#8221;#000000&#8243; headings_text_align=&#8221;right&#8221; headings_text_color=&#8221;#000000&#8243; background_enable_color=&#8221;on&#8221; text_orientation=&#8221;right&#8221; hover_enabled=&#8221;0&#8243; global_colors_info=&#8221;{}&#8221; sticky_enabled=&#8221;0&#8243;]Schaffung eines 2.100 m2 gro\u00dfen Lagers in Ornans\/Region Bourgogne-Franche-Comt\u00e9 zus\u00e4tzlich zu den bereits vorhandenen 3.500 m2 in Mouthier-Haute-Pierre\/Region Bourgogne-Franche-Comt\u00e9 in Frankreich.[\/et_pb_vertical_timeline_item][et_pb_vertical_timeline_item title=&#8221;1985&#8243; use_read_more=&#8221;off&#8221; icon_color=&#8221;#ffffff&#8221; circle_color=&#8221;#00a569&#8243; line_color=&#8221;#26a870&#8243; animation=&#8221;fade_in&#8221; _builder_version=&#8221;4.27.4&#8243; _module_preset=&#8221;default&#8221; text_text_color=&#8221;#000000&#8243; headings_text_color=&#8221;#000000&#8243; background_enable_color=&#8221;on&#8221; hover_enabled=&#8221;0&#8243; global_colors_info=&#8221;{}&#8221; sticky_enabled=&#8221;0&#8243;]Ausdehnung der Vertriebsstruktur auf den herk\u00f6mmlichen Handel[\/et_pb_vertical_timeline_item][et_pb_vertical_timeline_item title=&#8221;1986&#8243; use_read_more=&#8221;off&#8221; font_icon=&#8221;&#x4c;||divi||400&#8243; circle_color=&#8221;#00a569&#8243; line_color=&#8221;#26a870&#8243; animation=&#8221;fade_in&#8221; _builder_version=&#8221;4.27.4&#8243; _module_preset=&#8221;default&#8221; text_text_align=&#8221;right&#8221; text_text_color=&#8221;#000000&#8243; headings_text_align=&#8221;right&#8221; headings_text_color=&#8221;#000000&#8243; background_enable_color=&#8221;on&#8221; text_orientation=&#8221;right&#8221; hover_enabled=&#8221;0&#8243; global_colors_info=&#8221;{}&#8221; sticky_enabled=&#8221;0&#8243;]Start der Exportabteilung[\/et_pb_vertical_timeline_item][et_pb_vertical_timeline_item title=&#8221;1987&#8243; use_read_more=&#8221;off&#8221; icon_color=&#8221;#ffffff&#8221; circle_color=&#8221;#00a569&#8243; line_color=&#8221;#26a870&#8243; animation=&#8221;fade_in&#8221; _builder_version=&#8221;4.27.4&#8243; _module_preset=&#8221;default&#8221; text_text_color=&#8221;#000000&#8243; headings_text_color=&#8221;#000000&#8243; background_enable_color=&#8221;on&#8221; hover_enabled=&#8221;0&#8243; global_colors_info=&#8221;{}&#8221; sticky_enabled=&#8221;0&#8243;]Errichtung einer Kalanderwalzanlage f\u00fcr PVC-Folien in Ornans[\/et_pb_vertical_timeline_item][et_pb_vertical_timeline_item title=&#8221;1988&#8243; use_read_more=&#8221;off&#8221; font_icon=&#8221;&#x4c;||divi||400&#8243; circle_color=&#8221;#00a569&#8243; line_color=&#8221;#26a870&#8243; animation=&#8221;fade_in&#8221; _builder_version=&#8221;4.27.4&#8243; _module_preset=&#8221;default&#8221; text_text_align=&#8221;right&#8221; text_text_color=&#8221;#000000&#8243; headings_text_align=&#8221;right&#8221; headings_text_color=&#8221;#000000&#8243; background_enable_color=&#8221;on&#8221; text_orientation=&#8221;right&#8221; hover_enabled=&#8221;0&#8243; global_colors_info=&#8221;{}&#8221; sticky_enabled=&#8221;0&#8243;]Verlagerung des Firmensitzes von Mouthier an einen Spitzenstandort in Ornans[\/et_pb_vertical_timeline_item][et_pb_vertical_timeline_item title=&#8221;1989&#8243; use_read_more=&#8221;off&#8221; icon_color=&#8221;#ffffff&#8221; circle_color=&#8221;#00a569&#8243; line_color=&#8221;#26a870&#8243; animation=&#8221;fade_in&#8221; _builder_version=&#8221;4.27.4&#8243; _module_preset=&#8221;default&#8221; text_text_color=&#8221;#000000&#8243; headings_text_color=&#8221;#000000&#8243; background_enable_color=&#8221;on&#8221; hover_enabled=&#8221;0&#8243; global_colors_info=&#8221;{}&#8221; sticky_enabled=&#8221;0&#8243;]Einf\u00fchrung von GUILLIN EMBALLAGES auf dem sekund\u00e4ren Markt der Lyoner B\u00f6rse[\/et_pb_vertical_timeline_item][et_pb_vertical_timeline_item title=&#8221;1990&#8243; use_read_more=&#8221;off&#8221; font_icon=&#8221;&#x4c;||divi||400&#8243; circle_color=&#8221;#00a569&#8243; line_color=&#8221;#26a870&#8243; animation=&#8221;fade_in&#8221; _builder_version=&#8221;4.27.4&#8243; _module_preset=&#8221;default&#8221; text_text_align=&#8221;right&#8221; text_text_color=&#8221;#000000&#8243; headings_text_align=&#8221;right&#8221; headings_text_color=&#8221;#000000&#8243; background_enable_color=&#8221;on&#8221; text_orientation=&#8221;right&#8221; hover_enabled=&#8221;0&#8243; global_colors_info=&#8221;{}&#8221; sticky_enabled=&#8221;0&#8243;]\u00dcbernahme von ALPHAFORM und DYNAPLAST, zwei auf Kunststoffschalen und -geschirr spezialisierte Unternehmen <\/p>\n<p>Gr\u00fcndung von GPI UK &#8211; einer Vertriebstochtergesellschaft &#8211; in England[\/et_pb_vertical_timeline_item][et_pb_vertical_timeline_item title=&#8221;1993&#8243; use_read_more=&#8221;off&#8221; icon_color=&#8221;#ffffff&#8221; circle_color=&#8221;#00a569&#8243; line_color=&#8221;#26a870&#8243; animation=&#8221;fade_in&#8221; _builder_version=&#8221;4.27.4&#8243; _module_preset=&#8221;default&#8221; text_text_color=&#8221;#000000&#8243; headings_text_color=&#8221;#000000&#8243; background_enable_color=&#8221;on&#8221; hover_enabled=&#8221;0&#8243; global_colors_info=&#8221;{}&#8221; sticky_enabled=&#8221;0&#8243;]\u00dcbernahme von NESPAK, ein auf Verpackungen von Obst- und Gem\u00fcse spezialisiertes Unternehmen in Italien[\/et_pb_vertical_timeline_item][et_pb_vertical_timeline_item title=&#8221;1999&#8243; use_read_more=&#8221;off&#8221; font_icon=&#8221;&#x4c;||divi||400&#8243; circle_color=&#8221;#00a569&#8243; line_color=&#8221;#26a870&#8243; animation=&#8221;fade_in&#8221; _builder_version=&#8221;4.27.4&#8243; _module_preset=&#8221;default&#8221; text_text_align=&#8221;right&#8221; text_text_color=&#8221;#000000&#8243; headings_text_align=&#8221;right&#8221; headings_text_color=&#8221;#000000&#8243; background_enable_color=&#8221;on&#8221; text_orientation=&#8221;right&#8221; hover_enabled=&#8221;0&#8243; global_colors_info=&#8221;{}&#8221; sticky_enabled=&#8221;0&#8243;]ISO 9001-Zertifizierung f\u00fcr alle Unternehmen der GUILLIN-Gruppe[\/et_pb_vertical_timeline_item][et_pb_vertical_timeline_item title=&#8221;2001&#8243; use_read_more=&#8221;off&#8221; icon_color=&#8221;#ffffff&#8221; circle_color=&#8221;#00a569&#8243; line_color=&#8221;#26a870&#8243; animation=&#8221;fade_in&#8221; _builder_version=&#8221;4.27.4&#8243; _module_preset=&#8221;default&#8221; text_text_color=&#8221;#000000&#8243; headings_text_color=&#8221;#000000&#8243; background_enable_color=&#8221;on&#8221; hover_enabled=&#8221;0&#8243; global_colors_info=&#8221;{}&#8221; sticky_enabled=&#8221;0&#8243;]Strategische St\u00e4rkung im Bereich Au\u00dfer-Haus-Gastronomie durch die \u00dcbernahme der Firmen SOCAMEL TECHNOLOGIES und RESCASET CONCEPT.<\/p>\n<p>Damit Produkterweiterung durch Equipment zum Versiegeln, Transportieren und Aufw\u00e4rmen von Speisen[\/et_pb_vertical_timeline_item][et_pb_vertical_timeline_item title=&#8221;2002&#8243; use_read_more=&#8221;off&#8221; font_icon=&#8221;&#x4c;||divi||400&#8243; circle_color=&#8221;#00a569&#8243; line_color=&#8221;#26a870&#8243; animation=&#8221;fade_in&#8221; _builder_version=&#8221;4.27.4&#8243; _module_preset=&#8221;default&#8221; text_text_align=&#8221;right&#8221; text_text_color=&#8221;#000000&#8243; headings_text_align=&#8221;right&#8221; headings_text_color=&#8221;#000000&#8243; background_enable_color=&#8221;on&#8221; text_orientation=&#8221;right&#8221; hover_enabled=&#8221;0&#8243; global_colors_info=&#8221;{}&#8221; sticky_enabled=&#8221;0&#8243;]Kauf von MACTRADE &#8211; nachfolgend umfirmiert in GUILLIN ITALIA &#8211; der gr\u00f6\u00dften Vertriebsgesellschaft f\u00fcr Produkte von GUILLIN EMBALLAGES in Italien[\/et_pb_vertical_timeline_item][et_pb_vertical_timeline_item title=&#8221;2003&#8243; use_read_more=&#8221;off&#8221; icon_color=&#8221;#ffffff&#8221; circle_color=&#8221;#00a569&#8243; line_color=&#8221;#26a870&#8243; animation=&#8221;fade_in&#8221; _builder_version=&#8221;4.27.4&#8243; _module_preset=&#8221;default&#8221; text_text_color=&#8221;#000000&#8243; headings_text_color=&#8221;#000000&#8243; background_enable_color=&#8221;on&#8221; hover_enabled=&#8221;0&#8243; global_colors_info=&#8221;{}&#8221; sticky_enabled=&#8221;0&#8243;]Gr\u00fcndung einer Vertriebsplattform in Spanien: GUILLIN ESPA\u00d1A, eine Tochtergesellschaft von GUILLIN EMBALLAGES[\/et_pb_vertical_timeline_item][et_pb_vertical_timeline_item title=&#8221;2004&#8243; use_read_more=&#8221;off&#8221; font_icon=&#8221;&#x4c;||divi||400&#8243; circle_color=&#8221;#00a569&#8243; line_color=&#8221;#26a870&#8243; animation=&#8221;fade_in&#8221; _builder_version=&#8221;4.27.4&#8243; _module_preset=&#8221;default&#8221; text_text_align=&#8221;right&#8221; text_text_color=&#8221;#000000&#8243; headings_text_align=&#8221;right&#8221; headings_text_color=&#8221;#000000&#8243; background_enable_color=&#8221;on&#8221; text_orientation=&#8221;right&#8221; hover_enabled=&#8221;0&#8243; global_colors_info=&#8221;{}&#8221; sticky_enabled=&#8221;0&#8243;]Kauf der Verm\u00f6genswerte der polnischen Firma ANIS durch ANIS OPAKOWANIA[\/et_pb_vertical_timeline_item][et_pb_vertical_timeline_item title=&#8221;2005&#8243; use_read_more=&#8221;off&#8221; icon_color=&#8221;#ffffff&#8221; circle_color=&#8221;#00a569&#8243; line_color=&#8221;#26a870&#8243; animation=&#8221;fade_in&#8221; _builder_version=&#8221;4.27.4&#8243; _module_preset=&#8221;default&#8221; text_text_color=&#8221;#000000&#8243; headings_text_color=&#8221;#000000&#8243; background_enable_color=&#8221;on&#8221; hover_enabled=&#8221;0&#8243; global_colors_info=&#8221;{}&#8221; sticky_enabled=&#8221;0&#8243;]Erwerb der Verm\u00f6genswerte des polnischen Unternehmens BLISTER BOX &#8211; Hersteller von Produkten aus PP und OPS &#8211; durch ANIS OPAKOWANIA, um so sein Produktportfolio zu vervollst\u00e4ndigen[\/et_pb_vertical_timeline_item][et_pb_vertical_timeline_item title=&#8221;2006&#8243; use_read_more=&#8221;off&#8221; font_icon=&#8221;&#x4c;||divi||400&#8243; circle_color=&#8221;#00a569&#8243; line_color=&#8221;#26a870&#8243; animation=&#8221;fade_in&#8221; _builder_version=&#8221;4.27.4&#8243; _module_preset=&#8221;default&#8221; text_text_align=&#8221;right&#8221; text_text_color=&#8221;#000000&#8243; headings_text_align=&#8221;right&#8221; headings_text_color=&#8221;#000000&#8243; background_enable_color=&#8221;on&#8221; text_orientation=&#8221;right&#8221; hover_enabled=&#8221;0&#8243; global_colors_info=&#8221;{}&#8221; sticky_enabled=&#8221;0&#8243;]Erwerb der Verm\u00f6genswerte der Fa. AUTOBAR PACKAGING SPAIN im Bereich Verpackungen von Obst und Gem\u00fcse am Standort Barbera del Vall\u00e8s durch das Unternehmen VERIPACK EMBALAJES. <\/p>\n<p>Kauf des englischen Unternehmens PREMIER PACKAGING durch NESPAK[\/et_pb_vertical_timeline_item][et_pb_vertical_timeline_item title=&#8221;2007&#8243; use_read_more=&#8221;off&#8221; icon_color=&#8221;#ffffff&#8221; circle_color=&#8221;#00a569&#8243; line_color=&#8221;#26a870&#8243; animation=&#8221;fade_in&#8221; _builder_version=&#8221;4.27.4&#8243; _module_preset=&#8221;default&#8221; text_text_color=&#8221;#000000&#8243; headings_text_color=&#8221;#000000&#8243; background_enable_color=&#8221;on&#8221; hover_enabled=&#8221;0&#8243; global_colors_info=&#8221;{}&#8221; sticky_enabled=&#8221;0&#8243;]Erwerb der Verm\u00f6genswerte der Fa. COLSTON in England im Gesch\u00e4ftsbereich &#8220;Speisen-Transportwagen&#8221; durch SOCAMEL TECHNOLOGIES und Gr\u00fcndung von SOCAMEL UK[\/et_pb_vertical_timeline_item][et_pb_vertical_timeline_item title=&#8221;2008&#8243; use_read_more=&#8221;off&#8221; font_icon=&#8221;&#x4c;||divi||400&#8243; circle_color=&#8221;#00a569&#8243; line_color=&#8221;#26a870&#8243; animation=&#8221;fade_in&#8221; _builder_version=&#8221;4.27.4&#8243; _module_preset=&#8221;default&#8221; text_text_align=&#8221;right&#8221; text_text_color=&#8221;#000000&#8243; headings_text_align=&#8221;right&#8221; headings_text_color=&#8221;#000000&#8243; background_enable_color=&#8221;on&#8221; text_orientation=&#8221;right&#8221; hover_enabled=&#8221;0&#8243; global_colors_info=&#8221;{}&#8221; sticky_enabled=&#8221;0&#8243;]Kauf der Verm\u00f6genswerte der Fa. ADEQUATION PACKAGING im Gesch\u00e4ftsbereich \u201eSchalen f\u00fcr hei\u00dfe und kalte Speisen + Siegelfolie\u201c durch RESCASET CONCEPT.<\/p>\n<p>Gr\u00fcndung einer Vertriebsplattform in Portugal: GUILLIN PORTUGAL, eine Tochtergesellschaft von GUILLIN EMBALLAGES[\/et_pb_vertical_timeline_item][et_pb_vertical_timeline_item title=&#8221;2010&#8243; use_read_more=&#8221;off&#8221; icon_color=&#8221;#ffffff&#8221; circle_color=&#8221;#00a569&#8243; line_color=&#8221;#26a870&#8243; animation=&#8221;fade_in&#8221; _builder_version=&#8221;4.27.4&#8243; _module_preset=&#8221;default&#8221; text_text_color=&#8221;#000000&#8243; headings_text_color=&#8221;#000000&#8243; background_enable_color=&#8221;on&#8221; hover_enabled=&#8221;0&#8243; global_colors_info=&#8221;{}&#8221; sticky_enabled=&#8221;0&#8243;]\u00dcbernahme der Gruppe SHARP INTERPACK im Vereinigten K\u00f6nigreich.<\/p>\n<p>Ausbau der Gesch\u00e4ftsaktivit\u00e4ten in der Lebensmittelindustrie, speziell im Fleischsektor.[\/et_pb_vertical_timeline_item][et_pb_vertical_timeline_item title=&#8221;2011&#8243; use_read_more=&#8221;off&#8221; font_icon=&#8221;&#x4c;||divi||400&#8243; circle_color=&#8221;#00a569&#8243; line_color=&#8221;#26a870&#8243; animation=&#8221;fade_in&#8221; _builder_version=&#8221;4.27.4&#8243; _module_preset=&#8221;default&#8221; text_text_align=&#8221;right&#8221; text_text_color=&#8221;#000000&#8243; headings_text_align=&#8221;right&#8221; headings_text_color=&#8221;#000000&#8243; background_enable_color=&#8221;on&#8221; text_orientation=&#8221;right&#8221; hover_enabled=&#8221;0&#8243; global_colors_info=&#8221;{}&#8221; sticky_enabled=&#8221;0&#8243;]Gr\u00fcndung von SHARPAK AYLESHAM, SHARPAK BRIDGWATER, SHARPAK YATE und SHARPAK NEDERLAND, heute GUILLIN NEDERLAND[\/et_pb_vertical_timeline_item][et_pb_vertical_timeline_item title=&#8221;2012&#8243; use_read_more=&#8221;off&#8221; icon_color=&#8221;#ffffff&#8221; circle_color=&#8221;#00a569&#8243; line_color=&#8221;#26a870&#8243; animation=&#8221;fade_in&#8221; _builder_version=&#8221;4.27.4&#8243; _module_preset=&#8221;default&#8221; text_text_color=&#8221;#000000&#8243; headings_text_color=&#8221;#000000&#8243; background_enable_color=&#8221;on&#8221; hover_enabled=&#8221;0&#8243; global_colors_info=&#8221;{}&#8221; sticky_enabled=&#8221;0&#8243;]Gr\u00fcndung der Gruppe GUILLIN INMOBILIARIA ESPA\u00d1A (Barcelona)[\/et_pb_vertical_timeline_item][et_pb_vertical_timeline_item title=&#8221;2014&#8243; use_read_more=&#8221;off&#8221; font_icon=&#8221;&#x4c;||divi||400&#8243; circle_color=&#8221;#00a569&#8243; line_color=&#8221;#26a870&#8243; animation=&#8221;fade_in&#8221; _builder_version=&#8221;4.27.4&#8243; _module_preset=&#8221;default&#8221; text_text_align=&#8221;right&#8221; text_text_color=&#8221;#000000&#8243; headings_text_align=&#8221;right&#8221; headings_text_color=&#8221;#000000&#8243; background_enable_color=&#8221;on&#8221; text_orientation=&#8221;right&#8221; hover_enabled=&#8221;0&#8243; global_colors_info=&#8221;{}&#8221; sticky_enabled=&#8221;0&#8243;]Gr\u00fcndung der deutschen Vertriebstochtergesellschaft GUILLIN DEUTSCHLAND.<\/p>\n<p>Gr\u00fcndung der spanischen Vertriebstochtergesellschaft TECNOLOGIAS SOCAMEL 3000, einer 100%igen Tochtergesellschaft von SOCAMEL TECHNOLOGIES.[\/et_pb_vertical_timeline_item][et_pb_vertical_timeline_item title=&#8221;2015&#8243; use_read_more=&#8221;off&#8221; icon_color=&#8221;#ffffff&#8221; circle_color=&#8221;#00a569&#8243; line_color=&#8221;#26a870&#8243; animation=&#8221;fade_in&#8221; _builder_version=&#8221;4.27.4&#8243; _module_preset=&#8221;default&#8221; text_text_color=&#8221;#000000&#8243; headings_text_color=&#8221;#000000&#8243; background_enable_color=&#8221;on&#8221; hover_enabled=&#8221;0&#8243; global_colors_info=&#8221;{}&#8221; sticky_enabled=&#8221;0&#8243;]Kauf der KREIS-Gruppe, bestehend aus den drei folgenden Unternehmen: KIV KREIS GmbH, KFB GmbH in DEUTSCHLAND und KREIS PACK S z o.o. in Polen[\/et_pb_vertical_timeline_item][et_pb_vertical_timeline_item title=&#8221;2016&#8243; use_read_more=&#8221;off&#8221; font_icon=&#8221;&#x4c;||divi||400&#8243; circle_color=&#8221;#00a569&#8243; line_color=&#8221;#26a870&#8243; animation=&#8221;fade_in&#8221; _builder_version=&#8221;4.27.4&#8243; _module_preset=&#8221;default&#8221; text_text_align=&#8221;right&#8221; text_text_color=&#8221;#000000&#8243; headings_text_align=&#8221;right&#8221; headings_text_color=&#8221;#000000&#8243; background_enable_color=&#8221;on&#8221; text_orientation=&#8221;right&#8221; hover_enabled=&#8221;0&#8243; global_colors_info=&#8221;{}&#8221; sticky_enabled=&#8221;0&#8243;]Aus den deutschen KREIS-Unternehmen wird KIV VERPACKUNGEN[\/et_pb_vertical_timeline_item][et_pb_vertical_timeline_item title=&#8221;2017&#8243; use_read_more=&#8221;off&#8221; icon_color=&#8221;#ffffff&#8221; circle_color=&#8221;#00a569&#8243; line_color=&#8221;#26a870&#8243; animation=&#8221;fade_in&#8221; _builder_version=&#8221;4.27.4&#8243; _module_preset=&#8221;default&#8221; text_text_color=&#8221;#000000&#8243; headings_text_color=&#8221;#000000&#8243; background_enable_color=&#8221;on&#8221; hover_enabled=&#8221;0&#8243; global_colors_info=&#8221;{}&#8221; sticky_enabled=&#8221;0&#8243;]Umfirmierung des 2016 in Deutschland von SOCAMEL TECHNOLOGIES \u00fcbernommenen Unternehmens THEODOR R. RIST GMBH in SOCAMEL DEUTSCHLAND GMBH[\/et_pb_vertical_timeline_item][et_pb_vertical_timeline_item title=&#8221;2018&#8243; use_read_more=&#8221;off&#8221; font_icon=&#8221;&#x4c;||divi||400&#8243; circle_color=&#8221;#00a569&#8243; line_color=&#8221;#26a870&#8243; animation=&#8221;fade_in&#8221; _builder_version=&#8221;4.27.4&#8243; _module_preset=&#8221;default&#8221; text_text_align=&#8221;right&#8221; text_text_color=&#8221;#000000&#8243; headings_text_align=&#8221;right&#8221; headings_text_color=&#8221;#000000&#8243; background_enable_color=&#8221;on&#8221; text_orientation=&#8221;right&#8221; hover_enabled=&#8221;0&#8243; global_colors_info=&#8221;{}&#8221; sticky_enabled=&#8221;0&#8243;]Zusammenschluss von ANIS OPAKOWANIA und KREIS PACK in Polen zur neuen Organisationseinheit GUILLIN POLSKA.<\/p>\n<p>\u00dcbernahme des britischen CPET-Verpackungsgesch\u00e4fts der ETIMEX PRIMARY PACKAGING GMBH.<\/p>\n<p>Kauf der THIOLAT-GRUPPE in Frankreich, Spanien und Rum\u00e4nien, die sich auf Papier- und Kartonverpackungen f\u00fcr die Bereiche Gastronomie und Lebensmittelhandwerk spezialisiert hat.[\/et_pb_vertical_timeline_item][et_pb_vertical_timeline_item title=&#8221;2019&#8243; use_read_more=&#8221;off&#8221; icon_color=&#8221;#ffffff&#8221; circle_color=&#8221;#00a569&#8243; line_color=&#8221;#26a870&#8243; animation=&#8221;fade_in&#8221; _builder_version=&#8221;4.27.4&#8243; _module_preset=&#8221;default&#8221; text_text_color=&#8221;#000000&#8243; headings_text_color=&#8221;#000000&#8243; background_enable_color=&#8221;on&#8221; hover_enabled=&#8221;0&#8243; global_colors_info=&#8221;{}&#8221; sticky_enabled=&#8221;0&#8243;]\u00dcbernahme der FLIGHT PLASTICS UK LTD in Gro\u00dfbritannien, spezialisiert auf die Herstellung von Kunststofffolien[\/et_pb_vertical_timeline_item][et_pb_vertical_timeline_item title=&#8221;2020&#8243; use_read_more=&#8221;off&#8221; font_icon=&#8221;&#x4c;||divi||400&#8243; circle_color=&#8221;#00a569&#8243; line_color=&#8221;#26a870&#8243; animation=&#8221;fade_in&#8221; module_id=&#8221;last-timeline&#8221; _builder_version=&#8221;4.27.4&#8243; _module_preset=&#8221;default&#8221; text_text_align=&#8221;right&#8221; text_text_color=&#8221;#000000&#8243; headings_text_align=&#8221;right&#8221; headings_text_color=&#8221;#000000&#8243; background_enable_color=&#8221;on&#8221; text_orientation=&#8221;right&#8221; hover_enabled=&#8221;0&#8243; global_colors_info=&#8221;{}&#8221; sticky_enabled=&#8221;0&#8243;]Das rum\u00e4nische Tochterunternehmen THIOLAT wird GUILLIN ROMANIA.<\/p>\n<p>\u00dcbernahme der THERMOFLEX SA in der Schweiz, spezialisiert auf den Vertrieb von Lebensmittelverpackungen im gesamten Schweizer Markt, haupts\u00e4chlich f\u00fcr die Bereiche Gastronomie und Lebensmittelhandwerk.[\/et_pb_vertical_timeline_item][et_pb_vertical_timeline_item title=&#8221;2021&#8243; use_read_more=&#8221;off&#8221; icon_color=&#8221;#ffffff&#8221; circle_color=&#8221;#00a569&#8243; line_color=&#8221;#26a870&#8243; animation=&#8221;fade_in&#8221; _builder_version=&#8221;4.27.4&#8243; _module_preset=&#8221;default&#8221; text_text_color=&#8221;#000000&#8243; headings_text_color=&#8221;#000000&#8243; background_enable_color=&#8221;on&#8221; hover_enabled=&#8221;0&#8243; global_colors_info=&#8221;{}&#8221; sticky_enabled=&#8221;0&#8243;]\u00dcbernahme der GAULT &#038; FREMONT-Gruppe, bestehend aus den Unternehmen EMBALLAGES DU DAUPHINE, INTERSAC, MONTGOLFIER, spezialisiert auf die Entwicklung und Produktion von Verpackungsl\u00f6sungen aus Papier\/Karton und Beuteln f\u00fcr die Lebensmittelindustrie auf dem franz\u00f6sischen und belgischen Markt.<\/p>\n<p>Das Unternehmen FLIGHT PLASTICS UK LTD im Vereinigten K\u00f6nigreich wird zu SHARPAK ROMSEY LTD.[\/et_pb_vertical_timeline_item][et_pb_vertical_timeline_item title=&#8221;2022&#8243; use_read_more=&#8221;on&#8221; read_more_text=&#8221;Entdecken Sie ihre stories&#8221; read_more_url=&#8221;https:\/\/www.groupeguillin.fr\/50ans-stories\/&#8221; animation=&#8221;fade_in&#8221; _builder_version=&#8221;4.27.4&#8243; _module_preset=&#8221;default&#8221; hover_enabled=&#8221;0&#8243; custom_css_free_form=&#8221;selector .cd-read-more {||  background-color: #00a569;||}||||selector h2 {||  color: #000000;||  text-align: right;||}&#8221; global_colors_info=&#8221;{}&#8221; sticky_enabled=&#8221;0&#8243;]<\/p>\n<p><span style=\"color: #000000;\">Die GUILLIN-Gruppe feiert ihr 50-j\u00e4hriges Bestehen! Entdecken Sie Video-Testimonials von Kunden und Partnern in dieser wichtigen Phase im Leben der Gruppe. Als historische Zeugen des Abenteuers oder neue Partner sprechen sie \u00fcber ihre Beziehung zu GUILLIN, was sie \u201eam meisten begeistert\u201c und \u00e4u\u00dfern ihre W\u00fcnsche f\u00fcr morgen.<\/span><\/p>\n<p>[\/et_pb_vertical_timeline_item][\/et_pb_vertical_timeline][\/et_pb_column][\/et_pb_row][\/et_pb_section]<\/p>\n","protected":false},"excerpt":{"rendered":"<p><div id=\"alternate\" class=\"et_pb_module dsm_before_after_image dsm_before_after_image_0\">\n\t\t\t\t\n\t\t\t\t\n\t\t\t\t\n\t\t\t\t\n\t\t\t\t\n\t\t\t\t\n\t\t\t\t<div class=\"et_pb_module_inner\">\n\t\t\t\t\t<div id=\"alternate\" class=\"dsm_before_after_image_wrapper\" data-params=[{\"offset\":\"0.95\",\"orientation\":\"horizontal\",\"overlay\":true,\"hover\":true,\"handle\":true,\"click\":false}]>\n\t\t\t\t\n\t\t\t\t\n\t\t\t\t<img decoding=\"async\" src=\"https:\/\/www.groupeguillin.fr\/wp-content\/uploads\/2020\/12\/header-1.jpg\" alt=\"\" title=\"1972\" \/><img decoding=\"async\" src=\"https:\/\/www.groupeguillin.fr\/wp-content\/uploads\/2025\/03\/image.png\" alt=\"\" title=\"Heute\" \/>\n\t\t\t<\/div>\n\t\t\t\t<\/div>\n\t\t\t<\/div>ENTWICKLUNG UND WACHSTUM DER GUILLIN-GRUPPE Als Familienunternehmen m\u00f6chten wir den Geist des Gr\u00fcnders, der das Unternehmen seit 1972 zum Erfolg gef\u00fchrt hat, wachhalten und seine Grundwerte weiterf\u00fchren: K\u00fchnheit, Zukunftsdenken, Leidenschaft f\u00fcr hochwertige Arbeit, Reaktionsf\u00e4higkeit, ausgepr\u00e4gtes Verst\u00e4ndnis f\u00fcr den Dienst [&hellip;]<\/p>\n","protected":false},"author":1,"featured_media":0,"parent":0,"menu_order":0,"comment_status":"closed","ping_status":"closed","template":"","meta":{"_acf_changed":false,"_et_pb_use_builder":"on","_et_pb_old_content":"","_et_gb_content_width":"","footnotes":""},"class_list":["post-20065","page","type-page","status-publish","hentry"],"acf":[],"yoast_head":"<!-- This site is optimized with the Yoast SEO plugin v27.4 - https:\/\/yoast.com\/product\/yoast-seo-wordpress\/ -->\n<title>Entwicklung und Wachstum - Groupe GUILLIN<\/title>\n<meta name=\"description\" content=\"Le Groupe GUILLIN est le r\u00e9f\u00e9rent europ\u00e9en de l&#039;emballage plastique alimentaire\" \/>\n<meta name=\"robots\" content=\"index, follow, max-snippet:-1, max-image-preview:large, max-video-preview:-1\" \/>\n<link rel=\"canonical\" href=\"https:\/\/www.groupeguillin.fr\/de\/entwicklung-und-wachstum\/\" \/>\n<meta property=\"og:locale\" content=\"de_DE\" \/>\n<meta property=\"og:type\" content=\"article\" \/>\n<meta property=\"og:title\" content=\"Entwicklung und Wachstum - Groupe GUILLIN\" \/>\n<meta property=\"og:description\" content=\"Le Groupe GUILLIN est le r\u00e9f\u00e9rent europ\u00e9en de l&#039;emballage plastique alimentaire\" \/>\n<meta property=\"og:url\" content=\"https:\/\/www.groupeguillin.fr\/de\/entwicklung-und-wachstum\/\" \/>\n<meta property=\"og:site_name\" content=\"Groupe GUILLIN\" \/>\n<meta property=\"article:modified_time\" content=\"2025-03-13T14:00:03+00:00\" \/>\n<meta property=\"og:image\" content=\"https:\/\/www.groupeguillin.fr\/wp-content\/uploads\/2020\/09\/Logo-guillin-1.png\" \/>\n\t<meta property=\"og:image:width\" content=\"1172\" \/>\n\t<meta property=\"og:image:height\" content=\"300\" \/>\n\t<meta property=\"og:image:type\" content=\"image\/png\" \/>\n<meta name=\"twitter:card\" content=\"summary_large_image\" \/>\n<meta name=\"twitter:label1\" content=\"Est. reading time\" \/>\n\t<meta name=\"twitter:data1\" content=\"13 minutes\" \/>\n<script type=\"application\/ld+json\" class=\"yoast-schema-graph\">{\"@context\":\"https:\\\/\\\/schema.org\",\"@graph\":[{\"@type\":\"WebPage\",\"@id\":\"https:\\\/\\\/www.groupeguillin.fr\\\/de\\\/entwicklung-und-wachstum\\\/\",\"url\":\"https:\\\/\\\/www.groupeguillin.fr\\\/de\\\/entwicklung-und-wachstum\\\/\",\"name\":\"Entwicklung und Wachstum - Groupe GUILLIN\",\"isPartOf\":{\"@id\":\"https:\\\/\\\/www.groupeguillin.fr\\\/de\\\/#website\"},\"datePublished\":\"2025-03-13T13:34:30+00:00\",\"dateModified\":\"2025-03-13T14:00:03+00:00\",\"description\":\"Le Groupe GUILLIN est le r\u00e9f\u00e9rent europ\u00e9en de l'emballage plastique alimentaire\",\"breadcrumb\":{\"@id\":\"https:\\\/\\\/www.groupeguillin.fr\\\/de\\\/entwicklung-und-wachstum\\\/#breadcrumb\"},\"inLanguage\":\"de-DE\",\"potentialAction\":[{\"@type\":\"ReadAction\",\"target\":[\"https:\\\/\\\/www.groupeguillin.fr\\\/de\\\/entwicklung-und-wachstum\\\/\"]}]},{\"@type\":\"BreadcrumbList\",\"@id\":\"https:\\\/\\\/www.groupeguillin.fr\\\/de\\\/entwicklung-und-wachstum\\\/#breadcrumb\",\"itemListElement\":[{\"@type\":\"ListItem\",\"position\":1,\"name\":\"Accueil\",\"item\":\"https:\\\/\\\/www.groupeguillin.fr\\\/de\\\/\"},{\"@type\":\"ListItem\",\"position\":2,\"name\":\"Entwicklung und Wachstum\"}]},{\"@type\":\"WebSite\",\"@id\":\"https:\\\/\\\/www.groupeguillin.fr\\\/de\\\/#website\",\"url\":\"https:\\\/\\\/www.groupeguillin.fr\\\/de\\\/\",\"name\":\"Groupe GUILLIN\",\"description\":\"We protect your food\",\"publisher\":{\"@id\":\"https:\\\/\\\/www.groupeguillin.fr\\\/de\\\/#organization\"},\"potentialAction\":[{\"@type\":\"SearchAction\",\"target\":{\"@type\":\"EntryPoint\",\"urlTemplate\":\"https:\\\/\\\/www.groupeguillin.fr\\\/de\\\/?s={search_term_string}\"},\"query-input\":{\"@type\":\"PropertyValueSpecification\",\"valueRequired\":true,\"valueName\":\"search_term_string\"}}],\"inLanguage\":\"de-DE\"},{\"@type\":\"Organization\",\"@id\":\"https:\\\/\\\/www.groupeguillin.fr\\\/de\\\/#organization\",\"name\":\"Groupe GUILLIN\",\"url\":\"https:\\\/\\\/www.groupeguillin.fr\\\/de\\\/\",\"logo\":{\"@type\":\"ImageObject\",\"inLanguage\":\"de-DE\",\"@id\":\"https:\\\/\\\/www.groupeguillin.fr\\\/de\\\/#\\\/schema\\\/logo\\\/image\\\/\",\"url\":\"https:\\\/\\\/www.groupeguillin.fr\\\/wp-content\\\/uploads\\\/2020\\\/09\\\/Logo-guillin-1.png\",\"contentUrl\":\"https:\\\/\\\/www.groupeguillin.fr\\\/wp-content\\\/uploads\\\/2020\\\/09\\\/Logo-guillin-1.png\",\"width\":1172,\"height\":300,\"caption\":\"Groupe GUILLIN\"},\"image\":{\"@id\":\"https:\\\/\\\/www.groupeguillin.fr\\\/de\\\/#\\\/schema\\\/logo\\\/image\\\/\"},\"sameAs\":[\"https:\\\/\\\/www.instagram.com\\\/groupeguillin\\\/\",\"https:\\\/\\\/www.linkedin.com\\\/company\\\/guillin-emballages\\\/\",\"https:\\\/\\\/www.youtube.com\\\/channel\\\/UCS-Q4Qkgd1bN9pdIPGRjogQ\"]}]}<\/script>\n<!-- \/ Yoast SEO plugin. -->","yoast_head_json":{"title":"Entwicklung und Wachstum - Groupe GUILLIN","description":"Le Groupe GUILLIN est le r\u00e9f\u00e9rent europ\u00e9en de l'emballage plastique alimentaire","robots":{"index":"index","follow":"follow","max-snippet":"max-snippet:-1","max-image-preview":"max-image-preview:large","max-video-preview":"max-video-preview:-1"},"canonical":"https:\/\/www.groupeguillin.fr\/de\/entwicklung-und-wachstum\/","og_locale":"de_DE","og_type":"article","og_title":"Entwicklung und Wachstum - Groupe GUILLIN","og_description":"Le Groupe GUILLIN est le r\u00e9f\u00e9rent europ\u00e9en de l'emballage plastique alimentaire","og_url":"https:\/\/www.groupeguillin.fr\/de\/entwicklung-und-wachstum\/","og_site_name":"Groupe GUILLIN","article_modified_time":"2025-03-13T14:00:03+00:00","og_image":[{"width":1172,"height":300,"url":"https:\/\/www.groupeguillin.fr\/wp-content\/uploads\/2020\/09\/Logo-guillin-1.png","type":"image\/png"}],"twitter_card":"summary_large_image","twitter_misc":{"Est. reading time":"13 minutes"},"schema":{"@context":"https:\/\/schema.org","@graph":[{"@type":"WebPage","@id":"https:\/\/www.groupeguillin.fr\/de\/entwicklung-und-wachstum\/","url":"https:\/\/www.groupeguillin.fr\/de\/entwicklung-und-wachstum\/","name":"Entwicklung und Wachstum - Groupe GUILLIN","isPartOf":{"@id":"https:\/\/www.groupeguillin.fr\/de\/#website"},"datePublished":"2025-03-13T13:34:30+00:00","dateModified":"2025-03-13T14:00:03+00:00","description":"Le Groupe GUILLIN est le r\u00e9f\u00e9rent europ\u00e9en de l'emballage plastique alimentaire","breadcrumb":{"@id":"https:\/\/www.groupeguillin.fr\/de\/entwicklung-und-wachstum\/#breadcrumb"},"inLanguage":"de-DE","potentialAction":[{"@type":"ReadAction","target":["https:\/\/www.groupeguillin.fr\/de\/entwicklung-und-wachstum\/"]}]},{"@type":"BreadcrumbList","@id":"https:\/\/www.groupeguillin.fr\/de\/entwicklung-und-wachstum\/#breadcrumb","itemListElement":[{"@type":"ListItem","position":1,"name":"Accueil","item":"https:\/\/www.groupeguillin.fr\/de\/"},{"@type":"ListItem","position":2,"name":"Entwicklung und Wachstum"}]},{"@type":"WebSite","@id":"https:\/\/www.groupeguillin.fr\/de\/#website","url":"https:\/\/www.groupeguillin.fr\/de\/","name":"Groupe GUILLIN","description":"We protect your food","publisher":{"@id":"https:\/\/www.groupeguillin.fr\/de\/#organization"},"potentialAction":[{"@type":"SearchAction","target":{"@type":"EntryPoint","urlTemplate":"https:\/\/www.groupeguillin.fr\/de\/?s={search_term_string}"},"query-input":{"@type":"PropertyValueSpecification","valueRequired":true,"valueName":"search_term_string"}}],"inLanguage":"de-DE"},{"@type":"Organization","@id":"https:\/\/www.groupeguillin.fr\/de\/#organization","name":"Groupe GUILLIN","url":"https:\/\/www.groupeguillin.fr\/de\/","logo":{"@type":"ImageObject","inLanguage":"de-DE","@id":"https:\/\/www.groupeguillin.fr\/de\/#\/schema\/logo\/image\/","url":"https:\/\/www.groupeguillin.fr\/wp-content\/uploads\/2020\/09\/Logo-guillin-1.png","contentUrl":"https:\/\/www.groupeguillin.fr\/wp-content\/uploads\/2020\/09\/Logo-guillin-1.png","width":1172,"height":300,"caption":"Groupe GUILLIN"},"image":{"@id":"https:\/\/www.groupeguillin.fr\/de\/#\/schema\/logo\/image\/"},"sameAs":["https:\/\/www.instagram.com\/groupeguillin\/","https:\/\/www.linkedin.com\/company\/guillin-emballages\/","https:\/\/www.youtube.com\/channel\/UCS-Q4Qkgd1bN9pdIPGRjogQ"]}]}},"publishpress_future_action":{"enabled":false,"date":"2026-05-04 10:19:54","action":"change-status","newStatus":"draft","terms":[],"taxonomy":"translation_priority","extraData":[]},"publishpress_future_workflow_manual_trigger":{"enabledWorkflows":[]},"_links":{"self":[{"href":"https:\/\/www.groupeguillin.fr\/de\/wp-json\/wp\/v2\/pages\/20065","targetHints":{"allow":["GET"]}}],"collection":[{"href":"https:\/\/www.groupeguillin.fr\/de\/wp-json\/wp\/v2\/pages"}],"about":[{"href":"https:\/\/www.groupeguillin.fr\/de\/wp-json\/wp\/v2\/types\/page"}],"author":[{"embeddable":true,"href":"https:\/\/www.groupeguillin.fr\/de\/wp-json\/wp\/v2\/users\/1"}],"replies":[{"embeddable":true,"href":"https:\/\/www.groupeguillin.fr\/de\/wp-json\/wp\/v2\/comments?post=20065"}],"version-history":[{"count":3,"href":"https:\/\/www.groupeguillin.fr\/de\/wp-json\/wp\/v2\/pages\/20065\/revisions"}],"predecessor-version":[{"id":20076,"href":"https:\/\/www.groupeguillin.fr\/de\/wp-json\/wp\/v2\/pages\/20065\/revisions\/20076"}],"wp:attachment":[{"href":"https:\/\/www.groupeguillin.fr\/de\/wp-json\/wp\/v2\/media?parent=20065"}],"curies":[{"name":"wp","href":"https:\/\/api.w.org\/{rel}","templated":true}]}}