{"id":19872,"date":"2025-03-11T15:08:05","date_gmt":"2025-03-11T14:08:05","guid":{"rendered":"https:\/\/www.groupeguillin.fr\/unternehmen\/"},"modified":"2026-09-02T15:18:57","modified_gmt":"2026-09-02T13:18:57","slug":"unternehmen-und-niederlassungen","status":"publish","type":"page","link":"https:\/\/www.groupeguillin.fr\/de\/unternehmen-und-niederlassungen\/","title":{"rendered":"Unternehmen und Niederlassungen"},"content":{"rendered":"<div class=\"et_pb_section_0 et_pb_section et_pb_fullwidth_section et_section_regular et_block_section\">\n<div class=\"et_pb_fullwidth_image_0 et_pb_fullwidth_image et_pb_module\"><img decoding=\"async\" src=\"https:\/\/www.groupeguillin.fr\/wp-content\/uploads\/2020\/11\/GROUPE-GUILLIN-white-pano.jpg\" width=\"2000\" height=\"776\" class=\"wp-image-1809\" title=\"GROUPE-GUILLIN-white-pano\" \/><\/div>\n<\/div>\n\n<div class=\"et_pb_section_1 et_pb_section et_section_regular et_block_section\">\n<div class=\"et_pb_row_0 et_pb_row et_block_row et_animated preset--module--divi-row--default\">\n<div class=\"et_pb_column_0 et_pb_column et_pb_column_4_4 et-last-child et_block_column et_pb_css_mix_blend_mode_passthrough\">\n<div class=\"et_pb_text_0 et_pb_text et_pb_bg_layout_light et_pb_module et_block_module\"><div class=\"et_pb_text_inner\"><h2>EINE DER MARKTF\u00dcHRENDEN UNTERNEHMENSGRUPPEN - GLOBAL OFFEN - LOKAL VERWURZELT <\/h2>\n<\/div><\/div>\n<\/div>\n<\/div>\n\n<div class=\"et_pb_row_1 et_pb_row et_block_row et_animated preset--module--divi-row--default\">\n<div class=\"et_pb_column_1 et_pb_column et_pb_column_1_2 et_block_column et_pb_css_mix_blend_mode_passthrough\">\n<div class=\"et_pb_text_1 et_pb_text et_pb_bg_layout_light et_pb_module et_block_module\"><div class=\"et_pb_text_inner\"><p>Die GUILLIN-Gruppe besteht aus 37 Unternehmen in Europa und hat Produktions- und Verkaufseinheiten in 10 L\u00e4ndern und ihre Produkte werden in mehr als 70 L\u00e4ndern vertrieben. Als f\u00fchrendes Unternehmen, das nah an der Kultur seiner Kunden ist, sind wir sowohl in den einzelnen L\u00e4ndern und Regionen verankert als auch offen f\u00fcr die Welt in ihrer Vielfalt.<\/p>\n<\/div><\/div>\n<\/div>\n\n<div class=\"et_pb_column_2 et_pb_column et_pb_column_1_2 et-last-child et_block_column et_pb_css_mix_blend_mode_passthrough\">\n<div class=\"et_pb_text_2 et_pb_text et_pb_bg_layout_light et_pb_module et_block_module\"><div class=\"et_pb_text_inner\"><p>Unsere Unternehmen, die sich jeweils auf bestimmte L\u00e4nder und Branchen spezialisiert haben, beherrschen den gesamten Prozess - sowohl industriell als auch logistisch - von A bis Z und entwickeln internationale Handelsbeziehungen so nah wie m\u00f6glich an den Bed\u00fcrfnissen der Kunden und Verbraucher. So k\u00f6nnen sie alle Erwartungen erf\u00fcllen: beste Produkte, hervorragender Kundenservice und all dies zum richtigen Zeitpunkt.<\/p>\n<\/div><\/div>\n<\/div>\n<\/div>\n\n<div class=\"et_pb_row_2 et_pb_row et_block_row preset--module--divi-row--default\">\n<div class=\"et_pb_column_3 et_pb_column et_pb_column_4_4 et-last-child et_block_column et_pb_css_mix_blend_mode_passthrough\">\n<div class=\"et_pb_image_0 et_pb_image et_pb_image_sticky et_pb_module et_block_module\"><span class=\"et_pb_image_wrap\"><img decoding=\"async\" src=\"https:\/\/www.groupeguillin.fr\/wp-content\/uploads\/2026\/09\/CARTE-IMPLANTATIONS-2026-CHIFFRES-CLES-DE-rvb-scaled.jpg\" title=\"CARTE IMPLANTATIONS 2026 CHIFFRES CLES DE rvb\" width=\"2880\" height=\"2160\" class=\"wp-image-23422\" \/><\/span><\/div>\n<\/div>\n<\/div>\n<\/div>\n\n<div class=\"et_pb_section_2 et_pb_section et_section_regular et_block_section\" id=\"liste-societes\">\n<div class=\"et_pb_row_3 et_pb_row et_block_row preset--module--divi-row--default\" id=\"societes-filtres\">\n<div class=\"et_pb_column_4 et_pb_column et_pb_column_4_4 et-last-child et_block_column et_pb_css_mix_blend_mode_passthrough\">\n<div class=\"et_pb_text_3 et_pb_text et_pb_bg_layout_light et_pb_module et_block_module\"><div class=\"et_pb_text_inner\"><h2 style=\"text-align: center;\"><span style=\"color: #ffffff;\">Hier finden Sie Ihren Ansprechpartner<\/span><\/h2>\n<\/div><\/div>\n<\/div>\n<\/div>\n\n<div class=\"et_pb_row_4 et_pb_row et_block_row preset--module--divi-row--default\" id=\"societes-filtres\">\n<div class=\"et_pb_column_5 et_pb_column et_pb_column_1_3 et_block_column et_pb_css_mix_blend_mode_passthrough\">\n<div class=\"et_pb_text_4 et_pb_text et_pb_bg_layout_light et_pb_module et_block_module\"><div class=\"et_pb_text_inner\"><div class=\"facetwp-facet facetwp-facet-pays_de facetwp-type-dropdown\" data-name=\"pays_de\" data-type=\"dropdown\"><\/div>\n<\/div><\/div>\n<\/div>\n\n<div class=\"et_pb_column_6 et_pb_column et_pb_column_1_3 et_block_column et_pb_css_mix_blend_mode_passthrough\">\n<div class=\"et_pb_text_5 et_pb_text et_pb_bg_layout_light et_pb_module et_block_module\"><div class=\"et_pb_text_inner\"><div class=\"facetwp-facet facetwp-facet-marches_de facetwp-type-dropdown\" data-name=\"marches_de\" data-type=\"dropdown\"><\/div>\n<\/div><\/div>\n<\/div>\n\n<div class=\"et_pb_column_7 et_pb_column et_pb_column_1_3 et-last-child et_block_column et_pb_css_mix_blend_mode_passthrough\">\n<div class=\"et_pb_text_6 et_pb_text et_pb_bg_layout_light et_pb_module et_block_module\" id=\"reset-filtres\"><div class=\"et_pb_text_inner\"><p style=\"text-align: center;\"><button onclick=\"FWP.reset()\">Zur\u00fccksetzen<\/button><\/p>\n<\/div><\/div>\n<\/div>\n<\/div>\n<\/div>\n\n<div class=\"et_pb_section_3 et_pb_section et_section_regular et_block_section\">\n<div class=\"et_pb_row_5 et_pb_row et_block_row preset--module--divi-row--default\">\n<div class=\"et_pb_column_8 et_pb_column et_pb_column_4_4 et-last-child et_block_column et_pb_css_mix_blend_mode_passthrough\">\n<div class=\"et_pb_text_7 et_pb_text et_pb_bg_layout_light et_pb_module et_block_module\" id=\"societes-liste\"><div class=\"et_pb_text_inner\"><div class=\"facetwp-template\" data-name=\"societes_sorties_de\"><div class=\"fwpl-layout el-0mx2a\"><div class=\"fwpl-result r1\"><div class=\"fwpl-row el-195j4\"><div class=\"fwpl-col fwpl-col el-j089g\"><div class=\"fwpl-item el-xun10k\"><img decoding=\"async\" src=\"https:\/\/www.groupeguillin.fr\/wp-content\/uploads\/2020\/11\/Alphaform.png\" title=\"Alphaform\" alt=\"\" \/><\/div><\/div><div class=\"fwpl-col fwpl-col el-adyuof\"><div class=\"fwpl-item nom-societe\">ALPHAFORM<\/div><div class=\"fwpl-item marches-lies\">Traditioneller Handel | Take-away und Catering, Gewerbliches Catering<\/div><div class=\"fwpl-item marches-lies\"><p>291 route des Pierrelles - 26240 Beausemblant - France<\/p>\n<\/div><\/div><div class=\"fwpl-col fwpl-col el-0emod4\"><div class=\"fwpl-item tel-societe\">+33 (0)4 75 03 79 00 <\/div><div class=\"fwpl-item email-societe\">contact@alphaform.fr<\/div><\/div><div class=\"fwpl-col fwpl-col el-iz0pso\"><div class=\"fwpl-item el-7cihrk\"><a id=\"button-19944\" href=\"https:\/\/www.groupeguillin.fr\/de\/alphaform\"><button>Sehen<\/button><\/a><\/div><\/div><\/div><\/div><div class=\"fwpl-result r2\"><div class=\"fwpl-row el-195j4\"><div class=\"fwpl-col fwpl-col el-j089g\"><div class=\"fwpl-item el-xun10k\"><img decoding=\"async\" src=\"https:\/\/www.groupeguillin.fr\/wp-content\/uploads\/2023\/12\/CELTIC-SALES-rvb.png\" title=\"CELTIC SALES rvb\" alt=\"\" \/><\/div><\/div><div class=\"fwpl-col fwpl-col el-adyuof\"><div class=\"fwpl-item nom-societe\">CELTIC SALES<\/div><div class=\"fwpl-item marches-lies\">Traditioneller Handel, Obst und Gem\u00fcse, Gro\u00dfe und mittlere Verbraucherm\u00e4rkte, Lebensmittelindustrie, Gewerbliches Catering<\/div><div class=\"fwpl-item marches-lies\"><p>203 - Northwest Business Park \u2013 Blanchardstown \u2013 Dublin 15 \u2013 Ireland<\/p>\n<\/div><\/div><div class=\"fwpl-col fwpl-col el-0emod4\"><div class=\"fwpl-item tel-societe\">+353 1829 39 44 <\/div><div class=\"fwpl-item email-societe\">sales@celticsales.ie<\/div><\/div><div class=\"fwpl-col fwpl-col el-iz0pso\"><div class=\"fwpl-item el-7cihrk\"><a id=\"button-20885\" href=\"https:\/\/www.groupeguillin.fr\/de\/celtic-sales\"><button>Sehen<\/button><\/a><\/div><\/div><\/div><\/div><div class=\"fwpl-result r3\"><div class=\"fwpl-row el-195j4\"><div class=\"fwpl-col fwpl-col el-j089g\"><div class=\"fwpl-item el-xun10k\"><img decoding=\"async\" src=\"https:\/\/www.groupeguillin.fr\/wp-content\/uploads\/2023\/12\/CIESSE-PAPER-rvb.png\" title=\"CIESSE PAPER rvb\" alt=\"\" \/><\/div><\/div><div class=\"fwpl-col fwpl-col el-adyuof\"><div class=\"fwpl-item nom-societe\">CIESSE PAPER<\/div><div class=\"fwpl-item marches-lies\">Obst und Gem\u00fcse<\/div><div class=\"fwpl-item marches-lies\"><p>Via Rippa \u2013 92 - 46030 Romanore MN \u2013 Italie<\/p>\n<\/div><\/div><div class=\"fwpl-col fwpl-col el-0emod4\"><div class=\"fwpl-item tel-societe\">+39 0376 649493<\/div><div class=\"fwpl-item email-societe\">info@ciessepaper.it<\/div><\/div><div class=\"fwpl-col fwpl-col el-iz0pso\"><div class=\"fwpl-item el-7cihrk\"><a id=\"button-20900\" href=\"https:\/\/www.groupeguillin.fr\/de\/ciesse-paper\"><button>Sehen<\/button><\/a><\/div><\/div><\/div><\/div><div class=\"fwpl-result r4\"><div class=\"fwpl-row el-195j4\"><div class=\"fwpl-col fwpl-col el-j089g\"><div class=\"fwpl-item el-xun10k\"><img decoding=\"async\" src=\"https:\/\/www.groupeguillin.fr\/wp-content\/uploads\/2020\/11\/Dynaplast.png\" title=\"Dynaplast\" alt=\"\" \/><\/div><\/div><div class=\"fwpl-col fwpl-col el-adyuof\"><div class=\"fwpl-item nom-societe\">DYNAPLAST<\/div><div class=\"fwpl-item marches-lies\">Obst und Gem\u00fcse, Lebensmittelindustrie | Versiegelte Schalen und sonstige Verwendungszwecke<\/div><div class=\"fwpl-item marches-lies\"><p>BP 128 - ZI - Rue Just Meisonasse - 89600 Saint-Florentin - France<\/p>\n<\/div><\/div><div class=\"fwpl-col fwpl-col el-0emod4\"><div class=\"fwpl-item tel-societe\">+33 (0)3 86 43 81 00<\/div><div class=\"fwpl-item email-societe\">contact@dynaplast.fr<\/div><\/div><div class=\"fwpl-col fwpl-col el-iz0pso\"><div class=\"fwpl-item el-7cihrk\"><a id=\"button-19985\" href=\"https:\/\/www.groupeguillin.fr\/de\/dynaplast\"><button>Sehen<\/button><\/a><\/div><\/div><\/div><\/div><div class=\"fwpl-result r5\"><div class=\"fwpl-row el-195j4\"><div class=\"fwpl-col fwpl-col el-j089g\"><div class=\"fwpl-item el-xun10k\"><img decoding=\"async\" src=\"https:\/\/www.groupeguillin.fr\/wp-content\/uploads\/2020\/11\/Guillin-Deutschland.png\" title=\"Guillin-Deutschland\" alt=\"\" \/><\/div><\/div><div class=\"fwpl-col fwpl-col el-adyuof\"><div class=\"fwpl-item nom-societe\">GUILLIN DEUTSCHLAND<\/div><div class=\"fwpl-item marches-lies\">Obst und Gem\u00fcse<\/div><div class=\"fwpl-item marches-lies\"><p>Ostring 57 - 66740 Saarlouis - Deutschland<\/p>\n<\/div><\/div><div class=\"fwpl-col fwpl-col el-0emod4\"><div class=\"fwpl-item tel-societe\">+49 (0)6831 48 77 565<\/div><div class=\"fwpl-item email-societe\">info@guillindeutschland.de<\/div><\/div><div class=\"fwpl-col fwpl-col el-iz0pso\"><div class=\"fwpl-item el-7cihrk\"><a id=\"button-19997\" href=\"https:\/\/www.groupeguillin.fr\/de\/guillin-deutschland\"><button>Sehen<\/button><\/a><\/div><\/div><\/div><\/div><div class=\"fwpl-result r6\"><div class=\"fwpl-row el-195j4\"><div class=\"fwpl-col fwpl-col el-j089g\"><div class=\"fwpl-item el-xun10k\"><img decoding=\"async\" src=\"https:\/\/www.groupeguillin.fr\/wp-content\/uploads\/2020\/11\/Guillin-Emballages.png\" title=\"Guillin-Emballages\" alt=\"\" \/><\/div><\/div><div class=\"fwpl-col fwpl-col el-adyuof\"><div class=\"fwpl-item nom-societe\">GUILLIN EMBALLAGES<\/div><div class=\"fwpl-item marches-lies\">Gro\u00dfe und mittlere Verbraucherm\u00e4rkte, Lebensmittelindustrie | Gro\u00dfb\u00e4ckereien\/-konditoreien\/-feinkostanbieter\/-caterer<\/div><div class=\"fwpl-item marches-lies\"><p>ZI - BP 89 - 25290 Ornans - France<\/p>\n<\/div><\/div><div class=\"fwpl-col fwpl-col el-0emod4\"><div class=\"fwpl-item tel-societe\">T\u00e9l. +33 (0)3 81 40 23 00 <\/div><div class=\"fwpl-item email-societe\">contact@guillin-emballages.fr<\/div><\/div><div class=\"fwpl-col fwpl-col el-iz0pso\"><div class=\"fwpl-item el-7cihrk\"><a id=\"button-20009\" href=\"https:\/\/www.groupeguillin.fr\/de\/guillin-emballages\"><button>Sehen<\/button><\/a><\/div><\/div><\/div><\/div><div class=\"fwpl-result r7\"><div class=\"fwpl-row el-195j4\"><div class=\"fwpl-col fwpl-col el-j089g\"><div class=\"fwpl-item el-xun10k\"><img decoding=\"async\" src=\"https:\/\/www.groupeguillin.fr\/wp-content\/uploads\/2020\/11\/Guillin-Espana.png\" title=\"Guillin-Espana\" alt=\"\" \/><\/div><\/div><div class=\"fwpl-col fwpl-col el-adyuof\"><div class=\"fwpl-item nom-societe\">GUILLIN ESPA\u00d1A<\/div><div class=\"fwpl-item marches-lies\">Traditioneller Handel, Gro\u00dfe und mittlere Verbraucherm\u00e4rkte, Lebensmittelindustrie, Gewerbliches Catering<\/div><div class=\"fwpl-item marches-lies\"><p>C\/Cal Pi de l\u2019Olla, 40-42 - ZAL II - 08820 El Prat de Llobregat (Barcelona) - Espa\u00f1a<\/p>\n<\/div><\/div><div class=\"fwpl-col fwpl-col el-0emod4\"><div class=\"fwpl-item tel-societe\">+34 93 652 46 34<\/div><div class=\"fwpl-item email-societe\">info@guillin.es<\/div><\/div><div class=\"fwpl-col fwpl-col el-iz0pso\"><div class=\"fwpl-item el-7cihrk\"><a id=\"button-20015\" href=\"https:\/\/www.groupeguillin.fr\/de\/guillin-espana\"><button>Sehen<\/button><\/a><\/div><\/div><\/div><\/div><div class=\"fwpl-result r8\"><div class=\"fwpl-row el-195j4\"><div class=\"fwpl-col fwpl-col el-j089g\"><div class=\"fwpl-item el-xun10k\"><img decoding=\"async\" src=\"https:\/\/www.groupeguillin.fr\/wp-content\/uploads\/2020\/11\/Guillin-Italia.png\" title=\"Guillin-Italia\" alt=\"\" \/><\/div><\/div><div class=\"fwpl-col fwpl-col el-adyuof\"><div class=\"fwpl-item nom-societe\">GUILLIN ITALIA<\/div><div class=\"fwpl-item marches-lies\">Traditioneller Handel, Gro\u00dfe und mittlere Verbraucherm\u00e4rkte, Lebensmittelindustrie | Produktionsst\u00e4tten, Gewerbliches Catering<\/div><div class=\"fwpl-item marches-lies\"><p>Via Bernini, 6 - 20865 Usmate Velate (MB) - Italia<\/p>\n<\/div><\/div><div class=\"fwpl-col fwpl-col el-0emod4\"><div class=\"fwpl-item tel-societe\">+39 039 6014371<\/div><div class=\"fwpl-item email-societe\">info@guillin.it<\/div><\/div><div class=\"fwpl-col fwpl-col el-iz0pso\"><div class=\"fwpl-item el-7cihrk\"><a id=\"button-20024\" href=\"https:\/\/www.groupeguillin.fr\/de\/guillin-italia\"><button>Sehen<\/button><\/a><\/div><\/div><\/div><\/div><div class=\"fwpl-result r9\"><div class=\"fwpl-row el-195j4\"><div class=\"fwpl-col fwpl-col el-j089g\"><div class=\"fwpl-item el-xun10k\"><img decoding=\"async\" src=\"https:\/\/www.groupeguillin.fr\/wp-content\/uploads\/2020\/11\/Guillin-Nederland.png\" title=\"Guillin-Nederland\" alt=\"\" \/><\/div><\/div><div class=\"fwpl-col fwpl-col el-adyuof\"><div class=\"fwpl-item nom-societe\">GUILLIN NEDERLAND<\/div><div class=\"fwpl-item marches-lies\">Traditioneller Handel, Obst und Gem\u00fcse, Gro\u00dfe und mittlere Verbraucherm\u00e4rkte, Lebensmittelindustrie, Gewerbliches Catering<\/div><div class=\"fwpl-item marches-lies\"><p>Amp\u00e8reweg 6 - 3752 LR Bunschoten - Nederland<\/p>\n<\/div><\/div><div class=\"fwpl-col fwpl-col el-0emod4\"><div class=\"fwpl-item tel-societe\">+31 (0)33 465 62 62<\/div><div class=\"fwpl-item email-societe\">info@guillinnederland.nl<\/div><\/div><div class=\"fwpl-col fwpl-col el-iz0pso\"><div class=\"fwpl-item el-7cihrk\"><a id=\"button-20026\" href=\"https:\/\/www.groupeguillin.fr\/de\/guillin-nederland\"><button>Sehen<\/button><\/a><\/div><\/div><\/div><\/div><div class=\"fwpl-result r10\"><div class=\"fwpl-row el-195j4\"><div class=\"fwpl-col fwpl-col el-j089g\"><div class=\"fwpl-item el-xun10k\"><img decoding=\"async\" src=\"https:\/\/www.groupeguillin.fr\/wp-content\/uploads\/2020\/11\/Guillin-Polska.png\" title=\"Guillin-Polska\" alt=\"\" \/><\/div><\/div><div class=\"fwpl-col fwpl-col el-adyuof\"><div class=\"fwpl-item nom-societe\">GUILLIN POLSKA<\/div><div class=\"fwpl-item marches-lies\">Traditioneller Handel, Obst und Gem\u00fcse, Gro\u00dfe und mittlere Verbraucherm\u00e4rkte, Lebensmittelindustrie, Gewerbliches Catering<\/div><div class=\"fwpl-item marches-lies\"><p> ul. Przemys\u0142owa 3 - 56-400 Ole\u015bnica - Polska<\/p>\n<\/div><\/div><div class=\"fwpl-col fwpl-col el-0emod4\"><div class=\"fwpl-item tel-societe\">+48 71 399 21 11<\/div><div class=\"fwpl-item email-societe\">office@guillinpolska.pl<\/div><\/div><div class=\"fwpl-col fwpl-col el-iz0pso\"><div class=\"fwpl-item el-7cihrk\"><a id=\"button-20028\" href=\"https:\/\/www.groupeguillin.fr\/de\/guillin-polska\"><button>Sehen<\/button><\/a><\/div><\/div><\/div><\/div><div class=\"fwpl-result r11\"><div class=\"fwpl-row el-195j4\"><div class=\"fwpl-col fwpl-col el-j089g\"><div class=\"fwpl-item el-xun10k\"><img decoding=\"async\" src=\"https:\/\/www.groupeguillin.fr\/wp-content\/uploads\/2020\/11\/Guillin-Portugal.png\" title=\"Guillin-Portugal\" alt=\"\" \/><\/div><\/div><div class=\"fwpl-col fwpl-col el-adyuof\"><div class=\"fwpl-item nom-societe\">GUILLIN PORTUGAL<\/div><div class=\"fwpl-item marches-lies\">Traditioneller Handel, Gro\u00dfe und mittlere Verbraucherm\u00e4rkte, Lebensmittelindustrie, Gewerbliches Catering<\/div><div class=\"fwpl-item marches-lies\"><p>Rua do Rio Tejo N\u00b01 - 2050-540 Vila Nova da Rainha - Portugal<\/p>\n<\/div><\/div><div class=\"fwpl-col fwpl-col el-0emod4\"><div class=\"fwpl-item tel-societe\">+351 263 101 750<\/div><div class=\"fwpl-item email-societe\">info@guillin.pt<\/div><\/div><div class=\"fwpl-col fwpl-col el-iz0pso\"><div class=\"fwpl-item el-7cihrk\"><a id=\"button-20030\" href=\"https:\/\/www.groupeguillin.fr\/de\/guillin-portugal\"><button>Sehen<\/button><\/a><\/div><\/div><\/div><\/div><div class=\"fwpl-result r12\"><div class=\"fwpl-row el-195j4\"><div class=\"fwpl-col fwpl-col el-j089g\"><div class=\"fwpl-item el-xun10k\"><img decoding=\"async\" src=\"https:\/\/www.groupeguillin.fr\/wp-content\/uploads\/2020\/11\/WEFOLD-SIBIU-WEB-RVB-65px.png\" title=\"Guillin-Romania\" alt=\"\" \/><\/div><\/div><div class=\"fwpl-col fwpl-col el-adyuof\"><div class=\"fwpl-item nom-societe\">GUILLIN ROMANIA <\/div><div class=\"fwpl-item marches-lies\">Traditioneller Handel, Gro\u00dfe und mittlere Verbraucherm\u00e4rkte, Lebensmittelindustrie, Gewerbliches Catering<\/div><div class=\"fwpl-item marches-lies\"><p>Strada \u015eoseaua Sibiului, Nr.1 - Sat \u015eura Mic\u0103 - Comuna \u015eura Mic\u0103 - 557270 Judet Sibiu - Romania<\/p>\n<\/div><\/div><div class=\"fwpl-col fwpl-col el-0emod4\"><div class=\"fwpl-item tel-societe\">+40 (0)269 577 116<\/div><div class=\"fwpl-item email-societe\">contact@guillinromania.ro<\/div><\/div><div class=\"fwpl-col fwpl-col el-iz0pso\"><div class=\"fwpl-item el-7cihrk\"><a id=\"button-20032\" href=\"https:\/\/www.groupeguillin.fr\/de\/guillin-romania\"><button>Sehen<\/button><\/a><\/div><\/div><\/div><\/div><div class=\"fwpl-result r13\"><div class=\"fwpl-row el-195j4\"><div class=\"fwpl-col fwpl-col el-j089g\"><div class=\"fwpl-item el-xun10k\"><img decoding=\"async\" src=\"https:\/\/www.groupeguillin.fr\/wp-content\/uploads\/2020\/11\/Kiv.png\" title=\"Kiv\" alt=\"\" \/><\/div><\/div><div class=\"fwpl-col fwpl-col el-adyuof\"><div class=\"fwpl-item nom-societe\">KIV<\/div><div class=\"fwpl-item marches-lies\">Traditioneller Handel, Gro\u00dfe und mittlere Verbraucherm\u00e4rkte, Lebensmittelindustrie, Gewerbliches Catering<\/div><div class=\"fwpl-item marches-lies\"><p>Julius-Pintsch-Ring 20 - 15517 F\u00fcrstenwalde\/Spree - Deutschland<\/p>\n<\/div><\/div><div class=\"fwpl-col fwpl-col el-0emod4\"><div class=\"fwpl-item tel-societe\">+49 (0)3361\/3688-0<\/div><div class=\"fwpl-item email-societe\">info@kivverpackungen.de<\/div><\/div><div class=\"fwpl-col fwpl-col el-iz0pso\"><div class=\"fwpl-item el-7cihrk\"><a id=\"button-20034\" href=\"https:\/\/www.groupeguillin.fr\/de\/kiv\"><button>Sehen<\/button><\/a><\/div><\/div><\/div><\/div><div class=\"fwpl-result r14\"><div class=\"fwpl-row el-195j4\"><div class=\"fwpl-col fwpl-col el-j089g\"><div class=\"fwpl-item el-xun10k\"><img decoding=\"async\" src=\"https:\/\/www.groupeguillin.fr\/wp-content\/uploads\/2020\/11\/Nespak.png\" title=\"Nespak\" alt=\"\" \/><\/div><\/div><div class=\"fwpl-col fwpl-col el-adyuof\"><div class=\"fwpl-item nom-societe\">NESPAK<\/div><div class=\"fwpl-item marches-lies\">Obst und Gem\u00fcse, Lebensmittelindustrie | Tolle Lebensmittelindustrie<\/div><div class=\"fwpl-item marches-lies\"><p>Via Damano, 1 - 48024 Massa Lombarda (RA) - Italia<\/p>\n<\/div><\/div><div class=\"fwpl-col fwpl-col el-0emod4\"><div class=\"fwpl-item tel-societe\">+39 0545 979 511<\/div><div class=\"fwpl-item email-societe\">reception@nespak.com<\/div><\/div><div class=\"fwpl-col fwpl-col el-iz0pso\"><div class=\"fwpl-item el-7cihrk\"><a id=\"button-20036\" href=\"https:\/\/www.groupeguillin.fr\/de\/nespak\"><button>Sehen<\/button><\/a><\/div><\/div><\/div><\/div><div class=\"fwpl-result r15\"><div class=\"fwpl-row el-195j4\"><div class=\"fwpl-col fwpl-col el-j089g\"><div class=\"fwpl-item el-xun10k\"><img decoding=\"async\" src=\"https:\/\/www.groupeguillin.fr\/wp-content\/uploads\/2020\/11\/Rescaset.png\" title=\"Rescaset\" alt=\"\" \/><\/div><\/div><div class=\"fwpl-col fwpl-col el-adyuof\"><div class=\"fwpl-item nom-societe\">RESCASET<\/div><div class=\"fwpl-item marches-lies\">Gemeinschaftsgastronomie | Versiegelung<\/div><div class=\"fwpl-item marches-lies\"><p>2521 Route du Tram - 38690 Colombe - France<\/p>\n<\/div><\/div><div class=\"fwpl-col fwpl-col el-0emod4\"><div class=\"fwpl-item tel-societe\">+33 (0)4 76 91 21 25 <\/div><div class=\"fwpl-item email-societe\">rescaset@rescaset.com<\/div><\/div><div class=\"fwpl-col fwpl-col el-iz0pso\"><div class=\"fwpl-item el-7cihrk\"><a id=\"button-20038\" href=\"https:\/\/www.groupeguillin.fr\/de\/rescaset\"><button>Sehen<\/button><\/a><\/div><\/div><\/div><\/div><div class=\"fwpl-result r16\"><div class=\"fwpl-row el-195j4\"><div class=\"fwpl-col fwpl-col el-j089g\"><div class=\"fwpl-item el-xun10k\"><img decoding=\"async\" src=\"https:\/\/www.groupeguillin.fr\/wp-content\/uploads\/2020\/11\/Harpak-Aylesha.png\" title=\"Harpak-Aylesha\" alt=\"\" \/><\/div><\/div><div class=\"fwpl-col fwpl-col el-adyuof\"><div class=\"fwpl-item nom-societe\">SHARPAK AYLESHAM<\/div><div class=\"fwpl-item marches-lies\">Traditioneller Handel, Obst und Gem\u00fcse, Gewerbliches Catering<\/div><div class=\"fwpl-item marches-lies\"><p> Aylesham Industrial Estate - Aylesham Kent CT3 3EF - United Kingdom<\/p>\n<\/div><\/div><div class=\"fwpl-col fwpl-col el-0emod4\"><div class=\"fwpl-item tel-societe\">+44 (0)1304 840 581<\/div><div class=\"fwpl-item email-societe\">sales@sharpakaylesham.com<\/div><\/div><div class=\"fwpl-col fwpl-col el-iz0pso\"><div class=\"fwpl-item el-7cihrk\"><a id=\"button-20041\" href=\"https:\/\/www.groupeguillin.fr\/de\/sharpak-aylesham\"><button>Sehen<\/button><\/a><\/div><\/div><\/div><\/div><div class=\"fwpl-result r17\"><div class=\"fwpl-row el-195j4\"><div class=\"fwpl-col fwpl-col el-j089g\"><div class=\"fwpl-item el-xun10k\"><img decoding=\"async\" src=\"https:\/\/www.groupeguillin.fr\/wp-content\/uploads\/2020\/11\/Sharpak-Bridgewater.png\" title=\"Sharpak-Bridgewater\" alt=\"\" \/><\/div><\/div><div class=\"fwpl-col fwpl-col el-adyuof\"><div class=\"fwpl-item nom-societe\">SHARPAK BRIDGWATER<\/div><div class=\"fwpl-item marches-lies\">Gro\u00dfe und mittlere Verbraucherm\u00e4rkte, Lebensmittelindustrie<\/div><div class=\"fwpl-item marches-lies\"><p>Colley Lane Estate - Bridgwater TA6 5YS - United Kingdom<\/p>\n<\/div><\/div><div class=\"fwpl-col fwpl-col el-0emod4\"><div class=\"fwpl-item tel-societe\">+44 (0)333 006 8000<\/div><div class=\"fwpl-item email-societe\">sales@sharpakbridgwater.com<\/div><\/div><div class=\"fwpl-col fwpl-col el-iz0pso\"><div class=\"fwpl-item el-7cihrk\"><a id=\"button-20043\" href=\"https:\/\/www.groupeguillin.fr\/de\/sharpak-bridgwater\"><button>Sehen<\/button><\/a><\/div><\/div><\/div><\/div><div class=\"fwpl-result r18\"><div class=\"fwpl-row el-195j4\"><div class=\"fwpl-col fwpl-col el-j089g\"><div class=\"fwpl-item el-xun10k\"><img decoding=\"async\" src=\"https:\/\/www.groupeguillin.fr\/wp-content\/uploads\/2020\/11\/Sharpak-Yate.png\" title=\"Sharpak-Yate\" alt=\"\" \/><\/div><\/div><div class=\"fwpl-col fwpl-col el-adyuof\"><div class=\"fwpl-item nom-societe\">SHARPAK YATE<\/div><div class=\"fwpl-item marches-lies\">Gro\u00dfe und mittlere Verbraucherm\u00e4rkte, Lebensmittelindustrie<\/div><div class=\"fwpl-item marches-lies\"><p>Highway - Yate - Bristol BS37 7AA - United Kingdom<\/p>\n<\/div><\/div><div class=\"fwpl-col fwpl-col el-0emod4\"><div class=\"fwpl-item tel-societe\">+44 (0)333 006 8000<\/div><div class=\"fwpl-item email-societe\">sales@sharpakyate.com<\/div><\/div><div class=\"fwpl-col fwpl-col el-iz0pso\"><div class=\"fwpl-item el-7cihrk\"><a id=\"button-20045\" href=\"https:\/\/www.groupeguillin.fr\/de\/sharpak-yate\"><button>Sehen<\/button><\/a><\/div><\/div><\/div><\/div><div class=\"fwpl-result r19\"><div class=\"fwpl-row el-195j4\"><div class=\"fwpl-col fwpl-col el-j089g\"><div class=\"fwpl-item el-xun10k\"><img decoding=\"async\" src=\"https:\/\/www.groupeguillin.fr\/wp-content\/uploads\/2020\/11\/Socamel-Deutschland.png\" title=\"Socamel-Deutschland\" alt=\"\" \/><\/div><\/div><div class=\"fwpl-col fwpl-col el-adyuof\"><div class=\"fwpl-item nom-societe\">SOCAMEL DEUTSCHLAND<\/div><div class=\"fwpl-item marches-lies\">Gemeinschaftsgastronomie | Speisenverteilung<\/div><div class=\"fwpl-item marches-lies\"><p>Wittestra\u00dfe 30 K - 13509 Berlin - Deutschland<\/p>\n<\/div><\/div><div class=\"fwpl-col fwpl-col el-0emod4\"><div class=\"fwpl-item tel-societe\">+49 (0)30 43 57 25 24<\/div><div class=\"fwpl-item email-societe\">info@socamel.de<\/div><\/div><div class=\"fwpl-col fwpl-col el-iz0pso\"><div class=\"fwpl-item el-7cihrk\"><a id=\"button-20047\" href=\"https:\/\/www.groupeguillin.fr\/de\/socamel-deutschland\"><button>Sehen<\/button><\/a><\/div><\/div><\/div><\/div><div class=\"fwpl-result r20\"><div class=\"fwpl-row el-195j4\"><div class=\"fwpl-col fwpl-col el-j089g\"><div class=\"fwpl-item el-xun10k\"><img decoding=\"async\" src=\"https:\/\/www.groupeguillin.fr\/wp-content\/uploads\/2020\/11\/Socamel-Espana.png\" title=\"Socamel-Espana\" alt=\"\" \/><\/div><\/div><div class=\"fwpl-col fwpl-col el-adyuof\"><div class=\"fwpl-item nom-societe\">SOCAMEL ESPA\u00d1A<\/div><div class=\"fwpl-item marches-lies\">Gemeinschaftsgastronomie | Speisenverteilung<\/div><div class=\"fwpl-item marches-lies\"><p>C\/Cal Pi de l\u2019Olla, 40-42 - ZAL II - 08820 El Prat de Llobregat (Barcelona) - Espa\u00f1a<\/p>\n<\/div><\/div><div class=\"fwpl-col fwpl-col el-0emod4\"><div class=\"fwpl-item tel-societe\">+34 93 177 24 00<\/div><div class=\"fwpl-item email-societe\">info@socamel.es<\/div><\/div><div class=\"fwpl-col fwpl-col el-iz0pso\"><div class=\"fwpl-item el-7cihrk\"><a id=\"button-20049\" href=\"https:\/\/www.groupeguillin.fr\/de\/socamel-espana\"><button>Sehen<\/button><\/a><\/div><\/div><\/div><\/div><div class=\"fwpl-result r21\"><div class=\"fwpl-row el-195j4\"><div class=\"fwpl-col fwpl-col el-j089g\"><div class=\"fwpl-item el-xun10k\"><img decoding=\"async\" src=\"https:\/\/www.groupeguillin.fr\/wp-content\/uploads\/2020\/11\/Socamel.png\" title=\"Socamel\" alt=\"\" \/><\/div><\/div><div class=\"fwpl-col fwpl-col el-adyuof\"><div class=\"fwpl-item nom-societe\">SOCAMEL Technologies<\/div><div class=\"fwpl-item marches-lies\">Gemeinschaftsgastronomie | Speisenverteilung<\/div><div class=\"fwpl-item marches-lies\"><p>Descente Allivet - 38140 Renage - France<\/p>\n<\/div><\/div><div class=\"fwpl-col fwpl-col el-0emod4\"><div class=\"fwpl-item tel-societe\">+33 (0)4 76 91 21 21<\/div><div class=\"fwpl-item email-societe\">socamel@socamel.com<\/div><\/div><div class=\"fwpl-col fwpl-col el-iz0pso\"><div class=\"fwpl-item el-7cihrk\"><a id=\"button-20051\" href=\"https:\/\/www.groupeguillin.fr\/de\/socamel-technologies\"><button>Sehen<\/button><\/a><\/div><\/div><\/div><\/div><div class=\"fwpl-result r22\"><div class=\"fwpl-row el-195j4\"><div class=\"fwpl-col fwpl-col el-j089g\"><div class=\"fwpl-item el-xun10k\"><img decoding=\"async\" src=\"https:\/\/www.groupeguillin.fr\/wp-content\/uploads\/2020\/11\/Socamel-UK.png\" title=\"Socamel-UK\" alt=\"\" \/><\/div><\/div><div class=\"fwpl-col fwpl-col el-adyuof\"><div class=\"fwpl-item nom-societe\">SOCAMEL UK<\/div><div class=\"fwpl-item marches-lies\">Gemeinschaftsgastronomie | Speisenverteilung<\/div><div class=\"fwpl-item marches-lies\"><p>Highway - Yate - Bristol BS37 7AA - United Kingdom<\/p>\n<\/div><\/div><div class=\"fwpl-col fwpl-col el-0emod4\"><div class=\"fwpl-item tel-societe\">+44 (0)1249 811 396<\/div><div class=\"fwpl-item email-societe\">sales@socameluk.co.uk<\/div><\/div><div class=\"fwpl-col fwpl-col el-iz0pso\"><div class=\"fwpl-item el-7cihrk\"><a id=\"button-20053\" href=\"https:\/\/www.groupeguillin.fr\/de\/socamel-uk\"><button>Sehen<\/button><\/a><\/div><\/div><\/div><\/div><div class=\"fwpl-result r23\"><div class=\"fwpl-row el-195j4\"><div class=\"fwpl-col fwpl-col el-j089g\"><div class=\"fwpl-item el-xun10k\"><img decoding=\"async\" src=\"https:\/\/www.groupeguillin.fr\/wp-content\/uploads\/2020\/12\/THERMOFLEX-RVB-e1607694538716.png\" title=\"THERMOFLEX RVB\" alt=\"\" \/><\/div><\/div><div class=\"fwpl-col fwpl-col el-adyuof\"><div class=\"fwpl-item nom-societe\">THERMOFLEX<\/div><div class=\"fwpl-item marches-lies\">Traditioneller Handel, Gro\u00dfe und mittlere Verbraucherm\u00e4rkte, Lebensmittelindustrie, Gewerbliches Catering<\/div><div class=\"fwpl-item marches-lies\"><p>Chemin des Rosiers 10 - 1337 Vallorbe - Suisse<\/p>\n<\/div><\/div><div class=\"fwpl-col fwpl-col el-0emod4\"><div class=\"fwpl-item tel-societe\">+41 21 802 37 72<\/div><div class=\"fwpl-item email-societe\">info@thermoflex.ch<\/div><\/div><div class=\"fwpl-col fwpl-col el-iz0pso\"><div class=\"fwpl-item el-7cihrk\"><a id=\"button-20055\" href=\"https:\/\/www.groupeguillin.fr\/de\/thermoflex\"><button>Sehen<\/button><\/a><\/div><\/div><\/div><\/div><div class=\"fwpl-result r24\"><div class=\"fwpl-row el-195j4\"><div class=\"fwpl-col fwpl-col el-j089g\"><div class=\"fwpl-item el-xun10k\"><img decoding=\"async\" src=\"https:\/\/www.groupeguillin.fr\/wp-content\/uploads\/2020\/11\/Veripack.png\" title=\"Veripack\" alt=\"\" \/><\/div><\/div><div class=\"fwpl-col fwpl-col el-adyuof\"><div class=\"fwpl-item nom-societe\">VERIPACK<\/div><div class=\"fwpl-item marches-lies\">Obst und Gem\u00fcse<\/div><div class=\"fwpl-item marches-lies\"><p>Mogoda, 26-64 - Pol. Ind. Can Salvatella - 08210 Barber\u00e1 del Vall\u00e9s (Barcelona) - Espa\u00f1a<\/p>\n<\/div><\/div><div class=\"fwpl-col fwpl-col el-0emod4\"><div class=\"fwpl-item tel-societe\">+34 93 729 20 10<\/div><div class=\"fwpl-item email-societe\">infoveripack@veripack.es<\/div><\/div><div class=\"fwpl-col fwpl-col el-iz0pso\"><div class=\"fwpl-item el-7cihrk\"><a id=\"button-20060\" href=\"https:\/\/www.groupeguillin.fr\/de\/veripack\"><button>Sehen<\/button><\/a><\/div><\/div><\/div><\/div><div class=\"fwpl-result r25\"><div class=\"fwpl-row el-195j4\"><div class=\"fwpl-col fwpl-col el-j089g\"><div class=\"fwpl-item el-xun10k\"><img decoding=\"async\" src=\"https:\/\/www.groupeguillin.fr\/wp-content\/uploads\/2020\/11\/WEFOLD-BLOIS-WEB-RVB-65px.png\" title=\"Thiolat\" alt=\"\" \/><\/div><\/div><div class=\"fwpl-col fwpl-col el-adyuof\"><div class=\"fwpl-item nom-societe\">WEFOLD BLOIS<\/div><div class=\"fwpl-item marches-lies\">Traditioneller Handel | Konditoreien, Viennoiseries, B\u00e4ckereien<\/div><div class=\"fwpl-item marches-lies\"><p> Rue Roger Dion - Zone Industrielle de l'Erigny - 41000 Blois - France<\/p>\n<\/div><\/div><div class=\"fwpl-col fwpl-col el-0emod4\"><div class=\"fwpl-item tel-societe\">33 (0)2 54 90 30 30<\/div><div class=\"fwpl-item email-societe\">contact-blois@wefold.fr<\/div><\/div><div class=\"fwpl-col fwpl-col el-iz0pso\"><div class=\"fwpl-item el-7cihrk\"><a id=\"button-20057\" href=\"https:\/\/www.groupeguillin.fr\/de\/thiolat\"><button>Sehen<\/button><\/a><\/div><\/div><\/div><\/div><\/div>\n<style>\n.fwpl-layout, .fwpl-row {\n    display: grid;\n}\n.fwpl-layout.el-0mx2a {\n    grid-template-columns: repeat(1, 1fr);\n    grid-gap: 10px;\n}\n.fwpl-btn {\n    text-decoration: none;\n}\n.fwpl-row.el-195j4 {\n    grid-template-columns: 1fr 1fr 1fr 1fr;\n}\n@media (max-width: 480px) { \n    body .facetwp-template .fwpl-layout,  \n    body .facetwp-template-static .fwpl-layout { grid-template-columns: 1fr; } \n} \n\n<\/style>\n<\/div>\n<\/div><\/div>\n<\/div>\n<\/div>\n<\/div>","protected":false},"excerpt":{"rendered":"","protected":false},"author":1,"featured_media":0,"parent":0,"menu_order":0,"comment_status":"closed","ping_status":"closed","template":"","meta":{"_acf_changed":false,"footnotes":""},"class_list":["post-19872","page","type-page","status-publish","hentry"],"acf":[],"yoast_head":"<!-- This site is optimized with the Yoast SEO plugin v28.3 - https:\/\/yoast.com\/product\/yoast-seo-wordpress\/ -->\n<title>Unternehmen und Niederlassungen - Groupe GUILLIN<\/title>\n<meta name=\"description\" content=\"Le Groupe GUILLIN est le r\u00e9f\u00e9rent europ\u00e9en de l&#039;emballage plastique alimentaire\" \/>\n<meta name=\"robots\" content=\"index, follow, max-snippet:-1, max-image-preview:large, max-video-preview:-1\" \/>\n<link rel=\"canonical\" href=\"https:\/\/www.groupeguillin.fr\/de\/unternehmen-und-niederlassungen\/\" \/>\n<meta property=\"og:locale\" content=\"de_DE\" \/>\n<meta property=\"og:type\" content=\"article\" \/>\n<meta property=\"og:title\" content=\"Unternehmen und Niederlassungen - Groupe GUILLIN\" \/>\n<meta property=\"og:description\" content=\"Le Groupe GUILLIN est le r\u00e9f\u00e9rent europ\u00e9en de l&#039;emballage plastique alimentaire\" \/>\n<meta property=\"og:url\" content=\"https:\/\/www.groupeguillin.fr\/de\/unternehmen-und-niederlassungen\/\" \/>\n<meta property=\"og:site_name\" content=\"Groupe GUILLIN\" \/>\n<meta property=\"article:modified_time\" content=\"2026-09-02T13:18:57+00:00\" \/>\n<meta property=\"og:image\" content=\"https:\/\/www.groupeguillin.fr\/wp-content\/uploads\/2020\/09\/Logo-guillin-1.png\" \/>\n\t<meta property=\"og:image:width\" content=\"1172\" \/>\n\t<meta property=\"og:image:height\" content=\"300\" \/>\n\t<meta property=\"og:image:type\" content=\"image\/png\" \/>\n<meta name=\"twitter:card\" content=\"summary_large_image\" \/>\n<meta name=\"twitter:label1\" content=\"Est. reading time\" \/>\n\t<meta name=\"twitter:data1\" content=\"9 minutes\" \/>\n<script type=\"application\/ld+json\" class=\"yoast-schema-graph\">{\"@context\":\"https:\\\/\\\/schema.org\",\"@graph\":[{\"@type\":\"WebPage\",\"@id\":\"https:\\\/\\\/www.groupeguillin.fr\\\/de\\\/unternehmen-und-niederlassungen\\\/\",\"url\":\"https:\\\/\\\/www.groupeguillin.fr\\\/de\\\/unternehmen-und-niederlassungen\\\/\",\"name\":\"Unternehmen und Niederlassungen - Groupe GUILLIN\",\"isPartOf\":{\"@id\":\"https:\\\/\\\/www.groupeguillin.fr\\\/de\\\/#website\"},\"datePublished\":\"2025-03-11T14:08:05+00:00\",\"dateModified\":\"2026-09-02T13:18:57+00:00\",\"description\":\"Le Groupe GUILLIN est le r\u00e9f\u00e9rent europ\u00e9en de l'emballage plastique alimentaire\",\"breadcrumb\":{\"@id\":\"https:\\\/\\\/www.groupeguillin.fr\\\/de\\\/unternehmen-und-niederlassungen\\\/#breadcrumb\"},\"inLanguage\":\"de-DE\",\"potentialAction\":[{\"@type\":\"ReadAction\",\"target\":[\"https:\\\/\\\/www.groupeguillin.fr\\\/de\\\/unternehmen-und-niederlassungen\\\/\"]}]},{\"@type\":\"BreadcrumbList\",\"@id\":\"https:\\\/\\\/www.groupeguillin.fr\\\/de\\\/unternehmen-und-niederlassungen\\\/#breadcrumb\",\"itemListElement\":[{\"@type\":\"ListItem\",\"position\":1,\"name\":\"Accueil\",\"item\":\"https:\\\/\\\/www.groupeguillin.fr\\\/de\\\/\"},{\"@type\":\"ListItem\",\"position\":2,\"name\":\"Unternehmen und Niederlassungen\"}]},{\"@type\":\"WebSite\",\"@id\":\"https:\\\/\\\/www.groupeguillin.fr\\\/de\\\/#website\",\"url\":\"https:\\\/\\\/www.groupeguillin.fr\\\/de\\\/\",\"name\":\"Groupe GUILLIN\",\"description\":\"We protect your food\",\"publisher\":{\"@id\":\"https:\\\/\\\/www.groupeguillin.fr\\\/de\\\/#organization\"},\"potentialAction\":[{\"@type\":\"SearchAction\",\"target\":{\"@type\":\"EntryPoint\",\"urlTemplate\":\"https:\\\/\\\/www.groupeguillin.fr\\\/de\\\/?s={search_term_string}\"},\"query-input\":{\"@type\":\"PropertyValueSpecification\",\"valueRequired\":true,\"valueName\":\"search_term_string\"}}],\"inLanguage\":\"de-DE\"},{\"@type\":\"Organization\",\"@id\":\"https:\\\/\\\/www.groupeguillin.fr\\\/de\\\/#organization\",\"name\":\"Groupe GUILLIN\",\"url\":\"https:\\\/\\\/www.groupeguillin.fr\\\/de\\\/\",\"logo\":{\"@type\":\"ImageObject\",\"inLanguage\":\"de-DE\",\"@id\":\"https:\\\/\\\/www.groupeguillin.fr\\\/de\\\/#\\\/schema\\\/logo\\\/image\\\/\",\"url\":\"https:\\\/\\\/www.groupeguillin.fr\\\/wp-content\\\/uploads\\\/2020\\\/09\\\/Logo-guillin-1.png\",\"contentUrl\":\"https:\\\/\\\/www.groupeguillin.fr\\\/wp-content\\\/uploads\\\/2020\\\/09\\\/Logo-guillin-1.png\",\"width\":1172,\"height\":300,\"caption\":\"Groupe GUILLIN\"},\"image\":{\"@id\":\"https:\\\/\\\/www.groupeguillin.fr\\\/de\\\/#\\\/schema\\\/logo\\\/image\\\/\"},\"sameAs\":[\"https:\\\/\\\/www.instagram.com\\\/groupeguillin\\\/\",\"https:\\\/\\\/www.linkedin.com\\\/company\\\/guillin-emballages\\\/\",\"https:\\\/\\\/www.youtube.com\\\/channel\\\/UCS-Q4Qkgd1bN9pdIPGRjogQ\"]}]}<\/script>\n<!-- \/ Yoast SEO plugin. -->","yoast_head_json":{"title":"Unternehmen und Niederlassungen - Groupe GUILLIN","description":"Le Groupe GUILLIN est le r\u00e9f\u00e9rent europ\u00e9en de l'emballage plastique alimentaire","robots":{"index":"index","follow":"follow","max-snippet":"max-snippet:-1","max-image-preview":"max-image-preview:large","max-video-preview":"max-video-preview:-1"},"canonical":"https:\/\/www.groupeguillin.fr\/de\/unternehmen-und-niederlassungen\/","og_locale":"de_DE","og_type":"article","og_title":"Unternehmen und Niederlassungen - Groupe GUILLIN","og_description":"Le Groupe GUILLIN est le r\u00e9f\u00e9rent europ\u00e9en de l'emballage plastique alimentaire","og_url":"https:\/\/www.groupeguillin.fr\/de\/unternehmen-und-niederlassungen\/","og_site_name":"Groupe GUILLIN","article_modified_time":"2026-09-02T13:18:57+00:00","og_image":[{"width":1172,"height":300,"url":"https:\/\/www.groupeguillin.fr\/wp-content\/uploads\/2020\/09\/Logo-guillin-1.png","type":"image\/png"}],"twitter_card":"summary_large_image","twitter_misc":{"Est. reading time":"9 minutes"},"schema":{"@context":"https:\/\/schema.org","@graph":[{"@type":"WebPage","@id":"https:\/\/www.groupeguillin.fr\/de\/unternehmen-und-niederlassungen\/","url":"https:\/\/www.groupeguillin.fr\/de\/unternehmen-und-niederlassungen\/","name":"Unternehmen und Niederlassungen - Groupe GUILLIN","isPartOf":{"@id":"https:\/\/www.groupeguillin.fr\/de\/#website"},"datePublished":"2025-03-11T14:08:05+00:00","dateModified":"2026-09-02T13:18:57+00:00","description":"Le Groupe GUILLIN est le r\u00e9f\u00e9rent europ\u00e9en de l'emballage plastique alimentaire","breadcrumb":{"@id":"https:\/\/www.groupeguillin.fr\/de\/unternehmen-und-niederlassungen\/#breadcrumb"},"inLanguage":"de-DE","potentialAction":[{"@type":"ReadAction","target":["https:\/\/www.groupeguillin.fr\/de\/unternehmen-und-niederlassungen\/"]}]},{"@type":"BreadcrumbList","@id":"https:\/\/www.groupeguillin.fr\/de\/unternehmen-und-niederlassungen\/#breadcrumb","itemListElement":[{"@type":"ListItem","position":1,"name":"Accueil","item":"https:\/\/www.groupeguillin.fr\/de\/"},{"@type":"ListItem","position":2,"name":"Unternehmen und Niederlassungen"}]},{"@type":"WebSite","@id":"https:\/\/www.groupeguillin.fr\/de\/#website","url":"https:\/\/www.groupeguillin.fr\/de\/","name":"Groupe GUILLIN","description":"We protect your food","publisher":{"@id":"https:\/\/www.groupeguillin.fr\/de\/#organization"},"potentialAction":[{"@type":"SearchAction","target":{"@type":"EntryPoint","urlTemplate":"https:\/\/www.groupeguillin.fr\/de\/?s={search_term_string}"},"query-input":{"@type":"PropertyValueSpecification","valueRequired":true,"valueName":"search_term_string"}}],"inLanguage":"de-DE"},{"@type":"Organization","@id":"https:\/\/www.groupeguillin.fr\/de\/#organization","name":"Groupe GUILLIN","url":"https:\/\/www.groupeguillin.fr\/de\/","logo":{"@type":"ImageObject","inLanguage":"de-DE","@id":"https:\/\/www.groupeguillin.fr\/de\/#\/schema\/logo\/image\/","url":"https:\/\/www.groupeguillin.fr\/wp-content\/uploads\/2020\/09\/Logo-guillin-1.png","contentUrl":"https:\/\/www.groupeguillin.fr\/wp-content\/uploads\/2020\/09\/Logo-guillin-1.png","width":1172,"height":300,"caption":"Groupe GUILLIN"},"image":{"@id":"https:\/\/www.groupeguillin.fr\/de\/#\/schema\/logo\/image\/"},"sameAs":["https:\/\/www.instagram.com\/groupeguillin\/","https:\/\/www.linkedin.com\/company\/guillin-emballages\/","https:\/\/www.youtube.com\/channel\/UCS-Q4Qkgd1bN9pdIPGRjogQ"]}]}},"publishpress_future_action":{"enabled":false,"date":"2026-09-11 14:03:19","action":"change-status","newStatus":"draft","terms":[],"taxonomy":"translation_priority","extraData":[]},"publishpress_future_workflow_manual_trigger":{"enabledWorkflows":[]},"_links":{"self":[{"href":"https:\/\/www.groupeguillin.fr\/de\/wp-json\/wp\/v2\/pages\/19872","targetHints":{"allow":["GET"]}}],"collection":[{"href":"https:\/\/www.groupeguillin.fr\/de\/wp-json\/wp\/v2\/pages"}],"about":[{"href":"https:\/\/www.groupeguillin.fr\/de\/wp-json\/wp\/v2\/types\/page"}],"author":[{"embeddable":true,"href":"https:\/\/www.groupeguillin.fr\/de\/wp-json\/wp\/v2\/users\/1"}],"replies":[{"embeddable":true,"href":"https:\/\/www.groupeguillin.fr\/de\/wp-json\/wp\/v2\/comments?post=19872"}],"version-history":[{"count":16,"href":"https:\/\/www.groupeguillin.fr\/de\/wp-json\/wp\/v2\/pages\/19872\/revisions"}],"predecessor-version":[{"id":23479,"href":"https:\/\/www.groupeguillin.fr\/de\/wp-json\/wp\/v2\/pages\/19872\/revisions\/23479"}],"wp:attachment":[{"href":"https:\/\/www.groupeguillin.fr\/de\/wp-json\/wp\/v2\/media?parent=19872"}],"curies":[{"name":"wp","href":"https:\/\/api.w.org\/{rel}","templated":true}]}}